{"id":12215,"date":"2026-08-29T20:45:30","date_gmt":"2026-08-29T18:45:30","guid":{"rendered":"https:\/\/pragueartweek.cz\/?post_type=udalosti&#038;p=12215"},"modified":"2026-08-30T11:39:03","modified_gmt":"2026-08-30T09:39:03","slug":"feedback","status":"publish","type":"udalosti","link":"https:\/\/pragueartweek.cz\/en\/events\/feedback\/","title":{"rendered":"FEEDBACK"},"content":{"rendered":"","protected":false},"excerpt":{"rendered":"","protected":false},"featured_media":12213,"parent":0,"menu_order":0,"template":"","format":"standard","meta":{"_acf_changed":false,"footnotes":""},"kategorie":[36,428,259],"lokalita":[480],"termin":[],"class_list":["post-12215","udalosti","type-udalosti","status-publish","format-standard","has-post-thumbnail","hentry","kategorie-exhibition","kategorie-painting","kategorie-route-p1-p2","lokalita-http-www-prostora-org","wpautop"],"acf":{"photo_gallery":{"udalost_galerie":[[{"id":12211,"title":"uvodn\u00ed 23","caption":"","full_image_url":"https:\/\/pragueartweek.cz\/wp-content\/uploads\/2026\/08\/uvodni-23.png","thumbnail_image_url":"https:\/\/pragueartweek.cz\/wp-content\/uploads\/2026\/08\/uvodni-23-220x330.png","large_srcset":"https:\/\/pragueartweek.cz\/wp-content\/uploads\/2026\/08\/uvodni-23-880x1320.png 880w, https:\/\/pragueartweek.cz\/wp-content\/uploads\/2026\/08\/uvodni-23-440x660.png 440w, https:\/\/pragueartweek.cz\/wp-content\/uploads\/2026\/08\/uvodni-23-220x330.png 220w, https:\/\/pragueartweek.cz\/wp-content\/uploads\/2026\/08\/uvodni-23-768x1152.png 768w, https:\/\/pragueartweek.cz\/wp-content\/uploads\/2026\/08\/uvodni-23-1024x1536.png 1024w, https:\/\/pragueartweek.cz\/wp-content\/uploads\/2026\/08\/uvodni-23.png 1365w","medium_srcset":"https:\/\/pragueartweek.cz\/wp-content\/uploads\/2026\/08\/uvodni-23-440x660.png 440w, https:\/\/pragueartweek.cz\/wp-content\/uploads\/2026\/08\/uvodni-23-880x1320.png 880w, https:\/\/pragueartweek.cz\/wp-content\/uploads\/2026\/08\/uvodni-23-220x330.png 220w, https:\/\/pragueartweek.cz\/wp-content\/uploads\/2026\/08\/uvodni-23-768x1152.png 768w, https:\/\/pragueartweek.cz\/wp-content\/uploads\/2026\/08\/uvodni-23-1024x1536.png 1024w, https:\/\/pragueartweek.cz\/wp-content\/uploads\/2026\/08\/uvodni-23.png 1365w","media_details":{"width":1365,"height":2048,"sizes":{"medium":{"file":"uvodni-23-440x660.png","width":440,"height":660,"mime-type":"image\/png","filesize":314410,"source_url":"https:\/\/pragueartweek.cz\/wp-content\/uploads\/2026\/08\/uvodni-23-440x660.png"},"large":{"file":"uvodni-23-880x1320.png","width":880,"height":1320,"mime-type":"image\/png","filesize":1004044,"source_url":"https:\/\/pragueartweek.cz\/wp-content\/uploads\/2026\/08\/uvodni-23-880x1320.png"},"thumbnail":{"file":"uvodni-23-220x330.png","width":220,"height":330,"mime-type":"image\/png","filesize":87987,"source_url":"https:\/\/pragueartweek.cz\/wp-content\/uploads\/2026\/08\/uvodni-23-220x330.png"},"medium_large":{"file":"uvodni-23-768x1152.png","width":768,"height":1152,"mime-type":"image\/png","filesize":810034,"source_url":"https:\/\/pragueartweek.cz\/wp-content\/uploads\/2026\/08\/uvodni-23-768x1152.png"},"1536x1536":{"file":"uvodni-23-1024x1536.png","width":1024,"height":1536,"mime-type":"image\/png","filesize":1265422,"source_url":"https:\/\/pragueartweek.cz\/wp-content\/uploads\/2026\/08\/uvodni-23-1024x1536.png"}}},"alt_text":"","url":"","target":""},{"id":12209,"title":"prostora_foto_\u016172DPI_web","caption":"","full_image_url":"https:\/\/pragueartweek.cz\/wp-content\/uploads\/2026\/08\/prostora_foto_s72DPI_web.jpg","thumbnail_image_url":"https:\/\/pragueartweek.cz\/wp-content\/uploads\/2026\/08\/prostora_foto_s72DPI_web-450x300.jpg","large_srcset":"https:\/\/pragueartweek.cz\/wp-content\/uploads\/2026\/08\/prostora_foto_s72DPI_web-1800x1200.jpg 1800w, https:\/\/pragueartweek.cz\/wp-content\/uploads\/2026\/08\/prostora_foto_s72DPI_web-900x600.jpg 900w, https:\/\/pragueartweek.cz\/wp-content\/uploads\/2026\/08\/prostora_foto_s72DPI_web-450x300.jpg 450w, https:\/\/pragueartweek.cz\/wp-content\/uploads\/2026\/08\/prostora_foto_s72DPI_web-768x512.jpg 768w, https:\/\/pragueartweek.cz\/wp-content\/uploads\/2026\/08\/prostora_foto_s72DPI_web-1536x1024.jpg 1536w, https:\/\/pragueartweek.cz\/wp-content\/uploads\/2026\/08\/prostora_foto_s72DPI_web.jpg 1920w","medium_srcset":"https:\/\/pragueartweek.cz\/wp-content\/uploads\/2026\/08\/prostora_foto_s72DPI_web-900x600.jpg 900w, https:\/\/pragueartweek.cz\/wp-content\/uploads\/2026\/08\/prostora_foto_s72DPI_web-1800x1200.jpg 1800w, https:\/\/pragueartweek.cz\/wp-content\/uploads\/2026\/08\/prostora_foto_s72DPI_web-450x300.jpg 450w, https:\/\/pragueartweek.cz\/wp-content\/uploads\/2026\/08\/prostora_foto_s72DPI_web-768x512.jpg 768w, https:\/\/pragueartweek.cz\/wp-content\/uploads\/2026\/08\/prostora_foto_s72DPI_web-1536x1024.jpg 1536w, https:\/\/pragueartweek.cz\/wp-content\/uploads\/2026\/08\/prostora_foto_s72DPI_web.jpg 1920w","media_details":{"width":1920,"height":1280,"sizes":{"medium":{"file":"prostora_foto_s72DPI_web-900x600.jpg","width":900,"height":600,"mime-type":"image\/jpeg","filesize":130037,"source_url":"https:\/\/pragueartweek.cz\/wp-content\/uploads\/2026\/08\/prostora_foto_s72DPI_web-900x600.jpg"},"large":{"file":"prostora_foto_s72DPI_web-1800x1200.jpg","width":1800,"height":1200,"mime-type":"image\/jpeg","filesize":312491,"source_url":"https:\/\/pragueartweek.cz\/wp-content\/uploads\/2026\/08\/prostora_foto_s72DPI_web-1800x1200.jpg"},"thumbnail":{"file":"prostora_foto_s72DPI_web-450x300.jpg","width":450,"height":300,"mime-type":"image\/jpeg","filesize":67510,"source_url":"https:\/\/pragueartweek.cz\/wp-content\/uploads\/2026\/08\/prostora_foto_s72DPI_web-450x300.jpg"},"medium_large":{"file":"prostora_foto_s72DPI_web-768x512.jpg","width":768,"height":512,"mime-type":"image\/jpeg","filesize":108834,"source_url":"https:\/\/pragueartweek.cz\/wp-content\/uploads\/2026\/08\/prostora_foto_s72DPI_web-768x512.jpg"},"1536x1536":{"file":"prostora_foto_s72DPI_web-1536x1024.jpg","width":1536,"height":1024,"mime-type":"image\/jpeg","filesize":250662,"source_url":"https:\/\/pragueartweek.cz\/wp-content\/uploads\/2026\/08\/prostora_foto_s72DPI_web-1536x1024.jpg"}}},"alt_text":"","url":"","target":""},{"id":12207,"title":"prostora_foto_72DPI_web1","caption":"","full_image_url":"https:\/\/pragueartweek.cz\/wp-content\/uploads\/2026\/08\/prostora_foto_72DPI_web1.jpg","thumbnail_image_url":"https:\/\/pragueartweek.cz\/wp-content\/uploads\/2026\/08\/prostora_foto_72DPI_web1-450x300.jpg","large_srcset":"https:\/\/pragueartweek.cz\/wp-content\/uploads\/2026\/08\/prostora_foto_72DPI_web1.jpg 1613w, https:\/\/pragueartweek.cz\/wp-content\/uploads\/2026\/08\/prostora_foto_72DPI_web1-900x600.jpg 900w, https:\/\/pragueartweek.cz\/wp-content\/uploads\/2026\/08\/prostora_foto_72DPI_web1-450x300.jpg 450w, https:\/\/pragueartweek.cz\/wp-content\/uploads\/2026\/08\/prostora_foto_72DPI_web1-768x512.jpg 768w, https:\/\/pragueartweek.cz\/wp-content\/uploads\/2026\/08\/prostora_foto_72DPI_web1-1536x1024.jpg 1536w","medium_srcset":"https:\/\/pragueartweek.cz\/wp-content\/uploads\/2026\/08\/prostora_foto_72DPI_web1-900x600.jpg 900w, https:\/\/pragueartweek.cz\/wp-content\/uploads\/2026\/08\/prostora_foto_72DPI_web1-450x300.jpg 450w, https:\/\/pragueartweek.cz\/wp-content\/uploads\/2026\/08\/prostora_foto_72DPI_web1-768x512.jpg 768w, https:\/\/pragueartweek.cz\/wp-content\/uploads\/2026\/08\/prostora_foto_72DPI_web1-1536x1024.jpg 1536w, https:\/\/pragueartweek.cz\/wp-content\/uploads\/2026\/08\/prostora_foto_72DPI_web1.jpg 1613w","media_details":{"width":1613,"height":1075,"sizes":{"medium":{"file":"prostora_foto_72DPI_web1-900x600.jpg","width":900,"height":600,"mime-type":"image\/jpeg","filesize":103504,"source_url":"https:\/\/pragueartweek.cz\/wp-content\/uploads\/2026\/08\/prostora_foto_72DPI_web1-900x600.jpg"},"thumbnail":{"file":"prostora_foto_72DPI_web1-450x300.jpg","width":450,"height":300,"mime-type":"image\/jpeg","filesize":41738,"source_url":"https:\/\/pragueartweek.cz\/wp-content\/uploads\/2026\/08\/prostora_foto_72DPI_web1-450x300.jpg"},"medium_large":{"file":"prostora_foto_72DPI_web1-768x512.jpg","width":768,"height":512,"mime-type":"image\/jpeg","filesize":81859,"source_url":"https:\/\/pragueartweek.cz\/wp-content\/uploads\/2026\/08\/prostora_foto_72DPI_web1-768x512.jpg"},"1536x1536":{"file":"prostora_foto_72DPI_web1-1536x1024.jpg","width":1536,"height":1024,"mime-type":"image\/jpeg","filesize":253653,"source_url":"https:\/\/pragueartweek.cz\/wp-content\/uploads\/2026\/08\/prostora_foto_72DPI_web1-1536x1024.jpg"}}},"alt_text":"","url":"","target":""}]]}},"yoast_head":"<!-- This site is optimized with the Yoast SEO plugin v27.4 - https:\/\/yoast.com\/product\/yoast-seo-wordpress\/ -->\n<title>FEEDBACK | Prague Art Week 26<\/title>\n<meta name=\"description\" content=\"The exhibition presents Tom\u00e1\u0161 Ruller\u2019s private collection of artifacts, which preserve his relationships with key figures in the art world.\" \/>\n<meta name=\"robots\" content=\"index, follow, max-snippet:-1, max-image-preview:large, max-video-preview:-1\" \/>\n<link rel=\"canonical\" href=\"https:\/\/pragueartweek.cz\/en\/events\/feedback\/\" \/>\n<meta property=\"og:locale\" content=\"en_US\" \/>\n<meta property=\"og:type\" content=\"article\" \/>\n<meta property=\"og:title\" content=\"FEEDBACK | Prague Art Week 26\" \/>\n<meta property=\"og:description\" content=\"The exhibition presents Tom\u00e1\u0161 Ruller\u2019s private collection of artifacts, which preserve his relationships with key figures in the art world.\" \/>\n<meta property=\"og:url\" content=\"https:\/\/pragueartweek.cz\/en\/events\/feedback\/\" \/>\n<meta property=\"og:site_name\" content=\"Prague Art Week 26\" \/>\n<meta property=\"article:publisher\" content=\"https:\/\/www.facebook.com\/pragueartweek22\/\" \/>\n<meta property=\"article:modified_time\" content=\"2026-08-30T09:39:03+00:00\" \/>\n<meta property=\"og:image\" content=\"https:\/\/pragueartweek.cz\/wp-content\/uploads\/2026\/08\/prostora_foto_72DPI_web.jpg\" \/>\n\t<meta property=\"og:image:width\" content=\"661\" \/>\n\t<meta property=\"og:image:height\" content=\"992\" \/>\n\t<meta property=\"og:image:type\" content=\"image\/jpeg\" \/>\n<meta name=\"twitter:card\" content=\"summary_large_image\" \/>\n<meta name=\"twitter:label1\" content=\"Est. reading time\" \/>\n\t<meta name=\"twitter:data1\" content=\"1 minute\" \/>\n<script type=\"application\/ld+json\" class=\"yoast-schema-graph\">{\"@context\":\"https:\\\/\\\/schema.org\",\"@graph\":[{\"@type\":\"WebPage\",\"@id\":\"https:\\\/\\\/pragueartweek.cz\\\/en\\\/events\\\/feedback\\\/\",\"url\":\"https:\\\/\\\/pragueartweek.cz\\\/en\\\/events\\\/feedback\\\/\",\"name\":\"FEEDBACK | Prague Art Week 26\",\"isPartOf\":{\"@id\":\"https:\\\/\\\/pragueartweek.cz\\\/en\\\/#website\"},\"primaryImageOfPage\":{\"@id\":\"https:\\\/\\\/pragueartweek.cz\\\/en\\\/events\\\/feedback\\\/#primaryimage\"},\"image\":{\"@id\":\"https:\\\/\\\/pragueartweek.cz\\\/en\\\/events\\\/feedback\\\/#primaryimage\"},\"thumbnailUrl\":\"https:\\\/\\\/pragueartweek.cz\\\/wp-content\\\/uploads\\\/2026\\\/08\\\/prostora_foto_72DPI_web.jpg\",\"datePublished\":\"2026-08-29T18:45:30+00:00\",\"dateModified\":\"2026-08-30T09:39:03+00:00\",\"description\":\"The exhibition presents Tom\u00e1\u0161 Ruller\u2019s private collection of artifacts, which preserve his relationships with key figures in the art world.\",\"breadcrumb\":{\"@id\":\"https:\\\/\\\/pragueartweek.cz\\\/en\\\/events\\\/feedback\\\/#breadcrumb\"},\"inLanguage\":\"en-US\",\"potentialAction\":[{\"@type\":\"ReadAction\",\"target\":[\"https:\\\/\\\/pragueartweek.cz\\\/en\\\/events\\\/feedback\\\/\"]}]},{\"@type\":\"ImageObject\",\"inLanguage\":\"en-US\",\"@id\":\"https:\\\/\\\/pragueartweek.cz\\\/en\\\/events\\\/feedback\\\/#primaryimage\",\"url\":\"https:\\\/\\\/pragueartweek.cz\\\/wp-content\\\/uploads\\\/2026\\\/08\\\/prostora_foto_72DPI_web.jpg\",\"contentUrl\":\"https:\\\/\\\/pragueartweek.cz\\\/wp-content\\\/uploads\\\/2026\\\/08\\\/prostora_foto_72DPI_web.jpg\",\"width\":661,\"height\":992},{\"@type\":\"BreadcrumbList\",\"@id\":\"https:\\\/\\\/pragueartweek.cz\\\/en\\\/events\\\/feedback\\\/#breadcrumb\",\"itemListElement\":[{\"@type\":\"ListItem\",\"position\":1,\"name\":\"Home\",\"item\":\"https:\\\/\\\/pragueartweek.cz\\\/en\\\/\"},{\"@type\":\"ListItem\",\"position\":2,\"name\":\"Events\",\"item\":\"https:\\\/\\\/pragueartweek.cz\\\/en\\\/events\\\/\"},{\"@type\":\"ListItem\",\"position\":3,\"name\":\"FEEDBACK\"}]},{\"@type\":\"WebSite\",\"@id\":\"https:\\\/\\\/pragueartweek.cz\\\/en\\\/#website\",\"url\":\"https:\\\/\\\/pragueartweek.cz\\\/en\\\/\",\"name\":\"Prague Art Week 26\",\"description\":\"Prague Art Week je otev\u0159enou platformou pro kooperaci nejv\u00fdznamn\u011bj\u0161\u00edch instituc\u00ed na poli pra\u017esk\u00e9 um\u011bleck\u00e9 sc\u00e9ny.\",\"publisher\":{\"@id\":\"https:\\\/\\\/pragueartweek.cz\\\/en\\\/#organization\"},\"potentialAction\":[{\"@type\":\"SearchAction\",\"target\":{\"@type\":\"EntryPoint\",\"urlTemplate\":\"https:\\\/\\\/pragueartweek.cz\\\/en\\\/?s={search_term_string}\"},\"query-input\":{\"@type\":\"PropertyValueSpecification\",\"valueRequired\":true,\"valueName\":\"search_term_string\"}}],\"inLanguage\":\"en-US\"},{\"@type\":\"Organization\",\"@id\":\"https:\\\/\\\/pragueartweek.cz\\\/en\\\/#organization\",\"name\":\"Prague Art Week\",\"url\":\"https:\\\/\\\/pragueartweek.cz\\\/en\\\/\",\"logo\":{\"@type\":\"ImageObject\",\"inLanguage\":\"en-US\",\"@id\":\"https:\\\/\\\/pragueartweek.cz\\\/en\\\/#\\\/schema\\\/logo\\\/image\\\/\",\"url\":\"https:\\\/\\\/pragueartweek.cz\\\/wp-content\\\/uploads\\\/2022\\\/04\\\/LOGO_PAW_bez-roku-02.png\",\"contentUrl\":\"https:\\\/\\\/pragueartweek.cz\\\/wp-content\\\/uploads\\\/2022\\\/04\\\/LOGO_PAW_bez-roku-02.png\",\"width\":2481,\"height\":1749,\"caption\":\"Prague Art Week\"},\"image\":{\"@id\":\"https:\\\/\\\/pragueartweek.cz\\\/en\\\/#\\\/schema\\\/logo\\\/image\\\/\"},\"sameAs\":[\"https:\\\/\\\/www.facebook.com\\\/pragueartweek22\\\/\",\"https:\\\/\\\/www.instagram.com\\\/prague_art_week\\\/\"]}]}<\/script>\n<!-- \/ Yoast SEO plugin. -->","yoast_head_json":{"title":"FEEDBACK | Prague Art Week 26","description":"The exhibition presents Tom\u00e1\u0161 Ruller\u2019s private collection of artifacts, which preserve his relationships with key figures in the art world.","robots":{"index":"index","follow":"follow","max-snippet":"max-snippet:-1","max-image-preview":"max-image-preview:large","max-video-preview":"max-video-preview:-1"},"canonical":"https:\/\/pragueartweek.cz\/en\/events\/feedback\/","og_locale":"en_US","og_type":"article","og_title":"FEEDBACK | Prague Art Week 26","og_description":"The exhibition presents Tom\u00e1\u0161 Ruller\u2019s private collection of artifacts, which preserve his relationships with key figures in the art world.","og_url":"https:\/\/pragueartweek.cz\/en\/events\/feedback\/","og_site_name":"Prague Art Week 26","article_publisher":"https:\/\/www.facebook.com\/pragueartweek22\/","article_modified_time":"2026-08-30T09:39:03+00:00","og_image":[{"width":661,"height":992,"url":"https:\/\/pragueartweek.cz\/wp-content\/uploads\/2026\/08\/prostora_foto_72DPI_web.jpg","type":"image\/jpeg"}],"twitter_card":"summary_large_image","twitter_misc":{"Est. reading time":"1 minute"},"schema":{"@context":"https:\/\/schema.org","@graph":[{"@type":"WebPage","@id":"https:\/\/pragueartweek.cz\/en\/events\/feedback\/","url":"https:\/\/pragueartweek.cz\/en\/events\/feedback\/","name":"FEEDBACK | Prague Art Week 26","isPartOf":{"@id":"https:\/\/pragueartweek.cz\/en\/#website"},"primaryImageOfPage":{"@id":"https:\/\/pragueartweek.cz\/en\/events\/feedback\/#primaryimage"},"image":{"@id":"https:\/\/pragueartweek.cz\/en\/events\/feedback\/#primaryimage"},"thumbnailUrl":"https:\/\/pragueartweek.cz\/wp-content\/uploads\/2026\/08\/prostora_foto_72DPI_web.jpg","datePublished":"2026-08-29T18:45:30+00:00","dateModified":"2026-08-30T09:39:03+00:00","description":"The exhibition presents Tom\u00e1\u0161 Ruller\u2019s private collection of artifacts, which preserve his relationships with key figures in the art world.","breadcrumb":{"@id":"https:\/\/pragueartweek.cz\/en\/events\/feedback\/#breadcrumb"},"inLanguage":"en-US","potentialAction":[{"@type":"ReadAction","target":["https:\/\/pragueartweek.cz\/en\/events\/feedback\/"]}]},{"@type":"ImageObject","inLanguage":"en-US","@id":"https:\/\/pragueartweek.cz\/en\/events\/feedback\/#primaryimage","url":"https:\/\/pragueartweek.cz\/wp-content\/uploads\/2026\/08\/prostora_foto_72DPI_web.jpg","contentUrl":"https:\/\/pragueartweek.cz\/wp-content\/uploads\/2026\/08\/prostora_foto_72DPI_web.jpg","width":661,"height":992},{"@type":"BreadcrumbList","@id":"https:\/\/pragueartweek.cz\/en\/events\/feedback\/#breadcrumb","itemListElement":[{"@type":"ListItem","position":1,"name":"Home","item":"https:\/\/pragueartweek.cz\/en\/"},{"@type":"ListItem","position":2,"name":"Events","item":"https:\/\/pragueartweek.cz\/en\/events\/"},{"@type":"ListItem","position":3,"name":"FEEDBACK"}]},{"@type":"WebSite","@id":"https:\/\/pragueartweek.cz\/en\/#website","url":"https:\/\/pragueartweek.cz\/en\/","name":"Prague Art Week 26","description":"Prague Art Week je otev\u0159enou platformou pro kooperaci nejv\u00fdznamn\u011bj\u0161\u00edch instituc\u00ed na poli pra\u017esk\u00e9 um\u011bleck\u00e9 sc\u00e9ny.","publisher":{"@id":"https:\/\/pragueartweek.cz\/en\/#organization"},"potentialAction":[{"@type":"SearchAction","target":{"@type":"EntryPoint","urlTemplate":"https:\/\/pragueartweek.cz\/en\/?s={search_term_string}"},"query-input":{"@type":"PropertyValueSpecification","valueRequired":true,"valueName":"search_term_string"}}],"inLanguage":"en-US"},{"@type":"Organization","@id":"https:\/\/pragueartweek.cz\/en\/#organization","name":"Prague Art Week","url":"https:\/\/pragueartweek.cz\/en\/","logo":{"@type":"ImageObject","inLanguage":"en-US","@id":"https:\/\/pragueartweek.cz\/en\/#\/schema\/logo\/image\/","url":"https:\/\/pragueartweek.cz\/wp-content\/uploads\/2022\/04\/LOGO_PAW_bez-roku-02.png","contentUrl":"https:\/\/pragueartweek.cz\/wp-content\/uploads\/2022\/04\/LOGO_PAW_bez-roku-02.png","width":2481,"height":1749,"caption":"Prague Art Week"},"image":{"@id":"https:\/\/pragueartweek.cz\/en\/#\/schema\/logo\/image\/"},"sameAs":["https:\/\/www.facebook.com\/pragueartweek22\/","https:\/\/www.instagram.com\/prague_art_week\/"]}]}},"_links":{"self":[{"href":"https:\/\/pragueartweek.cz\/en\/wp-json\/wp\/v2\/udalosti\/12215","targetHints":{"allow":["GET"]}}],"collection":[{"href":"https:\/\/pragueartweek.cz\/en\/wp-json\/wp\/v2\/udalosti"}],"about":[{"href":"https:\/\/pragueartweek.cz\/en\/wp-json\/wp\/v2\/types\/udalosti"}],"version-history":[{"count":2,"href":"https:\/\/pragueartweek.cz\/en\/wp-json\/wp\/v2\/udalosti\/12215\/revisions"}],"predecessor-version":[{"id":12221,"href":"https:\/\/pragueartweek.cz\/en\/wp-json\/wp\/v2\/udalosti\/12215\/revisions\/12221"}],"wp:featuredmedia":[{"embeddable":true,"href":"https:\/\/pragueartweek.cz\/en\/wp-json\/wp\/v2\/media\/12213"}],"wp:attachment":[{"href":"https:\/\/pragueartweek.cz\/en\/wp-json\/wp\/v2\/media?parent=12215"}],"wp:term":[{"taxonomy":"kategorie","embeddable":true,"href":"https:\/\/pragueartweek.cz\/en\/wp-json\/wp\/v2\/kategorie?post=12215"},{"taxonomy":"lokalita","embeddable":true,"href":"https:\/\/pragueartweek.cz\/en\/wp-json\/wp\/v2\/lokalita?post=12215"},{"taxonomy":"termin","embeddable":true,"href":"https:\/\/pragueartweek.cz\/en\/wp-json\/wp\/v2\/termin?post=12215"}],"curies":[{"name":"wp","href":"https:\/\/api.w.org\/{rel}","templated":true}]}}