{"id":12265,"date":"2026-08-31T09:36:39","date_gmt":"2026-08-31T07:36:39","guid":{"rendered":"https:\/\/pragueartweek.cz\/?post_type=udalosti&#038;p=12265"},"modified":"2026-08-31T09:40:07","modified_gmt":"2026-08-31T07:40:07","slug":"inspiration-forum-lab-trajectories","status":"publish","type":"udalosti","link":"https:\/\/pragueartweek.cz\/en\/events\/inspiration-forum-lab-trajectories\/","title":{"rendered":"INSPIRATION FORUM LAB: TRAJECTORIES"},"content":{"rendered":"<p><a href=\"https:\/\/display.cz\" target=\"_blank\" rel=\"noopener\">Display<\/a><\/p>\n","protected":false},"excerpt":{"rendered":"<p>Display<\/p>\n","protected":false},"featured_media":12263,"parent":0,"menu_order":0,"template":"","format":"standard","meta":{"_acf_changed":false,"footnotes":""},"kategorie":[36,259],"lokalita":[484],"termin":[],"class_list":["post-12265","udalosti","type-udalosti","status-publish","format-standard","has-post-thumbnail","hentry","kategorie-exhibition","kategorie-route-p1-p2","lokalita-display","wpautop"],"acf":{"photo_gallery":{"udalost_galerie":[[{"id":12253,"title":"instagram_po cislech22","caption":"","full_image_url":"https:\/\/pragueartweek.cz\/wp-content\/uploads\/2026\/08\/instagram_po-cislech22-scaled.jpg","thumbnail_image_url":"https:\/\/pragueartweek.cz\/wp-content\/uploads\/2026\/08\/instagram_po-cislech22-264x330.jpg","large_srcset":"https:\/\/pragueartweek.cz\/wp-content\/uploads\/2026\/08\/instagram_po-cislech22-1056x1320.jpg 1056w, https:\/\/pragueartweek.cz\/wp-content\/uploads\/2026\/08\/instagram_po-cislech22-528x660.jpg 528w, https:\/\/pragueartweek.cz\/wp-content\/uploads\/2026\/08\/instagram_po-cislech22-264x330.jpg 264w, https:\/\/pragueartweek.cz\/wp-content\/uploads\/2026\/08\/instagram_po-cislech22-768x960.jpg 768w, https:\/\/pragueartweek.cz\/wp-content\/uploads\/2026\/08\/instagram_po-cislech22-1229x1536.jpg 1229w, https:\/\/pragueartweek.cz\/wp-content\/uploads\/2026\/08\/instagram_po-cislech22-1638x2048.jpg 1638w, https:\/\/pragueartweek.cz\/wp-content\/uploads\/2026\/08\/instagram_po-cislech22-scaled.jpg 2048w","medium_srcset":"https:\/\/pragueartweek.cz\/wp-content\/uploads\/2026\/08\/instagram_po-cislech22-528x660.jpg 528w, https:\/\/pragueartweek.cz\/wp-content\/uploads\/2026\/08\/instagram_po-cislech22-1056x1320.jpg 1056w, https:\/\/pragueartweek.cz\/wp-content\/uploads\/2026\/08\/instagram_po-cislech22-264x330.jpg 264w, https:\/\/pragueartweek.cz\/wp-content\/uploads\/2026\/08\/instagram_po-cislech22-768x960.jpg 768w, https:\/\/pragueartweek.cz\/wp-content\/uploads\/2026\/08\/instagram_po-cislech22-1229x1536.jpg 1229w, https:\/\/pragueartweek.cz\/wp-content\/uploads\/2026\/08\/instagram_po-cislech22-1638x2048.jpg 1638w, https:\/\/pragueartweek.cz\/wp-content\/uploads\/2026\/08\/instagram_po-cislech22-scaled.jpg 2048w","media_details":{"width":2048,"height":2560,"sizes":{"medium":{"file":"instagram_po-cislech22-528x660.jpg","width":528,"height":660,"mime-type":"image\/jpeg","filesize":60787,"source_url":"https:\/\/pragueartweek.cz\/wp-content\/uploads\/2026\/08\/instagram_po-cislech22-528x660.jpg"},"large":{"file":"instagram_po-cislech22-1056x1320.jpg","width":1056,"height":1320,"mime-type":"image\/jpeg","filesize":218290,"source_url":"https:\/\/pragueartweek.cz\/wp-content\/uploads\/2026\/08\/instagram_po-cislech22-1056x1320.jpg"},"thumbnail":{"file":"instagram_po-cislech22-264x330.jpg","width":264,"height":330,"mime-type":"image\/jpeg","filesize":18770,"source_url":"https:\/\/pragueartweek.cz\/wp-content\/uploads\/2026\/08\/instagram_po-cislech22-264x330.jpg"},"medium_large":{"file":"instagram_po-cislech22-768x960.jpg","width":768,"height":960,"mime-type":"image\/jpeg","filesize":121090,"source_url":"https:\/\/pragueartweek.cz\/wp-content\/uploads\/2026\/08\/instagram_po-cislech22-768x960.jpg"},"1536x1536":{"file":"instagram_po-cislech22-1229x1536.jpg","width":1229,"height":1536,"mime-type":"image\/jpeg","filesize":287335,"source_url":"https:\/\/pragueartweek.cz\/wp-content\/uploads\/2026\/08\/instagram_po-cislech22-1229x1536.jpg"},"2048x2048":{"file":"instagram_po-cislech22-1638x2048.jpg","width":1638,"height":2048,"mime-type":"image\/jpeg","filesize":474448,"source_url":"https:\/\/pragueartweek.cz\/wp-content\/uploads\/2026\/08\/instagram_po-cislech22-1638x2048.jpg"},"cmplz_banner_image":{"file":"instagram_po-cislech22-350x100.jpg","width":350,"height":100,"mime-type":"image\/jpeg","filesize":9708,"source_url":"https:\/\/pragueartweek.cz\/wp-content\/uploads\/2026\/08\/instagram_po-cislech22-350x100.jpg"}}},"alt_text":"","url":"","target":""},{"id":12255,"title":"i like it when u sand_process2","caption":"","full_image_url":"https:\/\/pragueartweek.cz\/wp-content\/uploads\/2026\/08\/i-like-it-when-u-sand_process2-scaled.jpg","thumbnail_image_url":"https:\/\/pragueartweek.cz\/wp-content\/uploads\/2026\/08\/i-like-it-when-u-sand_process2-293x330.jpg","large_srcset":"https:\/\/pragueartweek.cz\/wp-content\/uploads\/2026\/08\/i-like-it-when-u-sand_process2-1170x1320.jpg 1170w, https:\/\/pragueartweek.cz\/wp-content\/uploads\/2026\/08\/i-like-it-when-u-sand_process2-585x660.jpg 585w, https:\/\/pragueartweek.cz\/wp-content\/uploads\/2026\/08\/i-like-it-when-u-sand_process2-293x330.jpg 293w, https:\/\/pragueartweek.cz\/wp-content\/uploads\/2026\/08\/i-like-it-when-u-sand_process2-768x866.jpg 768w, https:\/\/pragueartweek.cz\/wp-content\/uploads\/2026\/08\/i-like-it-when-u-sand_process2-1362x1536.jpg 1362w, https:\/\/pragueartweek.cz\/wp-content\/uploads\/2026\/08\/i-like-it-when-u-sand_process2-1816x2048.jpg 1816w","medium_srcset":"https:\/\/pragueartweek.cz\/wp-content\/uploads\/2026\/08\/i-like-it-when-u-sand_process2-585x660.jpg 585w, https:\/\/pragueartweek.cz\/wp-content\/uploads\/2026\/08\/i-like-it-when-u-sand_process2-1170x1320.jpg 1170w, https:\/\/pragueartweek.cz\/wp-content\/uploads\/2026\/08\/i-like-it-when-u-sand_process2-293x330.jpg 293w, https:\/\/pragueartweek.cz\/wp-content\/uploads\/2026\/08\/i-like-it-when-u-sand_process2-768x866.jpg 768w, https:\/\/pragueartweek.cz\/wp-content\/uploads\/2026\/08\/i-like-it-when-u-sand_process2-1362x1536.jpg 1362w, https:\/\/pragueartweek.cz\/wp-content\/uploads\/2026\/08\/i-like-it-when-u-sand_process2-1816x2048.jpg 1816w","media_details":{"width":2269,"height":2560,"sizes":{"medium":{"file":"i-like-it-when-u-sand_process2-585x660.jpg","width":585,"height":660,"mime-type":"image\/jpeg","filesize":38098,"source_url":"https:\/\/pragueartweek.cz\/wp-content\/uploads\/2026\/08\/i-like-it-when-u-sand_process2-585x660.jpg"},"large":{"file":"i-like-it-when-u-sand_process2-1170x1320.jpg","width":1170,"height":1320,"mime-type":"image\/jpeg","filesize":121330,"source_url":"https:\/\/pragueartweek.cz\/wp-content\/uploads\/2026\/08\/i-like-it-when-u-sand_process2-1170x1320.jpg"},"thumbnail":{"file":"i-like-it-when-u-sand_process2-293x330.jpg","width":293,"height":330,"mime-type":"image\/jpeg","filesize":14412,"source_url":"https:\/\/pragueartweek.cz\/wp-content\/uploads\/2026\/08\/i-like-it-when-u-sand_process2-293x330.jpg"},"medium_large":{"file":"i-like-it-when-u-sand_process2-768x866.jpg","width":768,"height":866,"mime-type":"image\/jpeg","filesize":59502,"source_url":"https:\/\/pragueartweek.cz\/wp-content\/uploads\/2026\/08\/i-like-it-when-u-sand_process2-768x866.jpg"},"1536x1536":{"file":"i-like-it-when-u-sand_process2-1362x1536.jpg","width":1362,"height":1536,"mime-type":"image\/jpeg","filesize":158729,"source_url":"https:\/\/pragueartweek.cz\/wp-content\/uploads\/2026\/08\/i-like-it-when-u-sand_process2-1362x1536.jpg"},"2048x2048":{"file":"i-like-it-when-u-sand_process2-1816x2048.jpg","width":1816,"height":2048,"mime-type":"image\/jpeg","filesize":260697,"source_url":"https:\/\/pragueartweek.cz\/wp-content\/uploads\/2026\/08\/i-like-it-when-u-sand_process2-1816x2048.jpg"},"cmplz_banner_image":{"file":"i-like-it-when-u-sand_process2-350x100.jpg","width":350,"height":100,"mime-type":"image\/jpeg","filesize":8690,"source_url":"https:\/\/pragueartweek.cz\/wp-content\/uploads\/2026\/08\/i-like-it-when-u-sand_process2-350x100.jpg"}}},"alt_text":"","url":"","target":""},{"id":12263,"title":"Lithic Letters_3","caption":"","full_image_url":"https:\/\/pragueartweek.cz\/wp-content\/uploads\/2026\/08\/Lithic-Letters_3-scaled.jpg","thumbnail_image_url":"https:\/\/pragueartweek.cz\/wp-content\/uploads\/2026\/08\/Lithic-Letters_3-450x253.jpg","large_srcset":"https:\/\/pragueartweek.cz\/wp-content\/uploads\/2026\/08\/Lithic-Letters_3-1800x1010.jpg 1800w, https:\/\/pragueartweek.cz\/wp-content\/uploads\/2026\/08\/Lithic-Letters_3-900x505.jpg 900w, https:\/\/pragueartweek.cz\/wp-content\/uploads\/2026\/08\/Lithic-Letters_3-450x253.jpg 450w, https:\/\/pragueartweek.cz\/wp-content\/uploads\/2026\/08\/Lithic-Letters_3-768x431.jpg 768w, https:\/\/pragueartweek.cz\/wp-content\/uploads\/2026\/08\/Lithic-Letters_3-1536x862.jpg 1536w, https:\/\/pragueartweek.cz\/wp-content\/uploads\/2026\/08\/Lithic-Letters_3-2048x1150.jpg 2048w","medium_srcset":"https:\/\/pragueartweek.cz\/wp-content\/uploads\/2026\/08\/Lithic-Letters_3-900x505.jpg 900w, https:\/\/pragueartweek.cz\/wp-content\/uploads\/2026\/08\/Lithic-Letters_3-1800x1010.jpg 1800w, https:\/\/pragueartweek.cz\/wp-content\/uploads\/2026\/08\/Lithic-Letters_3-450x253.jpg 450w, https:\/\/pragueartweek.cz\/wp-content\/uploads\/2026\/08\/Lithic-Letters_3-768x431.jpg 768w, https:\/\/pragueartweek.cz\/wp-content\/uploads\/2026\/08\/Lithic-Letters_3-1536x862.jpg 1536w, https:\/\/pragueartweek.cz\/wp-content\/uploads\/2026\/08\/Lithic-Letters_3-2048x1150.jpg 2048w","media_details":{"width":2560,"height":1437,"sizes":{"medium":{"file":"Lithic-Letters_3-900x505.jpg","width":900,"height":505,"mime-type":"image\/jpeg","filesize":149734,"source_url":"https:\/\/pragueartweek.cz\/wp-content\/uploads\/2026\/08\/Lithic-Letters_3-900x505.jpg"},"large":{"file":"Lithic-Letters_3-1800x1010.jpg","width":1800,"height":1010,"mime-type":"image\/jpeg","filesize":441699,"source_url":"https:\/\/pragueartweek.cz\/wp-content\/uploads\/2026\/08\/Lithic-Letters_3-1800x1010.jpg"},"thumbnail":{"file":"Lithic-Letters_3-450x253.jpg","width":450,"height":253,"mime-type":"image\/jpeg","filesize":75024,"source_url":"https:\/\/pragueartweek.cz\/wp-content\/uploads\/2026\/08\/Lithic-Letters_3-450x253.jpg"},"medium_large":{"file":"Lithic-Letters_3-768x431.jpg","width":768,"height":431,"mime-type":"image\/jpeg","filesize":121501,"source_url":"https:\/\/pragueartweek.cz\/wp-content\/uploads\/2026\/08\/Lithic-Letters_3-768x431.jpg"},"1536x1536":{"file":"Lithic-Letters_3-1536x862.jpg","width":1536,"height":862,"mime-type":"image\/jpeg","filesize":337042,"source_url":"https:\/\/pragueartweek.cz\/wp-content\/uploads\/2026\/08\/Lithic-Letters_3-1536x862.jpg"},"2048x2048":{"file":"Lithic-Letters_3-2048x1150.jpg","width":2048,"height":1150,"mime-type":"image\/jpeg","filesize":549955,"source_url":"https:\/\/pragueartweek.cz\/wp-content\/uploads\/2026\/08\/Lithic-Letters_3-2048x1150.jpg"},"cmplz_banner_image":{"file":"Lithic-Letters_3-350x100.jpg","width":350,"height":100,"mime-type":"image\/jpeg","filesize":57596,"source_url":"https:\/\/pragueartweek.cz\/wp-content\/uploads\/2026\/08\/Lithic-Letters_3-350x100.jpg"}}},"alt_text":"","url":"","target":""},{"id":12261,"title":"Kladnosteelstorie(s)telling_Ingot","caption":"","full_image_url":"https:\/\/pragueartweek.cz\/wp-content\/uploads\/2026\/08\/Kladnosteelstoriestelling_Ingot.jpeg","thumbnail_image_url":"https:\/\/pragueartweek.cz\/wp-content\/uploads\/2026\/08\/Kladnosteelstoriestelling_Ingot-440x330.jpeg","large_srcset":"https:\/\/pragueartweek.cz\/wp-content\/uploads\/2026\/08\/Kladnosteelstoriestelling_Ingot.jpeg 1080w, https:\/\/pragueartweek.cz\/wp-content\/uploads\/2026\/08\/Kladnosteelstoriestelling_Ingot-880x660.jpeg 880w, https:\/\/pragueartweek.cz\/wp-content\/uploads\/2026\/08\/Kladnosteelstoriestelling_Ingot-440x330.jpeg 440w, https:\/\/pragueartweek.cz\/wp-content\/uploads\/2026\/08\/Kladnosteelstoriestelling_Ingot-768x576.jpeg 768w","medium_srcset":"https:\/\/pragueartweek.cz\/wp-content\/uploads\/2026\/08\/Kladnosteelstoriestelling_Ingot-880x660.jpeg 880w, https:\/\/pragueartweek.cz\/wp-content\/uploads\/2026\/08\/Kladnosteelstoriestelling_Ingot-440x330.jpeg 440w, https:\/\/pragueartweek.cz\/wp-content\/uploads\/2026\/08\/Kladnosteelstoriestelling_Ingot-768x576.jpeg 768w, https:\/\/pragueartweek.cz\/wp-content\/uploads\/2026\/08\/Kladnosteelstoriestelling_Ingot.jpeg 1080w","media_details":{"width":1080,"height":810,"sizes":{"medium":{"file":"Kladnosteelstoriestelling_Ingot-880x660.jpeg","width":880,"height":660,"mime-type":"image\/jpeg","filesize":78997,"source_url":"https:\/\/pragueartweek.cz\/wp-content\/uploads\/2026\/08\/Kladnosteelstoriestelling_Ingot-880x660.jpeg"},"thumbnail":{"file":"Kladnosteelstoriestelling_Ingot-440x330.jpeg","width":440,"height":330,"mime-type":"image\/jpeg","filesize":24452,"source_url":"https:\/\/pragueartweek.cz\/wp-content\/uploads\/2026\/08\/Kladnosteelstoriestelling_Ingot-440x330.jpeg"},"medium_large":{"file":"Kladnosteelstoriestelling_Ingot-768x576.jpeg","width":768,"height":576,"mime-type":"image\/jpeg","filesize":62248,"source_url":"https:\/\/pragueartweek.cz\/wp-content\/uploads\/2026\/08\/Kladnosteelstoriestelling_Ingot-768x576.jpeg"},"cmplz_banner_image":{"file":"Kladnosteelstoriestelling_Ingot-350x100.jpeg","width":350,"height":100,"mime-type":"image\/jpeg","filesize":7502,"source_url":"https:\/\/pragueartweek.cz\/wp-content\/uploads\/2026\/08\/Kladnosteelstoriestelling_Ingot-350x100.jpeg"}}},"alt_text":"","url":"","target":""},{"id":12259,"title":"i love it when u sand","caption":"","full_image_url":"https:\/\/pragueartweek.cz\/wp-content\/uploads\/2026\/08\/i-like-it-when-u-sand-.jpg","thumbnail_image_url":"https:\/\/pragueartweek.cz\/wp-content\/uploads\/2026\/08\/i-like-it-when-u-sand--370x330.jpg","large_srcset":"https:\/\/pragueartweek.cz\/wp-content\/uploads\/2026\/08\/i-like-it-when-u-sand-.jpg 1234w, https:\/\/pragueartweek.cz\/wp-content\/uploads\/2026\/08\/i-like-it-when-u-sand--740x660.jpg 740w, https:\/\/pragueartweek.cz\/wp-content\/uploads\/2026\/08\/i-like-it-when-u-sand--370x330.jpg 370w, https:\/\/pragueartweek.cz\/wp-content\/uploads\/2026\/08\/i-like-it-when-u-sand--768x685.jpg 768w","medium_srcset":"https:\/\/pragueartweek.cz\/wp-content\/uploads\/2026\/08\/i-like-it-when-u-sand--740x660.jpg 740w, https:\/\/pragueartweek.cz\/wp-content\/uploads\/2026\/08\/i-like-it-when-u-sand--370x330.jpg 370w, https:\/\/pragueartweek.cz\/wp-content\/uploads\/2026\/08\/i-like-it-when-u-sand--768x685.jpg 768w, https:\/\/pragueartweek.cz\/wp-content\/uploads\/2026\/08\/i-like-it-when-u-sand-.jpg 1234w","media_details":{"width":1234,"height":1100,"sizes":{"medium":{"file":"i-like-it-when-u-sand--740x660.jpg","width":740,"height":660,"mime-type":"image\/jpeg","filesize":89403,"source_url":"https:\/\/pragueartweek.cz\/wp-content\/uploads\/2026\/08\/i-like-it-when-u-sand--740x660.jpg"},"thumbnail":{"file":"i-like-it-when-u-sand--370x330.jpg","width":370,"height":330,"mime-type":"image\/jpeg","filesize":31761,"source_url":"https:\/\/pragueartweek.cz\/wp-content\/uploads\/2026\/08\/i-like-it-when-u-sand--370x330.jpg"},"medium_large":{"file":"i-like-it-when-u-sand--768x685.jpg","width":768,"height":685,"mime-type":"image\/jpeg","filesize":93832,"source_url":"https:\/\/pragueartweek.cz\/wp-content\/uploads\/2026\/08\/i-like-it-when-u-sand--768x685.jpg"},"cmplz_banner_image":{"file":"i-like-it-when-u-sand--350x100.jpg","width":350,"height":100,"mime-type":"image\/jpeg","filesize":14221,"source_url":"https:\/\/pragueartweek.cz\/wp-content\/uploads\/2026\/08\/i-like-it-when-u-sand--350x100.jpg"}}},"alt_text":"","url":"","target":""},{"id":12257,"title":"Lithic Letters_1","caption":"","full_image_url":"https:\/\/pragueartweek.cz\/wp-content\/uploads\/2026\/08\/Lithic-Letters_1-scaled.jpg","thumbnail_image_url":"https:\/\/pragueartweek.cz\/wp-content\/uploads\/2026\/08\/Lithic-Letters_1-450x253.jpg","large_srcset":"https:\/\/pragueartweek.cz\/wp-content\/uploads\/2026\/08\/Lithic-Letters_1-1800x1010.jpg 1800w, https:\/\/pragueartweek.cz\/wp-content\/uploads\/2026\/08\/Lithic-Letters_1-900x505.jpg 900w, https:\/\/pragueartweek.cz\/wp-content\/uploads\/2026\/08\/Lithic-Letters_1-450x253.jpg 450w, https:\/\/pragueartweek.cz\/wp-content\/uploads\/2026\/08\/Lithic-Letters_1-768x431.jpg 768w, https:\/\/pragueartweek.cz\/wp-content\/uploads\/2026\/08\/Lithic-Letters_1-1536x862.jpg 1536w, https:\/\/pragueartweek.cz\/wp-content\/uploads\/2026\/08\/Lithic-Letters_1-2048x1150.jpg 2048w","medium_srcset":"https:\/\/pragueartweek.cz\/wp-content\/uploads\/2026\/08\/Lithic-Letters_1-900x505.jpg 900w, https:\/\/pragueartweek.cz\/wp-content\/uploads\/2026\/08\/Lithic-Letters_1-1800x1010.jpg 1800w, https:\/\/pragueartweek.cz\/wp-content\/uploads\/2026\/08\/Lithic-Letters_1-450x253.jpg 450w, https:\/\/pragueartweek.cz\/wp-content\/uploads\/2026\/08\/Lithic-Letters_1-768x431.jpg 768w, https:\/\/pragueartweek.cz\/wp-content\/uploads\/2026\/08\/Lithic-Letters_1-1536x862.jpg 1536w, https:\/\/pragueartweek.cz\/wp-content\/uploads\/2026\/08\/Lithic-Letters_1-2048x1150.jpg 2048w","media_details":{"width":2560,"height":1437,"sizes":{"medium":{"file":"Lithic-Letters_1-900x505.jpg","width":900,"height":505,"mime-type":"image\/jpeg","filesize":157397,"source_url":"https:\/\/pragueartweek.cz\/wp-content\/uploads\/2026\/08\/Lithic-Letters_1-900x505.jpg"},"large":{"file":"Lithic-Letters_1-1800x1010.jpg","width":1800,"height":1010,"mime-type":"image\/jpeg","filesize":438687,"source_url":"https:\/\/pragueartweek.cz\/wp-content\/uploads\/2026\/08\/Lithic-Letters_1-1800x1010.jpg"},"thumbnail":{"file":"Lithic-Letters_1-450x253.jpg","width":450,"height":253,"mime-type":"image\/jpeg","filesize":71239,"source_url":"https:\/\/pragueartweek.cz\/wp-content\/uploads\/2026\/08\/Lithic-Letters_1-450x253.jpg"},"medium_large":{"file":"Lithic-Letters_1-768x431.jpg","width":768,"height":431,"mime-type":"image\/jpeg","filesize":126725,"source_url":"https:\/\/pragueartweek.cz\/wp-content\/uploads\/2026\/08\/Lithic-Letters_1-768x431.jpg"},"1536x1536":{"file":"Lithic-Letters_1-1536x862.jpg","width":1536,"height":862,"mime-type":"image\/jpeg","filesize":343624,"source_url":"https:\/\/pragueartweek.cz\/wp-content\/uploads\/2026\/08\/Lithic-Letters_1-1536x862.jpg"},"2048x2048":{"file":"Lithic-Letters_1-2048x1150.jpg","width":2048,"height":1150,"mime-type":"image\/jpeg","filesize":535663,"source_url":"https:\/\/pragueartweek.cz\/wp-content\/uploads\/2026\/08\/Lithic-Letters_1-2048x1150.jpg"},"cmplz_banner_image":{"file":"Lithic-Letters_1-350x100.jpg","width":350,"height":100,"mime-type":"image\/jpeg","filesize":50460,"source_url":"https:\/\/pragueartweek.cz\/wp-content\/uploads\/2026\/08\/Lithic-Letters_1-350x100.jpg"}}},"alt_text":"","url":"","target":""}]]}},"yoast_head":"<!-- This site is optimized with the Yoast SEO plugin v27.4 - https:\/\/yoast.com\/product\/yoast-seo-wordpress\/ -->\n<title>INSPIRATION FORUM LAB: TRAJECTORIES | Prague Art Week 26<\/title>\n<meta name=\"robots\" content=\"index, follow, max-snippet:-1, max-image-preview:large, max-video-preview:-1\" \/>\n<link rel=\"canonical\" href=\"https:\/\/pragueartweek.cz\/en\/events\/inspiration-forum-lab-trajectories\/\" \/>\n<meta property=\"og:locale\" content=\"en_US\" \/>\n<meta property=\"og:type\" content=\"article\" \/>\n<meta property=\"og:title\" content=\"INSPIRATION FORUM LAB: TRAJECTORIES | Prague Art Week 26\" \/>\n<meta property=\"og:description\" content=\"Display\" \/>\n<meta property=\"og:url\" content=\"https:\/\/pragueartweek.cz\/en\/events\/inspiration-forum-lab-trajectories\/\" \/>\n<meta property=\"og:site_name\" content=\"Prague Art Week 26\" \/>\n<meta property=\"article:publisher\" content=\"https:\/\/www.facebook.com\/pragueartweek22\/\" \/>\n<meta property=\"article:modified_time\" content=\"2026-08-31T07:40:07+00:00\" \/>\n<meta property=\"og:image\" content=\"https:\/\/pragueartweek.cz\/wp-content\/uploads\/2026\/08\/Lithic-Letters_3-scaled.jpg\" \/>\n\t<meta property=\"og:image:width\" content=\"2560\" \/>\n\t<meta property=\"og:image:height\" content=\"1437\" \/>\n\t<meta property=\"og:image:type\" content=\"image\/jpeg\" \/>\n<meta name=\"twitter:card\" content=\"summary_large_image\" \/>\n<meta name=\"twitter:label1\" content=\"Est. reading time\" \/>\n\t<meta name=\"twitter:data1\" content=\"1 minute\" \/>\n<script type=\"application\/ld+json\" class=\"yoast-schema-graph\">{\"@context\":\"https:\\\/\\\/schema.org\",\"@graph\":[{\"@type\":\"WebPage\",\"@id\":\"https:\\\/\\\/pragueartweek.cz\\\/en\\\/events\\\/inspiration-forum-lab-trajectories\\\/\",\"url\":\"https:\\\/\\\/pragueartweek.cz\\\/en\\\/events\\\/inspiration-forum-lab-trajectories\\\/\",\"name\":\"INSPIRATION FORUM LAB: TRAJECTORIES | Prague Art Week 26\",\"isPartOf\":{\"@id\":\"https:\\\/\\\/pragueartweek.cz\\\/en\\\/#website\"},\"primaryImageOfPage\":{\"@id\":\"https:\\\/\\\/pragueartweek.cz\\\/en\\\/events\\\/inspiration-forum-lab-trajectories\\\/#primaryimage\"},\"image\":{\"@id\":\"https:\\\/\\\/pragueartweek.cz\\\/en\\\/events\\\/inspiration-forum-lab-trajectories\\\/#primaryimage\"},\"thumbnailUrl\":\"https:\\\/\\\/pragueartweek.cz\\\/wp-content\\\/uploads\\\/2026\\\/08\\\/Lithic-Letters_3-scaled.jpg\",\"datePublished\":\"2026-08-31T07:36:39+00:00\",\"dateModified\":\"2026-08-31T07:40:07+00:00\",\"breadcrumb\":{\"@id\":\"https:\\\/\\\/pragueartweek.cz\\\/en\\\/events\\\/inspiration-forum-lab-trajectories\\\/#breadcrumb\"},\"inLanguage\":\"en-US\",\"potentialAction\":[{\"@type\":\"ReadAction\",\"target\":[\"https:\\\/\\\/pragueartweek.cz\\\/en\\\/events\\\/inspiration-forum-lab-trajectories\\\/\"]}]},{\"@type\":\"ImageObject\",\"inLanguage\":\"en-US\",\"@id\":\"https:\\\/\\\/pragueartweek.cz\\\/en\\\/events\\\/inspiration-forum-lab-trajectories\\\/#primaryimage\",\"url\":\"https:\\\/\\\/pragueartweek.cz\\\/wp-content\\\/uploads\\\/2026\\\/08\\\/Lithic-Letters_3-scaled.jpg\",\"contentUrl\":\"https:\\\/\\\/pragueartweek.cz\\\/wp-content\\\/uploads\\\/2026\\\/08\\\/Lithic-Letters_3-scaled.jpg\",\"width\":2560,\"height\":1437},{\"@type\":\"BreadcrumbList\",\"@id\":\"https:\\\/\\\/pragueartweek.cz\\\/en\\\/events\\\/inspiration-forum-lab-trajectories\\\/#breadcrumb\",\"itemListElement\":[{\"@type\":\"ListItem\",\"position\":1,\"name\":\"Home\",\"item\":\"https:\\\/\\\/pragueartweek.cz\\\/en\\\/\"},{\"@type\":\"ListItem\",\"position\":2,\"name\":\"Events\",\"item\":\"https:\\\/\\\/pragueartweek.cz\\\/en\\\/events\\\/\"},{\"@type\":\"ListItem\",\"position\":3,\"name\":\"INSPIRATION FORUM LAB: TRAJECTORIES\"}]},{\"@type\":\"WebSite\",\"@id\":\"https:\\\/\\\/pragueartweek.cz\\\/en\\\/#website\",\"url\":\"https:\\\/\\\/pragueartweek.cz\\\/en\\\/\",\"name\":\"Prague Art Week 26\",\"description\":\"Prague Art Week je otev\u0159enou platformou pro kooperaci nejv\u00fdznamn\u011bj\u0161\u00edch instituc\u00ed na poli pra\u017esk\u00e9 um\u011bleck\u00e9 sc\u00e9ny.\",\"publisher\":{\"@id\":\"https:\\\/\\\/pragueartweek.cz\\\/en\\\/#organization\"},\"potentialAction\":[{\"@type\":\"SearchAction\",\"target\":{\"@type\":\"EntryPoint\",\"urlTemplate\":\"https:\\\/\\\/pragueartweek.cz\\\/en\\\/?s={search_term_string}\"},\"query-input\":{\"@type\":\"PropertyValueSpecification\",\"valueRequired\":true,\"valueName\":\"search_term_string\"}}],\"inLanguage\":\"en-US\"},{\"@type\":\"Organization\",\"@id\":\"https:\\\/\\\/pragueartweek.cz\\\/en\\\/#organization\",\"name\":\"Prague Art Week\",\"url\":\"https:\\\/\\\/pragueartweek.cz\\\/en\\\/\",\"logo\":{\"@type\":\"ImageObject\",\"inLanguage\":\"en-US\",\"@id\":\"https:\\\/\\\/pragueartweek.cz\\\/en\\\/#\\\/schema\\\/logo\\\/image\\\/\",\"url\":\"https:\\\/\\\/pragueartweek.cz\\\/wp-content\\\/uploads\\\/2022\\\/04\\\/LOGO_PAW_bez-roku-02.png\",\"contentUrl\":\"https:\\\/\\\/pragueartweek.cz\\\/wp-content\\\/uploads\\\/2022\\\/04\\\/LOGO_PAW_bez-roku-02.png\",\"width\":2481,\"height\":1749,\"caption\":\"Prague Art Week\"},\"image\":{\"@id\":\"https:\\\/\\\/pragueartweek.cz\\\/en\\\/#\\\/schema\\\/logo\\\/image\\\/\"},\"sameAs\":[\"https:\\\/\\\/www.facebook.com\\\/pragueartweek22\\\/\",\"https:\\\/\\\/www.instagram.com\\\/prague_art_week\\\/\"]}]}<\/script>\n<!-- \/ Yoast SEO plugin. -->","yoast_head_json":{"title":"INSPIRATION FORUM LAB: TRAJECTORIES | Prague Art Week 26","robots":{"index":"index","follow":"follow","max-snippet":"max-snippet:-1","max-image-preview":"max-image-preview:large","max-video-preview":"max-video-preview:-1"},"canonical":"https:\/\/pragueartweek.cz\/en\/events\/inspiration-forum-lab-trajectories\/","og_locale":"en_US","og_type":"article","og_title":"INSPIRATION FORUM LAB: TRAJECTORIES | Prague Art Week 26","og_description":"Display","og_url":"https:\/\/pragueartweek.cz\/en\/events\/inspiration-forum-lab-trajectories\/","og_site_name":"Prague Art Week 26","article_publisher":"https:\/\/www.facebook.com\/pragueartweek22\/","article_modified_time":"2026-08-31T07:40:07+00:00","og_image":[{"width":2560,"height":1437,"url":"https:\/\/pragueartweek.cz\/wp-content\/uploads\/2026\/08\/Lithic-Letters_3-scaled.jpg","type":"image\/jpeg"}],"twitter_card":"summary_large_image","twitter_misc":{"Est. reading time":"1 minute"},"schema":{"@context":"https:\/\/schema.org","@graph":[{"@type":"WebPage","@id":"https:\/\/pragueartweek.cz\/en\/events\/inspiration-forum-lab-trajectories\/","url":"https:\/\/pragueartweek.cz\/en\/events\/inspiration-forum-lab-trajectories\/","name":"INSPIRATION FORUM LAB: TRAJECTORIES | Prague Art Week 26","isPartOf":{"@id":"https:\/\/pragueartweek.cz\/en\/#website"},"primaryImageOfPage":{"@id":"https:\/\/pragueartweek.cz\/en\/events\/inspiration-forum-lab-trajectories\/#primaryimage"},"image":{"@id":"https:\/\/pragueartweek.cz\/en\/events\/inspiration-forum-lab-trajectories\/#primaryimage"},"thumbnailUrl":"https:\/\/pragueartweek.cz\/wp-content\/uploads\/2026\/08\/Lithic-Letters_3-scaled.jpg","datePublished":"2026-08-31T07:36:39+00:00","dateModified":"2026-08-31T07:40:07+00:00","breadcrumb":{"@id":"https:\/\/pragueartweek.cz\/en\/events\/inspiration-forum-lab-trajectories\/#breadcrumb"},"inLanguage":"en-US","potentialAction":[{"@type":"ReadAction","target":["https:\/\/pragueartweek.cz\/en\/events\/inspiration-forum-lab-trajectories\/"]}]},{"@type":"ImageObject","inLanguage":"en-US","@id":"https:\/\/pragueartweek.cz\/en\/events\/inspiration-forum-lab-trajectories\/#primaryimage","url":"https:\/\/pragueartweek.cz\/wp-content\/uploads\/2026\/08\/Lithic-Letters_3-scaled.jpg","contentUrl":"https:\/\/pragueartweek.cz\/wp-content\/uploads\/2026\/08\/Lithic-Letters_3-scaled.jpg","width":2560,"height":1437},{"@type":"BreadcrumbList","@id":"https:\/\/pragueartweek.cz\/en\/events\/inspiration-forum-lab-trajectories\/#breadcrumb","itemListElement":[{"@type":"ListItem","position":1,"name":"Home","item":"https:\/\/pragueartweek.cz\/en\/"},{"@type":"ListItem","position":2,"name":"Events","item":"https:\/\/pragueartweek.cz\/en\/events\/"},{"@type":"ListItem","position":3,"name":"INSPIRATION FORUM LAB: TRAJECTORIES"}]},{"@type":"WebSite","@id":"https:\/\/pragueartweek.cz\/en\/#website","url":"https:\/\/pragueartweek.cz\/en\/","name":"Prague Art Week 26","description":"Prague Art Week je otev\u0159enou platformou pro kooperaci nejv\u00fdznamn\u011bj\u0161\u00edch instituc\u00ed na poli pra\u017esk\u00e9 um\u011bleck\u00e9 sc\u00e9ny.","publisher":{"@id":"https:\/\/pragueartweek.cz\/en\/#organization"},"potentialAction":[{"@type":"SearchAction","target":{"@type":"EntryPoint","urlTemplate":"https:\/\/pragueartweek.cz\/en\/?s={search_term_string}"},"query-input":{"@type":"PropertyValueSpecification","valueRequired":true,"valueName":"search_term_string"}}],"inLanguage":"en-US"},{"@type":"Organization","@id":"https:\/\/pragueartweek.cz\/en\/#organization","name":"Prague Art Week","url":"https:\/\/pragueartweek.cz\/en\/","logo":{"@type":"ImageObject","inLanguage":"en-US","@id":"https:\/\/pragueartweek.cz\/en\/#\/schema\/logo\/image\/","url":"https:\/\/pragueartweek.cz\/wp-content\/uploads\/2022\/04\/LOGO_PAW_bez-roku-02.png","contentUrl":"https:\/\/pragueartweek.cz\/wp-content\/uploads\/2022\/04\/LOGO_PAW_bez-roku-02.png","width":2481,"height":1749,"caption":"Prague Art Week"},"image":{"@id":"https:\/\/pragueartweek.cz\/en\/#\/schema\/logo\/image\/"},"sameAs":["https:\/\/www.facebook.com\/pragueartweek22\/","https:\/\/www.instagram.com\/prague_art_week\/"]}]}},"_links":{"self":[{"href":"https:\/\/pragueartweek.cz\/en\/wp-json\/wp\/v2\/udalosti\/12265","targetHints":{"allow":["GET"]}}],"collection":[{"href":"https:\/\/pragueartweek.cz\/en\/wp-json\/wp\/v2\/udalosti"}],"about":[{"href":"https:\/\/pragueartweek.cz\/en\/wp-json\/wp\/v2\/types\/udalosti"}],"version-history":[{"count":2,"href":"https:\/\/pragueartweek.cz\/en\/wp-json\/wp\/v2\/udalosti\/12265\/revisions"}],"predecessor-version":[{"id":12267,"href":"https:\/\/pragueartweek.cz\/en\/wp-json\/wp\/v2\/udalosti\/12265\/revisions\/12267"}],"wp:featuredmedia":[{"embeddable":true,"href":"https:\/\/pragueartweek.cz\/en\/wp-json\/wp\/v2\/media\/12263"}],"wp:attachment":[{"href":"https:\/\/pragueartweek.cz\/en\/wp-json\/wp\/v2\/media?parent=12265"}],"wp:term":[{"taxonomy":"kategorie","embeddable":true,"href":"https:\/\/pragueartweek.cz\/en\/wp-json\/wp\/v2\/kategorie?post=12265"},{"taxonomy":"lokalita","embeddable":true,"href":"https:\/\/pragueartweek.cz\/en\/wp-json\/wp\/v2\/lokalita?post=12265"},{"taxonomy":"termin","embeddable":true,"href":"https:\/\/pragueartweek.cz\/en\/wp-json\/wp\/v2\/termin?post=12265"}],"curies":[{"name":"wp","href":"https:\/\/api.w.org\/{rel}","templated":true}]}}