{"id":12308,"date":"2026-08-31T10:56:32","date_gmt":"2026-08-31T08:56:32","guid":{"rendered":"https:\/\/pragueartweek.cz\/?post_type=udalosti&#038;p=12308"},"modified":"2026-08-31T11:00:09","modified_gmt":"2026-08-31T09:00:09","slug":"penta-art","status":"publish","type":"udalosti","link":"https:\/\/pragueartweek.cz\/en\/events\/penta-art\/","title":{"rendered":"Penta Art"},"content":{"rendered":"<p><b>Na Florenci 1, Praha 1<\/b><b><\/b><\/p>\n<p>ARTIST: Zaha Hadid Architects<\/p>\n<h3><b>GOLDEN FA\u00c7ADE<\/b><\/h3>\n<p><i>The distinctive golden fa\u00e7ade of Masary\u010dka, designed by Zaha Hadid Architects, is one of the project\u2019s defining features and has become its iconic symbol.<\/i><\/p>\n<p>ARTIST: drawETC. (Vladim\u00edr Strej\u010dek)<\/p>\n<h3><b>WAVES OF MIND<\/b><\/h3>\n<p><i>Spanning 200 m\u00b2, the mural visualizes flows of data and ideas at the point where history meets futurism. drawETC. has transformed stakeholder voices and artificial intelligence into a monumental artwork symbolizing the metamorphosis of information shaping the new architecture of Masary\u010dka.<\/i><\/p>\n<p>ARTIST: Tony Cragg<\/p>\n<h3><b>CAUGHT DREAMING<\/b><\/h3>\n<p><i>Tony Cragg\u2019s bronze sculpture Caught Dreaming, in which abstract layers of lines transform into the suggestion of a human profile, is located in the lobby of Masary\u010dka. The work explores the relationship between matter and thought.<\/i><i><\/i><\/p>\n<p>&nbsp;<\/p>\n<p><b>K\u0159esomyslova 1676, Praha 4<\/b><\/p>\n<p>ARTIST: Ond\u0159ej Tich\u00fd<\/p>\n<h3><b>GENERAL KUTLVA\u0160R MONUMENT<\/b><\/h3>\n<p><i>General Kutlva\u0161r monument located within the complex of the former Nusle Brewery was created by sculptor Ond\u0159ej Tich\u00fd. The work connects the history of the site with the courage, determination, and empathy of one of the key figures of the Prague Uprising, who worked in this former brewery complex after his release from a communist prison<\/i><i><\/i><\/p>\n<p>&nbsp;<\/p>\n<p><b>Walterovo n\u00e1m\u011bst\u00ed, Praha 5<\/b><b><\/b><\/p>\n<p>ARTIST: Du\u0161an Zahoransk\u00fd<\/p>\n<h3><b>THE STATUE OF COURAGE<\/b><\/h3>\n<p><i>The statue of Courage by Du\u0161an Zahoransk\u00fd commemorates the strength of personal and civic courage. The sculpture references two important figures in Czech history\u2014ice hockey player Augustin Bubn\u00edk and the first Czech female pilot, Bo\u017eena Laglerov\u00e1.<\/i><\/p>\n<p>&nbsp;<\/p>\n<p>ARTIST: David \u010cern\u00fd<\/p>\n<h3><b>PEGASUS<\/b><\/h3>\n<p><i>Pegasuse by David \u010cern\u00fd are iconic kinetic sculptures combining horses and aircraft engines. Located on Waltrovka\u2019s central square, they reference the industrial heritage of the former Walter aircraft engine factory. The sculptures symbolize the technological progress that transformed horsepower into the power of the engines once produced here.<\/i><\/p>\n<p>&nbsp;<\/p>\n<p>ARTIST: David \u010cern\u00fd<\/p>\n<h3><b>SPEEDERMAN<\/b><\/h3>\n<p><i>The four-meter-tall kinetic sculpture of a superhero frozen in motion represents human evolution, the acceleration of modern society, and the almost superhuman pace of technological development and contemporary life. The lines expressing movement are enhanced by light effects.<\/i><\/p>\n<p><a href=\"https:\/\/pentaart.cz\/cs\" target=\"_blank\" rel=\"noopener\">Penta Art<\/a><\/p>\n","protected":false},"excerpt":{"rendered":"<p>Na Florenci 1, Praha 1 ARTIST: Zaha Hadid Architects GOLDEN FA\u00c7ADE The distinctive golden fa\u00e7ade of Masary\u010dka, designed by Zaha Hadid Architects, is one of the project\u2019s defining features and has become its iconic symbol. ARTIST: drawETC. (Vladim\u00edr Strej\u010dek) WAVES OF MIND Spanning 200 m\u00b2, the mural visualizes flows of data and ideas at the&#8230; <a class=\"view-article\" href=\"https:\/\/pragueartweek.cz\/en\/events\/penta-art\/\">View Article<\/a><\/p>\n","protected":false},"featured_media":12292,"parent":0,"menu_order":0,"template":"","format":"standard","meta":{"_acf_changed":false,"footnotes":""},"kategorie":[158,259,261,426],"lokalita":[486,488],"termin":[],"class_list":["post-12308","udalosti","type-udalosti","status-publish","format-standard","has-post-thumbnail","hentry","kategorie-architecture","kategorie-route-p1-p2","kategorie-route-p3-p8","kategorie-site-specific-en","lokalita-penta-art","lokalita-penta-art-nusle","wpautop"],"acf":{"photo_gallery":{"udalost_galerie":[[{"id":12302,"title":"instagram_po cislech21","caption":"","full_image_url":"https:\/\/pragueartweek.cz\/wp-content\/uploads\/2026\/08\/instagram_po-cislech21-scaled.jpg","thumbnail_image_url":"https:\/\/pragueartweek.cz\/wp-content\/uploads\/2026\/08\/instagram_po-cislech21-264x330.jpg","large_srcset":"https:\/\/pragueartweek.cz\/wp-content\/uploads\/2026\/08\/instagram_po-cislech21-1056x1320.jpg 1056w, https:\/\/pragueartweek.cz\/wp-content\/uploads\/2026\/08\/instagram_po-cislech21-528x660.jpg 528w, https:\/\/pragueartweek.cz\/wp-content\/uploads\/2026\/08\/instagram_po-cislech21-264x330.jpg 264w, https:\/\/pragueartweek.cz\/wp-content\/uploads\/2026\/08\/instagram_po-cislech21-768x960.jpg 768w, https:\/\/pragueartweek.cz\/wp-content\/uploads\/2026\/08\/instagram_po-cislech21-1229x1536.jpg 1229w, https:\/\/pragueartweek.cz\/wp-content\/uploads\/2026\/08\/instagram_po-cislech21-1638x2048.jpg 1638w, https:\/\/pragueartweek.cz\/wp-content\/uploads\/2026\/08\/instagram_po-cislech21-scaled.jpg 2048w","medium_srcset":"https:\/\/pragueartweek.cz\/wp-content\/uploads\/2026\/08\/instagram_po-cislech21-528x660.jpg 528w, https:\/\/pragueartweek.cz\/wp-content\/uploads\/2026\/08\/instagram_po-cislech21-1056x1320.jpg 1056w, https:\/\/pragueartweek.cz\/wp-content\/uploads\/2026\/08\/instagram_po-cislech21-264x330.jpg 264w, https:\/\/pragueartweek.cz\/wp-content\/uploads\/2026\/08\/instagram_po-cislech21-768x960.jpg 768w, https:\/\/pragueartweek.cz\/wp-content\/uploads\/2026\/08\/instagram_po-cislech21-1229x1536.jpg 1229w, https:\/\/pragueartweek.cz\/wp-content\/uploads\/2026\/08\/instagram_po-cislech21-1638x2048.jpg 1638w, https:\/\/pragueartweek.cz\/wp-content\/uploads\/2026\/08\/instagram_po-cislech21-scaled.jpg 2048w","media_details":{"width":2048,"height":2560,"sizes":{"medium":{"file":"instagram_po-cislech21-528x660.jpg","width":528,"height":660,"mime-type":"image\/jpeg","filesize":132250,"source_url":"https:\/\/pragueartweek.cz\/wp-content\/uploads\/2026\/08\/instagram_po-cislech21-528x660.jpg"},"large":{"file":"instagram_po-cislech21-1056x1320.jpg","width":1056,"height":1320,"mime-type":"image\/jpeg","filesize":452012,"source_url":"https:\/\/pragueartweek.cz\/wp-content\/uploads\/2026\/08\/instagram_po-cislech21-1056x1320.jpg"},"thumbnail":{"file":"instagram_po-cislech21-264x330.jpg","width":264,"height":330,"mime-type":"image\/jpeg","filesize":38748,"source_url":"https:\/\/pragueartweek.cz\/wp-content\/uploads\/2026\/08\/instagram_po-cislech21-264x330.jpg"},"medium_large":{"file":"instagram_po-cislech21-768x960.jpg","width":768,"height":960,"mime-type":"image\/jpeg","filesize":257965,"source_url":"https:\/\/pragueartweek.cz\/wp-content\/uploads\/2026\/08\/instagram_po-cislech21-768x960.jpg"},"1536x1536":{"file":"instagram_po-cislech21-1229x1536.jpg","width":1229,"height":1536,"mime-type":"image\/jpeg","filesize":587442,"source_url":"https:\/\/pragueartweek.cz\/wp-content\/uploads\/2026\/08\/instagram_po-cislech21-1229x1536.jpg"},"2048x2048":{"file":"instagram_po-cislech21-1638x2048.jpg","width":1638,"height":2048,"mime-type":"image\/jpeg","filesize":949442,"source_url":"https:\/\/pragueartweek.cz\/wp-content\/uploads\/2026\/08\/instagram_po-cislech21-1638x2048.jpg"},"cmplz_banner_image":{"file":"instagram_po-cislech21-350x100.jpg","width":350,"height":100,"mime-type":"image\/jpeg","filesize":22227,"source_url":"https:\/\/pragueartweek.cz\/wp-content\/uploads\/2026\/08\/instagram_po-cislech21-350x100.jpg"}}},"alt_text":"","url":"","target":""},{"id":12298,"title":"NUSELSKY-EXT-AUG-2025-fullres-302","caption":"","full_image_url":"https:\/\/pragueartweek.cz\/wp-content\/uploads\/2026\/08\/NUSELSKY-EXT-AUG-2025-fullres-302-scaled.jpg","thumbnail_image_url":"https:\/\/pragueartweek.cz\/wp-content\/uploads\/2026\/08\/NUSELSKY-EXT-AUG-2025-fullres-302-220x330.jpg","large_srcset":"https:\/\/pragueartweek.cz\/wp-content\/uploads\/2026\/08\/NUSELSKY-EXT-AUG-2025-fullres-302-880x1320.jpg 880w, https:\/\/pragueartweek.cz\/wp-content\/uploads\/2026\/08\/NUSELSKY-EXT-AUG-2025-fullres-302-440x660.jpg 440w, https:\/\/pragueartweek.cz\/wp-content\/uploads\/2026\/08\/NUSELSKY-EXT-AUG-2025-fullres-302-220x330.jpg 220w, https:\/\/pragueartweek.cz\/wp-content\/uploads\/2026\/08\/NUSELSKY-EXT-AUG-2025-fullres-302-768x1152.jpg 768w, https:\/\/pragueartweek.cz\/wp-content\/uploads\/2026\/08\/NUSELSKY-EXT-AUG-2025-fullres-302-1024x1536.jpg 1024w, https:\/\/pragueartweek.cz\/wp-content\/uploads\/2026\/08\/NUSELSKY-EXT-AUG-2025-fullres-302-1365x2048.jpg 1365w, https:\/\/pragueartweek.cz\/wp-content\/uploads\/2026\/08\/NUSELSKY-EXT-AUG-2025-fullres-302-scaled.jpg 1707w","medium_srcset":"https:\/\/pragueartweek.cz\/wp-content\/uploads\/2026\/08\/NUSELSKY-EXT-AUG-2025-fullres-302-440x660.jpg 440w, https:\/\/pragueartweek.cz\/wp-content\/uploads\/2026\/08\/NUSELSKY-EXT-AUG-2025-fullres-302-880x1320.jpg 880w, https:\/\/pragueartweek.cz\/wp-content\/uploads\/2026\/08\/NUSELSKY-EXT-AUG-2025-fullres-302-220x330.jpg 220w, https:\/\/pragueartweek.cz\/wp-content\/uploads\/2026\/08\/NUSELSKY-EXT-AUG-2025-fullres-302-768x1152.jpg 768w, https:\/\/pragueartweek.cz\/wp-content\/uploads\/2026\/08\/NUSELSKY-EXT-AUG-2025-fullres-302-1024x1536.jpg 1024w, https:\/\/pragueartweek.cz\/wp-content\/uploads\/2026\/08\/NUSELSKY-EXT-AUG-2025-fullres-302-1365x2048.jpg 1365w, https:\/\/pragueartweek.cz\/wp-content\/uploads\/2026\/08\/NUSELSKY-EXT-AUG-2025-fullres-302-scaled.jpg 1707w","media_details":{"width":1707,"height":2560,"sizes":{"medium":{"file":"NUSELSKY-EXT-AUG-2025-fullres-302-440x660.jpg","width":440,"height":660,"mime-type":"image\/jpeg","filesize":80043,"source_url":"https:\/\/pragueartweek.cz\/wp-content\/uploads\/2026\/08\/NUSELSKY-EXT-AUG-2025-fullres-302-440x660.jpg"},"large":{"file":"NUSELSKY-EXT-AUG-2025-fullres-302-880x1320.jpg","width":880,"height":1320,"mime-type":"image\/jpeg","filesize":237424,"source_url":"https:\/\/pragueartweek.cz\/wp-content\/uploads\/2026\/08\/NUSELSKY-EXT-AUG-2025-fullres-302-880x1320.jpg"},"thumbnail":{"file":"NUSELSKY-EXT-AUG-2025-fullres-302-220x330.jpg","width":220,"height":330,"mime-type":"image\/jpeg","filesize":35728,"source_url":"https:\/\/pragueartweek.cz\/wp-content\/uploads\/2026\/08\/NUSELSKY-EXT-AUG-2025-fullres-302-220x330.jpg"},"medium_large":{"file":"NUSELSKY-EXT-AUG-2025-fullres-302-768x1152.jpg","width":768,"height":1152,"mime-type":"image\/jpeg","filesize":189165,"source_url":"https:\/\/pragueartweek.cz\/wp-content\/uploads\/2026\/08\/NUSELSKY-EXT-AUG-2025-fullres-302-768x1152.jpg"},"1536x1536":{"file":"NUSELSKY-EXT-AUG-2025-fullres-302-1024x1536.jpg","width":1024,"height":1536,"mime-type":"image\/jpeg","filesize":307583,"source_url":"https:\/\/pragueartweek.cz\/wp-content\/uploads\/2026\/08\/NUSELSKY-EXT-AUG-2025-fullres-302-1024x1536.jpg"},"2048x2048":{"file":"NUSELSKY-EXT-AUG-2025-fullres-302-1365x2048.jpg","width":1365,"height":2048,"mime-type":"image\/jpeg","filesize":520104,"source_url":"https:\/\/pragueartweek.cz\/wp-content\/uploads\/2026\/08\/NUSELSKY-EXT-AUG-2025-fullres-302-1365x2048.jpg"},"cmplz_banner_image":{"file":"NUSELSKY-EXT-AUG-2025-fullres-302-350x100.jpg","width":350,"height":100,"mime-type":"image\/jpeg","filesize":26843,"source_url":"https:\/\/pragueartweek.cz\/wp-content\/uploads\/2026\/08\/NUSELSKY-EXT-AUG-2025-fullres-302-350x100.jpg"}}},"alt_text":"","url":"","target":""},{"id":12294,"title":"03-1044","caption":"","full_image_url":"https:\/\/pragueartweek.cz\/wp-content\/uploads\/2026\/08\/03-1044-scaled.jpg","thumbnail_image_url":"https:\/\/pragueartweek.cz\/wp-content\/uploads\/2026\/08\/03-1044-450x300.jpg","large_srcset":"https:\/\/pragueartweek.cz\/wp-content\/uploads\/2026\/08\/03-1044-1800x1202.jpg 1800w, https:\/\/pragueartweek.cz\/wp-content\/uploads\/2026\/08\/03-1044-900x601.jpg 900w, https:\/\/pragueartweek.cz\/wp-content\/uploads\/2026\/08\/03-1044-450x300.jpg 450w, https:\/\/pragueartweek.cz\/wp-content\/uploads\/2026\/08\/03-1044-768x513.jpg 768w, https:\/\/pragueartweek.cz\/wp-content\/uploads\/2026\/08\/03-1044-1536x1025.jpg 1536w, https:\/\/pragueartweek.cz\/wp-content\/uploads\/2026\/08\/03-1044-2048x1367.jpg 2048w","medium_srcset":"https:\/\/pragueartweek.cz\/wp-content\/uploads\/2026\/08\/03-1044-900x601.jpg 900w, https:\/\/pragueartweek.cz\/wp-content\/uploads\/2026\/08\/03-1044-1800x1202.jpg 1800w, https:\/\/pragueartweek.cz\/wp-content\/uploads\/2026\/08\/03-1044-450x300.jpg 450w, https:\/\/pragueartweek.cz\/wp-content\/uploads\/2026\/08\/03-1044-768x513.jpg 768w, https:\/\/pragueartweek.cz\/wp-content\/uploads\/2026\/08\/03-1044-1536x1025.jpg 1536w, https:\/\/pragueartweek.cz\/wp-content\/uploads\/2026\/08\/03-1044-2048x1367.jpg 2048w","media_details":{"width":2560,"height":1709,"sizes":{"medium":{"file":"03-1044-900x601.jpg","width":900,"height":601,"mime-type":"image\/jpeg","filesize":163200,"source_url":"https:\/\/pragueartweek.cz\/wp-content\/uploads\/2026\/08\/03-1044-900x601.jpg"},"large":{"file":"03-1044-1800x1202.jpg","width":1800,"height":1202,"mime-type":"image\/jpeg","filesize":492810,"source_url":"https:\/\/pragueartweek.cz\/wp-content\/uploads\/2026\/08\/03-1044-1800x1202.jpg"},"thumbnail":{"file":"03-1044-450x300.jpg","width":450,"height":300,"mime-type":"image\/jpeg","filesize":65544,"source_url":"https:\/\/pragueartweek.cz\/wp-content\/uploads\/2026\/08\/03-1044-450x300.jpg"},"medium_large":{"file":"03-1044-768x513.jpg","width":768,"height":513,"mime-type":"image\/jpeg","filesize":129107,"source_url":"https:\/\/pragueartweek.cz\/wp-content\/uploads\/2026\/08\/03-1044-768x513.jpg"},"1536x1536":{"file":"03-1044-1536x1025.jpg","width":1536,"height":1025,"mime-type":"image\/jpeg","filesize":379245,"source_url":"https:\/\/pragueartweek.cz\/wp-content\/uploads\/2026\/08\/03-1044-1536x1025.jpg"},"2048x2048":{"file":"03-1044-2048x1367.jpg","width":2048,"height":1367,"mime-type":"image\/jpeg","filesize":609269,"source_url":"https:\/\/pragueartweek.cz\/wp-content\/uploads\/2026\/08\/03-1044-2048x1367.jpg"},"cmplz_banner_image":{"file":"03-1044-350x100.jpg","width":350,"height":100,"mime-type":"image\/jpeg","filesize":35612,"source_url":"https:\/\/pragueartweek.cz\/wp-content\/uploads\/2026\/08\/03-1044-350x100.jpg"}}},"alt_text":"","url":"","target":""},{"id":12292,"title":"Ireine.Photo-MEDIA-24","caption":"","full_image_url":"https:\/\/pragueartweek.cz\/wp-content\/uploads\/2026\/08\/Ireine.Photo-MEDIA-24.jpg","thumbnail_image_url":"https:\/\/pragueartweek.cz\/wp-content\/uploads\/2026\/08\/Ireine.Photo-MEDIA-24-450x300.jpg","large_srcset":"https:\/\/pragueartweek.cz\/wp-content\/uploads\/2026\/08\/Ireine.Photo-MEDIA-24-1800x1201.jpg 1800w, https:\/\/pragueartweek.cz\/wp-content\/uploads\/2026\/08\/Ireine.Photo-MEDIA-24-900x600.jpg 900w, https:\/\/pragueartweek.cz\/wp-content\/uploads\/2026\/08\/Ireine.Photo-MEDIA-24-450x300.jpg 450w, https:\/\/pragueartweek.cz\/wp-content\/uploads\/2026\/08\/Ireine.Photo-MEDIA-24-768x512.jpg 768w, https:\/\/pragueartweek.cz\/wp-content\/uploads\/2026\/08\/Ireine.Photo-MEDIA-24-1536x1024.jpg 1536w, https:\/\/pragueartweek.cz\/wp-content\/uploads\/2026\/08\/Ireine.Photo-MEDIA-24-2048x1366.jpg 2048w","medium_srcset":"https:\/\/pragueartweek.cz\/wp-content\/uploads\/2026\/08\/Ireine.Photo-MEDIA-24-900x600.jpg 900w, https:\/\/pragueartweek.cz\/wp-content\/uploads\/2026\/08\/Ireine.Photo-MEDIA-24-1800x1201.jpg 1800w, https:\/\/pragueartweek.cz\/wp-content\/uploads\/2026\/08\/Ireine.Photo-MEDIA-24-450x300.jpg 450w, https:\/\/pragueartweek.cz\/wp-content\/uploads\/2026\/08\/Ireine.Photo-MEDIA-24-768x512.jpg 768w, https:\/\/pragueartweek.cz\/wp-content\/uploads\/2026\/08\/Ireine.Photo-MEDIA-24-1536x1024.jpg 1536w, https:\/\/pragueartweek.cz\/wp-content\/uploads\/2026\/08\/Ireine.Photo-MEDIA-24-2048x1366.jpg 2048w","media_details":{"width":2249,"height":1500,"sizes":{"medium":{"file":"Ireine.Photo-MEDIA-24-900x600.jpg","width":900,"height":600,"mime-type":"image\/jpeg","filesize":136310,"source_url":"https:\/\/pragueartweek.cz\/wp-content\/uploads\/2026\/08\/Ireine.Photo-MEDIA-24-900x600.jpg"},"large":{"file":"Ireine.Photo-MEDIA-24-1800x1201.jpg","width":1800,"height":1201,"mime-type":"image\/jpeg","filesize":368033,"source_url":"https:\/\/pragueartweek.cz\/wp-content\/uploads\/2026\/08\/Ireine.Photo-MEDIA-24-1800x1201.jpg"},"thumbnail":{"file":"Ireine.Photo-MEDIA-24-450x300.jpg","width":450,"height":300,"mime-type":"image\/jpeg","filesize":65346,"source_url":"https:\/\/pragueartweek.cz\/wp-content\/uploads\/2026\/08\/Ireine.Photo-MEDIA-24-450x300.jpg"},"medium_large":{"file":"Ireine.Photo-MEDIA-24-768x512.jpg","width":768,"height":512,"mime-type":"image\/jpeg","filesize":112577,"source_url":"https:\/\/pragueartweek.cz\/wp-content\/uploads\/2026\/08\/Ireine.Photo-MEDIA-24-768x512.jpg"},"1536x1536":{"file":"Ireine.Photo-MEDIA-24-1536x1024.jpg","width":1536,"height":1024,"mime-type":"image\/jpeg","filesize":288557,"source_url":"https:\/\/pragueartweek.cz\/wp-content\/uploads\/2026\/08\/Ireine.Photo-MEDIA-24-1536x1024.jpg"},"2048x2048":{"file":"Ireine.Photo-MEDIA-24-2048x1366.jpg","width":2048,"height":1366,"mime-type":"image\/jpeg","filesize":449792,"source_url":"https:\/\/pragueartweek.cz\/wp-content\/uploads\/2026\/08\/Ireine.Photo-MEDIA-24-2048x1366.jpg"},"cmplz_banner_image":{"file":"Ireine.Photo-MEDIA-24-350x100.jpg","width":350,"height":100,"mime-type":"image\/jpeg","filesize":43868,"source_url":"https:\/\/pragueartweek.cz\/wp-content\/uploads\/2026\/08\/Ireine.Photo-MEDIA-24-350x100.jpg"}}},"alt_text":"","url":"","target":""}]]}},"yoast_head":"<!-- This site is optimized with the Yoast SEO plugin v27.4 - https:\/\/yoast.com\/product\/yoast-seo-wordpress\/ -->\n<title>Penta Art | Prague Art Week 26<\/title>\n<meta name=\"robots\" content=\"index, follow, max-snippet:-1, max-image-preview:large, max-video-preview:-1\" \/>\n<link rel=\"canonical\" href=\"https:\/\/pragueartweek.cz\/en\/events\/penta-art\/\" \/>\n<meta property=\"og:locale\" content=\"en_US\" \/>\n<meta property=\"og:type\" content=\"article\" \/>\n<meta property=\"og:title\" content=\"Penta Art | Prague Art Week 26\" \/>\n<meta property=\"og:description\" content=\"Na Florenci 1, Praha 1 ARTIST: Zaha Hadid Architects GOLDEN FA\u00c7ADE The distinctive golden fa\u00e7ade of Masary\u010dka, designed by Zaha Hadid Architects, is one of the project\u2019s defining features and has become its iconic symbol. ARTIST: drawETC. (Vladim\u00edr Strej\u010dek) WAVES OF MIND Spanning 200 m\u00b2, the mural visualizes flows of data and ideas at the... View Article\" \/>\n<meta property=\"og:url\" content=\"https:\/\/pragueartweek.cz\/en\/events\/penta-art\/\" \/>\n<meta property=\"og:site_name\" content=\"Prague Art Week 26\" \/>\n<meta property=\"article:publisher\" content=\"https:\/\/www.facebook.com\/pragueartweek22\/\" \/>\n<meta property=\"article:modified_time\" content=\"2026-08-31T09:00:09+00:00\" \/>\n<meta property=\"og:image\" content=\"https:\/\/pragueartweek.cz\/wp-content\/uploads\/2026\/08\/Ireine.Photo-MEDIA-24.jpg\" \/>\n\t<meta property=\"og:image:width\" content=\"2249\" \/>\n\t<meta property=\"og:image:height\" content=\"1500\" \/>\n\t<meta property=\"og:image:type\" content=\"image\/jpeg\" \/>\n<meta name=\"twitter:card\" content=\"summary_large_image\" \/>\n<meta name=\"twitter:label1\" content=\"Est. reading time\" \/>\n\t<meta name=\"twitter:data1\" content=\"3 minutes\" \/>\n<script type=\"application\/ld+json\" class=\"yoast-schema-graph\">{\"@context\":\"https:\\\/\\\/schema.org\",\"@graph\":[{\"@type\":\"WebPage\",\"@id\":\"https:\\\/\\\/pragueartweek.cz\\\/en\\\/events\\\/penta-art\\\/\",\"url\":\"https:\\\/\\\/pragueartweek.cz\\\/en\\\/events\\\/penta-art\\\/\",\"name\":\"Penta Art | Prague Art Week 26\",\"isPartOf\":{\"@id\":\"https:\\\/\\\/pragueartweek.cz\\\/en\\\/#website\"},\"primaryImageOfPage\":{\"@id\":\"https:\\\/\\\/pragueartweek.cz\\\/en\\\/events\\\/penta-art\\\/#primaryimage\"},\"image\":{\"@id\":\"https:\\\/\\\/pragueartweek.cz\\\/en\\\/events\\\/penta-art\\\/#primaryimage\"},\"thumbnailUrl\":\"https:\\\/\\\/pragueartweek.cz\\\/wp-content\\\/uploads\\\/2026\\\/08\\\/Ireine.Photo-MEDIA-24.jpg\",\"datePublished\":\"2026-08-31T08:56:32+00:00\",\"dateModified\":\"2026-08-31T09:00:09+00:00\",\"breadcrumb\":{\"@id\":\"https:\\\/\\\/pragueartweek.cz\\\/en\\\/events\\\/penta-art\\\/#breadcrumb\"},\"inLanguage\":\"en-US\",\"potentialAction\":[{\"@type\":\"ReadAction\",\"target\":[\"https:\\\/\\\/pragueartweek.cz\\\/en\\\/events\\\/penta-art\\\/\"]}]},{\"@type\":\"ImageObject\",\"inLanguage\":\"en-US\",\"@id\":\"https:\\\/\\\/pragueartweek.cz\\\/en\\\/events\\\/penta-art\\\/#primaryimage\",\"url\":\"https:\\\/\\\/pragueartweek.cz\\\/wp-content\\\/uploads\\\/2026\\\/08\\\/Ireine.Photo-MEDIA-24.jpg\",\"contentUrl\":\"https:\\\/\\\/pragueartweek.cz\\\/wp-content\\\/uploads\\\/2026\\\/08\\\/Ireine.Photo-MEDIA-24.jpg\",\"width\":2249,\"height\":1500},{\"@type\":\"BreadcrumbList\",\"@id\":\"https:\\\/\\\/pragueartweek.cz\\\/en\\\/events\\\/penta-art\\\/#breadcrumb\",\"itemListElement\":[{\"@type\":\"ListItem\",\"position\":1,\"name\":\"Home\",\"item\":\"https:\\\/\\\/pragueartweek.cz\\\/en\\\/\"},{\"@type\":\"ListItem\",\"position\":2,\"name\":\"Events\",\"item\":\"https:\\\/\\\/pragueartweek.cz\\\/en\\\/events\\\/\"},{\"@type\":\"ListItem\",\"position\":3,\"name\":\"Penta Art\"}]},{\"@type\":\"WebSite\",\"@id\":\"https:\\\/\\\/pragueartweek.cz\\\/en\\\/#website\",\"url\":\"https:\\\/\\\/pragueartweek.cz\\\/en\\\/\",\"name\":\"Prague Art Week 26\",\"description\":\"Prague Art Week je otev\u0159enou platformou pro kooperaci nejv\u00fdznamn\u011bj\u0161\u00edch instituc\u00ed na poli pra\u017esk\u00e9 um\u011bleck\u00e9 sc\u00e9ny.\",\"publisher\":{\"@id\":\"https:\\\/\\\/pragueartweek.cz\\\/en\\\/#organization\"},\"potentialAction\":[{\"@type\":\"SearchAction\",\"target\":{\"@type\":\"EntryPoint\",\"urlTemplate\":\"https:\\\/\\\/pragueartweek.cz\\\/en\\\/?s={search_term_string}\"},\"query-input\":{\"@type\":\"PropertyValueSpecification\",\"valueRequired\":true,\"valueName\":\"search_term_string\"}}],\"inLanguage\":\"en-US\"},{\"@type\":\"Organization\",\"@id\":\"https:\\\/\\\/pragueartweek.cz\\\/en\\\/#organization\",\"name\":\"Prague Art Week\",\"url\":\"https:\\\/\\\/pragueartweek.cz\\\/en\\\/\",\"logo\":{\"@type\":\"ImageObject\",\"inLanguage\":\"en-US\",\"@id\":\"https:\\\/\\\/pragueartweek.cz\\\/en\\\/#\\\/schema\\\/logo\\\/image\\\/\",\"url\":\"https:\\\/\\\/pragueartweek.cz\\\/wp-content\\\/uploads\\\/2022\\\/04\\\/LOGO_PAW_bez-roku-02.png\",\"contentUrl\":\"https:\\\/\\\/pragueartweek.cz\\\/wp-content\\\/uploads\\\/2022\\\/04\\\/LOGO_PAW_bez-roku-02.png\",\"width\":2481,\"height\":1749,\"caption\":\"Prague Art Week\"},\"image\":{\"@id\":\"https:\\\/\\\/pragueartweek.cz\\\/en\\\/#\\\/schema\\\/logo\\\/image\\\/\"},\"sameAs\":[\"https:\\\/\\\/www.facebook.com\\\/pragueartweek22\\\/\",\"https:\\\/\\\/www.instagram.com\\\/prague_art_week\\\/\"]}]}<\/script>\n<!-- \/ Yoast SEO plugin. -->","yoast_head_json":{"title":"Penta Art | Prague Art Week 26","robots":{"index":"index","follow":"follow","max-snippet":"max-snippet:-1","max-image-preview":"max-image-preview:large","max-video-preview":"max-video-preview:-1"},"canonical":"https:\/\/pragueartweek.cz\/en\/events\/penta-art\/","og_locale":"en_US","og_type":"article","og_title":"Penta Art | Prague Art Week 26","og_description":"Na Florenci 1, Praha 1 ARTIST: Zaha Hadid Architects GOLDEN FA\u00c7ADE The distinctive golden fa\u00e7ade of Masary\u010dka, designed by Zaha Hadid Architects, is one of the project\u2019s defining features and has become its iconic symbol. ARTIST: drawETC. (Vladim\u00edr Strej\u010dek) WAVES OF MIND Spanning 200 m\u00b2, the mural visualizes flows of data and ideas at the... View Article","og_url":"https:\/\/pragueartweek.cz\/en\/events\/penta-art\/","og_site_name":"Prague Art Week 26","article_publisher":"https:\/\/www.facebook.com\/pragueartweek22\/","article_modified_time":"2026-08-31T09:00:09+00:00","og_image":[{"width":2249,"height":1500,"url":"https:\/\/pragueartweek.cz\/wp-content\/uploads\/2026\/08\/Ireine.Photo-MEDIA-24.jpg","type":"image\/jpeg"}],"twitter_card":"summary_large_image","twitter_misc":{"Est. reading time":"3 minutes"},"schema":{"@context":"https:\/\/schema.org","@graph":[{"@type":"WebPage","@id":"https:\/\/pragueartweek.cz\/en\/events\/penta-art\/","url":"https:\/\/pragueartweek.cz\/en\/events\/penta-art\/","name":"Penta Art | Prague Art Week 26","isPartOf":{"@id":"https:\/\/pragueartweek.cz\/en\/#website"},"primaryImageOfPage":{"@id":"https:\/\/pragueartweek.cz\/en\/events\/penta-art\/#primaryimage"},"image":{"@id":"https:\/\/pragueartweek.cz\/en\/events\/penta-art\/#primaryimage"},"thumbnailUrl":"https:\/\/pragueartweek.cz\/wp-content\/uploads\/2026\/08\/Ireine.Photo-MEDIA-24.jpg","datePublished":"2026-08-31T08:56:32+00:00","dateModified":"2026-08-31T09:00:09+00:00","breadcrumb":{"@id":"https:\/\/pragueartweek.cz\/en\/events\/penta-art\/#breadcrumb"},"inLanguage":"en-US","potentialAction":[{"@type":"ReadAction","target":["https:\/\/pragueartweek.cz\/en\/events\/penta-art\/"]}]},{"@type":"ImageObject","inLanguage":"en-US","@id":"https:\/\/pragueartweek.cz\/en\/events\/penta-art\/#primaryimage","url":"https:\/\/pragueartweek.cz\/wp-content\/uploads\/2026\/08\/Ireine.Photo-MEDIA-24.jpg","contentUrl":"https:\/\/pragueartweek.cz\/wp-content\/uploads\/2026\/08\/Ireine.Photo-MEDIA-24.jpg","width":2249,"height":1500},{"@type":"BreadcrumbList","@id":"https:\/\/pragueartweek.cz\/en\/events\/penta-art\/#breadcrumb","itemListElement":[{"@type":"ListItem","position":1,"name":"Home","item":"https:\/\/pragueartweek.cz\/en\/"},{"@type":"ListItem","position":2,"name":"Events","item":"https:\/\/pragueartweek.cz\/en\/events\/"},{"@type":"ListItem","position":3,"name":"Penta Art"}]},{"@type":"WebSite","@id":"https:\/\/pragueartweek.cz\/en\/#website","url":"https:\/\/pragueartweek.cz\/en\/","name":"Prague Art Week 26","description":"Prague Art Week je otev\u0159enou platformou pro kooperaci nejv\u00fdznamn\u011bj\u0161\u00edch instituc\u00ed na poli pra\u017esk\u00e9 um\u011bleck\u00e9 sc\u00e9ny.","publisher":{"@id":"https:\/\/pragueartweek.cz\/en\/#organization"},"potentialAction":[{"@type":"SearchAction","target":{"@type":"EntryPoint","urlTemplate":"https:\/\/pragueartweek.cz\/en\/?s={search_term_string}"},"query-input":{"@type":"PropertyValueSpecification","valueRequired":true,"valueName":"search_term_string"}}],"inLanguage":"en-US"},{"@type":"Organization","@id":"https:\/\/pragueartweek.cz\/en\/#organization","name":"Prague Art Week","url":"https:\/\/pragueartweek.cz\/en\/","logo":{"@type":"ImageObject","inLanguage":"en-US","@id":"https:\/\/pragueartweek.cz\/en\/#\/schema\/logo\/image\/","url":"https:\/\/pragueartweek.cz\/wp-content\/uploads\/2022\/04\/LOGO_PAW_bez-roku-02.png","contentUrl":"https:\/\/pragueartweek.cz\/wp-content\/uploads\/2022\/04\/LOGO_PAW_bez-roku-02.png","width":2481,"height":1749,"caption":"Prague Art Week"},"image":{"@id":"https:\/\/pragueartweek.cz\/en\/#\/schema\/logo\/image\/"},"sameAs":["https:\/\/www.facebook.com\/pragueartweek22\/","https:\/\/www.instagram.com\/prague_art_week\/"]}]}},"_links":{"self":[{"href":"https:\/\/pragueartweek.cz\/en\/wp-json\/wp\/v2\/udalosti\/12308","targetHints":{"allow":["GET"]}}],"collection":[{"href":"https:\/\/pragueartweek.cz\/en\/wp-json\/wp\/v2\/udalosti"}],"about":[{"href":"https:\/\/pragueartweek.cz\/en\/wp-json\/wp\/v2\/types\/udalosti"}],"version-history":[{"count":1,"href":"https:\/\/pragueartweek.cz\/en\/wp-json\/wp\/v2\/udalosti\/12308\/revisions"}],"predecessor-version":[{"id":12310,"href":"https:\/\/pragueartweek.cz\/en\/wp-json\/wp\/v2\/udalosti\/12308\/revisions\/12310"}],"wp:featuredmedia":[{"embeddable":true,"href":"https:\/\/pragueartweek.cz\/en\/wp-json\/wp\/v2\/media\/12292"}],"wp:attachment":[{"href":"https:\/\/pragueartweek.cz\/en\/wp-json\/wp\/v2\/media?parent=12308"}],"wp:term":[{"taxonomy":"kategorie","embeddable":true,"href":"https:\/\/pragueartweek.cz\/en\/wp-json\/wp\/v2\/kategorie?post=12308"},{"taxonomy":"lokalita","embeddable":true,"href":"https:\/\/pragueartweek.cz\/en\/wp-json\/wp\/v2\/lokalita?post=12308"},{"taxonomy":"termin","embeddable":true,"href":"https:\/\/pragueartweek.cz\/en\/wp-json\/wp\/v2\/termin?post=12308"}],"curies":[{"name":"wp","href":"https:\/\/api.w.org\/{rel}","templated":true}]}}