{"id":12352,"date":"2026-09-01T09:52:11","date_gmt":"2026-09-01T07:52:11","guid":{"rendered":"https:\/\/pragueartweek.cz\/?post_type=udalosti&#038;p=12352"},"modified":"2026-09-01T09:53:07","modified_gmt":"2026-09-01T07:53:07","slug":"general-kutlvasr-monument","status":"publish","type":"udalosti","link":"https:\/\/pragueartweek.cz\/en\/events\/general-kutlvasr-monument\/","title":{"rendered":"GENERAL KUTLVA\u0160R MONUMENT"},"content":{"rendered":"","protected":false},"excerpt":{"rendered":"","protected":false},"featured_media":12350,"parent":0,"menu_order":0,"template":"","format":"standard","meta":{"_acf_changed":false,"footnotes":""},"kategorie":[158,261,426],"lokalita":[488],"termin":[],"class_list":["post-12352","udalosti","type-udalosti","status-publish","format-standard","has-post-thumbnail","hentry","kategorie-architecture","kategorie-route-p3-p8","kategorie-site-specific-en","lokalita-penta-art-nusle","wpautop"],"acf":{"photo_gallery":{"udalost_galerie":[[{"id":12341,"title":"instagram_po cislech2","caption":"","full_image_url":"https:\/\/pragueartweek.cz\/wp-content\/uploads\/2026\/09\/instagram_po-cislech2-scaled.jpg","thumbnail_image_url":"https:\/\/pragueartweek.cz\/wp-content\/uploads\/2026\/09\/instagram_po-cislech2-264x330.jpg","large_srcset":"https:\/\/pragueartweek.cz\/wp-content\/uploads\/2026\/09\/instagram_po-cislech2-1056x1320.jpg 1056w, https:\/\/pragueartweek.cz\/wp-content\/uploads\/2026\/09\/instagram_po-cislech2-528x660.jpg 528w, https:\/\/pragueartweek.cz\/wp-content\/uploads\/2026\/09\/instagram_po-cislech2-264x330.jpg 264w, https:\/\/pragueartweek.cz\/wp-content\/uploads\/2026\/09\/instagram_po-cislech2-768x960.jpg 768w, https:\/\/pragueartweek.cz\/wp-content\/uploads\/2026\/09\/instagram_po-cislech2-1229x1536.jpg 1229w, https:\/\/pragueartweek.cz\/wp-content\/uploads\/2026\/09\/instagram_po-cislech2-1638x2048.jpg 1638w, https:\/\/pragueartweek.cz\/wp-content\/uploads\/2026\/09\/instagram_po-cislech2-scaled.jpg 2048w","medium_srcset":"https:\/\/pragueartweek.cz\/wp-content\/uploads\/2026\/09\/instagram_po-cislech2-528x660.jpg 528w, https:\/\/pragueartweek.cz\/wp-content\/uploads\/2026\/09\/instagram_po-cislech2-1056x1320.jpg 1056w, https:\/\/pragueartweek.cz\/wp-content\/uploads\/2026\/09\/instagram_po-cislech2-264x330.jpg 264w, https:\/\/pragueartweek.cz\/wp-content\/uploads\/2026\/09\/instagram_po-cislech2-768x960.jpg 768w, https:\/\/pragueartweek.cz\/wp-content\/uploads\/2026\/09\/instagram_po-cislech2-1229x1536.jpg 1229w, https:\/\/pragueartweek.cz\/wp-content\/uploads\/2026\/09\/instagram_po-cislech2-1638x2048.jpg 1638w, https:\/\/pragueartweek.cz\/wp-content\/uploads\/2026\/09\/instagram_po-cislech2-scaled.jpg 2048w","media_details":{"width":2048,"height":2560,"sizes":{"medium":{"file":"instagram_po-cislech2-528x660.jpg","width":528,"height":660,"mime-type":"image\/jpeg","filesize":84619,"source_url":"https:\/\/pragueartweek.cz\/wp-content\/uploads\/2026\/09\/instagram_po-cislech2-528x660.jpg"},"large":{"file":"instagram_po-cislech2-1056x1320.jpg","width":1056,"height":1320,"mime-type":"image\/jpeg","filesize":287623,"source_url":"https:\/\/pragueartweek.cz\/wp-content\/uploads\/2026\/09\/instagram_po-cislech2-1056x1320.jpg"},"thumbnail":{"file":"instagram_po-cislech2-264x330.jpg","width":264,"height":330,"mime-type":"image\/jpeg","filesize":27734,"source_url":"https:\/\/pragueartweek.cz\/wp-content\/uploads\/2026\/09\/instagram_po-cislech2-264x330.jpg"},"medium_large":{"file":"instagram_po-cislech2-768x960.jpg","width":768,"height":960,"mime-type":"image\/jpeg","filesize":160737,"source_url":"https:\/\/pragueartweek.cz\/wp-content\/uploads\/2026\/09\/instagram_po-cislech2-768x960.jpg"},"1536x1536":{"file":"instagram_po-cislech2-1229x1536.jpg","width":1229,"height":1536,"mime-type":"image\/jpeg","filesize":381360,"source_url":"https:\/\/pragueartweek.cz\/wp-content\/uploads\/2026\/09\/instagram_po-cislech2-1229x1536.jpg"},"2048x2048":{"file":"instagram_po-cislech2-1638x2048.jpg","width":1638,"height":2048,"mime-type":"image\/jpeg","filesize":658150,"source_url":"https:\/\/pragueartweek.cz\/wp-content\/uploads\/2026\/09\/instagram_po-cislech2-1638x2048.jpg"},"cmplz_banner_image":{"file":"instagram_po-cislech2-350x100.jpg","width":350,"height":100,"mime-type":"image\/jpeg","filesize":13284,"source_url":"https:\/\/pragueartweek.cz\/wp-content\/uploads\/2026\/09\/instagram_po-cislech2-350x100.jpg"}}},"alt_text":"","url":"","target":""},{"id":12300,"title":"NUSELSKY-EXT-AUG-2025-fullres-153","caption":"","full_image_url":"https:\/\/pragueartweek.cz\/wp-content\/uploads\/2026\/08\/NUSELSKY-EXT-AUG-2025-fullres-153-scaled.jpg","thumbnail_image_url":"https:\/\/pragueartweek.cz\/wp-content\/uploads\/2026\/08\/NUSELSKY-EXT-AUG-2025-fullres-153-220x330.jpg","large_srcset":"https:\/\/pragueartweek.cz\/wp-content\/uploads\/2026\/08\/NUSELSKY-EXT-AUG-2025-fullres-153-881x1320.jpg 881w, https:\/\/pragueartweek.cz\/wp-content\/uploads\/2026\/08\/NUSELSKY-EXT-AUG-2025-fullres-153-441x660.jpg 441w, https:\/\/pragueartweek.cz\/wp-content\/uploads\/2026\/08\/NUSELSKY-EXT-AUG-2025-fullres-153-220x330.jpg 220w, https:\/\/pragueartweek.cz\/wp-content\/uploads\/2026\/08\/NUSELSKY-EXT-AUG-2025-fullres-153-768x1150.jpg 768w, https:\/\/pragueartweek.cz\/wp-content\/uploads\/2026\/08\/NUSELSKY-EXT-AUG-2025-fullres-153-1025x1536.jpg 1025w, https:\/\/pragueartweek.cz\/wp-content\/uploads\/2026\/08\/NUSELSKY-EXT-AUG-2025-fullres-153-1367x2048.jpg 1367w, https:\/\/pragueartweek.cz\/wp-content\/uploads\/2026\/08\/NUSELSKY-EXT-AUG-2025-fullres-153-scaled.jpg 1709w","medium_srcset":"https:\/\/pragueartweek.cz\/wp-content\/uploads\/2026\/08\/NUSELSKY-EXT-AUG-2025-fullres-153-441x660.jpg 441w, https:\/\/pragueartweek.cz\/wp-content\/uploads\/2026\/08\/NUSELSKY-EXT-AUG-2025-fullres-153-881x1320.jpg 881w, https:\/\/pragueartweek.cz\/wp-content\/uploads\/2026\/08\/NUSELSKY-EXT-AUG-2025-fullres-153-220x330.jpg 220w, https:\/\/pragueartweek.cz\/wp-content\/uploads\/2026\/08\/NUSELSKY-EXT-AUG-2025-fullres-153-768x1150.jpg 768w, https:\/\/pragueartweek.cz\/wp-content\/uploads\/2026\/08\/NUSELSKY-EXT-AUG-2025-fullres-153-1025x1536.jpg 1025w, https:\/\/pragueartweek.cz\/wp-content\/uploads\/2026\/08\/NUSELSKY-EXT-AUG-2025-fullres-153-1367x2048.jpg 1367w, https:\/\/pragueartweek.cz\/wp-content\/uploads\/2026\/08\/NUSELSKY-EXT-AUG-2025-fullres-153-scaled.jpg 1709w","media_details":{"width":1709,"height":2560,"sizes":{"medium":{"file":"NUSELSKY-EXT-AUG-2025-fullres-153-441x660.jpg","width":441,"height":660,"mime-type":"image\/jpeg","filesize":87581,"source_url":"https:\/\/pragueartweek.cz\/wp-content\/uploads\/2026\/08\/NUSELSKY-EXT-AUG-2025-fullres-153-441x660.jpg"},"large":{"file":"NUSELSKY-EXT-AUG-2025-fullres-153-881x1320.jpg","width":881,"height":1320,"mime-type":"image\/jpeg","filesize":268546,"source_url":"https:\/\/pragueartweek.cz\/wp-content\/uploads\/2026\/08\/NUSELSKY-EXT-AUG-2025-fullres-153-881x1320.jpg"},"thumbnail":{"file":"NUSELSKY-EXT-AUG-2025-fullres-153-220x330.jpg","width":220,"height":330,"mime-type":"image\/jpeg","filesize":38961,"source_url":"https:\/\/pragueartweek.cz\/wp-content\/uploads\/2026\/08\/NUSELSKY-EXT-AUG-2025-fullres-153-220x330.jpg"},"medium_large":{"file":"NUSELSKY-EXT-AUG-2025-fullres-153-768x1150.jpg","width":768,"height":1150,"mime-type":"image\/jpeg","filesize":210394,"source_url":"https:\/\/pragueartweek.cz\/wp-content\/uploads\/2026\/08\/NUSELSKY-EXT-AUG-2025-fullres-153-768x1150.jpg"},"1536x1536":{"file":"NUSELSKY-EXT-AUG-2025-fullres-153-1025x1536.jpg","width":1025,"height":1536,"mime-type":"image\/jpeg","filesize":349875,"source_url":"https:\/\/pragueartweek.cz\/wp-content\/uploads\/2026\/08\/NUSELSKY-EXT-AUG-2025-fullres-153-1025x1536.jpg"},"2048x2048":{"file":"NUSELSKY-EXT-AUG-2025-fullres-153-1367x2048.jpg","width":1367,"height":2048,"mime-type":"image\/jpeg","filesize":582810,"source_url":"https:\/\/pragueartweek.cz\/wp-content\/uploads\/2026\/08\/NUSELSKY-EXT-AUG-2025-fullres-153-1367x2048.jpg"},"cmplz_banner_image":{"file":"NUSELSKY-EXT-AUG-2025-fullres-153-350x100.jpg","width":350,"height":100,"mime-type":"image\/jpeg","filesize":28213,"source_url":"https:\/\/pragueartweek.cz\/wp-content\/uploads\/2026\/08\/NUSELSKY-EXT-AUG-2025-fullres-153-350x100.jpg"}}},"alt_text":"","url":"","target":""}]]}},"yoast_head":"<!-- This site is optimized with the Yoast SEO plugin v27.4 - https:\/\/yoast.com\/product\/yoast-seo-wordpress\/ -->\n<title>GENERAL KUTLVA\u0160R MONUMENT | Prague Art Week 26<\/title>\n<meta name=\"robots\" content=\"index, follow, max-snippet:-1, max-image-preview:large, max-video-preview:-1\" \/>\n<link rel=\"canonical\" href=\"https:\/\/pragueartweek.cz\/en\/events\/general-kutlvasr-monument\/\" \/>\n<meta property=\"og:locale\" content=\"en_US\" \/>\n<meta property=\"og:type\" content=\"article\" \/>\n<meta property=\"og:title\" content=\"GENERAL KUTLVA\u0160R MONUMENT | Prague Art Week 26\" \/>\n<meta property=\"og:url\" content=\"https:\/\/pragueartweek.cz\/en\/events\/general-kutlvasr-monument\/\" \/>\n<meta property=\"og:site_name\" content=\"Prague Art Week 26\" \/>\n<meta property=\"article:publisher\" content=\"https:\/\/www.facebook.com\/pragueartweek22\/\" \/>\n<meta property=\"article:modified_time\" content=\"2026-09-01T07:53:07+00:00\" \/>\n<meta property=\"og:image\" content=\"https:\/\/pragueartweek.cz\/wp-content\/uploads\/2026\/09\/instagram_po-cislech2-768x536.png\" \/>\n\t<meta property=\"og:image:width\" content=\"768\" \/>\n\t<meta property=\"og:image:height\" content=\"536\" \/>\n\t<meta property=\"og:image:type\" content=\"image\/png\" \/>\n<meta name=\"twitter:card\" content=\"summary_large_image\" \/>\n<meta name=\"twitter:label1\" content=\"Est. reading time\" \/>\n\t<meta name=\"twitter:data1\" content=\"1 minute\" \/>\n<script type=\"application\/ld+json\" class=\"yoast-schema-graph\">{\"@context\":\"https:\\\/\\\/schema.org\",\"@graph\":[{\"@type\":\"WebPage\",\"@id\":\"https:\\\/\\\/pragueartweek.cz\\\/en\\\/events\\\/general-kutlvasr-monument\\\/\",\"url\":\"https:\\\/\\\/pragueartweek.cz\\\/en\\\/events\\\/general-kutlvasr-monument\\\/\",\"name\":\"GENERAL KUTLVA\u0160R MONUMENT | Prague Art Week 26\",\"isPartOf\":{\"@id\":\"https:\\\/\\\/pragueartweek.cz\\\/en\\\/#website\"},\"primaryImageOfPage\":{\"@id\":\"https:\\\/\\\/pragueartweek.cz\\\/en\\\/events\\\/general-kutlvasr-monument\\\/#primaryimage\"},\"image\":{\"@id\":\"https:\\\/\\\/pragueartweek.cz\\\/en\\\/events\\\/general-kutlvasr-monument\\\/#primaryimage\"},\"thumbnailUrl\":\"https:\\\/\\\/pragueartweek.cz\\\/wp-content\\\/uploads\\\/2026\\\/09\\\/instagram_po-cislech2.png\",\"datePublished\":\"2026-09-01T07:52:11+00:00\",\"dateModified\":\"2026-09-01T07:53:07+00:00\",\"breadcrumb\":{\"@id\":\"https:\\\/\\\/pragueartweek.cz\\\/en\\\/events\\\/general-kutlvasr-monument\\\/#breadcrumb\"},\"inLanguage\":\"en-US\",\"potentialAction\":[{\"@type\":\"ReadAction\",\"target\":[\"https:\\\/\\\/pragueartweek.cz\\\/en\\\/events\\\/general-kutlvasr-monument\\\/\"]}]},{\"@type\":\"ImageObject\",\"inLanguage\":\"en-US\",\"@id\":\"https:\\\/\\\/pragueartweek.cz\\\/en\\\/events\\\/general-kutlvasr-monument\\\/#primaryimage\",\"url\":\"https:\\\/\\\/pragueartweek.cz\\\/wp-content\\\/uploads\\\/2026\\\/09\\\/instagram_po-cislech2.png\",\"contentUrl\":\"https:\\\/\\\/pragueartweek.cz\\\/wp-content\\\/uploads\\\/2026\\\/09\\\/instagram_po-cislech2.png\",\"width\":2250,\"height\":1570},{\"@type\":\"BreadcrumbList\",\"@id\":\"https:\\\/\\\/pragueartweek.cz\\\/en\\\/events\\\/general-kutlvasr-monument\\\/#breadcrumb\",\"itemListElement\":[{\"@type\":\"ListItem\",\"position\":1,\"name\":\"Home\",\"item\":\"https:\\\/\\\/pragueartweek.cz\\\/en\\\/\"},{\"@type\":\"ListItem\",\"position\":2,\"name\":\"Events\",\"item\":\"https:\\\/\\\/pragueartweek.cz\\\/en\\\/events\\\/\"},{\"@type\":\"ListItem\",\"position\":3,\"name\":\"GENERAL KUTLVA\u0160R MONUMENT\"}]},{\"@type\":\"WebSite\",\"@id\":\"https:\\\/\\\/pragueartweek.cz\\\/en\\\/#website\",\"url\":\"https:\\\/\\\/pragueartweek.cz\\\/en\\\/\",\"name\":\"Prague Art Week 26\",\"description\":\"Prague Art Week je otev\u0159enou platformou pro kooperaci nejv\u00fdznamn\u011bj\u0161\u00edch instituc\u00ed na poli pra\u017esk\u00e9 um\u011bleck\u00e9 sc\u00e9ny.\",\"publisher\":{\"@id\":\"https:\\\/\\\/pragueartweek.cz\\\/en\\\/#organization\"},\"potentialAction\":[{\"@type\":\"SearchAction\",\"target\":{\"@type\":\"EntryPoint\",\"urlTemplate\":\"https:\\\/\\\/pragueartweek.cz\\\/en\\\/?s={search_term_string}\"},\"query-input\":{\"@type\":\"PropertyValueSpecification\",\"valueRequired\":true,\"valueName\":\"search_term_string\"}}],\"inLanguage\":\"en-US\"},{\"@type\":\"Organization\",\"@id\":\"https:\\\/\\\/pragueartweek.cz\\\/en\\\/#organization\",\"name\":\"Prague Art Week\",\"url\":\"https:\\\/\\\/pragueartweek.cz\\\/en\\\/\",\"logo\":{\"@type\":\"ImageObject\",\"inLanguage\":\"en-US\",\"@id\":\"https:\\\/\\\/pragueartweek.cz\\\/en\\\/#\\\/schema\\\/logo\\\/image\\\/\",\"url\":\"https:\\\/\\\/pragueartweek.cz\\\/wp-content\\\/uploads\\\/2022\\\/04\\\/LOGO_PAW_bez-roku-02.png\",\"contentUrl\":\"https:\\\/\\\/pragueartweek.cz\\\/wp-content\\\/uploads\\\/2022\\\/04\\\/LOGO_PAW_bez-roku-02.png\",\"width\":2481,\"height\":1749,\"caption\":\"Prague Art Week\"},\"image\":{\"@id\":\"https:\\\/\\\/pragueartweek.cz\\\/en\\\/#\\\/schema\\\/logo\\\/image\\\/\"},\"sameAs\":[\"https:\\\/\\\/www.facebook.com\\\/pragueartweek22\\\/\",\"https:\\\/\\\/www.instagram.com\\\/prague_art_week\\\/\"]}]}<\/script>\n<!-- \/ Yoast SEO plugin. -->","yoast_head_json":{"title":"GENERAL KUTLVA\u0160R MONUMENT | Prague Art Week 26","robots":{"index":"index","follow":"follow","max-snippet":"max-snippet:-1","max-image-preview":"max-image-preview:large","max-video-preview":"max-video-preview:-1"},"canonical":"https:\/\/pragueartweek.cz\/en\/events\/general-kutlvasr-monument\/","og_locale":"en_US","og_type":"article","og_title":"GENERAL KUTLVA\u0160R MONUMENT | Prague Art Week 26","og_url":"https:\/\/pragueartweek.cz\/en\/events\/general-kutlvasr-monument\/","og_site_name":"Prague Art Week 26","article_publisher":"https:\/\/www.facebook.com\/pragueartweek22\/","article_modified_time":"2026-09-01T07:53:07+00:00","og_image":[{"width":768,"height":536,"url":"https:\/\/pragueartweek.cz\/wp-content\/uploads\/2026\/09\/instagram_po-cislech2-768x536.png","type":"image\/png"}],"twitter_card":"summary_large_image","twitter_misc":{"Est. reading time":"1 minute"},"schema":{"@context":"https:\/\/schema.org","@graph":[{"@type":"WebPage","@id":"https:\/\/pragueartweek.cz\/en\/events\/general-kutlvasr-monument\/","url":"https:\/\/pragueartweek.cz\/en\/events\/general-kutlvasr-monument\/","name":"GENERAL KUTLVA\u0160R MONUMENT | Prague Art Week 26","isPartOf":{"@id":"https:\/\/pragueartweek.cz\/en\/#website"},"primaryImageOfPage":{"@id":"https:\/\/pragueartweek.cz\/en\/events\/general-kutlvasr-monument\/#primaryimage"},"image":{"@id":"https:\/\/pragueartweek.cz\/en\/events\/general-kutlvasr-monument\/#primaryimage"},"thumbnailUrl":"https:\/\/pragueartweek.cz\/wp-content\/uploads\/2026\/09\/instagram_po-cislech2.png","datePublished":"2026-09-01T07:52:11+00:00","dateModified":"2026-09-01T07:53:07+00:00","breadcrumb":{"@id":"https:\/\/pragueartweek.cz\/en\/events\/general-kutlvasr-monument\/#breadcrumb"},"inLanguage":"en-US","potentialAction":[{"@type":"ReadAction","target":["https:\/\/pragueartweek.cz\/en\/events\/general-kutlvasr-monument\/"]}]},{"@type":"ImageObject","inLanguage":"en-US","@id":"https:\/\/pragueartweek.cz\/en\/events\/general-kutlvasr-monument\/#primaryimage","url":"https:\/\/pragueartweek.cz\/wp-content\/uploads\/2026\/09\/instagram_po-cislech2.png","contentUrl":"https:\/\/pragueartweek.cz\/wp-content\/uploads\/2026\/09\/instagram_po-cislech2.png","width":2250,"height":1570},{"@type":"BreadcrumbList","@id":"https:\/\/pragueartweek.cz\/en\/events\/general-kutlvasr-monument\/#breadcrumb","itemListElement":[{"@type":"ListItem","position":1,"name":"Home","item":"https:\/\/pragueartweek.cz\/en\/"},{"@type":"ListItem","position":2,"name":"Events","item":"https:\/\/pragueartweek.cz\/en\/events\/"},{"@type":"ListItem","position":3,"name":"GENERAL KUTLVA\u0160R MONUMENT"}]},{"@type":"WebSite","@id":"https:\/\/pragueartweek.cz\/en\/#website","url":"https:\/\/pragueartweek.cz\/en\/","name":"Prague Art Week 26","description":"Prague Art Week je otev\u0159enou platformou pro kooperaci nejv\u00fdznamn\u011bj\u0161\u00edch instituc\u00ed na poli pra\u017esk\u00e9 um\u011bleck\u00e9 sc\u00e9ny.","publisher":{"@id":"https:\/\/pragueartweek.cz\/en\/#organization"},"potentialAction":[{"@type":"SearchAction","target":{"@type":"EntryPoint","urlTemplate":"https:\/\/pragueartweek.cz\/en\/?s={search_term_string}"},"query-input":{"@type":"PropertyValueSpecification","valueRequired":true,"valueName":"search_term_string"}}],"inLanguage":"en-US"},{"@type":"Organization","@id":"https:\/\/pragueartweek.cz\/en\/#organization","name":"Prague Art Week","url":"https:\/\/pragueartweek.cz\/en\/","logo":{"@type":"ImageObject","inLanguage":"en-US","@id":"https:\/\/pragueartweek.cz\/en\/#\/schema\/logo\/image\/","url":"https:\/\/pragueartweek.cz\/wp-content\/uploads\/2022\/04\/LOGO_PAW_bez-roku-02.png","contentUrl":"https:\/\/pragueartweek.cz\/wp-content\/uploads\/2022\/04\/LOGO_PAW_bez-roku-02.png","width":2481,"height":1749,"caption":"Prague Art Week"},"image":{"@id":"https:\/\/pragueartweek.cz\/en\/#\/schema\/logo\/image\/"},"sameAs":["https:\/\/www.facebook.com\/pragueartweek22\/","https:\/\/www.instagram.com\/prague_art_week\/"]}]}},"_links":{"self":[{"href":"https:\/\/pragueartweek.cz\/en\/wp-json\/wp\/v2\/udalosti\/12352","targetHints":{"allow":["GET"]}}],"collection":[{"href":"https:\/\/pragueartweek.cz\/en\/wp-json\/wp\/v2\/udalosti"}],"about":[{"href":"https:\/\/pragueartweek.cz\/en\/wp-json\/wp\/v2\/types\/udalosti"}],"version-history":[{"count":1,"href":"https:\/\/pragueartweek.cz\/en\/wp-json\/wp\/v2\/udalosti\/12352\/revisions"}],"predecessor-version":[{"id":12353,"href":"https:\/\/pragueartweek.cz\/en\/wp-json\/wp\/v2\/udalosti\/12352\/revisions\/12353"}],"wp:featuredmedia":[{"embeddable":true,"href":"https:\/\/pragueartweek.cz\/en\/wp-json\/wp\/v2\/media\/12350"}],"wp:attachment":[{"href":"https:\/\/pragueartweek.cz\/en\/wp-json\/wp\/v2\/media?parent=12352"}],"wp:term":[{"taxonomy":"kategorie","embeddable":true,"href":"https:\/\/pragueartweek.cz\/en\/wp-json\/wp\/v2\/kategorie?post=12352"},{"taxonomy":"lokalita","embeddable":true,"href":"https:\/\/pragueartweek.cz\/en\/wp-json\/wp\/v2\/lokalita?post=12352"},{"taxonomy":"termin","embeddable":true,"href":"https:\/\/pragueartweek.cz\/en\/wp-json\/wp\/v2\/termin?post=12352"}],"curies":[{"name":"wp","href":"https:\/\/api.w.org\/{rel}","templated":true}]}}