{"id":12382,"date":"2026-09-02T16:50:20","date_gmt":"2026-09-02T14:50:20","guid":{"rendered":"https:\/\/pragueartweek.cz\/?post_type=udalosti&#038;p=12382"},"modified":"2026-09-02T16:28:41","modified_gmt":"2026-09-02T14:28:41","slug":"memory-of-touch-chapter-i-the-kunsthalle-praha-collection-in-dialogue","status":"publish","type":"udalosti","link":"https:\/\/pragueartweek.cz\/en\/events\/memory-of-touch-chapter-i-the-kunsthalle-praha-collection-in-dialogue\/","title":{"rendered":"MEMORY OF TOUCH: CHAPTER I \u2013 THE KUNSTHALLE PRAHA COLLECTION IN DIALOGUE"},"content":{"rendered":"<p>Memory of Touch: Chapter I is the first standalone exhibition project dedicated to the Kunsthalle Praha Collection. It brings together modern, postwar, and contemporary works from the collection and works by six leading figures of the contemporary Czech art scene. Works by artists such as Bohumil Kubi\u0161ta and B\u011bla Kol\u00e1\u0159ov\u00e1 enter into dialogue with those of Valent\u00fdna Jan\u016f and Roman \u0160t\u011btina, among others. The exhibition explores fragility and vulnerability as both aesthetic and social strategies. Unexpected encounters emerge between avant-garde experiments, postwar artistic responses to censorship and repression, and contemporary works reflecting the uncertainties of today\u2019s world.<\/p>\n<p><a href=\"https:\/\/www.kunsthallepraha.org\/en\">Kunsthalle Praha<\/a><\/p>\n","protected":false},"excerpt":{"rendered":"<p>Memory of Touch: Chapter I is the first standalone exhibition project dedicated to the Kunsthalle Praha Collection. It brings together modern, postwar, and contemporary works from the collection and works by six leading figures of the contemporary Czech art scene. Works by artists such as Bohumil Kubi\u0161ta and B\u011bla Kol\u00e1\u0159ov\u00e1 enter into dialogue with those&#8230; <a class=\"view-article\" href=\"https:\/\/pragueartweek.cz\/en\/events\/memory-of-touch-chapter-i-the-kunsthalle-praha-collection-in-dialogue\/\">View Article<\/a><\/p>\n","protected":false},"featured_media":12374,"parent":0,"menu_order":0,"template":"","format":"standard","meta":{"_acf_changed":false,"footnotes":""},"kategorie":[36,209,34,259],"lokalita":[139],"termin":[465,466,467],"class_list":["post-12382","udalosti","type-udalosti","status-publish","format-standard","has-post-thumbnail","hentry","kategorie-exhibition","kategorie-guided-tour","kategorie-performance","kategorie-route-p1-p2","lokalita-kunsthalle-praha-en","termin-25-9","termin-26-9","termin-27-9","wpautop"],"acf":{"photo_gallery":{"udalost_galerie":[[{"id":12378,"title":"uvodn\u00ed 18","caption":"","full_image_url":"https:\/\/pragueartweek.cz\/wp-content\/uploads\/2026\/09\/uvodni-18.png","thumbnail_image_url":"https:\/\/pragueartweek.cz\/wp-content\/uploads\/2026\/09\/uvodni-18-220x330.png","large_srcset":"https:\/\/pragueartweek.cz\/wp-content\/uploads\/2026\/09\/uvodni-18-880x1320.png 880w, https:\/\/pragueartweek.cz\/wp-content\/uploads\/2026\/09\/uvodni-18-440x660.png 440w, https:\/\/pragueartweek.cz\/wp-content\/uploads\/2026\/09\/uvodni-18-220x330.png 220w, https:\/\/pragueartweek.cz\/wp-content\/uploads\/2026\/09\/uvodni-18-768x1152.png 768w, https:\/\/pragueartweek.cz\/wp-content\/uploads\/2026\/09\/uvodni-18-1024x1536.png 1024w, https:\/\/pragueartweek.cz\/wp-content\/uploads\/2026\/09\/uvodni-18.png 1365w","medium_srcset":"https:\/\/pragueartweek.cz\/wp-content\/uploads\/2026\/09\/uvodni-18-440x660.png 440w, https:\/\/pragueartweek.cz\/wp-content\/uploads\/2026\/09\/uvodni-18-880x1320.png 880w, https:\/\/pragueartweek.cz\/wp-content\/uploads\/2026\/09\/uvodni-18-220x330.png 220w, https:\/\/pragueartweek.cz\/wp-content\/uploads\/2026\/09\/uvodni-18-768x1152.png 768w, https:\/\/pragueartweek.cz\/wp-content\/uploads\/2026\/09\/uvodni-18-1024x1536.png 1024w, https:\/\/pragueartweek.cz\/wp-content\/uploads\/2026\/09\/uvodni-18.png 1365w","media_details":{"width":1365,"height":2048,"sizes":{"medium":{"file":"uvodni-18-440x660.png","width":440,"height":660,"mime-type":"image\/png","filesize":366650,"source_url":"https:\/\/pragueartweek.cz\/wp-content\/uploads\/2026\/09\/uvodni-18-440x660.png"},"large":{"file":"uvodni-18-880x1320.png","width":880,"height":1320,"mime-type":"image\/png","filesize":1401016,"source_url":"https:\/\/pragueartweek.cz\/wp-content\/uploads\/2026\/09\/uvodni-18-880x1320.png"},"thumbnail":{"file":"uvodni-18-220x330.png","width":220,"height":330,"mime-type":"image\/png","filesize":99018,"source_url":"https:\/\/pragueartweek.cz\/wp-content\/uploads\/2026\/09\/uvodni-18-220x330.png"},"medium_large":{"file":"uvodni-18-768x1152.png","width":768,"height":1152,"mime-type":"image\/png","filesize":1074701,"source_url":"https:\/\/pragueartweek.cz\/wp-content\/uploads\/2026\/09\/uvodni-18-768x1152.png"},"1536x1536":{"file":"uvodni-18-1024x1536.png","width":1024,"height":1536,"mime-type":"image\/png","filesize":1872981,"source_url":"https:\/\/pragueartweek.cz\/wp-content\/uploads\/2026\/09\/uvodni-18-1024x1536.png"}}},"alt_text":"","url":"","target":""},{"id":12380,"title":"Lukas-Hofmann_Mudam_\u00a9-Fabrizio-Vatieri_DSC07816-1920x1280","caption":"","full_image_url":"https:\/\/pragueartweek.cz\/wp-content\/uploads\/2026\/09\/Lukas-Hofmann_Mudam_\u00a9-Fabrizio-Vatieri_DSC07816-1920x1280-2.jpg","thumbnail_image_url":"https:\/\/pragueartweek.cz\/wp-content\/uploads\/2026\/09\/Lukas-Hofmann_Mudam_\u00a9-Fabrizio-Vatieri_DSC07816-1920x1280-2-450x300.jpg","large_srcset":"https:\/\/pragueartweek.cz\/wp-content\/uploads\/2026\/09\/Lukas-Hofmann_Mudam_\u00a9-Fabrizio-Vatieri_DSC07816-1920x1280-2-1800x1200.jpg 1800w, https:\/\/pragueartweek.cz\/wp-content\/uploads\/2026\/09\/Lukas-Hofmann_Mudam_\u00a9-Fabrizio-Vatieri_DSC07816-1920x1280-2-900x600.jpg 900w, https:\/\/pragueartweek.cz\/wp-content\/uploads\/2026\/09\/Lukas-Hofmann_Mudam_\u00a9-Fabrizio-Vatieri_DSC07816-1920x1280-2-450x300.jpg 450w, https:\/\/pragueartweek.cz\/wp-content\/uploads\/2026\/09\/Lukas-Hofmann_Mudam_\u00a9-Fabrizio-Vatieri_DSC07816-1920x1280-2-768x512.jpg 768w, https:\/\/pragueartweek.cz\/wp-content\/uploads\/2026\/09\/Lukas-Hofmann_Mudam_\u00a9-Fabrizio-Vatieri_DSC07816-1920x1280-2-1536x1024.jpg 1536w, https:\/\/pragueartweek.cz\/wp-content\/uploads\/2026\/09\/Lukas-Hofmann_Mudam_\u00a9-Fabrizio-Vatieri_DSC07816-1920x1280-2.jpg 1920w","medium_srcset":"https:\/\/pragueartweek.cz\/wp-content\/uploads\/2026\/09\/Lukas-Hofmann_Mudam_\u00a9-Fabrizio-Vatieri_DSC07816-1920x1280-2-900x600.jpg 900w, https:\/\/pragueartweek.cz\/wp-content\/uploads\/2026\/09\/Lukas-Hofmann_Mudam_\u00a9-Fabrizio-Vatieri_DSC07816-1920x1280-2-1800x1200.jpg 1800w, https:\/\/pragueartweek.cz\/wp-content\/uploads\/2026\/09\/Lukas-Hofmann_Mudam_\u00a9-Fabrizio-Vatieri_DSC07816-1920x1280-2-450x300.jpg 450w, https:\/\/pragueartweek.cz\/wp-content\/uploads\/2026\/09\/Lukas-Hofmann_Mudam_\u00a9-Fabrizio-Vatieri_DSC07816-1920x1280-2-768x512.jpg 768w, https:\/\/pragueartweek.cz\/wp-content\/uploads\/2026\/09\/Lukas-Hofmann_Mudam_\u00a9-Fabrizio-Vatieri_DSC07816-1920x1280-2-1536x1024.jpg 1536w, https:\/\/pragueartweek.cz\/wp-content\/uploads\/2026\/09\/Lukas-Hofmann_Mudam_\u00a9-Fabrizio-Vatieri_DSC07816-1920x1280-2.jpg 1920w","media_details":{"width":1920,"height":1280,"sizes":{"medium":{"file":"Lukas-Hofmann_Mudam_\u00a9-Fabrizio-Vatieri_DSC07816-1920x1280-2-900x600.jpg","width":900,"height":600,"mime-type":"image\/jpeg","filesize":112843,"source_url":"https:\/\/pragueartweek.cz\/wp-content\/uploads\/2026\/09\/Lukas-Hofmann_Mudam_\u00a9-Fabrizio-Vatieri_DSC07816-1920x1280-2-900x600.jpg"},"large":{"file":"Lukas-Hofmann_Mudam_\u00a9-Fabrizio-Vatieri_DSC07816-1920x1280-2-1800x1200.jpg","width":1800,"height":1200,"mime-type":"image\/jpeg","filesize":343134,"source_url":"https:\/\/pragueartweek.cz\/wp-content\/uploads\/2026\/09\/Lukas-Hofmann_Mudam_\u00a9-Fabrizio-Vatieri_DSC07816-1920x1280-2-1800x1200.jpg"},"thumbnail":{"file":"Lukas-Hofmann_Mudam_\u00a9-Fabrizio-Vatieri_DSC07816-1920x1280-2-450x300.jpg","width":450,"height":300,"mime-type":"image\/jpeg","filesize":46657,"source_url":"https:\/\/pragueartweek.cz\/wp-content\/uploads\/2026\/09\/Lukas-Hofmann_Mudam_\u00a9-Fabrizio-Vatieri_DSC07816-1920x1280-2-450x300.jpg"},"medium_large":{"file":"Lukas-Hofmann_Mudam_\u00a9-Fabrizio-Vatieri_DSC07816-1920x1280-2-768x512.jpg","width":768,"height":512,"mime-type":"image\/jpeg","filesize":89233,"source_url":"https:\/\/pragueartweek.cz\/wp-content\/uploads\/2026\/09\/Lukas-Hofmann_Mudam_\u00a9-Fabrizio-Vatieri_DSC07816-1920x1280-2-768x512.jpg"},"1536x1536":{"file":"Lukas-Hofmann_Mudam_\u00a9-Fabrizio-Vatieri_DSC07816-1920x1280-2-1536x1024.jpg","width":1536,"height":1024,"mime-type":"image\/jpeg","filesize":262138,"source_url":"https:\/\/pragueartweek.cz\/wp-content\/uploads\/2026\/09\/Lukas-Hofmann_Mudam_\u00a9-Fabrizio-Vatieri_DSC07816-1920x1280-2-1536x1024.jpg"}}},"alt_text":"","url":"","target":""},{"id":12372,"title":"DSCF9222_HDR","caption":"","full_image_url":"https:\/\/pragueartweek.cz\/wp-content\/uploads\/2026\/09\/DSCF9222_HDR-scaled.jpg","thumbnail_image_url":"https:\/\/pragueartweek.cz\/wp-content\/uploads\/2026\/09\/DSCF9222_HDR-248x330.jpg","large_srcset":"https:\/\/pragueartweek.cz\/wp-content\/uploads\/2026\/09\/DSCF9222_HDR-990x1320.jpg 990w, https:\/\/pragueartweek.cz\/wp-content\/uploads\/2026\/09\/DSCF9222_HDR-495x660.jpg 495w, https:\/\/pragueartweek.cz\/wp-content\/uploads\/2026\/09\/DSCF9222_HDR-248x330.jpg 248w, https:\/\/pragueartweek.cz\/wp-content\/uploads\/2026\/09\/DSCF9222_HDR-768x1024.jpg 768w, https:\/\/pragueartweek.cz\/wp-content\/uploads\/2026\/09\/DSCF9222_HDR-1152x1536.jpg 1152w, https:\/\/pragueartweek.cz\/wp-content\/uploads\/2026\/09\/DSCF9222_HDR-1536x2048.jpg 1536w, https:\/\/pragueartweek.cz\/wp-content\/uploads\/2026\/09\/DSCF9222_HDR-scaled.jpg 1920w","medium_srcset":"https:\/\/pragueartweek.cz\/wp-content\/uploads\/2026\/09\/DSCF9222_HDR-495x660.jpg 495w, https:\/\/pragueartweek.cz\/wp-content\/uploads\/2026\/09\/DSCF9222_HDR-990x1320.jpg 990w, https:\/\/pragueartweek.cz\/wp-content\/uploads\/2026\/09\/DSCF9222_HDR-248x330.jpg 248w, https:\/\/pragueartweek.cz\/wp-content\/uploads\/2026\/09\/DSCF9222_HDR-768x1024.jpg 768w, https:\/\/pragueartweek.cz\/wp-content\/uploads\/2026\/09\/DSCF9222_HDR-1152x1536.jpg 1152w, https:\/\/pragueartweek.cz\/wp-content\/uploads\/2026\/09\/DSCF9222_HDR-1536x2048.jpg 1536w, https:\/\/pragueartweek.cz\/wp-content\/uploads\/2026\/09\/DSCF9222_HDR-scaled.jpg 1920w","media_details":{"width":1920,"height":2560,"sizes":{"medium":{"file":"DSCF9222_HDR-495x660.jpg","width":495,"height":660,"mime-type":"image\/jpeg","filesize":44443,"source_url":"https:\/\/pragueartweek.cz\/wp-content\/uploads\/2026\/09\/DSCF9222_HDR-495x660.jpg"},"large":{"file":"DSCF9222_HDR-990x1320.jpg","width":990,"height":1320,"mime-type":"image\/jpeg","filesize":126593,"source_url":"https:\/\/pragueartweek.cz\/wp-content\/uploads\/2026\/09\/DSCF9222_HDR-990x1320.jpg"},"thumbnail":{"file":"DSCF9222_HDR-248x330.jpg","width":248,"height":330,"mime-type":"image\/jpeg","filesize":21934,"source_url":"https:\/\/pragueartweek.cz\/wp-content\/uploads\/2026\/09\/DSCF9222_HDR-248x330.jpg"},"medium_large":{"file":"DSCF9222_HDR-768x1024.jpg","width":768,"height":1024,"mime-type":"image\/jpeg","filesize":83299,"source_url":"https:\/\/pragueartweek.cz\/wp-content\/uploads\/2026\/09\/DSCF9222_HDR-768x1024.jpg"},"1536x1536":{"file":"DSCF9222_HDR-1152x1536.jpg","width":1152,"height":1536,"mime-type":"image\/jpeg","filesize":164260,"source_url":"https:\/\/pragueartweek.cz\/wp-content\/uploads\/2026\/09\/DSCF9222_HDR-1152x1536.jpg"},"2048x2048":{"file":"DSCF9222_HDR-1536x2048.jpg","width":1536,"height":2048,"mime-type":"image\/jpeg","filesize":299909,"source_url":"https:\/\/pragueartweek.cz\/wp-content\/uploads\/2026\/09\/DSCF9222_HDR-1536x2048.jpg"}}},"alt_text":"","url":"","target":""},{"id":12370,"title":"DSCF9146","caption":"","full_image_url":"https:\/\/pragueartweek.cz\/wp-content\/uploads\/2026\/09\/DSCF9146-scaled.jpg","thumbnail_image_url":"https:\/\/pragueartweek.cz\/wp-content\/uploads\/2026\/09\/DSCF9146-247x330.jpg","large_srcset":"https:\/\/pragueartweek.cz\/wp-content\/uploads\/2026\/09\/DSCF9146-990x1320.jpg 990w, https:\/\/pragueartweek.cz\/wp-content\/uploads\/2026\/09\/DSCF9146-495x660.jpg 495w, https:\/\/pragueartweek.cz\/wp-content\/uploads\/2026\/09\/DSCF9146-247x330.jpg 247w, https:\/\/pragueartweek.cz\/wp-content\/uploads\/2026\/09\/DSCF9146-768x1024.jpg 768w, https:\/\/pragueartweek.cz\/wp-content\/uploads\/2026\/09\/DSCF9146-1152x1536.jpg 1152w, https:\/\/pragueartweek.cz\/wp-content\/uploads\/2026\/09\/DSCF9146-1536x2048.jpg 1536w, https:\/\/pragueartweek.cz\/wp-content\/uploads\/2026\/09\/DSCF9146-scaled.jpg 1920w","medium_srcset":"https:\/\/pragueartweek.cz\/wp-content\/uploads\/2026\/09\/DSCF9146-495x660.jpg 495w, https:\/\/pragueartweek.cz\/wp-content\/uploads\/2026\/09\/DSCF9146-990x1320.jpg 990w, https:\/\/pragueartweek.cz\/wp-content\/uploads\/2026\/09\/DSCF9146-247x330.jpg 247w, https:\/\/pragueartweek.cz\/wp-content\/uploads\/2026\/09\/DSCF9146-768x1024.jpg 768w, https:\/\/pragueartweek.cz\/wp-content\/uploads\/2026\/09\/DSCF9146-1152x1536.jpg 1152w, https:\/\/pragueartweek.cz\/wp-content\/uploads\/2026\/09\/DSCF9146-1536x2048.jpg 1536w, https:\/\/pragueartweek.cz\/wp-content\/uploads\/2026\/09\/DSCF9146-scaled.jpg 1920w","media_details":{"width":1920,"height":2560,"sizes":{"medium":{"file":"DSCF9146-495x660.jpg","width":495,"height":660,"mime-type":"image\/jpeg","filesize":52986,"source_url":"https:\/\/pragueartweek.cz\/wp-content\/uploads\/2026\/09\/DSCF9146-495x660.jpg"},"large":{"file":"DSCF9146-990x1320.jpg","width":990,"height":1320,"mime-type":"image\/jpeg","filesize":155901,"source_url":"https:\/\/pragueartweek.cz\/wp-content\/uploads\/2026\/09\/DSCF9146-990x1320.jpg"},"thumbnail":{"file":"DSCF9146-247x330.jpg","width":247,"height":330,"mime-type":"image\/jpeg","filesize":24631,"source_url":"https:\/\/pragueartweek.cz\/wp-content\/uploads\/2026\/09\/DSCF9146-247x330.jpg"},"medium_large":{"file":"DSCF9146-768x1024.jpg","width":768,"height":1024,"mime-type":"image\/jpeg","filesize":100501,"source_url":"https:\/\/pragueartweek.cz\/wp-content\/uploads\/2026\/09\/DSCF9146-768x1024.jpg"},"1536x1536":{"file":"DSCF9146-1152x1536.jpg","width":1152,"height":1536,"mime-type":"image\/jpeg","filesize":205916,"source_url":"https:\/\/pragueartweek.cz\/wp-content\/uploads\/2026\/09\/DSCF9146-1152x1536.jpg"},"2048x2048":{"file":"DSCF9146-1536x2048.jpg","width":1536,"height":2048,"mime-type":"image\/jpeg","filesize":369885,"source_url":"https:\/\/pragueartweek.cz\/wp-content\/uploads\/2026\/09\/DSCF9146-1536x2048.jpg"}}},"alt_text":"","url":"","target":""}]]}},"yoast_head":"<!-- This site is optimized with the Yoast SEO plugin v27.4 - https:\/\/yoast.com\/product\/yoast-seo-wordpress\/ -->\n<title>MEMORY OF TOUCH: CHAPTER I \u2013 THE KUNSTHALLE PRAHA COLLECTION IN DIALOGUE | Prague Art Week 26<\/title>\n<meta name=\"description\" content=\"Memory of Touch: Chapter I is the first standalone exhibition project dedicated to the Kunsthalle Praha Collection.\" \/>\n<meta name=\"robots\" content=\"index, follow, max-snippet:-1, max-image-preview:large, max-video-preview:-1\" \/>\n<link rel=\"canonical\" href=\"https:\/\/pragueartweek.cz\/en\/events\/memory-of-touch-chapter-i-the-kunsthalle-praha-collection-in-dialogue\/\" \/>\n<meta property=\"og:locale\" content=\"en_US\" \/>\n<meta property=\"og:type\" content=\"article\" \/>\n<meta property=\"og:title\" content=\"MEMORY OF TOUCH: CHAPTER I \u2013 THE KUNSTHALLE PRAHA COLLECTION IN DIALOGUE | Prague Art Week 26\" \/>\n<meta property=\"og:description\" content=\"Memory of Touch: Chapter I is the first standalone exhibition project dedicated to the Kunsthalle Praha Collection.\" \/>\n<meta property=\"og:url\" content=\"https:\/\/pragueartweek.cz\/en\/events\/memory-of-touch-chapter-i-the-kunsthalle-praha-collection-in-dialogue\/\" \/>\n<meta property=\"og:site_name\" content=\"Prague Art Week 26\" \/>\n<meta property=\"article:publisher\" content=\"https:\/\/www.facebook.com\/pragueartweek22\/\" \/>\n<meta property=\"og:image\" content=\"https:\/\/pragueartweek.cz\/wp-content\/uploads\/2026\/09\/DSCF9245-scaled.jpg\" \/>\n\t<meta property=\"og:image:width\" content=\"2560\" \/>\n\t<meta property=\"og:image:height\" content=\"1920\" \/>\n\t<meta property=\"og:image:type\" content=\"image\/jpeg\" \/>\n<meta name=\"twitter:card\" content=\"summary_large_image\" \/>\n<meta name=\"twitter:label1\" content=\"Est. reading time\" \/>\n\t<meta name=\"twitter:data1\" content=\"3 minutes\" \/>\n<script type=\"application\/ld+json\" class=\"yoast-schema-graph\">{\"@context\":\"https:\\\/\\\/schema.org\",\"@graph\":[{\"@type\":\"WebPage\",\"@id\":\"https:\\\/\\\/pragueartweek.cz\\\/en\\\/events\\\/memory-of-touch-chapter-i-the-kunsthalle-praha-collection-in-dialogue\\\/\",\"url\":\"https:\\\/\\\/pragueartweek.cz\\\/en\\\/events\\\/memory-of-touch-chapter-i-the-kunsthalle-praha-collection-in-dialogue\\\/\",\"name\":\"MEMORY OF TOUCH: CHAPTER I \u2013 THE KUNSTHALLE PRAHA COLLECTION IN DIALOGUE | Prague Art Week 26\",\"isPartOf\":{\"@id\":\"https:\\\/\\\/pragueartweek.cz\\\/en\\\/#website\"},\"primaryImageOfPage\":{\"@id\":\"https:\\\/\\\/pragueartweek.cz\\\/en\\\/events\\\/memory-of-touch-chapter-i-the-kunsthalle-praha-collection-in-dialogue\\\/#primaryimage\"},\"image\":{\"@id\":\"https:\\\/\\\/pragueartweek.cz\\\/en\\\/events\\\/memory-of-touch-chapter-i-the-kunsthalle-praha-collection-in-dialogue\\\/#primaryimage\"},\"thumbnailUrl\":\"https:\\\/\\\/pragueartweek.cz\\\/wp-content\\\/uploads\\\/2026\\\/09\\\/DSCF9245-scaled.jpg\",\"datePublished\":\"2026-09-02T14:50:20+00:00\",\"description\":\"Memory of Touch: Chapter I is the first standalone exhibition project dedicated to the Kunsthalle Praha Collection.\",\"breadcrumb\":{\"@id\":\"https:\\\/\\\/pragueartweek.cz\\\/en\\\/events\\\/memory-of-touch-chapter-i-the-kunsthalle-praha-collection-in-dialogue\\\/#breadcrumb\"},\"inLanguage\":\"en-US\",\"potentialAction\":[{\"@type\":\"ReadAction\",\"target\":[\"https:\\\/\\\/pragueartweek.cz\\\/en\\\/events\\\/memory-of-touch-chapter-i-the-kunsthalle-praha-collection-in-dialogue\\\/\"]}]},{\"@type\":\"ImageObject\",\"inLanguage\":\"en-US\",\"@id\":\"https:\\\/\\\/pragueartweek.cz\\\/en\\\/events\\\/memory-of-touch-chapter-i-the-kunsthalle-praha-collection-in-dialogue\\\/#primaryimage\",\"url\":\"https:\\\/\\\/pragueartweek.cz\\\/wp-content\\\/uploads\\\/2026\\\/09\\\/DSCF9245-scaled.jpg\",\"contentUrl\":\"https:\\\/\\\/pragueartweek.cz\\\/wp-content\\\/uploads\\\/2026\\\/09\\\/DSCF9245-scaled.jpg\",\"width\":2560,\"height\":1920},{\"@type\":\"BreadcrumbList\",\"@id\":\"https:\\\/\\\/pragueartweek.cz\\\/en\\\/events\\\/memory-of-touch-chapter-i-the-kunsthalle-praha-collection-in-dialogue\\\/#breadcrumb\",\"itemListElement\":[{\"@type\":\"ListItem\",\"position\":1,\"name\":\"Home\",\"item\":\"https:\\\/\\\/pragueartweek.cz\\\/en\\\/\"},{\"@type\":\"ListItem\",\"position\":2,\"name\":\"Events\",\"item\":\"https:\\\/\\\/pragueartweek.cz\\\/en\\\/events\\\/\"},{\"@type\":\"ListItem\",\"position\":3,\"name\":\"MEMORY OF TOUCH: CHAPTER I \u2013 THE KUNSTHALLE PRAHA COLLECTION IN DIALOGUE\"}]},{\"@type\":\"WebSite\",\"@id\":\"https:\\\/\\\/pragueartweek.cz\\\/en\\\/#website\",\"url\":\"https:\\\/\\\/pragueartweek.cz\\\/en\\\/\",\"name\":\"Prague Art Week 26\",\"description\":\"Prague Art Week je otev\u0159enou platformou pro kooperaci nejv\u00fdznamn\u011bj\u0161\u00edch instituc\u00ed na poli pra\u017esk\u00e9 um\u011bleck\u00e9 sc\u00e9ny.\",\"publisher\":{\"@id\":\"https:\\\/\\\/pragueartweek.cz\\\/en\\\/#organization\"},\"potentialAction\":[{\"@type\":\"SearchAction\",\"target\":{\"@type\":\"EntryPoint\",\"urlTemplate\":\"https:\\\/\\\/pragueartweek.cz\\\/en\\\/?s={search_term_string}\"},\"query-input\":{\"@type\":\"PropertyValueSpecification\",\"valueRequired\":true,\"valueName\":\"search_term_string\"}}],\"inLanguage\":\"en-US\"},{\"@type\":\"Organization\",\"@id\":\"https:\\\/\\\/pragueartweek.cz\\\/en\\\/#organization\",\"name\":\"Prague Art Week\",\"url\":\"https:\\\/\\\/pragueartweek.cz\\\/en\\\/\",\"logo\":{\"@type\":\"ImageObject\",\"inLanguage\":\"en-US\",\"@id\":\"https:\\\/\\\/pragueartweek.cz\\\/en\\\/#\\\/schema\\\/logo\\\/image\\\/\",\"url\":\"https:\\\/\\\/pragueartweek.cz\\\/wp-content\\\/uploads\\\/2022\\\/04\\\/LOGO_PAW_bez-roku-02.png\",\"contentUrl\":\"https:\\\/\\\/pragueartweek.cz\\\/wp-content\\\/uploads\\\/2022\\\/04\\\/LOGO_PAW_bez-roku-02.png\",\"width\":2481,\"height\":1749,\"caption\":\"Prague Art Week\"},\"image\":{\"@id\":\"https:\\\/\\\/pragueartweek.cz\\\/en\\\/#\\\/schema\\\/logo\\\/image\\\/\"},\"sameAs\":[\"https:\\\/\\\/www.facebook.com\\\/pragueartweek22\\\/\",\"https:\\\/\\\/www.instagram.com\\\/prague_art_week\\\/\"]}]}<\/script>\n<!-- \/ Yoast SEO plugin. -->","yoast_head_json":{"title":"MEMORY OF TOUCH: CHAPTER I \u2013 THE KUNSTHALLE PRAHA COLLECTION IN DIALOGUE | Prague Art Week 26","description":"Memory of Touch: Chapter I is the first standalone exhibition project dedicated to the Kunsthalle Praha Collection.","robots":{"index":"index","follow":"follow","max-snippet":"max-snippet:-1","max-image-preview":"max-image-preview:large","max-video-preview":"max-video-preview:-1"},"canonical":"https:\/\/pragueartweek.cz\/en\/events\/memory-of-touch-chapter-i-the-kunsthalle-praha-collection-in-dialogue\/","og_locale":"en_US","og_type":"article","og_title":"MEMORY OF TOUCH: CHAPTER I \u2013 THE KUNSTHALLE PRAHA COLLECTION IN DIALOGUE | Prague Art Week 26","og_description":"Memory of Touch: Chapter I is the first standalone exhibition project dedicated to the Kunsthalle Praha Collection.","og_url":"https:\/\/pragueartweek.cz\/en\/events\/memory-of-touch-chapter-i-the-kunsthalle-praha-collection-in-dialogue\/","og_site_name":"Prague Art Week 26","article_publisher":"https:\/\/www.facebook.com\/pragueartweek22\/","og_image":[{"width":2560,"height":1920,"url":"https:\/\/pragueartweek.cz\/wp-content\/uploads\/2026\/09\/DSCF9245-scaled.jpg","type":"image\/jpeg"}],"twitter_card":"summary_large_image","twitter_misc":{"Est. reading time":"3 minutes"},"schema":{"@context":"https:\/\/schema.org","@graph":[{"@type":"WebPage","@id":"https:\/\/pragueartweek.cz\/en\/events\/memory-of-touch-chapter-i-the-kunsthalle-praha-collection-in-dialogue\/","url":"https:\/\/pragueartweek.cz\/en\/events\/memory-of-touch-chapter-i-the-kunsthalle-praha-collection-in-dialogue\/","name":"MEMORY OF TOUCH: CHAPTER I \u2013 THE KUNSTHALLE PRAHA COLLECTION IN DIALOGUE | Prague Art Week 26","isPartOf":{"@id":"https:\/\/pragueartweek.cz\/en\/#website"},"primaryImageOfPage":{"@id":"https:\/\/pragueartweek.cz\/en\/events\/memory-of-touch-chapter-i-the-kunsthalle-praha-collection-in-dialogue\/#primaryimage"},"image":{"@id":"https:\/\/pragueartweek.cz\/en\/events\/memory-of-touch-chapter-i-the-kunsthalle-praha-collection-in-dialogue\/#primaryimage"},"thumbnailUrl":"https:\/\/pragueartweek.cz\/wp-content\/uploads\/2026\/09\/DSCF9245-scaled.jpg","datePublished":"2026-09-02T14:50:20+00:00","description":"Memory of Touch: Chapter I is the first standalone exhibition project dedicated to the Kunsthalle Praha Collection.","breadcrumb":{"@id":"https:\/\/pragueartweek.cz\/en\/events\/memory-of-touch-chapter-i-the-kunsthalle-praha-collection-in-dialogue\/#breadcrumb"},"inLanguage":"en-US","potentialAction":[{"@type":"ReadAction","target":["https:\/\/pragueartweek.cz\/en\/events\/memory-of-touch-chapter-i-the-kunsthalle-praha-collection-in-dialogue\/"]}]},{"@type":"ImageObject","inLanguage":"en-US","@id":"https:\/\/pragueartweek.cz\/en\/events\/memory-of-touch-chapter-i-the-kunsthalle-praha-collection-in-dialogue\/#primaryimage","url":"https:\/\/pragueartweek.cz\/wp-content\/uploads\/2026\/09\/DSCF9245-scaled.jpg","contentUrl":"https:\/\/pragueartweek.cz\/wp-content\/uploads\/2026\/09\/DSCF9245-scaled.jpg","width":2560,"height":1920},{"@type":"BreadcrumbList","@id":"https:\/\/pragueartweek.cz\/en\/events\/memory-of-touch-chapter-i-the-kunsthalle-praha-collection-in-dialogue\/#breadcrumb","itemListElement":[{"@type":"ListItem","position":1,"name":"Home","item":"https:\/\/pragueartweek.cz\/en\/"},{"@type":"ListItem","position":2,"name":"Events","item":"https:\/\/pragueartweek.cz\/en\/events\/"},{"@type":"ListItem","position":3,"name":"MEMORY OF TOUCH: CHAPTER I \u2013 THE KUNSTHALLE PRAHA COLLECTION IN DIALOGUE"}]},{"@type":"WebSite","@id":"https:\/\/pragueartweek.cz\/en\/#website","url":"https:\/\/pragueartweek.cz\/en\/","name":"Prague Art Week 26","description":"Prague Art Week je otev\u0159enou platformou pro kooperaci nejv\u00fdznamn\u011bj\u0161\u00edch instituc\u00ed na poli pra\u017esk\u00e9 um\u011bleck\u00e9 sc\u00e9ny.","publisher":{"@id":"https:\/\/pragueartweek.cz\/en\/#organization"},"potentialAction":[{"@type":"SearchAction","target":{"@type":"EntryPoint","urlTemplate":"https:\/\/pragueartweek.cz\/en\/?s={search_term_string}"},"query-input":{"@type":"PropertyValueSpecification","valueRequired":true,"valueName":"search_term_string"}}],"inLanguage":"en-US"},{"@type":"Organization","@id":"https:\/\/pragueartweek.cz\/en\/#organization","name":"Prague Art Week","url":"https:\/\/pragueartweek.cz\/en\/","logo":{"@type":"ImageObject","inLanguage":"en-US","@id":"https:\/\/pragueartweek.cz\/en\/#\/schema\/logo\/image\/","url":"https:\/\/pragueartweek.cz\/wp-content\/uploads\/2022\/04\/LOGO_PAW_bez-roku-02.png","contentUrl":"https:\/\/pragueartweek.cz\/wp-content\/uploads\/2022\/04\/LOGO_PAW_bez-roku-02.png","width":2481,"height":1749,"caption":"Prague Art Week"},"image":{"@id":"https:\/\/pragueartweek.cz\/en\/#\/schema\/logo\/image\/"},"sameAs":["https:\/\/www.facebook.com\/pragueartweek22\/","https:\/\/www.instagram.com\/prague_art_week\/"]}]}},"_links":{"self":[{"href":"https:\/\/pragueartweek.cz\/en\/wp-json\/wp\/v2\/udalosti\/12382","targetHints":{"allow":["GET"]}}],"collection":[{"href":"https:\/\/pragueartweek.cz\/en\/wp-json\/wp\/v2\/udalosti"}],"about":[{"href":"https:\/\/pragueartweek.cz\/en\/wp-json\/wp\/v2\/types\/udalosti"}],"version-history":[{"count":1,"href":"https:\/\/pragueartweek.cz\/en\/wp-json\/wp\/v2\/udalosti\/12382\/revisions"}],"predecessor-version":[{"id":12383,"href":"https:\/\/pragueartweek.cz\/en\/wp-json\/wp\/v2\/udalosti\/12382\/revisions\/12383"}],"wp:featuredmedia":[{"embeddable":true,"href":"https:\/\/pragueartweek.cz\/en\/wp-json\/wp\/v2\/media\/12374"}],"wp:attachment":[{"href":"https:\/\/pragueartweek.cz\/en\/wp-json\/wp\/v2\/media?parent=12382"}],"wp:term":[{"taxonomy":"kategorie","embeddable":true,"href":"https:\/\/pragueartweek.cz\/en\/wp-json\/wp\/v2\/kategorie?post=12382"},{"taxonomy":"lokalita","embeddable":true,"href":"https:\/\/pragueartweek.cz\/en\/wp-json\/wp\/v2\/lokalita?post=12382"},{"taxonomy":"termin","embeddable":true,"href":"https:\/\/pragueartweek.cz\/en\/wp-json\/wp\/v2\/termin?post=12382"}],"curies":[{"name":"wp","href":"https:\/\/api.w.org\/{rel}","templated":true}]}}