{"id":12397,"date":"2026-09-02T21:00:39","date_gmt":"2026-09-02T19:00:39","guid":{"rendered":"https:\/\/pragueartweek.cz\/?post_type=udalosti&#038;p=12397"},"modified":"2026-09-02T20:53:23","modified_gmt":"2026-09-02T18:53:23","slug":"interference","status":"publish","type":"udalosti","link":"https:\/\/pragueartweek.cz\/en\/events\/interference\/","title":{"rendered":"INTERFERENCE"},"content":{"rendered":"<p>Two systems are placed in relation. Where they meet, a third condition emerges. Interference presents new works by Tom\u00e1\u0161 Polcar, exploring the collision between spatial and visual orders. Geometry acts not as a boundary but as a vector of tension. Forms gather toward a point of compression before expanding outward, as if space itself were passing through a singularity. Balancing macrocosmic order with material entropy, what appears precise is permeated by instability. Order does not precede the work\u2014it is forged entirely by this contact.<\/p>\n<p><a href=\"https:\/\/www.ethera.cz\/\">Ethera Gallery<\/a><\/p>\n","protected":false},"excerpt":{"rendered":"<p>Two systems are placed in relation. Where they meet, a third condition emerges. Interference presents new works by Tom\u00e1\u0161 Polcar, exploring the collision between spatial and visual orders. Geometry acts not as a boundary but as a vector of tension. Forms gather toward a point of compression before expanding outward, as if space itself were&#8230; <a class=\"view-article\" href=\"https:\/\/pragueartweek.cz\/en\/events\/interference\/\">View Article<\/a><\/p>\n","protected":false},"featured_media":12391,"parent":0,"menu_order":0,"template":"","format":"standard","meta":{"_acf_changed":false,"footnotes":""},"kategorie":[36,209,428,259,430],"lokalita":[495],"termin":[466],"class_list":["post-12397","udalosti","type-udalosti","status-publish","format-standard","has-post-thumbnail","hentry","kategorie-exhibition","kategorie-guided-tour","kategorie-painting","kategorie-route-p1-p2","kategorie-sculpture-and-object","lokalita-https-www-ethera-cz","termin-26-9","wpautop"],"acf":{"photo_gallery":{"udalost_galerie":[[{"id":12393,"title":"uvodn\u00ed 17","caption":"","full_image_url":"https:\/\/pragueartweek.cz\/wp-content\/uploads\/2026\/09\/uvodni-17.png","thumbnail_image_url":"https:\/\/pragueartweek.cz\/wp-content\/uploads\/2026\/09\/uvodni-17-220x330.png","large_srcset":"https:\/\/pragueartweek.cz\/wp-content\/uploads\/2026\/09\/uvodni-17-880x1320.png 880w, https:\/\/pragueartweek.cz\/wp-content\/uploads\/2026\/09\/uvodni-17-440x660.png 440w, https:\/\/pragueartweek.cz\/wp-content\/uploads\/2026\/09\/uvodni-17-220x330.png 220w, https:\/\/pragueartweek.cz\/wp-content\/uploads\/2026\/09\/uvodni-17-768x1152.png 768w, https:\/\/pragueartweek.cz\/wp-content\/uploads\/2026\/09\/uvodni-17-1024x1536.png 1024w, https:\/\/pragueartweek.cz\/wp-content\/uploads\/2026\/09\/uvodni-17.png 1365w","medium_srcset":"https:\/\/pragueartweek.cz\/wp-content\/uploads\/2026\/09\/uvodni-17-440x660.png 440w, https:\/\/pragueartweek.cz\/wp-content\/uploads\/2026\/09\/uvodni-17-880x1320.png 880w, https:\/\/pragueartweek.cz\/wp-content\/uploads\/2026\/09\/uvodni-17-220x330.png 220w, https:\/\/pragueartweek.cz\/wp-content\/uploads\/2026\/09\/uvodni-17-768x1152.png 768w, https:\/\/pragueartweek.cz\/wp-content\/uploads\/2026\/09\/uvodni-17-1024x1536.png 1024w, https:\/\/pragueartweek.cz\/wp-content\/uploads\/2026\/09\/uvodni-17.png 1365w","media_details":{"width":1365,"height":2048,"sizes":{"medium":{"file":"uvodni-17-440x660.png","width":440,"height":660,"mime-type":"image\/png","filesize":407816,"source_url":"https:\/\/pragueartweek.cz\/wp-content\/uploads\/2026\/09\/uvodni-17-440x660.png"},"large":{"file":"uvodni-17-880x1320.png","width":880,"height":1320,"mime-type":"image\/png","filesize":1453628,"source_url":"https:\/\/pragueartweek.cz\/wp-content\/uploads\/2026\/09\/uvodni-17-880x1320.png"},"thumbnail":{"file":"uvodni-17-220x330.png","width":220,"height":330,"mime-type":"image\/png","filesize":109041,"source_url":"https:\/\/pragueartweek.cz\/wp-content\/uploads\/2026\/09\/uvodni-17-220x330.png"},"medium_large":{"file":"uvodni-17-768x1152.png","width":768,"height":1152,"mime-type":"image\/png","filesize":1148116,"source_url":"https:\/\/pragueartweek.cz\/wp-content\/uploads\/2026\/09\/uvodni-17-768x1152.png"},"1536x1536":{"file":"uvodni-17-1024x1536.png","width":1024,"height":1536,"mime-type":"image\/png","filesize":1871582,"source_url":"https:\/\/pragueartweek.cz\/wp-content\/uploads\/2026\/09\/uvodni-17-1024x1536.png"}}},"alt_text":"","url":"","target":""},{"id":12389,"title":"Ethera_FotoVystavy_TopologieHrany","caption":"","full_image_url":"https:\/\/pragueartweek.cz\/wp-content\/uploads\/2026\/09\/Ethera_FotoVystavy_TopologieHrany-scaled.jpg","thumbnail_image_url":"https:\/\/pragueartweek.cz\/wp-content\/uploads\/2026\/09\/Ethera_FotoVystavy_TopologieHrany-330x330.jpg","large_srcset":"https:\/\/pragueartweek.cz\/wp-content\/uploads\/2026\/09\/Ethera_FotoVystavy_TopologieHrany-1320x1320.jpg 1320w, https:\/\/pragueartweek.cz\/wp-content\/uploads\/2026\/09\/Ethera_FotoVystavy_TopologieHrany-660x660.jpg 660w, https:\/\/pragueartweek.cz\/wp-content\/uploads\/2026\/09\/Ethera_FotoVystavy_TopologieHrany-330x330.jpg 330w, https:\/\/pragueartweek.cz\/wp-content\/uploads\/2026\/09\/Ethera_FotoVystavy_TopologieHrany-768x768.jpg 768w, https:\/\/pragueartweek.cz\/wp-content\/uploads\/2026\/09\/Ethera_FotoVystavy_TopologieHrany-1536x1536.jpg 1536w, https:\/\/pragueartweek.cz\/wp-content\/uploads\/2026\/09\/Ethera_FotoVystavy_TopologieHrany-2048x2048.jpg 2048w","medium_srcset":"https:\/\/pragueartweek.cz\/wp-content\/uploads\/2026\/09\/Ethera_FotoVystavy_TopologieHrany-660x660.jpg 660w, https:\/\/pragueartweek.cz\/wp-content\/uploads\/2026\/09\/Ethera_FotoVystavy_TopologieHrany-1320x1320.jpg 1320w, https:\/\/pragueartweek.cz\/wp-content\/uploads\/2026\/09\/Ethera_FotoVystavy_TopologieHrany-330x330.jpg 330w, https:\/\/pragueartweek.cz\/wp-content\/uploads\/2026\/09\/Ethera_FotoVystavy_TopologieHrany-768x768.jpg 768w, https:\/\/pragueartweek.cz\/wp-content\/uploads\/2026\/09\/Ethera_FotoVystavy_TopologieHrany-1536x1536.jpg 1536w, https:\/\/pragueartweek.cz\/wp-content\/uploads\/2026\/09\/Ethera_FotoVystavy_TopologieHrany-2048x2048.jpg 2048w","media_details":{"width":2560,"height":2560,"sizes":{"medium":{"file":"Ethera_FotoVystavy_TopologieHrany-660x660.jpg","width":660,"height":660,"mime-type":"image\/jpeg","filesize":56567,"source_url":"https:\/\/pragueartweek.cz\/wp-content\/uploads\/2026\/09\/Ethera_FotoVystavy_TopologieHrany-660x660.jpg"},"large":{"file":"Ethera_FotoVystavy_TopologieHrany-1320x1320.jpg","width":1320,"height":1320,"mime-type":"image\/jpeg","filesize":134121,"source_url":"https:\/\/pragueartweek.cz\/wp-content\/uploads\/2026\/09\/Ethera_FotoVystavy_TopologieHrany-1320x1320.jpg"},"thumbnail":{"file":"Ethera_FotoVystavy_TopologieHrany-330x330.jpg","width":330,"height":330,"mime-type":"image\/jpeg","filesize":35668,"source_url":"https:\/\/pragueartweek.cz\/wp-content\/uploads\/2026\/09\/Ethera_FotoVystavy_TopologieHrany-330x330.jpg"},"medium_large":{"file":"Ethera_FotoVystavy_TopologieHrany-768x768.jpg","width":768,"height":768,"mime-type":"image\/jpeg","filesize":65067,"source_url":"https:\/\/pragueartweek.cz\/wp-content\/uploads\/2026\/09\/Ethera_FotoVystavy_TopologieHrany-768x768.jpg"},"1536x1536":{"file":"Ethera_FotoVystavy_TopologieHrany-1536x1536.jpg","width":1536,"height":1536,"mime-type":"image\/jpeg","filesize":173543,"source_url":"https:\/\/pragueartweek.cz\/wp-content\/uploads\/2026\/09\/Ethera_FotoVystavy_TopologieHrany-1536x1536.jpg"},"2048x2048":{"file":"Ethera_FotoVystavy_TopologieHrany-2048x2048.jpg","width":2048,"height":2048,"mime-type":"image\/jpeg","filesize":299407,"source_url":"https:\/\/pragueartweek.cz\/wp-content\/uploads\/2026\/09\/Ethera_FotoVystavy_TopologieHrany-2048x2048.jpg"}}},"alt_text":"","url":"","target":""},{"id":12395,"title":"TomasPolcar_Interference_web (7)","caption":"","full_image_url":"https:\/\/pragueartweek.cz\/wp-content\/uploads\/2026\/09\/TomasPolcar_Interference_web-7.jpg","thumbnail_image_url":"https:\/\/pragueartweek.cz\/wp-content\/uploads\/2026\/09\/TomasPolcar_Interference_web-7-226x330.jpg","large_srcset":"https:\/\/pragueartweek.cz\/wp-content\/uploads\/2026\/09\/TomasPolcar_Interference_web-7-903x1320.jpg 903w, https:\/\/pragueartweek.cz\/wp-content\/uploads\/2026\/09\/TomasPolcar_Interference_web-7-451x660.jpg 451w, https:\/\/pragueartweek.cz\/wp-content\/uploads\/2026\/09\/TomasPolcar_Interference_web-7-226x330.jpg 226w, https:\/\/pragueartweek.cz\/wp-content\/uploads\/2026\/09\/TomasPolcar_Interference_web-7-768x1123.jpg 768w, https:\/\/pragueartweek.cz\/wp-content\/uploads\/2026\/09\/TomasPolcar_Interference_web-7.jpg 1026w","medium_srcset":"https:\/\/pragueartweek.cz\/wp-content\/uploads\/2026\/09\/TomasPolcar_Interference_web-7-451x660.jpg 451w, https:\/\/pragueartweek.cz\/wp-content\/uploads\/2026\/09\/TomasPolcar_Interference_web-7-903x1320.jpg 903w, https:\/\/pragueartweek.cz\/wp-content\/uploads\/2026\/09\/TomasPolcar_Interference_web-7-226x330.jpg 226w, https:\/\/pragueartweek.cz\/wp-content\/uploads\/2026\/09\/TomasPolcar_Interference_web-7-768x1123.jpg 768w, https:\/\/pragueartweek.cz\/wp-content\/uploads\/2026\/09\/TomasPolcar_Interference_web-7.jpg 1026w","media_details":{"width":1026,"height":1500,"sizes":{"medium":{"file":"TomasPolcar_Interference_web-7-451x660.jpg","width":451,"height":660,"mime-type":"image\/jpeg","filesize":64565,"source_url":"https:\/\/pragueartweek.cz\/wp-content\/uploads\/2026\/09\/TomasPolcar_Interference_web-7-451x660.jpg"},"large":{"file":"TomasPolcar_Interference_web-7-903x1320.jpg","width":903,"height":1320,"mime-type":"image\/jpeg","filesize":218181,"source_url":"https:\/\/pragueartweek.cz\/wp-content\/uploads\/2026\/09\/TomasPolcar_Interference_web-7-903x1320.jpg"},"thumbnail":{"file":"TomasPolcar_Interference_web-7-226x330.jpg","width":226,"height":330,"mime-type":"image\/jpeg","filesize":25483,"source_url":"https:\/\/pragueartweek.cz\/wp-content\/uploads\/2026\/09\/TomasPolcar_Interference_web-7-226x330.jpg"},"medium_large":{"file":"TomasPolcar_Interference_web-7-768x1123.jpg","width":768,"height":1123,"mime-type":"image\/jpeg","filesize":161728,"source_url":"https:\/\/pragueartweek.cz\/wp-content\/uploads\/2026\/09\/TomasPolcar_Interference_web-7-768x1123.jpg"}}},"alt_text":"","url":"","target":""}]]}},"yoast_head":"<!-- This site is optimized with the Yoast SEO plugin v27.4 - https:\/\/yoast.com\/product\/yoast-seo-wordpress\/ -->\n<title>INTERFERENCE | Prague Art Week 26<\/title>\n<meta name=\"description\" content=\"Two systems are placed in relation.\" \/>\n<meta name=\"robots\" content=\"index, follow, max-snippet:-1, max-image-preview:large, max-video-preview:-1\" \/>\n<link rel=\"canonical\" href=\"https:\/\/pragueartweek.cz\/en\/events\/interference\/\" \/>\n<meta property=\"og:locale\" content=\"en_US\" \/>\n<meta property=\"og:type\" content=\"article\" \/>\n<meta property=\"og:title\" content=\"INTERFERENCE | Prague Art Week 26\" \/>\n<meta property=\"og:description\" content=\"Two systems are placed in relation.\" \/>\n<meta property=\"og:url\" content=\"https:\/\/pragueartweek.cz\/en\/events\/interference\/\" \/>\n<meta property=\"og:site_name\" content=\"Prague Art Week 26\" \/>\n<meta property=\"article:publisher\" content=\"https:\/\/www.facebook.com\/pragueartweek22\/\" \/>\n<meta property=\"og:image\" content=\"https:\/\/pragueartweek.cz\/wp-content\/uploads\/2026\/09\/TomasPolcar_Interference-1-scaled.jpg\" \/>\n\t<meta property=\"og:image:width\" content=\"2560\" \/>\n\t<meta property=\"og:image:height\" content=\"1707\" \/>\n\t<meta property=\"og:image:type\" content=\"image\/jpeg\" \/>\n<meta name=\"twitter:card\" content=\"summary_large_image\" \/>\n<meta name=\"twitter:label1\" content=\"Est. reading time\" \/>\n\t<meta name=\"twitter:data1\" content=\"1 minute\" \/>\n<script type=\"application\/ld+json\" class=\"yoast-schema-graph\">{\"@context\":\"https:\\\/\\\/schema.org\",\"@graph\":[{\"@type\":\"WebPage\",\"@id\":\"https:\\\/\\\/pragueartweek.cz\\\/en\\\/events\\\/interference\\\/\",\"url\":\"https:\\\/\\\/pragueartweek.cz\\\/en\\\/events\\\/interference\\\/\",\"name\":\"INTERFERENCE | Prague Art Week 26\",\"isPartOf\":{\"@id\":\"https:\\\/\\\/pragueartweek.cz\\\/en\\\/#website\"},\"primaryImageOfPage\":{\"@id\":\"https:\\\/\\\/pragueartweek.cz\\\/en\\\/events\\\/interference\\\/#primaryimage\"},\"image\":{\"@id\":\"https:\\\/\\\/pragueartweek.cz\\\/en\\\/events\\\/interference\\\/#primaryimage\"},\"thumbnailUrl\":\"https:\\\/\\\/pragueartweek.cz\\\/wp-content\\\/uploads\\\/2026\\\/09\\\/TomasPolcar_Interference-1-scaled.jpg\",\"datePublished\":\"2026-09-02T19:00:39+00:00\",\"description\":\"Two systems are placed in relation.\",\"breadcrumb\":{\"@id\":\"https:\\\/\\\/pragueartweek.cz\\\/en\\\/events\\\/interference\\\/#breadcrumb\"},\"inLanguage\":\"en-US\",\"potentialAction\":[{\"@type\":\"ReadAction\",\"target\":[\"https:\\\/\\\/pragueartweek.cz\\\/en\\\/events\\\/interference\\\/\"]}]},{\"@type\":\"ImageObject\",\"inLanguage\":\"en-US\",\"@id\":\"https:\\\/\\\/pragueartweek.cz\\\/en\\\/events\\\/interference\\\/#primaryimage\",\"url\":\"https:\\\/\\\/pragueartweek.cz\\\/wp-content\\\/uploads\\\/2026\\\/09\\\/TomasPolcar_Interference-1-scaled.jpg\",\"contentUrl\":\"https:\\\/\\\/pragueartweek.cz\\\/wp-content\\\/uploads\\\/2026\\\/09\\\/TomasPolcar_Interference-1-scaled.jpg\",\"width\":2560,\"height\":1707},{\"@type\":\"BreadcrumbList\",\"@id\":\"https:\\\/\\\/pragueartweek.cz\\\/en\\\/events\\\/interference\\\/#breadcrumb\",\"itemListElement\":[{\"@type\":\"ListItem\",\"position\":1,\"name\":\"Home\",\"item\":\"https:\\\/\\\/pragueartweek.cz\\\/en\\\/\"},{\"@type\":\"ListItem\",\"position\":2,\"name\":\"Events\",\"item\":\"https:\\\/\\\/pragueartweek.cz\\\/en\\\/events\\\/\"},{\"@type\":\"ListItem\",\"position\":3,\"name\":\"INTERFERENCE\"}]},{\"@type\":\"WebSite\",\"@id\":\"https:\\\/\\\/pragueartweek.cz\\\/en\\\/#website\",\"url\":\"https:\\\/\\\/pragueartweek.cz\\\/en\\\/\",\"name\":\"Prague Art Week 26\",\"description\":\"Prague Art Week je otev\u0159enou platformou pro kooperaci nejv\u00fdznamn\u011bj\u0161\u00edch instituc\u00ed na poli pra\u017esk\u00e9 um\u011bleck\u00e9 sc\u00e9ny.\",\"publisher\":{\"@id\":\"https:\\\/\\\/pragueartweek.cz\\\/en\\\/#organization\"},\"potentialAction\":[{\"@type\":\"SearchAction\",\"target\":{\"@type\":\"EntryPoint\",\"urlTemplate\":\"https:\\\/\\\/pragueartweek.cz\\\/en\\\/?s={search_term_string}\"},\"query-input\":{\"@type\":\"PropertyValueSpecification\",\"valueRequired\":true,\"valueName\":\"search_term_string\"}}],\"inLanguage\":\"en-US\"},{\"@type\":\"Organization\",\"@id\":\"https:\\\/\\\/pragueartweek.cz\\\/en\\\/#organization\",\"name\":\"Prague Art Week\",\"url\":\"https:\\\/\\\/pragueartweek.cz\\\/en\\\/\",\"logo\":{\"@type\":\"ImageObject\",\"inLanguage\":\"en-US\",\"@id\":\"https:\\\/\\\/pragueartweek.cz\\\/en\\\/#\\\/schema\\\/logo\\\/image\\\/\",\"url\":\"https:\\\/\\\/pragueartweek.cz\\\/wp-content\\\/uploads\\\/2022\\\/04\\\/LOGO_PAW_bez-roku-02.png\",\"contentUrl\":\"https:\\\/\\\/pragueartweek.cz\\\/wp-content\\\/uploads\\\/2022\\\/04\\\/LOGO_PAW_bez-roku-02.png\",\"width\":2481,\"height\":1749,\"caption\":\"Prague Art Week\"},\"image\":{\"@id\":\"https:\\\/\\\/pragueartweek.cz\\\/en\\\/#\\\/schema\\\/logo\\\/image\\\/\"},\"sameAs\":[\"https:\\\/\\\/www.facebook.com\\\/pragueartweek22\\\/\",\"https:\\\/\\\/www.instagram.com\\\/prague_art_week\\\/\"]}]}<\/script>\n<!-- \/ Yoast SEO plugin. -->","yoast_head_json":{"title":"INTERFERENCE | Prague Art Week 26","description":"Two systems are placed in relation.","robots":{"index":"index","follow":"follow","max-snippet":"max-snippet:-1","max-image-preview":"max-image-preview:large","max-video-preview":"max-video-preview:-1"},"canonical":"https:\/\/pragueartweek.cz\/en\/events\/interference\/","og_locale":"en_US","og_type":"article","og_title":"INTERFERENCE | Prague Art Week 26","og_description":"Two systems are placed in relation.","og_url":"https:\/\/pragueartweek.cz\/en\/events\/interference\/","og_site_name":"Prague Art Week 26","article_publisher":"https:\/\/www.facebook.com\/pragueartweek22\/","og_image":[{"width":2560,"height":1707,"url":"https:\/\/pragueartweek.cz\/wp-content\/uploads\/2026\/09\/TomasPolcar_Interference-1-scaled.jpg","type":"image\/jpeg"}],"twitter_card":"summary_large_image","twitter_misc":{"Est. reading time":"1 minute"},"schema":{"@context":"https:\/\/schema.org","@graph":[{"@type":"WebPage","@id":"https:\/\/pragueartweek.cz\/en\/events\/interference\/","url":"https:\/\/pragueartweek.cz\/en\/events\/interference\/","name":"INTERFERENCE | Prague Art Week 26","isPartOf":{"@id":"https:\/\/pragueartweek.cz\/en\/#website"},"primaryImageOfPage":{"@id":"https:\/\/pragueartweek.cz\/en\/events\/interference\/#primaryimage"},"image":{"@id":"https:\/\/pragueartweek.cz\/en\/events\/interference\/#primaryimage"},"thumbnailUrl":"https:\/\/pragueartweek.cz\/wp-content\/uploads\/2026\/09\/TomasPolcar_Interference-1-scaled.jpg","datePublished":"2026-09-02T19:00:39+00:00","description":"Two systems are placed in relation.","breadcrumb":{"@id":"https:\/\/pragueartweek.cz\/en\/events\/interference\/#breadcrumb"},"inLanguage":"en-US","potentialAction":[{"@type":"ReadAction","target":["https:\/\/pragueartweek.cz\/en\/events\/interference\/"]}]},{"@type":"ImageObject","inLanguage":"en-US","@id":"https:\/\/pragueartweek.cz\/en\/events\/interference\/#primaryimage","url":"https:\/\/pragueartweek.cz\/wp-content\/uploads\/2026\/09\/TomasPolcar_Interference-1-scaled.jpg","contentUrl":"https:\/\/pragueartweek.cz\/wp-content\/uploads\/2026\/09\/TomasPolcar_Interference-1-scaled.jpg","width":2560,"height":1707},{"@type":"BreadcrumbList","@id":"https:\/\/pragueartweek.cz\/en\/events\/interference\/#breadcrumb","itemListElement":[{"@type":"ListItem","position":1,"name":"Home","item":"https:\/\/pragueartweek.cz\/en\/"},{"@type":"ListItem","position":2,"name":"Events","item":"https:\/\/pragueartweek.cz\/en\/events\/"},{"@type":"ListItem","position":3,"name":"INTERFERENCE"}]},{"@type":"WebSite","@id":"https:\/\/pragueartweek.cz\/en\/#website","url":"https:\/\/pragueartweek.cz\/en\/","name":"Prague Art Week 26","description":"Prague Art Week je otev\u0159enou platformou pro kooperaci nejv\u00fdznamn\u011bj\u0161\u00edch instituc\u00ed na poli pra\u017esk\u00e9 um\u011bleck\u00e9 sc\u00e9ny.","publisher":{"@id":"https:\/\/pragueartweek.cz\/en\/#organization"},"potentialAction":[{"@type":"SearchAction","target":{"@type":"EntryPoint","urlTemplate":"https:\/\/pragueartweek.cz\/en\/?s={search_term_string}"},"query-input":{"@type":"PropertyValueSpecification","valueRequired":true,"valueName":"search_term_string"}}],"inLanguage":"en-US"},{"@type":"Organization","@id":"https:\/\/pragueartweek.cz\/en\/#organization","name":"Prague Art Week","url":"https:\/\/pragueartweek.cz\/en\/","logo":{"@type":"ImageObject","inLanguage":"en-US","@id":"https:\/\/pragueartweek.cz\/en\/#\/schema\/logo\/image\/","url":"https:\/\/pragueartweek.cz\/wp-content\/uploads\/2022\/04\/LOGO_PAW_bez-roku-02.png","contentUrl":"https:\/\/pragueartweek.cz\/wp-content\/uploads\/2022\/04\/LOGO_PAW_bez-roku-02.png","width":2481,"height":1749,"caption":"Prague Art Week"},"image":{"@id":"https:\/\/pragueartweek.cz\/en\/#\/schema\/logo\/image\/"},"sameAs":["https:\/\/www.facebook.com\/pragueartweek22\/","https:\/\/www.instagram.com\/prague_art_week\/"]}]}},"_links":{"self":[{"href":"https:\/\/pragueartweek.cz\/en\/wp-json\/wp\/v2\/udalosti\/12397","targetHints":{"allow":["GET"]}}],"collection":[{"href":"https:\/\/pragueartweek.cz\/en\/wp-json\/wp\/v2\/udalosti"}],"about":[{"href":"https:\/\/pragueartweek.cz\/en\/wp-json\/wp\/v2\/types\/udalosti"}],"version-history":[{"count":1,"href":"https:\/\/pragueartweek.cz\/en\/wp-json\/wp\/v2\/udalosti\/12397\/revisions"}],"predecessor-version":[{"id":12398,"href":"https:\/\/pragueartweek.cz\/en\/wp-json\/wp\/v2\/udalosti\/12397\/revisions\/12398"}],"wp:featuredmedia":[{"embeddable":true,"href":"https:\/\/pragueartweek.cz\/en\/wp-json\/wp\/v2\/media\/12391"}],"wp:attachment":[{"href":"https:\/\/pragueartweek.cz\/en\/wp-json\/wp\/v2\/media?parent=12397"}],"wp:term":[{"taxonomy":"kategorie","embeddable":true,"href":"https:\/\/pragueartweek.cz\/en\/wp-json\/wp\/v2\/kategorie?post=12397"},{"taxonomy":"lokalita","embeddable":true,"href":"https:\/\/pragueartweek.cz\/en\/wp-json\/wp\/v2\/lokalita?post=12397"},{"taxonomy":"termin","embeddable":true,"href":"https:\/\/pragueartweek.cz\/en\/wp-json\/wp\/v2\/termin?post=12397"}],"curies":[{"name":"wp","href":"https:\/\/api.w.org\/{rel}","templated":true}]}}