{"id":12435,"date":"2026-09-03T19:00:12","date_gmt":"2026-09-03T17:00:12","guid":{"rendered":"https:\/\/pragueartweek.cz\/?post_type=udalosti&#038;p=12435"},"modified":"2026-09-03T19:41:10","modified_gmt":"2026-09-03T17:41:10","slug":"le-chat-noir","status":"publish","type":"udalosti","link":"https:\/\/pragueartweek.cz\/en\/events\/le-chat-noir\/","title":{"rendered":"LE CHAT NOIR"},"content":{"rendered":"<p>The exhibition Le Chat Noir takes place in the Parnas restaurant space, which for more than a century has functioned as a site where cultural production, social representation, and nightlife intersect\u2014from the bohemian circles of the First Republic to the film milieu of FAMU to the jazz and underground scenes of the 1970s. In the scope of the exhibition, the space becomes a temporary platform for a dialogue between Julie B\u00e9na and Mark Ther, whose practices consistently engage with the performative aspects of identity, the construction of images, and the mechanisms of cultural memory. Both artists employ installation, video, performance, and stylized narrative. Parnas is thus understood not only as a historical interior but as a living organism carrying traces of past gestures, ideologies, and forms of social choreography that enter into direct relation with their work.<\/p>\n<p><a href=\"https:\/\/www.kodlcontemporary.com\/exhibitions\/le-chat-noir\/\">KODLContemporary, Parnas<\/a><\/p>\n","protected":false},"excerpt":{"rendered":"<p>The exhibition Le Chat Noir takes place in the Parnas restaurant space, which for more than a century has functioned as a site where cultural production, social representation, and nightlife intersect\u2014from the bohemian circles of the First Republic to the film milieu of FAMU to the jazz and underground scenes of the 1970s. In the&#8230; <a class=\"view-article\" href=\"https:\/\/pragueartweek.cz\/en\/events\/le-chat-noir\/\">View Article<\/a><\/p>\n","protected":false},"featured_media":12431,"parent":0,"menu_order":0,"template":"","format":"standard","meta":{"_acf_changed":false,"footnotes":""},"kategorie":[442,36,112,259],"lokalita":[497],"termin":[465],"class_list":["post-12435","udalosti","type-udalosti","status-publish","format-standard","has-post-thumbnail","hentry","kategorie-video-2","kategorie-exhibition","kategorie-opening","kategorie-route-p1-p2","lokalita-https-www-kodlcontemporary-com","termin-25-9","wpautop"],"acf":{"photo_gallery":{"udalost_galerie":[[{"id":12433,"title":"uvodn\u00ed 15","caption":"","full_image_url":"https:\/\/pragueartweek.cz\/wp-content\/uploads\/2026\/09\/uvodni-15.png","thumbnail_image_url":"https:\/\/pragueartweek.cz\/wp-content\/uploads\/2026\/09\/uvodni-15-220x330.png","large_srcset":"https:\/\/pragueartweek.cz\/wp-content\/uploads\/2026\/09\/uvodni-15-880x1320.png 880w, https:\/\/pragueartweek.cz\/wp-content\/uploads\/2026\/09\/uvodni-15-440x660.png 440w, https:\/\/pragueartweek.cz\/wp-content\/uploads\/2026\/09\/uvodni-15-220x330.png 220w, https:\/\/pragueartweek.cz\/wp-content\/uploads\/2026\/09\/uvodni-15-768x1152.png 768w, https:\/\/pragueartweek.cz\/wp-content\/uploads\/2026\/09\/uvodni-15-1024x1536.png 1024w, https:\/\/pragueartweek.cz\/wp-content\/uploads\/2026\/09\/uvodni-15.png 1365w","medium_srcset":"https:\/\/pragueartweek.cz\/wp-content\/uploads\/2026\/09\/uvodni-15-440x660.png 440w, https:\/\/pragueartweek.cz\/wp-content\/uploads\/2026\/09\/uvodni-15-880x1320.png 880w, https:\/\/pragueartweek.cz\/wp-content\/uploads\/2026\/09\/uvodni-15-220x330.png 220w, https:\/\/pragueartweek.cz\/wp-content\/uploads\/2026\/09\/uvodni-15-768x1152.png 768w, https:\/\/pragueartweek.cz\/wp-content\/uploads\/2026\/09\/uvodni-15-1024x1536.png 1024w, https:\/\/pragueartweek.cz\/wp-content\/uploads\/2026\/09\/uvodni-15.png 1365w","media_details":{"width":1365,"height":2048,"sizes":{"medium":{"file":"uvodni-15-440x660.png","width":440,"height":660,"mime-type":"image\/png","filesize":321628,"source_url":"https:\/\/pragueartweek.cz\/wp-content\/uploads\/2026\/09\/uvodni-15-440x660.png"},"large":{"file":"uvodni-15-880x1320.png","width":880,"height":1320,"mime-type":"image\/png","filesize":1037222,"source_url":"https:\/\/pragueartweek.cz\/wp-content\/uploads\/2026\/09\/uvodni-15-880x1320.png"},"thumbnail":{"file":"uvodni-15-220x330.png","width":220,"height":330,"mime-type":"image\/png","filesize":97177,"source_url":"https:\/\/pragueartweek.cz\/wp-content\/uploads\/2026\/09\/uvodni-15-220x330.png"},"medium_large":{"file":"uvodni-15-768x1152.png","width":768,"height":1152,"mime-type":"image\/png","filesize":824954,"source_url":"https:\/\/pragueartweek.cz\/wp-content\/uploads\/2026\/09\/uvodni-15-768x1152.png"},"1536x1536":{"file":"uvodni-15-1024x1536.png","width":1024,"height":1536,"mime-type":"image\/png","filesize":1337302,"source_url":"https:\/\/pragueartweek.cz\/wp-content\/uploads\/2026\/09\/uvodni-15-1024x1536.png"}}},"alt_text":"","url":"","target":""},{"id":12431,"title":"Julie Bena\u00a9Jeanchristophe Lett","caption":"","full_image_url":"https:\/\/pragueartweek.cz\/wp-content\/uploads\/2026\/09\/Julie-Bena\u00a9Jeanchristophe-Lett-scaled.jpg","thumbnail_image_url":"https:\/\/pragueartweek.cz\/wp-content\/uploads\/2026\/09\/Julie-Bena\u00a9Jeanchristophe-Lett-450x300.jpg","large_srcset":"https:\/\/pragueartweek.cz\/wp-content\/uploads\/2026\/09\/Julie-Bena\u00a9Jeanchristophe-Lett-1800x1200.jpg 1800w, https:\/\/pragueartweek.cz\/wp-content\/uploads\/2026\/09\/Julie-Bena\u00a9Jeanchristophe-Lett-900x600.jpg 900w, https:\/\/pragueartweek.cz\/wp-content\/uploads\/2026\/09\/Julie-Bena\u00a9Jeanchristophe-Lett-450x300.jpg 450w, https:\/\/pragueartweek.cz\/wp-content\/uploads\/2026\/09\/Julie-Bena\u00a9Jeanchristophe-Lett-768x512.jpg 768w, https:\/\/pragueartweek.cz\/wp-content\/uploads\/2026\/09\/Julie-Bena\u00a9Jeanchristophe-Lett-1536x1024.jpg 1536w, https:\/\/pragueartweek.cz\/wp-content\/uploads\/2026\/09\/Julie-Bena\u00a9Jeanchristophe-Lett-2048x1365.jpg 2048w","medium_srcset":"https:\/\/pragueartweek.cz\/wp-content\/uploads\/2026\/09\/Julie-Bena\u00a9Jeanchristophe-Lett-900x600.jpg 900w, https:\/\/pragueartweek.cz\/wp-content\/uploads\/2026\/09\/Julie-Bena\u00a9Jeanchristophe-Lett-1800x1200.jpg 1800w, https:\/\/pragueartweek.cz\/wp-content\/uploads\/2026\/09\/Julie-Bena\u00a9Jeanchristophe-Lett-450x300.jpg 450w, https:\/\/pragueartweek.cz\/wp-content\/uploads\/2026\/09\/Julie-Bena\u00a9Jeanchristophe-Lett-768x512.jpg 768w, https:\/\/pragueartweek.cz\/wp-content\/uploads\/2026\/09\/Julie-Bena\u00a9Jeanchristophe-Lett-1536x1024.jpg 1536w, https:\/\/pragueartweek.cz\/wp-content\/uploads\/2026\/09\/Julie-Bena\u00a9Jeanchristophe-Lett-2048x1365.jpg 2048w","media_details":{"width":2560,"height":1707,"sizes":{"medium":{"file":"Julie-Bena\u00a9Jeanchristophe-Lett-900x600.jpg","width":900,"height":600,"mime-type":"image\/jpeg","filesize":105196,"source_url":"https:\/\/pragueartweek.cz\/wp-content\/uploads\/2026\/09\/Julie-Bena\u00a9Jeanchristophe-Lett-900x600.jpg"},"large":{"file":"Julie-Bena\u00a9Jeanchristophe-Lett-1800x1200.jpg","width":1800,"height":1200,"mime-type":"image\/jpeg","filesize":296784,"source_url":"https:\/\/pragueartweek.cz\/wp-content\/uploads\/2026\/09\/Julie-Bena\u00a9Jeanchristophe-Lett-1800x1200.jpg"},"thumbnail":{"file":"Julie-Bena\u00a9Jeanchristophe-Lett-450x300.jpg","width":450,"height":300,"mime-type":"image\/jpeg","filesize":43441,"source_url":"https:\/\/pragueartweek.cz\/wp-content\/uploads\/2026\/09\/Julie-Bena\u00a9Jeanchristophe-Lett-450x300.jpg"},"medium_large":{"file":"Julie-Bena\u00a9Jeanchristophe-Lett-768x512.jpg","width":768,"height":512,"mime-type":"image\/jpeg","filesize":83842,"source_url":"https:\/\/pragueartweek.cz\/wp-content\/uploads\/2026\/09\/Julie-Bena\u00a9Jeanchristophe-Lett-768x512.jpg"},"1536x1536":{"file":"Julie-Bena\u00a9Jeanchristophe-Lett-1536x1024.jpg","width":1536,"height":1024,"mime-type":"image\/jpeg","filesize":232748,"source_url":"https:\/\/pragueartweek.cz\/wp-content\/uploads\/2026\/09\/Julie-Bena\u00a9Jeanchristophe-Lett-1536x1024.jpg"},"2048x2048":{"file":"Julie-Bena\u00a9Jeanchristophe-Lett-2048x1365.jpg","width":2048,"height":1365,"mime-type":"image\/jpeg","filesize":362752,"source_url":"https:\/\/pragueartweek.cz\/wp-content\/uploads\/2026\/09\/Julie-Bena\u00a9Jeanchristophe-Lett-2048x1365.jpg"}}},"alt_text":"","url":"","target":""},{"id":12429,"title":"_P5A3014_ONLINE_Parnas \u00a9 Shot by Us","caption":"","full_image_url":"https:\/\/pragueartweek.cz\/wp-content\/uploads\/2026\/09\/P5A3014_ONLINE_Parnas-\u00a9-Shot-by-Us-scaled.jpg","thumbnail_image_url":"https:\/\/pragueartweek.cz\/wp-content\/uploads\/2026\/09\/P5A3014_ONLINE_Parnas-\u00a9-Shot-by-Us-236x330.jpg","large_srcset":"https:\/\/pragueartweek.cz\/wp-content\/uploads\/2026\/09\/P5A3014_ONLINE_Parnas-\u00a9-Shot-by-Us-943x1320.jpg 943w, https:\/\/pragueartweek.cz\/wp-content\/uploads\/2026\/09\/P5A3014_ONLINE_Parnas-\u00a9-Shot-by-Us-471x660.jpg 471w, https:\/\/pragueartweek.cz\/wp-content\/uploads\/2026\/09\/P5A3014_ONLINE_Parnas-\u00a9-Shot-by-Us-236x330.jpg 236w, https:\/\/pragueartweek.cz\/wp-content\/uploads\/2026\/09\/P5A3014_ONLINE_Parnas-\u00a9-Shot-by-Us-768x1075.jpg 768w, https:\/\/pragueartweek.cz\/wp-content\/uploads\/2026\/09\/P5A3014_ONLINE_Parnas-\u00a9-Shot-by-Us-1097x1536.jpg 1097w, https:\/\/pragueartweek.cz\/wp-content\/uploads\/2026\/09\/P5A3014_ONLINE_Parnas-\u00a9-Shot-by-Us-1463x2048.jpg 1463w, https:\/\/pragueartweek.cz\/wp-content\/uploads\/2026\/09\/P5A3014_ONLINE_Parnas-\u00a9-Shot-by-Us-scaled.jpg 1828w","medium_srcset":"https:\/\/pragueartweek.cz\/wp-content\/uploads\/2026\/09\/P5A3014_ONLINE_Parnas-\u00a9-Shot-by-Us-471x660.jpg 471w, https:\/\/pragueartweek.cz\/wp-content\/uploads\/2026\/09\/P5A3014_ONLINE_Parnas-\u00a9-Shot-by-Us-943x1320.jpg 943w, https:\/\/pragueartweek.cz\/wp-content\/uploads\/2026\/09\/P5A3014_ONLINE_Parnas-\u00a9-Shot-by-Us-236x330.jpg 236w, https:\/\/pragueartweek.cz\/wp-content\/uploads\/2026\/09\/P5A3014_ONLINE_Parnas-\u00a9-Shot-by-Us-768x1075.jpg 768w, https:\/\/pragueartweek.cz\/wp-content\/uploads\/2026\/09\/P5A3014_ONLINE_Parnas-\u00a9-Shot-by-Us-1097x1536.jpg 1097w, https:\/\/pragueartweek.cz\/wp-content\/uploads\/2026\/09\/P5A3014_ONLINE_Parnas-\u00a9-Shot-by-Us-1463x2048.jpg 1463w, https:\/\/pragueartweek.cz\/wp-content\/uploads\/2026\/09\/P5A3014_ONLINE_Parnas-\u00a9-Shot-by-Us-scaled.jpg 1828w","media_details":{"width":1828,"height":2560,"sizes":{"medium":{"file":"P5A3014_ONLINE_Parnas-\u00a9-Shot-by-Us-471x660.jpg","width":471,"height":660,"mime-type":"image\/jpeg","filesize":71395,"source_url":"https:\/\/pragueartweek.cz\/wp-content\/uploads\/2026\/09\/P5A3014_ONLINE_Parnas-\u00a9-Shot-by-Us-471x660.jpg"},"large":{"file":"P5A3014_ONLINE_Parnas-\u00a9-Shot-by-Us-943x1320.jpg","width":943,"height":1320,"mime-type":"image\/jpeg","filesize":177456,"source_url":"https:\/\/pragueartweek.cz\/wp-content\/uploads\/2026\/09\/P5A3014_ONLINE_Parnas-\u00a9-Shot-by-Us-943x1320.jpg"},"thumbnail":{"file":"P5A3014_ONLINE_Parnas-\u00a9-Shot-by-Us-236x330.jpg","width":236,"height":330,"mime-type":"image\/jpeg","filesize":41247,"source_url":"https:\/\/pragueartweek.cz\/wp-content\/uploads\/2026\/09\/P5A3014_ONLINE_Parnas-\u00a9-Shot-by-Us-236x330.jpg"},"medium_large":{"file":"P5A3014_ONLINE_Parnas-\u00a9-Shot-by-Us-768x1075.jpg","width":768,"height":1075,"mime-type":"image\/jpeg","filesize":131494,"source_url":"https:\/\/pragueartweek.cz\/wp-content\/uploads\/2026\/09\/P5A3014_ONLINE_Parnas-\u00a9-Shot-by-Us-768x1075.jpg"},"1536x1536":{"file":"P5A3014_ONLINE_Parnas-\u00a9-Shot-by-Us-1097x1536.jpg","width":1097,"height":1536,"mime-type":"image\/jpeg","filesize":227574,"source_url":"https:\/\/pragueartweek.cz\/wp-content\/uploads\/2026\/09\/P5A3014_ONLINE_Parnas-\u00a9-Shot-by-Us-1097x1536.jpg"},"2048x2048":{"file":"P5A3014_ONLINE_Parnas-\u00a9-Shot-by-Us-1463x2048.jpg","width":1463,"height":2048,"mime-type":"image\/jpeg","filesize":370386,"source_url":"https:\/\/pragueartweek.cz\/wp-content\/uploads\/2026\/09\/P5A3014_ONLINE_Parnas-\u00a9-Shot-by-Us-1463x2048.jpg"}}},"alt_text":"","url":"","target":""}]]}},"yoast_head":"<!-- This site is optimized with the Yoast SEO plugin v27.4 - https:\/\/yoast.com\/product\/yoast-seo-wordpress\/ -->\n<title>LE CHAT NOIR | Prague Art Week 26<\/title>\n<meta name=\"description\" content=\"The exhibition Le Chat Noir takes place in the Parnas restaurant space, which for more than a century has functioned as a site where cultural production, social representation, and nightlife intersect\u2014from the bohemian circles of the First Republic to the film milieu of FAMU to the jazz and underground scenes of the 1970s.\" \/>\n<meta name=\"robots\" content=\"index, follow, max-snippet:-1, max-image-preview:large, max-video-preview:-1\" \/>\n<link rel=\"canonical\" href=\"https:\/\/pragueartweek.cz\/en\/events\/le-chat-noir\/\" \/>\n<meta property=\"og:locale\" content=\"en_US\" \/>\n<meta property=\"og:type\" content=\"article\" \/>\n<meta property=\"og:title\" content=\"LE CHAT NOIR | Prague Art Week 26\" \/>\n<meta property=\"og:description\" content=\"The exhibition Le Chat Noir takes place in the Parnas restaurant space, which for more than a century has functioned as a site where cultural production, social representation, and nightlife intersect\u2014from the bohemian circles of the First Republic to the film milieu of FAMU to the jazz and underground scenes of the 1970s.\" \/>\n<meta property=\"og:url\" content=\"https:\/\/pragueartweek.cz\/en\/events\/le-chat-noir\/\" \/>\n<meta property=\"og:site_name\" content=\"Prague Art Week 26\" \/>\n<meta property=\"article:publisher\" content=\"https:\/\/www.facebook.com\/pragueartweek22\/\" \/>\n<meta property=\"article:modified_time\" content=\"2026-09-03T17:41:10+00:00\" \/>\n<meta property=\"og:image\" content=\"https:\/\/pragueartweek.cz\/wp-content\/uploads\/2026\/09\/Julie-Bena\u00a9Jeanchristophe-Lett-scaled.jpg\" \/>\n\t<meta property=\"og:image:width\" content=\"2560\" \/>\n\t<meta property=\"og:image:height\" content=\"1707\" \/>\n\t<meta property=\"og:image:type\" content=\"image\/jpeg\" \/>\n<meta name=\"twitter:card\" content=\"summary_large_image\" \/>\n<meta name=\"twitter:label1\" content=\"Est. reading time\" \/>\n\t<meta name=\"twitter:data1\" content=\"2 minutes\" \/>\n<script type=\"application\/ld+json\" class=\"yoast-schema-graph\">{\"@context\":\"https:\\\/\\\/schema.org\",\"@graph\":[{\"@type\":\"WebPage\",\"@id\":\"https:\\\/\\\/pragueartweek.cz\\\/en\\\/events\\\/le-chat-noir\\\/\",\"url\":\"https:\\\/\\\/pragueartweek.cz\\\/en\\\/events\\\/le-chat-noir\\\/\",\"name\":\"LE CHAT NOIR | Prague Art Week 26\",\"isPartOf\":{\"@id\":\"https:\\\/\\\/pragueartweek.cz\\\/en\\\/#website\"},\"primaryImageOfPage\":{\"@id\":\"https:\\\/\\\/pragueartweek.cz\\\/en\\\/events\\\/le-chat-noir\\\/#primaryimage\"},\"image\":{\"@id\":\"https:\\\/\\\/pragueartweek.cz\\\/en\\\/events\\\/le-chat-noir\\\/#primaryimage\"},\"thumbnailUrl\":\"https:\\\/\\\/pragueartweek.cz\\\/wp-content\\\/uploads\\\/2026\\\/09\\\/Julie-Bena\u00a9Jeanchristophe-Lett-scaled.jpg\",\"datePublished\":\"2026-09-03T17:00:12+00:00\",\"dateModified\":\"2026-09-03T17:41:10+00:00\",\"description\":\"The exhibition Le Chat Noir takes place in the Parnas restaurant space, which for more than a century has functioned as a site where cultural production, social representation, and nightlife intersect\u2014from the bohemian circles of the First Republic to the film milieu of FAMU to the jazz and underground scenes of the 1970s.\",\"breadcrumb\":{\"@id\":\"https:\\\/\\\/pragueartweek.cz\\\/en\\\/events\\\/le-chat-noir\\\/#breadcrumb\"},\"inLanguage\":\"en-US\",\"potentialAction\":[{\"@type\":\"ReadAction\",\"target\":[\"https:\\\/\\\/pragueartweek.cz\\\/en\\\/events\\\/le-chat-noir\\\/\"]}]},{\"@type\":\"ImageObject\",\"inLanguage\":\"en-US\",\"@id\":\"https:\\\/\\\/pragueartweek.cz\\\/en\\\/events\\\/le-chat-noir\\\/#primaryimage\",\"url\":\"https:\\\/\\\/pragueartweek.cz\\\/wp-content\\\/uploads\\\/2026\\\/09\\\/Julie-Bena\u00a9Jeanchristophe-Lett-scaled.jpg\",\"contentUrl\":\"https:\\\/\\\/pragueartweek.cz\\\/wp-content\\\/uploads\\\/2026\\\/09\\\/Julie-Bena\u00a9Jeanchristophe-Lett-scaled.jpg\",\"width\":2560,\"height\":1707},{\"@type\":\"BreadcrumbList\",\"@id\":\"https:\\\/\\\/pragueartweek.cz\\\/en\\\/events\\\/le-chat-noir\\\/#breadcrumb\",\"itemListElement\":[{\"@type\":\"ListItem\",\"position\":1,\"name\":\"Home\",\"item\":\"https:\\\/\\\/pragueartweek.cz\\\/en\\\/\"},{\"@type\":\"ListItem\",\"position\":2,\"name\":\"Events\",\"item\":\"https:\\\/\\\/pragueartweek.cz\\\/en\\\/events\\\/\"},{\"@type\":\"ListItem\",\"position\":3,\"name\":\"LE CHAT NOIR\"}]},{\"@type\":\"WebSite\",\"@id\":\"https:\\\/\\\/pragueartweek.cz\\\/en\\\/#website\",\"url\":\"https:\\\/\\\/pragueartweek.cz\\\/en\\\/\",\"name\":\"Prague Art Week 26\",\"description\":\"Prague Art Week je otev\u0159enou platformou pro kooperaci nejv\u00fdznamn\u011bj\u0161\u00edch instituc\u00ed na poli pra\u017esk\u00e9 um\u011bleck\u00e9 sc\u00e9ny.\",\"publisher\":{\"@id\":\"https:\\\/\\\/pragueartweek.cz\\\/en\\\/#organization\"},\"potentialAction\":[{\"@type\":\"SearchAction\",\"target\":{\"@type\":\"EntryPoint\",\"urlTemplate\":\"https:\\\/\\\/pragueartweek.cz\\\/en\\\/?s={search_term_string}\"},\"query-input\":{\"@type\":\"PropertyValueSpecification\",\"valueRequired\":true,\"valueName\":\"search_term_string\"}}],\"inLanguage\":\"en-US\"},{\"@type\":\"Organization\",\"@id\":\"https:\\\/\\\/pragueartweek.cz\\\/en\\\/#organization\",\"name\":\"Prague Art Week\",\"url\":\"https:\\\/\\\/pragueartweek.cz\\\/en\\\/\",\"logo\":{\"@type\":\"ImageObject\",\"inLanguage\":\"en-US\",\"@id\":\"https:\\\/\\\/pragueartweek.cz\\\/en\\\/#\\\/schema\\\/logo\\\/image\\\/\",\"url\":\"https:\\\/\\\/pragueartweek.cz\\\/wp-content\\\/uploads\\\/2022\\\/04\\\/LOGO_PAW_bez-roku-02.png\",\"contentUrl\":\"https:\\\/\\\/pragueartweek.cz\\\/wp-content\\\/uploads\\\/2022\\\/04\\\/LOGO_PAW_bez-roku-02.png\",\"width\":2481,\"height\":1749,\"caption\":\"Prague Art Week\"},\"image\":{\"@id\":\"https:\\\/\\\/pragueartweek.cz\\\/en\\\/#\\\/schema\\\/logo\\\/image\\\/\"},\"sameAs\":[\"https:\\\/\\\/www.facebook.com\\\/pragueartweek22\\\/\",\"https:\\\/\\\/www.instagram.com\\\/prague_art_week\\\/\"]}]}<\/script>\n<!-- \/ Yoast SEO plugin. -->","yoast_head_json":{"title":"LE CHAT NOIR | Prague Art Week 26","description":"The exhibition Le Chat Noir takes place in the Parnas restaurant space, which for more than a century has functioned as a site where cultural production, social representation, and nightlife intersect\u2014from the bohemian circles of the First Republic to the film milieu of FAMU to the jazz and underground scenes of the 1970s.","robots":{"index":"index","follow":"follow","max-snippet":"max-snippet:-1","max-image-preview":"max-image-preview:large","max-video-preview":"max-video-preview:-1"},"canonical":"https:\/\/pragueartweek.cz\/en\/events\/le-chat-noir\/","og_locale":"en_US","og_type":"article","og_title":"LE CHAT NOIR | Prague Art Week 26","og_description":"The exhibition Le Chat Noir takes place in the Parnas restaurant space, which for more than a century has functioned as a site where cultural production, social representation, and nightlife intersect\u2014from the bohemian circles of the First Republic to the film milieu of FAMU to the jazz and underground scenes of the 1970s.","og_url":"https:\/\/pragueartweek.cz\/en\/events\/le-chat-noir\/","og_site_name":"Prague Art Week 26","article_publisher":"https:\/\/www.facebook.com\/pragueartweek22\/","article_modified_time":"2026-09-03T17:41:10+00:00","og_image":[{"width":2560,"height":1707,"url":"https:\/\/pragueartweek.cz\/wp-content\/uploads\/2026\/09\/Julie-Bena\u00a9Jeanchristophe-Lett-scaled.jpg","type":"image\/jpeg"}],"twitter_card":"summary_large_image","twitter_misc":{"Est. reading time":"2 minutes"},"schema":{"@context":"https:\/\/schema.org","@graph":[{"@type":"WebPage","@id":"https:\/\/pragueartweek.cz\/en\/events\/le-chat-noir\/","url":"https:\/\/pragueartweek.cz\/en\/events\/le-chat-noir\/","name":"LE CHAT NOIR | Prague Art Week 26","isPartOf":{"@id":"https:\/\/pragueartweek.cz\/en\/#website"},"primaryImageOfPage":{"@id":"https:\/\/pragueartweek.cz\/en\/events\/le-chat-noir\/#primaryimage"},"image":{"@id":"https:\/\/pragueartweek.cz\/en\/events\/le-chat-noir\/#primaryimage"},"thumbnailUrl":"https:\/\/pragueartweek.cz\/wp-content\/uploads\/2026\/09\/Julie-Bena\u00a9Jeanchristophe-Lett-scaled.jpg","datePublished":"2026-09-03T17:00:12+00:00","dateModified":"2026-09-03T17:41:10+00:00","description":"The exhibition Le Chat Noir takes place in the Parnas restaurant space, which for more than a century has functioned as a site where cultural production, social representation, and nightlife intersect\u2014from the bohemian circles of the First Republic to the film milieu of FAMU to the jazz and underground scenes of the 1970s.","breadcrumb":{"@id":"https:\/\/pragueartweek.cz\/en\/events\/le-chat-noir\/#breadcrumb"},"inLanguage":"en-US","potentialAction":[{"@type":"ReadAction","target":["https:\/\/pragueartweek.cz\/en\/events\/le-chat-noir\/"]}]},{"@type":"ImageObject","inLanguage":"en-US","@id":"https:\/\/pragueartweek.cz\/en\/events\/le-chat-noir\/#primaryimage","url":"https:\/\/pragueartweek.cz\/wp-content\/uploads\/2026\/09\/Julie-Bena\u00a9Jeanchristophe-Lett-scaled.jpg","contentUrl":"https:\/\/pragueartweek.cz\/wp-content\/uploads\/2026\/09\/Julie-Bena\u00a9Jeanchristophe-Lett-scaled.jpg","width":2560,"height":1707},{"@type":"BreadcrumbList","@id":"https:\/\/pragueartweek.cz\/en\/events\/le-chat-noir\/#breadcrumb","itemListElement":[{"@type":"ListItem","position":1,"name":"Home","item":"https:\/\/pragueartweek.cz\/en\/"},{"@type":"ListItem","position":2,"name":"Events","item":"https:\/\/pragueartweek.cz\/en\/events\/"},{"@type":"ListItem","position":3,"name":"LE CHAT NOIR"}]},{"@type":"WebSite","@id":"https:\/\/pragueartweek.cz\/en\/#website","url":"https:\/\/pragueartweek.cz\/en\/","name":"Prague Art Week 26","description":"Prague Art Week je otev\u0159enou platformou pro kooperaci nejv\u00fdznamn\u011bj\u0161\u00edch instituc\u00ed na poli pra\u017esk\u00e9 um\u011bleck\u00e9 sc\u00e9ny.","publisher":{"@id":"https:\/\/pragueartweek.cz\/en\/#organization"},"potentialAction":[{"@type":"SearchAction","target":{"@type":"EntryPoint","urlTemplate":"https:\/\/pragueartweek.cz\/en\/?s={search_term_string}"},"query-input":{"@type":"PropertyValueSpecification","valueRequired":true,"valueName":"search_term_string"}}],"inLanguage":"en-US"},{"@type":"Organization","@id":"https:\/\/pragueartweek.cz\/en\/#organization","name":"Prague Art Week","url":"https:\/\/pragueartweek.cz\/en\/","logo":{"@type":"ImageObject","inLanguage":"en-US","@id":"https:\/\/pragueartweek.cz\/en\/#\/schema\/logo\/image\/","url":"https:\/\/pragueartweek.cz\/wp-content\/uploads\/2022\/04\/LOGO_PAW_bez-roku-02.png","contentUrl":"https:\/\/pragueartweek.cz\/wp-content\/uploads\/2022\/04\/LOGO_PAW_bez-roku-02.png","width":2481,"height":1749,"caption":"Prague Art Week"},"image":{"@id":"https:\/\/pragueartweek.cz\/en\/#\/schema\/logo\/image\/"},"sameAs":["https:\/\/www.facebook.com\/pragueartweek22\/","https:\/\/www.instagram.com\/prague_art_week\/"]}]}},"_links":{"self":[{"href":"https:\/\/pragueartweek.cz\/en\/wp-json\/wp\/v2\/udalosti\/12435","targetHints":{"allow":["GET"]}}],"collection":[{"href":"https:\/\/pragueartweek.cz\/en\/wp-json\/wp\/v2\/udalosti"}],"about":[{"href":"https:\/\/pragueartweek.cz\/en\/wp-json\/wp\/v2\/types\/udalosti"}],"version-history":[{"count":1,"href":"https:\/\/pragueartweek.cz\/en\/wp-json\/wp\/v2\/udalosti\/12435\/revisions"}],"predecessor-version":[{"id":12436,"href":"https:\/\/pragueartweek.cz\/en\/wp-json\/wp\/v2\/udalosti\/12435\/revisions\/12436"}],"wp:featuredmedia":[{"embeddable":true,"href":"https:\/\/pragueartweek.cz\/en\/wp-json\/wp\/v2\/media\/12431"}],"wp:attachment":[{"href":"https:\/\/pragueartweek.cz\/en\/wp-json\/wp\/v2\/media?parent=12435"}],"wp:term":[{"taxonomy":"kategorie","embeddable":true,"href":"https:\/\/pragueartweek.cz\/en\/wp-json\/wp\/v2\/kategorie?post=12435"},{"taxonomy":"lokalita","embeddable":true,"href":"https:\/\/pragueartweek.cz\/en\/wp-json\/wp\/v2\/lokalita?post=12435"},{"taxonomy":"termin","embeddable":true,"href":"https:\/\/pragueartweek.cz\/en\/wp-json\/wp\/v2\/termin?post=12435"}],"curies":[{"name":"wp","href":"https:\/\/api.w.org\/{rel}","templated":true}]}}