{"id":12454,"date":"2026-09-04T16:00:55","date_gmt":"2026-09-04T14:00:55","guid":{"rendered":"https:\/\/pragueartweek.cz\/?post_type=udalosti&#038;p=12454"},"modified":"2026-09-04T14:56:44","modified_gmt":"2026-09-04T12:56:44","slug":"between-worlds","status":"publish","type":"udalosti","link":"https:\/\/pragueartweek.cz\/en\/events\/between-worlds\/","title":{"rendered":"BETWEEN WORLDS"},"content":{"rendered":"<p>The exhibition Between Worlds connects realms that may appear distant yet in fact share a profound historical and symbolic foundation\u2014ceramics and alchemy. The project presents works by the Italian duo Bertozzi &amp; Casoni and artists Carolein Smit and Bouke de Vries, whose practices reveal ceramics as a medium capable of engaging mythological, folkloric, and contemporary themes. The exhibition opens up a space for reflection on how historical notions of the transformation of matter are translated into contemporary art and how ceramics continues to function as a material carrying symbolic, experimental, and spiritual dimensions.<\/p>\n<p><a href=\"https:\/\/www.kodlcontemporary.com\/\">KODLContemporary<\/a>&nbsp;<\/p>\n","protected":false},"excerpt":{"rendered":"<p>The exhibition Between Worlds connects realms that may appear distant yet in fact share a profound historical and symbolic foundation\u2014ceramics and alchemy. The project presents works by the Italian duo Bertozzi &amp; Casoni and artists Carolein Smit and Bouke de Vries, whose practices reveal ceramics as a medium capable of engaging mythological, folkloric, and contemporary&#8230; <a class=\"view-article\" href=\"https:\/\/pragueartweek.cz\/en\/events\/between-worlds\/\">View Article<\/a><\/p>\n","protected":false},"featured_media":12452,"parent":0,"menu_order":0,"template":"","format":"standard","meta":{"_acf_changed":false,"footnotes":""},"kategorie":[36,259,430],"lokalita":[399],"termin":[],"class_list":["post-12454","udalosti","type-udalosti","status-publish","format-standard","has-post-thumbnail","hentry","kategorie-exhibition","kategorie-route-p1-p2","kategorie-sculpture-and-object","lokalita-kodlcontemporary-en","wpautop"],"acf":{"photo_gallery":{"udalost_galerie":[[{"id":12450,"title":"uvodn\u00ed 14","caption":"","full_image_url":"https:\/\/pragueartweek.cz\/wp-content\/uploads\/2026\/09\/uvodni-14.png","thumbnail_image_url":"https:\/\/pragueartweek.cz\/wp-content\/uploads\/2026\/09\/uvodni-14-220x330.png","large_srcset":"https:\/\/pragueartweek.cz\/wp-content\/uploads\/2026\/09\/uvodni-14-880x1320.png 880w, https:\/\/pragueartweek.cz\/wp-content\/uploads\/2026\/09\/uvodni-14-440x660.png 440w, https:\/\/pragueartweek.cz\/wp-content\/uploads\/2026\/09\/uvodni-14-220x330.png 220w, https:\/\/pragueartweek.cz\/wp-content\/uploads\/2026\/09\/uvodni-14-768x1152.png 768w, https:\/\/pragueartweek.cz\/wp-content\/uploads\/2026\/09\/uvodni-14-1024x1536.png 1024w, https:\/\/pragueartweek.cz\/wp-content\/uploads\/2026\/09\/uvodni-14.png 1365w","medium_srcset":"https:\/\/pragueartweek.cz\/wp-content\/uploads\/2026\/09\/uvodni-14-440x660.png 440w, https:\/\/pragueartweek.cz\/wp-content\/uploads\/2026\/09\/uvodni-14-880x1320.png 880w, https:\/\/pragueartweek.cz\/wp-content\/uploads\/2026\/09\/uvodni-14-220x330.png 220w, https:\/\/pragueartweek.cz\/wp-content\/uploads\/2026\/09\/uvodni-14-768x1152.png 768w, https:\/\/pragueartweek.cz\/wp-content\/uploads\/2026\/09\/uvodni-14-1024x1536.png 1024w, https:\/\/pragueartweek.cz\/wp-content\/uploads\/2026\/09\/uvodni-14.png 1365w","media_details":{"width":1365,"height":2048,"sizes":{"medium":{"file":"uvodni-14-440x660.png","width":440,"height":660,"mime-type":"image\/png","filesize":383588,"source_url":"https:\/\/pragueartweek.cz\/wp-content\/uploads\/2026\/09\/uvodni-14-440x660.png"},"large":{"file":"uvodni-14-880x1320.png","width":880,"height":1320,"mime-type":"image\/png","filesize":1390582,"source_url":"https:\/\/pragueartweek.cz\/wp-content\/uploads\/2026\/09\/uvodni-14-880x1320.png"},"thumbnail":{"file":"uvodni-14-220x330.png","width":220,"height":330,"mime-type":"image\/png","filesize":109907,"source_url":"https:\/\/pragueartweek.cz\/wp-content\/uploads\/2026\/09\/uvodni-14-220x330.png"},"medium_large":{"file":"uvodni-14-768x1152.png","width":768,"height":1152,"mime-type":"image\/png","filesize":1080251,"source_url":"https:\/\/pragueartweek.cz\/wp-content\/uploads\/2026\/09\/uvodni-14-768x1152.png"},"1536x1536":{"file":"uvodni-14-1024x1536.png","width":1024,"height":1536,"mime-type":"image\/png","filesize":1830451,"source_url":"https:\/\/pragueartweek.cz\/wp-content\/uploads\/2026\/09\/uvodni-14-1024x1536.png"}}},"alt_text":"","url":"","target":""},{"id":12446,"title":"BOUKE DE VRIES - MAGPIE WITH BIRD PLATE TAIL, 2026","caption":"","full_image_url":"https:\/\/pragueartweek.cz\/wp-content\/uploads\/2026\/09\/BOUKE-DE-VRIES-MAGPIE-WITH-BIRD-PLATE-TAIL-2026-scaled.jpeg","thumbnail_image_url":"https:\/\/pragueartweek.cz\/wp-content\/uploads\/2026\/09\/BOUKE-DE-VRIES-MAGPIE-WITH-BIRD-PLATE-TAIL-2026-214x330.jpeg","large_srcset":"https:\/\/pragueartweek.cz\/wp-content\/uploads\/2026\/09\/BOUKE-DE-VRIES-MAGPIE-WITH-BIRD-PLATE-TAIL-2026-855x1320.jpeg 855w, https:\/\/pragueartweek.cz\/wp-content\/uploads\/2026\/09\/BOUKE-DE-VRIES-MAGPIE-WITH-BIRD-PLATE-TAIL-2026-427x660.jpeg 427w, https:\/\/pragueartweek.cz\/wp-content\/uploads\/2026\/09\/BOUKE-DE-VRIES-MAGPIE-WITH-BIRD-PLATE-TAIL-2026-214x330.jpeg 214w, https:\/\/pragueartweek.cz\/wp-content\/uploads\/2026\/09\/BOUKE-DE-VRIES-MAGPIE-WITH-BIRD-PLATE-TAIL-2026-768x1186.jpeg 768w, https:\/\/pragueartweek.cz\/wp-content\/uploads\/2026\/09\/BOUKE-DE-VRIES-MAGPIE-WITH-BIRD-PLATE-TAIL-2026-995x1536.jpeg 995w, https:\/\/pragueartweek.cz\/wp-content\/uploads\/2026\/09\/BOUKE-DE-VRIES-MAGPIE-WITH-BIRD-PLATE-TAIL-2026-1326x2048.jpeg 1326w, https:\/\/pragueartweek.cz\/wp-content\/uploads\/2026\/09\/BOUKE-DE-VRIES-MAGPIE-WITH-BIRD-PLATE-TAIL-2026-scaled.jpeg 1658w","medium_srcset":"https:\/\/pragueartweek.cz\/wp-content\/uploads\/2026\/09\/BOUKE-DE-VRIES-MAGPIE-WITH-BIRD-PLATE-TAIL-2026-427x660.jpeg 427w, https:\/\/pragueartweek.cz\/wp-content\/uploads\/2026\/09\/BOUKE-DE-VRIES-MAGPIE-WITH-BIRD-PLATE-TAIL-2026-855x1320.jpeg 855w, https:\/\/pragueartweek.cz\/wp-content\/uploads\/2026\/09\/BOUKE-DE-VRIES-MAGPIE-WITH-BIRD-PLATE-TAIL-2026-214x330.jpeg 214w, https:\/\/pragueartweek.cz\/wp-content\/uploads\/2026\/09\/BOUKE-DE-VRIES-MAGPIE-WITH-BIRD-PLATE-TAIL-2026-768x1186.jpeg 768w, https:\/\/pragueartweek.cz\/wp-content\/uploads\/2026\/09\/BOUKE-DE-VRIES-MAGPIE-WITH-BIRD-PLATE-TAIL-2026-995x1536.jpeg 995w, https:\/\/pragueartweek.cz\/wp-content\/uploads\/2026\/09\/BOUKE-DE-VRIES-MAGPIE-WITH-BIRD-PLATE-TAIL-2026-1326x2048.jpeg 1326w, https:\/\/pragueartweek.cz\/wp-content\/uploads\/2026\/09\/BOUKE-DE-VRIES-MAGPIE-WITH-BIRD-PLATE-TAIL-2026-scaled.jpeg 1658w","media_details":{"width":1658,"height":2560,"sizes":{"medium":{"file":"BOUKE-DE-VRIES-MAGPIE-WITH-BIRD-PLATE-TAIL-2026-427x660.jpeg","width":427,"height":660,"mime-type":"image\/jpeg","filesize":31499,"source_url":"https:\/\/pragueartweek.cz\/wp-content\/uploads\/2026\/09\/BOUKE-DE-VRIES-MAGPIE-WITH-BIRD-PLATE-TAIL-2026-427x660.jpeg"},"large":{"file":"BOUKE-DE-VRIES-MAGPIE-WITH-BIRD-PLATE-TAIL-2026-855x1320.jpeg","width":855,"height":1320,"mime-type":"image\/jpeg","filesize":90912,"source_url":"https:\/\/pragueartweek.cz\/wp-content\/uploads\/2026\/09\/BOUKE-DE-VRIES-MAGPIE-WITH-BIRD-PLATE-TAIL-2026-855x1320.jpeg"},"thumbnail":{"file":"BOUKE-DE-VRIES-MAGPIE-WITH-BIRD-PLATE-TAIL-2026-214x330.jpeg","width":214,"height":330,"mime-type":"image\/jpeg","filesize":12789,"source_url":"https:\/\/pragueartweek.cz\/wp-content\/uploads\/2026\/09\/BOUKE-DE-VRIES-MAGPIE-WITH-BIRD-PLATE-TAIL-2026-214x330.jpeg"},"medium_large":{"file":"BOUKE-DE-VRIES-MAGPIE-WITH-BIRD-PLATE-TAIL-2026-768x1186.jpeg","width":768,"height":1186,"mime-type":"image\/jpeg","filesize":76599,"source_url":"https:\/\/pragueartweek.cz\/wp-content\/uploads\/2026\/09\/BOUKE-DE-VRIES-MAGPIE-WITH-BIRD-PLATE-TAIL-2026-768x1186.jpeg"},"1536x1536":{"file":"BOUKE-DE-VRIES-MAGPIE-WITH-BIRD-PLATE-TAIL-2026-995x1536.jpeg","width":995,"height":1536,"mime-type":"image\/jpeg","filesize":115413,"source_url":"https:\/\/pragueartweek.cz\/wp-content\/uploads\/2026\/09\/BOUKE-DE-VRIES-MAGPIE-WITH-BIRD-PLATE-TAIL-2026-995x1536.jpeg"},"2048x2048":{"file":"BOUKE-DE-VRIES-MAGPIE-WITH-BIRD-PLATE-TAIL-2026-1326x2048.jpeg","width":1326,"height":2048,"mime-type":"image\/jpeg","filesize":182996,"source_url":"https:\/\/pragueartweek.cz\/wp-content\/uploads\/2026\/09\/BOUKE-DE-VRIES-MAGPIE-WITH-BIRD-PLATE-TAIL-2026-1326x2048.jpeg"}}},"alt_text":"","url":"","target":""},{"id":12442,"title":"BERTOZZI & CASONI - ORACOLO, 2024 (DETAIL)","caption":"","full_image_url":"https:\/\/pragueartweek.cz\/wp-content\/uploads\/2026\/09\/BERTOZZI-CASONI-ORACOLO-2024-DETAIL-scaled.jpg","thumbnail_image_url":"https:\/\/pragueartweek.cz\/wp-content\/uploads\/2026\/09\/BERTOZZI-CASONI-ORACOLO-2024-DETAIL-450x300.jpg","large_srcset":"https:\/\/pragueartweek.cz\/wp-content\/uploads\/2026\/09\/BERTOZZI-CASONI-ORACOLO-2024-DETAIL-1800x1200.jpg 1800w, https:\/\/pragueartweek.cz\/wp-content\/uploads\/2026\/09\/BERTOZZI-CASONI-ORACOLO-2024-DETAIL-900x600.jpg 900w, https:\/\/pragueartweek.cz\/wp-content\/uploads\/2026\/09\/BERTOZZI-CASONI-ORACOLO-2024-DETAIL-450x300.jpg 450w, https:\/\/pragueartweek.cz\/wp-content\/uploads\/2026\/09\/BERTOZZI-CASONI-ORACOLO-2024-DETAIL-768x512.jpg 768w, https:\/\/pragueartweek.cz\/wp-content\/uploads\/2026\/09\/BERTOZZI-CASONI-ORACOLO-2024-DETAIL-1536x1024.jpg 1536w, https:\/\/pragueartweek.cz\/wp-content\/uploads\/2026\/09\/BERTOZZI-CASONI-ORACOLO-2024-DETAIL-2048x1365.jpg 2048w","medium_srcset":"https:\/\/pragueartweek.cz\/wp-content\/uploads\/2026\/09\/BERTOZZI-CASONI-ORACOLO-2024-DETAIL-900x600.jpg 900w, https:\/\/pragueartweek.cz\/wp-content\/uploads\/2026\/09\/BERTOZZI-CASONI-ORACOLO-2024-DETAIL-1800x1200.jpg 1800w, https:\/\/pragueartweek.cz\/wp-content\/uploads\/2026\/09\/BERTOZZI-CASONI-ORACOLO-2024-DETAIL-450x300.jpg 450w, https:\/\/pragueartweek.cz\/wp-content\/uploads\/2026\/09\/BERTOZZI-CASONI-ORACOLO-2024-DETAIL-768x512.jpg 768w, https:\/\/pragueartweek.cz\/wp-content\/uploads\/2026\/09\/BERTOZZI-CASONI-ORACOLO-2024-DETAIL-1536x1024.jpg 1536w, https:\/\/pragueartweek.cz\/wp-content\/uploads\/2026\/09\/BERTOZZI-CASONI-ORACOLO-2024-DETAIL-2048x1365.jpg 2048w","media_details":{"width":2560,"height":1707,"sizes":{"medium":{"file":"BERTOZZI-CASONI-ORACOLO-2024-DETAIL-900x600.jpg","width":900,"height":600,"mime-type":"image\/jpeg","filesize":120523,"source_url":"https:\/\/pragueartweek.cz\/wp-content\/uploads\/2026\/09\/BERTOZZI-CASONI-ORACOLO-2024-DETAIL-900x600.jpg"},"large":{"file":"BERTOZZI-CASONI-ORACOLO-2024-DETAIL-1800x1200.jpg","width":1800,"height":1200,"mime-type":"image\/jpeg","filesize":372513,"source_url":"https:\/\/pragueartweek.cz\/wp-content\/uploads\/2026\/09\/BERTOZZI-CASONI-ORACOLO-2024-DETAIL-1800x1200.jpg"},"thumbnail":{"file":"BERTOZZI-CASONI-ORACOLO-2024-DETAIL-450x300.jpg","width":450,"height":300,"mime-type":"image\/jpeg","filesize":48357,"source_url":"https:\/\/pragueartweek.cz\/wp-content\/uploads\/2026\/09\/BERTOZZI-CASONI-ORACOLO-2024-DETAIL-450x300.jpg"},"medium_large":{"file":"BERTOZZI-CASONI-ORACOLO-2024-DETAIL-768x512.jpg","width":768,"height":512,"mime-type":"image\/jpeg","filesize":95259,"source_url":"https:\/\/pragueartweek.cz\/wp-content\/uploads\/2026\/09\/BERTOZZI-CASONI-ORACOLO-2024-DETAIL-768x512.jpg"},"1536x1536":{"file":"BERTOZZI-CASONI-ORACOLO-2024-DETAIL-1536x1024.jpg","width":1536,"height":1024,"mime-type":"image\/jpeg","filesize":284250,"source_url":"https:\/\/pragueartweek.cz\/wp-content\/uploads\/2026\/09\/BERTOZZI-CASONI-ORACOLO-2024-DETAIL-1536x1024.jpg"},"2048x2048":{"file":"BERTOZZI-CASONI-ORACOLO-2024-DETAIL-2048x1365.jpg","width":2048,"height":1365,"mime-type":"image\/jpeg","filesize":465347,"source_url":"https:\/\/pragueartweek.cz\/wp-content\/uploads\/2026\/09\/BERTOZZI-CASONI-ORACOLO-2024-DETAIL-2048x1365.jpg"}}},"alt_text":"","url":"","target":""},{"id":12444,"title":"Carolein Smit - Wildeman, 2022\rCarolein Smit - Wild man, 2022","caption":"","full_image_url":"https:\/\/pragueartweek.cz\/wp-content\/uploads\/2026\/09\/CAROLEIN-SMIT-WILDEMAN-2022-1-scaled.jpg","thumbnail_image_url":"https:\/\/pragueartweek.cz\/wp-content\/uploads\/2026\/09\/CAROLEIN-SMIT-WILDEMAN-2022-1-220x330.jpg","large_srcset":"https:\/\/pragueartweek.cz\/wp-content\/uploads\/2026\/09\/CAROLEIN-SMIT-WILDEMAN-2022-1-880x1320.jpg 880w, https:\/\/pragueartweek.cz\/wp-content\/uploads\/2026\/09\/CAROLEIN-SMIT-WILDEMAN-2022-1-440x660.jpg 440w, https:\/\/pragueartweek.cz\/wp-content\/uploads\/2026\/09\/CAROLEIN-SMIT-WILDEMAN-2022-1-220x330.jpg 220w, https:\/\/pragueartweek.cz\/wp-content\/uploads\/2026\/09\/CAROLEIN-SMIT-WILDEMAN-2022-1-768x1152.jpg 768w, https:\/\/pragueartweek.cz\/wp-content\/uploads\/2026\/09\/CAROLEIN-SMIT-WILDEMAN-2022-1-1024x1536.jpg 1024w, https:\/\/pragueartweek.cz\/wp-content\/uploads\/2026\/09\/CAROLEIN-SMIT-WILDEMAN-2022-1-1365x2048.jpg 1365w, https:\/\/pragueartweek.cz\/wp-content\/uploads\/2026\/09\/CAROLEIN-SMIT-WILDEMAN-2022-1-scaled.jpg 1707w","medium_srcset":"https:\/\/pragueartweek.cz\/wp-content\/uploads\/2026\/09\/CAROLEIN-SMIT-WILDEMAN-2022-1-440x660.jpg 440w, https:\/\/pragueartweek.cz\/wp-content\/uploads\/2026\/09\/CAROLEIN-SMIT-WILDEMAN-2022-1-880x1320.jpg 880w, https:\/\/pragueartweek.cz\/wp-content\/uploads\/2026\/09\/CAROLEIN-SMIT-WILDEMAN-2022-1-220x330.jpg 220w, https:\/\/pragueartweek.cz\/wp-content\/uploads\/2026\/09\/CAROLEIN-SMIT-WILDEMAN-2022-1-768x1152.jpg 768w, https:\/\/pragueartweek.cz\/wp-content\/uploads\/2026\/09\/CAROLEIN-SMIT-WILDEMAN-2022-1-1024x1536.jpg 1024w, https:\/\/pragueartweek.cz\/wp-content\/uploads\/2026\/09\/CAROLEIN-SMIT-WILDEMAN-2022-1-1365x2048.jpg 1365w, https:\/\/pragueartweek.cz\/wp-content\/uploads\/2026\/09\/CAROLEIN-SMIT-WILDEMAN-2022-1-scaled.jpg 1707w","media_details":{"width":1707,"height":2560,"sizes":{"medium":{"file":"CAROLEIN-SMIT-WILDEMAN-2022-1-440x660.jpg","width":440,"height":660,"mime-type":"image\/jpeg","filesize":55745,"source_url":"https:\/\/pragueartweek.cz\/wp-content\/uploads\/2026\/09\/CAROLEIN-SMIT-WILDEMAN-2022-1-440x660.jpg"},"large":{"file":"CAROLEIN-SMIT-WILDEMAN-2022-1-880x1320.jpg","width":880,"height":1320,"mime-type":"image\/jpeg","filesize":156785,"source_url":"https:\/\/pragueartweek.cz\/wp-content\/uploads\/2026\/09\/CAROLEIN-SMIT-WILDEMAN-2022-1-880x1320.jpg"},"thumbnail":{"file":"CAROLEIN-SMIT-WILDEMAN-2022-1-220x330.jpg","width":220,"height":330,"mime-type":"image\/jpeg","filesize":29455,"source_url":"https:\/\/pragueartweek.cz\/wp-content\/uploads\/2026\/09\/CAROLEIN-SMIT-WILDEMAN-2022-1-220x330.jpg"},"medium_large":{"file":"CAROLEIN-SMIT-WILDEMAN-2022-1-768x1152.jpg","width":768,"height":1152,"mime-type":"image\/jpeg","filesize":124859,"source_url":"https:\/\/pragueartweek.cz\/wp-content\/uploads\/2026\/09\/CAROLEIN-SMIT-WILDEMAN-2022-1-768x1152.jpg"},"1536x1536":{"file":"CAROLEIN-SMIT-WILDEMAN-2022-1-1024x1536.jpg","width":1024,"height":1536,"mime-type":"image\/jpeg","filesize":202479,"source_url":"https:\/\/pragueartweek.cz\/wp-content\/uploads\/2026\/09\/CAROLEIN-SMIT-WILDEMAN-2022-1-1024x1536.jpg"},"2048x2048":{"file":"CAROLEIN-SMIT-WILDEMAN-2022-1-1365x2048.jpg","width":1365,"height":2048,"mime-type":"image\/jpeg","filesize":331481,"source_url":"https:\/\/pragueartweek.cz\/wp-content\/uploads\/2026\/09\/CAROLEIN-SMIT-WILDEMAN-2022-1-1365x2048.jpg"}}},"alt_text":"","url":"","target":""}]]}},"yoast_head":"<!-- This site is optimized with the Yoast SEO plugin v27.4 - https:\/\/yoast.com\/product\/yoast-seo-wordpress\/ -->\n<title>BETWEEN WORLDS | Prague Art Week 26<\/title>\n<meta name=\"description\" content=\"The exhibition Between Worlds connects realms that may appear distant yet in fact share a profound historical and symbolic foundation\u2014ceramics and alchemy.\" \/>\n<meta name=\"robots\" content=\"index, follow, max-snippet:-1, max-image-preview:large, max-video-preview:-1\" \/>\n<link rel=\"canonical\" href=\"https:\/\/pragueartweek.cz\/en\/events\/between-worlds\/\" \/>\n<meta property=\"og:locale\" content=\"en_US\" \/>\n<meta property=\"og:type\" content=\"article\" \/>\n<meta property=\"og:title\" content=\"BETWEEN WORLDS | Prague Art Week 26\" \/>\n<meta property=\"og:description\" content=\"The exhibition Between Worlds connects realms that may appear distant yet in fact share a profound historical and symbolic foundation\u2014ceramics and alchemy.\" \/>\n<meta property=\"og:url\" content=\"https:\/\/pragueartweek.cz\/en\/events\/between-worlds\/\" \/>\n<meta property=\"og:site_name\" content=\"Prague Art Week 26\" \/>\n<meta property=\"article:publisher\" content=\"https:\/\/www.facebook.com\/pragueartweek22\/\" \/>\n<meta property=\"og:image\" content=\"https:\/\/pragueartweek.cz\/wp-content\/uploads\/2026\/09\/Kodl_Contemporary-\u00a9-Boys-Play-Nice-scaled.jpg\" \/>\n\t<meta property=\"og:image:width\" content=\"2560\" \/>\n\t<meta property=\"og:image:height\" content=\"1920\" \/>\n\t<meta property=\"og:image:type\" content=\"image\/jpeg\" \/>\n<meta name=\"twitter:card\" content=\"summary_large_image\" \/>\n<meta name=\"twitter:label1\" content=\"Est. reading time\" \/>\n\t<meta name=\"twitter:data1\" content=\"1 minute\" \/>\n<script type=\"application\/ld+json\" class=\"yoast-schema-graph\">{\"@context\":\"https:\\\/\\\/schema.org\",\"@graph\":[{\"@type\":\"WebPage\",\"@id\":\"https:\\\/\\\/pragueartweek.cz\\\/en\\\/events\\\/between-worlds\\\/\",\"url\":\"https:\\\/\\\/pragueartweek.cz\\\/en\\\/events\\\/between-worlds\\\/\",\"name\":\"BETWEEN WORLDS | Prague Art Week 26\",\"isPartOf\":{\"@id\":\"https:\\\/\\\/pragueartweek.cz\\\/en\\\/#website\"},\"primaryImageOfPage\":{\"@id\":\"https:\\\/\\\/pragueartweek.cz\\\/en\\\/events\\\/between-worlds\\\/#primaryimage\"},\"image\":{\"@id\":\"https:\\\/\\\/pragueartweek.cz\\\/en\\\/events\\\/between-worlds\\\/#primaryimage\"},\"thumbnailUrl\":\"https:\\\/\\\/pragueartweek.cz\\\/wp-content\\\/uploads\\\/2026\\\/09\\\/Kodl_Contemporary-\u00a9-Boys-Play-Nice-scaled.jpg\",\"datePublished\":\"2026-09-04T14:00:55+00:00\",\"description\":\"The exhibition Between Worlds connects realms that may appear distant yet in fact share a profound historical and symbolic foundation\u2014ceramics and alchemy.\",\"breadcrumb\":{\"@id\":\"https:\\\/\\\/pragueartweek.cz\\\/en\\\/events\\\/between-worlds\\\/#breadcrumb\"},\"inLanguage\":\"en-US\",\"potentialAction\":[{\"@type\":\"ReadAction\",\"target\":[\"https:\\\/\\\/pragueartweek.cz\\\/en\\\/events\\\/between-worlds\\\/\"]}]},{\"@type\":\"ImageObject\",\"inLanguage\":\"en-US\",\"@id\":\"https:\\\/\\\/pragueartweek.cz\\\/en\\\/events\\\/between-worlds\\\/#primaryimage\",\"url\":\"https:\\\/\\\/pragueartweek.cz\\\/wp-content\\\/uploads\\\/2026\\\/09\\\/Kodl_Contemporary-\u00a9-Boys-Play-Nice-scaled.jpg\",\"contentUrl\":\"https:\\\/\\\/pragueartweek.cz\\\/wp-content\\\/uploads\\\/2026\\\/09\\\/Kodl_Contemporary-\u00a9-Boys-Play-Nice-scaled.jpg\",\"width\":2560,\"height\":1920},{\"@type\":\"BreadcrumbList\",\"@id\":\"https:\\\/\\\/pragueartweek.cz\\\/en\\\/events\\\/between-worlds\\\/#breadcrumb\",\"itemListElement\":[{\"@type\":\"ListItem\",\"position\":1,\"name\":\"Home\",\"item\":\"https:\\\/\\\/pragueartweek.cz\\\/en\\\/\"},{\"@type\":\"ListItem\",\"position\":2,\"name\":\"Events\",\"item\":\"https:\\\/\\\/pragueartweek.cz\\\/en\\\/events\\\/\"},{\"@type\":\"ListItem\",\"position\":3,\"name\":\"BETWEEN WORLDS\"}]},{\"@type\":\"WebSite\",\"@id\":\"https:\\\/\\\/pragueartweek.cz\\\/en\\\/#website\",\"url\":\"https:\\\/\\\/pragueartweek.cz\\\/en\\\/\",\"name\":\"Prague Art Week 26\",\"description\":\"Prague Art Week je otev\u0159enou platformou pro kooperaci nejv\u00fdznamn\u011bj\u0161\u00edch instituc\u00ed na poli pra\u017esk\u00e9 um\u011bleck\u00e9 sc\u00e9ny.\",\"publisher\":{\"@id\":\"https:\\\/\\\/pragueartweek.cz\\\/en\\\/#organization\"},\"potentialAction\":[{\"@type\":\"SearchAction\",\"target\":{\"@type\":\"EntryPoint\",\"urlTemplate\":\"https:\\\/\\\/pragueartweek.cz\\\/en\\\/?s={search_term_string}\"},\"query-input\":{\"@type\":\"PropertyValueSpecification\",\"valueRequired\":true,\"valueName\":\"search_term_string\"}}],\"inLanguage\":\"en-US\"},{\"@type\":\"Organization\",\"@id\":\"https:\\\/\\\/pragueartweek.cz\\\/en\\\/#organization\",\"name\":\"Prague Art Week\",\"url\":\"https:\\\/\\\/pragueartweek.cz\\\/en\\\/\",\"logo\":{\"@type\":\"ImageObject\",\"inLanguage\":\"en-US\",\"@id\":\"https:\\\/\\\/pragueartweek.cz\\\/en\\\/#\\\/schema\\\/logo\\\/image\\\/\",\"url\":\"https:\\\/\\\/pragueartweek.cz\\\/wp-content\\\/uploads\\\/2022\\\/04\\\/LOGO_PAW_bez-roku-02.png\",\"contentUrl\":\"https:\\\/\\\/pragueartweek.cz\\\/wp-content\\\/uploads\\\/2022\\\/04\\\/LOGO_PAW_bez-roku-02.png\",\"width\":2481,\"height\":1749,\"caption\":\"Prague Art Week\"},\"image\":{\"@id\":\"https:\\\/\\\/pragueartweek.cz\\\/en\\\/#\\\/schema\\\/logo\\\/image\\\/\"},\"sameAs\":[\"https:\\\/\\\/www.facebook.com\\\/pragueartweek22\\\/\",\"https:\\\/\\\/www.instagram.com\\\/prague_art_week\\\/\"]}]}<\/script>\n<!-- \/ Yoast SEO plugin. -->","yoast_head_json":{"title":"BETWEEN WORLDS | Prague Art Week 26","description":"The exhibition Between Worlds connects realms that may appear distant yet in fact share a profound historical and symbolic foundation\u2014ceramics and alchemy.","robots":{"index":"index","follow":"follow","max-snippet":"max-snippet:-1","max-image-preview":"max-image-preview:large","max-video-preview":"max-video-preview:-1"},"canonical":"https:\/\/pragueartweek.cz\/en\/events\/between-worlds\/","og_locale":"en_US","og_type":"article","og_title":"BETWEEN WORLDS | Prague Art Week 26","og_description":"The exhibition Between Worlds connects realms that may appear distant yet in fact share a profound historical and symbolic foundation\u2014ceramics and alchemy.","og_url":"https:\/\/pragueartweek.cz\/en\/events\/between-worlds\/","og_site_name":"Prague Art Week 26","article_publisher":"https:\/\/www.facebook.com\/pragueartweek22\/","og_image":[{"width":2560,"height":1920,"url":"https:\/\/pragueartweek.cz\/wp-content\/uploads\/2026\/09\/Kodl_Contemporary-\u00a9-Boys-Play-Nice-scaled.jpg","type":"image\/jpeg"}],"twitter_card":"summary_large_image","twitter_misc":{"Est. reading time":"1 minute"},"schema":{"@context":"https:\/\/schema.org","@graph":[{"@type":"WebPage","@id":"https:\/\/pragueartweek.cz\/en\/events\/between-worlds\/","url":"https:\/\/pragueartweek.cz\/en\/events\/between-worlds\/","name":"BETWEEN WORLDS | Prague Art Week 26","isPartOf":{"@id":"https:\/\/pragueartweek.cz\/en\/#website"},"primaryImageOfPage":{"@id":"https:\/\/pragueartweek.cz\/en\/events\/between-worlds\/#primaryimage"},"image":{"@id":"https:\/\/pragueartweek.cz\/en\/events\/between-worlds\/#primaryimage"},"thumbnailUrl":"https:\/\/pragueartweek.cz\/wp-content\/uploads\/2026\/09\/Kodl_Contemporary-\u00a9-Boys-Play-Nice-scaled.jpg","datePublished":"2026-09-04T14:00:55+00:00","description":"The exhibition Between Worlds connects realms that may appear distant yet in fact share a profound historical and symbolic foundation\u2014ceramics and alchemy.","breadcrumb":{"@id":"https:\/\/pragueartweek.cz\/en\/events\/between-worlds\/#breadcrumb"},"inLanguage":"en-US","potentialAction":[{"@type":"ReadAction","target":["https:\/\/pragueartweek.cz\/en\/events\/between-worlds\/"]}]},{"@type":"ImageObject","inLanguage":"en-US","@id":"https:\/\/pragueartweek.cz\/en\/events\/between-worlds\/#primaryimage","url":"https:\/\/pragueartweek.cz\/wp-content\/uploads\/2026\/09\/Kodl_Contemporary-\u00a9-Boys-Play-Nice-scaled.jpg","contentUrl":"https:\/\/pragueartweek.cz\/wp-content\/uploads\/2026\/09\/Kodl_Contemporary-\u00a9-Boys-Play-Nice-scaled.jpg","width":2560,"height":1920},{"@type":"BreadcrumbList","@id":"https:\/\/pragueartweek.cz\/en\/events\/between-worlds\/#breadcrumb","itemListElement":[{"@type":"ListItem","position":1,"name":"Home","item":"https:\/\/pragueartweek.cz\/en\/"},{"@type":"ListItem","position":2,"name":"Events","item":"https:\/\/pragueartweek.cz\/en\/events\/"},{"@type":"ListItem","position":3,"name":"BETWEEN WORLDS"}]},{"@type":"WebSite","@id":"https:\/\/pragueartweek.cz\/en\/#website","url":"https:\/\/pragueartweek.cz\/en\/","name":"Prague Art Week 26","description":"Prague Art Week je otev\u0159enou platformou pro kooperaci nejv\u00fdznamn\u011bj\u0161\u00edch instituc\u00ed na poli pra\u017esk\u00e9 um\u011bleck\u00e9 sc\u00e9ny.","publisher":{"@id":"https:\/\/pragueartweek.cz\/en\/#organization"},"potentialAction":[{"@type":"SearchAction","target":{"@type":"EntryPoint","urlTemplate":"https:\/\/pragueartweek.cz\/en\/?s={search_term_string}"},"query-input":{"@type":"PropertyValueSpecification","valueRequired":true,"valueName":"search_term_string"}}],"inLanguage":"en-US"},{"@type":"Organization","@id":"https:\/\/pragueartweek.cz\/en\/#organization","name":"Prague Art Week","url":"https:\/\/pragueartweek.cz\/en\/","logo":{"@type":"ImageObject","inLanguage":"en-US","@id":"https:\/\/pragueartweek.cz\/en\/#\/schema\/logo\/image\/","url":"https:\/\/pragueartweek.cz\/wp-content\/uploads\/2022\/04\/LOGO_PAW_bez-roku-02.png","contentUrl":"https:\/\/pragueartweek.cz\/wp-content\/uploads\/2022\/04\/LOGO_PAW_bez-roku-02.png","width":2481,"height":1749,"caption":"Prague Art Week"},"image":{"@id":"https:\/\/pragueartweek.cz\/en\/#\/schema\/logo\/image\/"},"sameAs":["https:\/\/www.facebook.com\/pragueartweek22\/","https:\/\/www.instagram.com\/prague_art_week\/"]}]}},"_links":{"self":[{"href":"https:\/\/pragueartweek.cz\/en\/wp-json\/wp\/v2\/udalosti\/12454","targetHints":{"allow":["GET"]}}],"collection":[{"href":"https:\/\/pragueartweek.cz\/en\/wp-json\/wp\/v2\/udalosti"}],"about":[{"href":"https:\/\/pragueartweek.cz\/en\/wp-json\/wp\/v2\/types\/udalosti"}],"version-history":[{"count":1,"href":"https:\/\/pragueartweek.cz\/en\/wp-json\/wp\/v2\/udalosti\/12454\/revisions"}],"predecessor-version":[{"id":12455,"href":"https:\/\/pragueartweek.cz\/en\/wp-json\/wp\/v2\/udalosti\/12454\/revisions\/12455"}],"wp:featuredmedia":[{"embeddable":true,"href":"https:\/\/pragueartweek.cz\/en\/wp-json\/wp\/v2\/media\/12452"}],"wp:attachment":[{"href":"https:\/\/pragueartweek.cz\/en\/wp-json\/wp\/v2\/media?parent=12454"}],"wp:term":[{"taxonomy":"kategorie","embeddable":true,"href":"https:\/\/pragueartweek.cz\/en\/wp-json\/wp\/v2\/kategorie?post=12454"},{"taxonomy":"lokalita","embeddable":true,"href":"https:\/\/pragueartweek.cz\/en\/wp-json\/wp\/v2\/lokalita?post=12454"},{"taxonomy":"termin","embeddable":true,"href":"https:\/\/pragueartweek.cz\/en\/wp-json\/wp\/v2\/termin?post=12454"}],"curies":[{"name":"wp","href":"https:\/\/api.w.org\/{rel}","templated":true}]}}