{"id":12474,"date":"2026-09-05T13:21:55","date_gmt":"2026-09-05T11:21:55","guid":{"rendered":"https:\/\/pragueartweek.cz\/?post_type=udalosti&#038;p=12474"},"modified":"2026-09-05T13:26:26","modified_gmt":"2026-09-05T11:26:26","slug":"vita-aeterna-an-exhibition-on-restoration","status":"publish","type":"udalosti","link":"https:\/\/pragueartweek.cz\/en\/events\/vita-aeterna-an-exhibition-on-restoration\/","title":{"rendered":"VITA AETERNA: AN EXHIBITION ON RESTORATION"},"content":{"rendered":"<p>The exhibition Vita aeterna demonstrates that cultural heritage does not survive eternally on its own. Instead, it relies on the dedicated work of restorers and conservators who use their expertise and care to preserve these objects for future generations. Presented as an intervention within the museum\u2019s permanent exhibition, this display explores the \u201cinvisible\u201d work that bridges the past and the future. It highlights conservation and restoration as an interdisciplinary field that seamlessly combines science, art, and craft.<\/p>\n<p><a href=\"https:\/\/www.upm.cz\" target=\"_blank\" rel=\"noopener\">Um\u011bleckopr\u016fmyslov\u00e9 museum v Praze<\/a><\/p>\n","protected":false},"excerpt":{"rendered":"<p>The exhibition Vita aeterna demonstrates that cultural heritage does not survive eternally on its own. Instead, it relies on the dedicated work of restorers and conservators who use their expertise and care to preserve these objects for future generations. Presented as an intervention within the museum\u2019s permanent exhibition, this display explores the \u201cinvisible\u201d work that&#8230; <a class=\"view-article\" href=\"https:\/\/pragueartweek.cz\/en\/events\/vita-aeterna-an-exhibition-on-restoration\/\">View Article<\/a><\/p>\n","protected":false},"featured_media":12465,"parent":0,"menu_order":0,"template":"","format":"standard","meta":{"_acf_changed":false,"footnotes":""},"kategorie":[36,209,259],"lokalita":[448],"termin":[464],"class_list":["post-12474","udalosti","type-udalosti","status-publish","format-standard","has-post-thumbnail","hentry","kategorie-exhibition","kategorie-guided-tour","kategorie-route-p1-p2","lokalita-umeleckoprumyslove-museum-v-praze","termin-24-9","wpautop"],"acf":{"photo_gallery":{"udalost_galerie":[[{"id":12462,"title":"instagram_po cislech12","caption":"","full_image_url":"https:\/\/pragueartweek.cz\/wp-content\/uploads\/2026\/09\/instagram_po-cislech12-scaled.png","thumbnail_image_url":"https:\/\/pragueartweek.cz\/wp-content\/uploads\/2026\/09\/instagram_po-cislech12-264x330.png","large_srcset":"https:\/\/pragueartweek.cz\/wp-content\/uploads\/2026\/09\/instagram_po-cislech12-1056x1320.png 1056w, https:\/\/pragueartweek.cz\/wp-content\/uploads\/2026\/09\/instagram_po-cislech12-528x660.png 528w, https:\/\/pragueartweek.cz\/wp-content\/uploads\/2026\/09\/instagram_po-cislech12-264x330.png 264w, https:\/\/pragueartweek.cz\/wp-content\/uploads\/2026\/09\/instagram_po-cislech12-768x960.png 768w, https:\/\/pragueartweek.cz\/wp-content\/uploads\/2026\/09\/instagram_po-cislech12-1229x1536.png 1229w, https:\/\/pragueartweek.cz\/wp-content\/uploads\/2026\/09\/instagram_po-cislech12-1638x2048.png 1638w, https:\/\/pragueartweek.cz\/wp-content\/uploads\/2026\/09\/instagram_po-cislech12-scaled.png 2048w","medium_srcset":"https:\/\/pragueartweek.cz\/wp-content\/uploads\/2026\/09\/instagram_po-cislech12-528x660.png 528w, https:\/\/pragueartweek.cz\/wp-content\/uploads\/2026\/09\/instagram_po-cislech12-1056x1320.png 1056w, https:\/\/pragueartweek.cz\/wp-content\/uploads\/2026\/09\/instagram_po-cislech12-264x330.png 264w, https:\/\/pragueartweek.cz\/wp-content\/uploads\/2026\/09\/instagram_po-cislech12-768x960.png 768w, https:\/\/pragueartweek.cz\/wp-content\/uploads\/2026\/09\/instagram_po-cislech12-1229x1536.png 1229w, https:\/\/pragueartweek.cz\/wp-content\/uploads\/2026\/09\/instagram_po-cislech12-1638x2048.png 1638w, https:\/\/pragueartweek.cz\/wp-content\/uploads\/2026\/09\/instagram_po-cislech12-scaled.png 2048w","media_details":{"width":2048,"height":2560,"sizes":{"medium":{"file":"instagram_po-cislech12-528x660.png","width":528,"height":660,"mime-type":"image\/png","filesize":481390,"source_url":"https:\/\/pragueartweek.cz\/wp-content\/uploads\/2026\/09\/instagram_po-cislech12-528x660.png"},"large":{"file":"instagram_po-cislech12-1056x1320.png","width":1056,"height":1320,"mime-type":"image\/png","filesize":1559053,"source_url":"https:\/\/pragueartweek.cz\/wp-content\/uploads\/2026\/09\/instagram_po-cislech12-1056x1320.png"},"thumbnail":{"file":"instagram_po-cislech12-264x330.png","width":264,"height":330,"mime-type":"image\/png","filesize":137054,"source_url":"https:\/\/pragueartweek.cz\/wp-content\/uploads\/2026\/09\/instagram_po-cislech12-264x330.png"},"medium_large":{"file":"instagram_po-cislech12-768x960.png","width":768,"height":960,"mime-type":"image\/png","filesize":923520,"source_url":"https:\/\/pragueartweek.cz\/wp-content\/uploads\/2026\/09\/instagram_po-cislech12-768x960.png"},"1536x1536":{"file":"instagram_po-cislech12-1229x1536.png","width":1229,"height":1536,"mime-type":"image\/png","filesize":1983893,"source_url":"https:\/\/pragueartweek.cz\/wp-content\/uploads\/2026\/09\/instagram_po-cislech12-1229x1536.png"},"2048x2048":{"file":"instagram_po-cislech12-1638x2048.png","width":1638,"height":2048,"mime-type":"image\/png","filesize":3083820,"source_url":"https:\/\/pragueartweek.cz\/wp-content\/uploads\/2026\/09\/instagram_po-cislech12-1638x2048.png"},"cmplz_banner_image":{"file":"instagram_po-cislech12-350x100.png","width":350,"height":100,"mime-type":"image\/png","filesize":52174,"source_url":"https:\/\/pragueartweek.cz\/wp-content\/uploads\/2026\/09\/instagram_po-cislech12-350x100.png"}}},"alt_text":"","url":"","target":""},{"id":12470,"title":"(12)","caption":"","full_image_url":"https:\/\/pragueartweek.cz\/wp-content\/uploads\/2026\/09\/12-scaled.jpg","thumbnail_image_url":"https:\/\/pragueartweek.cz\/wp-content\/uploads\/2026\/09\/12-220x330.jpg","large_srcset":"https:\/\/pragueartweek.cz\/wp-content\/uploads\/2026\/09\/12-880x1320.jpg 880w, https:\/\/pragueartweek.cz\/wp-content\/uploads\/2026\/09\/12-440x660.jpg 440w, https:\/\/pragueartweek.cz\/wp-content\/uploads\/2026\/09\/12-220x330.jpg 220w, https:\/\/pragueartweek.cz\/wp-content\/uploads\/2026\/09\/12-768x1152.jpg 768w, https:\/\/pragueartweek.cz\/wp-content\/uploads\/2026\/09\/12-1024x1536.jpg 1024w, https:\/\/pragueartweek.cz\/wp-content\/uploads\/2026\/09\/12-1365x2048.jpg 1365w, https:\/\/pragueartweek.cz\/wp-content\/uploads\/2026\/09\/12-scaled.jpg 1707w","medium_srcset":"https:\/\/pragueartweek.cz\/wp-content\/uploads\/2026\/09\/12-440x660.jpg 440w, https:\/\/pragueartweek.cz\/wp-content\/uploads\/2026\/09\/12-880x1320.jpg 880w, https:\/\/pragueartweek.cz\/wp-content\/uploads\/2026\/09\/12-220x330.jpg 220w, https:\/\/pragueartweek.cz\/wp-content\/uploads\/2026\/09\/12-768x1152.jpg 768w, https:\/\/pragueartweek.cz\/wp-content\/uploads\/2026\/09\/12-1024x1536.jpg 1024w, https:\/\/pragueartweek.cz\/wp-content\/uploads\/2026\/09\/12-1365x2048.jpg 1365w, https:\/\/pragueartweek.cz\/wp-content\/uploads\/2026\/09\/12-scaled.jpg 1707w","media_details":{"width":1707,"height":2560,"sizes":{"medium":{"file":"12-440x660.jpg","width":440,"height":660,"mime-type":"image\/jpeg","filesize":119916,"source_url":"https:\/\/pragueartweek.cz\/wp-content\/uploads\/2026\/09\/12-440x660.jpg"},"large":{"file":"12-880x1320.jpg","width":880,"height":1320,"mime-type":"image\/jpeg","filesize":219101,"source_url":"https:\/\/pragueartweek.cz\/wp-content\/uploads\/2026\/09\/12-880x1320.jpg"},"thumbnail":{"file":"12-220x330.jpg","width":220,"height":330,"mime-type":"image\/jpeg","filesize":85444,"source_url":"https:\/\/pragueartweek.cz\/wp-content\/uploads\/2026\/09\/12-220x330.jpg"},"medium_large":{"file":"12-768x1152.jpg","width":768,"height":1152,"mime-type":"image\/jpeg","filesize":190629,"source_url":"https:\/\/pragueartweek.cz\/wp-content\/uploads\/2026\/09\/12-768x1152.jpg"},"1536x1536":{"file":"12-1024x1536.jpg","width":1024,"height":1536,"mime-type":"image\/jpeg","filesize":258591,"source_url":"https:\/\/pragueartweek.cz\/wp-content\/uploads\/2026\/09\/12-1024x1536.jpg"},"2048x2048":{"file":"12-1365x2048.jpg","width":1365,"height":2048,"mime-type":"image\/jpeg","filesize":363660,"source_url":"https:\/\/pragueartweek.cz\/wp-content\/uploads\/2026\/09\/12-1365x2048.jpg"},"cmplz_banner_image":{"file":"12-350x100.jpg","width":350,"height":100,"mime-type":"image\/jpeg","filesize":77355,"source_url":"https:\/\/pragueartweek.cz\/wp-content\/uploads\/2026\/09\/12-350x100.jpg"}}},"alt_text":"","url":"","target":""},{"id":12466,"title":"11. Propojen\u00ed origin\u00e1ln\u00edch \u010d\u00e1sti dopl\u0148kem - pomocn\u00e9 pr\u00e1ce 3","caption":"","full_image_url":"https:\/\/pragueartweek.cz\/wp-content\/uploads\/2026\/09\/11.-Propojeni-originalnich-casti-doplnkem-pomocne-prace-3-scaled.jpg","thumbnail_image_url":"https:\/\/pragueartweek.cz\/wp-content\/uploads\/2026\/09\/11.-Propojeni-originalnich-casti-doplnkem-pomocne-prace-3-450x300.jpg","large_srcset":"https:\/\/pragueartweek.cz\/wp-content\/uploads\/2026\/09\/11.-Propojeni-originalnich-casti-doplnkem-pomocne-prace-3-1800x1200.jpg 1800w, https:\/\/pragueartweek.cz\/wp-content\/uploads\/2026\/09\/11.-Propojeni-originalnich-casti-doplnkem-pomocne-prace-3-900x600.jpg 900w, https:\/\/pragueartweek.cz\/wp-content\/uploads\/2026\/09\/11.-Propojeni-originalnich-casti-doplnkem-pomocne-prace-3-450x300.jpg 450w, https:\/\/pragueartweek.cz\/wp-content\/uploads\/2026\/09\/11.-Propojeni-originalnich-casti-doplnkem-pomocne-prace-3-768x512.jpg 768w, https:\/\/pragueartweek.cz\/wp-content\/uploads\/2026\/09\/11.-Propojeni-originalnich-casti-doplnkem-pomocne-prace-3-1536x1024.jpg 1536w, https:\/\/pragueartweek.cz\/wp-content\/uploads\/2026\/09\/11.-Propojeni-originalnich-casti-doplnkem-pomocne-prace-3-2048x1365.jpg 2048w","medium_srcset":"https:\/\/pragueartweek.cz\/wp-content\/uploads\/2026\/09\/11.-Propojeni-originalnich-casti-doplnkem-pomocne-prace-3-900x600.jpg 900w, https:\/\/pragueartweek.cz\/wp-content\/uploads\/2026\/09\/11.-Propojeni-originalnich-casti-doplnkem-pomocne-prace-3-1800x1200.jpg 1800w, https:\/\/pragueartweek.cz\/wp-content\/uploads\/2026\/09\/11.-Propojeni-originalnich-casti-doplnkem-pomocne-prace-3-450x300.jpg 450w, https:\/\/pragueartweek.cz\/wp-content\/uploads\/2026\/09\/11.-Propojeni-originalnich-casti-doplnkem-pomocne-prace-3-768x512.jpg 768w, https:\/\/pragueartweek.cz\/wp-content\/uploads\/2026\/09\/11.-Propojeni-originalnich-casti-doplnkem-pomocne-prace-3-1536x1024.jpg 1536w, https:\/\/pragueartweek.cz\/wp-content\/uploads\/2026\/09\/11.-Propojeni-originalnich-casti-doplnkem-pomocne-prace-3-2048x1365.jpg 2048w","media_details":{"width":2560,"height":1707,"sizes":{"medium":{"file":"11.-Propojeni-originalnich-casti-doplnkem-pomocne-prace-3-900x600.jpg","width":900,"height":600,"mime-type":"image\/jpeg","filesize":141519,"source_url":"https:\/\/pragueartweek.cz\/wp-content\/uploads\/2026\/09\/11.-Propojeni-originalnich-casti-doplnkem-pomocne-prace-3-900x600.jpg"},"large":{"file":"11.-Propojeni-originalnich-casti-doplnkem-pomocne-prace-3-1800x1200.jpg","width":1800,"height":1200,"mime-type":"image\/jpeg","filesize":368282,"source_url":"https:\/\/pragueartweek.cz\/wp-content\/uploads\/2026\/09\/11.-Propojeni-originalnich-casti-doplnkem-pomocne-prace-3-1800x1200.jpg"},"thumbnail":{"file":"11.-Propojeni-originalnich-casti-doplnkem-pomocne-prace-3-450x300.jpg","width":450,"height":300,"mime-type":"image\/jpeg","filesize":70853,"source_url":"https:\/\/pragueartweek.cz\/wp-content\/uploads\/2026\/09\/11.-Propojeni-originalnich-casti-doplnkem-pomocne-prace-3-450x300.jpg"},"medium_large":{"file":"11.-Propojeni-originalnich-casti-doplnkem-pomocne-prace-3-768x512.jpg","width":768,"height":512,"mime-type":"image\/jpeg","filesize":117083,"source_url":"https:\/\/pragueartweek.cz\/wp-content\/uploads\/2026\/09\/11.-Propojeni-originalnich-casti-doplnkem-pomocne-prace-3-768x512.jpg"},"1536x1536":{"file":"11.-Propojeni-originalnich-casti-doplnkem-pomocne-prace-3-1536x1024.jpg","width":1536,"height":1024,"mime-type":"image\/jpeg","filesize":291478,"source_url":"https:\/\/pragueartweek.cz\/wp-content\/uploads\/2026\/09\/11.-Propojeni-originalnich-casti-doplnkem-pomocne-prace-3-1536x1024.jpg"},"2048x2048":{"file":"11.-Propojeni-originalnich-casti-doplnkem-pomocne-prace-3-2048x1365.jpg","width":2048,"height":1365,"mime-type":"image\/jpeg","filesize":447049,"source_url":"https:\/\/pragueartweek.cz\/wp-content\/uploads\/2026\/09\/11.-Propojeni-originalnich-casti-doplnkem-pomocne-prace-3-2048x1365.jpg"},"cmplz_banner_image":{"file":"11.-Propojeni-originalnich-casti-doplnkem-pomocne-prace-3-350x100.jpg","width":350,"height":100,"mime-type":"image\/jpeg","filesize":48161,"source_url":"https:\/\/pragueartweek.cz\/wp-content\/uploads\/2026\/09\/11.-Propojeni-originalnich-casti-doplnkem-pomocne-prace-3-350x100.jpg"}}},"alt_text":"","url":"","target":""}]]}},"yoast_head":"<!-- This site is optimized with the Yoast SEO plugin v27.4 - https:\/\/yoast.com\/product\/yoast-seo-wordpress\/ -->\n<title>VITA AETERNA: AN EXHIBITION ON RESTORATION | Prague Art Week 26<\/title>\n<meta name=\"description\" content=\"The exhibition Vita aeterna demonstrates that cultural heritage does not survive eternally on its own.\" \/>\n<meta name=\"robots\" content=\"index, follow, max-snippet:-1, max-image-preview:large, max-video-preview:-1\" \/>\n<link rel=\"canonical\" href=\"https:\/\/pragueartweek.cz\/en\/events\/vita-aeterna-an-exhibition-on-restoration\/\" \/>\n<meta property=\"og:locale\" content=\"en_US\" \/>\n<meta property=\"og:type\" content=\"article\" \/>\n<meta property=\"og:title\" content=\"VITA AETERNA: AN EXHIBITION ON RESTORATION | Prague Art Week 26\" \/>\n<meta property=\"og:description\" content=\"The exhibition Vita aeterna demonstrates that cultural heritage does not survive eternally on its own.\" \/>\n<meta property=\"og:url\" content=\"https:\/\/pragueartweek.cz\/en\/events\/vita-aeterna-an-exhibition-on-restoration\/\" \/>\n<meta property=\"og:site_name\" content=\"Prague Art Week 26\" \/>\n<meta property=\"article:publisher\" content=\"https:\/\/www.facebook.com\/pragueartweek22\/\" \/>\n<meta property=\"article:modified_time\" content=\"2026-09-05T11:26:26+00:00\" \/>\n<meta property=\"og:image\" content=\"https:\/\/pragueartweek.cz\/wp-content\/uploads\/2026\/09\/11.-Propojeni-originalnich-casti-doplnkem-pomocne-prace-3-scaled.jpg\" \/>\n\t<meta property=\"og:image:width\" content=\"2560\" \/>\n\t<meta property=\"og:image:height\" content=\"1707\" \/>\n\t<meta property=\"og:image:type\" content=\"image\/jpeg\" \/>\n<meta name=\"twitter:card\" content=\"summary_large_image\" \/>\n<meta name=\"twitter:label1\" content=\"Est. reading time\" \/>\n\t<meta name=\"twitter:data1\" content=\"1 minute\" \/>\n<script type=\"application\/ld+json\" class=\"yoast-schema-graph\">{\"@context\":\"https:\\\/\\\/schema.org\",\"@graph\":[{\"@type\":\"WebPage\",\"@id\":\"https:\\\/\\\/pragueartweek.cz\\\/en\\\/events\\\/vita-aeterna-an-exhibition-on-restoration\\\/\",\"url\":\"https:\\\/\\\/pragueartweek.cz\\\/en\\\/events\\\/vita-aeterna-an-exhibition-on-restoration\\\/\",\"name\":\"VITA AETERNA: AN EXHIBITION ON RESTORATION | Prague Art Week 26\",\"isPartOf\":{\"@id\":\"https:\\\/\\\/pragueartweek.cz\\\/en\\\/#website\"},\"primaryImageOfPage\":{\"@id\":\"https:\\\/\\\/pragueartweek.cz\\\/en\\\/events\\\/vita-aeterna-an-exhibition-on-restoration\\\/#primaryimage\"},\"image\":{\"@id\":\"https:\\\/\\\/pragueartweek.cz\\\/en\\\/events\\\/vita-aeterna-an-exhibition-on-restoration\\\/#primaryimage\"},\"thumbnailUrl\":\"https:\\\/\\\/pragueartweek.cz\\\/wp-content\\\/uploads\\\/2026\\\/09\\\/11.-Propojeni-originalnich-casti-doplnkem-pomocne-prace-3-scaled.jpg\",\"datePublished\":\"2026-09-05T11:21:55+00:00\",\"dateModified\":\"2026-09-05T11:26:26+00:00\",\"description\":\"The exhibition Vita aeterna demonstrates that cultural heritage does not survive eternally on its own.\",\"breadcrumb\":{\"@id\":\"https:\\\/\\\/pragueartweek.cz\\\/en\\\/events\\\/vita-aeterna-an-exhibition-on-restoration\\\/#breadcrumb\"},\"inLanguage\":\"en-US\",\"potentialAction\":[{\"@type\":\"ReadAction\",\"target\":[\"https:\\\/\\\/pragueartweek.cz\\\/en\\\/events\\\/vita-aeterna-an-exhibition-on-restoration\\\/\"]}]},{\"@type\":\"ImageObject\",\"inLanguage\":\"en-US\",\"@id\":\"https:\\\/\\\/pragueartweek.cz\\\/en\\\/events\\\/vita-aeterna-an-exhibition-on-restoration\\\/#primaryimage\",\"url\":\"https:\\\/\\\/pragueartweek.cz\\\/wp-content\\\/uploads\\\/2026\\\/09\\\/11.-Propojeni-originalnich-casti-doplnkem-pomocne-prace-3-scaled.jpg\",\"contentUrl\":\"https:\\\/\\\/pragueartweek.cz\\\/wp-content\\\/uploads\\\/2026\\\/09\\\/11.-Propojeni-originalnich-casti-doplnkem-pomocne-prace-3-scaled.jpg\",\"width\":2560,\"height\":1707},{\"@type\":\"BreadcrumbList\",\"@id\":\"https:\\\/\\\/pragueartweek.cz\\\/en\\\/events\\\/vita-aeterna-an-exhibition-on-restoration\\\/#breadcrumb\",\"itemListElement\":[{\"@type\":\"ListItem\",\"position\":1,\"name\":\"Home\",\"item\":\"https:\\\/\\\/pragueartweek.cz\\\/en\\\/\"},{\"@type\":\"ListItem\",\"position\":2,\"name\":\"Events\",\"item\":\"https:\\\/\\\/pragueartweek.cz\\\/en\\\/events\\\/\"},{\"@type\":\"ListItem\",\"position\":3,\"name\":\"VITA AETERNA: AN EXHIBITION ON RESTORATION\"}]},{\"@type\":\"WebSite\",\"@id\":\"https:\\\/\\\/pragueartweek.cz\\\/en\\\/#website\",\"url\":\"https:\\\/\\\/pragueartweek.cz\\\/en\\\/\",\"name\":\"Prague Art Week 26\",\"description\":\"Prague Art Week je otev\u0159enou platformou pro kooperaci nejv\u00fdznamn\u011bj\u0161\u00edch instituc\u00ed na poli pra\u017esk\u00e9 um\u011bleck\u00e9 sc\u00e9ny.\",\"publisher\":{\"@id\":\"https:\\\/\\\/pragueartweek.cz\\\/en\\\/#organization\"},\"potentialAction\":[{\"@type\":\"SearchAction\",\"target\":{\"@type\":\"EntryPoint\",\"urlTemplate\":\"https:\\\/\\\/pragueartweek.cz\\\/en\\\/?s={search_term_string}\"},\"query-input\":{\"@type\":\"PropertyValueSpecification\",\"valueRequired\":true,\"valueName\":\"search_term_string\"}}],\"inLanguage\":\"en-US\"},{\"@type\":\"Organization\",\"@id\":\"https:\\\/\\\/pragueartweek.cz\\\/en\\\/#organization\",\"name\":\"Prague Art Week\",\"url\":\"https:\\\/\\\/pragueartweek.cz\\\/en\\\/\",\"logo\":{\"@type\":\"ImageObject\",\"inLanguage\":\"en-US\",\"@id\":\"https:\\\/\\\/pragueartweek.cz\\\/en\\\/#\\\/schema\\\/logo\\\/image\\\/\",\"url\":\"https:\\\/\\\/pragueartweek.cz\\\/wp-content\\\/uploads\\\/2022\\\/04\\\/LOGO_PAW_bez-roku-02.png\",\"contentUrl\":\"https:\\\/\\\/pragueartweek.cz\\\/wp-content\\\/uploads\\\/2022\\\/04\\\/LOGO_PAW_bez-roku-02.png\",\"width\":2481,\"height\":1749,\"caption\":\"Prague Art Week\"},\"image\":{\"@id\":\"https:\\\/\\\/pragueartweek.cz\\\/en\\\/#\\\/schema\\\/logo\\\/image\\\/\"},\"sameAs\":[\"https:\\\/\\\/www.facebook.com\\\/pragueartweek22\\\/\",\"https:\\\/\\\/www.instagram.com\\\/prague_art_week\\\/\"]}]}<\/script>\n<!-- \/ Yoast SEO plugin. -->","yoast_head_json":{"title":"VITA AETERNA: AN EXHIBITION ON RESTORATION | Prague Art Week 26","description":"The exhibition Vita aeterna demonstrates that cultural heritage does not survive eternally on its own.","robots":{"index":"index","follow":"follow","max-snippet":"max-snippet:-1","max-image-preview":"max-image-preview:large","max-video-preview":"max-video-preview:-1"},"canonical":"https:\/\/pragueartweek.cz\/en\/events\/vita-aeterna-an-exhibition-on-restoration\/","og_locale":"en_US","og_type":"article","og_title":"VITA AETERNA: AN EXHIBITION ON RESTORATION | Prague Art Week 26","og_description":"The exhibition Vita aeterna demonstrates that cultural heritage does not survive eternally on its own.","og_url":"https:\/\/pragueartweek.cz\/en\/events\/vita-aeterna-an-exhibition-on-restoration\/","og_site_name":"Prague Art Week 26","article_publisher":"https:\/\/www.facebook.com\/pragueartweek22\/","article_modified_time":"2026-09-05T11:26:26+00:00","og_image":[{"width":2560,"height":1707,"url":"https:\/\/pragueartweek.cz\/wp-content\/uploads\/2026\/09\/11.-Propojeni-originalnich-casti-doplnkem-pomocne-prace-3-scaled.jpg","type":"image\/jpeg"}],"twitter_card":"summary_large_image","twitter_misc":{"Est. reading time":"1 minute"},"schema":{"@context":"https:\/\/schema.org","@graph":[{"@type":"WebPage","@id":"https:\/\/pragueartweek.cz\/en\/events\/vita-aeterna-an-exhibition-on-restoration\/","url":"https:\/\/pragueartweek.cz\/en\/events\/vita-aeterna-an-exhibition-on-restoration\/","name":"VITA AETERNA: AN EXHIBITION ON RESTORATION | Prague Art Week 26","isPartOf":{"@id":"https:\/\/pragueartweek.cz\/en\/#website"},"primaryImageOfPage":{"@id":"https:\/\/pragueartweek.cz\/en\/events\/vita-aeterna-an-exhibition-on-restoration\/#primaryimage"},"image":{"@id":"https:\/\/pragueartweek.cz\/en\/events\/vita-aeterna-an-exhibition-on-restoration\/#primaryimage"},"thumbnailUrl":"https:\/\/pragueartweek.cz\/wp-content\/uploads\/2026\/09\/11.-Propojeni-originalnich-casti-doplnkem-pomocne-prace-3-scaled.jpg","datePublished":"2026-09-05T11:21:55+00:00","dateModified":"2026-09-05T11:26:26+00:00","description":"The exhibition Vita aeterna demonstrates that cultural heritage does not survive eternally on its own.","breadcrumb":{"@id":"https:\/\/pragueartweek.cz\/en\/events\/vita-aeterna-an-exhibition-on-restoration\/#breadcrumb"},"inLanguage":"en-US","potentialAction":[{"@type":"ReadAction","target":["https:\/\/pragueartweek.cz\/en\/events\/vita-aeterna-an-exhibition-on-restoration\/"]}]},{"@type":"ImageObject","inLanguage":"en-US","@id":"https:\/\/pragueartweek.cz\/en\/events\/vita-aeterna-an-exhibition-on-restoration\/#primaryimage","url":"https:\/\/pragueartweek.cz\/wp-content\/uploads\/2026\/09\/11.-Propojeni-originalnich-casti-doplnkem-pomocne-prace-3-scaled.jpg","contentUrl":"https:\/\/pragueartweek.cz\/wp-content\/uploads\/2026\/09\/11.-Propojeni-originalnich-casti-doplnkem-pomocne-prace-3-scaled.jpg","width":2560,"height":1707},{"@type":"BreadcrumbList","@id":"https:\/\/pragueartweek.cz\/en\/events\/vita-aeterna-an-exhibition-on-restoration\/#breadcrumb","itemListElement":[{"@type":"ListItem","position":1,"name":"Home","item":"https:\/\/pragueartweek.cz\/en\/"},{"@type":"ListItem","position":2,"name":"Events","item":"https:\/\/pragueartweek.cz\/en\/events\/"},{"@type":"ListItem","position":3,"name":"VITA AETERNA: AN EXHIBITION ON RESTORATION"}]},{"@type":"WebSite","@id":"https:\/\/pragueartweek.cz\/en\/#website","url":"https:\/\/pragueartweek.cz\/en\/","name":"Prague Art Week 26","description":"Prague Art Week je otev\u0159enou platformou pro kooperaci nejv\u00fdznamn\u011bj\u0161\u00edch instituc\u00ed na poli pra\u017esk\u00e9 um\u011bleck\u00e9 sc\u00e9ny.","publisher":{"@id":"https:\/\/pragueartweek.cz\/en\/#organization"},"potentialAction":[{"@type":"SearchAction","target":{"@type":"EntryPoint","urlTemplate":"https:\/\/pragueartweek.cz\/en\/?s={search_term_string}"},"query-input":{"@type":"PropertyValueSpecification","valueRequired":true,"valueName":"search_term_string"}}],"inLanguage":"en-US"},{"@type":"Organization","@id":"https:\/\/pragueartweek.cz\/en\/#organization","name":"Prague Art Week","url":"https:\/\/pragueartweek.cz\/en\/","logo":{"@type":"ImageObject","inLanguage":"en-US","@id":"https:\/\/pragueartweek.cz\/en\/#\/schema\/logo\/image\/","url":"https:\/\/pragueartweek.cz\/wp-content\/uploads\/2022\/04\/LOGO_PAW_bez-roku-02.png","contentUrl":"https:\/\/pragueartweek.cz\/wp-content\/uploads\/2022\/04\/LOGO_PAW_bez-roku-02.png","width":2481,"height":1749,"caption":"Prague Art Week"},"image":{"@id":"https:\/\/pragueartweek.cz\/en\/#\/schema\/logo\/image\/"},"sameAs":["https:\/\/www.facebook.com\/pragueartweek22\/","https:\/\/www.instagram.com\/prague_art_week\/"]}]}},"_links":{"self":[{"href":"https:\/\/pragueartweek.cz\/en\/wp-json\/wp\/v2\/udalosti\/12474","targetHints":{"allow":["GET"]}}],"collection":[{"href":"https:\/\/pragueartweek.cz\/en\/wp-json\/wp\/v2\/udalosti"}],"about":[{"href":"https:\/\/pragueartweek.cz\/en\/wp-json\/wp\/v2\/types\/udalosti"}],"version-history":[{"count":1,"href":"https:\/\/pragueartweek.cz\/en\/wp-json\/wp\/v2\/udalosti\/12474\/revisions"}],"predecessor-version":[{"id":12477,"href":"https:\/\/pragueartweek.cz\/en\/wp-json\/wp\/v2\/udalosti\/12474\/revisions\/12477"}],"wp:featuredmedia":[{"embeddable":true,"href":"https:\/\/pragueartweek.cz\/en\/wp-json\/wp\/v2\/media\/12465"}],"wp:attachment":[{"href":"https:\/\/pragueartweek.cz\/en\/wp-json\/wp\/v2\/media?parent=12474"}],"wp:term":[{"taxonomy":"kategorie","embeddable":true,"href":"https:\/\/pragueartweek.cz\/en\/wp-json\/wp\/v2\/kategorie?post=12474"},{"taxonomy":"lokalita","embeddable":true,"href":"https:\/\/pragueartweek.cz\/en\/wp-json\/wp\/v2\/lokalita?post=12474"},{"taxonomy":"termin","embeddable":true,"href":"https:\/\/pragueartweek.cz\/en\/wp-json\/wp\/v2\/termin?post=12474"}],"curies":[{"name":"wp","href":"https:\/\/api.w.org\/{rel}","templated":true}]}}