{"id":12488,"date":"2026-09-05T13:33:26","date_gmt":"2026-09-05T11:33:26","guid":{"rendered":"https:\/\/pragueartweek.cz\/?post_type=udalosti&#038;p=12488"},"modified":"2026-09-05T13:46:59","modified_gmt":"2026-09-05T11:46:59","slug":"headless-rider","status":"publish","type":"udalosti","link":"https:\/\/pragueartweek.cz\/en\/events\/headless-rider\/","title":{"rendered":"HEADLESS RIDER"},"content":{"rendered":"<p>Headless Rider, a group of four young students from the Academy of Fine Arts in Prague, was both a symptom of the euphoria and uncertainty of the 1990s and the result of a unique encounter between artists with strong personalities. The members of the group were united by a deep interest in neo-avant-garde art, classical literature, science fiction, and DIY, which at that time contrasted sharply with the one-dimensional language of advertising, mainstream pop culture, and the imagery of free-market spectacle.<\/p>\n<p><a href=\"https:\/\/www.ghmp.cz\" target=\"_blank\" rel=\"noopener\">Prague City Gallery<\/a><\/p>\n","protected":false},"excerpt":{"rendered":"<p>Headless Rider, a group of four young students from the Academy of Fine Arts in Prague, was both a symptom of the euphoria and uncertainty of the 1990s and the result of a unique encounter between artists with strong personalities. The members of the group were united by a deep interest in neo-avant-garde art, classical&#8230; <a class=\"view-article\" href=\"https:\/\/pragueartweek.cz\/en\/events\/headless-rider\/\">View Article<\/a><\/p>\n","protected":false},"featured_media":12481,"parent":0,"menu_order":0,"template":"","format":"standard","meta":{"_acf_changed":false,"footnotes":""},"kategorie":[36,209,259],"lokalita":[499],"termin":[465],"class_list":["post-12488","udalosti","type-udalosti","status-publish","format-standard","has-post-thumbnail","hentry","kategorie-exhibition","kategorie-guided-tour","kategorie-route-p1-p2","lokalita-prague-city-gallery","termin-25-9","wpautop"],"acf":{"photo_gallery":{"udalost_galerie":[[{"id":12479,"title":"instagram_po cislech11","caption":"","full_image_url":"https:\/\/pragueartweek.cz\/wp-content\/uploads\/2026\/09\/instagram_po-cislech11-scaled.png","thumbnail_image_url":"https:\/\/pragueartweek.cz\/wp-content\/uploads\/2026\/09\/instagram_po-cislech11-264x330.png","large_srcset":"https:\/\/pragueartweek.cz\/wp-content\/uploads\/2026\/09\/instagram_po-cislech11-1056x1320.png 1056w, https:\/\/pragueartweek.cz\/wp-content\/uploads\/2026\/09\/instagram_po-cislech11-528x660.png 528w, https:\/\/pragueartweek.cz\/wp-content\/uploads\/2026\/09\/instagram_po-cislech11-264x330.png 264w, https:\/\/pragueartweek.cz\/wp-content\/uploads\/2026\/09\/instagram_po-cislech11-768x960.png 768w, https:\/\/pragueartweek.cz\/wp-content\/uploads\/2026\/09\/instagram_po-cislech11-1229x1536.png 1229w, https:\/\/pragueartweek.cz\/wp-content\/uploads\/2026\/09\/instagram_po-cislech11-1638x2048.png 1638w, https:\/\/pragueartweek.cz\/wp-content\/uploads\/2026\/09\/instagram_po-cislech11-scaled.png 2048w","medium_srcset":"https:\/\/pragueartweek.cz\/wp-content\/uploads\/2026\/09\/instagram_po-cislech11-528x660.png 528w, https:\/\/pragueartweek.cz\/wp-content\/uploads\/2026\/09\/instagram_po-cislech11-1056x1320.png 1056w, https:\/\/pragueartweek.cz\/wp-content\/uploads\/2026\/09\/instagram_po-cislech11-264x330.png 264w, https:\/\/pragueartweek.cz\/wp-content\/uploads\/2026\/09\/instagram_po-cislech11-768x960.png 768w, https:\/\/pragueartweek.cz\/wp-content\/uploads\/2026\/09\/instagram_po-cislech11-1229x1536.png 1229w, https:\/\/pragueartweek.cz\/wp-content\/uploads\/2026\/09\/instagram_po-cislech11-1638x2048.png 1638w, https:\/\/pragueartweek.cz\/wp-content\/uploads\/2026\/09\/instagram_po-cislech11-scaled.png 2048w","media_details":{"width":2048,"height":2560,"sizes":{"medium":{"file":"instagram_po-cislech11-528x660.png","width":528,"height":660,"mime-type":"image\/png","filesize":538543,"source_url":"https:\/\/pragueartweek.cz\/wp-content\/uploads\/2026\/09\/instagram_po-cislech11-528x660.png"},"large":{"file":"instagram_po-cislech11-1056x1320.png","width":1056,"height":1320,"mime-type":"image\/png","filesize":1898638,"source_url":"https:\/\/pragueartweek.cz\/wp-content\/uploads\/2026\/09\/instagram_po-cislech11-1056x1320.png"},"thumbnail":{"file":"instagram_po-cislech11-264x330.png","width":264,"height":330,"mime-type":"image\/png","filesize":153638,"source_url":"https:\/\/pragueartweek.cz\/wp-content\/uploads\/2026\/09\/instagram_po-cislech11-264x330.png"},"medium_large":{"file":"instagram_po-cislech11-768x960.png","width":768,"height":960,"mime-type":"image\/png","filesize":1058824,"source_url":"https:\/\/pragueartweek.cz\/wp-content\/uploads\/2026\/09\/instagram_po-cislech11-768x960.png"},"1536x1536":{"file":"instagram_po-cislech11-1229x1536.png","width":1229,"height":1536,"mime-type":"image\/png","filesize":2507497,"source_url":"https:\/\/pragueartweek.cz\/wp-content\/uploads\/2026\/09\/instagram_po-cislech11-1229x1536.png"},"2048x2048":{"file":"instagram_po-cislech11-1638x2048.png","width":1638,"height":2048,"mime-type":"image\/png","filesize":4240270,"source_url":"https:\/\/pragueartweek.cz\/wp-content\/uploads\/2026\/09\/instagram_po-cislech11-1638x2048.png"},"cmplz_banner_image":{"file":"instagram_po-cislech11-350x100.png","width":350,"height":100,"mime-type":"image\/png","filesize":55127,"source_url":"https:\/\/pragueartweek.cz\/wp-content\/uploads\/2026\/09\/instagram_po-cislech11-350x100.png"}}},"alt_text":"","url":"","target":""},{"id":12483,"title":"Bezhlavy-jezdec_Dum-U-kammeneho-zvonu-GHMP_ph_Jan_Kolsky_11","caption":"","full_image_url":"https:\/\/pragueartweek.cz\/wp-content\/uploads\/2026\/09\/Bezhlavy-jezdec_Dum-U-kammeneho-zvonu-GHMP_ph_Jan_Kolsky_11-scaled.jpg","thumbnail_image_url":"https:\/\/pragueartweek.cz\/wp-content\/uploads\/2026\/09\/Bezhlavy-jezdec_Dum-U-kammeneho-zvonu-GHMP_ph_Jan_Kolsky_11-450x300.jpg","large_srcset":"https:\/\/pragueartweek.cz\/wp-content\/uploads\/2026\/09\/Bezhlavy-jezdec_Dum-U-kammeneho-zvonu-GHMP_ph_Jan_Kolsky_11-1800x1200.jpg 1800w, https:\/\/pragueartweek.cz\/wp-content\/uploads\/2026\/09\/Bezhlavy-jezdec_Dum-U-kammeneho-zvonu-GHMP_ph_Jan_Kolsky_11-900x600.jpg 900w, https:\/\/pragueartweek.cz\/wp-content\/uploads\/2026\/09\/Bezhlavy-jezdec_Dum-U-kammeneho-zvonu-GHMP_ph_Jan_Kolsky_11-450x300.jpg 450w, https:\/\/pragueartweek.cz\/wp-content\/uploads\/2026\/09\/Bezhlavy-jezdec_Dum-U-kammeneho-zvonu-GHMP_ph_Jan_Kolsky_11-768x512.jpg 768w, https:\/\/pragueartweek.cz\/wp-content\/uploads\/2026\/09\/Bezhlavy-jezdec_Dum-U-kammeneho-zvonu-GHMP_ph_Jan_Kolsky_11-1536x1024.jpg 1536w, https:\/\/pragueartweek.cz\/wp-content\/uploads\/2026\/09\/Bezhlavy-jezdec_Dum-U-kammeneho-zvonu-GHMP_ph_Jan_Kolsky_11-2048x1366.jpg 2048w","medium_srcset":"https:\/\/pragueartweek.cz\/wp-content\/uploads\/2026\/09\/Bezhlavy-jezdec_Dum-U-kammeneho-zvonu-GHMP_ph_Jan_Kolsky_11-900x600.jpg 900w, https:\/\/pragueartweek.cz\/wp-content\/uploads\/2026\/09\/Bezhlavy-jezdec_Dum-U-kammeneho-zvonu-GHMP_ph_Jan_Kolsky_11-1800x1200.jpg 1800w, https:\/\/pragueartweek.cz\/wp-content\/uploads\/2026\/09\/Bezhlavy-jezdec_Dum-U-kammeneho-zvonu-GHMP_ph_Jan_Kolsky_11-450x300.jpg 450w, https:\/\/pragueartweek.cz\/wp-content\/uploads\/2026\/09\/Bezhlavy-jezdec_Dum-U-kammeneho-zvonu-GHMP_ph_Jan_Kolsky_11-768x512.jpg 768w, https:\/\/pragueartweek.cz\/wp-content\/uploads\/2026\/09\/Bezhlavy-jezdec_Dum-U-kammeneho-zvonu-GHMP_ph_Jan_Kolsky_11-1536x1024.jpg 1536w, https:\/\/pragueartweek.cz\/wp-content\/uploads\/2026\/09\/Bezhlavy-jezdec_Dum-U-kammeneho-zvonu-GHMP_ph_Jan_Kolsky_11-2048x1366.jpg 2048w","media_details":{"width":2560,"height":1707,"sizes":{"medium":{"file":"Bezhlavy-jezdec_Dum-U-kammeneho-zvonu-GHMP_ph_Jan_Kolsky_11-900x600.jpg","width":900,"height":600,"mime-type":"image\/jpeg","filesize":60713,"source_url":"https:\/\/pragueartweek.cz\/wp-content\/uploads\/2026\/09\/Bezhlavy-jezdec_Dum-U-kammeneho-zvonu-GHMP_ph_Jan_Kolsky_11-900x600.jpg"},"large":{"file":"Bezhlavy-jezdec_Dum-U-kammeneho-zvonu-GHMP_ph_Jan_Kolsky_11-1800x1200.jpg","width":1800,"height":1200,"mime-type":"image\/jpeg","filesize":156759,"source_url":"https:\/\/pragueartweek.cz\/wp-content\/uploads\/2026\/09\/Bezhlavy-jezdec_Dum-U-kammeneho-zvonu-GHMP_ph_Jan_Kolsky_11-1800x1200.jpg"},"thumbnail":{"file":"Bezhlavy-jezdec_Dum-U-kammeneho-zvonu-GHMP_ph_Jan_Kolsky_11-450x300.jpg","width":450,"height":300,"mime-type":"image\/jpeg","filesize":32026,"source_url":"https:\/\/pragueartweek.cz\/wp-content\/uploads\/2026\/09\/Bezhlavy-jezdec_Dum-U-kammeneho-zvonu-GHMP_ph_Jan_Kolsky_11-450x300.jpg"},"medium_large":{"file":"Bezhlavy-jezdec_Dum-U-kammeneho-zvonu-GHMP_ph_Jan_Kolsky_11-768x512.jpg","width":768,"height":512,"mime-type":"image\/jpeg","filesize":50818,"source_url":"https:\/\/pragueartweek.cz\/wp-content\/uploads\/2026\/09\/Bezhlavy-jezdec_Dum-U-kammeneho-zvonu-GHMP_ph_Jan_Kolsky_11-768x512.jpg"},"1536x1536":{"file":"Bezhlavy-jezdec_Dum-U-kammeneho-zvonu-GHMP_ph_Jan_Kolsky_11-1536x1024.jpg","width":1536,"height":1024,"mime-type":"image\/jpeg","filesize":123645,"source_url":"https:\/\/pragueartweek.cz\/wp-content\/uploads\/2026\/09\/Bezhlavy-jezdec_Dum-U-kammeneho-zvonu-GHMP_ph_Jan_Kolsky_11-1536x1024.jpg"},"2048x2048":{"file":"Bezhlavy-jezdec_Dum-U-kammeneho-zvonu-GHMP_ph_Jan_Kolsky_11-2048x1366.jpg","width":2048,"height":1366,"mime-type":"image\/jpeg","filesize":194889,"source_url":"https:\/\/pragueartweek.cz\/wp-content\/uploads\/2026\/09\/Bezhlavy-jezdec_Dum-U-kammeneho-zvonu-GHMP_ph_Jan_Kolsky_11-2048x1366.jpg"},"cmplz_banner_image":{"file":"Bezhlavy-jezdec_Dum-U-kammeneho-zvonu-GHMP_ph_Jan_Kolsky_11-350x100.jpg","width":350,"height":100,"mime-type":"image\/jpeg","filesize":21541,"source_url":"https:\/\/pragueartweek.cz\/wp-content\/uploads\/2026\/09\/Bezhlavy-jezdec_Dum-U-kammeneho-zvonu-GHMP_ph_Jan_Kolsky_11-350x100.jpg"}}},"alt_text":"","url":"","target":""},{"id":12481,"title":"3","caption":"","full_image_url":"https:\/\/pragueartweek.cz\/wp-content\/uploads\/2026\/09\/3-scaled.jpg","thumbnail_image_url":"https:\/\/pragueartweek.cz\/wp-content\/uploads\/2026\/09\/3-450x315.jpg","large_srcset":"https:\/\/pragueartweek.cz\/wp-content\/uploads\/2026\/09\/3-1800x1261.jpg 1800w, https:\/\/pragueartweek.cz\/wp-content\/uploads\/2026\/09\/3-900x631.jpg 900w, https:\/\/pragueartweek.cz\/wp-content\/uploads\/2026\/09\/3-450x315.jpg 450w, https:\/\/pragueartweek.cz\/wp-content\/uploads\/2026\/09\/3-768x538.jpg 768w, https:\/\/pragueartweek.cz\/wp-content\/uploads\/2026\/09\/3-1536x1076.jpg 1536w, https:\/\/pragueartweek.cz\/wp-content\/uploads\/2026\/09\/3-2048x1435.jpg 2048w","medium_srcset":"https:\/\/pragueartweek.cz\/wp-content\/uploads\/2026\/09\/3-900x631.jpg 900w, https:\/\/pragueartweek.cz\/wp-content\/uploads\/2026\/09\/3-1800x1261.jpg 1800w, https:\/\/pragueartweek.cz\/wp-content\/uploads\/2026\/09\/3-450x315.jpg 450w, https:\/\/pragueartweek.cz\/wp-content\/uploads\/2026\/09\/3-768x538.jpg 768w, https:\/\/pragueartweek.cz\/wp-content\/uploads\/2026\/09\/3-1536x1076.jpg 1536w, https:\/\/pragueartweek.cz\/wp-content\/uploads\/2026\/09\/3-2048x1435.jpg 2048w","media_details":{"width":2560,"height":1793,"sizes":{"medium":{"file":"3-900x631.jpg","width":900,"height":631,"mime-type":"image\/jpeg","filesize":110098,"source_url":"https:\/\/pragueartweek.cz\/wp-content\/uploads\/2026\/09\/3-900x631.jpg"},"large":{"file":"3-1800x1261.jpg","width":1800,"height":1261,"mime-type":"image\/jpeg","filesize":302231,"source_url":"https:\/\/pragueartweek.cz\/wp-content\/uploads\/2026\/09\/3-1800x1261.jpg"},"thumbnail":{"file":"3-450x315.jpg","width":450,"height":315,"mime-type":"image\/jpeg","filesize":44500,"source_url":"https:\/\/pragueartweek.cz\/wp-content\/uploads\/2026\/09\/3-450x315.jpg"},"medium_large":{"file":"3-768x538.jpg","width":768,"height":538,"mime-type":"image\/jpeg","filesize":88678,"source_url":"https:\/\/pragueartweek.cz\/wp-content\/uploads\/2026\/09\/3-768x538.jpg"},"1536x1536":{"file":"3-1536x1076.jpg","width":1536,"height":1076,"mime-type":"image\/jpeg","filesize":237613,"source_url":"https:\/\/pragueartweek.cz\/wp-content\/uploads\/2026\/09\/3-1536x1076.jpg"},"2048x2048":{"file":"3-2048x1435.jpg","width":2048,"height":1435,"mime-type":"image\/jpeg","filesize":369939,"source_url":"https:\/\/pragueartweek.cz\/wp-content\/uploads\/2026\/09\/3-2048x1435.jpg"},"cmplz_banner_image":{"file":"3-350x100.jpg","width":350,"height":100,"mime-type":"image\/jpeg","filesize":27770,"source_url":"https:\/\/pragueartweek.cz\/wp-content\/uploads\/2026\/09\/3-350x100.jpg"}}},"alt_text":"","url":"","target":""}]]}},"yoast_head":"<!-- This site is optimized with the Yoast SEO plugin v27.4 - https:\/\/yoast.com\/product\/yoast-seo-wordpress\/ -->\n<title>HEADLESS RIDER | Prague Art Week 26<\/title>\n<meta name=\"robots\" content=\"index, follow, max-snippet:-1, max-image-preview:large, max-video-preview:-1\" \/>\n<link rel=\"canonical\" href=\"https:\/\/pragueartweek.cz\/en\/events\/headless-rider\/\" \/>\n<meta property=\"og:locale\" content=\"en_US\" \/>\n<meta property=\"og:type\" content=\"article\" \/>\n<meta property=\"og:title\" content=\"HEADLESS RIDER | Prague Art Week 26\" \/>\n<meta property=\"og:description\" content=\"Headless Rider, a group of four young students from the Academy of Fine Arts in Prague, was both a symptom of the euphoria and uncertainty of the 1990s and the result of a unique encounter between artists with strong personalities. The members of the group were united by a deep interest in neo-avant-garde art, classical... View Article\" \/>\n<meta property=\"og:url\" content=\"https:\/\/pragueartweek.cz\/en\/events\/headless-rider\/\" \/>\n<meta property=\"og:site_name\" content=\"Prague Art Week 26\" \/>\n<meta property=\"article:publisher\" content=\"https:\/\/www.facebook.com\/pragueartweek22\/\" \/>\n<meta property=\"article:modified_time\" content=\"2026-09-05T11:46:59+00:00\" \/>\n<meta property=\"og:image\" content=\"https:\/\/pragueartweek.cz\/wp-content\/uploads\/2026\/09\/3-scaled.jpg\" \/>\n\t<meta property=\"og:image:width\" content=\"2560\" \/>\n\t<meta property=\"og:image:height\" content=\"1793\" \/>\n\t<meta property=\"og:image:type\" content=\"image\/jpeg\" \/>\n<meta name=\"twitter:card\" content=\"summary_large_image\" \/>\n<meta name=\"twitter:label1\" content=\"Est. reading time\" \/>\n\t<meta name=\"twitter:data1\" content=\"2 minutes\" \/>\n<script type=\"application\/ld+json\" class=\"yoast-schema-graph\">{\"@context\":\"https:\\\/\\\/schema.org\",\"@graph\":[{\"@type\":\"WebPage\",\"@id\":\"https:\\\/\\\/pragueartweek.cz\\\/en\\\/events\\\/headless-rider\\\/\",\"url\":\"https:\\\/\\\/pragueartweek.cz\\\/en\\\/events\\\/headless-rider\\\/\",\"name\":\"HEADLESS RIDER | Prague Art Week 26\",\"isPartOf\":{\"@id\":\"https:\\\/\\\/pragueartweek.cz\\\/en\\\/#website\"},\"primaryImageOfPage\":{\"@id\":\"https:\\\/\\\/pragueartweek.cz\\\/en\\\/events\\\/headless-rider\\\/#primaryimage\"},\"image\":{\"@id\":\"https:\\\/\\\/pragueartweek.cz\\\/en\\\/events\\\/headless-rider\\\/#primaryimage\"},\"thumbnailUrl\":\"https:\\\/\\\/pragueartweek.cz\\\/wp-content\\\/uploads\\\/2026\\\/09\\\/3-scaled.jpg\",\"datePublished\":\"2026-09-05T11:33:26+00:00\",\"dateModified\":\"2026-09-05T11:46:59+00:00\",\"breadcrumb\":{\"@id\":\"https:\\\/\\\/pragueartweek.cz\\\/en\\\/events\\\/headless-rider\\\/#breadcrumb\"},\"inLanguage\":\"en-US\",\"potentialAction\":[{\"@type\":\"ReadAction\",\"target\":[\"https:\\\/\\\/pragueartweek.cz\\\/en\\\/events\\\/headless-rider\\\/\"]}]},{\"@type\":\"ImageObject\",\"inLanguage\":\"en-US\",\"@id\":\"https:\\\/\\\/pragueartweek.cz\\\/en\\\/events\\\/headless-rider\\\/#primaryimage\",\"url\":\"https:\\\/\\\/pragueartweek.cz\\\/wp-content\\\/uploads\\\/2026\\\/09\\\/3-scaled.jpg\",\"contentUrl\":\"https:\\\/\\\/pragueartweek.cz\\\/wp-content\\\/uploads\\\/2026\\\/09\\\/3-scaled.jpg\",\"width\":2560,\"height\":1793},{\"@type\":\"BreadcrumbList\",\"@id\":\"https:\\\/\\\/pragueartweek.cz\\\/en\\\/events\\\/headless-rider\\\/#breadcrumb\",\"itemListElement\":[{\"@type\":\"ListItem\",\"position\":1,\"name\":\"Home\",\"item\":\"https:\\\/\\\/pragueartweek.cz\\\/en\\\/\"},{\"@type\":\"ListItem\",\"position\":2,\"name\":\"Events\",\"item\":\"https:\\\/\\\/pragueartweek.cz\\\/en\\\/events\\\/\"},{\"@type\":\"ListItem\",\"position\":3,\"name\":\"HEADLESS RIDER\"}]},{\"@type\":\"WebSite\",\"@id\":\"https:\\\/\\\/pragueartweek.cz\\\/en\\\/#website\",\"url\":\"https:\\\/\\\/pragueartweek.cz\\\/en\\\/\",\"name\":\"Prague Art Week 26\",\"description\":\"Prague Art Week je otev\u0159enou platformou pro kooperaci nejv\u00fdznamn\u011bj\u0161\u00edch instituc\u00ed na poli pra\u017esk\u00e9 um\u011bleck\u00e9 sc\u00e9ny.\",\"publisher\":{\"@id\":\"https:\\\/\\\/pragueartweek.cz\\\/en\\\/#organization\"},\"potentialAction\":[{\"@type\":\"SearchAction\",\"target\":{\"@type\":\"EntryPoint\",\"urlTemplate\":\"https:\\\/\\\/pragueartweek.cz\\\/en\\\/?s={search_term_string}\"},\"query-input\":{\"@type\":\"PropertyValueSpecification\",\"valueRequired\":true,\"valueName\":\"search_term_string\"}}],\"inLanguage\":\"en-US\"},{\"@type\":\"Organization\",\"@id\":\"https:\\\/\\\/pragueartweek.cz\\\/en\\\/#organization\",\"name\":\"Prague Art Week\",\"url\":\"https:\\\/\\\/pragueartweek.cz\\\/en\\\/\",\"logo\":{\"@type\":\"ImageObject\",\"inLanguage\":\"en-US\",\"@id\":\"https:\\\/\\\/pragueartweek.cz\\\/en\\\/#\\\/schema\\\/logo\\\/image\\\/\",\"url\":\"https:\\\/\\\/pragueartweek.cz\\\/wp-content\\\/uploads\\\/2022\\\/04\\\/LOGO_PAW_bez-roku-02.png\",\"contentUrl\":\"https:\\\/\\\/pragueartweek.cz\\\/wp-content\\\/uploads\\\/2022\\\/04\\\/LOGO_PAW_bez-roku-02.png\",\"width\":2481,\"height\":1749,\"caption\":\"Prague Art Week\"},\"image\":{\"@id\":\"https:\\\/\\\/pragueartweek.cz\\\/en\\\/#\\\/schema\\\/logo\\\/image\\\/\"},\"sameAs\":[\"https:\\\/\\\/www.facebook.com\\\/pragueartweek22\\\/\",\"https:\\\/\\\/www.instagram.com\\\/prague_art_week\\\/\"]}]}<\/script>\n<!-- \/ Yoast SEO plugin. -->","yoast_head_json":{"title":"HEADLESS RIDER | Prague Art Week 26","robots":{"index":"index","follow":"follow","max-snippet":"max-snippet:-1","max-image-preview":"max-image-preview:large","max-video-preview":"max-video-preview:-1"},"canonical":"https:\/\/pragueartweek.cz\/en\/events\/headless-rider\/","og_locale":"en_US","og_type":"article","og_title":"HEADLESS RIDER | Prague Art Week 26","og_description":"Headless Rider, a group of four young students from the Academy of Fine Arts in Prague, was both a symptom of the euphoria and uncertainty of the 1990s and the result of a unique encounter between artists with strong personalities. The members of the group were united by a deep interest in neo-avant-garde art, classical... View Article","og_url":"https:\/\/pragueartweek.cz\/en\/events\/headless-rider\/","og_site_name":"Prague Art Week 26","article_publisher":"https:\/\/www.facebook.com\/pragueartweek22\/","article_modified_time":"2026-09-05T11:46:59+00:00","og_image":[{"width":2560,"height":1793,"url":"https:\/\/pragueartweek.cz\/wp-content\/uploads\/2026\/09\/3-scaled.jpg","type":"image\/jpeg"}],"twitter_card":"summary_large_image","twitter_misc":{"Est. reading time":"2 minutes"},"schema":{"@context":"https:\/\/schema.org","@graph":[{"@type":"WebPage","@id":"https:\/\/pragueartweek.cz\/en\/events\/headless-rider\/","url":"https:\/\/pragueartweek.cz\/en\/events\/headless-rider\/","name":"HEADLESS RIDER | Prague Art Week 26","isPartOf":{"@id":"https:\/\/pragueartweek.cz\/en\/#website"},"primaryImageOfPage":{"@id":"https:\/\/pragueartweek.cz\/en\/events\/headless-rider\/#primaryimage"},"image":{"@id":"https:\/\/pragueartweek.cz\/en\/events\/headless-rider\/#primaryimage"},"thumbnailUrl":"https:\/\/pragueartweek.cz\/wp-content\/uploads\/2026\/09\/3-scaled.jpg","datePublished":"2026-09-05T11:33:26+00:00","dateModified":"2026-09-05T11:46:59+00:00","breadcrumb":{"@id":"https:\/\/pragueartweek.cz\/en\/events\/headless-rider\/#breadcrumb"},"inLanguage":"en-US","potentialAction":[{"@type":"ReadAction","target":["https:\/\/pragueartweek.cz\/en\/events\/headless-rider\/"]}]},{"@type":"ImageObject","inLanguage":"en-US","@id":"https:\/\/pragueartweek.cz\/en\/events\/headless-rider\/#primaryimage","url":"https:\/\/pragueartweek.cz\/wp-content\/uploads\/2026\/09\/3-scaled.jpg","contentUrl":"https:\/\/pragueartweek.cz\/wp-content\/uploads\/2026\/09\/3-scaled.jpg","width":2560,"height":1793},{"@type":"BreadcrumbList","@id":"https:\/\/pragueartweek.cz\/en\/events\/headless-rider\/#breadcrumb","itemListElement":[{"@type":"ListItem","position":1,"name":"Home","item":"https:\/\/pragueartweek.cz\/en\/"},{"@type":"ListItem","position":2,"name":"Events","item":"https:\/\/pragueartweek.cz\/en\/events\/"},{"@type":"ListItem","position":3,"name":"HEADLESS RIDER"}]},{"@type":"WebSite","@id":"https:\/\/pragueartweek.cz\/en\/#website","url":"https:\/\/pragueartweek.cz\/en\/","name":"Prague Art Week 26","description":"Prague Art Week je otev\u0159enou platformou pro kooperaci nejv\u00fdznamn\u011bj\u0161\u00edch instituc\u00ed na poli pra\u017esk\u00e9 um\u011bleck\u00e9 sc\u00e9ny.","publisher":{"@id":"https:\/\/pragueartweek.cz\/en\/#organization"},"potentialAction":[{"@type":"SearchAction","target":{"@type":"EntryPoint","urlTemplate":"https:\/\/pragueartweek.cz\/en\/?s={search_term_string}"},"query-input":{"@type":"PropertyValueSpecification","valueRequired":true,"valueName":"search_term_string"}}],"inLanguage":"en-US"},{"@type":"Organization","@id":"https:\/\/pragueartweek.cz\/en\/#organization","name":"Prague Art Week","url":"https:\/\/pragueartweek.cz\/en\/","logo":{"@type":"ImageObject","inLanguage":"en-US","@id":"https:\/\/pragueartweek.cz\/en\/#\/schema\/logo\/image\/","url":"https:\/\/pragueartweek.cz\/wp-content\/uploads\/2022\/04\/LOGO_PAW_bez-roku-02.png","contentUrl":"https:\/\/pragueartweek.cz\/wp-content\/uploads\/2022\/04\/LOGO_PAW_bez-roku-02.png","width":2481,"height":1749,"caption":"Prague Art Week"},"image":{"@id":"https:\/\/pragueartweek.cz\/en\/#\/schema\/logo\/image\/"},"sameAs":["https:\/\/www.facebook.com\/pragueartweek22\/","https:\/\/www.instagram.com\/prague_art_week\/"]}]}},"_links":{"self":[{"href":"https:\/\/pragueartweek.cz\/en\/wp-json\/wp\/v2\/udalosti\/12488","targetHints":{"allow":["GET"]}}],"collection":[{"href":"https:\/\/pragueartweek.cz\/en\/wp-json\/wp\/v2\/udalosti"}],"about":[{"href":"https:\/\/pragueartweek.cz\/en\/wp-json\/wp\/v2\/types\/udalosti"}],"version-history":[{"count":1,"href":"https:\/\/pragueartweek.cz\/en\/wp-json\/wp\/v2\/udalosti\/12488\/revisions"}],"predecessor-version":[{"id":12489,"href":"https:\/\/pragueartweek.cz\/en\/wp-json\/wp\/v2\/udalosti\/12488\/revisions\/12489"}],"wp:featuredmedia":[{"embeddable":true,"href":"https:\/\/pragueartweek.cz\/en\/wp-json\/wp\/v2\/media\/12481"}],"wp:attachment":[{"href":"https:\/\/pragueartweek.cz\/en\/wp-json\/wp\/v2\/media?parent=12488"}],"wp:term":[{"taxonomy":"kategorie","embeddable":true,"href":"https:\/\/pragueartweek.cz\/en\/wp-json\/wp\/v2\/kategorie?post=12488"},{"taxonomy":"lokalita","embeddable":true,"href":"https:\/\/pragueartweek.cz\/en\/wp-json\/wp\/v2\/lokalita?post=12488"},{"taxonomy":"termin","embeddable":true,"href":"https:\/\/pragueartweek.cz\/en\/wp-json\/wp\/v2\/termin?post=12488"}],"curies":[{"name":"wp","href":"https:\/\/api.w.org\/{rel}","templated":true}]}}