{"id":12505,"date":"2026-09-05T13:57:52","date_gmt":"2026-09-05T11:57:52","guid":{"rendered":"https:\/\/pragueartweek.cz\/?post_type=udalosti&#038;p=12505"},"modified":"2026-09-05T14:00:44","modified_gmt":"2026-09-05T12:00:44","slug":"you-cant-return-you-are-here","status":"publish","type":"udalosti","link":"https:\/\/pragueartweek.cz\/en\/events\/you-cant-return-you-are-here\/","title":{"rendered":"YOU CAN\u2019T RETURN, YOU ARE HERE"},"content":{"rendered":"<p>The exhibition is the joint output of artists who build their work on mutuality, listening, and creative collaboration. Their collective work draws on personal memories and explores how our identity, environment, and relationship to the past transform over time. Translucent casts of objects, clothing, and everyday items serve as reminders of memories that fade while remaining present. The artists bend, layer, and interconnect these objects, altering their form and meaning. That which we know from the past thus reappears before us\u2014slightly different, with distance, and with a new significance.<span class=\"Apple-converted-space\">&nbsp;<\/span><\/p>\n<p><a href=\"https:\/\/www.karpuchina.gallery\/en\" target=\"_blank\" rel=\"noopener\">Karpuchina Gallery<\/a><\/p>\n","protected":false},"excerpt":{"rendered":"<p>The exhibition is the joint output of artists who build their work on mutuality, listening, and creative collaboration. Their collective work draws on personal memories and explores how our identity, environment, and relationship to the past transform over time. Translucent casts of objects, clothing, and everyday items serve as reminders of memories that fade while&#8230; <a class=\"view-article\" href=\"https:\/\/pragueartweek.cz\/en\/events\/you-cant-return-you-are-here\/\">View Article<\/a><\/p>\n","protected":false},"featured_media":12503,"parent":0,"menu_order":0,"template":"","format":"standard","meta":{"_acf_changed":false,"footnotes":""},"kategorie":[36,209,239,259],"lokalita":[501],"termin":[464,466,467],"class_list":["post-12505","udalosti","type-udalosti","status-publish","format-standard","has-post-thumbnail","hentry","kategorie-exhibition","kategorie-guided-tour","kategorie-open-studios","kategorie-route-p1-p2","lokalita-karpuchina-gallery","termin-24-9","termin-26-9","termin-27-9","wpautop"],"acf":{"photo_gallery":{"udalost_galerie":[[{"id":12493,"title":"instagram_po cislech10","caption":"","full_image_url":"https:\/\/pragueartweek.cz\/wp-content\/uploads\/2026\/09\/instagram_po-cislech10-scaled.png","thumbnail_image_url":"https:\/\/pragueartweek.cz\/wp-content\/uploads\/2026\/09\/instagram_po-cislech10-264x330.png","large_srcset":"https:\/\/pragueartweek.cz\/wp-content\/uploads\/2026\/09\/instagram_po-cislech10-1056x1320.png 1056w, https:\/\/pragueartweek.cz\/wp-content\/uploads\/2026\/09\/instagram_po-cislech10-528x660.png 528w, https:\/\/pragueartweek.cz\/wp-content\/uploads\/2026\/09\/instagram_po-cislech10-264x330.png 264w, https:\/\/pragueartweek.cz\/wp-content\/uploads\/2026\/09\/instagram_po-cislech10-768x960.png 768w, https:\/\/pragueartweek.cz\/wp-content\/uploads\/2026\/09\/instagram_po-cislech10-1229x1536.png 1229w, https:\/\/pragueartweek.cz\/wp-content\/uploads\/2026\/09\/instagram_po-cislech10-1638x2048.png 1638w, https:\/\/pragueartweek.cz\/wp-content\/uploads\/2026\/09\/instagram_po-cislech10-scaled.png 2048w","medium_srcset":"https:\/\/pragueartweek.cz\/wp-content\/uploads\/2026\/09\/instagram_po-cislech10-528x660.png 528w, https:\/\/pragueartweek.cz\/wp-content\/uploads\/2026\/09\/instagram_po-cislech10-1056x1320.png 1056w, https:\/\/pragueartweek.cz\/wp-content\/uploads\/2026\/09\/instagram_po-cislech10-264x330.png 264w, https:\/\/pragueartweek.cz\/wp-content\/uploads\/2026\/09\/instagram_po-cislech10-768x960.png 768w, https:\/\/pragueartweek.cz\/wp-content\/uploads\/2026\/09\/instagram_po-cislech10-1229x1536.png 1229w, https:\/\/pragueartweek.cz\/wp-content\/uploads\/2026\/09\/instagram_po-cislech10-1638x2048.png 1638w, https:\/\/pragueartweek.cz\/wp-content\/uploads\/2026\/09\/instagram_po-cislech10-scaled.png 2048w","media_details":{"width":2048,"height":2560,"sizes":{"medium":{"file":"instagram_po-cislech10-528x660.png","width":528,"height":660,"mime-type":"image\/png","filesize":356004,"source_url":"https:\/\/pragueartweek.cz\/wp-content\/uploads\/2026\/09\/instagram_po-cislech10-528x660.png"},"large":{"file":"instagram_po-cislech10-1056x1320.png","width":1056,"height":1320,"mime-type":"image\/png","filesize":1676016,"source_url":"https:\/\/pragueartweek.cz\/wp-content\/uploads\/2026\/09\/instagram_po-cislech10-1056x1320.png"},"thumbnail":{"file":"instagram_po-cislech10-264x330.png","width":264,"height":330,"mime-type":"image\/png","filesize":88066,"source_url":"https:\/\/pragueartweek.cz\/wp-content\/uploads\/2026\/09\/instagram_po-cislech10-264x330.png"},"medium_large":{"file":"instagram_po-cislech10-768x960.png","width":768,"height":960,"mime-type":"image\/png","filesize":803638,"source_url":"https:\/\/pragueartweek.cz\/wp-content\/uploads\/2026\/09\/instagram_po-cislech10-768x960.png"},"1536x1536":{"file":"instagram_po-cislech10-1229x1536.png","width":1229,"height":1536,"mime-type":"image\/png","filesize":2358409,"source_url":"https:\/\/pragueartweek.cz\/wp-content\/uploads\/2026\/09\/instagram_po-cislech10-1229x1536.png"},"2048x2048":{"file":"instagram_po-cislech10-1638x2048.png","width":1638,"height":2048,"mime-type":"image\/png","filesize":4379679,"source_url":"https:\/\/pragueartweek.cz\/wp-content\/uploads\/2026\/09\/instagram_po-cislech10-1638x2048.png"},"cmplz_banner_image":{"file":"instagram_po-cislech10-350x100.png","width":350,"height":100,"mime-type":"image\/png","filesize":40068,"source_url":"https:\/\/pragueartweek.cz\/wp-content\/uploads\/2026\/09\/instagram_po-cislech10-350x100.png"}}},"alt_text":"","url":"","target":""},{"id":12497,"title":"Margarita Ivy, Bystr\u00edk Kl\u010do - My Dress, 2026 - fotografie od Ad\u00e9ly Zl\u00e1malov\u00e9","caption":"","full_image_url":"https:\/\/pragueartweek.cz\/wp-content\/uploads\/2026\/09\/Margarita-Ivy-Bystrik-Klco-My-Dress-2026-fotografie-od-Adely-Zlamalove-scaled.jpg","thumbnail_image_url":"https:\/\/pragueartweek.cz\/wp-content\/uploads\/2026\/09\/Margarita-Ivy-Bystrik-Klco-My-Dress-2026-fotografie-od-Adely-Zlamalove-264x330.jpg","large_srcset":"https:\/\/pragueartweek.cz\/wp-content\/uploads\/2026\/09\/Margarita-Ivy-Bystrik-Klco-My-Dress-2026-fotografie-od-Adely-Zlamalove-1056x1320.jpg 1056w, https:\/\/pragueartweek.cz\/wp-content\/uploads\/2026\/09\/Margarita-Ivy-Bystrik-Klco-My-Dress-2026-fotografie-od-Adely-Zlamalove-528x660.jpg 528w, https:\/\/pragueartweek.cz\/wp-content\/uploads\/2026\/09\/Margarita-Ivy-Bystrik-Klco-My-Dress-2026-fotografie-od-Adely-Zlamalove-264x330.jpg 264w, https:\/\/pragueartweek.cz\/wp-content\/uploads\/2026\/09\/Margarita-Ivy-Bystrik-Klco-My-Dress-2026-fotografie-od-Adely-Zlamalove-768x960.jpg 768w, https:\/\/pragueartweek.cz\/wp-content\/uploads\/2026\/09\/Margarita-Ivy-Bystrik-Klco-My-Dress-2026-fotografie-od-Adely-Zlamalove-1229x1536.jpg 1229w, https:\/\/pragueartweek.cz\/wp-content\/uploads\/2026\/09\/Margarita-Ivy-Bystrik-Klco-My-Dress-2026-fotografie-od-Adely-Zlamalove-1638x2048.jpg 1638w, https:\/\/pragueartweek.cz\/wp-content\/uploads\/2026\/09\/Margarita-Ivy-Bystrik-Klco-My-Dress-2026-fotografie-od-Adely-Zlamalove-scaled.jpg 2048w","medium_srcset":"https:\/\/pragueartweek.cz\/wp-content\/uploads\/2026\/09\/Margarita-Ivy-Bystrik-Klco-My-Dress-2026-fotografie-od-Adely-Zlamalove-528x660.jpg 528w, https:\/\/pragueartweek.cz\/wp-content\/uploads\/2026\/09\/Margarita-Ivy-Bystrik-Klco-My-Dress-2026-fotografie-od-Adely-Zlamalove-1056x1320.jpg 1056w, https:\/\/pragueartweek.cz\/wp-content\/uploads\/2026\/09\/Margarita-Ivy-Bystrik-Klco-My-Dress-2026-fotografie-od-Adely-Zlamalove-264x330.jpg 264w, https:\/\/pragueartweek.cz\/wp-content\/uploads\/2026\/09\/Margarita-Ivy-Bystrik-Klco-My-Dress-2026-fotografie-od-Adely-Zlamalove-768x960.jpg 768w, https:\/\/pragueartweek.cz\/wp-content\/uploads\/2026\/09\/Margarita-Ivy-Bystrik-Klco-My-Dress-2026-fotografie-od-Adely-Zlamalove-1229x1536.jpg 1229w, https:\/\/pragueartweek.cz\/wp-content\/uploads\/2026\/09\/Margarita-Ivy-Bystrik-Klco-My-Dress-2026-fotografie-od-Adely-Zlamalove-1638x2048.jpg 1638w, https:\/\/pragueartweek.cz\/wp-content\/uploads\/2026\/09\/Margarita-Ivy-Bystrik-Klco-My-Dress-2026-fotografie-od-Adely-Zlamalove-scaled.jpg 2048w","media_details":{"width":2048,"height":2560,"sizes":{"medium":{"file":"Margarita-Ivy-Bystrik-Klco-My-Dress-2026-fotografie-od-Adely-Zlamalove-528x660.jpg","width":528,"height":660,"mime-type":"image\/jpeg","filesize":255693,"source_url":"https:\/\/pragueartweek.cz\/wp-content\/uploads\/2026\/09\/Margarita-Ivy-Bystrik-Klco-My-Dress-2026-fotografie-od-Adely-Zlamalove-528x660.jpg"},"large":{"file":"Margarita-Ivy-Bystrik-Klco-My-Dress-2026-fotografie-od-Adely-Zlamalove-1056x1320.jpg","width":1056,"height":1320,"mime-type":"image\/jpeg","filesize":321187,"source_url":"https:\/\/pragueartweek.cz\/wp-content\/uploads\/2026\/09\/Margarita-Ivy-Bystrik-Klco-My-Dress-2026-fotografie-od-Adely-Zlamalove-1056x1320.jpg"},"thumbnail":{"file":"Margarita-Ivy-Bystrik-Klco-My-Dress-2026-fotografie-od-Adely-Zlamalove-264x330.jpg","width":264,"height":330,"mime-type":"image\/jpeg","filesize":236405,"source_url":"https:\/\/pragueartweek.cz\/wp-content\/uploads\/2026\/09\/Margarita-Ivy-Bystrik-Klco-My-Dress-2026-fotografie-od-Adely-Zlamalove-264x330.jpg"},"medium_large":{"file":"Margarita-Ivy-Bystrik-Klco-My-Dress-2026-fotografie-od-Adely-Zlamalove-768x960.jpg","width":768,"height":960,"mime-type":"image\/jpeg","filesize":281248,"source_url":"https:\/\/pragueartweek.cz\/wp-content\/uploads\/2026\/09\/Margarita-Ivy-Bystrik-Klco-My-Dress-2026-fotografie-od-Adely-Zlamalove-768x960.jpg"},"1536x1536":{"file":"Margarita-Ivy-Bystrik-Klco-My-Dress-2026-fotografie-od-Adely-Zlamalove-1229x1536.jpg","width":1229,"height":1536,"mime-type":"image\/jpeg","filesize":349959,"source_url":"https:\/\/pragueartweek.cz\/wp-content\/uploads\/2026\/09\/Margarita-Ivy-Bystrik-Klco-My-Dress-2026-fotografie-od-Adely-Zlamalove-1229x1536.jpg"},"2048x2048":{"file":"Margarita-Ivy-Bystrik-Klco-My-Dress-2026-fotografie-od-Adely-Zlamalove-1638x2048.jpg","width":1638,"height":2048,"mime-type":"image\/jpeg","filesize":432856,"source_url":"https:\/\/pragueartweek.cz\/wp-content\/uploads\/2026\/09\/Margarita-Ivy-Bystrik-Klco-My-Dress-2026-fotografie-od-Adely-Zlamalove-1638x2048.jpg"},"cmplz_banner_image":{"file":"Margarita-Ivy-Bystrik-Klco-My-Dress-2026-fotografie-od-Adely-Zlamalove-350x100.jpg","width":350,"height":100,"mime-type":"image\/jpeg","filesize":233191,"source_url":"https:\/\/pragueartweek.cz\/wp-content\/uploads\/2026\/09\/Margarita-Ivy-Bystrik-Klco-My-Dress-2026-fotografie-od-Adely-Zlamalove-350x100.jpg"}}},"alt_text":"","url":"","target":""},{"id":12495,"title":"Margarita Ivy, Bystr\u00edk Kl\u010do - Our Shoes, 2026 - fotografie od Ad\u00e9ly Zl\u00e1malov\u00e9","caption":"","full_image_url":"https:\/\/pragueartweek.cz\/wp-content\/uploads\/2026\/09\/Margarita-Ivy-Bystrik-Klco-Our-Shoes-2026-fotografie-od-Adely-Zlamalove-scaled.jpg","thumbnail_image_url":"https:\/\/pragueartweek.cz\/wp-content\/uploads\/2026\/09\/Margarita-Ivy-Bystrik-Klco-Our-Shoes-2026-fotografie-od-Adely-Zlamalove-264x330.jpg","large_srcset":"https:\/\/pragueartweek.cz\/wp-content\/uploads\/2026\/09\/Margarita-Ivy-Bystrik-Klco-Our-Shoes-2026-fotografie-od-Adely-Zlamalove-1056x1320.jpg 1056w, https:\/\/pragueartweek.cz\/wp-content\/uploads\/2026\/09\/Margarita-Ivy-Bystrik-Klco-Our-Shoes-2026-fotografie-od-Adely-Zlamalove-528x660.jpg 528w, https:\/\/pragueartweek.cz\/wp-content\/uploads\/2026\/09\/Margarita-Ivy-Bystrik-Klco-Our-Shoes-2026-fotografie-od-Adely-Zlamalove-264x330.jpg 264w, https:\/\/pragueartweek.cz\/wp-content\/uploads\/2026\/09\/Margarita-Ivy-Bystrik-Klco-Our-Shoes-2026-fotografie-od-Adely-Zlamalove-768x960.jpg 768w, https:\/\/pragueartweek.cz\/wp-content\/uploads\/2026\/09\/Margarita-Ivy-Bystrik-Klco-Our-Shoes-2026-fotografie-od-Adely-Zlamalove-1229x1536.jpg 1229w, https:\/\/pragueartweek.cz\/wp-content\/uploads\/2026\/09\/Margarita-Ivy-Bystrik-Klco-Our-Shoes-2026-fotografie-od-Adely-Zlamalove-1639x2048.jpg 1639w, https:\/\/pragueartweek.cz\/wp-content\/uploads\/2026\/09\/Margarita-Ivy-Bystrik-Klco-Our-Shoes-2026-fotografie-od-Adely-Zlamalove-scaled.jpg 2048w","medium_srcset":"https:\/\/pragueartweek.cz\/wp-content\/uploads\/2026\/09\/Margarita-Ivy-Bystrik-Klco-Our-Shoes-2026-fotografie-od-Adely-Zlamalove-528x660.jpg 528w, https:\/\/pragueartweek.cz\/wp-content\/uploads\/2026\/09\/Margarita-Ivy-Bystrik-Klco-Our-Shoes-2026-fotografie-od-Adely-Zlamalove-1056x1320.jpg 1056w, https:\/\/pragueartweek.cz\/wp-content\/uploads\/2026\/09\/Margarita-Ivy-Bystrik-Klco-Our-Shoes-2026-fotografie-od-Adely-Zlamalove-264x330.jpg 264w, https:\/\/pragueartweek.cz\/wp-content\/uploads\/2026\/09\/Margarita-Ivy-Bystrik-Klco-Our-Shoes-2026-fotografie-od-Adely-Zlamalove-768x960.jpg 768w, https:\/\/pragueartweek.cz\/wp-content\/uploads\/2026\/09\/Margarita-Ivy-Bystrik-Klco-Our-Shoes-2026-fotografie-od-Adely-Zlamalove-1229x1536.jpg 1229w, https:\/\/pragueartweek.cz\/wp-content\/uploads\/2026\/09\/Margarita-Ivy-Bystrik-Klco-Our-Shoes-2026-fotografie-od-Adely-Zlamalove-1639x2048.jpg 1639w, https:\/\/pragueartweek.cz\/wp-content\/uploads\/2026\/09\/Margarita-Ivy-Bystrik-Klco-Our-Shoes-2026-fotografie-od-Adely-Zlamalove-scaled.jpg 2048w","media_details":{"width":2048,"height":2560,"sizes":{"medium":{"file":"Margarita-Ivy-Bystrik-Klco-Our-Shoes-2026-fotografie-od-Adely-Zlamalove-528x660.jpg","width":528,"height":660,"mime-type":"image\/jpeg","filesize":250229,"source_url":"https:\/\/pragueartweek.cz\/wp-content\/uploads\/2026\/09\/Margarita-Ivy-Bystrik-Klco-Our-Shoes-2026-fotografie-od-Adely-Zlamalove-528x660.jpg"},"large":{"file":"Margarita-Ivy-Bystrik-Klco-Our-Shoes-2026-fotografie-od-Adely-Zlamalove-1056x1320.jpg","width":1056,"height":1320,"mime-type":"image\/jpeg","filesize":298677,"source_url":"https:\/\/pragueartweek.cz\/wp-content\/uploads\/2026\/09\/Margarita-Ivy-Bystrik-Klco-Our-Shoes-2026-fotografie-od-Adely-Zlamalove-1056x1320.jpg"},"thumbnail":{"file":"Margarita-Ivy-Bystrik-Klco-Our-Shoes-2026-fotografie-od-Adely-Zlamalove-264x330.jpg","width":264,"height":330,"mime-type":"image\/jpeg","filesize":235280,"source_url":"https:\/\/pragueartweek.cz\/wp-content\/uploads\/2026\/09\/Margarita-Ivy-Bystrik-Klco-Our-Shoes-2026-fotografie-od-Adely-Zlamalove-264x330.jpg"},"medium_large":{"file":"Margarita-Ivy-Bystrik-Klco-Our-Shoes-2026-fotografie-od-Adely-Zlamalove-768x960.jpg","width":768,"height":960,"mime-type":"image\/jpeg","filesize":269208,"source_url":"https:\/\/pragueartweek.cz\/wp-content\/uploads\/2026\/09\/Margarita-Ivy-Bystrik-Klco-Our-Shoes-2026-fotografie-od-Adely-Zlamalove-768x960.jpg"},"1536x1536":{"file":"Margarita-Ivy-Bystrik-Klco-Our-Shoes-2026-fotografie-od-Adely-Zlamalove-1229x1536.jpg","width":1229,"height":1536,"mime-type":"image\/jpeg","filesize":320639,"source_url":"https:\/\/pragueartweek.cz\/wp-content\/uploads\/2026\/09\/Margarita-Ivy-Bystrik-Klco-Our-Shoes-2026-fotografie-od-Adely-Zlamalove-1229x1536.jpg"},"2048x2048":{"file":"Margarita-Ivy-Bystrik-Klco-Our-Shoes-2026-fotografie-od-Adely-Zlamalove-1639x2048.jpg","width":1639,"height":2048,"mime-type":"image\/jpeg","filesize":386930,"source_url":"https:\/\/pragueartweek.cz\/wp-content\/uploads\/2026\/09\/Margarita-Ivy-Bystrik-Klco-Our-Shoes-2026-fotografie-od-Adely-Zlamalove-1639x2048.jpg"},"cmplz_banner_image":{"file":"Margarita-Ivy-Bystrik-Klco-Our-Shoes-2026-fotografie-od-Adely-Zlamalove-350x100.jpg","width":350,"height":100,"mime-type":"image\/jpeg","filesize":231766,"source_url":"https:\/\/pragueartweek.cz\/wp-content\/uploads\/2026\/09\/Margarita-Ivy-Bystrik-Klco-Our-Shoes-2026-fotografie-od-Adely-Zlamalove-350x100.jpg"}}},"alt_text":"","url":"","target":""}]]}},"yoast_head":"<!-- This site is optimized with the Yoast SEO plugin v27.4 - https:\/\/yoast.com\/product\/yoast-seo-wordpress\/ -->\n<title>YOU CAN\u2019T RETURN, YOU ARE HERE | Prague Art Week 26<\/title>\n<meta name=\"description\" content=\"The exhibition is the joint output of artists who build their work on mutuality, listening, and creative collaboration.\" \/>\n<meta name=\"robots\" content=\"index, follow, max-snippet:-1, max-image-preview:large, max-video-preview:-1\" \/>\n<link rel=\"canonical\" href=\"https:\/\/pragueartweek.cz\/en\/events\/you-cant-return-you-are-here\/\" \/>\n<meta property=\"og:locale\" content=\"en_US\" \/>\n<meta property=\"og:type\" content=\"article\" \/>\n<meta property=\"og:title\" content=\"YOU CAN\u2019T RETURN, YOU ARE HERE | Prague Art Week 26\" \/>\n<meta property=\"og:description\" content=\"The exhibition is the joint output of artists who build their work on mutuality, listening, and creative collaboration.\" \/>\n<meta property=\"og:url\" content=\"https:\/\/pragueartweek.cz\/en\/events\/you-cant-return-you-are-here\/\" \/>\n<meta property=\"og:site_name\" content=\"Prague Art Week 26\" \/>\n<meta property=\"article:publisher\" content=\"https:\/\/www.facebook.com\/pragueartweek22\/\" \/>\n<meta property=\"article:modified_time\" content=\"2026-09-05T12:00:44+00:00\" \/>\n<meta property=\"og:image\" content=\"https:\/\/pragueartweek.cz\/wp-content\/uploads\/2026\/09\/Margarita-Ivy-Bystrik-Klco-Our-Shoes-2026-fotografie-od-Adely-Zlamalove-2-scaled.jpg\" \/>\n\t<meta property=\"og:image:width\" content=\"2560\" \/>\n\t<meta property=\"og:image:height\" content=\"1781\" \/>\n\t<meta property=\"og:image:type\" content=\"image\/jpeg\" \/>\n<meta name=\"twitter:card\" content=\"summary_large_image\" \/>\n<meta name=\"twitter:label1\" content=\"Est. reading time\" \/>\n\t<meta name=\"twitter:data1\" content=\"2 minutes\" \/>\n<script type=\"application\/ld+json\" class=\"yoast-schema-graph\">{\"@context\":\"https:\\\/\\\/schema.org\",\"@graph\":[{\"@type\":\"WebPage\",\"@id\":\"https:\\\/\\\/pragueartweek.cz\\\/en\\\/events\\\/you-cant-return-you-are-here\\\/\",\"url\":\"https:\\\/\\\/pragueartweek.cz\\\/en\\\/events\\\/you-cant-return-you-are-here\\\/\",\"name\":\"YOU CAN\u2019T RETURN, YOU ARE HERE | Prague Art Week 26\",\"isPartOf\":{\"@id\":\"https:\\\/\\\/pragueartweek.cz\\\/en\\\/#website\"},\"primaryImageOfPage\":{\"@id\":\"https:\\\/\\\/pragueartweek.cz\\\/en\\\/events\\\/you-cant-return-you-are-here\\\/#primaryimage\"},\"image\":{\"@id\":\"https:\\\/\\\/pragueartweek.cz\\\/en\\\/events\\\/you-cant-return-you-are-here\\\/#primaryimage\"},\"thumbnailUrl\":\"https:\\\/\\\/pragueartweek.cz\\\/wp-content\\\/uploads\\\/2026\\\/09\\\/Margarita-Ivy-Bystrik-Klco-Our-Shoes-2026-fotografie-od-Adely-Zlamalove-2-scaled.jpg\",\"datePublished\":\"2026-09-05T11:57:52+00:00\",\"dateModified\":\"2026-09-05T12:00:44+00:00\",\"description\":\"The exhibition is the joint output of artists who build their work on mutuality, listening, and creative collaboration.\",\"breadcrumb\":{\"@id\":\"https:\\\/\\\/pragueartweek.cz\\\/en\\\/events\\\/you-cant-return-you-are-here\\\/#breadcrumb\"},\"inLanguage\":\"en-US\",\"potentialAction\":[{\"@type\":\"ReadAction\",\"target\":[\"https:\\\/\\\/pragueartweek.cz\\\/en\\\/events\\\/you-cant-return-you-are-here\\\/\"]}]},{\"@type\":\"ImageObject\",\"inLanguage\":\"en-US\",\"@id\":\"https:\\\/\\\/pragueartweek.cz\\\/en\\\/events\\\/you-cant-return-you-are-here\\\/#primaryimage\",\"url\":\"https:\\\/\\\/pragueartweek.cz\\\/wp-content\\\/uploads\\\/2026\\\/09\\\/Margarita-Ivy-Bystrik-Klco-Our-Shoes-2026-fotografie-od-Adely-Zlamalove-2-scaled.jpg\",\"contentUrl\":\"https:\\\/\\\/pragueartweek.cz\\\/wp-content\\\/uploads\\\/2026\\\/09\\\/Margarita-Ivy-Bystrik-Klco-Our-Shoes-2026-fotografie-od-Adely-Zlamalove-2-scaled.jpg\",\"width\":2560,\"height\":1781},{\"@type\":\"BreadcrumbList\",\"@id\":\"https:\\\/\\\/pragueartweek.cz\\\/en\\\/events\\\/you-cant-return-you-are-here\\\/#breadcrumb\",\"itemListElement\":[{\"@type\":\"ListItem\",\"position\":1,\"name\":\"Home\",\"item\":\"https:\\\/\\\/pragueartweek.cz\\\/en\\\/\"},{\"@type\":\"ListItem\",\"position\":2,\"name\":\"Events\",\"item\":\"https:\\\/\\\/pragueartweek.cz\\\/en\\\/events\\\/\"},{\"@type\":\"ListItem\",\"position\":3,\"name\":\"YOU CAN\u2019T RETURN, YOU ARE HERE\"}]},{\"@type\":\"WebSite\",\"@id\":\"https:\\\/\\\/pragueartweek.cz\\\/en\\\/#website\",\"url\":\"https:\\\/\\\/pragueartweek.cz\\\/en\\\/\",\"name\":\"Prague Art Week 26\",\"description\":\"Prague Art Week je otev\u0159enou platformou pro kooperaci nejv\u00fdznamn\u011bj\u0161\u00edch instituc\u00ed na poli pra\u017esk\u00e9 um\u011bleck\u00e9 sc\u00e9ny.\",\"publisher\":{\"@id\":\"https:\\\/\\\/pragueartweek.cz\\\/en\\\/#organization\"},\"potentialAction\":[{\"@type\":\"SearchAction\",\"target\":{\"@type\":\"EntryPoint\",\"urlTemplate\":\"https:\\\/\\\/pragueartweek.cz\\\/en\\\/?s={search_term_string}\"},\"query-input\":{\"@type\":\"PropertyValueSpecification\",\"valueRequired\":true,\"valueName\":\"search_term_string\"}}],\"inLanguage\":\"en-US\"},{\"@type\":\"Organization\",\"@id\":\"https:\\\/\\\/pragueartweek.cz\\\/en\\\/#organization\",\"name\":\"Prague Art Week\",\"url\":\"https:\\\/\\\/pragueartweek.cz\\\/en\\\/\",\"logo\":{\"@type\":\"ImageObject\",\"inLanguage\":\"en-US\",\"@id\":\"https:\\\/\\\/pragueartweek.cz\\\/en\\\/#\\\/schema\\\/logo\\\/image\\\/\",\"url\":\"https:\\\/\\\/pragueartweek.cz\\\/wp-content\\\/uploads\\\/2022\\\/04\\\/LOGO_PAW_bez-roku-02.png\",\"contentUrl\":\"https:\\\/\\\/pragueartweek.cz\\\/wp-content\\\/uploads\\\/2022\\\/04\\\/LOGO_PAW_bez-roku-02.png\",\"width\":2481,\"height\":1749,\"caption\":\"Prague Art Week\"},\"image\":{\"@id\":\"https:\\\/\\\/pragueartweek.cz\\\/en\\\/#\\\/schema\\\/logo\\\/image\\\/\"},\"sameAs\":[\"https:\\\/\\\/www.facebook.com\\\/pragueartweek22\\\/\",\"https:\\\/\\\/www.instagram.com\\\/prague_art_week\\\/\"]}]}<\/script>\n<!-- \/ Yoast SEO plugin. -->","yoast_head_json":{"title":"YOU CAN\u2019T RETURN, YOU ARE HERE | Prague Art Week 26","description":"The exhibition is the joint output of artists who build their work on mutuality, listening, and creative collaboration.","robots":{"index":"index","follow":"follow","max-snippet":"max-snippet:-1","max-image-preview":"max-image-preview:large","max-video-preview":"max-video-preview:-1"},"canonical":"https:\/\/pragueartweek.cz\/en\/events\/you-cant-return-you-are-here\/","og_locale":"en_US","og_type":"article","og_title":"YOU CAN\u2019T RETURN, YOU ARE HERE | Prague Art Week 26","og_description":"The exhibition is the joint output of artists who build their work on mutuality, listening, and creative collaboration.","og_url":"https:\/\/pragueartweek.cz\/en\/events\/you-cant-return-you-are-here\/","og_site_name":"Prague Art Week 26","article_publisher":"https:\/\/www.facebook.com\/pragueartweek22\/","article_modified_time":"2026-09-05T12:00:44+00:00","og_image":[{"width":2560,"height":1781,"url":"https:\/\/pragueartweek.cz\/wp-content\/uploads\/2026\/09\/Margarita-Ivy-Bystrik-Klco-Our-Shoes-2026-fotografie-od-Adely-Zlamalove-2-scaled.jpg","type":"image\/jpeg"}],"twitter_card":"summary_large_image","twitter_misc":{"Est. reading time":"2 minutes"},"schema":{"@context":"https:\/\/schema.org","@graph":[{"@type":"WebPage","@id":"https:\/\/pragueartweek.cz\/en\/events\/you-cant-return-you-are-here\/","url":"https:\/\/pragueartweek.cz\/en\/events\/you-cant-return-you-are-here\/","name":"YOU CAN\u2019T RETURN, YOU ARE HERE | Prague Art Week 26","isPartOf":{"@id":"https:\/\/pragueartweek.cz\/en\/#website"},"primaryImageOfPage":{"@id":"https:\/\/pragueartweek.cz\/en\/events\/you-cant-return-you-are-here\/#primaryimage"},"image":{"@id":"https:\/\/pragueartweek.cz\/en\/events\/you-cant-return-you-are-here\/#primaryimage"},"thumbnailUrl":"https:\/\/pragueartweek.cz\/wp-content\/uploads\/2026\/09\/Margarita-Ivy-Bystrik-Klco-Our-Shoes-2026-fotografie-od-Adely-Zlamalove-2-scaled.jpg","datePublished":"2026-09-05T11:57:52+00:00","dateModified":"2026-09-05T12:00:44+00:00","description":"The exhibition is the joint output of artists who build their work on mutuality, listening, and creative collaboration.","breadcrumb":{"@id":"https:\/\/pragueartweek.cz\/en\/events\/you-cant-return-you-are-here\/#breadcrumb"},"inLanguage":"en-US","potentialAction":[{"@type":"ReadAction","target":["https:\/\/pragueartweek.cz\/en\/events\/you-cant-return-you-are-here\/"]}]},{"@type":"ImageObject","inLanguage":"en-US","@id":"https:\/\/pragueartweek.cz\/en\/events\/you-cant-return-you-are-here\/#primaryimage","url":"https:\/\/pragueartweek.cz\/wp-content\/uploads\/2026\/09\/Margarita-Ivy-Bystrik-Klco-Our-Shoes-2026-fotografie-od-Adely-Zlamalove-2-scaled.jpg","contentUrl":"https:\/\/pragueartweek.cz\/wp-content\/uploads\/2026\/09\/Margarita-Ivy-Bystrik-Klco-Our-Shoes-2026-fotografie-od-Adely-Zlamalove-2-scaled.jpg","width":2560,"height":1781},{"@type":"BreadcrumbList","@id":"https:\/\/pragueartweek.cz\/en\/events\/you-cant-return-you-are-here\/#breadcrumb","itemListElement":[{"@type":"ListItem","position":1,"name":"Home","item":"https:\/\/pragueartweek.cz\/en\/"},{"@type":"ListItem","position":2,"name":"Events","item":"https:\/\/pragueartweek.cz\/en\/events\/"},{"@type":"ListItem","position":3,"name":"YOU CAN\u2019T RETURN, YOU ARE HERE"}]},{"@type":"WebSite","@id":"https:\/\/pragueartweek.cz\/en\/#website","url":"https:\/\/pragueartweek.cz\/en\/","name":"Prague Art Week 26","description":"Prague Art Week je otev\u0159enou platformou pro kooperaci nejv\u00fdznamn\u011bj\u0161\u00edch instituc\u00ed na poli pra\u017esk\u00e9 um\u011bleck\u00e9 sc\u00e9ny.","publisher":{"@id":"https:\/\/pragueartweek.cz\/en\/#organization"},"potentialAction":[{"@type":"SearchAction","target":{"@type":"EntryPoint","urlTemplate":"https:\/\/pragueartweek.cz\/en\/?s={search_term_string}"},"query-input":{"@type":"PropertyValueSpecification","valueRequired":true,"valueName":"search_term_string"}}],"inLanguage":"en-US"},{"@type":"Organization","@id":"https:\/\/pragueartweek.cz\/en\/#organization","name":"Prague Art Week","url":"https:\/\/pragueartweek.cz\/en\/","logo":{"@type":"ImageObject","inLanguage":"en-US","@id":"https:\/\/pragueartweek.cz\/en\/#\/schema\/logo\/image\/","url":"https:\/\/pragueartweek.cz\/wp-content\/uploads\/2022\/04\/LOGO_PAW_bez-roku-02.png","contentUrl":"https:\/\/pragueartweek.cz\/wp-content\/uploads\/2022\/04\/LOGO_PAW_bez-roku-02.png","width":2481,"height":1749,"caption":"Prague Art Week"},"image":{"@id":"https:\/\/pragueartweek.cz\/en\/#\/schema\/logo\/image\/"},"sameAs":["https:\/\/www.facebook.com\/pragueartweek22\/","https:\/\/www.instagram.com\/prague_art_week\/"]}]}},"_links":{"self":[{"href":"https:\/\/pragueartweek.cz\/en\/wp-json\/wp\/v2\/udalosti\/12505","targetHints":{"allow":["GET"]}}],"collection":[{"href":"https:\/\/pragueartweek.cz\/en\/wp-json\/wp\/v2\/udalosti"}],"about":[{"href":"https:\/\/pragueartweek.cz\/en\/wp-json\/wp\/v2\/types\/udalosti"}],"version-history":[{"count":1,"href":"https:\/\/pragueartweek.cz\/en\/wp-json\/wp\/v2\/udalosti\/12505\/revisions"}],"predecessor-version":[{"id":12506,"href":"https:\/\/pragueartweek.cz\/en\/wp-json\/wp\/v2\/udalosti\/12505\/revisions\/12506"}],"wp:featuredmedia":[{"embeddable":true,"href":"https:\/\/pragueartweek.cz\/en\/wp-json\/wp\/v2\/media\/12503"}],"wp:attachment":[{"href":"https:\/\/pragueartweek.cz\/en\/wp-json\/wp\/v2\/media?parent=12505"}],"wp:term":[{"taxonomy":"kategorie","embeddable":true,"href":"https:\/\/pragueartweek.cz\/en\/wp-json\/wp\/v2\/kategorie?post=12505"},{"taxonomy":"lokalita","embeddable":true,"href":"https:\/\/pragueartweek.cz\/en\/wp-json\/wp\/v2\/lokalita?post=12505"},{"taxonomy":"termin","embeddable":true,"href":"https:\/\/pragueartweek.cz\/en\/wp-json\/wp\/v2\/termin?post=12505"}],"curies":[{"name":"wp","href":"https:\/\/api.w.org\/{rel}","templated":true}]}}