{"id":1413,"date":"2022-07-17T20:34:21","date_gmt":"2022-07-17T18:34:21","guid":{"rendered":"https:\/\/pragueartweek.cz\/?post_type=udalosti&#038;p=1413"},"modified":"2022-07-17T20:40:52","modified_gmt":"2022-07-17T18:40:52","slug":"net-in-the-network-of-art-jakub-hosek","status":"publish","type":"udalosti","link":"https:\/\/pragueartweek.cz\/en\/events\/net-in-the-network-of-art-jakub-hosek\/","title":{"rendered":"NET \u2013 IN THE NETWORK OF ART: JAKUB HO\u0160EK"},"content":{"rendered":"<audio class=\"wp-audio-shortcode\" id=\"audio-1413-1\" preload=\"none\" style=\"width: 100%;\" controls=\"controls\"><source type=\"audio\/mpeg\" src=\"https:\/\/pragueartweek.cz\/wp-content\/uploads\/2022\/07\/jakub-hosek-oprava-reklamy-i-uvodniho-jinglu.mp3?_=1\" \/><\/audio>\n<p>&nbsp;<\/p>\n<p>The sixth episode of the NET podcast series focuses on the independent art scene and community projects that serve as a breeding ground and mycelium for a whole artistic ecosystem. How does DIY survive? And what advice does have Jakub Ho\u0161ek, founder of one of the first Czech alternative galleries, for students?<\/p>\n<p>Jakub Ho\u0161ek is a cultural activist and leading Czech artist whose work oscillates between image and object. His paintings, drawings and installations speak to viewers in an eclectic language, in which traces of calligraphy, comics and connections to the music scene can be detected. He himself graduated from the Academy of Fine Arts, where he now leads the students of Painting Studio 3 (together with Josef Bolf and Nik Timkova). In 2003 he co-founded the collective and gallery A.M. 180 with his sister Ane\u017eka Ho\u0161kov\u00e1 and \u0160t\u011bp\u00e1n Bolf, with whom he has been organising the community-based multi-genre festival Creepy Teepee since 2009. Within both projects, Ho\u0161ek works to import the world&#8217;s most progressive themes and artistic tendencies into the local environment.<\/p>\n<p>Gallery A. M. 180 has been operating for twenty years as a non-commercial gallery. In the international gallery environment, this way of functioning is known as &#8220;off space&#8221;, &#8220;project space&#8221; or &#8220;artist run space&#8221;. In the Czech Republic, is use to be a name opposite to the classical concept of commercial &#8211; or private gallery, which is primarily dedicated to the sale of artworks. In opposition, independent spaces, often run by a collective of artists or curators, are primarily dedicated to exhibiting art and finding new talent or themes that stand out from the mainstream. From from the soil of alternative culture that thrives, artists then establish themselves in major exhibition institutions.<br \/>\nNon-commercial in this sense means non-profit. Therefore, the main capital for gallerists and artists in the &#8220;underground&#8221; is enthusiasm and love for art, which in the long-term are challenging investments. &#8220;<em>During the 20 years of the gallery&#8217;s operation, our pessimism has come several times only to turn back into enthusiasm and a desire to keep doing it. For me personally, the gallery helps me stay in touch with artists and communicate with the art community across the world,<\/em>&#8221; says Ho\u0161ek.<\/p>\n<p>&#8220;<em>I work very much in the community and I care about the community. The romantic notion of the artist as a lone genius in today&#8217;s world is unrealistic. Contemporary art, by its very definition, is not just about aesthetics, but also about the social issues that the current generation is tackling, and these are making their way from the underground to the mainstream<\/em>,&#8221; Ho\u0161ek explains, which is why the alternative art scene is so important.&nbsp;<\/p>\n<p>&#8220;<em>The whole art world works according to clear rules that have been established for centuries. If you don&#8217;t accept that, or don&#8217;t realise it&#8217;s like that, you can have a big problem. I think the way things work in art from artist run spaces to big institutions is a given, you need to find information about how things work, who is in the scene and who your audience is,<\/em>&#8221; Ho\u0161ek advises young artists, who he also recommends following international platforms and attending residencies abroad.<\/p>\n<p><em>&#8220;I only found out over time that if you work in a community, in this case an artistic community, you take something from that community and you should give something back to that community, it&#8217;s about a mutual relationship, otherwise you slip into selfishness,<\/em>&#8221; Ho\u0161ek explains.<\/p>\n<p>&#8220;<em>I often compare the artistic community and the music community. In music, it loses its meaning to be represented by a &#8216;major label&#8217; that only benefits from the artists, which has been hacked by free streaming platforms. Similarly, something is changing in the visual arts, and that&#8217;s why I wonder if the gallery owner is still an equal partner to the artist &#8211; because especially in the Czech environment, they often don&#8217;t provide the service they should.&nbsp;<\/em><\/p>\n<p><em>Within the up to 50% percentage that the gallerist takes for the sale of the work, the artist must receive a comprehensive service and the relationship between the two partners must be equal. It is difficult to convey this functional model to students, because in the Czech environment the relationship between the gallerist and the artist is often dysfunctional or non-transparent. Unfortunately, this environment can be toxic and artists are often frustrated. Graduates of AVU often don&#8217;t even have any offers and are grateful for every opportunity,<\/em>&#8221; Ho\u0161ek reflects. He adds that the local scene is basically still trying to follow the Western model. In the international context, however, there is already a question of whether brick-and-mortar galleries are still needed, because in many ways they are being replaced by online platforms.<\/p>\n<blockquote><p>&#8220;<em>Art plays an important role in society. Artists hold a great responsibility, and because art and culture have the opportunity to occupy public space, they also have the opportunity to shape society.&nbsp;<\/em><\/p>\n<p><em>In every age, art serves as a sublime truth that we need to surround ourselves with in order to function<\/em>,&#8221; Ho\u0161ek responds to the question of what role art has in the 21st century.<\/p><\/blockquote>\n<p>&nbsp;<\/p>\n","protected":false},"excerpt":{"rendered":"<p>&nbsp; The sixth episode of the NET podcast series focuses on the independent art scene and community projects that serve as a breeding ground and mycelium for a whole artistic ecosystem. How does DIY survive? And what advice does have Jakub Ho\u0161ek, founder of one of the first Czech alternative galleries, for students? Jakub Ho\u0161ek&#8230; <a class=\"view-article\" href=\"https:\/\/pragueartweek.cz\/en\/events\/net-in-the-network-of-art-jakub-hosek\/\">View Article<\/a><\/p>\n","protected":false},"featured_media":1411,"parent":0,"menu_order":0,"template":"","format":"standard","meta":{"_acf_changed":false,"footnotes":""},"kategorie":[76],"lokalita":[],"termin":[],"class_list":["post-1413","udalosti","type-udalosti","status-publish","format-standard","has-post-thumbnail","hentry","kategorie-podcast-en","wpautop"],"acf":{"photo_gallery":{"udalost_galerie":[[{"id":1409,"title":"IMG_5272","caption":"","full_image_url":"https:\/\/pragueartweek.cz\/wp-content\/uploads\/2022\/07\/IMG_5272-scaled.jpg","thumbnail_image_url":"https:\/\/pragueartweek.cz\/wp-content\/uploads\/2022\/07\/IMG_5272-450x300.jpg","large_srcset":"https:\/\/pragueartweek.cz\/wp-content\/uploads\/2022\/07\/IMG_5272-1800x1200.jpg 1800w, https:\/\/pragueartweek.cz\/wp-content\/uploads\/2022\/07\/IMG_5272-900x600.jpg 900w, https:\/\/pragueartweek.cz\/wp-content\/uploads\/2022\/07\/IMG_5272-450x300.jpg 450w, https:\/\/pragueartweek.cz\/wp-content\/uploads\/2022\/07\/IMG_5272-768x512.jpg 768w, https:\/\/pragueartweek.cz\/wp-content\/uploads\/2022\/07\/IMG_5272-1536x1024.jpg 1536w, https:\/\/pragueartweek.cz\/wp-content\/uploads\/2022\/07\/IMG_5272-2048x1365.jpg 2048w","medium_srcset":"https:\/\/pragueartweek.cz\/wp-content\/uploads\/2022\/07\/IMG_5272-900x600.jpg 900w, https:\/\/pragueartweek.cz\/wp-content\/uploads\/2022\/07\/IMG_5272-1800x1200.jpg 1800w, https:\/\/pragueartweek.cz\/wp-content\/uploads\/2022\/07\/IMG_5272-450x300.jpg 450w, https:\/\/pragueartweek.cz\/wp-content\/uploads\/2022\/07\/IMG_5272-768x512.jpg 768w, https:\/\/pragueartweek.cz\/wp-content\/uploads\/2022\/07\/IMG_5272-1536x1024.jpg 1536w, https:\/\/pragueartweek.cz\/wp-content\/uploads\/2022\/07\/IMG_5272-2048x1365.jpg 2048w","media_details":{"width":2560,"height":1707,"sizes":{"medium":{"file":"IMG_5272-900x600.jpg","width":900,"height":600,"mime-type":"image\/jpeg","filesize":104447,"source_url":"https:\/\/pragueartweek.cz\/wp-content\/uploads\/2022\/07\/IMG_5272-900x600.jpg"},"large":{"file":"IMG_5272-1800x1200.jpg","width":1800,"height":1200,"mime-type":"image\/jpeg","filesize":281307,"source_url":"https:\/\/pragueartweek.cz\/wp-content\/uploads\/2022\/07\/IMG_5272-1800x1200.jpg"},"thumbnail":{"file":"IMG_5272-450x300.jpg","width":450,"height":300,"mime-type":"image\/jpeg","filesize":47562,"source_url":"https:\/\/pragueartweek.cz\/wp-content\/uploads\/2022\/07\/IMG_5272-450x300.jpg"},"medium_large":{"file":"IMG_5272-768x512.jpg","width":768,"height":512,"mime-type":"image\/jpeg","filesize":85480,"source_url":"https:\/\/pragueartweek.cz\/wp-content\/uploads\/2022\/07\/IMG_5272-768x512.jpg"},"1536x1536":{"file":"IMG_5272-1536x1024.jpg","width":1536,"height":1024,"mime-type":"image\/jpeg","filesize":219910,"source_url":"https:\/\/pragueartweek.cz\/wp-content\/uploads\/2022\/07\/IMG_5272-1536x1024.jpg"},"2048x2048":{"file":"IMG_5272-2048x1365.jpg","width":2048,"height":1365,"mime-type":"image\/jpeg","filesize":351374,"source_url":"https:\/\/pragueartweek.cz\/wp-content\/uploads\/2022\/07\/IMG_5272-2048x1365.jpg"},"cmplz_banner_image":{"file":"IMG_5272-350x100.jpg","width":350,"height":100,"mime-type":"image\/jpeg","filesize":26306,"source_url":"https:\/\/pragueartweek.cz\/wp-content\/uploads\/2022\/07\/IMG_5272-350x100.jpg"}}},"alt_text":"","url":"","target":""},{"id":1416,"title":"02_existential_crisis_as_a_wave_machine_setting","caption":"","full_image_url":"https:\/\/pragueartweek.cz\/wp-content\/uploads\/2022\/07\/02_existential_crisis_as_a_wave_machine_setting.jpeg","thumbnail_image_url":"https:\/\/pragueartweek.cz\/wp-content\/uploads\/2022\/07\/02_existential_crisis_as_a_wave_machine_setting-450x300.jpeg","large_srcset":"https:\/\/pragueartweek.cz\/wp-content\/uploads\/2022\/07\/02_existential_crisis_as_a_wave_machine_setting.jpeg 1417w, https:\/\/pragueartweek.cz\/wp-content\/uploads\/2022\/07\/02_existential_crisis_as_a_wave_machine_setting-900x601.jpeg 900w, https:\/\/pragueartweek.cz\/wp-content\/uploads\/2022\/07\/02_existential_crisis_as_a_wave_machine_setting-450x300.jpeg 450w, https:\/\/pragueartweek.cz\/wp-content\/uploads\/2022\/07\/02_existential_crisis_as_a_wave_machine_setting-768x513.jpeg 768w","medium_srcset":"https:\/\/pragueartweek.cz\/wp-content\/uploads\/2022\/07\/02_existential_crisis_as_a_wave_machine_setting-900x601.jpeg 900w, https:\/\/pragueartweek.cz\/wp-content\/uploads\/2022\/07\/02_existential_crisis_as_a_wave_machine_setting-450x300.jpeg 450w, https:\/\/pragueartweek.cz\/wp-content\/uploads\/2022\/07\/02_existential_crisis_as_a_wave_machine_setting-768x513.jpeg 768w, https:\/\/pragueartweek.cz\/wp-content\/uploads\/2022\/07\/02_existential_crisis_as_a_wave_machine_setting.jpeg 1417w","media_details":{"width":1417,"height":946,"sizes":{"medium":{"file":"02_existential_crisis_as_a_wave_machine_setting-900x601.jpeg","width":900,"height":601,"mime-type":"image\/jpeg","filesize":49260,"source_url":"https:\/\/pragueartweek.cz\/wp-content\/uploads\/2022\/07\/02_existential_crisis_as_a_wave_machine_setting-900x601.jpeg"},"thumbnail":{"file":"02_existential_crisis_as_a_wave_machine_setting-450x300.jpeg","width":450,"height":300,"mime-type":"image\/jpeg","filesize":19468,"source_url":"https:\/\/pragueartweek.cz\/wp-content\/uploads\/2022\/07\/02_existential_crisis_as_a_wave_machine_setting-450x300.jpeg"},"medium_large":{"file":"02_existential_crisis_as_a_wave_machine_setting-768x513.jpeg","width":768,"height":513,"mime-type":"image\/jpeg","filesize":37734,"source_url":"https:\/\/pragueartweek.cz\/wp-content\/uploads\/2022\/07\/02_existential_crisis_as_a_wave_machine_setting-768x513.jpeg"},"cmplz_banner_image":{"file":"02_existential_crisis_as_a_wave_machine_setting-350x100.jpeg","width":350,"height":100,"mime-type":"image\/jpeg","filesize":13295,"source_url":"https:\/\/pragueartweek.cz\/wp-content\/uploads\/2022\/07\/02_existential_crisis_as_a_wave_machine_setting-350x100.jpeg"}}},"alt_text":"","url":"","target":""}]]}},"yoast_head":"<!-- This site is optimized with the Yoast SEO plugin v27.4 - https:\/\/yoast.com\/product\/yoast-seo-wordpress\/ -->\n<title>Podcast NET \u2013 IN THE NETWORK OF ART: JAKUB HO\u0160EK | Prague Art Week 26<\/title>\n<meta name=\"description\" content=\"The sixth episode of the NET podcast series focuses on the independent art scene. How does DIY survive? And what advice does have Jakub Ho\u0161ek for students?\" \/>\n<meta name=\"robots\" content=\"index, follow, max-snippet:-1, max-image-preview:large, max-video-preview:-1\" \/>\n<link rel=\"canonical\" href=\"https:\/\/pragueartweek.cz\/en\/events\/net-in-the-network-of-art-jakub-hosek\/\" \/>\n<meta property=\"og:locale\" content=\"en_US\" \/>\n<meta property=\"og:type\" content=\"article\" \/>\n<meta property=\"og:title\" content=\"Podcast NET \u2013 IN THE NETWORK OF ART: JAKUB HO\u0160EK | Prague Art Week 26\" \/>\n<meta property=\"og:description\" content=\"The sixth episode of the NET podcast series focuses on the independent art scene. How does DIY survive? And what advice does have Jakub Ho\u0161ek for students?\" \/>\n<meta property=\"og:url\" content=\"https:\/\/pragueartweek.cz\/en\/events\/net-in-the-network-of-art-jakub-hosek\/\" \/>\n<meta property=\"og:site_name\" content=\"Prague Art Week 26\" \/>\n<meta property=\"article:publisher\" content=\"https:\/\/www.facebook.com\/pragueartweek22\/\" \/>\n<meta property=\"article:modified_time\" content=\"2022-07-17T18:40:52+00:00\" \/>\n<meta property=\"og:image\" content=\"https:\/\/pragueartweek.cz\/wp-content\/uploads\/2022\/07\/hosek-01.jpg\" \/>\n\t<meta property=\"og:image:width\" content=\"450\" \/>\n\t<meta property=\"og:image:height\" content=\"330\" \/>\n\t<meta property=\"og:image:type\" content=\"image\/jpeg\" \/>\n<meta name=\"twitter:card\" content=\"summary_large_image\" \/>\n<meta name=\"twitter:label1\" content=\"Est. reading time\" \/>\n\t<meta name=\"twitter:data1\" content=\"5 minutes\" \/>\n<script type=\"application\/ld+json\" class=\"yoast-schema-graph\">{\"@context\":\"https:\\\/\\\/schema.org\",\"@graph\":[{\"@type\":\"WebPage\",\"@id\":\"https:\\\/\\\/pragueartweek.cz\\\/en\\\/events\\\/net-in-the-network-of-art-jakub-hosek\\\/\",\"url\":\"https:\\\/\\\/pragueartweek.cz\\\/en\\\/events\\\/net-in-the-network-of-art-jakub-hosek\\\/\",\"name\":\"Podcast NET \u2013 IN THE NETWORK OF ART: JAKUB HO\u0160EK | Prague Art Week 26\",\"isPartOf\":{\"@id\":\"https:\\\/\\\/pragueartweek.cz\\\/en\\\/#website\"},\"primaryImageOfPage\":{\"@id\":\"https:\\\/\\\/pragueartweek.cz\\\/en\\\/events\\\/net-in-the-network-of-art-jakub-hosek\\\/#primaryimage\"},\"image\":{\"@id\":\"https:\\\/\\\/pragueartweek.cz\\\/en\\\/events\\\/net-in-the-network-of-art-jakub-hosek\\\/#primaryimage\"},\"thumbnailUrl\":\"https:\\\/\\\/pragueartweek.cz\\\/wp-content\\\/uploads\\\/2022\\\/07\\\/hosek-01.jpg\",\"datePublished\":\"2022-07-17T18:34:21+00:00\",\"dateModified\":\"2022-07-17T18:40:52+00:00\",\"description\":\"The sixth episode of the NET podcast series focuses on the independent art scene. How does DIY survive? And what advice does have Jakub Ho\u0161ek for students?\",\"breadcrumb\":{\"@id\":\"https:\\\/\\\/pragueartweek.cz\\\/en\\\/events\\\/net-in-the-network-of-art-jakub-hosek\\\/#breadcrumb\"},\"inLanguage\":\"en-US\",\"potentialAction\":[{\"@type\":\"ReadAction\",\"target\":[\"https:\\\/\\\/pragueartweek.cz\\\/en\\\/events\\\/net-in-the-network-of-art-jakub-hosek\\\/\"]}]},{\"@type\":\"ImageObject\",\"inLanguage\":\"en-US\",\"@id\":\"https:\\\/\\\/pragueartweek.cz\\\/en\\\/events\\\/net-in-the-network-of-art-jakub-hosek\\\/#primaryimage\",\"url\":\"https:\\\/\\\/pragueartweek.cz\\\/wp-content\\\/uploads\\\/2022\\\/07\\\/hosek-01.jpg\",\"contentUrl\":\"https:\\\/\\\/pragueartweek.cz\\\/wp-content\\\/uploads\\\/2022\\\/07\\\/hosek-01.jpg\",\"width\":450,\"height\":330,\"caption\":\"Podcast: NET - v s\u00edti um\u011bn\u00ed Jakub Ho\u0161ek\"},{\"@type\":\"BreadcrumbList\",\"@id\":\"https:\\\/\\\/pragueartweek.cz\\\/en\\\/events\\\/net-in-the-network-of-art-jakub-hosek\\\/#breadcrumb\",\"itemListElement\":[{\"@type\":\"ListItem\",\"position\":1,\"name\":\"Home\",\"item\":\"https:\\\/\\\/pragueartweek.cz\\\/en\\\/\"},{\"@type\":\"ListItem\",\"position\":2,\"name\":\"Events\",\"item\":\"https:\\\/\\\/pragueartweek.cz\\\/en\\\/events\\\/\"},{\"@type\":\"ListItem\",\"position\":3,\"name\":\"NET \u2013 IN THE NETWORK OF ART: JAKUB HO\u0160EK\"}]},{\"@type\":\"WebSite\",\"@id\":\"https:\\\/\\\/pragueartweek.cz\\\/en\\\/#website\",\"url\":\"https:\\\/\\\/pragueartweek.cz\\\/en\\\/\",\"name\":\"Prague Art Week 26\",\"description\":\"Prague Art Week je otev\u0159enou platformou pro kooperaci nejv\u00fdznamn\u011bj\u0161\u00edch instituc\u00ed na poli pra\u017esk\u00e9 um\u011bleck\u00e9 sc\u00e9ny.\",\"publisher\":{\"@id\":\"https:\\\/\\\/pragueartweek.cz\\\/en\\\/#organization\"},\"potentialAction\":[{\"@type\":\"SearchAction\",\"target\":{\"@type\":\"EntryPoint\",\"urlTemplate\":\"https:\\\/\\\/pragueartweek.cz\\\/en\\\/?s={search_term_string}\"},\"query-input\":{\"@type\":\"PropertyValueSpecification\",\"valueRequired\":true,\"valueName\":\"search_term_string\"}}],\"inLanguage\":\"en-US\"},{\"@type\":\"Organization\",\"@id\":\"https:\\\/\\\/pragueartweek.cz\\\/en\\\/#organization\",\"name\":\"Prague Art Week\",\"url\":\"https:\\\/\\\/pragueartweek.cz\\\/en\\\/\",\"logo\":{\"@type\":\"ImageObject\",\"inLanguage\":\"en-US\",\"@id\":\"https:\\\/\\\/pragueartweek.cz\\\/en\\\/#\\\/schema\\\/logo\\\/image\\\/\",\"url\":\"https:\\\/\\\/pragueartweek.cz\\\/wp-content\\\/uploads\\\/2022\\\/04\\\/LOGO_PAW_bez-roku-02.png\",\"contentUrl\":\"https:\\\/\\\/pragueartweek.cz\\\/wp-content\\\/uploads\\\/2022\\\/04\\\/LOGO_PAW_bez-roku-02.png\",\"width\":2481,\"height\":1749,\"caption\":\"Prague Art Week\"},\"image\":{\"@id\":\"https:\\\/\\\/pragueartweek.cz\\\/en\\\/#\\\/schema\\\/logo\\\/image\\\/\"},\"sameAs\":[\"https:\\\/\\\/www.facebook.com\\\/pragueartweek22\\\/\",\"https:\\\/\\\/www.instagram.com\\\/prague_art_week\\\/\"]}]}<\/script>\n<!-- \/ Yoast SEO plugin. -->","yoast_head_json":{"title":"Podcast NET \u2013 IN THE NETWORK OF ART: JAKUB HO\u0160EK | Prague Art Week 26","description":"The sixth episode of the NET podcast series focuses on the independent art scene. How does DIY survive? And what advice does have Jakub Ho\u0161ek for students?","robots":{"index":"index","follow":"follow","max-snippet":"max-snippet:-1","max-image-preview":"max-image-preview:large","max-video-preview":"max-video-preview:-1"},"canonical":"https:\/\/pragueartweek.cz\/en\/events\/net-in-the-network-of-art-jakub-hosek\/","og_locale":"en_US","og_type":"article","og_title":"Podcast NET \u2013 IN THE NETWORK OF ART: JAKUB HO\u0160EK | Prague Art Week 26","og_description":"The sixth episode of the NET podcast series focuses on the independent art scene. How does DIY survive? And what advice does have Jakub Ho\u0161ek for students?","og_url":"https:\/\/pragueartweek.cz\/en\/events\/net-in-the-network-of-art-jakub-hosek\/","og_site_name":"Prague Art Week 26","article_publisher":"https:\/\/www.facebook.com\/pragueartweek22\/","article_modified_time":"2022-07-17T18:40:52+00:00","og_image":[{"width":450,"height":330,"url":"https:\/\/pragueartweek.cz\/wp-content\/uploads\/2022\/07\/hosek-01.jpg","type":"image\/jpeg"}],"twitter_card":"summary_large_image","twitter_misc":{"Est. reading time":"5 minutes"},"schema":{"@context":"https:\/\/schema.org","@graph":[{"@type":"WebPage","@id":"https:\/\/pragueartweek.cz\/en\/events\/net-in-the-network-of-art-jakub-hosek\/","url":"https:\/\/pragueartweek.cz\/en\/events\/net-in-the-network-of-art-jakub-hosek\/","name":"Podcast NET \u2013 IN THE NETWORK OF ART: JAKUB HO\u0160EK | Prague Art Week 26","isPartOf":{"@id":"https:\/\/pragueartweek.cz\/en\/#website"},"primaryImageOfPage":{"@id":"https:\/\/pragueartweek.cz\/en\/events\/net-in-the-network-of-art-jakub-hosek\/#primaryimage"},"image":{"@id":"https:\/\/pragueartweek.cz\/en\/events\/net-in-the-network-of-art-jakub-hosek\/#primaryimage"},"thumbnailUrl":"https:\/\/pragueartweek.cz\/wp-content\/uploads\/2022\/07\/hosek-01.jpg","datePublished":"2022-07-17T18:34:21+00:00","dateModified":"2022-07-17T18:40:52+00:00","description":"The sixth episode of the NET podcast series focuses on the independent art scene. How does DIY survive? And what advice does have Jakub Ho\u0161ek for students?","breadcrumb":{"@id":"https:\/\/pragueartweek.cz\/en\/events\/net-in-the-network-of-art-jakub-hosek\/#breadcrumb"},"inLanguage":"en-US","potentialAction":[{"@type":"ReadAction","target":["https:\/\/pragueartweek.cz\/en\/events\/net-in-the-network-of-art-jakub-hosek\/"]}]},{"@type":"ImageObject","inLanguage":"en-US","@id":"https:\/\/pragueartweek.cz\/en\/events\/net-in-the-network-of-art-jakub-hosek\/#primaryimage","url":"https:\/\/pragueartweek.cz\/wp-content\/uploads\/2022\/07\/hosek-01.jpg","contentUrl":"https:\/\/pragueartweek.cz\/wp-content\/uploads\/2022\/07\/hosek-01.jpg","width":450,"height":330,"caption":"Podcast: NET - v s\u00edti um\u011bn\u00ed Jakub Ho\u0161ek"},{"@type":"BreadcrumbList","@id":"https:\/\/pragueartweek.cz\/en\/events\/net-in-the-network-of-art-jakub-hosek\/#breadcrumb","itemListElement":[{"@type":"ListItem","position":1,"name":"Home","item":"https:\/\/pragueartweek.cz\/en\/"},{"@type":"ListItem","position":2,"name":"Events","item":"https:\/\/pragueartweek.cz\/en\/events\/"},{"@type":"ListItem","position":3,"name":"NET \u2013 IN THE NETWORK OF ART: JAKUB HO\u0160EK"}]},{"@type":"WebSite","@id":"https:\/\/pragueartweek.cz\/en\/#website","url":"https:\/\/pragueartweek.cz\/en\/","name":"Prague Art Week 26","description":"Prague Art Week je otev\u0159enou platformou pro kooperaci nejv\u00fdznamn\u011bj\u0161\u00edch instituc\u00ed na poli pra\u017esk\u00e9 um\u011bleck\u00e9 sc\u00e9ny.","publisher":{"@id":"https:\/\/pragueartweek.cz\/en\/#organization"},"potentialAction":[{"@type":"SearchAction","target":{"@type":"EntryPoint","urlTemplate":"https:\/\/pragueartweek.cz\/en\/?s={search_term_string}"},"query-input":{"@type":"PropertyValueSpecification","valueRequired":true,"valueName":"search_term_string"}}],"inLanguage":"en-US"},{"@type":"Organization","@id":"https:\/\/pragueartweek.cz\/en\/#organization","name":"Prague Art Week","url":"https:\/\/pragueartweek.cz\/en\/","logo":{"@type":"ImageObject","inLanguage":"en-US","@id":"https:\/\/pragueartweek.cz\/en\/#\/schema\/logo\/image\/","url":"https:\/\/pragueartweek.cz\/wp-content\/uploads\/2022\/04\/LOGO_PAW_bez-roku-02.png","contentUrl":"https:\/\/pragueartweek.cz\/wp-content\/uploads\/2022\/04\/LOGO_PAW_bez-roku-02.png","width":2481,"height":1749,"caption":"Prague Art Week"},"image":{"@id":"https:\/\/pragueartweek.cz\/en\/#\/schema\/logo\/image\/"},"sameAs":["https:\/\/www.facebook.com\/pragueartweek22\/","https:\/\/www.instagram.com\/prague_art_week\/"]}]}},"_links":{"self":[{"href":"https:\/\/pragueartweek.cz\/en\/wp-json\/wp\/v2\/udalosti\/1413","targetHints":{"allow":["GET"]}}],"collection":[{"href":"https:\/\/pragueartweek.cz\/en\/wp-json\/wp\/v2\/udalosti"}],"about":[{"href":"https:\/\/pragueartweek.cz\/en\/wp-json\/wp\/v2\/types\/udalosti"}],"version-history":[{"count":3,"href":"https:\/\/pragueartweek.cz\/en\/wp-json\/wp\/v2\/udalosti\/1413\/revisions"}],"predecessor-version":[{"id":1423,"href":"https:\/\/pragueartweek.cz\/en\/wp-json\/wp\/v2\/udalosti\/1413\/revisions\/1423"}],"wp:featuredmedia":[{"embeddable":true,"href":"https:\/\/pragueartweek.cz\/en\/wp-json\/wp\/v2\/media\/1411"}],"wp:attachment":[{"href":"https:\/\/pragueartweek.cz\/en\/wp-json\/wp\/v2\/media?parent=1413"}],"wp:term":[{"taxonomy":"kategorie","embeddable":true,"href":"https:\/\/pragueartweek.cz\/en\/wp-json\/wp\/v2\/kategorie?post=1413"},{"taxonomy":"lokalita","embeddable":true,"href":"https:\/\/pragueartweek.cz\/en\/wp-json\/wp\/v2\/lokalita?post=1413"},{"taxonomy":"termin","embeddable":true,"href":"https:\/\/pragueartweek.cz\/en\/wp-json\/wp\/v2\/termin?post=1413"}],"curies":[{"name":"wp","href":"https:\/\/api.w.org\/{rel}","templated":true}]}}