{"id":1598,"date":"2022-08-01T19:56:57","date_gmt":"2022-08-01T17:56:57","guid":{"rendered":"https:\/\/pragueartweek.cz\/?post_type=udalosti&#038;p=1598"},"modified":"2023-01-20T11:51:26","modified_gmt":"2023-01-20T10:51:26","slug":"powerless-power-powerlessness-and-illness-in-contemporary-art","status":"publish","type":"udalosti","link":"https:\/\/pragueartweek.cz\/en\/events\/powerless-power-powerlessness-and-illness-in-contemporary-art\/","title":{"rendered":"Power(less): Power, Powerlessness and Illness in Contemporary Art"},"content":{"rendered":"<p>Artists: Felix Brenner (\u0160v\u00fdcarsko), Anibal Brizuela (Argentina), Maurizio Cattelan (It\u00e1lie), Filip \u010cern\u00fd (\u010cesko), Jaroslav Divi\u0161 (\u010cesko), Janko Dom\u0161i\u010d (Chorvatsko), Robert Gabris (Slovensko), Martin Gerboc (Slovensko), Carlos Augusto Giraldo (Kolumbie), Jerry Gretzinger (USA), Julius Hartauer (N\u011bmecko), Karel Havl\u00ed\u010dek (\u010cesko), Josef Hofer (Rakousko), X\u00e9nia Hoffmeistrov\u00e1 (Slovensko), Iveta Horv\u00e1thov\u00e1 (\u010cesko), Mat\u011bj Ho\u0161ek (\u010cesko), Jana Kasalov\u00e1 (\u010cesko), John Urho Kemp (USA), Martin Kocourek (\u010cesko), Marie Kodovsk\u00e1 (\u010cesko), Zden\u011bk Ko\u0161ek (\u010cesko), Eva Ko\u0165\u00e1tkov\u00e1 (\u010cesko), Alexander Lobanov (Rusko), P\u0159emysl Martinec (\u010cesko), Kunizo Matsumoto (Japonsko), Andreas Maus (N\u011bmecko), Edmund Monsiel (Polsko), Oscar Morales (Chile), Martin Mula\u010d (\u010cesko), Jelena Osipovov\u00e1 (Rusko), Marilena Pelosi (Braz\u00edlie), Daniel Pe\u0161ta (\u010cesko), Ji\u0159\u00ed Petrbok (\u010cesko), Ota Prouza (\u010cesko), Andr\u00e9 Robillard (Francie), Marek Schov\u00e1nek (\u010cesko), Jan Wolfchen Vl\u010dek (\u010cesko), Pascal Vonlanthen (\u0160v\u00fdcarsko), August Walla (Rakousko), George Widener (USA), Carlo Zinelli (It\u00e1lie)<\/p>\n<p>&nbsp;<\/p>\n<div class=\"page\" title=\"Page 63\"><strong><img loading=\"lazy\" decoding=\"async\" width=\"30\" height=\"30\" class=\"alignnone size-full wp-image-1853\" src=\"https:\/\/pragueartweek.cz\/wp-content\/uploads\/2022\/08\/sipka.png\" alt=\"\">11. 9. 2022, 16:00<\/strong><\/div>\n<div class=\"page\" title=\"Page 63\"><strong>Guided tour of the exhibition Power(less) with the curator.<\/strong><\/div>\n<div title=\"Page 63\">Free entry (advance booking required via the<a href=\"https:\/\/www.dox.cz\/vstupenky#XXX2022-09-11T16:00XX_program_vystavou-nemoc-s-kuratory-2349\" target=\"_blank\" rel=\"noopener\"> form<\/a>)<\/div>\n<div title=\"Page 63\">&nbsp;<\/div>\n<div title=\"Page 63\"><a href=\"https:\/\/www.dox.cz\/en\/contact-us\" target=\"_blank\" rel=\"noopener\">DOX Centre for Contemporary Art<\/a><\/div>\n<div title=\"Page 63\">&nbsp;<\/div>\n<div title=\"Page 63\">&nbsp;<\/div>\n","protected":false},"excerpt":{"rendered":"<p>Artists: Felix Brenner (\u0160v\u00fdcarsko), Anibal Brizuela (Argentina), Maurizio Cattelan (It\u00e1lie), Filip \u010cern\u00fd (\u010cesko), Jaroslav Divi\u0161 (\u010cesko), Janko Dom\u0161i\u010d (Chorvatsko), Robert Gabris (Slovensko), Martin Gerboc (Slovensko), Carlos Augusto Giraldo (Kolumbie), Jerry Gretzinger (USA), Julius Hartauer (N\u011bmecko), Karel Havl\u00ed\u010dek (\u010cesko), Josef Hofer (Rakousko), X\u00e9nia Hoffmeistrov\u00e1 (Slovensko), Iveta Horv\u00e1thov\u00e1 (\u010cesko), Mat\u011bj Ho\u0161ek (\u010cesko), Jana Kasalov\u00e1 (\u010cesko), John Urho&#8230; <a class=\"view-article\" href=\"https:\/\/pragueartweek.cz\/en\/events\/powerless-power-powerlessness-and-illness-in-contemporary-art\/\">View Article<\/a><\/p>\n","protected":false},"featured_media":2488,"parent":0,"menu_order":0,"template":"","format":"standard","meta":{"_acf_changed":false,"footnotes":""},"kategorie":[187],"lokalita":[136],"termin":[],"class_list":["post-1598","udalosti","type-udalosti","status-publish","format-standard","has-post-thumbnail","hentry","kategorie-past-event","lokalita-dox-en","wpautop"],"acf":{"photo_gallery":{"udalost_galerie":[[{"id":2484,"title":"nemoc-domsic","caption":"","full_image_url":"https:\/\/pragueartweek.cz\/wp-content\/uploads\/2022\/08\/nemoc-domsic-scaled.jpeg","thumbnail_image_url":"https:\/\/pragueartweek.cz\/wp-content\/uploads\/2022\/08\/nemoc-domsic-450x288.jpeg","large_srcset":"https:\/\/pragueartweek.cz\/wp-content\/uploads\/2022\/08\/nemoc-domsic-1800x1152.jpeg 1800w, https:\/\/pragueartweek.cz\/wp-content\/uploads\/2022\/08\/nemoc-domsic-900x576.jpeg 900w, https:\/\/pragueartweek.cz\/wp-content\/uploads\/2022\/08\/nemoc-domsic-450x288.jpeg 450w, https:\/\/pragueartweek.cz\/wp-content\/uploads\/2022\/08\/nemoc-domsic-768x492.jpeg 768w, https:\/\/pragueartweek.cz\/wp-content\/uploads\/2022\/08\/nemoc-domsic-1536x983.jpeg 1536w, https:\/\/pragueartweek.cz\/wp-content\/uploads\/2022\/08\/nemoc-domsic-2048x1311.jpeg 2048w","medium_srcset":"https:\/\/pragueartweek.cz\/wp-content\/uploads\/2022\/08\/nemoc-domsic-900x576.jpeg 900w, https:\/\/pragueartweek.cz\/wp-content\/uploads\/2022\/08\/nemoc-domsic-1800x1152.jpeg 1800w, https:\/\/pragueartweek.cz\/wp-content\/uploads\/2022\/08\/nemoc-domsic-450x288.jpeg 450w, https:\/\/pragueartweek.cz\/wp-content\/uploads\/2022\/08\/nemoc-domsic-768x492.jpeg 768w, https:\/\/pragueartweek.cz\/wp-content\/uploads\/2022\/08\/nemoc-domsic-1536x983.jpeg 1536w, https:\/\/pragueartweek.cz\/wp-content\/uploads\/2022\/08\/nemoc-domsic-2048x1311.jpeg 2048w","media_details":{"width":2560,"height":1639,"sizes":{"medium":{"file":"nemoc-domsic-900x576.jpeg","width":900,"height":576,"mime-type":"image\/jpeg","filesize":130229,"source_url":"https:\/\/pragueartweek.cz\/wp-content\/uploads\/2022\/08\/nemoc-domsic-900x576.jpeg"},"large":{"file":"nemoc-domsic-1800x1152.jpeg","width":1800,"height":1152,"mime-type":"image\/jpeg","filesize":511640,"source_url":"https:\/\/pragueartweek.cz\/wp-content\/uploads\/2022\/08\/nemoc-domsic-1800x1152.jpeg"},"thumbnail":{"file":"nemoc-domsic-450x288.jpeg","width":450,"height":288,"mime-type":"image\/jpeg","filesize":31914,"source_url":"https:\/\/pragueartweek.cz\/wp-content\/uploads\/2022\/08\/nemoc-domsic-450x288.jpeg"},"medium_large":{"file":"nemoc-domsic-768x492.jpeg","width":768,"height":492,"mime-type":"image\/jpeg","filesize":94939,"source_url":"https:\/\/pragueartweek.cz\/wp-content\/uploads\/2022\/08\/nemoc-domsic-768x492.jpeg"},"1536x1536":{"file":"nemoc-domsic-1536x983.jpeg","width":1536,"height":983,"mime-type":"image\/jpeg","filesize":376414,"source_url":"https:\/\/pragueartweek.cz\/wp-content\/uploads\/2022\/08\/nemoc-domsic-1536x983.jpeg"},"2048x2048":{"file":"nemoc-domsic-2048x1311.jpeg","width":2048,"height":1311,"mime-type":"image\/jpeg","filesize":655821,"source_url":"https:\/\/pragueartweek.cz\/wp-content\/uploads\/2022\/08\/nemoc-domsic-2048x1311.jpeg"},"cmplz_banner_image":{"file":"nemoc-domsic-350x100.jpeg","width":350,"height":100,"mime-type":"image\/jpeg","filesize":9366,"source_url":"https:\/\/pragueartweek.cz\/wp-content\/uploads\/2022\/08\/nemoc-domsic-350x100.jpeg"}}},"alt_text":"","url":"","target":""}]]}},"yoast_head":"<!-- This site is optimized with the Yoast SEO plugin v27.4 - https:\/\/yoast.com\/product\/yoast-seo-wordpress\/ -->\n<title>Power(less): Power, Powerlessness and Illness in Contemporary Art | Prague Art Week 26<\/title>\n<meta name=\"description\" content=\"The exhibition asks where normality ends and \u201cillness\u201d begins, and attempts to bridge the categories of art brut and contemporary art.\" \/>\n<meta name=\"robots\" content=\"index, follow, max-snippet:-1, max-image-preview:large, max-video-preview:-1\" \/>\n<link rel=\"canonical\" href=\"https:\/\/pragueartweek.cz\/en\/events\/powerless-power-powerlessness-and-illness-in-contemporary-art\/\" \/>\n<meta property=\"og:locale\" content=\"en_US\" \/>\n<meta property=\"og:type\" content=\"article\" \/>\n<meta property=\"og:title\" content=\"Power(less): Power, Powerlessness and Illness in Contemporary Art | Prague Art Week 26\" \/>\n<meta property=\"og:description\" content=\"The exhibition asks where normality ends and \u201cillness\u201d begins, and attempts to bridge the categories of art brut and contemporary art.\" \/>\n<meta property=\"og:url\" content=\"https:\/\/pragueartweek.cz\/en\/events\/powerless-power-powerlessness-and-illness-in-contemporary-art\/\" \/>\n<meta property=\"og:site_name\" content=\"Prague Art Week 26\" \/>\n<meta property=\"article:publisher\" content=\"https:\/\/www.facebook.com\/pragueartweek22\/\" \/>\n<meta property=\"article:modified_time\" content=\"2023-01-20T10:51:26+00:00\" \/>\n<meta property=\"og:image\" content=\"https:\/\/pragueartweek.cz\/wp-content\/uploads\/2022\/08\/nemoc-domsic.jpg\" \/>\n\t<meta property=\"og:image:width\" content=\"450\" \/>\n\t<meta property=\"og:image:height\" content=\"330\" \/>\n\t<meta property=\"og:image:type\" content=\"image\/jpeg\" \/>\n<meta name=\"twitter:card\" content=\"summary_large_image\" \/>\n<meta name=\"twitter:label1\" content=\"Est. reading time\" \/>\n\t<meta name=\"twitter:data1\" content=\"2 minutes\" \/>\n<script type=\"application\/ld+json\" class=\"yoast-schema-graph\">{\"@context\":\"https:\\\/\\\/schema.org\",\"@graph\":[{\"@type\":\"WebPage\",\"@id\":\"https:\\\/\\\/pragueartweek.cz\\\/en\\\/events\\\/powerless-power-powerlessness-and-illness-in-contemporary-art\\\/\",\"url\":\"https:\\\/\\\/pragueartweek.cz\\\/en\\\/events\\\/powerless-power-powerlessness-and-illness-in-contemporary-art\\\/\",\"name\":\"Power(less): Power, Powerlessness and Illness in Contemporary Art | Prague Art Week 26\",\"isPartOf\":{\"@id\":\"https:\\\/\\\/pragueartweek.cz\\\/en\\\/#website\"},\"primaryImageOfPage\":{\"@id\":\"https:\\\/\\\/pragueartweek.cz\\\/en\\\/events\\\/powerless-power-powerlessness-and-illness-in-contemporary-art\\\/#primaryimage\"},\"image\":{\"@id\":\"https:\\\/\\\/pragueartweek.cz\\\/en\\\/events\\\/powerless-power-powerlessness-and-illness-in-contemporary-art\\\/#primaryimage\"},\"thumbnailUrl\":\"https:\\\/\\\/pragueartweek.cz\\\/wp-content\\\/uploads\\\/2022\\\/08\\\/nemoc-domsic.jpg\",\"datePublished\":\"2022-08-01T17:56:57+00:00\",\"dateModified\":\"2023-01-20T10:51:26+00:00\",\"description\":\"The exhibition asks where normality ends and \u201cillness\u201d begins, and attempts to bridge the categories of art brut and contemporary art.\",\"breadcrumb\":{\"@id\":\"https:\\\/\\\/pragueartweek.cz\\\/en\\\/events\\\/powerless-power-powerlessness-and-illness-in-contemporary-art\\\/#breadcrumb\"},\"inLanguage\":\"en-US\",\"potentialAction\":[{\"@type\":\"ReadAction\",\"target\":[\"https:\\\/\\\/pragueartweek.cz\\\/en\\\/events\\\/powerless-power-powerlessness-and-illness-in-contemporary-art\\\/\"]}]},{\"@type\":\"ImageObject\",\"inLanguage\":\"en-US\",\"@id\":\"https:\\\/\\\/pragueartweek.cz\\\/en\\\/events\\\/powerless-power-powerlessness-and-illness-in-contemporary-art\\\/#primaryimage\",\"url\":\"https:\\\/\\\/pragueartweek.cz\\\/wp-content\\\/uploads\\\/2022\\\/08\\\/nemoc-domsic.jpg\",\"contentUrl\":\"https:\\\/\\\/pragueartweek.cz\\\/wp-content\\\/uploads\\\/2022\\\/08\\\/nemoc-domsic.jpg\",\"width\":450,\"height\":330},{\"@type\":\"BreadcrumbList\",\"@id\":\"https:\\\/\\\/pragueartweek.cz\\\/en\\\/events\\\/powerless-power-powerlessness-and-illness-in-contemporary-art\\\/#breadcrumb\",\"itemListElement\":[{\"@type\":\"ListItem\",\"position\":1,\"name\":\"Home\",\"item\":\"https:\\\/\\\/pragueartweek.cz\\\/en\\\/\"},{\"@type\":\"ListItem\",\"position\":2,\"name\":\"Events\",\"item\":\"https:\\\/\\\/pragueartweek.cz\\\/en\\\/events\\\/\"},{\"@type\":\"ListItem\",\"position\":3,\"name\":\"Power(less): Power, Powerlessness and Illness in Contemporary Art\"}]},{\"@type\":\"WebSite\",\"@id\":\"https:\\\/\\\/pragueartweek.cz\\\/en\\\/#website\",\"url\":\"https:\\\/\\\/pragueartweek.cz\\\/en\\\/\",\"name\":\"Prague Art Week 26\",\"description\":\"Prague Art Week je otev\u0159enou platformou pro kooperaci nejv\u00fdznamn\u011bj\u0161\u00edch instituc\u00ed na poli pra\u017esk\u00e9 um\u011bleck\u00e9 sc\u00e9ny.\",\"publisher\":{\"@id\":\"https:\\\/\\\/pragueartweek.cz\\\/en\\\/#organization\"},\"potentialAction\":[{\"@type\":\"SearchAction\",\"target\":{\"@type\":\"EntryPoint\",\"urlTemplate\":\"https:\\\/\\\/pragueartweek.cz\\\/en\\\/?s={search_term_string}\"},\"query-input\":{\"@type\":\"PropertyValueSpecification\",\"valueRequired\":true,\"valueName\":\"search_term_string\"}}],\"inLanguage\":\"en-US\"},{\"@type\":\"Organization\",\"@id\":\"https:\\\/\\\/pragueartweek.cz\\\/en\\\/#organization\",\"name\":\"Prague Art Week\",\"url\":\"https:\\\/\\\/pragueartweek.cz\\\/en\\\/\",\"logo\":{\"@type\":\"ImageObject\",\"inLanguage\":\"en-US\",\"@id\":\"https:\\\/\\\/pragueartweek.cz\\\/en\\\/#\\\/schema\\\/logo\\\/image\\\/\",\"url\":\"https:\\\/\\\/pragueartweek.cz\\\/wp-content\\\/uploads\\\/2022\\\/04\\\/LOGO_PAW_bez-roku-02.png\",\"contentUrl\":\"https:\\\/\\\/pragueartweek.cz\\\/wp-content\\\/uploads\\\/2022\\\/04\\\/LOGO_PAW_bez-roku-02.png\",\"width\":2481,\"height\":1749,\"caption\":\"Prague Art Week\"},\"image\":{\"@id\":\"https:\\\/\\\/pragueartweek.cz\\\/en\\\/#\\\/schema\\\/logo\\\/image\\\/\"},\"sameAs\":[\"https:\\\/\\\/www.facebook.com\\\/pragueartweek22\\\/\",\"https:\\\/\\\/www.instagram.com\\\/prague_art_week\\\/\"]}]}<\/script>\n<!-- \/ Yoast SEO plugin. -->","yoast_head_json":{"title":"Power(less): Power, Powerlessness and Illness in Contemporary Art | Prague Art Week 26","description":"The exhibition asks where normality ends and \u201cillness\u201d begins, and attempts to bridge the categories of art brut and contemporary art.","robots":{"index":"index","follow":"follow","max-snippet":"max-snippet:-1","max-image-preview":"max-image-preview:large","max-video-preview":"max-video-preview:-1"},"canonical":"https:\/\/pragueartweek.cz\/en\/events\/powerless-power-powerlessness-and-illness-in-contemporary-art\/","og_locale":"en_US","og_type":"article","og_title":"Power(less): Power, Powerlessness and Illness in Contemporary Art | Prague Art Week 26","og_description":"The exhibition asks where normality ends and \u201cillness\u201d begins, and attempts to bridge the categories of art brut and contemporary art.","og_url":"https:\/\/pragueartweek.cz\/en\/events\/powerless-power-powerlessness-and-illness-in-contemporary-art\/","og_site_name":"Prague Art Week 26","article_publisher":"https:\/\/www.facebook.com\/pragueartweek22\/","article_modified_time":"2023-01-20T10:51:26+00:00","og_image":[{"width":450,"height":330,"url":"https:\/\/pragueartweek.cz\/wp-content\/uploads\/2022\/08\/nemoc-domsic.jpg","type":"image\/jpeg"}],"twitter_card":"summary_large_image","twitter_misc":{"Est. reading time":"2 minutes"},"schema":{"@context":"https:\/\/schema.org","@graph":[{"@type":"WebPage","@id":"https:\/\/pragueartweek.cz\/en\/events\/powerless-power-powerlessness-and-illness-in-contemporary-art\/","url":"https:\/\/pragueartweek.cz\/en\/events\/powerless-power-powerlessness-and-illness-in-contemporary-art\/","name":"Power(less): Power, Powerlessness and Illness in Contemporary Art | Prague Art Week 26","isPartOf":{"@id":"https:\/\/pragueartweek.cz\/en\/#website"},"primaryImageOfPage":{"@id":"https:\/\/pragueartweek.cz\/en\/events\/powerless-power-powerlessness-and-illness-in-contemporary-art\/#primaryimage"},"image":{"@id":"https:\/\/pragueartweek.cz\/en\/events\/powerless-power-powerlessness-and-illness-in-contemporary-art\/#primaryimage"},"thumbnailUrl":"https:\/\/pragueartweek.cz\/wp-content\/uploads\/2022\/08\/nemoc-domsic.jpg","datePublished":"2022-08-01T17:56:57+00:00","dateModified":"2023-01-20T10:51:26+00:00","description":"The exhibition asks where normality ends and \u201cillness\u201d begins, and attempts to bridge the categories of art brut and contemporary art.","breadcrumb":{"@id":"https:\/\/pragueartweek.cz\/en\/events\/powerless-power-powerlessness-and-illness-in-contemporary-art\/#breadcrumb"},"inLanguage":"en-US","potentialAction":[{"@type":"ReadAction","target":["https:\/\/pragueartweek.cz\/en\/events\/powerless-power-powerlessness-and-illness-in-contemporary-art\/"]}]},{"@type":"ImageObject","inLanguage":"en-US","@id":"https:\/\/pragueartweek.cz\/en\/events\/powerless-power-powerlessness-and-illness-in-contemporary-art\/#primaryimage","url":"https:\/\/pragueartweek.cz\/wp-content\/uploads\/2022\/08\/nemoc-domsic.jpg","contentUrl":"https:\/\/pragueartweek.cz\/wp-content\/uploads\/2022\/08\/nemoc-domsic.jpg","width":450,"height":330},{"@type":"BreadcrumbList","@id":"https:\/\/pragueartweek.cz\/en\/events\/powerless-power-powerlessness-and-illness-in-contemporary-art\/#breadcrumb","itemListElement":[{"@type":"ListItem","position":1,"name":"Home","item":"https:\/\/pragueartweek.cz\/en\/"},{"@type":"ListItem","position":2,"name":"Events","item":"https:\/\/pragueartweek.cz\/en\/events\/"},{"@type":"ListItem","position":3,"name":"Power(less): Power, Powerlessness and Illness in Contemporary Art"}]},{"@type":"WebSite","@id":"https:\/\/pragueartweek.cz\/en\/#website","url":"https:\/\/pragueartweek.cz\/en\/","name":"Prague Art Week 26","description":"Prague Art Week je otev\u0159enou platformou pro kooperaci nejv\u00fdznamn\u011bj\u0161\u00edch instituc\u00ed na poli pra\u017esk\u00e9 um\u011bleck\u00e9 sc\u00e9ny.","publisher":{"@id":"https:\/\/pragueartweek.cz\/en\/#organization"},"potentialAction":[{"@type":"SearchAction","target":{"@type":"EntryPoint","urlTemplate":"https:\/\/pragueartweek.cz\/en\/?s={search_term_string}"},"query-input":{"@type":"PropertyValueSpecification","valueRequired":true,"valueName":"search_term_string"}}],"inLanguage":"en-US"},{"@type":"Organization","@id":"https:\/\/pragueartweek.cz\/en\/#organization","name":"Prague Art Week","url":"https:\/\/pragueartweek.cz\/en\/","logo":{"@type":"ImageObject","inLanguage":"en-US","@id":"https:\/\/pragueartweek.cz\/en\/#\/schema\/logo\/image\/","url":"https:\/\/pragueartweek.cz\/wp-content\/uploads\/2022\/04\/LOGO_PAW_bez-roku-02.png","contentUrl":"https:\/\/pragueartweek.cz\/wp-content\/uploads\/2022\/04\/LOGO_PAW_bez-roku-02.png","width":2481,"height":1749,"caption":"Prague Art Week"},"image":{"@id":"https:\/\/pragueartweek.cz\/en\/#\/schema\/logo\/image\/"},"sameAs":["https:\/\/www.facebook.com\/pragueartweek22\/","https:\/\/www.instagram.com\/prague_art_week\/"]}]}},"_links":{"self":[{"href":"https:\/\/pragueartweek.cz\/en\/wp-json\/wp\/v2\/udalosti\/1598","targetHints":{"allow":["GET"]}}],"collection":[{"href":"https:\/\/pragueartweek.cz\/en\/wp-json\/wp\/v2\/udalosti"}],"about":[{"href":"https:\/\/pragueartweek.cz\/en\/wp-json\/wp\/v2\/types\/udalosti"}],"version-history":[{"count":8,"href":"https:\/\/pragueartweek.cz\/en\/wp-json\/wp\/v2\/udalosti\/1598\/revisions"}],"predecessor-version":[{"id":2490,"href":"https:\/\/pragueartweek.cz\/en\/wp-json\/wp\/v2\/udalosti\/1598\/revisions\/2490"}],"wp:featuredmedia":[{"embeddable":true,"href":"https:\/\/pragueartweek.cz\/en\/wp-json\/wp\/v2\/media\/2488"}],"wp:attachment":[{"href":"https:\/\/pragueartweek.cz\/en\/wp-json\/wp\/v2\/media?parent=1598"}],"wp:term":[{"taxonomy":"kategorie","embeddable":true,"href":"https:\/\/pragueartweek.cz\/en\/wp-json\/wp\/v2\/kategorie?post=1598"},{"taxonomy":"lokalita","embeddable":true,"href":"https:\/\/pragueartweek.cz\/en\/wp-json\/wp\/v2\/lokalita?post=1598"},{"taxonomy":"termin","embeddable":true,"href":"https:\/\/pragueartweek.cz\/en\/wp-json\/wp\/v2\/termin?post=1598"}],"curies":[{"name":"wp","href":"https:\/\/api.w.org\/{rel}","templated":true}]}}