{"id":1687,"date":"2022-03-04T11:37:30","date_gmt":"2022-03-04T10:37:30","guid":{"rendered":"https:\/\/pragueartweek.cz\/?post_type=udalosti&#038;p=1687"},"modified":"2022-09-16T13:28:18","modified_gmt":"2022-09-16T11:28:18","slug":"mind-the-gap-matej-janak-innerfields-m-city-interesni-kazki","status":"publish","type":"udalosti","link":"https:\/\/pragueartweek.cz\/en\/events\/mind-the-gap-matej-janak-innerfields-m-city-interesni-kazki\/","title":{"rendered":"Mind The Gap &#8211; Mat\u011bj Jan\u00e1k, Innerfields, M-City, Interesni Kazki"},"content":{"rendered":"<p><strong><img loading=\"lazy\" decoding=\"async\" class=\"alignnone size-full wp-image-1854\" src=\"https:\/\/pragueartweek.cz\/wp-content\/uploads\/2022\/08\/sipka.png\" alt=\"\" width=\"30\" height=\"30\"> 10.9. 2022 od 15:00 do 16:30&nbsp;<\/strong>art workshop for children<\/p>\n<div class=\"lmt__inner_textarea_container\" title=\"Klikn\u011bte na slovo, aby se v\u00e1m zobrazily alternativn\u00ed term\u00edny\">\n<div class=\"lmt__textarea_base_style\" lang=\"en-EN\">Come with your children and try your hand at creating a work of art based on the legendary Polish streeter artist M-City. Take advantage of the last chance to have your own visual experience at the first edition of the Prague Wall Street Festival. The content will be free inspiration from the artist&#8217;s work. The Polish graphic designer, designer, educator and above all world-famous muralist presents schemes of dense cities of the future. Following his example, participants will construct their own geometric metropolis in his typically contrasting colours. M-City&#8217;s works respond to the public space and his hundreds of completed murals can be seen all over the world.<\/div>\n<\/div>\n<div>&nbsp;<\/div>\n<div>The programme will be accompanied by lecturer Kate\u0159ina Weinhartov\u00e1. Participants will have a lot of different Stabilo products to choose from. The workshop is suitable for children from 3 to 18 years old.<\/div>\n<div class=\"lmt__loadingIndicator_container\">&nbsp;<\/div>\n<div class=\"lmt__translations_as_text\">\n<div class=\"lmt_targetToolbar__container\">&nbsp;<\/div>\n<div>\n<div class=\"lmt__target_toolbar\">\n<p>&nbsp;<\/p>\n<div class=\"lmt__source_toolbar__spacer\">&nbsp;<\/div>\n<div>&nbsp;<\/div>\n<div class=\"relative\">&nbsp;<\/div>\n<div class=\"lmt_targetToolbar__appPromotion_container_container\">\n<div class=\"lmt_targetToolbar__appPromotion_container\">&nbsp;<\/div>\n<\/div>\n<\/div>\n<\/div>\n<\/div>\n<div class=\"lmt__formalitySwitch_ad_container_desktop\">&nbsp;<\/div>\n<div id=\"targetHighlightTooltipPortal\">&nbsp;<\/div>\n<div class=\"lmt__formalitySwitch_feedback_container\">&nbsp;<\/div>\n<div class=\"lmt__formalitySwitch_ad_container_mobile lmt__formalitySwitch_ad_container_app\">&nbsp;<\/div>\n<p><a href=\"https:\/\/www.thechemistry.art\">Chemistry Gallery<\/a><\/p>\n","protected":false},"excerpt":{"rendered":"<p>10.9. 2022 od 15:00 do 16:30&nbsp;art workshop for children Come with your children and try your hand at creating a work of art based on the legendary Polish streeter artist M-City. Take advantage of the last chance to have your own visual experience at the first edition of the Prague Wall Street Festival. The content&#8230; <a class=\"view-article\" href=\"https:\/\/pragueartweek.cz\/en\/events\/mind-the-gap-matej-janak-innerfields-m-city-interesni-kazki\/\">View Article<\/a><\/p>\n","protected":false},"featured_media":2652,"parent":0,"menu_order":0,"template":"","format":"standard","meta":{"_acf_changed":false,"footnotes":""},"kategorie":[36,25,187],"lokalita":[215],"termin":[],"class_list":["post-1687","udalosti","type-udalosti","status-publish","format-standard","has-post-thumbnail","hentry","kategorie-exhibition","kategorie-kids","kategorie-past-event","lokalita-chemistry-gallery-en","wpautop"],"acf":{"photo_gallery":{"udalost_galerie":[[{"id":2644,"title":"1U4A0842","caption":"","full_image_url":"https:\/\/pragueartweek.cz\/wp-content\/uploads\/2022\/08\/1U4A0842-scaled.jpg","thumbnail_image_url":"https:\/\/pragueartweek.cz\/wp-content\/uploads\/2022\/08\/1U4A0842-450x300.jpg","large_srcset":"https:\/\/pragueartweek.cz\/wp-content\/uploads\/2022\/08\/1U4A0842-1800x1200.jpg 1800w, https:\/\/pragueartweek.cz\/wp-content\/uploads\/2022\/08\/1U4A0842-900x600.jpg 900w, https:\/\/pragueartweek.cz\/wp-content\/uploads\/2022\/08\/1U4A0842-450x300.jpg 450w, https:\/\/pragueartweek.cz\/wp-content\/uploads\/2022\/08\/1U4A0842-768x512.jpg 768w, https:\/\/pragueartweek.cz\/wp-content\/uploads\/2022\/08\/1U4A0842-1536x1024.jpg 1536w, https:\/\/pragueartweek.cz\/wp-content\/uploads\/2022\/08\/1U4A0842-2048x1365.jpg 2048w","medium_srcset":"https:\/\/pragueartweek.cz\/wp-content\/uploads\/2022\/08\/1U4A0842-900x600.jpg 900w, https:\/\/pragueartweek.cz\/wp-content\/uploads\/2022\/08\/1U4A0842-1800x1200.jpg 1800w, https:\/\/pragueartweek.cz\/wp-content\/uploads\/2022\/08\/1U4A0842-450x300.jpg 450w, https:\/\/pragueartweek.cz\/wp-content\/uploads\/2022\/08\/1U4A0842-768x512.jpg 768w, https:\/\/pragueartweek.cz\/wp-content\/uploads\/2022\/08\/1U4A0842-1536x1024.jpg 1536w, https:\/\/pragueartweek.cz\/wp-content\/uploads\/2022\/08\/1U4A0842-2048x1365.jpg 2048w","media_details":{"width":2560,"height":1707,"sizes":{"medium":{"file":"1U4A0842-900x600.jpg","width":900,"height":600,"mime-type":"image\/jpeg","filesize":76039,"source_url":"https:\/\/pragueartweek.cz\/wp-content\/uploads\/2022\/08\/1U4A0842-900x600.jpg"},"large":{"file":"1U4A0842-1800x1200.jpg","width":1800,"height":1200,"mime-type":"image\/jpeg","filesize":206320,"source_url":"https:\/\/pragueartweek.cz\/wp-content\/uploads\/2022\/08\/1U4A0842-1800x1200.jpg"},"thumbnail":{"file":"1U4A0842-450x300.jpg","width":450,"height":300,"mime-type":"image\/jpeg","filesize":36579,"source_url":"https:\/\/pragueartweek.cz\/wp-content\/uploads\/2022\/08\/1U4A0842-450x300.jpg"},"medium_large":{"file":"1U4A0842-768x512.jpg","width":768,"height":512,"mime-type":"image\/jpeg","filesize":62646,"source_url":"https:\/\/pragueartweek.cz\/wp-content\/uploads\/2022\/08\/1U4A0842-768x512.jpg"},"1536x1536":{"file":"1U4A0842-1536x1024.jpg","width":1536,"height":1024,"mime-type":"image\/jpeg","filesize":161649,"source_url":"https:\/\/pragueartweek.cz\/wp-content\/uploads\/2022\/08\/1U4A0842-1536x1024.jpg"},"2048x2048":{"file":"1U4A0842-2048x1365.jpg","width":2048,"height":1365,"mime-type":"image\/jpeg","filesize":254948,"source_url":"https:\/\/pragueartweek.cz\/wp-content\/uploads\/2022\/08\/1U4A0842-2048x1365.jpg"},"cmplz_banner_image":{"file":"1U4A0842-350x100.jpg","width":350,"height":100,"mime-type":"image\/jpeg","filesize":25306,"source_url":"https:\/\/pragueartweek.cz\/wp-content\/uploads\/2022\/08\/1U4A0842-350x100.jpg"}}},"alt_text":"","url":"","target":""},{"id":2650,"title":"1U4A0801","caption":"","full_image_url":"https:\/\/pragueartweek.cz\/wp-content\/uploads\/2022\/08\/1U4A0801-scaled.jpg","thumbnail_image_url":"https:\/\/pragueartweek.cz\/wp-content\/uploads\/2022\/08\/1U4A0801-450x300.jpg","large_srcset":"https:\/\/pragueartweek.cz\/wp-content\/uploads\/2022\/08\/1U4A0801-1800x1200.jpg 1800w, https:\/\/pragueartweek.cz\/wp-content\/uploads\/2022\/08\/1U4A0801-900x600.jpg 900w, https:\/\/pragueartweek.cz\/wp-content\/uploads\/2022\/08\/1U4A0801-450x300.jpg 450w, https:\/\/pragueartweek.cz\/wp-content\/uploads\/2022\/08\/1U4A0801-768x512.jpg 768w, https:\/\/pragueartweek.cz\/wp-content\/uploads\/2022\/08\/1U4A0801-1536x1024.jpg 1536w, https:\/\/pragueartweek.cz\/wp-content\/uploads\/2022\/08\/1U4A0801-2048x1365.jpg 2048w","medium_srcset":"https:\/\/pragueartweek.cz\/wp-content\/uploads\/2022\/08\/1U4A0801-900x600.jpg 900w, https:\/\/pragueartweek.cz\/wp-content\/uploads\/2022\/08\/1U4A0801-1800x1200.jpg 1800w, https:\/\/pragueartweek.cz\/wp-content\/uploads\/2022\/08\/1U4A0801-450x300.jpg 450w, https:\/\/pragueartweek.cz\/wp-content\/uploads\/2022\/08\/1U4A0801-768x512.jpg 768w, https:\/\/pragueartweek.cz\/wp-content\/uploads\/2022\/08\/1U4A0801-1536x1024.jpg 1536w, https:\/\/pragueartweek.cz\/wp-content\/uploads\/2022\/08\/1U4A0801-2048x1365.jpg 2048w","media_details":{"width":2560,"height":1707,"sizes":{"medium":{"file":"1U4A0801-900x600.jpg","width":900,"height":600,"mime-type":"image\/jpeg","filesize":103894,"source_url":"https:\/\/pragueartweek.cz\/wp-content\/uploads\/2022\/08\/1U4A0801-900x600.jpg"},"large":{"file":"1U4A0801-1800x1200.jpg","width":1800,"height":1200,"mime-type":"image\/jpeg","filesize":351647,"source_url":"https:\/\/pragueartweek.cz\/wp-content\/uploads\/2022\/08\/1U4A0801-1800x1200.jpg"},"thumbnail":{"file":"1U4A0801-450x300.jpg","width":450,"height":300,"mime-type":"image\/jpeg","filesize":40974,"source_url":"https:\/\/pragueartweek.cz\/wp-content\/uploads\/2022\/08\/1U4A0801-450x300.jpg"},"medium_large":{"file":"1U4A0801-768x512.jpg","width":768,"height":512,"mime-type":"image\/jpeg","filesize":81034,"source_url":"https:\/\/pragueartweek.cz\/wp-content\/uploads\/2022\/08\/1U4A0801-768x512.jpg"},"1536x1536":{"file":"1U4A0801-1536x1024.jpg","width":1536,"height":1024,"mime-type":"image\/jpeg","filesize":261661,"source_url":"https:\/\/pragueartweek.cz\/wp-content\/uploads\/2022\/08\/1U4A0801-1536x1024.jpg"},"2048x2048":{"file":"1U4A0801-2048x1365.jpg","width":2048,"height":1365,"mime-type":"image\/jpeg","filesize":455040,"source_url":"https:\/\/pragueartweek.cz\/wp-content\/uploads\/2022\/08\/1U4A0801-2048x1365.jpg"},"cmplz_banner_image":{"file":"1U4A0801-350x100.jpg","width":350,"height":100,"mime-type":"image\/jpeg","filesize":27586,"source_url":"https:\/\/pragueartweek.cz\/wp-content\/uploads\/2022\/08\/1U4A0801-350x100.jpg"}}},"alt_text":"","url":"","target":""},{"id":3039,"title":"DSC_5957s","caption":"","full_image_url":"https:\/\/pragueartweek.cz\/wp-content\/uploads\/2022\/08\/DSC_5957s-scaled.jpg","thumbnail_image_url":"https:\/\/pragueartweek.cz\/wp-content\/uploads\/2022\/08\/DSC_5957s-450x300.jpg","large_srcset":"https:\/\/pragueartweek.cz\/wp-content\/uploads\/2022\/08\/DSC_5957s-1800x1202.jpg 1800w, https:\/\/pragueartweek.cz\/wp-content\/uploads\/2022\/08\/DSC_5957s-900x601.jpg 900w, https:\/\/pragueartweek.cz\/wp-content\/uploads\/2022\/08\/DSC_5957s-450x300.jpg 450w, https:\/\/pragueartweek.cz\/wp-content\/uploads\/2022\/08\/DSC_5957s-768x513.jpg 768w, https:\/\/pragueartweek.cz\/wp-content\/uploads\/2022\/08\/DSC_5957s-1536x1026.jpg 1536w, https:\/\/pragueartweek.cz\/wp-content\/uploads\/2022\/08\/DSC_5957s-2048x1367.jpg 2048w","medium_srcset":"https:\/\/pragueartweek.cz\/wp-content\/uploads\/2022\/08\/DSC_5957s-900x601.jpg 900w, https:\/\/pragueartweek.cz\/wp-content\/uploads\/2022\/08\/DSC_5957s-1800x1202.jpg 1800w, https:\/\/pragueartweek.cz\/wp-content\/uploads\/2022\/08\/DSC_5957s-450x300.jpg 450w, https:\/\/pragueartweek.cz\/wp-content\/uploads\/2022\/08\/DSC_5957s-768x513.jpg 768w, https:\/\/pragueartweek.cz\/wp-content\/uploads\/2022\/08\/DSC_5957s-1536x1026.jpg 1536w, https:\/\/pragueartweek.cz\/wp-content\/uploads\/2022\/08\/DSC_5957s-2048x1367.jpg 2048w","media_details":{"width":2560,"height":1709,"sizes":{"medium":{"file":"DSC_5957s-900x601.jpg","width":900,"height":601,"mime-type":"image\/jpeg","filesize":127413,"source_url":"https:\/\/pragueartweek.cz\/wp-content\/uploads\/2022\/08\/DSC_5957s-900x601.jpg"},"large":{"file":"DSC_5957s-1800x1202.jpg","width":1800,"height":1202,"mime-type":"image\/jpeg","filesize":340990,"source_url":"https:\/\/pragueartweek.cz\/wp-content\/uploads\/2022\/08\/DSC_5957s-1800x1202.jpg"},"thumbnail":{"file":"DSC_5957s-450x300.jpg","width":450,"height":300,"mime-type":"image\/jpeg","filesize":59092,"source_url":"https:\/\/pragueartweek.cz\/wp-content\/uploads\/2022\/08\/DSC_5957s-450x300.jpg"},"medium_large":{"file":"DSC_5957s-768x513.jpg","width":768,"height":513,"mime-type":"image\/jpeg","filesize":104959,"source_url":"https:\/\/pragueartweek.cz\/wp-content\/uploads\/2022\/08\/DSC_5957s-768x513.jpg"},"1536x1536":{"file":"DSC_5957s-1536x1026.jpg","width":1536,"height":1026,"mime-type":"image\/jpeg","filesize":266494,"source_url":"https:\/\/pragueartweek.cz\/wp-content\/uploads\/2022\/08\/DSC_5957s-1536x1026.jpg"},"2048x2048":{"file":"DSC_5957s-2048x1367.jpg","width":2048,"height":1367,"mime-type":"image\/jpeg","filesize":417612,"source_url":"https:\/\/pragueartweek.cz\/wp-content\/uploads\/2022\/08\/DSC_5957s-2048x1367.jpg"},"cmplz_banner_image":{"file":"DSC_5957s-350x100.jpg","width":350,"height":100,"mime-type":"image\/jpeg","filesize":34526,"source_url":"https:\/\/pragueartweek.cz\/wp-content\/uploads\/2022\/08\/DSC_5957s-350x100.jpg"}}},"alt_text":"","url":"","target":""},{"id":2648,"title":"1U4A0846","caption":"","full_image_url":"https:\/\/pragueartweek.cz\/wp-content\/uploads\/2022\/08\/1U4A0846-scaled.jpg","thumbnail_image_url":"https:\/\/pragueartweek.cz\/wp-content\/uploads\/2022\/08\/1U4A0846-450x300.jpg","large_srcset":"https:\/\/pragueartweek.cz\/wp-content\/uploads\/2022\/08\/1U4A0846-1800x1200.jpg 1800w, https:\/\/pragueartweek.cz\/wp-content\/uploads\/2022\/08\/1U4A0846-900x600.jpg 900w, https:\/\/pragueartweek.cz\/wp-content\/uploads\/2022\/08\/1U4A0846-450x300.jpg 450w, https:\/\/pragueartweek.cz\/wp-content\/uploads\/2022\/08\/1U4A0846-768x512.jpg 768w, https:\/\/pragueartweek.cz\/wp-content\/uploads\/2022\/08\/1U4A0846-1536x1024.jpg 1536w, https:\/\/pragueartweek.cz\/wp-content\/uploads\/2022\/08\/1U4A0846-2048x1365.jpg 2048w","medium_srcset":"https:\/\/pragueartweek.cz\/wp-content\/uploads\/2022\/08\/1U4A0846-900x600.jpg 900w, https:\/\/pragueartweek.cz\/wp-content\/uploads\/2022\/08\/1U4A0846-1800x1200.jpg 1800w, https:\/\/pragueartweek.cz\/wp-content\/uploads\/2022\/08\/1U4A0846-450x300.jpg 450w, https:\/\/pragueartweek.cz\/wp-content\/uploads\/2022\/08\/1U4A0846-768x512.jpg 768w, https:\/\/pragueartweek.cz\/wp-content\/uploads\/2022\/08\/1U4A0846-1536x1024.jpg 1536w, https:\/\/pragueartweek.cz\/wp-content\/uploads\/2022\/08\/1U4A0846-2048x1365.jpg 2048w","media_details":{"width":2560,"height":1707,"sizes":{"medium":{"file":"1U4A0846-900x600.jpg","width":900,"height":600,"mime-type":"image\/jpeg","filesize":59124,"source_url":"https:\/\/pragueartweek.cz\/wp-content\/uploads\/2022\/08\/1U4A0846-900x600.jpg"},"large":{"file":"1U4A0846-1800x1200.jpg","width":1800,"height":1200,"mime-type":"image\/jpeg","filesize":160921,"source_url":"https:\/\/pragueartweek.cz\/wp-content\/uploads\/2022\/08\/1U4A0846-1800x1200.jpg"},"thumbnail":{"file":"1U4A0846-450x300.jpg","width":450,"height":300,"mime-type":"image\/jpeg","filesize":30215,"source_url":"https:\/\/pragueartweek.cz\/wp-content\/uploads\/2022\/08\/1U4A0846-450x300.jpg"},"medium_large":{"file":"1U4A0846-768x512.jpg","width":768,"height":512,"mime-type":"image\/jpeg","filesize":49041,"source_url":"https:\/\/pragueartweek.cz\/wp-content\/uploads\/2022\/08\/1U4A0846-768x512.jpg"},"1536x1536":{"file":"1U4A0846-1536x1024.jpg","width":1536,"height":1024,"mime-type":"image\/jpeg","filesize":125366,"source_url":"https:\/\/pragueartweek.cz\/wp-content\/uploads\/2022\/08\/1U4A0846-1536x1024.jpg"},"2048x2048":{"file":"1U4A0846-2048x1365.jpg","width":2048,"height":1365,"mime-type":"image\/jpeg","filesize":202917,"source_url":"https:\/\/pragueartweek.cz\/wp-content\/uploads\/2022\/08\/1U4A0846-2048x1365.jpg"},"cmplz_banner_image":{"file":"1U4A0846-350x100.jpg","width":350,"height":100,"mime-type":"image\/jpeg","filesize":22717,"source_url":"https:\/\/pragueartweek.cz\/wp-content\/uploads\/2022\/08\/1U4A0846-350x100.jpg"}}},"alt_text":"","url":"","target":""},{"id":2642,"title":"1U4A0838","caption":"","full_image_url":"https:\/\/pragueartweek.cz\/wp-content\/uploads\/2022\/08\/1U4A0838-scaled.jpg","thumbnail_image_url":"https:\/\/pragueartweek.cz\/wp-content\/uploads\/2022\/08\/1U4A0838-450x300.jpg","large_srcset":"https:\/\/pragueartweek.cz\/wp-content\/uploads\/2022\/08\/1U4A0838-1800x1200.jpg 1800w, https:\/\/pragueartweek.cz\/wp-content\/uploads\/2022\/08\/1U4A0838-900x600.jpg 900w, https:\/\/pragueartweek.cz\/wp-content\/uploads\/2022\/08\/1U4A0838-450x300.jpg 450w, https:\/\/pragueartweek.cz\/wp-content\/uploads\/2022\/08\/1U4A0838-768x512.jpg 768w, https:\/\/pragueartweek.cz\/wp-content\/uploads\/2022\/08\/1U4A0838-1536x1024.jpg 1536w, https:\/\/pragueartweek.cz\/wp-content\/uploads\/2022\/08\/1U4A0838-2048x1365.jpg 2048w","medium_srcset":"https:\/\/pragueartweek.cz\/wp-content\/uploads\/2022\/08\/1U4A0838-900x600.jpg 900w, https:\/\/pragueartweek.cz\/wp-content\/uploads\/2022\/08\/1U4A0838-1800x1200.jpg 1800w, https:\/\/pragueartweek.cz\/wp-content\/uploads\/2022\/08\/1U4A0838-450x300.jpg 450w, https:\/\/pragueartweek.cz\/wp-content\/uploads\/2022\/08\/1U4A0838-768x512.jpg 768w, https:\/\/pragueartweek.cz\/wp-content\/uploads\/2022\/08\/1U4A0838-1536x1024.jpg 1536w, https:\/\/pragueartweek.cz\/wp-content\/uploads\/2022\/08\/1U4A0838-2048x1365.jpg 2048w","media_details":{"width":2560,"height":1707,"sizes":{"medium":{"file":"1U4A0838-900x600.jpg","width":900,"height":600,"mime-type":"image\/jpeg","filesize":99201,"source_url":"https:\/\/pragueartweek.cz\/wp-content\/uploads\/2022\/08\/1U4A0838-900x600.jpg"},"large":{"file":"1U4A0838-1800x1200.jpg","width":1800,"height":1200,"mime-type":"image\/jpeg","filesize":303865,"source_url":"https:\/\/pragueartweek.cz\/wp-content\/uploads\/2022\/08\/1U4A0838-1800x1200.jpg"},"thumbnail":{"file":"1U4A0838-450x300.jpg","width":450,"height":300,"mime-type":"image\/jpeg","filesize":42440,"source_url":"https:\/\/pragueartweek.cz\/wp-content\/uploads\/2022\/08\/1U4A0838-450x300.jpg"},"medium_large":{"file":"1U4A0838-768x512.jpg","width":768,"height":512,"mime-type":"image\/jpeg","filesize":80153,"source_url":"https:\/\/pragueartweek.cz\/wp-content\/uploads\/2022\/08\/1U4A0838-768x512.jpg"},"1536x1536":{"file":"1U4A0838-1536x1024.jpg","width":1536,"height":1024,"mime-type":"image\/jpeg","filesize":229622,"source_url":"https:\/\/pragueartweek.cz\/wp-content\/uploads\/2022\/08\/1U4A0838-1536x1024.jpg"},"2048x2048":{"file":"1U4A0838-2048x1365.jpg","width":2048,"height":1365,"mime-type":"image\/jpeg","filesize":389053,"source_url":"https:\/\/pragueartweek.cz\/wp-content\/uploads\/2022\/08\/1U4A0838-2048x1365.jpg"},"cmplz_banner_image":{"file":"1U4A0838-350x100.jpg","width":350,"height":100,"mime-type":"image\/jpeg","filesize":27431,"source_url":"https:\/\/pragueartweek.cz\/wp-content\/uploads\/2022\/08\/1U4A0838-350x100.jpg"}}},"alt_text":"","url":"","target":""}]]}},"yoast_head":"<!-- This site is optimized with the Yoast SEO plugin v27.4 - https:\/\/yoast.com\/product\/yoast-seo-wordpress\/ -->\n<title>Mind The Gap - Mat\u011bj Jan\u00e1k, Innerfields, M-City, Interesni Kazki | Prague Art Week 26<\/title>\n<meta name=\"description\" content=\"The exhibition will present four artists who are united by the fact that they have bounced back from their graffiti past for their artistic expression.\" \/>\n<meta name=\"robots\" content=\"index, follow, max-snippet:-1, max-image-preview:large, max-video-preview:-1\" \/>\n<link rel=\"canonical\" href=\"https:\/\/pragueartweek.cz\/en\/events\/mind-the-gap-matej-janak-innerfields-m-city-interesni-kazki\/\" \/>\n<meta property=\"og:locale\" content=\"en_US\" \/>\n<meta property=\"og:type\" content=\"article\" \/>\n<meta property=\"og:title\" content=\"Mind The Gap - Mat\u011bj Jan\u00e1k, Innerfields, M-City, Interesni Kazki | Prague Art Week 26\" \/>\n<meta property=\"og:description\" content=\"The exhibition will present four artists who are united by the fact that they have bounced back from their graffiti past for their artistic expression.\" \/>\n<meta property=\"og:url\" content=\"https:\/\/pragueartweek.cz\/en\/events\/mind-the-gap-matej-janak-innerfields-m-city-interesni-kazki\/\" \/>\n<meta property=\"og:site_name\" content=\"Prague Art Week 26\" \/>\n<meta property=\"article:publisher\" content=\"https:\/\/www.facebook.com\/pragueartweek22\/\" \/>\n<meta property=\"article:modified_time\" content=\"2022-09-16T11:28:18+00:00\" \/>\n<meta property=\"og:image\" content=\"https:\/\/pragueartweek.cz\/wp-content\/uploads\/2022\/08\/1U4A0817.jpg\" \/>\n\t<meta property=\"og:image:width\" content=\"450\" \/>\n\t<meta property=\"og:image:height\" content=\"330\" \/>\n\t<meta property=\"og:image:type\" content=\"image\/jpeg\" \/>\n<meta name=\"twitter:card\" content=\"summary_large_image\" \/>\n<meta name=\"twitter:label1\" content=\"Est. reading time\" \/>\n\t<meta name=\"twitter:data1\" content=\"2 minutes\" \/>\n<script type=\"application\/ld+json\" class=\"yoast-schema-graph\">{\"@context\":\"https:\\\/\\\/schema.org\",\"@graph\":[{\"@type\":\"WebPage\",\"@id\":\"https:\\\/\\\/pragueartweek.cz\\\/en\\\/events\\\/mind-the-gap-matej-janak-innerfields-m-city-interesni-kazki\\\/\",\"url\":\"https:\\\/\\\/pragueartweek.cz\\\/en\\\/events\\\/mind-the-gap-matej-janak-innerfields-m-city-interesni-kazki\\\/\",\"name\":\"Mind The Gap - Mat\u011bj Jan\u00e1k, Innerfields, M-City, Interesni Kazki | Prague Art Week 26\",\"isPartOf\":{\"@id\":\"https:\\\/\\\/pragueartweek.cz\\\/en\\\/#website\"},\"primaryImageOfPage\":{\"@id\":\"https:\\\/\\\/pragueartweek.cz\\\/en\\\/events\\\/mind-the-gap-matej-janak-innerfields-m-city-interesni-kazki\\\/#primaryimage\"},\"image\":{\"@id\":\"https:\\\/\\\/pragueartweek.cz\\\/en\\\/events\\\/mind-the-gap-matej-janak-innerfields-m-city-interesni-kazki\\\/#primaryimage\"},\"thumbnailUrl\":\"https:\\\/\\\/pragueartweek.cz\\\/wp-content\\\/uploads\\\/2022\\\/08\\\/1U4A0817.jpg\",\"datePublished\":\"2022-03-04T10:37:30+00:00\",\"dateModified\":\"2022-09-16T11:28:18+00:00\",\"description\":\"The exhibition will present four artists who are united by the fact that they have bounced back from their graffiti past for their artistic expression.\",\"breadcrumb\":{\"@id\":\"https:\\\/\\\/pragueartweek.cz\\\/en\\\/events\\\/mind-the-gap-matej-janak-innerfields-m-city-interesni-kazki\\\/#breadcrumb\"},\"inLanguage\":\"en-US\",\"potentialAction\":[{\"@type\":\"ReadAction\",\"target\":[\"https:\\\/\\\/pragueartweek.cz\\\/en\\\/events\\\/mind-the-gap-matej-janak-innerfields-m-city-interesni-kazki\\\/\"]}]},{\"@type\":\"ImageObject\",\"inLanguage\":\"en-US\",\"@id\":\"https:\\\/\\\/pragueartweek.cz\\\/en\\\/events\\\/mind-the-gap-matej-janak-innerfields-m-city-interesni-kazki\\\/#primaryimage\",\"url\":\"https:\\\/\\\/pragueartweek.cz\\\/wp-content\\\/uploads\\\/2022\\\/08\\\/1U4A0817.jpg\",\"contentUrl\":\"https:\\\/\\\/pragueartweek.cz\\\/wp-content\\\/uploads\\\/2022\\\/08\\\/1U4A0817.jpg\",\"width\":450,\"height\":330},{\"@type\":\"BreadcrumbList\",\"@id\":\"https:\\\/\\\/pragueartweek.cz\\\/en\\\/events\\\/mind-the-gap-matej-janak-innerfields-m-city-interesni-kazki\\\/#breadcrumb\",\"itemListElement\":[{\"@type\":\"ListItem\",\"position\":1,\"name\":\"Home\",\"item\":\"https:\\\/\\\/pragueartweek.cz\\\/en\\\/\"},{\"@type\":\"ListItem\",\"position\":2,\"name\":\"Events\",\"item\":\"https:\\\/\\\/pragueartweek.cz\\\/en\\\/events\\\/\"},{\"@type\":\"ListItem\",\"position\":3,\"name\":\"Mind The Gap &#8211; Mat\u011bj Jan\u00e1k, Innerfields, M-City, Interesni Kazki\"}]},{\"@type\":\"WebSite\",\"@id\":\"https:\\\/\\\/pragueartweek.cz\\\/en\\\/#website\",\"url\":\"https:\\\/\\\/pragueartweek.cz\\\/en\\\/\",\"name\":\"Prague Art Week 26\",\"description\":\"Prague Art Week je otev\u0159enou platformou pro kooperaci nejv\u00fdznamn\u011bj\u0161\u00edch instituc\u00ed na poli pra\u017esk\u00e9 um\u011bleck\u00e9 sc\u00e9ny.\",\"publisher\":{\"@id\":\"https:\\\/\\\/pragueartweek.cz\\\/en\\\/#organization\"},\"potentialAction\":[{\"@type\":\"SearchAction\",\"target\":{\"@type\":\"EntryPoint\",\"urlTemplate\":\"https:\\\/\\\/pragueartweek.cz\\\/en\\\/?s={search_term_string}\"},\"query-input\":{\"@type\":\"PropertyValueSpecification\",\"valueRequired\":true,\"valueName\":\"search_term_string\"}}],\"inLanguage\":\"en-US\"},{\"@type\":\"Organization\",\"@id\":\"https:\\\/\\\/pragueartweek.cz\\\/en\\\/#organization\",\"name\":\"Prague Art Week\",\"url\":\"https:\\\/\\\/pragueartweek.cz\\\/en\\\/\",\"logo\":{\"@type\":\"ImageObject\",\"inLanguage\":\"en-US\",\"@id\":\"https:\\\/\\\/pragueartweek.cz\\\/en\\\/#\\\/schema\\\/logo\\\/image\\\/\",\"url\":\"https:\\\/\\\/pragueartweek.cz\\\/wp-content\\\/uploads\\\/2022\\\/04\\\/LOGO_PAW_bez-roku-02.png\",\"contentUrl\":\"https:\\\/\\\/pragueartweek.cz\\\/wp-content\\\/uploads\\\/2022\\\/04\\\/LOGO_PAW_bez-roku-02.png\",\"width\":2481,\"height\":1749,\"caption\":\"Prague Art Week\"},\"image\":{\"@id\":\"https:\\\/\\\/pragueartweek.cz\\\/en\\\/#\\\/schema\\\/logo\\\/image\\\/\"},\"sameAs\":[\"https:\\\/\\\/www.facebook.com\\\/pragueartweek22\\\/\",\"https:\\\/\\\/www.instagram.com\\\/prague_art_week\\\/\"]}]}<\/script>\n<!-- \/ Yoast SEO plugin. -->","yoast_head_json":{"title":"Mind The Gap - Mat\u011bj Jan\u00e1k, Innerfields, M-City, Interesni Kazki | Prague Art Week 26","description":"The exhibition will present four artists who are united by the fact that they have bounced back from their graffiti past for their artistic expression.","robots":{"index":"index","follow":"follow","max-snippet":"max-snippet:-1","max-image-preview":"max-image-preview:large","max-video-preview":"max-video-preview:-1"},"canonical":"https:\/\/pragueartweek.cz\/en\/events\/mind-the-gap-matej-janak-innerfields-m-city-interesni-kazki\/","og_locale":"en_US","og_type":"article","og_title":"Mind The Gap - Mat\u011bj Jan\u00e1k, Innerfields, M-City, Interesni Kazki | Prague Art Week 26","og_description":"The exhibition will present four artists who are united by the fact that they have bounced back from their graffiti past for their artistic expression.","og_url":"https:\/\/pragueartweek.cz\/en\/events\/mind-the-gap-matej-janak-innerfields-m-city-interesni-kazki\/","og_site_name":"Prague Art Week 26","article_publisher":"https:\/\/www.facebook.com\/pragueartweek22\/","article_modified_time":"2022-09-16T11:28:18+00:00","og_image":[{"width":450,"height":330,"url":"https:\/\/pragueartweek.cz\/wp-content\/uploads\/2022\/08\/1U4A0817.jpg","type":"image\/jpeg"}],"twitter_card":"summary_large_image","twitter_misc":{"Est. reading time":"2 minutes"},"schema":{"@context":"https:\/\/schema.org","@graph":[{"@type":"WebPage","@id":"https:\/\/pragueartweek.cz\/en\/events\/mind-the-gap-matej-janak-innerfields-m-city-interesni-kazki\/","url":"https:\/\/pragueartweek.cz\/en\/events\/mind-the-gap-matej-janak-innerfields-m-city-interesni-kazki\/","name":"Mind The Gap - Mat\u011bj Jan\u00e1k, Innerfields, M-City, Interesni Kazki | Prague Art Week 26","isPartOf":{"@id":"https:\/\/pragueartweek.cz\/en\/#website"},"primaryImageOfPage":{"@id":"https:\/\/pragueartweek.cz\/en\/events\/mind-the-gap-matej-janak-innerfields-m-city-interesni-kazki\/#primaryimage"},"image":{"@id":"https:\/\/pragueartweek.cz\/en\/events\/mind-the-gap-matej-janak-innerfields-m-city-interesni-kazki\/#primaryimage"},"thumbnailUrl":"https:\/\/pragueartweek.cz\/wp-content\/uploads\/2022\/08\/1U4A0817.jpg","datePublished":"2022-03-04T10:37:30+00:00","dateModified":"2022-09-16T11:28:18+00:00","description":"The exhibition will present four artists who are united by the fact that they have bounced back from their graffiti past for their artistic expression.","breadcrumb":{"@id":"https:\/\/pragueartweek.cz\/en\/events\/mind-the-gap-matej-janak-innerfields-m-city-interesni-kazki\/#breadcrumb"},"inLanguage":"en-US","potentialAction":[{"@type":"ReadAction","target":["https:\/\/pragueartweek.cz\/en\/events\/mind-the-gap-matej-janak-innerfields-m-city-interesni-kazki\/"]}]},{"@type":"ImageObject","inLanguage":"en-US","@id":"https:\/\/pragueartweek.cz\/en\/events\/mind-the-gap-matej-janak-innerfields-m-city-interesni-kazki\/#primaryimage","url":"https:\/\/pragueartweek.cz\/wp-content\/uploads\/2022\/08\/1U4A0817.jpg","contentUrl":"https:\/\/pragueartweek.cz\/wp-content\/uploads\/2022\/08\/1U4A0817.jpg","width":450,"height":330},{"@type":"BreadcrumbList","@id":"https:\/\/pragueartweek.cz\/en\/events\/mind-the-gap-matej-janak-innerfields-m-city-interesni-kazki\/#breadcrumb","itemListElement":[{"@type":"ListItem","position":1,"name":"Home","item":"https:\/\/pragueartweek.cz\/en\/"},{"@type":"ListItem","position":2,"name":"Events","item":"https:\/\/pragueartweek.cz\/en\/events\/"},{"@type":"ListItem","position":3,"name":"Mind The Gap &#8211; Mat\u011bj Jan\u00e1k, Innerfields, M-City, Interesni Kazki"}]},{"@type":"WebSite","@id":"https:\/\/pragueartweek.cz\/en\/#website","url":"https:\/\/pragueartweek.cz\/en\/","name":"Prague Art Week 26","description":"Prague Art Week je otev\u0159enou platformou pro kooperaci nejv\u00fdznamn\u011bj\u0161\u00edch instituc\u00ed na poli pra\u017esk\u00e9 um\u011bleck\u00e9 sc\u00e9ny.","publisher":{"@id":"https:\/\/pragueartweek.cz\/en\/#organization"},"potentialAction":[{"@type":"SearchAction","target":{"@type":"EntryPoint","urlTemplate":"https:\/\/pragueartweek.cz\/en\/?s={search_term_string}"},"query-input":{"@type":"PropertyValueSpecification","valueRequired":true,"valueName":"search_term_string"}}],"inLanguage":"en-US"},{"@type":"Organization","@id":"https:\/\/pragueartweek.cz\/en\/#organization","name":"Prague Art Week","url":"https:\/\/pragueartweek.cz\/en\/","logo":{"@type":"ImageObject","inLanguage":"en-US","@id":"https:\/\/pragueartweek.cz\/en\/#\/schema\/logo\/image\/","url":"https:\/\/pragueartweek.cz\/wp-content\/uploads\/2022\/04\/LOGO_PAW_bez-roku-02.png","contentUrl":"https:\/\/pragueartweek.cz\/wp-content\/uploads\/2022\/04\/LOGO_PAW_bez-roku-02.png","width":2481,"height":1749,"caption":"Prague Art Week"},"image":{"@id":"https:\/\/pragueartweek.cz\/en\/#\/schema\/logo\/image\/"},"sameAs":["https:\/\/www.facebook.com\/pragueartweek22\/","https:\/\/www.instagram.com\/prague_art_week\/"]}]}},"_links":{"self":[{"href":"https:\/\/pragueartweek.cz\/en\/wp-json\/wp\/v2\/udalosti\/1687","targetHints":{"allow":["GET"]}}],"collection":[{"href":"https:\/\/pragueartweek.cz\/en\/wp-json\/wp\/v2\/udalosti"}],"about":[{"href":"https:\/\/pragueartweek.cz\/en\/wp-json\/wp\/v2\/types\/udalosti"}],"version-history":[{"count":4,"href":"https:\/\/pragueartweek.cz\/en\/wp-json\/wp\/v2\/udalosti\/1687\/revisions"}],"predecessor-version":[{"id":3043,"href":"https:\/\/pragueartweek.cz\/en\/wp-json\/wp\/v2\/udalosti\/1687\/revisions\/3043"}],"wp:featuredmedia":[{"embeddable":true,"href":"https:\/\/pragueartweek.cz\/en\/wp-json\/wp\/v2\/media\/2652"}],"wp:attachment":[{"href":"https:\/\/pragueartweek.cz\/en\/wp-json\/wp\/v2\/media?parent=1687"}],"wp:term":[{"taxonomy":"kategorie","embeddable":true,"href":"https:\/\/pragueartweek.cz\/en\/wp-json\/wp\/v2\/kategorie?post=1687"},{"taxonomy":"lokalita","embeddable":true,"href":"https:\/\/pragueartweek.cz\/en\/wp-json\/wp\/v2\/lokalita?post=1687"},{"taxonomy":"termin","embeddable":true,"href":"https:\/\/pragueartweek.cz\/en\/wp-json\/wp\/v2\/termin?post=1687"}],"curies":[{"name":"wp","href":"https:\/\/api.w.org\/{rel}","templated":true}]}}