{"id":170,"date":"2022-04-13T18:43:16","date_gmt":"2022-04-13T16:43:16","guid":{"rendered":"https:\/\/pragueartweek.cz\/udalosti\/test-en-5\/"},"modified":"2022-09-07T21:19:10","modified_gmt":"2022-09-07T19:19:10","slug":"test-en-5","status":"publish","type":"udalosti","link":"https:\/\/pragueartweek.cz\/en\/events\/test-en-5\/","title":{"rendered":"NET"},"content":{"rendered":"<p>Superstudio will be located on the New Stage of the National Theatre. The programme will be divided into four blocks over four days &#8211; from Monday 12 September to Thursday 15 September. In the individual blocks, Czech and international guests will present the most interesting of their exhibition achievements, successful practices in managing organisations, milestones of the most successful events or the management of art collections, as well as how they arrived at a successful project, in the form of a few-minute lecture and slideshow. Discussions and a master class will develop the lecture format.<\/p>\n<h2><span style=\"font-weight: 400;\">ART REFLECTION<\/span><\/h2>\n<p><span style=\"font-weight: 400;\">Monday 12. 9. at 18:00 \u2013 20:00<\/span><\/p>\n<p><span style=\"font-weight: 400;\">capacity 100 persons, RSVP on GoOut.cz<\/span><\/p>\n<h3><span style=\"font-weight: 400;\">The first evening block of the accompanying programme focuses on the support and promotion of contemporary art, critical reflection on visual arts, as well as other know-how and networking in the field of culture.<\/span><\/h3>\n<p><span style=\"font-weight: 400;\">(Albertine Kopp &amp; Noemi Smolik, Kri\u0161tof Kintera interviewed by Lenka Lindaurov\u00e1, Tom\u00e1\u0161 Kli\u010dka, Art Antiques <\/span><span style=\"font-weight: 400;\">&amp; guests)<\/span><\/p>\n<h2><span style=\"font-weight: 400;\">ART CAREER<\/span><\/h2>\n<p><span style=\"font-weight: 400;\">Tuesday 13. 9. at 18:00 \u2013 20:00<\/span><\/p>\n<p><span style=\"font-weight: 400;\">capacity 300 persons, RSVP on GoOut.cz<\/span><\/p>\n<h3>The second evening block of the accompanying programme of the Prague Art Week is dedicated to artists, but also to professions that, albeit indirectly, profile the life paths of art professionals.<\/h3>\n<p><span style=\"font-weight: 400;\">(Lenka Bake\u0161ov\u00e1,&nbsp; PAW <\/span><span style=\"font-weight: 400;\">&amp; guests<\/span><span style=\"font-weight: 400;\"> Marie Tomanov\u00e1 &amp; Thomas Beachdel (USA), C\u00e9line Sabari Poizat (FR) <\/span><span style=\"font-weight: 400;\">&amp; others<\/span><span style=\"font-weight: 400;\">)<\/span><\/p>\n<p>&nbsp;<\/p>\n<h2><span style=\"font-weight: 400;\">ART COLLECTING<\/span><\/h2>\n<p><span style=\"font-weight: 400;\">Wednesday 14 September 18:00 \u2013 20:00<\/span><\/p>\n<p><span style=\"font-weight: 400;\">program in Czech, capacity 100 persons, RSVP at <\/span><span style=\"font-weight: 400;\">GoOut.cz (TBA)<\/span><\/p>\n<h3><b>The third evening segment dedicated to art investments and art collecting will discuss perspectives on how to deal with artifacts in the physical, but also in the increasingly used digital environment.<\/b><\/h3>\n<p><span style=\"font-weight: 400;\">Representatives of Galerie Kodl, Artefin, Havel&amp;Partners and House of Lobkowicz will speak about the purchase, protection, and care of art collections. The program will also present results of a professional survey of the behavior of Czech collectors prepared by J&amp;T Banka Art and the professional platform Art+. Moderation by Jan&nbsp; Stuchl\u00edk.<\/span><\/p>\n<p>&nbsp;<\/p>\n<h2><span style=\"font-weight: 400;\">ART MANAGEMENT<\/span><\/h2>\n<p><span style=\"font-weight: 400;\">Thursday\/Thursday 14. 9. 18:00 \u2013 20:00<\/span><\/p>\n<p><span style=\"font-weight: 400;\">program in Czech, capacity 100 persons, RSVP at GoOut.cz (TBA)<\/span><\/p>\n<h3><b>The final evening lecture will present personalities and projects that resonate across the borders of individual countries.<\/b><\/h3>\n<p><span style=\"font-weight: 400;\">How did the first world &#8220;art week&#8221; come about? <\/span><span style=\"font-weight: 400;\">The representatives of Art Week Vienna will introduce their original work. A case study of patronage in the United States will be presented by a member of the Karel Kom\u00e1rek Family Foundation. You will also hear about the most significant achievements of Czech Centres around the world. The difficulties of running institutions during the war and overcoming them will be described by Maryna Shcherbenko from the Shcherbenko Art Centre in Kiev. Jakub Jahn will guide the afternoon and close it with a special greeting.<\/span><\/p>\n<p>&nbsp;<\/p>\n<p>&nbsp;<\/p>\n<p>The program in the PAW 22 superstudio will be free of charge, participants will register via RSVP. (Available from 1st September)<\/p>\n","protected":false},"excerpt":{"rendered":"<p>Superstudio will be located on the New Stage of the National Theatre. The programme will be divided into four blocks over four days &#8211; from Monday 12 September to Thursday 15 September. In the individual blocks, Czech and international guests will present the most interesting of their exhibition achievements, successful practices in managing organisations, milestones&#8230; <a class=\"view-article\" href=\"https:\/\/pragueartweek.cz\/en\/events\/test-en-5\/\">View Article<\/a><\/p>\n","protected":false},"featured_media":669,"parent":0,"menu_order":0,"template":"","format":"standard","meta":{"_acf_changed":false,"footnotes":""},"kategorie":[33,187],"lokalita":[],"termin":[],"class_list":["post-170","udalosti","type-udalosti","status-publish","format-standard","has-post-thumbnail","hentry","kategorie-lecture","kategorie-past-event","wpautop"],"acf":{"photo_gallery":{"udalost_galerie":[[{"id":437,"title":"1a_Tomanova portrait_Photo Credit Marie Tomanova","caption":"Marie Tomanov\u00e1 p\u0159ijede na Prague Art Week","full_image_url":"https:\/\/pragueartweek.cz\/wp-content\/uploads\/2022\/03\/1a_Tomanova-portrait_Photo-Credit-Marie-Tomanova-.jpg","thumbnail_image_url":"https:\/\/pragueartweek.cz\/wp-content\/uploads\/2022\/03\/1a_Tomanova-portrait_Photo-Credit-Marie-Tomanova--450x330.jpg","large_srcset":"https:\/\/pragueartweek.cz\/wp-content\/uploads\/2022\/03\/1a_Tomanova-portrait_Photo-Credit-Marie-Tomanova-.jpg 1225w, https:\/\/pragueartweek.cz\/wp-content\/uploads\/2022\/03\/1a_Tomanova-portrait_Photo-Credit-Marie-Tomanova--900x660.jpg 900w, https:\/\/pragueartweek.cz\/wp-content\/uploads\/2022\/03\/1a_Tomanova-portrait_Photo-Credit-Marie-Tomanova--450x330.jpg 450w, https:\/\/pragueartweek.cz\/wp-content\/uploads\/2022\/03\/1a_Tomanova-portrait_Photo-Credit-Marie-Tomanova--768x564.jpg 768w","medium_srcset":"https:\/\/pragueartweek.cz\/wp-content\/uploads\/2022\/03\/1a_Tomanova-portrait_Photo-Credit-Marie-Tomanova--900x660.jpg 900w, https:\/\/pragueartweek.cz\/wp-content\/uploads\/2022\/03\/1a_Tomanova-portrait_Photo-Credit-Marie-Tomanova--450x330.jpg 450w, https:\/\/pragueartweek.cz\/wp-content\/uploads\/2022\/03\/1a_Tomanova-portrait_Photo-Credit-Marie-Tomanova--768x564.jpg 768w, https:\/\/pragueartweek.cz\/wp-content\/uploads\/2022\/03\/1a_Tomanova-portrait_Photo-Credit-Marie-Tomanova-.jpg 1225w","media_details":{"width":1225,"height":899,"sizes":{"medium":{"file":"1a_Tomanova-portrait_Photo-Credit-Marie-Tomanova--900x660.jpg","width":900,"height":660,"mime-type":"image\/jpeg","source_url":"https:\/\/pragueartweek.cz\/wp-content\/uploads\/2022\/03\/1a_Tomanova-portrait_Photo-Credit-Marie-Tomanova--900x660.jpg"},"thumbnail":{"file":"1a_Tomanova-portrait_Photo-Credit-Marie-Tomanova--450x330.jpg","width":450,"height":330,"mime-type":"image\/jpeg","source_url":"https:\/\/pragueartweek.cz\/wp-content\/uploads\/2022\/03\/1a_Tomanova-portrait_Photo-Credit-Marie-Tomanova--450x330.jpg"},"medium_large":{"file":"1a_Tomanova-portrait_Photo-Credit-Marie-Tomanova--768x564.jpg","width":768,"height":564,"mime-type":"image\/jpeg","source_url":"https:\/\/pragueartweek.cz\/wp-content\/uploads\/2022\/03\/1a_Tomanova-portrait_Photo-Credit-Marie-Tomanova--768x564.jpg"}}},"alt_text":"","url":"","target":""},{"id":649,"title":"Sni\u0301mek obrazovky 2022-04-26 v\u00a016.49.41","caption":"","full_image_url":"https:\/\/pragueartweek.cz\/wp-content\/uploads\/2022\/04\/Sni\u0301mek-obrazovky-2022-04-26-v-16.49.41.png","thumbnail_image_url":"https:\/\/pragueartweek.cz\/wp-content\/uploads\/2022\/04\/Sni\u0301mek-obrazovky-2022-04-26-v-16.49.41-432x330.png","large_srcset":"https:\/\/pragueartweek.cz\/wp-content\/uploads\/2022\/04\/Sni\u0301mek-obrazovky-2022-04-26-v-16.49.41.png 1282w, https:\/\/pragueartweek.cz\/wp-content\/uploads\/2022\/04\/Sni\u0301mek-obrazovky-2022-04-26-v-16.49.41-863x660.png 863w, https:\/\/pragueartweek.cz\/wp-content\/uploads\/2022\/04\/Sni\u0301mek-obrazovky-2022-04-26-v-16.49.41-432x330.png 432w, https:\/\/pragueartweek.cz\/wp-content\/uploads\/2022\/04\/Sni\u0301mek-obrazovky-2022-04-26-v-16.49.41-768x587.png 768w","medium_srcset":"https:\/\/pragueartweek.cz\/wp-content\/uploads\/2022\/04\/Sni\u0301mek-obrazovky-2022-04-26-v-16.49.41-863x660.png 863w, https:\/\/pragueartweek.cz\/wp-content\/uploads\/2022\/04\/Sni\u0301mek-obrazovky-2022-04-26-v-16.49.41-432x330.png 432w, https:\/\/pragueartweek.cz\/wp-content\/uploads\/2022\/04\/Sni\u0301mek-obrazovky-2022-04-26-v-16.49.41-768x587.png 768w, https:\/\/pragueartweek.cz\/wp-content\/uploads\/2022\/04\/Sni\u0301mek-obrazovky-2022-04-26-v-16.49.41.png 1282w","media_details":{"width":1282,"height":980,"sizes":{"medium":{"file":"Sni\u0301mek-obrazovky-2022-04-26-v-16.49.41-863x660.png","width":863,"height":660,"mime-type":"image\/png","source_url":"https:\/\/pragueartweek.cz\/wp-content\/uploads\/2022\/04\/Sni\u0301mek-obrazovky-2022-04-26-v-16.49.41-863x660.png"},"thumbnail":{"file":"Sni\u0301mek-obrazovky-2022-04-26-v-16.49.41-432x330.png","width":432,"height":330,"mime-type":"image\/png","source_url":"https:\/\/pragueartweek.cz\/wp-content\/uploads\/2022\/04\/Sni\u0301mek-obrazovky-2022-04-26-v-16.49.41-432x330.png"},"medium_large":{"file":"Sni\u0301mek-obrazovky-2022-04-26-v-16.49.41-768x587.png","width":768,"height":587,"mime-type":"image\/png","source_url":"https:\/\/pragueartweek.cz\/wp-content\/uploads\/2022\/04\/Sni\u0301mek-obrazovky-2022-04-26-v-16.49.41-768x587.png"}}},"alt_text":"","url":"","target":""},{"id":1916,"title":"celinepoizat-320x320","caption":"","full_image_url":"https:\/\/pragueartweek.cz\/wp-content\/uploads\/2022\/04\/celinepoizat-320x320-1.png","thumbnail_image_url":"https:\/\/pragueartweek.cz\/wp-content\/uploads\/2022\/04\/celinepoizat-320x320-1.png","large_srcset":false,"medium_srcset":false,"media_details":{"width":320,"height":320,"sizes":{"cmplz_banner_image":{"file":"celinepoizat-320x320-1-320x100.png","width":320,"height":100,"mime-type":"image\/png","filesize":15586,"source_url":"https:\/\/pragueartweek.cz\/wp-content\/uploads\/2022\/04\/celinepoizat-320x320-1-320x100.png"}}},"alt_text":"","url":"","target":""},{"id":669,"title":"1576514837-novascenahlediste2 (kopie)","caption":"","full_image_url":"https:\/\/pragueartweek.cz\/wp-content\/uploads\/2022\/04\/1576514837-novascenahlediste2-kopie-scaled.jpeg","thumbnail_image_url":"https:\/\/pragueartweek.cz\/wp-content\/uploads\/2022\/04\/1576514837-novascenahlediste2-kopie-450x330.jpeg","large_srcset":"https:\/\/pragueartweek.cz\/wp-content\/uploads\/2022\/04\/1576514837-novascenahlediste2-kopie-1800x1320.jpeg 1800w, https:\/\/pragueartweek.cz\/wp-content\/uploads\/2022\/04\/1576514837-novascenahlediste2-kopie-900x660.jpeg 900w, https:\/\/pragueartweek.cz\/wp-content\/uploads\/2022\/04\/1576514837-novascenahlediste2-kopie-450x330.jpeg 450w, https:\/\/pragueartweek.cz\/wp-content\/uploads\/2022\/04\/1576514837-novascenahlediste2-kopie-768x563.jpeg 768w, https:\/\/pragueartweek.cz\/wp-content\/uploads\/2022\/04\/1576514837-novascenahlediste2-kopie-1536x1126.jpeg 1536w, https:\/\/pragueartweek.cz\/wp-content\/uploads\/2022\/04\/1576514837-novascenahlediste2-kopie-2048x1501.jpeg 2048w","medium_srcset":"https:\/\/pragueartweek.cz\/wp-content\/uploads\/2022\/04\/1576514837-novascenahlediste2-kopie-900x660.jpeg 900w, https:\/\/pragueartweek.cz\/wp-content\/uploads\/2022\/04\/1576514837-novascenahlediste2-kopie-1800x1320.jpeg 1800w, https:\/\/pragueartweek.cz\/wp-content\/uploads\/2022\/04\/1576514837-novascenahlediste2-kopie-450x330.jpeg 450w, https:\/\/pragueartweek.cz\/wp-content\/uploads\/2022\/04\/1576514837-novascenahlediste2-kopie-768x563.jpeg 768w, https:\/\/pragueartweek.cz\/wp-content\/uploads\/2022\/04\/1576514837-novascenahlediste2-kopie-1536x1126.jpeg 1536w, https:\/\/pragueartweek.cz\/wp-content\/uploads\/2022\/04\/1576514837-novascenahlediste2-kopie-2048x1501.jpeg 2048w","media_details":{"width":2560,"height":1877,"sizes":{"medium":{"file":"1576514837-novascenahlediste2-kopie-900x660.jpeg","width":900,"height":660,"mime-type":"image\/jpeg","source_url":"https:\/\/pragueartweek.cz\/wp-content\/uploads\/2022\/04\/1576514837-novascenahlediste2-kopie-900x660.jpeg"},"large":{"file":"1576514837-novascenahlediste2-kopie-1800x1320.jpeg","width":1800,"height":1320,"mime-type":"image\/jpeg","source_url":"https:\/\/pragueartweek.cz\/wp-content\/uploads\/2022\/04\/1576514837-novascenahlediste2-kopie-1800x1320.jpeg"},"thumbnail":{"file":"1576514837-novascenahlediste2-kopie-450x330.jpeg","width":450,"height":330,"mime-type":"image\/jpeg","source_url":"https:\/\/pragueartweek.cz\/wp-content\/uploads\/2022\/04\/1576514837-novascenahlediste2-kopie-450x330.jpeg"},"medium_large":{"file":"1576514837-novascenahlediste2-kopie-768x563.jpeg","width":768,"height":563,"mime-type":"image\/jpeg","source_url":"https:\/\/pragueartweek.cz\/wp-content\/uploads\/2022\/04\/1576514837-novascenahlediste2-kopie-768x563.jpeg"},"1536x1536":{"file":"1576514837-novascenahlediste2-kopie-1536x1126.jpeg","width":1536,"height":1126,"mime-type":"image\/jpeg","source_url":"https:\/\/pragueartweek.cz\/wp-content\/uploads\/2022\/04\/1576514837-novascenahlediste2-kopie-1536x1126.jpeg"},"2048x2048":{"file":"1576514837-novascenahlediste2-kopie-2048x1501.jpeg","width":2048,"height":1501,"mime-type":"image\/jpeg","source_url":"https:\/\/pragueartweek.cz\/wp-content\/uploads\/2022\/04\/1576514837-novascenahlediste2-kopie-2048x1501.jpeg"}}},"alt_text":"","url":"","target":""},{"id":1920,"title":"maryna","caption":"","full_image_url":"https:\/\/pragueartweek.cz\/wp-content\/uploads\/2022\/04\/maryna-.jpeg","thumbnail_image_url":"https:\/\/pragueartweek.cz\/wp-content\/uploads\/2022\/04\/maryna--450x298.jpeg","large_srcset":"https:\/\/pragueartweek.cz\/wp-content\/uploads\/2022\/04\/maryna-.jpeg 1200w, https:\/\/pragueartweek.cz\/wp-content\/uploads\/2022\/04\/maryna--900x596.jpeg 900w, https:\/\/pragueartweek.cz\/wp-content\/uploads\/2022\/04\/maryna--450x298.jpeg 450w, https:\/\/pragueartweek.cz\/wp-content\/uploads\/2022\/04\/maryna--768x509.jpeg 768w","medium_srcset":"https:\/\/pragueartweek.cz\/wp-content\/uploads\/2022\/04\/maryna--900x596.jpeg 900w, https:\/\/pragueartweek.cz\/wp-content\/uploads\/2022\/04\/maryna--450x298.jpeg 450w, https:\/\/pragueartweek.cz\/wp-content\/uploads\/2022\/04\/maryna--768x509.jpeg 768w, https:\/\/pragueartweek.cz\/wp-content\/uploads\/2022\/04\/maryna-.jpeg 1200w","media_details":{"width":1200,"height":795,"sizes":{"medium":{"file":"maryna--900x596.jpeg","width":900,"height":596,"mime-type":"image\/jpeg","filesize":75622,"source_url":"https:\/\/pragueartweek.cz\/wp-content\/uploads\/2022\/04\/maryna--900x596.jpeg"},"thumbnail":{"file":"maryna--450x298.jpeg","width":450,"height":298,"mime-type":"image\/jpeg","filesize":28769,"source_url":"https:\/\/pragueartweek.cz\/wp-content\/uploads\/2022\/04\/maryna--450x298.jpeg"},"medium_large":{"file":"maryna--768x509.jpeg","width":768,"height":509,"mime-type":"image\/jpeg","filesize":59813,"source_url":"https:\/\/pragueartweek.cz\/wp-content\/uploads\/2022\/04\/maryna--768x509.jpeg"},"cmplz_banner_image":{"file":"maryna--350x100.jpeg","width":350,"height":100,"mime-type":"image\/jpeg","filesize":11405,"source_url":"https:\/\/pragueartweek.cz\/wp-content\/uploads\/2022\/04\/maryna--350x100.jpeg"}}},"alt_text":"","url":"","target":""},{"id":713,"title":"novascena2","caption":"","full_image_url":"https:\/\/pragueartweek.cz\/wp-content\/uploads\/2022\/04\/novascena2-scaled.jpg","thumbnail_image_url":"https:\/\/pragueartweek.cz\/wp-content\/uploads\/2022\/04\/novascena2-247x330.jpg","large_srcset":"https:\/\/pragueartweek.cz\/wp-content\/uploads\/2022\/04\/novascena2-989x1320.jpg 989w, https:\/\/pragueartweek.cz\/wp-content\/uploads\/2022\/04\/novascena2-494x660.jpg 494w, https:\/\/pragueartweek.cz\/wp-content\/uploads\/2022\/04\/novascena2-247x330.jpg 247w, https:\/\/pragueartweek.cz\/wp-content\/uploads\/2022\/04\/novascena2-768x1025.jpg 768w, https:\/\/pragueartweek.cz\/wp-content\/uploads\/2022\/04\/novascena2-1151x1536.jpg 1151w, https:\/\/pragueartweek.cz\/wp-content\/uploads\/2022\/04\/novascena2-1534x2048.jpg 1534w, https:\/\/pragueartweek.cz\/wp-content\/uploads\/2022\/04\/novascena2-scaled.jpg 1918w","medium_srcset":"https:\/\/pragueartweek.cz\/wp-content\/uploads\/2022\/04\/novascena2-494x660.jpg 494w, https:\/\/pragueartweek.cz\/wp-content\/uploads\/2022\/04\/novascena2-989x1320.jpg 989w, https:\/\/pragueartweek.cz\/wp-content\/uploads\/2022\/04\/novascena2-247x330.jpg 247w, https:\/\/pragueartweek.cz\/wp-content\/uploads\/2022\/04\/novascena2-768x1025.jpg 768w, https:\/\/pragueartweek.cz\/wp-content\/uploads\/2022\/04\/novascena2-1151x1536.jpg 1151w, https:\/\/pragueartweek.cz\/wp-content\/uploads\/2022\/04\/novascena2-1534x2048.jpg 1534w, https:\/\/pragueartweek.cz\/wp-content\/uploads\/2022\/04\/novascena2-scaled.jpg 1918w","media_details":{"width":1918,"height":2560,"sizes":{"medium":{"file":"novascena2-494x660.jpg","width":494,"height":660,"mime-type":"image\/jpeg","source_url":"https:\/\/pragueartweek.cz\/wp-content\/uploads\/2022\/04\/novascena2-494x660.jpg"},"large":{"file":"novascena2-989x1320.jpg","width":989,"height":1320,"mime-type":"image\/jpeg","source_url":"https:\/\/pragueartweek.cz\/wp-content\/uploads\/2022\/04\/novascena2-989x1320.jpg"},"thumbnail":{"file":"novascena2-247x330.jpg","width":247,"height":330,"mime-type":"image\/jpeg","source_url":"https:\/\/pragueartweek.cz\/wp-content\/uploads\/2022\/04\/novascena2-247x330.jpg"},"medium_large":{"file":"novascena2-768x1025.jpg","width":768,"height":1025,"mime-type":"image\/jpeg","source_url":"https:\/\/pragueartweek.cz\/wp-content\/uploads\/2022\/04\/novascena2-768x1025.jpg"},"1536x1536":{"file":"novascena2-1151x1536.jpg","width":1151,"height":1536,"mime-type":"image\/jpeg","source_url":"https:\/\/pragueartweek.cz\/wp-content\/uploads\/2022\/04\/novascena2-1151x1536.jpg"},"2048x2048":{"file":"novascena2-1534x2048.jpg","width":1534,"height":2048,"mime-type":"image\/jpeg","source_url":"https:\/\/pragueartweek.cz\/wp-content\/uploads\/2022\/04\/novascena2-1534x2048.jpg"}}},"alt_text":"","url":"","target":""},{"id":686,"title":"novascena9","caption":"","full_image_url":"https:\/\/pragueartweek.cz\/wp-content\/uploads\/2022\/04\/novascena9.jpg","thumbnail_image_url":"https:\/\/pragueartweek.cz\/wp-content\/uploads\/2022\/04\/novascena9-247x330.jpg","large_srcset":"https:\/\/pragueartweek.cz\/wp-content\/uploads\/2022\/04\/novascena9.jpg 809w, https:\/\/pragueartweek.cz\/wp-content\/uploads\/2022\/04\/novascena9-494x660.jpg 494w, https:\/\/pragueartweek.cz\/wp-content\/uploads\/2022\/04\/novascena9-247x330.jpg 247w, https:\/\/pragueartweek.cz\/wp-content\/uploads\/2022\/04\/novascena9-768x1025.jpg 768w","medium_srcset":"https:\/\/pragueartweek.cz\/wp-content\/uploads\/2022\/04\/novascena9-494x660.jpg 494w, https:\/\/pragueartweek.cz\/wp-content\/uploads\/2022\/04\/novascena9-247x330.jpg 247w, https:\/\/pragueartweek.cz\/wp-content\/uploads\/2022\/04\/novascena9-768x1025.jpg 768w, https:\/\/pragueartweek.cz\/wp-content\/uploads\/2022\/04\/novascena9.jpg 809w","media_details":{"width":809,"height":1080,"sizes":{"medium":{"file":"novascena9-494x660.jpg","width":494,"height":660,"mime-type":"image\/jpeg","source_url":"https:\/\/pragueartweek.cz\/wp-content\/uploads\/2022\/04\/novascena9-494x660.jpg"},"thumbnail":{"file":"novascena9-247x330.jpg","width":247,"height":330,"mime-type":"image\/jpeg","source_url":"https:\/\/pragueartweek.cz\/wp-content\/uploads\/2022\/04\/novascena9-247x330.jpg"},"medium_large":{"file":"novascena9-768x1025.jpg","width":768,"height":1025,"mime-type":"image\/jpeg","source_url":"https:\/\/pragueartweek.cz\/wp-content\/uploads\/2022\/04\/novascena9-768x1025.jpg"}}},"alt_text":"","url":"","target":""}]]}},"yoast_head":"<!-- This site is optimized with the Yoast SEO plugin v27.4 - https:\/\/yoast.com\/product\/yoast-seo-wordpress\/ -->\n<title>Accompanying programme NET | Prague Art Week 26<\/title>\n<meta name=\"description\" content=\"Accompanying programme Prague Art Week\" \/>\n<meta name=\"robots\" content=\"index, follow, max-snippet:-1, max-image-preview:large, max-video-preview:-1\" \/>\n<link rel=\"canonical\" href=\"https:\/\/pragueartweek.cz\/en\/events\/test-en-5\/\" \/>\n<meta property=\"og:locale\" content=\"en_US\" \/>\n<meta property=\"og:type\" content=\"article\" \/>\n<meta property=\"og:title\" content=\"Accompanying programme NET | Prague Art Week 26\" \/>\n<meta property=\"og:description\" content=\"Accompanying programme Prague Art Week\" \/>\n<meta property=\"og:url\" content=\"https:\/\/pragueartweek.cz\/en\/events\/test-en-5\/\" \/>\n<meta property=\"og:site_name\" content=\"Prague Art Week 26\" \/>\n<meta property=\"article:publisher\" content=\"https:\/\/www.facebook.com\/pragueartweek22\/\" \/>\n<meta property=\"article:modified_time\" content=\"2022-09-07T19:19:10+00:00\" \/>\n<meta property=\"og:image\" content=\"https:\/\/pragueartweek.cz\/wp-content\/uploads\/2022\/04\/1576514837-novascenahlediste2-kopie-scaled.jpeg\" \/>\n\t<meta property=\"og:image:width\" content=\"2560\" \/>\n\t<meta property=\"og:image:height\" content=\"1877\" \/>\n\t<meta property=\"og:image:type\" content=\"image\/jpeg\" \/>\n<meta name=\"twitter:card\" content=\"summary_large_image\" \/>\n<meta name=\"twitter:label1\" content=\"Est. reading time\" \/>\n\t<meta name=\"twitter:data1\" content=\"3 minutes\" \/>\n<script type=\"application\/ld+json\" class=\"yoast-schema-graph\">{\"@context\":\"https:\\\/\\\/schema.org\",\"@graph\":[{\"@type\":\"WebPage\",\"@id\":\"https:\\\/\\\/pragueartweek.cz\\\/en\\\/events\\\/test-en-5\\\/\",\"url\":\"https:\\\/\\\/pragueartweek.cz\\\/en\\\/events\\\/test-en-5\\\/\",\"name\":\"Accompanying programme NET | Prague Art Week 26\",\"isPartOf\":{\"@id\":\"https:\\\/\\\/pragueartweek.cz\\\/en\\\/#website\"},\"primaryImageOfPage\":{\"@id\":\"https:\\\/\\\/pragueartweek.cz\\\/en\\\/events\\\/test-en-5\\\/#primaryimage\"},\"image\":{\"@id\":\"https:\\\/\\\/pragueartweek.cz\\\/en\\\/events\\\/test-en-5\\\/#primaryimage\"},\"thumbnailUrl\":\"https:\\\/\\\/pragueartweek.cz\\\/wp-content\\\/uploads\\\/2022\\\/04\\\/1576514837-novascenahlediste2-kopie-scaled.jpeg\",\"datePublished\":\"2022-04-13T16:43:16+00:00\",\"dateModified\":\"2022-09-07T19:19:10+00:00\",\"description\":\"Accompanying programme Prague Art Week\",\"breadcrumb\":{\"@id\":\"https:\\\/\\\/pragueartweek.cz\\\/en\\\/events\\\/test-en-5\\\/#breadcrumb\"},\"inLanguage\":\"en-US\",\"potentialAction\":[{\"@type\":\"ReadAction\",\"target\":[\"https:\\\/\\\/pragueartweek.cz\\\/en\\\/events\\\/test-en-5\\\/\"]}]},{\"@type\":\"ImageObject\",\"inLanguage\":\"en-US\",\"@id\":\"https:\\\/\\\/pragueartweek.cz\\\/en\\\/events\\\/test-en-5\\\/#primaryimage\",\"url\":\"https:\\\/\\\/pragueartweek.cz\\\/wp-content\\\/uploads\\\/2022\\\/04\\\/1576514837-novascenahlediste2-kopie-scaled.jpeg\",\"contentUrl\":\"https:\\\/\\\/pragueartweek.cz\\\/wp-content\\\/uploads\\\/2022\\\/04\\\/1576514837-novascenahlediste2-kopie-scaled.jpeg\",\"width\":2560,\"height\":1877},{\"@type\":\"BreadcrumbList\",\"@id\":\"https:\\\/\\\/pragueartweek.cz\\\/en\\\/events\\\/test-en-5\\\/#breadcrumb\",\"itemListElement\":[{\"@type\":\"ListItem\",\"position\":1,\"name\":\"Home\",\"item\":\"https:\\\/\\\/pragueartweek.cz\\\/en\\\/\"},{\"@type\":\"ListItem\",\"position\":2,\"name\":\"Events\",\"item\":\"https:\\\/\\\/pragueartweek.cz\\\/en\\\/events\\\/\"},{\"@type\":\"ListItem\",\"position\":3,\"name\":\"NET\"}]},{\"@type\":\"WebSite\",\"@id\":\"https:\\\/\\\/pragueartweek.cz\\\/en\\\/#website\",\"url\":\"https:\\\/\\\/pragueartweek.cz\\\/en\\\/\",\"name\":\"Prague Art Week 26\",\"description\":\"Prague Art Week je otev\u0159enou platformou pro kooperaci nejv\u00fdznamn\u011bj\u0161\u00edch instituc\u00ed na poli pra\u017esk\u00e9 um\u011bleck\u00e9 sc\u00e9ny.\",\"publisher\":{\"@id\":\"https:\\\/\\\/pragueartweek.cz\\\/en\\\/#organization\"},\"potentialAction\":[{\"@type\":\"SearchAction\",\"target\":{\"@type\":\"EntryPoint\",\"urlTemplate\":\"https:\\\/\\\/pragueartweek.cz\\\/en\\\/?s={search_term_string}\"},\"query-input\":{\"@type\":\"PropertyValueSpecification\",\"valueRequired\":true,\"valueName\":\"search_term_string\"}}],\"inLanguage\":\"en-US\"},{\"@type\":\"Organization\",\"@id\":\"https:\\\/\\\/pragueartweek.cz\\\/en\\\/#organization\",\"name\":\"Prague Art Week\",\"url\":\"https:\\\/\\\/pragueartweek.cz\\\/en\\\/\",\"logo\":{\"@type\":\"ImageObject\",\"inLanguage\":\"en-US\",\"@id\":\"https:\\\/\\\/pragueartweek.cz\\\/en\\\/#\\\/schema\\\/logo\\\/image\\\/\",\"url\":\"https:\\\/\\\/pragueartweek.cz\\\/wp-content\\\/uploads\\\/2022\\\/04\\\/LOGO_PAW_bez-roku-02.png\",\"contentUrl\":\"https:\\\/\\\/pragueartweek.cz\\\/wp-content\\\/uploads\\\/2022\\\/04\\\/LOGO_PAW_bez-roku-02.png\",\"width\":2481,\"height\":1749,\"caption\":\"Prague Art Week\"},\"image\":{\"@id\":\"https:\\\/\\\/pragueartweek.cz\\\/en\\\/#\\\/schema\\\/logo\\\/image\\\/\"},\"sameAs\":[\"https:\\\/\\\/www.facebook.com\\\/pragueartweek22\\\/\",\"https:\\\/\\\/www.instagram.com\\\/prague_art_week\\\/\"]}]}<\/script>\n<!-- \/ Yoast SEO plugin. -->","yoast_head_json":{"title":"Accompanying programme NET | Prague Art Week 26","description":"Accompanying programme Prague Art Week","robots":{"index":"index","follow":"follow","max-snippet":"max-snippet:-1","max-image-preview":"max-image-preview:large","max-video-preview":"max-video-preview:-1"},"canonical":"https:\/\/pragueartweek.cz\/en\/events\/test-en-5\/","og_locale":"en_US","og_type":"article","og_title":"Accompanying programme NET | Prague Art Week 26","og_description":"Accompanying programme Prague Art Week","og_url":"https:\/\/pragueartweek.cz\/en\/events\/test-en-5\/","og_site_name":"Prague Art Week 26","article_publisher":"https:\/\/www.facebook.com\/pragueartweek22\/","article_modified_time":"2022-09-07T19:19:10+00:00","og_image":[{"width":2560,"height":1877,"url":"https:\/\/pragueartweek.cz\/wp-content\/uploads\/2022\/04\/1576514837-novascenahlediste2-kopie-scaled.jpeg","type":"image\/jpeg"}],"twitter_card":"summary_large_image","twitter_misc":{"Est. reading time":"3 minutes"},"schema":{"@context":"https:\/\/schema.org","@graph":[{"@type":"WebPage","@id":"https:\/\/pragueartweek.cz\/en\/events\/test-en-5\/","url":"https:\/\/pragueartweek.cz\/en\/events\/test-en-5\/","name":"Accompanying programme NET | Prague Art Week 26","isPartOf":{"@id":"https:\/\/pragueartweek.cz\/en\/#website"},"primaryImageOfPage":{"@id":"https:\/\/pragueartweek.cz\/en\/events\/test-en-5\/#primaryimage"},"image":{"@id":"https:\/\/pragueartweek.cz\/en\/events\/test-en-5\/#primaryimage"},"thumbnailUrl":"https:\/\/pragueartweek.cz\/wp-content\/uploads\/2022\/04\/1576514837-novascenahlediste2-kopie-scaled.jpeg","datePublished":"2022-04-13T16:43:16+00:00","dateModified":"2022-09-07T19:19:10+00:00","description":"Accompanying programme Prague Art Week","breadcrumb":{"@id":"https:\/\/pragueartweek.cz\/en\/events\/test-en-5\/#breadcrumb"},"inLanguage":"en-US","potentialAction":[{"@type":"ReadAction","target":["https:\/\/pragueartweek.cz\/en\/events\/test-en-5\/"]}]},{"@type":"ImageObject","inLanguage":"en-US","@id":"https:\/\/pragueartweek.cz\/en\/events\/test-en-5\/#primaryimage","url":"https:\/\/pragueartweek.cz\/wp-content\/uploads\/2022\/04\/1576514837-novascenahlediste2-kopie-scaled.jpeg","contentUrl":"https:\/\/pragueartweek.cz\/wp-content\/uploads\/2022\/04\/1576514837-novascenahlediste2-kopie-scaled.jpeg","width":2560,"height":1877},{"@type":"BreadcrumbList","@id":"https:\/\/pragueartweek.cz\/en\/events\/test-en-5\/#breadcrumb","itemListElement":[{"@type":"ListItem","position":1,"name":"Home","item":"https:\/\/pragueartweek.cz\/en\/"},{"@type":"ListItem","position":2,"name":"Events","item":"https:\/\/pragueartweek.cz\/en\/events\/"},{"@type":"ListItem","position":3,"name":"NET"}]},{"@type":"WebSite","@id":"https:\/\/pragueartweek.cz\/en\/#website","url":"https:\/\/pragueartweek.cz\/en\/","name":"Prague Art Week 26","description":"Prague Art Week je otev\u0159enou platformou pro kooperaci nejv\u00fdznamn\u011bj\u0161\u00edch instituc\u00ed na poli pra\u017esk\u00e9 um\u011bleck\u00e9 sc\u00e9ny.","publisher":{"@id":"https:\/\/pragueartweek.cz\/en\/#organization"},"potentialAction":[{"@type":"SearchAction","target":{"@type":"EntryPoint","urlTemplate":"https:\/\/pragueartweek.cz\/en\/?s={search_term_string}"},"query-input":{"@type":"PropertyValueSpecification","valueRequired":true,"valueName":"search_term_string"}}],"inLanguage":"en-US"},{"@type":"Organization","@id":"https:\/\/pragueartweek.cz\/en\/#organization","name":"Prague Art Week","url":"https:\/\/pragueartweek.cz\/en\/","logo":{"@type":"ImageObject","inLanguage":"en-US","@id":"https:\/\/pragueartweek.cz\/en\/#\/schema\/logo\/image\/","url":"https:\/\/pragueartweek.cz\/wp-content\/uploads\/2022\/04\/LOGO_PAW_bez-roku-02.png","contentUrl":"https:\/\/pragueartweek.cz\/wp-content\/uploads\/2022\/04\/LOGO_PAW_bez-roku-02.png","width":2481,"height":1749,"caption":"Prague Art Week"},"image":{"@id":"https:\/\/pragueartweek.cz\/en\/#\/schema\/logo\/image\/"},"sameAs":["https:\/\/www.facebook.com\/pragueartweek22\/","https:\/\/www.instagram.com\/prague_art_week\/"]}]}},"_links":{"self":[{"href":"https:\/\/pragueartweek.cz\/en\/wp-json\/wp\/v2\/udalosti\/170","targetHints":{"allow":["GET"]}}],"collection":[{"href":"https:\/\/pragueartweek.cz\/en\/wp-json\/wp\/v2\/udalosti"}],"about":[{"href":"https:\/\/pragueartweek.cz\/en\/wp-json\/wp\/v2\/types\/udalosti"}],"version-history":[{"count":15,"href":"https:\/\/pragueartweek.cz\/en\/wp-json\/wp\/v2\/udalosti\/170\/revisions"}],"predecessor-version":[{"id":3063,"href":"https:\/\/pragueartweek.cz\/en\/wp-json\/wp\/v2\/udalosti\/170\/revisions\/3063"}],"wp:featuredmedia":[{"embeddable":true,"href":"https:\/\/pragueartweek.cz\/en\/wp-json\/wp\/v2\/media\/669"}],"wp:attachment":[{"href":"https:\/\/pragueartweek.cz\/en\/wp-json\/wp\/v2\/media?parent=170"}],"wp:term":[{"taxonomy":"kategorie","embeddable":true,"href":"https:\/\/pragueartweek.cz\/en\/wp-json\/wp\/v2\/kategorie?post=170"},{"taxonomy":"lokalita","embeddable":true,"href":"https:\/\/pragueartweek.cz\/en\/wp-json\/wp\/v2\/lokalita?post=170"},{"taxonomy":"termin","embeddable":true,"href":"https:\/\/pragueartweek.cz\/en\/wp-json\/wp\/v2\/termin?post=170"}],"curies":[{"name":"wp","href":"https:\/\/api.w.org\/{rel}","templated":true}]}}