{"id":172,"date":"2022-04-01T18:43:24","date_gmt":"2022-04-01T16:43:24","guid":{"rendered":"https:\/\/pragueartweek.cz\/udalosti\/test-en-7\/"},"modified":"2022-08-11T21:16:06","modified_gmt":"2022-08-11T19:16:06","slug":"prague-art-week-22","status":"publish","type":"udalosti","link":"https:\/\/pragueartweek.cz\/en\/events\/test-en-7\/","title":{"rendered":"PRAGUE ART WEEK 22"},"content":{"rendered":"<p>The festival of visual art invites visitors from the Czech Republic and abroad to more than fifty galleries, museums, art collections, and other art institutions all over Prague, which will present a diverse program focused on the visual art of Central and Eastern Europe.<\/p>\n<p>New Stage of the National Theatre<\/p>\n<p>National Gallery Prague<\/p>\n<p>Prague City Gallery<span style=\"font-weight: 400;\"> (GHMP)<\/span><\/p>\n<p><span style=\"font-weight: 400;\">Havrlant Art Collection<\/span><\/p>\n<p><span style=\"font-weight: 400;\">MeetFactory<\/span><\/p>\n<p><span style=\"font-weight: 400;\">SUMO Prague<\/span><\/p>\n<p><span style=\"font-weight: 400;\">Galerie Kodl<\/span><\/p>\n<p><span style=\"font-weight: 400;\">Kunsthalle Praha<\/span><\/p>\n<p><span style=\"font-weight: 400;\">Artefin<\/span><\/p>\n<p><span style=\"font-weight: 400;\">House of Lobkowicz<\/span><\/p>\n<p><span style=\"font-weight: 400;\">Magnus Art<\/span><\/p>\n<p><span style=\"font-weight: 400;\">Kvalit\u00e1\u0159<\/span><\/p>\n<p><span style=\"font-weight: 400;\">Cermak Eisenkraft<\/span><\/p>\n<p><span style=\"font-weight: 400;\">Luk\u00e1\u0161 Rais<\/span><\/p>\n<p><span style=\"font-weight: 400;\">ETCETERA ART<\/span><\/p>\n<p><span style=\"font-weight: 400;\">Untitled-Art<\/span><\/p>\n<p><span style=\"font-weight: 400;\">stone projects<\/span><\/p>\n<p><span style=\"font-weight: 400;\">Chemistry Gallery<\/span><\/p>\n<p>1 Art Consulting CZ<\/p>\n<p><span style=\"font-weight: 400;\">Trafo Gallery<\/span><\/p>\n<p><span style=\"font-weight: 400;\">Museum Kampa<\/span><\/p>\n<p><span style=\"font-weight: 400;\">Galerie Rudolfinum<\/span><\/p>\n<p>Prague City Museum<\/p>\n<p>The Museum of Decorative Arts in Prague<\/p>\n<p>The DOX Centre for Contemporary Art<\/p>\n<p><span style=\"font-weight: 400;\">Campus Hybernsk\u00e1<\/span><\/p>\n<p><span style=\"font-weight: 400;\">Fotograf Gallery<\/span><\/p>\n<p><span style=\"font-weight: 400;\">kino Ponrepo<\/span><\/p>\n<p><span style=\"font-weight: 400;\">Tranzit.cz<\/span><\/p>\n<p><span style=\"font-weight: 400;\">The Biennale Matter of Art<\/span><\/p>\n<p><span style=\"font-weight: 400;\">Festival m3<\/span><\/p>\n<p><span style=\"font-weight: 400;\">Centrum Bo\u0159islavka<\/span><\/p>\n<p><span style=\"font-weight: 400;\">Galerie BUBEC<\/span><\/p>\n<p><span style=\"font-weight: 400;\">Garage Gallery&nbsp;<\/span><\/p>\n<p><span style=\"font-weight: 400;\">Jedna Dva T\u0159i Gallery<\/span><\/p>\n<p><span style=\"font-weight: 400;\">Vanguard<\/span><\/p>\n<p><span style=\"font-weight: 400;\">Loft BubNY<\/span><\/p>\n<p><span style=\"font-weight: 400;\">Studio Pr\u00e1m<\/span><\/p>\n","protected":false},"excerpt":{"rendered":"<p>The festival of visual art invites visitors from the Czech Republic and abroad to more than fifty galleries, museums, art collections, and other art institutions all over Prague, which will present a diverse program focused on the visual art of Central and Eastern Europe. New Stage of the National Theatre National Gallery Prague Prague City&#8230; <a class=\"view-article\" href=\"https:\/\/pragueartweek.cz\/en\/events\/test-en-7\/\">View Article<\/a><\/p>\n","protected":false},"featured_media":678,"parent":0,"menu_order":0,"template":"","format":"standard","meta":{"_acf_changed":false,"footnotes":""},"kategorie":[25,112,171,187],"lokalita":[150,136,143,142,154,153,138,173],"termin":[],"class_list":["post-172","udalosti","type-udalosti","status-publish","format-standard","has-post-thumbnail","hentry","kategorie-kids","kategorie-opening","kategorie-outdoor-en","kategorie-past-event","lokalita-https-berlinskejmodel-en","lokalita-dox-en","lokalita-galerie-hyb4-en","lokalita-galerie-meetfactory-en","lokalita-holesovicka-sachta","lokalita-kodl-gallery","lokalita-museum-kampa-en","lokalita-polansky-gallery","wpautop"],"acf":{"photo_gallery":{"udalost_galerie":[[{"id":1911,"title":"PAW map","caption":"","full_image_url":"https:\/\/pragueartweek.cz\/wp-content\/uploads\/2022\/04\/PAW-map.jpeg","thumbnail_image_url":"https:\/\/pragueartweek.cz\/wp-content\/uploads\/2022\/04\/PAW-map-330x330.jpeg","large_srcset":"https:\/\/pragueartweek.cz\/wp-content\/uploads\/2022\/04\/PAW-map-1320x1320.jpeg 1320w, https:\/\/pragueartweek.cz\/wp-content\/uploads\/2022\/04\/PAW-map-660x660.jpeg 660w, https:\/\/pragueartweek.cz\/wp-content\/uploads\/2022\/04\/PAW-map-330x330.jpeg 330w, https:\/\/pragueartweek.cz\/wp-content\/uploads\/2022\/04\/PAW-map-768x768.jpeg 768w, https:\/\/pragueartweek.cz\/wp-content\/uploads\/2022\/04\/PAW-map.jpeg 1440w","medium_srcset":"https:\/\/pragueartweek.cz\/wp-content\/uploads\/2022\/04\/PAW-map-660x660.jpeg 660w, https:\/\/pragueartweek.cz\/wp-content\/uploads\/2022\/04\/PAW-map-1320x1320.jpeg 1320w, https:\/\/pragueartweek.cz\/wp-content\/uploads\/2022\/04\/PAW-map-330x330.jpeg 330w, https:\/\/pragueartweek.cz\/wp-content\/uploads\/2022\/04\/PAW-map-768x768.jpeg 768w, https:\/\/pragueartweek.cz\/wp-content\/uploads\/2022\/04\/PAW-map.jpeg 1440w","media_details":{"width":1440,"height":1440,"sizes":{"medium":{"file":"PAW-map-660x660.jpeg","width":660,"height":660,"mime-type":"image\/jpeg","filesize":41422,"source_url":"https:\/\/pragueartweek.cz\/wp-content\/uploads\/2022\/04\/PAW-map-660x660.jpeg"},"large":{"file":"PAW-map-1320x1320.jpeg","width":1320,"height":1320,"mime-type":"image\/jpeg","filesize":107528,"source_url":"https:\/\/pragueartweek.cz\/wp-content\/uploads\/2022\/04\/PAW-map-1320x1320.jpeg"},"thumbnail":{"file":"PAW-map-330x330.jpeg","width":330,"height":330,"mime-type":"image\/jpeg","filesize":15217,"source_url":"https:\/\/pragueartweek.cz\/wp-content\/uploads\/2022\/04\/PAW-map-330x330.jpeg"},"medium_large":{"file":"PAW-map-768x768.jpeg","width":768,"height":768,"mime-type":"image\/jpeg","filesize":51290,"source_url":"https:\/\/pragueartweek.cz\/wp-content\/uploads\/2022\/04\/PAW-map-768x768.jpeg"},"cmplz_banner_image":{"file":"PAW-map-350x100.jpeg","width":350,"height":100,"mime-type":"image\/jpeg","filesize":3770,"source_url":"https:\/\/pragueartweek.cz\/wp-content\/uploads\/2022\/04\/PAW-map-350x100.jpeg"}}},"alt_text":"","url":"","target":""},{"id":1769,"title":"Cloud, 2021,150x60 cm, akryl na pl\u00e1tn\u011b","caption":"","full_image_url":"https:\/\/pragueartweek.cz\/wp-content\/uploads\/2022\/08\/Cloud-2021150x60-cm-akryl-na-platne-1.jpg","thumbnail_image_url":"https:\/\/pragueartweek.cz\/wp-content\/uploads\/2022\/08\/Cloud-2021150x60-cm-akryl-na-platne-1-450x330.jpg","large_srcset":false,"medium_srcset":false,"media_details":{"width":450,"height":330,"sizes":{"thumbnail":{"file":"Cloud-2021150x60-cm-akryl-na-platne-1-450x330.jpg","width":450,"height":330,"mime-type":"image\/jpeg","filesize":28237,"source_url":"https:\/\/pragueartweek.cz\/wp-content\/uploads\/2022\/08\/Cloud-2021150x60-cm-akryl-na-platne-1-450x330.jpg"},"cmplz_banner_image":{"file":"Cloud-2021150x60-cm-akryl-na-platne-1-350x100.jpg","width":350,"height":100,"mime-type":"image\/jpeg","filesize":7755,"source_url":"https:\/\/pragueartweek.cz\/wp-content\/uploads\/2022\/08\/Cloud-2021150x60-cm-akryl-na-platne-1-350x100.jpg"}}},"alt_text":"","url":"","target":""},{"id":1184,"title":"upraveno","caption":"Julie B\u00e9na","full_image_url":"https:\/\/pragueartweek.cz\/wp-content\/uploads\/2022\/06\/upraveno.jpg","thumbnail_image_url":"https:\/\/pragueartweek.cz\/wp-content\/uploads\/2022\/06\/upraveno-450x300.jpg","large_srcset":"https:\/\/pragueartweek.cz\/wp-content\/uploads\/2022\/06\/upraveno.jpg 900w, https:\/\/pragueartweek.cz\/wp-content\/uploads\/2022\/06\/upraveno-450x300.jpg 450w, https:\/\/pragueartweek.cz\/wp-content\/uploads\/2022\/06\/upraveno-768x512.jpg 768w","medium_srcset":"https:\/\/pragueartweek.cz\/wp-content\/uploads\/2022\/06\/upraveno.jpg 900w, https:\/\/pragueartweek.cz\/wp-content\/uploads\/2022\/06\/upraveno-450x300.jpg 450w, https:\/\/pragueartweek.cz\/wp-content\/uploads\/2022\/06\/upraveno-768x512.jpg 768w","media_details":{"width":900,"height":600,"sizes":{"thumbnail":{"file":"upraveno-450x300.jpg","width":450,"height":300,"mime-type":"image\/jpeg","filesize":42225,"source_url":"https:\/\/pragueartweek.cz\/wp-content\/uploads\/2022\/06\/upraveno-450x300.jpg"},"medium_large":{"file":"upraveno-768x512.jpg","width":768,"height":512,"mime-type":"image\/jpeg","filesize":105398,"source_url":"https:\/\/pragueartweek.cz\/wp-content\/uploads\/2022\/06\/upraveno-768x512.jpg"},"cmplz_banner_image":{"file":"upraveno-350x100.jpg","width":350,"height":100,"mime-type":"image\/jpeg","filesize":13334,"source_url":"https:\/\/pragueartweek.cz\/wp-content\/uploads\/2022\/06\/upraveno-350x100.jpg"}}},"alt_text":"Julie B\u00e9na","url":"","target":""},{"id":1352,"title":"uvid","caption":"","full_image_url":"https:\/\/pragueartweek.cz\/wp-content\/uploads\/2022\/07\/uvid.jpg","thumbnail_image_url":"https:\/\/pragueartweek.cz\/wp-content\/uploads\/2022\/07\/uvid-450x312.jpg","large_srcset":"https:\/\/pragueartweek.cz\/wp-content\/uploads\/2022\/07\/uvid.jpg 900w, https:\/\/pragueartweek.cz\/wp-content\/uploads\/2022\/07\/uvid-450x312.jpg 450w, https:\/\/pragueartweek.cz\/wp-content\/uploads\/2022\/07\/uvid-768x532.jpg 768w","medium_srcset":"https:\/\/pragueartweek.cz\/wp-content\/uploads\/2022\/07\/uvid.jpg 900w, https:\/\/pragueartweek.cz\/wp-content\/uploads\/2022\/07\/uvid-450x312.jpg 450w, https:\/\/pragueartweek.cz\/wp-content\/uploads\/2022\/07\/uvid-768x532.jpg 768w","media_details":{"width":900,"height":624,"sizes":{"thumbnail":{"file":"uvid-450x312.jpg","width":450,"height":312,"mime-type":"image\/jpeg","filesize":21785,"source_url":"https:\/\/pragueartweek.cz\/wp-content\/uploads\/2022\/07\/uvid-450x312.jpg"},"medium_large":{"file":"uvid-768x532.jpg","width":768,"height":532,"mime-type":"image\/jpeg","filesize":50460,"source_url":"https:\/\/pragueartweek.cz\/wp-content\/uploads\/2022\/07\/uvid-768x532.jpg"},"cmplz_banner_image":{"file":"uvid-350x100.jpg","width":350,"height":100,"mime-type":"image\/jpeg","filesize":9009,"source_url":"https:\/\/pragueartweek.cz\/wp-content\/uploads\/2022\/07\/uvid-350x100.jpg"}}},"alt_text":"","url":"","target":""},{"id":1227,"title":"Lukas R. 22a193521","caption":"","full_image_url":"https:\/\/pragueartweek.cz\/wp-content\/uploads\/2022\/06\/Lukas-R.-22a193521.jpg","thumbnail_image_url":"https:\/\/pragueartweek.cz\/wp-content\/uploads\/2022\/06\/Lukas-R.-22a193521-450x330.jpg","large_srcset":"https:\/\/pragueartweek.cz\/wp-content\/uploads\/2022\/06\/Lukas-R.-22a193521.jpg 900w, https:\/\/pragueartweek.cz\/wp-content\/uploads\/2022\/06\/Lukas-R.-22a193521-450x330.jpg 450w, https:\/\/pragueartweek.cz\/wp-content\/uploads\/2022\/06\/Lukas-R.-22a193521-768x563.jpg 768w","medium_srcset":"https:\/\/pragueartweek.cz\/wp-content\/uploads\/2022\/06\/Lukas-R.-22a193521.jpg 900w, https:\/\/pragueartweek.cz\/wp-content\/uploads\/2022\/06\/Lukas-R.-22a193521-450x330.jpg 450w, https:\/\/pragueartweek.cz\/wp-content\/uploads\/2022\/06\/Lukas-R.-22a193521-768x563.jpg 768w","media_details":{"width":900,"height":660,"sizes":{"medium":{"file":"Lukas-R.-22a193521-900x660.jpg","width":900,"height":660,"mime-type":"image\/jpeg","filesize":144573,"source_url":"https:\/\/pragueartweek.cz\/wp-content\/uploads\/2022\/06\/Lukas-R.-22a193521-900x660.jpg"},"thumbnail":{"file":"Lukas-R.-22a193521-450x330.jpg","width":450,"height":330,"mime-type":"image\/jpeg","filesize":38237,"source_url":"https:\/\/pragueartweek.cz\/wp-content\/uploads\/2022\/06\/Lukas-R.-22a193521-450x330.jpg"},"medium_large":{"file":"Lukas-R.-22a193521-768x563.jpg","width":768,"height":563,"mime-type":"image\/jpeg","filesize":98286,"source_url":"https:\/\/pragueartweek.cz\/wp-content\/uploads\/2022\/06\/Lukas-R.-22a193521-768x563.jpg"},"cmplz_banner_image":{"file":"Lukas-R.-22a193521-350x100.jpg","width":350,"height":100,"mime-type":"image\/jpeg","filesize":13425,"source_url":"https:\/\/pragueartweek.cz\/wp-content\/uploads\/2022\/06\/Lukas-R.-22a193521-350x100.jpg"}}},"alt_text":"","url":"","target":""},{"id":1509,"title":"","caption":"","full_image_url":"https:\/\/pragueartweek.cz\/wp-content\/uploads\/2022\/07\/Tarek-Lakhrissi-_-Revenge-Fantasy-_-2022-c-Isabelle-Arthuis.jpg","thumbnail_image_url":"https:\/\/pragueartweek.cz\/wp-content\/uploads\/2022\/07\/Tarek-Lakhrissi-_-Revenge-Fantasy-_-2022-c-Isabelle-Arthuis-450x300.jpg","large_srcset":"https:\/\/pragueartweek.cz\/wp-content\/uploads\/2022\/07\/Tarek-Lakhrissi-_-Revenge-Fantasy-_-2022-c-Isabelle-Arthuis.jpg 900w, https:\/\/pragueartweek.cz\/wp-content\/uploads\/2022\/07\/Tarek-Lakhrissi-_-Revenge-Fantasy-_-2022-c-Isabelle-Arthuis-450x300.jpg 450w, https:\/\/pragueartweek.cz\/wp-content\/uploads\/2022\/07\/Tarek-Lakhrissi-_-Revenge-Fantasy-_-2022-c-Isabelle-Arthuis-768x512.jpg 768w","medium_srcset":"https:\/\/pragueartweek.cz\/wp-content\/uploads\/2022\/07\/Tarek-Lakhrissi-_-Revenge-Fantasy-_-2022-c-Isabelle-Arthuis.jpg 900w, https:\/\/pragueartweek.cz\/wp-content\/uploads\/2022\/07\/Tarek-Lakhrissi-_-Revenge-Fantasy-_-2022-c-Isabelle-Arthuis-450x300.jpg 450w, https:\/\/pragueartweek.cz\/wp-content\/uploads\/2022\/07\/Tarek-Lakhrissi-_-Revenge-Fantasy-_-2022-c-Isabelle-Arthuis-768x512.jpg 768w","media_details":{"width":900,"height":600,"sizes":{"thumbnail":{"file":"Tarek-Lakhrissi-_-Revenge-Fantasy-_-2022-c-Isabelle-Arthuis-450x300.jpg","width":450,"height":300,"mime-type":"image\/jpeg","filesize":18518,"source_url":"https:\/\/pragueartweek.cz\/wp-content\/uploads\/2022\/07\/Tarek-Lakhrissi-_-Revenge-Fantasy-_-2022-c-Isabelle-Arthuis-450x300.jpg"},"medium_large":{"file":"Tarek-Lakhrissi-_-Revenge-Fantasy-_-2022-c-Isabelle-Arthuis-768x512.jpg","width":768,"height":512,"mime-type":"image\/jpeg","filesize":41065,"source_url":"https:\/\/pragueartweek.cz\/wp-content\/uploads\/2022\/07\/Tarek-Lakhrissi-_-Revenge-Fantasy-_-2022-c-Isabelle-Arthuis-768x512.jpg"},"cmplz_banner_image":{"file":"Tarek-Lakhrissi-_-Revenge-Fantasy-_-2022-c-Isabelle-Arthuis-350x100.jpg","width":350,"height":100,"mime-type":"image\/jpeg","filesize":8611,"source_url":"https:\/\/pragueartweek.cz\/wp-content\/uploads\/2022\/07\/Tarek-Lakhrissi-_-Revenge-Fantasy-_-2022-c-Isabelle-Arthuis-350x100.jpg"}}},"alt_text":"","url":"","target":""},{"id":1548,"title":"06a95176ae48d50d380806b76cd1e8bc9223f323","caption":"","full_image_url":"https:\/\/pragueartweek.cz\/wp-content\/uploads\/2022\/07\/06a95176ae48d50d380806b76cd1e8bc9223f323-1.jpg","thumbnail_image_url":"https:\/\/pragueartweek.cz\/wp-content\/uploads\/2022\/07\/06a95176ae48d50d380806b76cd1e8bc9223f323-1-450x330.jpg","large_srcset":false,"medium_srcset":false,"media_details":{"width":450,"height":330,"sizes":{"thumbnail":{"file":"06a95176ae48d50d380806b76cd1e8bc9223f323-1-450x330.jpg","width":450,"height":330,"mime-type":"image\/jpeg","filesize":24767,"source_url":"https:\/\/pragueartweek.cz\/wp-content\/uploads\/2022\/07\/06a95176ae48d50d380806b76cd1e8bc9223f323-1-450x330.jpg"},"cmplz_banner_image":{"file":"06a95176ae48d50d380806b76cd1e8bc9223f323-1-350x100.jpg","width":350,"height":100,"mime-type":"image\/jpeg","filesize":6730,"source_url":"https:\/\/pragueartweek.cz\/wp-content\/uploads\/2022\/07\/06a95176ae48d50d380806b76cd1e8bc9223f323-1-350x100.jpg"}}},"alt_text":"","url":"","target":""},{"id":1532,"title":"Kmentov\u00e1 a Zoubek (kopie)","caption":"","full_image_url":"https:\/\/pragueartweek.cz\/wp-content\/uploads\/2022\/07\/Kmentova-a-Zoubek-kopie-scaled.jpg","thumbnail_image_url":"https:\/\/pragueartweek.cz\/wp-content\/uploads\/2022\/07\/Kmentova-a-Zoubek-kopie-450x300.jpg","large_srcset":"https:\/\/pragueartweek.cz\/wp-content\/uploads\/2022\/07\/Kmentova-a-Zoubek-kopie-1800x1200.jpg 1800w, https:\/\/pragueartweek.cz\/wp-content\/uploads\/2022\/07\/Kmentova-a-Zoubek-kopie-900x600.jpg 900w, https:\/\/pragueartweek.cz\/wp-content\/uploads\/2022\/07\/Kmentova-a-Zoubek-kopie-450x300.jpg 450w, https:\/\/pragueartweek.cz\/wp-content\/uploads\/2022\/07\/Kmentova-a-Zoubek-kopie-768x512.jpg 768w, https:\/\/pragueartweek.cz\/wp-content\/uploads\/2022\/07\/Kmentova-a-Zoubek-kopie-1536x1024.jpg 1536w, https:\/\/pragueartweek.cz\/wp-content\/uploads\/2022\/07\/Kmentova-a-Zoubek-kopie-2048x1365.jpg 2048w","medium_srcset":"https:\/\/pragueartweek.cz\/wp-content\/uploads\/2022\/07\/Kmentova-a-Zoubek-kopie-900x600.jpg 900w, https:\/\/pragueartweek.cz\/wp-content\/uploads\/2022\/07\/Kmentova-a-Zoubek-kopie-1800x1200.jpg 1800w, https:\/\/pragueartweek.cz\/wp-content\/uploads\/2022\/07\/Kmentova-a-Zoubek-kopie-450x300.jpg 450w, https:\/\/pragueartweek.cz\/wp-content\/uploads\/2022\/07\/Kmentova-a-Zoubek-kopie-768x512.jpg 768w, https:\/\/pragueartweek.cz\/wp-content\/uploads\/2022\/07\/Kmentova-a-Zoubek-kopie-1536x1024.jpg 1536w, https:\/\/pragueartweek.cz\/wp-content\/uploads\/2022\/07\/Kmentova-a-Zoubek-kopie-2048x1365.jpg 2048w","media_details":{"width":2560,"height":1707,"sizes":{"medium":{"file":"Kmentova-a-Zoubek-kopie-900x600.jpg","width":900,"height":600,"mime-type":"image\/jpeg","filesize":97523,"source_url":"https:\/\/pragueartweek.cz\/wp-content\/uploads\/2022\/07\/Kmentova-a-Zoubek-kopie-900x600.jpg"},"large":{"file":"Kmentova-a-Zoubek-kopie-1800x1200.jpg","width":1800,"height":1200,"mime-type":"image\/jpeg","filesize":274505,"source_url":"https:\/\/pragueartweek.cz\/wp-content\/uploads\/2022\/07\/Kmentova-a-Zoubek-kopie-1800x1200.jpg"},"thumbnail":{"file":"Kmentova-a-Zoubek-kopie-450x300.jpg","width":450,"height":300,"mime-type":"image\/jpeg","filesize":42720,"source_url":"https:\/\/pragueartweek.cz\/wp-content\/uploads\/2022\/07\/Kmentova-a-Zoubek-kopie-450x300.jpg"},"medium_large":{"file":"Kmentova-a-Zoubek-kopie-768x512.jpg","width":768,"height":512,"mime-type":"image\/jpeg","filesize":78775,"source_url":"https:\/\/pragueartweek.cz\/wp-content\/uploads\/2022\/07\/Kmentova-a-Zoubek-kopie-768x512.jpg"},"1536x1536":{"file":"Kmentova-a-Zoubek-kopie-1536x1024.jpg","width":1536,"height":1024,"mime-type":"image\/jpeg","filesize":213684,"source_url":"https:\/\/pragueartweek.cz\/wp-content\/uploads\/2022\/07\/Kmentova-a-Zoubek-kopie-1536x1024.jpg"},"2048x2048":{"file":"Kmentova-a-Zoubek-kopie-2048x1365.jpg","width":2048,"height":1365,"mime-type":"image\/jpeg","filesize":338229,"source_url":"https:\/\/pragueartweek.cz\/wp-content\/uploads\/2022\/07\/Kmentova-a-Zoubek-kopie-2048x1365.jpg"},"cmplz_banner_image":{"file":"Kmentova-a-Zoubek-kopie-350x100.jpg","width":350,"height":100,"mime-type":"image\/jpeg","filesize":25243,"source_url":"https:\/\/pragueartweek.cz\/wp-content\/uploads\/2022\/07\/Kmentova-a-Zoubek-kopie-350x100.jpg"}}},"alt_text":"","url":"","target":""},{"id":1553,"title":"Tuckova_The Polyphonic Womb, 2022 (1) (2)","caption":"","full_image_url":"https:\/\/pragueartweek.cz\/wp-content\/uploads\/2022\/07\/Tuckova_The-Polyphonic-Womb-2022-1-2.png","thumbnail_image_url":"https:\/\/pragueartweek.cz\/wp-content\/uploads\/2022\/07\/Tuckova_The-Polyphonic-Womb-2022-1-2-450x330.png","large_srcset":false,"medium_srcset":false,"media_details":{"width":450,"height":330,"sizes":{"thumbnail":{"file":"Tuckova_The-Polyphonic-Womb-2022-1-2-450x330.png","width":450,"height":330,"mime-type":"image\/png","filesize":193566,"source_url":"https:\/\/pragueartweek.cz\/wp-content\/uploads\/2022\/07\/Tuckova_The-Polyphonic-Womb-2022-1-2-450x330.png"},"cmplz_banner_image":{"file":"Tuckova_The-Polyphonic-Womb-2022-1-2-350x100.png","width":350,"height":100,"mime-type":"image\/png","filesize":50984,"source_url":"https:\/\/pragueartweek.cz\/wp-content\/uploads\/2022\/07\/Tuckova_The-Polyphonic-Womb-2022-1-2-350x100.png"}}},"alt_text":"","url":"","target":""},{"id":1583,"title":"Barbora Blahutov\u00e1","caption":"","full_image_url":"https:\/\/pragueartweek.cz\/wp-content\/uploads\/2022\/08\/Barbora-Blahutova-scaled.jpg","thumbnail_image_url":"https:\/\/pragueartweek.cz\/wp-content\/uploads\/2022\/08\/Barbora-Blahutova-450x300.jpg","large_srcset":"https:\/\/pragueartweek.cz\/wp-content\/uploads\/2022\/08\/Barbora-Blahutova-1800x1200.jpg 1800w, https:\/\/pragueartweek.cz\/wp-content\/uploads\/2022\/08\/Barbora-Blahutova-900x600.jpg 900w, https:\/\/pragueartweek.cz\/wp-content\/uploads\/2022\/08\/Barbora-Blahutova-450x300.jpg 450w, https:\/\/pragueartweek.cz\/wp-content\/uploads\/2022\/08\/Barbora-Blahutova-768x512.jpg 768w, https:\/\/pragueartweek.cz\/wp-content\/uploads\/2022\/08\/Barbora-Blahutova-1536x1024.jpg 1536w, https:\/\/pragueartweek.cz\/wp-content\/uploads\/2022\/08\/Barbora-Blahutova-2048x1365.jpg 2048w","medium_srcset":"https:\/\/pragueartweek.cz\/wp-content\/uploads\/2022\/08\/Barbora-Blahutova-900x600.jpg 900w, https:\/\/pragueartweek.cz\/wp-content\/uploads\/2022\/08\/Barbora-Blahutova-1800x1200.jpg 1800w, https:\/\/pragueartweek.cz\/wp-content\/uploads\/2022\/08\/Barbora-Blahutova-450x300.jpg 450w, https:\/\/pragueartweek.cz\/wp-content\/uploads\/2022\/08\/Barbora-Blahutova-768x512.jpg 768w, https:\/\/pragueartweek.cz\/wp-content\/uploads\/2022\/08\/Barbora-Blahutova-1536x1024.jpg 1536w, https:\/\/pragueartweek.cz\/wp-content\/uploads\/2022\/08\/Barbora-Blahutova-2048x1365.jpg 2048w","media_details":{"width":2560,"height":1707,"sizes":{"medium":{"file":"Barbora-Blahutova-900x600.jpg","width":900,"height":600,"mime-type":"image\/jpeg","filesize":61098,"source_url":"https:\/\/pragueartweek.cz\/wp-content\/uploads\/2022\/08\/Barbora-Blahutova-900x600.jpg"},"large":{"file":"Barbora-Blahutova-1800x1200.jpg","width":1800,"height":1200,"mime-type":"image\/jpeg","filesize":158211,"source_url":"https:\/\/pragueartweek.cz\/wp-content\/uploads\/2022\/08\/Barbora-Blahutova-1800x1200.jpg"},"thumbnail":{"file":"Barbora-Blahutova-450x300.jpg","width":450,"height":300,"mime-type":"image\/jpeg","filesize":30395,"source_url":"https:\/\/pragueartweek.cz\/wp-content\/uploads\/2022\/08\/Barbora-Blahutova-450x300.jpg"},"medium_large":{"file":"Barbora-Blahutova-768x512.jpg","width":768,"height":512,"mime-type":"image\/jpeg","filesize":50149,"source_url":"https:\/\/pragueartweek.cz\/wp-content\/uploads\/2022\/08\/Barbora-Blahutova-768x512.jpg"},"1536x1536":{"file":"Barbora-Blahutova-1536x1024.jpg","width":1536,"height":1024,"mime-type":"image\/jpeg","filesize":124080,"source_url":"https:\/\/pragueartweek.cz\/wp-content\/uploads\/2022\/08\/Barbora-Blahutova-1536x1024.jpg"},"2048x2048":{"file":"Barbora-Blahutova-2048x1365.jpg","width":2048,"height":1365,"mime-type":"image\/jpeg","filesize":193416,"source_url":"https:\/\/pragueartweek.cz\/wp-content\/uploads\/2022\/08\/Barbora-Blahutova-2048x1365.jpg"},"cmplz_banner_image":{"file":"Barbora-Blahutova-350x100.jpg","width":350,"height":100,"mime-type":"image\/jpeg","filesize":20330,"source_url":"https:\/\/pragueartweek.cz\/wp-content\/uploads\/2022\/08\/Barbora-Blahutova-350x100.jpg"}}},"alt_text":"","url":"","target":""},{"id":1699,"title":"novakova-obalka","caption":"","full_image_url":"https:\/\/pragueartweek.cz\/wp-content\/uploads\/2022\/08\/novakova-obalka.jpg","thumbnail_image_url":"https:\/\/pragueartweek.cz\/wp-content\/uploads\/2022\/08\/novakova-obalka-450x330.jpg","large_srcset":"https:\/\/pragueartweek.cz\/wp-content\/uploads\/2022\/08\/novakova-obalka-1800x1317.jpg 1800w, https:\/\/pragueartweek.cz\/wp-content\/uploads\/2022\/08\/novakova-obalka-900x658.jpg 900w, https:\/\/pragueartweek.cz\/wp-content\/uploads\/2022\/08\/novakova-obalka-450x330.jpg 450w, https:\/\/pragueartweek.cz\/wp-content\/uploads\/2022\/08\/novakova-obalka-768x562.jpg 768w, https:\/\/pragueartweek.cz\/wp-content\/uploads\/2022\/08\/novakova-obalka-1536x1124.jpg 1536w, https:\/\/pragueartweek.cz\/wp-content\/uploads\/2022\/08\/novakova-obalka.jpg 2000w","medium_srcset":"https:\/\/pragueartweek.cz\/wp-content\/uploads\/2022\/08\/novakova-obalka-900x658.jpg 900w, https:\/\/pragueartweek.cz\/wp-content\/uploads\/2022\/08\/novakova-obalka-1800x1317.jpg 1800w, https:\/\/pragueartweek.cz\/wp-content\/uploads\/2022\/08\/novakova-obalka-450x330.jpg 450w, https:\/\/pragueartweek.cz\/wp-content\/uploads\/2022\/08\/novakova-obalka-768x562.jpg 768w, https:\/\/pragueartweek.cz\/wp-content\/uploads\/2022\/08\/novakova-obalka-1536x1124.jpg 1536w, https:\/\/pragueartweek.cz\/wp-content\/uploads\/2022\/08\/novakova-obalka.jpg 2000w","media_details":{"width":2000,"height":1463,"sizes":{"medium":{"file":"novakova-obalka-900x658.jpg","width":900,"height":658,"mime-type":"image\/jpeg","filesize":77210,"source_url":"https:\/\/pragueartweek.cz\/wp-content\/uploads\/2022\/08\/novakova-obalka-900x658.jpg"},"large":{"file":"novakova-obalka-1800x1317.jpg","width":1800,"height":1317,"mime-type":"image\/jpeg","filesize":271544,"source_url":"https:\/\/pragueartweek.cz\/wp-content\/uploads\/2022\/08\/novakova-obalka-1800x1317.jpg"},"thumbnail":{"file":"novakova-obalka-450x330.jpg","width":450,"height":330,"mime-type":"image\/jpeg","filesize":29154,"source_url":"https:\/\/pragueartweek.cz\/wp-content\/uploads\/2022\/08\/novakova-obalka-450x330.jpg"},"medium_large":{"file":"novakova-obalka-768x562.jpg","width":768,"height":562,"mime-type":"image\/jpeg","filesize":59797,"source_url":"https:\/\/pragueartweek.cz\/wp-content\/uploads\/2022\/08\/novakova-obalka-768x562.jpg"},"1536x1536":{"file":"novakova-obalka-1536x1124.jpg","width":1536,"height":1124,"mime-type":"image\/jpeg","filesize":201561,"source_url":"https:\/\/pragueartweek.cz\/wp-content\/uploads\/2022\/08\/novakova-obalka-1536x1124.jpg"},"cmplz_banner_image":{"file":"novakova-obalka-350x100.jpg","width":350,"height":100,"mime-type":"image\/jpeg","filesize":14466,"source_url":"https:\/\/pragueartweek.cz\/wp-content\/uploads\/2022\/08\/novakova-obalka-350x100.jpg"}}},"alt_text":"","url":"","target":""},{"id":1721,"title":"13_09_Kocour_komentovka","caption":"","full_image_url":"https:\/\/pragueartweek.cz\/wp-content\/uploads\/2022\/08\/13_09_Kocour_komentovka-scaled.jpg","thumbnail_image_url":"https:\/\/pragueartweek.cz\/wp-content\/uploads\/2022\/08\/13_09_Kocour_komentovka-450x299.jpg","large_srcset":"https:\/\/pragueartweek.cz\/wp-content\/uploads\/2022\/08\/13_09_Kocour_komentovka-1800x1196.jpg 1800w, https:\/\/pragueartweek.cz\/wp-content\/uploads\/2022\/08\/13_09_Kocour_komentovka-900x598.jpg 900w, https:\/\/pragueartweek.cz\/wp-content\/uploads\/2022\/08\/13_09_Kocour_komentovka-450x299.jpg 450w, https:\/\/pragueartweek.cz\/wp-content\/uploads\/2022\/08\/13_09_Kocour_komentovka-768x510.jpg 768w, https:\/\/pragueartweek.cz\/wp-content\/uploads\/2022\/08\/13_09_Kocour_komentovka-1536x1020.jpg 1536w, https:\/\/pragueartweek.cz\/wp-content\/uploads\/2022\/08\/13_09_Kocour_komentovka-2048x1360.jpg 2048w","medium_srcset":"https:\/\/pragueartweek.cz\/wp-content\/uploads\/2022\/08\/13_09_Kocour_komentovka-900x598.jpg 900w, https:\/\/pragueartweek.cz\/wp-content\/uploads\/2022\/08\/13_09_Kocour_komentovka-1800x1196.jpg 1800w, https:\/\/pragueartweek.cz\/wp-content\/uploads\/2022\/08\/13_09_Kocour_komentovka-450x299.jpg 450w, https:\/\/pragueartweek.cz\/wp-content\/uploads\/2022\/08\/13_09_Kocour_komentovka-768x510.jpg 768w, https:\/\/pragueartweek.cz\/wp-content\/uploads\/2022\/08\/13_09_Kocour_komentovka-1536x1020.jpg 1536w, https:\/\/pragueartweek.cz\/wp-content\/uploads\/2022\/08\/13_09_Kocour_komentovka-2048x1360.jpg 2048w","media_details":{"width":2560,"height":1700,"sizes":{"medium":{"file":"13_09_Kocour_komentovka-900x598.jpg","width":900,"height":598,"mime-type":"image\/jpeg","filesize":43264,"source_url":"https:\/\/pragueartweek.cz\/wp-content\/uploads\/2022\/08\/13_09_Kocour_komentovka-900x598.jpg"},"large":{"file":"13_09_Kocour_komentovka-1800x1196.jpg","width":1800,"height":1196,"mime-type":"image\/jpeg","filesize":115246,"source_url":"https:\/\/pragueartweek.cz\/wp-content\/uploads\/2022\/08\/13_09_Kocour_komentovka-1800x1196.jpg"},"thumbnail":{"file":"13_09_Kocour_komentovka-450x299.jpg","width":450,"height":299,"mime-type":"image\/jpeg","filesize":23103,"source_url":"https:\/\/pragueartweek.cz\/wp-content\/uploads\/2022\/08\/13_09_Kocour_komentovka-450x299.jpg"},"medium_large":{"file":"13_09_Kocour_komentovka-768x510.jpg","width":768,"height":510,"mime-type":"image\/jpeg","filesize":36216,"source_url":"https:\/\/pragueartweek.cz\/wp-content\/uploads\/2022\/08\/13_09_Kocour_komentovka-768x510.jpg"},"1536x1536":{"file":"13_09_Kocour_komentovka-1536x1020.jpg","width":1536,"height":1020,"mime-type":"image\/jpeg","filesize":88757,"source_url":"https:\/\/pragueartweek.cz\/wp-content\/uploads\/2022\/08\/13_09_Kocour_komentovka-1536x1020.jpg"},"2048x2048":{"file":"13_09_Kocour_komentovka-2048x1360.jpg","width":2048,"height":1360,"mime-type":"image\/jpeg","filesize":145054,"source_url":"https:\/\/pragueartweek.cz\/wp-content\/uploads\/2022\/08\/13_09_Kocour_komentovka-2048x1360.jpg"},"cmplz_banner_image":{"file":"13_09_Kocour_komentovka-350x100.jpg","width":350,"height":100,"mime-type":"image\/jpeg","filesize":16242,"source_url":"https:\/\/pragueartweek.cz\/wp-content\/uploads\/2022\/08\/13_09_Kocour_komentovka-350x100.jpg"}}},"alt_text":"","url":"","target":""},{"id":1751,"title":"slider_anim","caption":"","full_image_url":"https:\/\/pragueartweek.cz\/wp-content\/uploads\/2022\/08\/slider_anim.jpg","thumbnail_image_url":"https:\/\/pragueartweek.cz\/wp-content\/uploads\/2022\/08\/slider_anim-450x330.jpg","large_srcset":false,"medium_srcset":false,"media_details":{"width":450,"height":330,"sizes":{"thumbnail":{"file":"slider_anim-450x330.jpg","width":450,"height":330,"mime-type":"image\/jpeg","filesize":84597,"source_url":"https:\/\/pragueartweek.cz\/wp-content\/uploads\/2022\/08\/slider_anim-450x330.jpg"},"cmplz_banner_image":{"file":"slider_anim-350x100.jpg","width":350,"height":100,"mime-type":"image\/jpeg","filesize":22166,"source_url":"https:\/\/pragueartweek.cz\/wp-content\/uploads\/2022\/08\/slider_anim-350x100.jpg"}}},"alt_text":"","url":"","target":""},{"id":669,"title":"1576514837-novascenahlediste2 (kopie)","caption":"","full_image_url":"https:\/\/pragueartweek.cz\/wp-content\/uploads\/2022\/04\/1576514837-novascenahlediste2-kopie-scaled.jpeg","thumbnail_image_url":"https:\/\/pragueartweek.cz\/wp-content\/uploads\/2022\/04\/1576514837-novascenahlediste2-kopie-450x330.jpeg","large_srcset":"https:\/\/pragueartweek.cz\/wp-content\/uploads\/2022\/04\/1576514837-novascenahlediste2-kopie-1800x1320.jpeg 1800w, https:\/\/pragueartweek.cz\/wp-content\/uploads\/2022\/04\/1576514837-novascenahlediste2-kopie-900x660.jpeg 900w, https:\/\/pragueartweek.cz\/wp-content\/uploads\/2022\/04\/1576514837-novascenahlediste2-kopie-450x330.jpeg 450w, https:\/\/pragueartweek.cz\/wp-content\/uploads\/2022\/04\/1576514837-novascenahlediste2-kopie-768x563.jpeg 768w, https:\/\/pragueartweek.cz\/wp-content\/uploads\/2022\/04\/1576514837-novascenahlediste2-kopie-1536x1126.jpeg 1536w, https:\/\/pragueartweek.cz\/wp-content\/uploads\/2022\/04\/1576514837-novascenahlediste2-kopie-2048x1501.jpeg 2048w","medium_srcset":"https:\/\/pragueartweek.cz\/wp-content\/uploads\/2022\/04\/1576514837-novascenahlediste2-kopie-900x660.jpeg 900w, https:\/\/pragueartweek.cz\/wp-content\/uploads\/2022\/04\/1576514837-novascenahlediste2-kopie-1800x1320.jpeg 1800w, https:\/\/pragueartweek.cz\/wp-content\/uploads\/2022\/04\/1576514837-novascenahlediste2-kopie-450x330.jpeg 450w, https:\/\/pragueartweek.cz\/wp-content\/uploads\/2022\/04\/1576514837-novascenahlediste2-kopie-768x563.jpeg 768w, https:\/\/pragueartweek.cz\/wp-content\/uploads\/2022\/04\/1576514837-novascenahlediste2-kopie-1536x1126.jpeg 1536w, https:\/\/pragueartweek.cz\/wp-content\/uploads\/2022\/04\/1576514837-novascenahlediste2-kopie-2048x1501.jpeg 2048w","media_details":{"width":2560,"height":1877,"sizes":{"medium":{"file":"1576514837-novascenahlediste2-kopie-900x660.jpeg","width":900,"height":660,"mime-type":"image\/jpeg","source_url":"https:\/\/pragueartweek.cz\/wp-content\/uploads\/2022\/04\/1576514837-novascenahlediste2-kopie-900x660.jpeg"},"large":{"file":"1576514837-novascenahlediste2-kopie-1800x1320.jpeg","width":1800,"height":1320,"mime-type":"image\/jpeg","source_url":"https:\/\/pragueartweek.cz\/wp-content\/uploads\/2022\/04\/1576514837-novascenahlediste2-kopie-1800x1320.jpeg"},"thumbnail":{"file":"1576514837-novascenahlediste2-kopie-450x330.jpeg","width":450,"height":330,"mime-type":"image\/jpeg","source_url":"https:\/\/pragueartweek.cz\/wp-content\/uploads\/2022\/04\/1576514837-novascenahlediste2-kopie-450x330.jpeg"},"medium_large":{"file":"1576514837-novascenahlediste2-kopie-768x563.jpeg","width":768,"height":563,"mime-type":"image\/jpeg","source_url":"https:\/\/pragueartweek.cz\/wp-content\/uploads\/2022\/04\/1576514837-novascenahlediste2-kopie-768x563.jpeg"},"1536x1536":{"file":"1576514837-novascenahlediste2-kopie-1536x1126.jpeg","width":1536,"height":1126,"mime-type":"image\/jpeg","source_url":"https:\/\/pragueartweek.cz\/wp-content\/uploads\/2022\/04\/1576514837-novascenahlediste2-kopie-1536x1126.jpeg"},"2048x2048":{"file":"1576514837-novascenahlediste2-kopie-2048x1501.jpeg","width":2048,"height":1501,"mime-type":"image\/jpeg","source_url":"https:\/\/pragueartweek.cz\/wp-content\/uploads\/2022\/04\/1576514837-novascenahlediste2-kopie-2048x1501.jpeg"}}},"alt_text":"","url":"","target":""},{"id":649,"title":"Sni\u0301mek obrazovky 2022-04-26 v\u00a016.49.41","caption":"","full_image_url":"https:\/\/pragueartweek.cz\/wp-content\/uploads\/2022\/04\/Sni\u0301mek-obrazovky-2022-04-26-v-16.49.41.png","thumbnail_image_url":"https:\/\/pragueartweek.cz\/wp-content\/uploads\/2022\/04\/Sni\u0301mek-obrazovky-2022-04-26-v-16.49.41-432x330.png","large_srcset":"https:\/\/pragueartweek.cz\/wp-content\/uploads\/2022\/04\/Sni\u0301mek-obrazovky-2022-04-26-v-16.49.41.png 1282w, https:\/\/pragueartweek.cz\/wp-content\/uploads\/2022\/04\/Sni\u0301mek-obrazovky-2022-04-26-v-16.49.41-863x660.png 863w, https:\/\/pragueartweek.cz\/wp-content\/uploads\/2022\/04\/Sni\u0301mek-obrazovky-2022-04-26-v-16.49.41-432x330.png 432w, https:\/\/pragueartweek.cz\/wp-content\/uploads\/2022\/04\/Sni\u0301mek-obrazovky-2022-04-26-v-16.49.41-768x587.png 768w","medium_srcset":"https:\/\/pragueartweek.cz\/wp-content\/uploads\/2022\/04\/Sni\u0301mek-obrazovky-2022-04-26-v-16.49.41-863x660.png 863w, https:\/\/pragueartweek.cz\/wp-content\/uploads\/2022\/04\/Sni\u0301mek-obrazovky-2022-04-26-v-16.49.41-432x330.png 432w, https:\/\/pragueartweek.cz\/wp-content\/uploads\/2022\/04\/Sni\u0301mek-obrazovky-2022-04-26-v-16.49.41-768x587.png 768w, https:\/\/pragueartweek.cz\/wp-content\/uploads\/2022\/04\/Sni\u0301mek-obrazovky-2022-04-26-v-16.49.41.png 1282w","media_details":{"width":1282,"height":980,"sizes":{"medium":{"file":"Sni\u0301mek-obrazovky-2022-04-26-v-16.49.41-863x660.png","width":863,"height":660,"mime-type":"image\/png","source_url":"https:\/\/pragueartweek.cz\/wp-content\/uploads\/2022\/04\/Sni\u0301mek-obrazovky-2022-04-26-v-16.49.41-863x660.png"},"thumbnail":{"file":"Sni\u0301mek-obrazovky-2022-04-26-v-16.49.41-432x330.png","width":432,"height":330,"mime-type":"image\/png","source_url":"https:\/\/pragueartweek.cz\/wp-content\/uploads\/2022\/04\/Sni\u0301mek-obrazovky-2022-04-26-v-16.49.41-432x330.png"},"medium_large":{"file":"Sni\u0301mek-obrazovky-2022-04-26-v-16.49.41-768x587.png","width":768,"height":587,"mime-type":"image\/png","source_url":"https:\/\/pragueartweek.cz\/wp-content\/uploads\/2022\/04\/Sni\u0301mek-obrazovky-2022-04-26-v-16.49.41-768x587.png"}}},"alt_text":"","url":"","target":""}]]}},"yoast_head":"<!-- This site is optimized with the Yoast SEO plugin v27.4 - https:\/\/yoast.com\/product\/yoast-seo-wordpress\/ -->\n<title>PRAGUE ART WEEK 22 | Prague Art Week 26<\/title>\n<meta name=\"robots\" content=\"index, follow, max-snippet:-1, max-image-preview:large, max-video-preview:-1\" \/>\n<link rel=\"canonical\" href=\"https:\/\/pragueartweek.cz\/en\/events\/test-en-7\/\" \/>\n<meta property=\"og:locale\" content=\"en_US\" \/>\n<meta property=\"og:type\" content=\"article\" \/>\n<meta property=\"og:title\" content=\"PRAGUE ART WEEK 22 | Prague Art Week 26\" \/>\n<meta property=\"og:description\" content=\"The festival of visual art invites visitors from the Czech Republic and abroad to more than fifty galleries, museums, art collections, and other art institutions all over Prague, which will present a diverse program focused on the visual art of Central and Eastern Europe. New Stage of the National Theatre National Gallery Prague Prague City... View Article\" \/>\n<meta property=\"og:url\" content=\"https:\/\/pragueartweek.cz\/en\/events\/test-en-7\/\" \/>\n<meta property=\"og:site_name\" content=\"Prague Art Week 26\" \/>\n<meta property=\"article:publisher\" content=\"https:\/\/www.facebook.com\/pragueartweek22\/\" \/>\n<meta property=\"article:modified_time\" content=\"2022-08-11T19:16:06+00:00\" \/>\n<meta property=\"og:image\" content=\"https:\/\/pragueartweek.cz\/wp-content\/uploads\/2022\/04\/Sni\u0301mek-obrazovky-2022-04-26-v-21.00.47-1.png\" \/>\n\t<meta property=\"og:image:width\" content=\"742\" \/>\n\t<meta property=\"og:image:height\" content=\"544\" \/>\n\t<meta property=\"og:image:type\" content=\"image\/png\" \/>\n<meta name=\"twitter:card\" content=\"summary_large_image\" \/>\n<meta name=\"twitter:label1\" content=\"Est. reading time\" \/>\n\t<meta name=\"twitter:data1\" content=\"1 minute\" \/>\n<script type=\"application\/ld+json\" class=\"yoast-schema-graph\">{\"@context\":\"https:\\\/\\\/schema.org\",\"@graph\":[{\"@type\":\"WebPage\",\"@id\":\"https:\\\/\\\/pragueartweek.cz\\\/en\\\/events\\\/test-en-7\\\/\",\"url\":\"https:\\\/\\\/pragueartweek.cz\\\/en\\\/events\\\/test-en-7\\\/\",\"name\":\"PRAGUE ART WEEK 22 | Prague Art Week 26\",\"isPartOf\":{\"@id\":\"https:\\\/\\\/pragueartweek.cz\\\/en\\\/#website\"},\"primaryImageOfPage\":{\"@id\":\"https:\\\/\\\/pragueartweek.cz\\\/en\\\/events\\\/test-en-7\\\/#primaryimage\"},\"image\":{\"@id\":\"https:\\\/\\\/pragueartweek.cz\\\/en\\\/events\\\/test-en-7\\\/#primaryimage\"},\"thumbnailUrl\":\"https:\\\/\\\/pragueartweek.cz\\\/wp-content\\\/uploads\\\/2022\\\/04\\\/Sni\u0301mek-obrazovky-2022-04-26-v-21.00.47-1.png\",\"datePublished\":\"2022-04-01T16:43:24+00:00\",\"dateModified\":\"2022-08-11T19:16:06+00:00\",\"breadcrumb\":{\"@id\":\"https:\\\/\\\/pragueartweek.cz\\\/en\\\/events\\\/test-en-7\\\/#breadcrumb\"},\"inLanguage\":\"en-US\",\"potentialAction\":[{\"@type\":\"ReadAction\",\"target\":[\"https:\\\/\\\/pragueartweek.cz\\\/en\\\/events\\\/test-en-7\\\/\"]}]},{\"@type\":\"ImageObject\",\"inLanguage\":\"en-US\",\"@id\":\"https:\\\/\\\/pragueartweek.cz\\\/en\\\/events\\\/test-en-7\\\/#primaryimage\",\"url\":\"https:\\\/\\\/pragueartweek.cz\\\/wp-content\\\/uploads\\\/2022\\\/04\\\/Sni\u0301mek-obrazovky-2022-04-26-v-21.00.47-1.png\",\"contentUrl\":\"https:\\\/\\\/pragueartweek.cz\\\/wp-content\\\/uploads\\\/2022\\\/04\\\/Sni\u0301mek-obrazovky-2022-04-26-v-21.00.47-1.png\",\"width\":742,\"height\":544},{\"@type\":\"BreadcrumbList\",\"@id\":\"https:\\\/\\\/pragueartweek.cz\\\/en\\\/events\\\/test-en-7\\\/#breadcrumb\",\"itemListElement\":[{\"@type\":\"ListItem\",\"position\":1,\"name\":\"Home\",\"item\":\"https:\\\/\\\/pragueartweek.cz\\\/en\\\/\"},{\"@type\":\"ListItem\",\"position\":2,\"name\":\"Events\",\"item\":\"https:\\\/\\\/pragueartweek.cz\\\/en\\\/events\\\/\"},{\"@type\":\"ListItem\",\"position\":3,\"name\":\"PRAGUE ART WEEK 22\"}]},{\"@type\":\"WebSite\",\"@id\":\"https:\\\/\\\/pragueartweek.cz\\\/en\\\/#website\",\"url\":\"https:\\\/\\\/pragueartweek.cz\\\/en\\\/\",\"name\":\"Prague Art Week 26\",\"description\":\"Prague Art Week je otev\u0159enou platformou pro kooperaci nejv\u00fdznamn\u011bj\u0161\u00edch instituc\u00ed na poli pra\u017esk\u00e9 um\u011bleck\u00e9 sc\u00e9ny.\",\"publisher\":{\"@id\":\"https:\\\/\\\/pragueartweek.cz\\\/en\\\/#organization\"},\"potentialAction\":[{\"@type\":\"SearchAction\",\"target\":{\"@type\":\"EntryPoint\",\"urlTemplate\":\"https:\\\/\\\/pragueartweek.cz\\\/en\\\/?s={search_term_string}\"},\"query-input\":{\"@type\":\"PropertyValueSpecification\",\"valueRequired\":true,\"valueName\":\"search_term_string\"}}],\"inLanguage\":\"en-US\"},{\"@type\":\"Organization\",\"@id\":\"https:\\\/\\\/pragueartweek.cz\\\/en\\\/#organization\",\"name\":\"Prague Art Week\",\"url\":\"https:\\\/\\\/pragueartweek.cz\\\/en\\\/\",\"logo\":{\"@type\":\"ImageObject\",\"inLanguage\":\"en-US\",\"@id\":\"https:\\\/\\\/pragueartweek.cz\\\/en\\\/#\\\/schema\\\/logo\\\/image\\\/\",\"url\":\"https:\\\/\\\/pragueartweek.cz\\\/wp-content\\\/uploads\\\/2022\\\/04\\\/LOGO_PAW_bez-roku-02.png\",\"contentUrl\":\"https:\\\/\\\/pragueartweek.cz\\\/wp-content\\\/uploads\\\/2022\\\/04\\\/LOGO_PAW_bez-roku-02.png\",\"width\":2481,\"height\":1749,\"caption\":\"Prague Art Week\"},\"image\":{\"@id\":\"https:\\\/\\\/pragueartweek.cz\\\/en\\\/#\\\/schema\\\/logo\\\/image\\\/\"},\"sameAs\":[\"https:\\\/\\\/www.facebook.com\\\/pragueartweek22\\\/\",\"https:\\\/\\\/www.instagram.com\\\/prague_art_week\\\/\"]}]}<\/script>\n<!-- \/ Yoast SEO plugin. -->","yoast_head_json":{"title":"PRAGUE ART WEEK 22 | Prague Art Week 26","robots":{"index":"index","follow":"follow","max-snippet":"max-snippet:-1","max-image-preview":"max-image-preview:large","max-video-preview":"max-video-preview:-1"},"canonical":"https:\/\/pragueartweek.cz\/en\/events\/test-en-7\/","og_locale":"en_US","og_type":"article","og_title":"PRAGUE ART WEEK 22 | Prague Art Week 26","og_description":"The festival of visual art invites visitors from the Czech Republic and abroad to more than fifty galleries, museums, art collections, and other art institutions all over Prague, which will present a diverse program focused on the visual art of Central and Eastern Europe. New Stage of the National Theatre National Gallery Prague Prague City... View Article","og_url":"https:\/\/pragueartweek.cz\/en\/events\/test-en-7\/","og_site_name":"Prague Art Week 26","article_publisher":"https:\/\/www.facebook.com\/pragueartweek22\/","article_modified_time":"2022-08-11T19:16:06+00:00","og_image":[{"width":742,"height":544,"url":"https:\/\/pragueartweek.cz\/wp-content\/uploads\/2022\/04\/Sni\u0301mek-obrazovky-2022-04-26-v-21.00.47-1.png","type":"image\/png"}],"twitter_card":"summary_large_image","twitter_misc":{"Est. reading time":"1 minute"},"schema":{"@context":"https:\/\/schema.org","@graph":[{"@type":"WebPage","@id":"https:\/\/pragueartweek.cz\/en\/events\/test-en-7\/","url":"https:\/\/pragueartweek.cz\/en\/events\/test-en-7\/","name":"PRAGUE ART WEEK 22 | Prague Art Week 26","isPartOf":{"@id":"https:\/\/pragueartweek.cz\/en\/#website"},"primaryImageOfPage":{"@id":"https:\/\/pragueartweek.cz\/en\/events\/test-en-7\/#primaryimage"},"image":{"@id":"https:\/\/pragueartweek.cz\/en\/events\/test-en-7\/#primaryimage"},"thumbnailUrl":"https:\/\/pragueartweek.cz\/wp-content\/uploads\/2022\/04\/Sni\u0301mek-obrazovky-2022-04-26-v-21.00.47-1.png","datePublished":"2022-04-01T16:43:24+00:00","dateModified":"2022-08-11T19:16:06+00:00","breadcrumb":{"@id":"https:\/\/pragueartweek.cz\/en\/events\/test-en-7\/#breadcrumb"},"inLanguage":"en-US","potentialAction":[{"@type":"ReadAction","target":["https:\/\/pragueartweek.cz\/en\/events\/test-en-7\/"]}]},{"@type":"ImageObject","inLanguage":"en-US","@id":"https:\/\/pragueartweek.cz\/en\/events\/test-en-7\/#primaryimage","url":"https:\/\/pragueartweek.cz\/wp-content\/uploads\/2022\/04\/Sni\u0301mek-obrazovky-2022-04-26-v-21.00.47-1.png","contentUrl":"https:\/\/pragueartweek.cz\/wp-content\/uploads\/2022\/04\/Sni\u0301mek-obrazovky-2022-04-26-v-21.00.47-1.png","width":742,"height":544},{"@type":"BreadcrumbList","@id":"https:\/\/pragueartweek.cz\/en\/events\/test-en-7\/#breadcrumb","itemListElement":[{"@type":"ListItem","position":1,"name":"Home","item":"https:\/\/pragueartweek.cz\/en\/"},{"@type":"ListItem","position":2,"name":"Events","item":"https:\/\/pragueartweek.cz\/en\/events\/"},{"@type":"ListItem","position":3,"name":"PRAGUE ART WEEK 22"}]},{"@type":"WebSite","@id":"https:\/\/pragueartweek.cz\/en\/#website","url":"https:\/\/pragueartweek.cz\/en\/","name":"Prague Art Week 26","description":"Prague Art Week je otev\u0159enou platformou pro kooperaci nejv\u00fdznamn\u011bj\u0161\u00edch instituc\u00ed na poli pra\u017esk\u00e9 um\u011bleck\u00e9 sc\u00e9ny.","publisher":{"@id":"https:\/\/pragueartweek.cz\/en\/#organization"},"potentialAction":[{"@type":"SearchAction","target":{"@type":"EntryPoint","urlTemplate":"https:\/\/pragueartweek.cz\/en\/?s={search_term_string}"},"query-input":{"@type":"PropertyValueSpecification","valueRequired":true,"valueName":"search_term_string"}}],"inLanguage":"en-US"},{"@type":"Organization","@id":"https:\/\/pragueartweek.cz\/en\/#organization","name":"Prague Art Week","url":"https:\/\/pragueartweek.cz\/en\/","logo":{"@type":"ImageObject","inLanguage":"en-US","@id":"https:\/\/pragueartweek.cz\/en\/#\/schema\/logo\/image\/","url":"https:\/\/pragueartweek.cz\/wp-content\/uploads\/2022\/04\/LOGO_PAW_bez-roku-02.png","contentUrl":"https:\/\/pragueartweek.cz\/wp-content\/uploads\/2022\/04\/LOGO_PAW_bez-roku-02.png","width":2481,"height":1749,"caption":"Prague Art Week"},"image":{"@id":"https:\/\/pragueartweek.cz\/en\/#\/schema\/logo\/image\/"},"sameAs":["https:\/\/www.facebook.com\/pragueartweek22\/","https:\/\/www.instagram.com\/prague_art_week\/"]}]}},"_links":{"self":[{"href":"https:\/\/pragueartweek.cz\/en\/wp-json\/wp\/v2\/udalosti\/172","targetHints":{"allow":["GET"]}}],"collection":[{"href":"https:\/\/pragueartweek.cz\/en\/wp-json\/wp\/v2\/udalosti"}],"about":[{"href":"https:\/\/pragueartweek.cz\/en\/wp-json\/wp\/v2\/types\/udalosti"}],"version-history":[{"count":9,"href":"https:\/\/pragueartweek.cz\/en\/wp-json\/wp\/v2\/udalosti\/172\/revisions"}],"predecessor-version":[{"id":1914,"href":"https:\/\/pragueartweek.cz\/en\/wp-json\/wp\/v2\/udalosti\/172\/revisions\/1914"}],"wp:featuredmedia":[{"embeddable":true,"href":"https:\/\/pragueartweek.cz\/en\/wp-json\/wp\/v2\/media\/678"}],"wp:attachment":[{"href":"https:\/\/pragueartweek.cz\/en\/wp-json\/wp\/v2\/media?parent=172"}],"wp:term":[{"taxonomy":"kategorie","embeddable":true,"href":"https:\/\/pragueartweek.cz\/en\/wp-json\/wp\/v2\/kategorie?post=172"},{"taxonomy":"lokalita","embeddable":true,"href":"https:\/\/pragueartweek.cz\/en\/wp-json\/wp\/v2\/lokalita?post=172"},{"taxonomy":"termin","embeddable":true,"href":"https:\/\/pragueartweek.cz\/en\/wp-json\/wp\/v2\/termin?post=172"}],"curies":[{"name":"wp","href":"https:\/\/api.w.org\/{rel}","templated":true}]}}