{"id":1850,"date":"2022-08-10T17:02:08","date_gmt":"2022-08-10T15:02:08","guid":{"rendered":"https:\/\/pragueartweek.cz\/?post_type=udalosti&#038;p=1850"},"modified":"2022-09-16T14:00:34","modified_gmt":"2022-09-16T12:00:34","slug":"a-collector-lanns-glass-collection","status":"publish","type":"udalosti","link":"https:\/\/pragueartweek.cz\/en\/events\/a-collector-lanns-glass-collection\/","title":{"rendered":"A COLLECTOR. LANN\u2019S GLASS COLLECTION."},"content":{"rendered":"<div class=\"page\" title=\"Page 25\">\n<div class=\"layoutArea\">\n<div class=\"column\">\n<div class=\"page\" title=\"Page 25\"><img loading=\"lazy\" decoding=\"async\" width=\"30\" height=\"30\" class=\"alignnone size-full wp-image-1853\" src=\"https:\/\/pragueartweek.cz\/wp-content\/uploads\/2022\/08\/sipka.png\" alt=\"\">&nbsp;13. 9. 2022, 18:00, reservation <a href=\"https:\/\/goout.net\/en\/guided-tour-collector-lann-s-glass-collection\/szjnmyt\/\" target=\"_blank\" rel=\"noopener\">HERE<\/a><br \/>\nGuided tour of the exhibition<\/div>\n<div title=\"Page 25\">&nbsp;<\/div>\n<div title=\"Page 25\"><a href=\"https:\/\/www.upm.cz\/en\/\" target=\"_blank\" rel=\"noopener\">The Museum of Decorative Arts in Prague<\/a><\/div>\n<\/div>\n<div title=\"Page 25\">\n<div class=\"header-titles\">&nbsp;<\/div>\n<div class=\"jazyk\">&nbsp;<\/div>\n<\/div>\n<\/div>\n<\/div>\n","protected":false},"excerpt":{"rendered":"<p>&nbsp;13. 9. 2022, 18:00, reservation HERE Guided tour of the exhibition &nbsp; The Museum of Decorative Arts in Prague &nbsp; &nbsp;<\/p>\n","protected":false},"featured_media":2942,"parent":0,"menu_order":0,"template":"","format":"standard","meta":{"_acf_changed":false,"footnotes":""},"kategorie":[36,209,187,259],"lokalita":[],"termin":[],"class_list":["post-1850","udalosti","type-udalosti","status-publish","format-standard","has-post-thumbnail","hentry","kategorie-exhibition","kategorie-guided-tour","kategorie-past-event","kategorie-route-p1-p2","wpautop"],"acf":{"photo_gallery":{"udalost_galerie":[[{"id":2944,"title":"16_Pallas_Athena","caption":"","full_image_url":"https:\/\/pragueartweek.cz\/wp-content\/uploads\/2022\/08\/16_Pallas_Athena-1-scaled.jpg","thumbnail_image_url":"https:\/\/pragueartweek.cz\/wp-content\/uploads\/2022\/08\/16_Pallas_Athena-1-405x330.jpg","large_srcset":"https:\/\/pragueartweek.cz\/wp-content\/uploads\/2022\/08\/16_Pallas_Athena-1-1619x1320.jpg 1619w, https:\/\/pragueartweek.cz\/wp-content\/uploads\/2022\/08\/16_Pallas_Athena-1-810x660.jpg 810w, https:\/\/pragueartweek.cz\/wp-content\/uploads\/2022\/08\/16_Pallas_Athena-1-405x330.jpg 405w, https:\/\/pragueartweek.cz\/wp-content\/uploads\/2022\/08\/16_Pallas_Athena-1-768x626.jpg 768w, https:\/\/pragueartweek.cz\/wp-content\/uploads\/2022\/08\/16_Pallas_Athena-1-1536x1252.jpg 1536w, https:\/\/pragueartweek.cz\/wp-content\/uploads\/2022\/08\/16_Pallas_Athena-1-2048x1670.jpg 2048w","medium_srcset":"https:\/\/pragueartweek.cz\/wp-content\/uploads\/2022\/08\/16_Pallas_Athena-1-810x660.jpg 810w, https:\/\/pragueartweek.cz\/wp-content\/uploads\/2022\/08\/16_Pallas_Athena-1-1619x1320.jpg 1619w, https:\/\/pragueartweek.cz\/wp-content\/uploads\/2022\/08\/16_Pallas_Athena-1-405x330.jpg 405w, https:\/\/pragueartweek.cz\/wp-content\/uploads\/2022\/08\/16_Pallas_Athena-1-768x626.jpg 768w, https:\/\/pragueartweek.cz\/wp-content\/uploads\/2022\/08\/16_Pallas_Athena-1-1536x1252.jpg 1536w, https:\/\/pragueartweek.cz\/wp-content\/uploads\/2022\/08\/16_Pallas_Athena-1-2048x1670.jpg 2048w","media_details":{"width":2560,"height":2087,"sizes":{"medium":{"file":"16_Pallas_Athena-1-810x660.jpg","width":810,"height":660,"mime-type":"image\/jpeg","filesize":130501,"source_url":"https:\/\/pragueartweek.cz\/wp-content\/uploads\/2022\/08\/16_Pallas_Athena-1-810x660.jpg"},"large":{"file":"16_Pallas_Athena-1-1619x1320.jpg","width":1619,"height":1320,"mime-type":"image\/jpeg","filesize":378917,"source_url":"https:\/\/pragueartweek.cz\/wp-content\/uploads\/2022\/08\/16_Pallas_Athena-1-1619x1320.jpg"},"thumbnail":{"file":"16_Pallas_Athena-1-405x330.jpg","width":405,"height":330,"mime-type":"image\/jpeg","filesize":52728,"source_url":"https:\/\/pragueartweek.cz\/wp-content\/uploads\/2022\/08\/16_Pallas_Athena-1-405x330.jpg"},"medium_large":{"file":"16_Pallas_Athena-1-768x626.jpg","width":768,"height":626,"mime-type":"image\/jpeg","filesize":120656,"source_url":"https:\/\/pragueartweek.cz\/wp-content\/uploads\/2022\/08\/16_Pallas_Athena-1-768x626.jpg"},"1536x1536":{"file":"16_Pallas_Athena-1-1536x1252.jpg","width":1536,"height":1252,"mime-type":"image\/jpeg","filesize":349514,"source_url":"https:\/\/pragueartweek.cz\/wp-content\/uploads\/2022\/08\/16_Pallas_Athena-1-1536x1252.jpg"},"2048x2048":{"file":"16_Pallas_Athena-1-2048x1670.jpg","width":2048,"height":1670,"mime-type":"image\/jpeg","filesize":540022,"source_url":"https:\/\/pragueartweek.cz\/wp-content\/uploads\/2022\/08\/16_Pallas_Athena-1-2048x1670.jpg"},"cmplz_banner_image":{"file":"16_Pallas_Athena-1-350x100.jpg","width":350,"height":100,"mime-type":"image\/jpeg","filesize":30613,"source_url":"https:\/\/pragueartweek.cz\/wp-content\/uploads\/2022\/08\/16_Pallas_Athena-1-350x100.jpg"}}},"alt_text":"","url":"","target":""}]]}},"yoast_head":"<!-- This site is optimized with the Yoast SEO plugin v27.4 - https:\/\/yoast.com\/product\/yoast-seo-wordpress\/ -->\n<title>A COLLECTOR. LANN\u2019S GLASS COLLECTION. | Prague Art Week 26<\/title>\n<meta name=\"description\" content=\"The collection of glass at the Museum of Decorative Arts in Prague is rightly regarded as one of the best of its kind around the world, detailing the historical development of the art of glassmaking.\" \/>\n<meta name=\"robots\" content=\"index, follow, max-snippet:-1, max-image-preview:large, max-video-preview:-1\" \/>\n<link rel=\"canonical\" href=\"https:\/\/pragueartweek.cz\/en\/events\/a-collector-lanns-glass-collection\/\" \/>\n<meta property=\"og:locale\" content=\"en_US\" \/>\n<meta property=\"og:type\" content=\"article\" \/>\n<meta property=\"og:title\" content=\"A COLLECTOR. LANN\u2019S GLASS COLLECTION. | Prague Art Week 26\" \/>\n<meta property=\"og:description\" content=\"The collection of glass at the Museum of Decorative Arts in Prague is rightly regarded as one of the best of its kind around the world, detailing the historical development of the art of glassmaking.\" \/>\n<meta property=\"og:url\" content=\"https:\/\/pragueartweek.cz\/en\/events\/a-collector-lanns-glass-collection\/\" \/>\n<meta property=\"og:site_name\" content=\"Prague Art Week 26\" \/>\n<meta property=\"article:publisher\" content=\"https:\/\/www.facebook.com\/pragueartweek22\/\" \/>\n<meta property=\"article:modified_time\" content=\"2022-09-16T12:00:34+00:00\" \/>\n<meta property=\"og:image\" content=\"https:\/\/pragueartweek.cz\/wp-content\/uploads\/2022\/08\/16_Pallas_Athena.jpg\" \/>\n\t<meta property=\"og:image:width\" content=\"450\" \/>\n\t<meta property=\"og:image:height\" content=\"330\" \/>\n\t<meta property=\"og:image:type\" content=\"image\/jpeg\" \/>\n<meta name=\"twitter:card\" content=\"summary_large_image\" \/>\n<meta name=\"twitter:label1\" content=\"Est. reading time\" \/>\n\t<meta name=\"twitter:data1\" content=\"1 minute\" \/>\n<script type=\"application\/ld+json\" class=\"yoast-schema-graph\">{\"@context\":\"https:\\\/\\\/schema.org\",\"@graph\":[{\"@type\":\"WebPage\",\"@id\":\"https:\\\/\\\/pragueartweek.cz\\\/en\\\/events\\\/a-collector-lanns-glass-collection\\\/\",\"url\":\"https:\\\/\\\/pragueartweek.cz\\\/en\\\/events\\\/a-collector-lanns-glass-collection\\\/\",\"name\":\"A COLLECTOR. LANN\u2019S GLASS COLLECTION. | Prague Art Week 26\",\"isPartOf\":{\"@id\":\"https:\\\/\\\/pragueartweek.cz\\\/en\\\/#website\"},\"primaryImageOfPage\":{\"@id\":\"https:\\\/\\\/pragueartweek.cz\\\/en\\\/events\\\/a-collector-lanns-glass-collection\\\/#primaryimage\"},\"image\":{\"@id\":\"https:\\\/\\\/pragueartweek.cz\\\/en\\\/events\\\/a-collector-lanns-glass-collection\\\/#primaryimage\"},\"thumbnailUrl\":\"https:\\\/\\\/pragueartweek.cz\\\/wp-content\\\/uploads\\\/2022\\\/08\\\/16_Pallas_Athena.jpg\",\"datePublished\":\"2022-08-10T15:02:08+00:00\",\"dateModified\":\"2022-09-16T12:00:34+00:00\",\"description\":\"The collection of glass at the Museum of Decorative Arts in Prague is rightly regarded as one of the best of its kind around the world, detailing the historical development of the art of glassmaking.\",\"breadcrumb\":{\"@id\":\"https:\\\/\\\/pragueartweek.cz\\\/en\\\/events\\\/a-collector-lanns-glass-collection\\\/#breadcrumb\"},\"inLanguage\":\"en-US\",\"potentialAction\":[{\"@type\":\"ReadAction\",\"target\":[\"https:\\\/\\\/pragueartweek.cz\\\/en\\\/events\\\/a-collector-lanns-glass-collection\\\/\"]}]},{\"@type\":\"ImageObject\",\"inLanguage\":\"en-US\",\"@id\":\"https:\\\/\\\/pragueartweek.cz\\\/en\\\/events\\\/a-collector-lanns-glass-collection\\\/#primaryimage\",\"url\":\"https:\\\/\\\/pragueartweek.cz\\\/wp-content\\\/uploads\\\/2022\\\/08\\\/16_Pallas_Athena.jpg\",\"contentUrl\":\"https:\\\/\\\/pragueartweek.cz\\\/wp-content\\\/uploads\\\/2022\\\/08\\\/16_Pallas_Athena.jpg\",\"width\":450,\"height\":330},{\"@type\":\"BreadcrumbList\",\"@id\":\"https:\\\/\\\/pragueartweek.cz\\\/en\\\/events\\\/a-collector-lanns-glass-collection\\\/#breadcrumb\",\"itemListElement\":[{\"@type\":\"ListItem\",\"position\":1,\"name\":\"Home\",\"item\":\"https:\\\/\\\/pragueartweek.cz\\\/en\\\/\"},{\"@type\":\"ListItem\",\"position\":2,\"name\":\"Events\",\"item\":\"https:\\\/\\\/pragueartweek.cz\\\/en\\\/events\\\/\"},{\"@type\":\"ListItem\",\"position\":3,\"name\":\"A COLLECTOR. LANN\u2019S GLASS COLLECTION.\"}]},{\"@type\":\"WebSite\",\"@id\":\"https:\\\/\\\/pragueartweek.cz\\\/en\\\/#website\",\"url\":\"https:\\\/\\\/pragueartweek.cz\\\/en\\\/\",\"name\":\"Prague Art Week 26\",\"description\":\"Prague Art Week je otev\u0159enou platformou pro kooperaci nejv\u00fdznamn\u011bj\u0161\u00edch instituc\u00ed na poli pra\u017esk\u00e9 um\u011bleck\u00e9 sc\u00e9ny.\",\"publisher\":{\"@id\":\"https:\\\/\\\/pragueartweek.cz\\\/en\\\/#organization\"},\"potentialAction\":[{\"@type\":\"SearchAction\",\"target\":{\"@type\":\"EntryPoint\",\"urlTemplate\":\"https:\\\/\\\/pragueartweek.cz\\\/en\\\/?s={search_term_string}\"},\"query-input\":{\"@type\":\"PropertyValueSpecification\",\"valueRequired\":true,\"valueName\":\"search_term_string\"}}],\"inLanguage\":\"en-US\"},{\"@type\":\"Organization\",\"@id\":\"https:\\\/\\\/pragueartweek.cz\\\/en\\\/#organization\",\"name\":\"Prague Art Week\",\"url\":\"https:\\\/\\\/pragueartweek.cz\\\/en\\\/\",\"logo\":{\"@type\":\"ImageObject\",\"inLanguage\":\"en-US\",\"@id\":\"https:\\\/\\\/pragueartweek.cz\\\/en\\\/#\\\/schema\\\/logo\\\/image\\\/\",\"url\":\"https:\\\/\\\/pragueartweek.cz\\\/wp-content\\\/uploads\\\/2022\\\/04\\\/LOGO_PAW_bez-roku-02.png\",\"contentUrl\":\"https:\\\/\\\/pragueartweek.cz\\\/wp-content\\\/uploads\\\/2022\\\/04\\\/LOGO_PAW_bez-roku-02.png\",\"width\":2481,\"height\":1749,\"caption\":\"Prague Art Week\"},\"image\":{\"@id\":\"https:\\\/\\\/pragueartweek.cz\\\/en\\\/#\\\/schema\\\/logo\\\/image\\\/\"},\"sameAs\":[\"https:\\\/\\\/www.facebook.com\\\/pragueartweek22\\\/\",\"https:\\\/\\\/www.instagram.com\\\/prague_art_week\\\/\"]}]}<\/script>\n<!-- \/ Yoast SEO plugin. -->","yoast_head_json":{"title":"A COLLECTOR. LANN\u2019S GLASS COLLECTION. | Prague Art Week 26","description":"The collection of glass at the Museum of Decorative Arts in Prague is rightly regarded as one of the best of its kind around the world, detailing the historical development of the art of glassmaking.","robots":{"index":"index","follow":"follow","max-snippet":"max-snippet:-1","max-image-preview":"max-image-preview:large","max-video-preview":"max-video-preview:-1"},"canonical":"https:\/\/pragueartweek.cz\/en\/events\/a-collector-lanns-glass-collection\/","og_locale":"en_US","og_type":"article","og_title":"A COLLECTOR. LANN\u2019S GLASS COLLECTION. | Prague Art Week 26","og_description":"The collection of glass at the Museum of Decorative Arts in Prague is rightly regarded as one of the best of its kind around the world, detailing the historical development of the art of glassmaking.","og_url":"https:\/\/pragueartweek.cz\/en\/events\/a-collector-lanns-glass-collection\/","og_site_name":"Prague Art Week 26","article_publisher":"https:\/\/www.facebook.com\/pragueartweek22\/","article_modified_time":"2022-09-16T12:00:34+00:00","og_image":[{"width":450,"height":330,"url":"https:\/\/pragueartweek.cz\/wp-content\/uploads\/2022\/08\/16_Pallas_Athena.jpg","type":"image\/jpeg"}],"twitter_card":"summary_large_image","twitter_misc":{"Est. reading time":"1 minute"},"schema":{"@context":"https:\/\/schema.org","@graph":[{"@type":"WebPage","@id":"https:\/\/pragueartweek.cz\/en\/events\/a-collector-lanns-glass-collection\/","url":"https:\/\/pragueartweek.cz\/en\/events\/a-collector-lanns-glass-collection\/","name":"A COLLECTOR. LANN\u2019S GLASS COLLECTION. | Prague Art Week 26","isPartOf":{"@id":"https:\/\/pragueartweek.cz\/en\/#website"},"primaryImageOfPage":{"@id":"https:\/\/pragueartweek.cz\/en\/events\/a-collector-lanns-glass-collection\/#primaryimage"},"image":{"@id":"https:\/\/pragueartweek.cz\/en\/events\/a-collector-lanns-glass-collection\/#primaryimage"},"thumbnailUrl":"https:\/\/pragueartweek.cz\/wp-content\/uploads\/2022\/08\/16_Pallas_Athena.jpg","datePublished":"2022-08-10T15:02:08+00:00","dateModified":"2022-09-16T12:00:34+00:00","description":"The collection of glass at the Museum of Decorative Arts in Prague is rightly regarded as one of the best of its kind around the world, detailing the historical development of the art of glassmaking.","breadcrumb":{"@id":"https:\/\/pragueartweek.cz\/en\/events\/a-collector-lanns-glass-collection\/#breadcrumb"},"inLanguage":"en-US","potentialAction":[{"@type":"ReadAction","target":["https:\/\/pragueartweek.cz\/en\/events\/a-collector-lanns-glass-collection\/"]}]},{"@type":"ImageObject","inLanguage":"en-US","@id":"https:\/\/pragueartweek.cz\/en\/events\/a-collector-lanns-glass-collection\/#primaryimage","url":"https:\/\/pragueartweek.cz\/wp-content\/uploads\/2022\/08\/16_Pallas_Athena.jpg","contentUrl":"https:\/\/pragueartweek.cz\/wp-content\/uploads\/2022\/08\/16_Pallas_Athena.jpg","width":450,"height":330},{"@type":"BreadcrumbList","@id":"https:\/\/pragueartweek.cz\/en\/events\/a-collector-lanns-glass-collection\/#breadcrumb","itemListElement":[{"@type":"ListItem","position":1,"name":"Home","item":"https:\/\/pragueartweek.cz\/en\/"},{"@type":"ListItem","position":2,"name":"Events","item":"https:\/\/pragueartweek.cz\/en\/events\/"},{"@type":"ListItem","position":3,"name":"A COLLECTOR. LANN\u2019S GLASS COLLECTION."}]},{"@type":"WebSite","@id":"https:\/\/pragueartweek.cz\/en\/#website","url":"https:\/\/pragueartweek.cz\/en\/","name":"Prague Art Week 26","description":"Prague Art Week je otev\u0159enou platformou pro kooperaci nejv\u00fdznamn\u011bj\u0161\u00edch instituc\u00ed na poli pra\u017esk\u00e9 um\u011bleck\u00e9 sc\u00e9ny.","publisher":{"@id":"https:\/\/pragueartweek.cz\/en\/#organization"},"potentialAction":[{"@type":"SearchAction","target":{"@type":"EntryPoint","urlTemplate":"https:\/\/pragueartweek.cz\/en\/?s={search_term_string}"},"query-input":{"@type":"PropertyValueSpecification","valueRequired":true,"valueName":"search_term_string"}}],"inLanguage":"en-US"},{"@type":"Organization","@id":"https:\/\/pragueartweek.cz\/en\/#organization","name":"Prague Art Week","url":"https:\/\/pragueartweek.cz\/en\/","logo":{"@type":"ImageObject","inLanguage":"en-US","@id":"https:\/\/pragueartweek.cz\/en\/#\/schema\/logo\/image\/","url":"https:\/\/pragueartweek.cz\/wp-content\/uploads\/2022\/04\/LOGO_PAW_bez-roku-02.png","contentUrl":"https:\/\/pragueartweek.cz\/wp-content\/uploads\/2022\/04\/LOGO_PAW_bez-roku-02.png","width":2481,"height":1749,"caption":"Prague Art Week"},"image":{"@id":"https:\/\/pragueartweek.cz\/en\/#\/schema\/logo\/image\/"},"sameAs":["https:\/\/www.facebook.com\/pragueartweek22\/","https:\/\/www.instagram.com\/prague_art_week\/"]}]}},"_links":{"self":[{"href":"https:\/\/pragueartweek.cz\/en\/wp-json\/wp\/v2\/udalosti\/1850","targetHints":{"allow":["GET"]}}],"collection":[{"href":"https:\/\/pragueartweek.cz\/en\/wp-json\/wp\/v2\/udalosti"}],"about":[{"href":"https:\/\/pragueartweek.cz\/en\/wp-json\/wp\/v2\/types\/udalosti"}],"version-history":[{"count":5,"href":"https:\/\/pragueartweek.cz\/en\/wp-json\/wp\/v2\/udalosti\/1850\/revisions"}],"predecessor-version":[{"id":2458,"href":"https:\/\/pragueartweek.cz\/en\/wp-json\/wp\/v2\/udalosti\/1850\/revisions\/2458"}],"wp:featuredmedia":[{"embeddable":true,"href":"https:\/\/pragueartweek.cz\/en\/wp-json\/wp\/v2\/media\/2942"}],"wp:attachment":[{"href":"https:\/\/pragueartweek.cz\/en\/wp-json\/wp\/v2\/media?parent=1850"}],"wp:term":[{"taxonomy":"kategorie","embeddable":true,"href":"https:\/\/pragueartweek.cz\/en\/wp-json\/wp\/v2\/kategorie?post=1850"},{"taxonomy":"lokalita","embeddable":true,"href":"https:\/\/pragueartweek.cz\/en\/wp-json\/wp\/v2\/lokalita?post=1850"},{"taxonomy":"termin","embeddable":true,"href":"https:\/\/pragueartweek.cz\/en\/wp-json\/wp\/v2\/termin?post=1850"}],"curies":[{"name":"wp","href":"https:\/\/api.w.org\/{rel}","templated":true}]}}