{"id":2009,"date":"2022-03-04T13:17:58","date_gmt":"2022-03-04T12:17:58","guid":{"rendered":"https:\/\/pragueartweek.cz\/?post_type=udalosti&#038;p=2009"},"modified":"2022-09-16T13:19:30","modified_gmt":"2022-09-16T11:19:30","slug":"barbora-valaskova-blau","status":"publish","type":"udalosti","link":"https:\/\/pragueartweek.cz\/en\/events\/barbora-valaskova-blau\/","title":{"rendered":"Barbora Val\u00e1\u0161kov\u00e1 &#8211; BLAU"},"content":{"rendered":"<div class=\"page\" title=\"Page 37\">\n<div class=\"layoutArea\">\n<div class=\"column\">\n<p><img loading=\"lazy\" decoding=\"async\" width=\"30\" height=\"30\" class=\"alignnone size-full wp-image-1854\" src=\"https:\/\/pragueartweek.cz\/wp-content\/uploads\/2022\/08\/sipka.png\" alt=\"\">&nbsp;11. 9. 2022, od 13:00 \u2013 24:00<\/p>\n<p>Guided tour + music lounge<br \/>\nKampus Hybernska\u0301 will host the exhibition of the Czech author Barbora Vala\u0301s\u030ckova\u0301 called Blau at the HYB4 D Gallery. A guided tour with the curator of the exhibition will take place at 6 p.m. while starting at 13 p.m. an area at the campus will be transformed into a music lounge with street food. The DJ will be a member of Sada kolektiv.<\/p>\n<p>Open hours during PAW: Mon-Fri 9:00 &#8211; 21:00, Sat 10:00 &#8211; 20:00, Sun 13:00 &#8211; 24:00<\/p>\n<div dir=\"auto\"><a href=\"https:\/\/www.kampushybernska.cz\" target=\"_blank\" rel=\"noopener\">Kampus Hybernsk\u00e1&nbsp;<\/a><\/div>\n<\/div>\n<\/div>\n<\/div>\n","protected":false},"excerpt":{"rendered":"<p>&nbsp;11. 9. 2022, od 13:00 \u2013 24:00 Guided tour + music lounge Kampus Hybernska\u0301 will host the exhibition of the Czech author Barbora Vala\u0301s\u030ckova\u0301 called Blau at the HYB4 D Gallery. A guided tour with the curator of the exhibition will take place at 6 p.m. while starting at 13 p.m. an area at the&#8230; <a class=\"view-article\" href=\"https:\/\/pragueartweek.cz\/en\/events\/barbora-valaskova-blau\/\">View Article<\/a><\/p>\n","protected":false},"featured_media":2005,"parent":0,"menu_order":0,"template":"","format":"standard","meta":{"_acf_changed":false,"footnotes":""},"kategorie":[36,209,112,187,259],"lokalita":[143],"termin":[],"class_list":["post-2009","udalosti","type-udalosti","status-publish","format-standard","has-post-thumbnail","hentry","kategorie-exhibition","kategorie-guided-tour","kategorie-opening","kategorie-past-event","kategorie-route-p1-p2","lokalita-galerie-hyb4-en","wpautop"],"acf":{"photo_gallery":{"udalost_galerie":[[{"id":2003,"title":"IMG_2297","caption":"","full_image_url":"https:\/\/pragueartweek.cz\/wp-content\/uploads\/2022\/08\/IMG_2297-scaled.jpg","thumbnail_image_url":"https:\/\/pragueartweek.cz\/wp-content\/uploads\/2022\/08\/IMG_2297-450x300.jpg","large_srcset":"https:\/\/pragueartweek.cz\/wp-content\/uploads\/2022\/08\/IMG_2297-1800x1201.jpg 1800w, https:\/\/pragueartweek.cz\/wp-content\/uploads\/2022\/08\/IMG_2297-900x601.jpg 900w, https:\/\/pragueartweek.cz\/wp-content\/uploads\/2022\/08\/IMG_2297-450x300.jpg 450w, https:\/\/pragueartweek.cz\/wp-content\/uploads\/2022\/08\/IMG_2297-768x512.jpg 768w, https:\/\/pragueartweek.cz\/wp-content\/uploads\/2022\/08\/IMG_2297-1536x1025.jpg 1536w, https:\/\/pragueartweek.cz\/wp-content\/uploads\/2022\/08\/IMG_2297-2048x1367.jpg 2048w","medium_srcset":"https:\/\/pragueartweek.cz\/wp-content\/uploads\/2022\/08\/IMG_2297-900x601.jpg 900w, https:\/\/pragueartweek.cz\/wp-content\/uploads\/2022\/08\/IMG_2297-1800x1201.jpg 1800w, https:\/\/pragueartweek.cz\/wp-content\/uploads\/2022\/08\/IMG_2297-450x300.jpg 450w, https:\/\/pragueartweek.cz\/wp-content\/uploads\/2022\/08\/IMG_2297-768x512.jpg 768w, https:\/\/pragueartweek.cz\/wp-content\/uploads\/2022\/08\/IMG_2297-1536x1025.jpg 1536w, https:\/\/pragueartweek.cz\/wp-content\/uploads\/2022\/08\/IMG_2297-2048x1367.jpg 2048w","media_details":{"width":2560,"height":1708,"sizes":{"medium":{"file":"IMG_2297-900x601.jpg","width":900,"height":601,"mime-type":"image\/jpeg","filesize":73892,"source_url":"https:\/\/pragueartweek.cz\/wp-content\/uploads\/2022\/08\/IMG_2297-900x601.jpg"},"large":{"file":"IMG_2297-1800x1201.jpg","width":1800,"height":1201,"mime-type":"image\/jpeg","filesize":190512,"source_url":"https:\/\/pragueartweek.cz\/wp-content\/uploads\/2022\/08\/IMG_2297-1800x1201.jpg"},"thumbnail":{"file":"IMG_2297-450x300.jpg","width":450,"height":300,"mime-type":"image\/jpeg","filesize":33005,"source_url":"https:\/\/pragueartweek.cz\/wp-content\/uploads\/2022\/08\/IMG_2297-450x300.jpg"},"medium_large":{"file":"IMG_2297-768x512.jpg","width":768,"height":512,"mime-type":"image\/jpeg","filesize":60651,"source_url":"https:\/\/pragueartweek.cz\/wp-content\/uploads\/2022\/08\/IMG_2297-768x512.jpg"},"1536x1536":{"file":"IMG_2297-1536x1025.jpg","width":1536,"height":1025,"mime-type":"image\/jpeg","filesize":152342,"source_url":"https:\/\/pragueartweek.cz\/wp-content\/uploads\/2022\/08\/IMG_2297-1536x1025.jpg"},"2048x2048":{"file":"IMG_2297-2048x1367.jpg","width":2048,"height":1367,"mime-type":"image\/jpeg","filesize":228786,"source_url":"https:\/\/pragueartweek.cz\/wp-content\/uploads\/2022\/08\/IMG_2297-2048x1367.jpg"},"cmplz_banner_image":{"file":"IMG_2297-350x100.jpg","width":350,"height":100,"mime-type":"image\/jpeg","filesize":19393,"source_url":"https:\/\/pragueartweek.cz\/wp-content\/uploads\/2022\/08\/IMG_2297-350x100.jpg"}}},"alt_text":"","url":"","target":""}]]}},"yoast_head":"<!-- This site is optimized with the Yoast SEO plugin v27.4 - https:\/\/yoast.com\/product\/yoast-seo-wordpress\/ -->\n<title>Barbora Val\u00e1\u0161kov\u00e1 - BLAU | Prague Art Week 26<\/title>\n<meta name=\"description\" content=\"Val\u00e1\u0161kov\u00e1&#039;s (1990) exhibition BLAU exhibition is based on her passion, which she finds in the depths of the Paris blue tone.\" \/>\n<meta name=\"robots\" content=\"index, follow, max-snippet:-1, max-image-preview:large, max-video-preview:-1\" \/>\n<link rel=\"canonical\" href=\"https:\/\/pragueartweek.cz\/en\/events\/barbora-valaskova-blau\/\" \/>\n<meta property=\"og:locale\" content=\"en_US\" \/>\n<meta property=\"og:type\" content=\"article\" \/>\n<meta property=\"og:title\" content=\"Barbora Val\u00e1\u0161kov\u00e1 - BLAU | Prague Art Week 26\" \/>\n<meta property=\"og:description\" content=\"Val\u00e1\u0161kov\u00e1&#039;s (1990) exhibition BLAU exhibition is based on her passion, which she finds in the depths of the Paris blue tone.\" \/>\n<meta property=\"og:url\" content=\"https:\/\/pragueartweek.cz\/en\/events\/barbora-valaskova-blau\/\" \/>\n<meta property=\"og:site_name\" content=\"Prague Art Week 26\" \/>\n<meta property=\"article:publisher\" content=\"https:\/\/www.facebook.com\/pragueartweek22\/\" \/>\n<meta property=\"article:modified_time\" content=\"2022-09-16T11:19:30+00:00\" \/>\n<meta property=\"og:image\" content=\"https:\/\/pragueartweek.cz\/wp-content\/uploads\/2022\/08\/Snimek-obrazovky-2022-08-15-v-13.11.07.png\" \/>\n\t<meta property=\"og:image:width\" content=\"450\" \/>\n\t<meta property=\"og:image:height\" content=\"330\" \/>\n\t<meta property=\"og:image:type\" content=\"image\/png\" \/>\n<meta name=\"twitter:card\" content=\"summary_large_image\" \/>\n<meta name=\"twitter:label1\" content=\"Est. reading time\" \/>\n\t<meta name=\"twitter:data1\" content=\"1 minute\" \/>\n<script type=\"application\/ld+json\" class=\"yoast-schema-graph\">{\"@context\":\"https:\\\/\\\/schema.org\",\"@graph\":[{\"@type\":\"WebPage\",\"@id\":\"https:\\\/\\\/pragueartweek.cz\\\/en\\\/events\\\/barbora-valaskova-blau\\\/\",\"url\":\"https:\\\/\\\/pragueartweek.cz\\\/en\\\/events\\\/barbora-valaskova-blau\\\/\",\"name\":\"Barbora Val\u00e1\u0161kov\u00e1 - BLAU | Prague Art Week 26\",\"isPartOf\":{\"@id\":\"https:\\\/\\\/pragueartweek.cz\\\/en\\\/#website\"},\"primaryImageOfPage\":{\"@id\":\"https:\\\/\\\/pragueartweek.cz\\\/en\\\/events\\\/barbora-valaskova-blau\\\/#primaryimage\"},\"image\":{\"@id\":\"https:\\\/\\\/pragueartweek.cz\\\/en\\\/events\\\/barbora-valaskova-blau\\\/#primaryimage\"},\"thumbnailUrl\":\"https:\\\/\\\/pragueartweek.cz\\\/wp-content\\\/uploads\\\/2022\\\/08\\\/Snimek-obrazovky-2022-08-15-v-13.11.07.png\",\"datePublished\":\"2022-03-04T12:17:58+00:00\",\"dateModified\":\"2022-09-16T11:19:30+00:00\",\"description\":\"Val\u00e1\u0161kov\u00e1's (1990) exhibition BLAU exhibition is based on her passion, which she finds in the depths of the Paris blue tone.\",\"breadcrumb\":{\"@id\":\"https:\\\/\\\/pragueartweek.cz\\\/en\\\/events\\\/barbora-valaskova-blau\\\/#breadcrumb\"},\"inLanguage\":\"en-US\",\"potentialAction\":[{\"@type\":\"ReadAction\",\"target\":[\"https:\\\/\\\/pragueartweek.cz\\\/en\\\/events\\\/barbora-valaskova-blau\\\/\"]}]},{\"@type\":\"ImageObject\",\"inLanguage\":\"en-US\",\"@id\":\"https:\\\/\\\/pragueartweek.cz\\\/en\\\/events\\\/barbora-valaskova-blau\\\/#primaryimage\",\"url\":\"https:\\\/\\\/pragueartweek.cz\\\/wp-content\\\/uploads\\\/2022\\\/08\\\/Snimek-obrazovky-2022-08-15-v-13.11.07.png\",\"contentUrl\":\"https:\\\/\\\/pragueartweek.cz\\\/wp-content\\\/uploads\\\/2022\\\/08\\\/Snimek-obrazovky-2022-08-15-v-13.11.07.png\",\"width\":450,\"height\":330},{\"@type\":\"BreadcrumbList\",\"@id\":\"https:\\\/\\\/pragueartweek.cz\\\/en\\\/events\\\/barbora-valaskova-blau\\\/#breadcrumb\",\"itemListElement\":[{\"@type\":\"ListItem\",\"position\":1,\"name\":\"Home\",\"item\":\"https:\\\/\\\/pragueartweek.cz\\\/en\\\/\"},{\"@type\":\"ListItem\",\"position\":2,\"name\":\"Events\",\"item\":\"https:\\\/\\\/pragueartweek.cz\\\/en\\\/events\\\/\"},{\"@type\":\"ListItem\",\"position\":3,\"name\":\"Barbora Val\u00e1\u0161kov\u00e1 &#8211; BLAU\"}]},{\"@type\":\"WebSite\",\"@id\":\"https:\\\/\\\/pragueartweek.cz\\\/en\\\/#website\",\"url\":\"https:\\\/\\\/pragueartweek.cz\\\/en\\\/\",\"name\":\"Prague Art Week 26\",\"description\":\"Prague Art Week je otev\u0159enou platformou pro kooperaci nejv\u00fdznamn\u011bj\u0161\u00edch instituc\u00ed na poli pra\u017esk\u00e9 um\u011bleck\u00e9 sc\u00e9ny.\",\"publisher\":{\"@id\":\"https:\\\/\\\/pragueartweek.cz\\\/en\\\/#organization\"},\"potentialAction\":[{\"@type\":\"SearchAction\",\"target\":{\"@type\":\"EntryPoint\",\"urlTemplate\":\"https:\\\/\\\/pragueartweek.cz\\\/en\\\/?s={search_term_string}\"},\"query-input\":{\"@type\":\"PropertyValueSpecification\",\"valueRequired\":true,\"valueName\":\"search_term_string\"}}],\"inLanguage\":\"en-US\"},{\"@type\":\"Organization\",\"@id\":\"https:\\\/\\\/pragueartweek.cz\\\/en\\\/#organization\",\"name\":\"Prague Art Week\",\"url\":\"https:\\\/\\\/pragueartweek.cz\\\/en\\\/\",\"logo\":{\"@type\":\"ImageObject\",\"inLanguage\":\"en-US\",\"@id\":\"https:\\\/\\\/pragueartweek.cz\\\/en\\\/#\\\/schema\\\/logo\\\/image\\\/\",\"url\":\"https:\\\/\\\/pragueartweek.cz\\\/wp-content\\\/uploads\\\/2022\\\/04\\\/LOGO_PAW_bez-roku-02.png\",\"contentUrl\":\"https:\\\/\\\/pragueartweek.cz\\\/wp-content\\\/uploads\\\/2022\\\/04\\\/LOGO_PAW_bez-roku-02.png\",\"width\":2481,\"height\":1749,\"caption\":\"Prague Art Week\"},\"image\":{\"@id\":\"https:\\\/\\\/pragueartweek.cz\\\/en\\\/#\\\/schema\\\/logo\\\/image\\\/\"},\"sameAs\":[\"https:\\\/\\\/www.facebook.com\\\/pragueartweek22\\\/\",\"https:\\\/\\\/www.instagram.com\\\/prague_art_week\\\/\"]}]}<\/script>\n<!-- \/ Yoast SEO plugin. -->","yoast_head_json":{"title":"Barbora Val\u00e1\u0161kov\u00e1 - BLAU | Prague Art Week 26","description":"Val\u00e1\u0161kov\u00e1's (1990) exhibition BLAU exhibition is based on her passion, which she finds in the depths of the Paris blue tone.","robots":{"index":"index","follow":"follow","max-snippet":"max-snippet:-1","max-image-preview":"max-image-preview:large","max-video-preview":"max-video-preview:-1"},"canonical":"https:\/\/pragueartweek.cz\/en\/events\/barbora-valaskova-blau\/","og_locale":"en_US","og_type":"article","og_title":"Barbora Val\u00e1\u0161kov\u00e1 - BLAU | Prague Art Week 26","og_description":"Val\u00e1\u0161kov\u00e1's (1990) exhibition BLAU exhibition is based on her passion, which she finds in the depths of the Paris blue tone.","og_url":"https:\/\/pragueartweek.cz\/en\/events\/barbora-valaskova-blau\/","og_site_name":"Prague Art Week 26","article_publisher":"https:\/\/www.facebook.com\/pragueartweek22\/","article_modified_time":"2022-09-16T11:19:30+00:00","og_image":[{"width":450,"height":330,"url":"https:\/\/pragueartweek.cz\/wp-content\/uploads\/2022\/08\/Snimek-obrazovky-2022-08-15-v-13.11.07.png","type":"image\/png"}],"twitter_card":"summary_large_image","twitter_misc":{"Est. reading time":"1 minute"},"schema":{"@context":"https:\/\/schema.org","@graph":[{"@type":"WebPage","@id":"https:\/\/pragueartweek.cz\/en\/events\/barbora-valaskova-blau\/","url":"https:\/\/pragueartweek.cz\/en\/events\/barbora-valaskova-blau\/","name":"Barbora Val\u00e1\u0161kov\u00e1 - BLAU | Prague Art Week 26","isPartOf":{"@id":"https:\/\/pragueartweek.cz\/en\/#website"},"primaryImageOfPage":{"@id":"https:\/\/pragueartweek.cz\/en\/events\/barbora-valaskova-blau\/#primaryimage"},"image":{"@id":"https:\/\/pragueartweek.cz\/en\/events\/barbora-valaskova-blau\/#primaryimage"},"thumbnailUrl":"https:\/\/pragueartweek.cz\/wp-content\/uploads\/2022\/08\/Snimek-obrazovky-2022-08-15-v-13.11.07.png","datePublished":"2022-03-04T12:17:58+00:00","dateModified":"2022-09-16T11:19:30+00:00","description":"Val\u00e1\u0161kov\u00e1's (1990) exhibition BLAU exhibition is based on her passion, which she finds in the depths of the Paris blue tone.","breadcrumb":{"@id":"https:\/\/pragueartweek.cz\/en\/events\/barbora-valaskova-blau\/#breadcrumb"},"inLanguage":"en-US","potentialAction":[{"@type":"ReadAction","target":["https:\/\/pragueartweek.cz\/en\/events\/barbora-valaskova-blau\/"]}]},{"@type":"ImageObject","inLanguage":"en-US","@id":"https:\/\/pragueartweek.cz\/en\/events\/barbora-valaskova-blau\/#primaryimage","url":"https:\/\/pragueartweek.cz\/wp-content\/uploads\/2022\/08\/Snimek-obrazovky-2022-08-15-v-13.11.07.png","contentUrl":"https:\/\/pragueartweek.cz\/wp-content\/uploads\/2022\/08\/Snimek-obrazovky-2022-08-15-v-13.11.07.png","width":450,"height":330},{"@type":"BreadcrumbList","@id":"https:\/\/pragueartweek.cz\/en\/events\/barbora-valaskova-blau\/#breadcrumb","itemListElement":[{"@type":"ListItem","position":1,"name":"Home","item":"https:\/\/pragueartweek.cz\/en\/"},{"@type":"ListItem","position":2,"name":"Events","item":"https:\/\/pragueartweek.cz\/en\/events\/"},{"@type":"ListItem","position":3,"name":"Barbora Val\u00e1\u0161kov\u00e1 &#8211; BLAU"}]},{"@type":"WebSite","@id":"https:\/\/pragueartweek.cz\/en\/#website","url":"https:\/\/pragueartweek.cz\/en\/","name":"Prague Art Week 26","description":"Prague Art Week je otev\u0159enou platformou pro kooperaci nejv\u00fdznamn\u011bj\u0161\u00edch instituc\u00ed na poli pra\u017esk\u00e9 um\u011bleck\u00e9 sc\u00e9ny.","publisher":{"@id":"https:\/\/pragueartweek.cz\/en\/#organization"},"potentialAction":[{"@type":"SearchAction","target":{"@type":"EntryPoint","urlTemplate":"https:\/\/pragueartweek.cz\/en\/?s={search_term_string}"},"query-input":{"@type":"PropertyValueSpecification","valueRequired":true,"valueName":"search_term_string"}}],"inLanguage":"en-US"},{"@type":"Organization","@id":"https:\/\/pragueartweek.cz\/en\/#organization","name":"Prague Art Week","url":"https:\/\/pragueartweek.cz\/en\/","logo":{"@type":"ImageObject","inLanguage":"en-US","@id":"https:\/\/pragueartweek.cz\/en\/#\/schema\/logo\/image\/","url":"https:\/\/pragueartweek.cz\/wp-content\/uploads\/2022\/04\/LOGO_PAW_bez-roku-02.png","contentUrl":"https:\/\/pragueartweek.cz\/wp-content\/uploads\/2022\/04\/LOGO_PAW_bez-roku-02.png","width":2481,"height":1749,"caption":"Prague Art Week"},"image":{"@id":"https:\/\/pragueartweek.cz\/en\/#\/schema\/logo\/image\/"},"sameAs":["https:\/\/www.facebook.com\/pragueartweek22\/","https:\/\/www.instagram.com\/prague_art_week\/"]}]}},"_links":{"self":[{"href":"https:\/\/pragueartweek.cz\/en\/wp-json\/wp\/v2\/udalosti\/2009","targetHints":{"allow":["GET"]}}],"collection":[{"href":"https:\/\/pragueartweek.cz\/en\/wp-json\/wp\/v2\/udalosti"}],"about":[{"href":"https:\/\/pragueartweek.cz\/en\/wp-json\/wp\/v2\/types\/udalosti"}],"version-history":[{"count":1,"href":"https:\/\/pragueartweek.cz\/en\/wp-json\/wp\/v2\/udalosti\/2009\/revisions"}],"predecessor-version":[{"id":2010,"href":"https:\/\/pragueartweek.cz\/en\/wp-json\/wp\/v2\/udalosti\/2009\/revisions\/2010"}],"wp:featuredmedia":[{"embeddable":true,"href":"https:\/\/pragueartweek.cz\/en\/wp-json\/wp\/v2\/media\/2005"}],"wp:attachment":[{"href":"https:\/\/pragueartweek.cz\/en\/wp-json\/wp\/v2\/media?parent=2009"}],"wp:term":[{"taxonomy":"kategorie","embeddable":true,"href":"https:\/\/pragueartweek.cz\/en\/wp-json\/wp\/v2\/kategorie?post=2009"},{"taxonomy":"lokalita","embeddable":true,"href":"https:\/\/pragueartweek.cz\/en\/wp-json\/wp\/v2\/lokalita?post=2009"},{"taxonomy":"termin","embeddable":true,"href":"https:\/\/pragueartweek.cz\/en\/wp-json\/wp\/v2\/termin?post=2009"}],"curies":[{"name":"wp","href":"https:\/\/api.w.org\/{rel}","templated":true}]}}