{"id":2080,"date":"2022-03-15T16:30:57","date_gmt":"2022-03-15T15:30:57","guid":{"rendered":"https:\/\/pragueartweek.cz\/?post_type=udalosti&#038;p=2080"},"modified":"2022-10-06T19:35:30","modified_gmt":"2022-10-06T17:35:30","slug":"roman-stetina-lost-case","status":"publish","type":"udalosti","link":"https:\/\/pragueartweek.cz\/en\/events\/roman-stetina-lost-case\/","title":{"rendered":"Roman \u0160t\u011btina: LOST CASE"},"content":{"rendered":"<p>realisation: Roman \u0160t\u011btina<\/p>\n<p>cast: Peter Falk<\/p>\n<p dir=\"ltr\">2014, 58 minut, English friendly<\/p>\n","protected":false},"excerpt":{"rendered":"<p>realisation: Roman \u0160t\u011btina cast: Peter Falk 2014, 58 minut, English friendly<\/p>\n","protected":false},"featured_media":2087,"parent":0,"menu_order":0,"template":"","format":"standard","meta":{"_acf_changed":false,"footnotes":""},"kategorie":[187],"lokalita":[],"termin":[],"class_list":["post-2080","udalosti","type-udalosti","status-publish","format-standard","has-post-thumbnail","hentry","kategorie-past-event","wpautop"],"acf":{"photo_gallery":{"udalost_galerie":[[{"id":2083,"title":"00_02_01","caption":"","full_image_url":"https:\/\/pragueartweek.cz\/wp-content\/uploads\/2022\/08\/00_02_01.jpg","thumbnail_image_url":"https:\/\/pragueartweek.cz\/wp-content\/uploads\/2022\/08\/00_02_01-440x330.jpg","large_srcset":"https:\/\/pragueartweek.cz\/wp-content\/uploads\/2022\/08\/00_02_01.jpg 720w, https:\/\/pragueartweek.cz\/wp-content\/uploads\/2022\/08\/00_02_01-440x330.jpg 440w","medium_srcset":"https:\/\/pragueartweek.cz\/wp-content\/uploads\/2022\/08\/00_02_01.jpg 720w, https:\/\/pragueartweek.cz\/wp-content\/uploads\/2022\/08\/00_02_01-440x330.jpg 440w","media_details":{"width":720,"height":540,"sizes":{"thumbnail":{"file":"00_02_01-440x330.jpg","width":440,"height":330,"mime-type":"image\/jpeg","filesize":22699,"source_url":"https:\/\/pragueartweek.cz\/wp-content\/uploads\/2022\/08\/00_02_01-440x330.jpg"},"cmplz_banner_image":{"file":"00_02_01-350x100.jpg","width":350,"height":100,"mime-type":"image\/jpeg","filesize":8229,"source_url":"https:\/\/pragueartweek.cz\/wp-content\/uploads\/2022\/08\/00_02_01-350x100.jpg"}}},"alt_text":"","url":"","target":""},{"id":2081,"title":"01_04_06","caption":"","full_image_url":"https:\/\/pragueartweek.cz\/wp-content\/uploads\/2022\/08\/01_04_06.jpg","thumbnail_image_url":"https:\/\/pragueartweek.cz\/wp-content\/uploads\/2022\/08\/01_04_06-440x330.jpg","large_srcset":"https:\/\/pragueartweek.cz\/wp-content\/uploads\/2022\/08\/01_04_06.jpg 720w, https:\/\/pragueartweek.cz\/wp-content\/uploads\/2022\/08\/01_04_06-440x330.jpg 440w","medium_srcset":"https:\/\/pragueartweek.cz\/wp-content\/uploads\/2022\/08\/01_04_06.jpg 720w, https:\/\/pragueartweek.cz\/wp-content\/uploads\/2022\/08\/01_04_06-440x330.jpg 440w","media_details":{"width":720,"height":540,"sizes":{"thumbnail":{"file":"01_04_06-440x330.jpg","width":440,"height":330,"mime-type":"image\/jpeg","filesize":20953,"source_url":"https:\/\/pragueartweek.cz\/wp-content\/uploads\/2022\/08\/01_04_06-440x330.jpg"},"cmplz_banner_image":{"file":"01_04_06-350x100.jpg","width":350,"height":100,"mime-type":"image\/jpeg","filesize":7449,"source_url":"https:\/\/pragueartweek.cz\/wp-content\/uploads\/2022\/08\/01_04_06-350x100.jpg"}}},"alt_text":"","url":"","target":""}]]}},"yoast_head":"<!-- This site is optimized with the Yoast SEO plugin v27.4 - https:\/\/yoast.com\/product\/yoast-seo-wordpress\/ -->\n<title>Roman \u0160t\u011btina: LOST CASE | Prague Art Week 26<\/title>\n<meta name=\"description\" content=\"The return to Ponrepo of the Lost Cause and the legendary Lieutenant Columbo, the source of ontological certainty for millions of television viewers.\" \/>\n<meta name=\"robots\" content=\"index, follow, max-snippet:-1, max-image-preview:large, max-video-preview:-1\" \/>\n<link rel=\"canonical\" href=\"https:\/\/pragueartweek.cz\/en\/events\/roman-stetina-lost-case\/\" \/>\n<meta property=\"og:locale\" content=\"en_US\" \/>\n<meta property=\"og:type\" content=\"article\" \/>\n<meta property=\"og:title\" content=\"Roman \u0160t\u011btina: LOST CASE | Prague Art Week 26\" \/>\n<meta property=\"og:description\" content=\"The return to Ponrepo of the Lost Cause and the legendary Lieutenant Columbo, the source of ontological certainty for millions of television viewers.\" \/>\n<meta property=\"og:url\" content=\"https:\/\/pragueartweek.cz\/en\/events\/roman-stetina-lost-case\/\" \/>\n<meta property=\"og:site_name\" content=\"Prague Art Week 26\" \/>\n<meta property=\"article:publisher\" content=\"https:\/\/www.facebook.com\/pragueartweek22\/\" \/>\n<meta property=\"article:modified_time\" content=\"2022-10-06T17:35:30+00:00\" \/>\n<meta property=\"og:image\" content=\"https:\/\/pragueartweek.cz\/wp-content\/uploads\/2022\/08\/06_01_01-1.jpg\" \/>\n\t<meta property=\"og:image:width\" content=\"450\" \/>\n\t<meta property=\"og:image:height\" content=\"330\" \/>\n\t<meta property=\"og:image:type\" content=\"image\/jpeg\" \/>\n<meta name=\"twitter:card\" content=\"summary_large_image\" \/>\n<meta name=\"twitter:label1\" content=\"Est. reading time\" \/>\n\t<meta name=\"twitter:data1\" content=\"1 minute\" \/>\n<script type=\"application\/ld+json\" class=\"yoast-schema-graph\">{\"@context\":\"https:\\\/\\\/schema.org\",\"@graph\":[{\"@type\":\"WebPage\",\"@id\":\"https:\\\/\\\/pragueartweek.cz\\\/en\\\/events\\\/roman-stetina-lost-case\\\/\",\"url\":\"https:\\\/\\\/pragueartweek.cz\\\/en\\\/events\\\/roman-stetina-lost-case\\\/\",\"name\":\"Roman \u0160t\u011btina: LOST CASE | Prague Art Week 26\",\"isPartOf\":{\"@id\":\"https:\\\/\\\/pragueartweek.cz\\\/en\\\/#website\"},\"primaryImageOfPage\":{\"@id\":\"https:\\\/\\\/pragueartweek.cz\\\/en\\\/events\\\/roman-stetina-lost-case\\\/#primaryimage\"},\"image\":{\"@id\":\"https:\\\/\\\/pragueartweek.cz\\\/en\\\/events\\\/roman-stetina-lost-case\\\/#primaryimage\"},\"thumbnailUrl\":\"https:\\\/\\\/pragueartweek.cz\\\/wp-content\\\/uploads\\\/2022\\\/08\\\/06_01_01-1.jpg\",\"datePublished\":\"2022-03-15T15:30:57+00:00\",\"dateModified\":\"2022-10-06T17:35:30+00:00\",\"description\":\"The return to Ponrepo of the Lost Cause and the legendary Lieutenant Columbo, the source of ontological certainty for millions of television viewers.\",\"breadcrumb\":{\"@id\":\"https:\\\/\\\/pragueartweek.cz\\\/en\\\/events\\\/roman-stetina-lost-case\\\/#breadcrumb\"},\"inLanguage\":\"en-US\",\"potentialAction\":[{\"@type\":\"ReadAction\",\"target\":[\"https:\\\/\\\/pragueartweek.cz\\\/en\\\/events\\\/roman-stetina-lost-case\\\/\"]}]},{\"@type\":\"ImageObject\",\"inLanguage\":\"en-US\",\"@id\":\"https:\\\/\\\/pragueartweek.cz\\\/en\\\/events\\\/roman-stetina-lost-case\\\/#primaryimage\",\"url\":\"https:\\\/\\\/pragueartweek.cz\\\/wp-content\\\/uploads\\\/2022\\\/08\\\/06_01_01-1.jpg\",\"contentUrl\":\"https:\\\/\\\/pragueartweek.cz\\\/wp-content\\\/uploads\\\/2022\\\/08\\\/06_01_01-1.jpg\",\"width\":450,\"height\":330},{\"@type\":\"BreadcrumbList\",\"@id\":\"https:\\\/\\\/pragueartweek.cz\\\/en\\\/events\\\/roman-stetina-lost-case\\\/#breadcrumb\",\"itemListElement\":[{\"@type\":\"ListItem\",\"position\":1,\"name\":\"Home\",\"item\":\"https:\\\/\\\/pragueartweek.cz\\\/en\\\/\"},{\"@type\":\"ListItem\",\"position\":2,\"name\":\"Events\",\"item\":\"https:\\\/\\\/pragueartweek.cz\\\/en\\\/events\\\/\"},{\"@type\":\"ListItem\",\"position\":3,\"name\":\"Roman \u0160t\u011btina: LOST CASE\"}]},{\"@type\":\"WebSite\",\"@id\":\"https:\\\/\\\/pragueartweek.cz\\\/en\\\/#website\",\"url\":\"https:\\\/\\\/pragueartweek.cz\\\/en\\\/\",\"name\":\"Prague Art Week 26\",\"description\":\"Prague Art Week je otev\u0159enou platformou pro kooperaci nejv\u00fdznamn\u011bj\u0161\u00edch instituc\u00ed na poli pra\u017esk\u00e9 um\u011bleck\u00e9 sc\u00e9ny.\",\"publisher\":{\"@id\":\"https:\\\/\\\/pragueartweek.cz\\\/en\\\/#organization\"},\"potentialAction\":[{\"@type\":\"SearchAction\",\"target\":{\"@type\":\"EntryPoint\",\"urlTemplate\":\"https:\\\/\\\/pragueartweek.cz\\\/en\\\/?s={search_term_string}\"},\"query-input\":{\"@type\":\"PropertyValueSpecification\",\"valueRequired\":true,\"valueName\":\"search_term_string\"}}],\"inLanguage\":\"en-US\"},{\"@type\":\"Organization\",\"@id\":\"https:\\\/\\\/pragueartweek.cz\\\/en\\\/#organization\",\"name\":\"Prague Art Week\",\"url\":\"https:\\\/\\\/pragueartweek.cz\\\/en\\\/\",\"logo\":{\"@type\":\"ImageObject\",\"inLanguage\":\"en-US\",\"@id\":\"https:\\\/\\\/pragueartweek.cz\\\/en\\\/#\\\/schema\\\/logo\\\/image\\\/\",\"url\":\"https:\\\/\\\/pragueartweek.cz\\\/wp-content\\\/uploads\\\/2022\\\/04\\\/LOGO_PAW_bez-roku-02.png\",\"contentUrl\":\"https:\\\/\\\/pragueartweek.cz\\\/wp-content\\\/uploads\\\/2022\\\/04\\\/LOGO_PAW_bez-roku-02.png\",\"width\":2481,\"height\":1749,\"caption\":\"Prague Art Week\"},\"image\":{\"@id\":\"https:\\\/\\\/pragueartweek.cz\\\/en\\\/#\\\/schema\\\/logo\\\/image\\\/\"},\"sameAs\":[\"https:\\\/\\\/www.facebook.com\\\/pragueartweek22\\\/\",\"https:\\\/\\\/www.instagram.com\\\/prague_art_week\\\/\"]}]}<\/script>\n<!-- \/ Yoast SEO plugin. -->","yoast_head_json":{"title":"Roman \u0160t\u011btina: LOST CASE | Prague Art Week 26","description":"The return to Ponrepo of the Lost Cause and the legendary Lieutenant Columbo, the source of ontological certainty for millions of television viewers.","robots":{"index":"index","follow":"follow","max-snippet":"max-snippet:-1","max-image-preview":"max-image-preview:large","max-video-preview":"max-video-preview:-1"},"canonical":"https:\/\/pragueartweek.cz\/en\/events\/roman-stetina-lost-case\/","og_locale":"en_US","og_type":"article","og_title":"Roman \u0160t\u011btina: LOST CASE | Prague Art Week 26","og_description":"The return to Ponrepo of the Lost Cause and the legendary Lieutenant Columbo, the source of ontological certainty for millions of television viewers.","og_url":"https:\/\/pragueartweek.cz\/en\/events\/roman-stetina-lost-case\/","og_site_name":"Prague Art Week 26","article_publisher":"https:\/\/www.facebook.com\/pragueartweek22\/","article_modified_time":"2022-10-06T17:35:30+00:00","og_image":[{"width":450,"height":330,"url":"https:\/\/pragueartweek.cz\/wp-content\/uploads\/2022\/08\/06_01_01-1.jpg","type":"image\/jpeg"}],"twitter_card":"summary_large_image","twitter_misc":{"Est. reading time":"1 minute"},"schema":{"@context":"https:\/\/schema.org","@graph":[{"@type":"WebPage","@id":"https:\/\/pragueartweek.cz\/en\/events\/roman-stetina-lost-case\/","url":"https:\/\/pragueartweek.cz\/en\/events\/roman-stetina-lost-case\/","name":"Roman \u0160t\u011btina: LOST CASE | Prague Art Week 26","isPartOf":{"@id":"https:\/\/pragueartweek.cz\/en\/#website"},"primaryImageOfPage":{"@id":"https:\/\/pragueartweek.cz\/en\/events\/roman-stetina-lost-case\/#primaryimage"},"image":{"@id":"https:\/\/pragueartweek.cz\/en\/events\/roman-stetina-lost-case\/#primaryimage"},"thumbnailUrl":"https:\/\/pragueartweek.cz\/wp-content\/uploads\/2022\/08\/06_01_01-1.jpg","datePublished":"2022-03-15T15:30:57+00:00","dateModified":"2022-10-06T17:35:30+00:00","description":"The return to Ponrepo of the Lost Cause and the legendary Lieutenant Columbo, the source of ontological certainty for millions of television viewers.","breadcrumb":{"@id":"https:\/\/pragueartweek.cz\/en\/events\/roman-stetina-lost-case\/#breadcrumb"},"inLanguage":"en-US","potentialAction":[{"@type":"ReadAction","target":["https:\/\/pragueartweek.cz\/en\/events\/roman-stetina-lost-case\/"]}]},{"@type":"ImageObject","inLanguage":"en-US","@id":"https:\/\/pragueartweek.cz\/en\/events\/roman-stetina-lost-case\/#primaryimage","url":"https:\/\/pragueartweek.cz\/wp-content\/uploads\/2022\/08\/06_01_01-1.jpg","contentUrl":"https:\/\/pragueartweek.cz\/wp-content\/uploads\/2022\/08\/06_01_01-1.jpg","width":450,"height":330},{"@type":"BreadcrumbList","@id":"https:\/\/pragueartweek.cz\/en\/events\/roman-stetina-lost-case\/#breadcrumb","itemListElement":[{"@type":"ListItem","position":1,"name":"Home","item":"https:\/\/pragueartweek.cz\/en\/"},{"@type":"ListItem","position":2,"name":"Events","item":"https:\/\/pragueartweek.cz\/en\/events\/"},{"@type":"ListItem","position":3,"name":"Roman \u0160t\u011btina: LOST CASE"}]},{"@type":"WebSite","@id":"https:\/\/pragueartweek.cz\/en\/#website","url":"https:\/\/pragueartweek.cz\/en\/","name":"Prague Art Week 26","description":"Prague Art Week je otev\u0159enou platformou pro kooperaci nejv\u00fdznamn\u011bj\u0161\u00edch instituc\u00ed na poli pra\u017esk\u00e9 um\u011bleck\u00e9 sc\u00e9ny.","publisher":{"@id":"https:\/\/pragueartweek.cz\/en\/#organization"},"potentialAction":[{"@type":"SearchAction","target":{"@type":"EntryPoint","urlTemplate":"https:\/\/pragueartweek.cz\/en\/?s={search_term_string}"},"query-input":{"@type":"PropertyValueSpecification","valueRequired":true,"valueName":"search_term_string"}}],"inLanguage":"en-US"},{"@type":"Organization","@id":"https:\/\/pragueartweek.cz\/en\/#organization","name":"Prague Art Week","url":"https:\/\/pragueartweek.cz\/en\/","logo":{"@type":"ImageObject","inLanguage":"en-US","@id":"https:\/\/pragueartweek.cz\/en\/#\/schema\/logo\/image\/","url":"https:\/\/pragueartweek.cz\/wp-content\/uploads\/2022\/04\/LOGO_PAW_bez-roku-02.png","contentUrl":"https:\/\/pragueartweek.cz\/wp-content\/uploads\/2022\/04\/LOGO_PAW_bez-roku-02.png","width":2481,"height":1749,"caption":"Prague Art Week"},"image":{"@id":"https:\/\/pragueartweek.cz\/en\/#\/schema\/logo\/image\/"},"sameAs":["https:\/\/www.facebook.com\/pragueartweek22\/","https:\/\/www.instagram.com\/prague_art_week\/"]}]}},"_links":{"self":[{"href":"https:\/\/pragueartweek.cz\/en\/wp-json\/wp\/v2\/udalosti\/2080","targetHints":{"allow":["GET"]}}],"collection":[{"href":"https:\/\/pragueartweek.cz\/en\/wp-json\/wp\/v2\/udalosti"}],"about":[{"href":"https:\/\/pragueartweek.cz\/en\/wp-json\/wp\/v2\/types\/udalosti"}],"version-history":[{"count":1,"href":"https:\/\/pragueartweek.cz\/en\/wp-json\/wp\/v2\/udalosti\/2080\/revisions"}],"predecessor-version":[{"id":2089,"href":"https:\/\/pragueartweek.cz\/en\/wp-json\/wp\/v2\/udalosti\/2080\/revisions\/2089"}],"wp:featuredmedia":[{"embeddable":true,"href":"https:\/\/pragueartweek.cz\/en\/wp-json\/wp\/v2\/media\/2087"}],"wp:attachment":[{"href":"https:\/\/pragueartweek.cz\/en\/wp-json\/wp\/v2\/media?parent=2080"}],"wp:term":[{"taxonomy":"kategorie","embeddable":true,"href":"https:\/\/pragueartweek.cz\/en\/wp-json\/wp\/v2\/kategorie?post=2080"},{"taxonomy":"lokalita","embeddable":true,"href":"https:\/\/pragueartweek.cz\/en\/wp-json\/wp\/v2\/lokalita?post=2080"},{"taxonomy":"termin","embeddable":true,"href":"https:\/\/pragueartweek.cz\/en\/wp-json\/wp\/v2\/termin?post=2080"}],"curies":[{"name":"wp","href":"https:\/\/api.w.org\/{rel}","templated":true}]}}