{"id":2156,"date":"2022-03-17T11:16:27","date_gmt":"2022-03-17T10:16:27","guid":{"rendered":"https:\/\/pragueartweek.cz\/?post_type=udalosti&#038;p=2156"},"modified":"2022-09-30T11:57:58","modified_gmt":"2022-09-30T09:57:58","slug":"alzbeta-krnanska-too-hot-to-think","status":"publish","type":"udalosti","link":"https:\/\/pragueartweek.cz\/en\/events\/alzbeta-krnanska-too-hot-to-think\/","title":{"rendered":"Al\u017eb\u011bta Kr\u0148ansk\u00e1: Too Hot to Think"},"content":{"rendered":"<p><strong><img loading=\"lazy\" decoding=\"async\" width=\"30\" height=\"30\" class=\"alignnone size-full wp-image-1854\" src=\"https:\/\/pragueartweek.cz\/wp-content\/uploads\/2022\/08\/sipka.png\" alt=\"\">&nbsp;<\/strong>vernis\u00e1\u017e 13. 9. 2022 od 19:00<\/p>\n<p><a href=\"https:\/\/citysurferoffice.tumblr.com\" target=\"_blank\" rel=\"noopener\">City Surfer Office<\/a><\/p>\n","protected":false},"excerpt":{"rendered":"<p>&nbsp;vernis\u00e1\u017e 13. 9. 2022 od 19:00 City Surfer Office<\/p>\n","protected":false},"featured_media":2147,"parent":0,"menu_order":0,"template":"","format":"standard","meta":{"_acf_changed":false,"footnotes":""},"kategorie":[36,112,187,261],"lokalita":[],"termin":[],"class_list":["post-2156","udalosti","type-udalosti","status-publish","format-standard","has-post-thumbnail","hentry","kategorie-exhibition","kategorie-opening","kategorie-past-event","kategorie-route-p3-p8","wpautop"],"acf":{"photo_gallery":{"udalost_galerie":[[{"id":2141,"title":"image00006","caption":"","full_image_url":"https:\/\/pragueartweek.cz\/wp-content\/uploads\/2022\/08\/image00006-scaled.jpeg","thumbnail_image_url":"https:\/\/pragueartweek.cz\/wp-content\/uploads\/2022\/08\/image00006-220x330.jpeg","large_srcset":"https:\/\/pragueartweek.cz\/wp-content\/uploads\/2022\/08\/image00006-881x1320.jpeg 881w, https:\/\/pragueartweek.cz\/wp-content\/uploads\/2022\/08\/image00006-440x660.jpeg 440w, https:\/\/pragueartweek.cz\/wp-content\/uploads\/2022\/08\/image00006-220x330.jpeg 220w, https:\/\/pragueartweek.cz\/wp-content\/uploads\/2022\/08\/image00006-768x1151.jpeg 768w, https:\/\/pragueartweek.cz\/wp-content\/uploads\/2022\/08\/image00006-1025x1536.jpeg 1025w, https:\/\/pragueartweek.cz\/wp-content\/uploads\/2022\/08\/image00006-1366x2048.jpeg 1366w, https:\/\/pragueartweek.cz\/wp-content\/uploads\/2022\/08\/image00006-scaled.jpeg 1708w","medium_srcset":"https:\/\/pragueartweek.cz\/wp-content\/uploads\/2022\/08\/image00006-440x660.jpeg 440w, https:\/\/pragueartweek.cz\/wp-content\/uploads\/2022\/08\/image00006-881x1320.jpeg 881w, https:\/\/pragueartweek.cz\/wp-content\/uploads\/2022\/08\/image00006-220x330.jpeg 220w, https:\/\/pragueartweek.cz\/wp-content\/uploads\/2022\/08\/image00006-768x1151.jpeg 768w, https:\/\/pragueartweek.cz\/wp-content\/uploads\/2022\/08\/image00006-1025x1536.jpeg 1025w, https:\/\/pragueartweek.cz\/wp-content\/uploads\/2022\/08\/image00006-1366x2048.jpeg 1366w, https:\/\/pragueartweek.cz\/wp-content\/uploads\/2022\/08\/image00006-scaled.jpeg 1708w","media_details":{"width":1708,"height":2560,"sizes":{"medium":{"file":"image00006-440x660.jpeg","width":440,"height":660,"mime-type":"image\/jpeg","filesize":60981,"source_url":"https:\/\/pragueartweek.cz\/wp-content\/uploads\/2022\/08\/image00006-440x660.jpeg"},"large":{"file":"image00006-881x1320.jpeg","width":881,"height":1320,"mime-type":"image\/jpeg","filesize":195664,"source_url":"https:\/\/pragueartweek.cz\/wp-content\/uploads\/2022\/08\/image00006-881x1320.jpeg"},"thumbnail":{"file":"image00006-220x330.jpeg","width":220,"height":330,"mime-type":"image\/jpeg","filesize":21358,"source_url":"https:\/\/pragueartweek.cz\/wp-content\/uploads\/2022\/08\/image00006-220x330.jpeg"},"medium_large":{"file":"image00006-768x1151.jpeg","width":768,"height":1151,"mime-type":"image\/jpeg","filesize":154449,"source_url":"https:\/\/pragueartweek.cz\/wp-content\/uploads\/2022\/08\/image00006-768x1151.jpeg"},"1536x1536":{"file":"image00006-1025x1536.jpeg","width":1025,"height":1536,"mime-type":"image\/jpeg","filesize":262280,"source_url":"https:\/\/pragueartweek.cz\/wp-content\/uploads\/2022\/08\/image00006-1025x1536.jpeg"},"2048x2048":{"file":"image00006-1366x2048.jpeg","width":1366,"height":2048,"mime-type":"image\/jpeg","filesize":464227,"source_url":"https:\/\/pragueartweek.cz\/wp-content\/uploads\/2022\/08\/image00006-1366x2048.jpeg"},"cmplz_banner_image":{"file":"image00006-350x100.jpeg","width":350,"height":100,"mime-type":"image\/jpeg","filesize":10530,"source_url":"https:\/\/pragueartweek.cz\/wp-content\/uploads\/2022\/08\/image00006-350x100.jpeg"}}},"alt_text":"","url":"","target":""},{"id":2143,"title":"image00007","caption":"","full_image_url":"https:\/\/pragueartweek.cz\/wp-content\/uploads\/2022\/08\/image00007-scaled.jpeg","thumbnail_image_url":"https:\/\/pragueartweek.cz\/wp-content\/uploads\/2022\/08\/image00007-248x330.jpeg","large_srcset":"https:\/\/pragueartweek.cz\/wp-content\/uploads\/2022\/08\/image00007-990x1320.jpeg 990w, https:\/\/pragueartweek.cz\/wp-content\/uploads\/2022\/08\/image00007-495x660.jpeg 495w, https:\/\/pragueartweek.cz\/wp-content\/uploads\/2022\/08\/image00007-248x330.jpeg 248w, https:\/\/pragueartweek.cz\/wp-content\/uploads\/2022\/08\/image00007-768x1024.jpeg 768w, https:\/\/pragueartweek.cz\/wp-content\/uploads\/2022\/08\/image00007-1152x1536.jpeg 1152w, https:\/\/pragueartweek.cz\/wp-content\/uploads\/2022\/08\/image00007-1536x2048.jpeg 1536w, https:\/\/pragueartweek.cz\/wp-content\/uploads\/2022\/08\/image00007-scaled.jpeg 1920w","medium_srcset":"https:\/\/pragueartweek.cz\/wp-content\/uploads\/2022\/08\/image00007-495x660.jpeg 495w, https:\/\/pragueartweek.cz\/wp-content\/uploads\/2022\/08\/image00007-990x1320.jpeg 990w, https:\/\/pragueartweek.cz\/wp-content\/uploads\/2022\/08\/image00007-248x330.jpeg 248w, https:\/\/pragueartweek.cz\/wp-content\/uploads\/2022\/08\/image00007-768x1024.jpeg 768w, https:\/\/pragueartweek.cz\/wp-content\/uploads\/2022\/08\/image00007-1152x1536.jpeg 1152w, https:\/\/pragueartweek.cz\/wp-content\/uploads\/2022\/08\/image00007-1536x2048.jpeg 1536w, https:\/\/pragueartweek.cz\/wp-content\/uploads\/2022\/08\/image00007-scaled.jpeg 1920w","media_details":{"width":1920,"height":2560,"sizes":{"medium":{"file":"image00007-495x660.jpeg","width":495,"height":660,"mime-type":"image\/jpeg","filesize":61733,"source_url":"https:\/\/pragueartweek.cz\/wp-content\/uploads\/2022\/08\/image00007-495x660.jpeg"},"large":{"file":"image00007-990x1320.jpeg","width":990,"height":1320,"mime-type":"image\/jpeg","filesize":176642,"source_url":"https:\/\/pragueartweek.cz\/wp-content\/uploads\/2022\/08\/image00007-990x1320.jpeg"},"thumbnail":{"file":"image00007-248x330.jpeg","width":248,"height":330,"mime-type":"image\/jpeg","filesize":27131,"source_url":"https:\/\/pragueartweek.cz\/wp-content\/uploads\/2022\/08\/image00007-248x330.jpeg"},"medium_large":{"file":"image00007-768x1024.jpeg","width":768,"height":1024,"mime-type":"image\/jpeg","filesize":117240,"source_url":"https:\/\/pragueartweek.cz\/wp-content\/uploads\/2022\/08\/image00007-768x1024.jpeg"},"1536x1536":{"file":"image00007-1152x1536.jpeg","width":1152,"height":1536,"mime-type":"image\/jpeg","filesize":228278,"source_url":"https:\/\/pragueartweek.cz\/wp-content\/uploads\/2022\/08\/image00007-1152x1536.jpeg"},"2048x2048":{"file":"image00007-1536x2048.jpeg","width":1536,"height":2048,"mime-type":"image\/jpeg","filesize":379467,"source_url":"https:\/\/pragueartweek.cz\/wp-content\/uploads\/2022\/08\/image00007-1536x2048.jpeg"},"cmplz_banner_image":{"file":"image00007-350x100.jpeg","width":350,"height":100,"mime-type":"image\/jpeg","filesize":17971,"source_url":"https:\/\/pragueartweek.cz\/wp-content\/uploads\/2022\/08\/image00007-350x100.jpeg"}}},"alt_text":"","url":"","target":""},{"id":2145,"title":"image00002","caption":"","full_image_url":"https:\/\/pragueartweek.cz\/wp-content\/uploads\/2022\/08\/image00002-scaled.jpeg","thumbnail_image_url":"https:\/\/pragueartweek.cz\/wp-content\/uploads\/2022\/08\/image00002-236x330.jpeg","large_srcset":"https:\/\/pragueartweek.cz\/wp-content\/uploads\/2022\/08\/image00002-943x1320.jpeg 943w, https:\/\/pragueartweek.cz\/wp-content\/uploads\/2022\/08\/image00002-471x660.jpeg 471w, https:\/\/pragueartweek.cz\/wp-content\/uploads\/2022\/08\/image00002-236x330.jpeg 236w, https:\/\/pragueartweek.cz\/wp-content\/uploads\/2022\/08\/image00002-768x1075.jpeg 768w, https:\/\/pragueartweek.cz\/wp-content\/uploads\/2022\/08\/image00002-1097x1536.jpeg 1097w, https:\/\/pragueartweek.cz\/wp-content\/uploads\/2022\/08\/image00002-1463x2048.jpeg 1463w, https:\/\/pragueartweek.cz\/wp-content\/uploads\/2022\/08\/image00002-scaled.jpeg 1829w","medium_srcset":"https:\/\/pragueartweek.cz\/wp-content\/uploads\/2022\/08\/image00002-471x660.jpeg 471w, https:\/\/pragueartweek.cz\/wp-content\/uploads\/2022\/08\/image00002-943x1320.jpeg 943w, https:\/\/pragueartweek.cz\/wp-content\/uploads\/2022\/08\/image00002-236x330.jpeg 236w, https:\/\/pragueartweek.cz\/wp-content\/uploads\/2022\/08\/image00002-768x1075.jpeg 768w, https:\/\/pragueartweek.cz\/wp-content\/uploads\/2022\/08\/image00002-1097x1536.jpeg 1097w, https:\/\/pragueartweek.cz\/wp-content\/uploads\/2022\/08\/image00002-1463x2048.jpeg 1463w, https:\/\/pragueartweek.cz\/wp-content\/uploads\/2022\/08\/image00002-scaled.jpeg 1829w","media_details":{"width":1829,"height":2560,"sizes":{"medium":{"file":"image00002-471x660.jpeg","width":471,"height":660,"mime-type":"image\/jpeg","filesize":97309,"source_url":"https:\/\/pragueartweek.cz\/wp-content\/uploads\/2022\/08\/image00002-471x660.jpeg"},"large":{"file":"image00002-943x1320.jpeg","width":943,"height":1320,"mime-type":"image\/jpeg","filesize":316861,"source_url":"https:\/\/pragueartweek.cz\/wp-content\/uploads\/2022\/08\/image00002-943x1320.jpeg"},"thumbnail":{"file":"image00002-236x330.jpeg","width":236,"height":330,"mime-type":"image\/jpeg","filesize":30976,"source_url":"https:\/\/pragueartweek.cz\/wp-content\/uploads\/2022\/08\/image00002-236x330.jpeg"},"medium_large":{"file":"image00002-768x1075.jpeg","width":768,"height":1075,"mime-type":"image\/jpeg","filesize":221938,"source_url":"https:\/\/pragueartweek.cz\/wp-content\/uploads\/2022\/08\/image00002-768x1075.jpeg"},"1536x1536":{"file":"image00002-1097x1536.jpeg","width":1097,"height":1536,"mime-type":"image\/jpeg","filesize":414947,"source_url":"https:\/\/pragueartweek.cz\/wp-content\/uploads\/2022\/08\/image00002-1097x1536.jpeg"},"2048x2048":{"file":"image00002-1463x2048.jpeg","width":1463,"height":2048,"mime-type":"image\/jpeg","filesize":706448,"source_url":"https:\/\/pragueartweek.cz\/wp-content\/uploads\/2022\/08\/image00002-1463x2048.jpeg"},"cmplz_banner_image":{"file":"image00002-350x100.jpeg","width":350,"height":100,"mime-type":"image\/jpeg","filesize":13722,"source_url":"https:\/\/pragueartweek.cz\/wp-content\/uploads\/2022\/08\/image00002-350x100.jpeg"}}},"alt_text":"","url":"","target":""}]]}},"yoast_head":"<!-- This site is optimized with the Yoast SEO plugin v27.4 - https:\/\/yoast.com\/product\/yoast-seo-wordpress\/ -->\n<title>Al\u017eb\u011bta Kr\u0148ansk\u00e1: Too Hot to Think | Prague Art Week 26<\/title>\n<meta name=\"description\" content=\"Too Hot to Think connects to contemporary environmental discourse and explores the historical contexts.\" \/>\n<meta name=\"robots\" content=\"index, follow, max-snippet:-1, max-image-preview:large, max-video-preview:-1\" \/>\n<link rel=\"canonical\" href=\"https:\/\/pragueartweek.cz\/en\/events\/alzbeta-krnanska-too-hot-to-think\/\" \/>\n<meta property=\"og:locale\" content=\"en_US\" \/>\n<meta property=\"og:type\" content=\"article\" \/>\n<meta property=\"og:title\" content=\"Al\u017eb\u011bta Kr\u0148ansk\u00e1: Too Hot to Think | Prague Art Week 26\" \/>\n<meta property=\"og:description\" content=\"Too Hot to Think connects to contemporary environmental discourse and explores the historical contexts.\" \/>\n<meta property=\"og:url\" content=\"https:\/\/pragueartweek.cz\/en\/events\/alzbeta-krnanska-too-hot-to-think\/\" \/>\n<meta property=\"og:site_name\" content=\"Prague Art Week 26\" \/>\n<meta property=\"article:publisher\" content=\"https:\/\/www.facebook.com\/pragueartweek22\/\" \/>\n<meta property=\"article:modified_time\" content=\"2022-09-30T09:57:58+00:00\" \/>\n<meta property=\"og:image\" content=\"https:\/\/pragueartweek.cz\/wp-content\/uploads\/2022\/08\/image00001.jpg\" \/>\n\t<meta property=\"og:image:width\" content=\"450\" \/>\n\t<meta property=\"og:image:height\" content=\"330\" \/>\n\t<meta property=\"og:image:type\" content=\"image\/jpeg\" \/>\n<meta name=\"twitter:card\" content=\"summary_large_image\" \/>\n<meta name=\"twitter:label1\" content=\"Est. reading time\" \/>\n\t<meta name=\"twitter:data1\" content=\"1 minute\" \/>\n<script type=\"application\/ld+json\" class=\"yoast-schema-graph\">{\"@context\":\"https:\\\/\\\/schema.org\",\"@graph\":[{\"@type\":\"WebPage\",\"@id\":\"https:\\\/\\\/pragueartweek.cz\\\/en\\\/events\\\/alzbeta-krnanska-too-hot-to-think\\\/\",\"url\":\"https:\\\/\\\/pragueartweek.cz\\\/en\\\/events\\\/alzbeta-krnanska-too-hot-to-think\\\/\",\"name\":\"Al\u017eb\u011bta Kr\u0148ansk\u00e1: Too Hot to Think | Prague Art Week 26\",\"isPartOf\":{\"@id\":\"https:\\\/\\\/pragueartweek.cz\\\/en\\\/#website\"},\"primaryImageOfPage\":{\"@id\":\"https:\\\/\\\/pragueartweek.cz\\\/en\\\/events\\\/alzbeta-krnanska-too-hot-to-think\\\/#primaryimage\"},\"image\":{\"@id\":\"https:\\\/\\\/pragueartweek.cz\\\/en\\\/events\\\/alzbeta-krnanska-too-hot-to-think\\\/#primaryimage\"},\"thumbnailUrl\":\"https:\\\/\\\/pragueartweek.cz\\\/wp-content\\\/uploads\\\/2022\\\/08\\\/image00001.jpg\",\"datePublished\":\"2022-03-17T10:16:27+00:00\",\"dateModified\":\"2022-09-30T09:57:58+00:00\",\"description\":\"Too Hot to Think connects to contemporary environmental discourse and explores the historical contexts.\",\"breadcrumb\":{\"@id\":\"https:\\\/\\\/pragueartweek.cz\\\/en\\\/events\\\/alzbeta-krnanska-too-hot-to-think\\\/#breadcrumb\"},\"inLanguage\":\"en-US\",\"potentialAction\":[{\"@type\":\"ReadAction\",\"target\":[\"https:\\\/\\\/pragueartweek.cz\\\/en\\\/events\\\/alzbeta-krnanska-too-hot-to-think\\\/\"]}]},{\"@type\":\"ImageObject\",\"inLanguage\":\"en-US\",\"@id\":\"https:\\\/\\\/pragueartweek.cz\\\/en\\\/events\\\/alzbeta-krnanska-too-hot-to-think\\\/#primaryimage\",\"url\":\"https:\\\/\\\/pragueartweek.cz\\\/wp-content\\\/uploads\\\/2022\\\/08\\\/image00001.jpg\",\"contentUrl\":\"https:\\\/\\\/pragueartweek.cz\\\/wp-content\\\/uploads\\\/2022\\\/08\\\/image00001.jpg\",\"width\":450,\"height\":330},{\"@type\":\"BreadcrumbList\",\"@id\":\"https:\\\/\\\/pragueartweek.cz\\\/en\\\/events\\\/alzbeta-krnanska-too-hot-to-think\\\/#breadcrumb\",\"itemListElement\":[{\"@type\":\"ListItem\",\"position\":1,\"name\":\"Home\",\"item\":\"https:\\\/\\\/pragueartweek.cz\\\/en\\\/\"},{\"@type\":\"ListItem\",\"position\":2,\"name\":\"Events\",\"item\":\"https:\\\/\\\/pragueartweek.cz\\\/en\\\/events\\\/\"},{\"@type\":\"ListItem\",\"position\":3,\"name\":\"Al\u017eb\u011bta Kr\u0148ansk\u00e1: Too Hot to Think\"}]},{\"@type\":\"WebSite\",\"@id\":\"https:\\\/\\\/pragueartweek.cz\\\/en\\\/#website\",\"url\":\"https:\\\/\\\/pragueartweek.cz\\\/en\\\/\",\"name\":\"Prague Art Week 26\",\"description\":\"Prague Art Week je otev\u0159enou platformou pro kooperaci nejv\u00fdznamn\u011bj\u0161\u00edch instituc\u00ed na poli pra\u017esk\u00e9 um\u011bleck\u00e9 sc\u00e9ny.\",\"publisher\":{\"@id\":\"https:\\\/\\\/pragueartweek.cz\\\/en\\\/#organization\"},\"potentialAction\":[{\"@type\":\"SearchAction\",\"target\":{\"@type\":\"EntryPoint\",\"urlTemplate\":\"https:\\\/\\\/pragueartweek.cz\\\/en\\\/?s={search_term_string}\"},\"query-input\":{\"@type\":\"PropertyValueSpecification\",\"valueRequired\":true,\"valueName\":\"search_term_string\"}}],\"inLanguage\":\"en-US\"},{\"@type\":\"Organization\",\"@id\":\"https:\\\/\\\/pragueartweek.cz\\\/en\\\/#organization\",\"name\":\"Prague Art Week\",\"url\":\"https:\\\/\\\/pragueartweek.cz\\\/en\\\/\",\"logo\":{\"@type\":\"ImageObject\",\"inLanguage\":\"en-US\",\"@id\":\"https:\\\/\\\/pragueartweek.cz\\\/en\\\/#\\\/schema\\\/logo\\\/image\\\/\",\"url\":\"https:\\\/\\\/pragueartweek.cz\\\/wp-content\\\/uploads\\\/2022\\\/04\\\/LOGO_PAW_bez-roku-02.png\",\"contentUrl\":\"https:\\\/\\\/pragueartweek.cz\\\/wp-content\\\/uploads\\\/2022\\\/04\\\/LOGO_PAW_bez-roku-02.png\",\"width\":2481,\"height\":1749,\"caption\":\"Prague Art Week\"},\"image\":{\"@id\":\"https:\\\/\\\/pragueartweek.cz\\\/en\\\/#\\\/schema\\\/logo\\\/image\\\/\"},\"sameAs\":[\"https:\\\/\\\/www.facebook.com\\\/pragueartweek22\\\/\",\"https:\\\/\\\/www.instagram.com\\\/prague_art_week\\\/\"]}]}<\/script>\n<!-- \/ Yoast SEO plugin. -->","yoast_head_json":{"title":"Al\u017eb\u011bta Kr\u0148ansk\u00e1: Too Hot to Think | Prague Art Week 26","description":"Too Hot to Think connects to contemporary environmental discourse and explores the historical contexts.","robots":{"index":"index","follow":"follow","max-snippet":"max-snippet:-1","max-image-preview":"max-image-preview:large","max-video-preview":"max-video-preview:-1"},"canonical":"https:\/\/pragueartweek.cz\/en\/events\/alzbeta-krnanska-too-hot-to-think\/","og_locale":"en_US","og_type":"article","og_title":"Al\u017eb\u011bta Kr\u0148ansk\u00e1: Too Hot to Think | Prague Art Week 26","og_description":"Too Hot to Think connects to contemporary environmental discourse and explores the historical contexts.","og_url":"https:\/\/pragueartweek.cz\/en\/events\/alzbeta-krnanska-too-hot-to-think\/","og_site_name":"Prague Art Week 26","article_publisher":"https:\/\/www.facebook.com\/pragueartweek22\/","article_modified_time":"2022-09-30T09:57:58+00:00","og_image":[{"width":450,"height":330,"url":"https:\/\/pragueartweek.cz\/wp-content\/uploads\/2022\/08\/image00001.jpg","type":"image\/jpeg"}],"twitter_card":"summary_large_image","twitter_misc":{"Est. reading time":"1 minute"},"schema":{"@context":"https:\/\/schema.org","@graph":[{"@type":"WebPage","@id":"https:\/\/pragueartweek.cz\/en\/events\/alzbeta-krnanska-too-hot-to-think\/","url":"https:\/\/pragueartweek.cz\/en\/events\/alzbeta-krnanska-too-hot-to-think\/","name":"Al\u017eb\u011bta Kr\u0148ansk\u00e1: Too Hot to Think | Prague Art Week 26","isPartOf":{"@id":"https:\/\/pragueartweek.cz\/en\/#website"},"primaryImageOfPage":{"@id":"https:\/\/pragueartweek.cz\/en\/events\/alzbeta-krnanska-too-hot-to-think\/#primaryimage"},"image":{"@id":"https:\/\/pragueartweek.cz\/en\/events\/alzbeta-krnanska-too-hot-to-think\/#primaryimage"},"thumbnailUrl":"https:\/\/pragueartweek.cz\/wp-content\/uploads\/2022\/08\/image00001.jpg","datePublished":"2022-03-17T10:16:27+00:00","dateModified":"2022-09-30T09:57:58+00:00","description":"Too Hot to Think connects to contemporary environmental discourse and explores the historical contexts.","breadcrumb":{"@id":"https:\/\/pragueartweek.cz\/en\/events\/alzbeta-krnanska-too-hot-to-think\/#breadcrumb"},"inLanguage":"en-US","potentialAction":[{"@type":"ReadAction","target":["https:\/\/pragueartweek.cz\/en\/events\/alzbeta-krnanska-too-hot-to-think\/"]}]},{"@type":"ImageObject","inLanguage":"en-US","@id":"https:\/\/pragueartweek.cz\/en\/events\/alzbeta-krnanska-too-hot-to-think\/#primaryimage","url":"https:\/\/pragueartweek.cz\/wp-content\/uploads\/2022\/08\/image00001.jpg","contentUrl":"https:\/\/pragueartweek.cz\/wp-content\/uploads\/2022\/08\/image00001.jpg","width":450,"height":330},{"@type":"BreadcrumbList","@id":"https:\/\/pragueartweek.cz\/en\/events\/alzbeta-krnanska-too-hot-to-think\/#breadcrumb","itemListElement":[{"@type":"ListItem","position":1,"name":"Home","item":"https:\/\/pragueartweek.cz\/en\/"},{"@type":"ListItem","position":2,"name":"Events","item":"https:\/\/pragueartweek.cz\/en\/events\/"},{"@type":"ListItem","position":3,"name":"Al\u017eb\u011bta Kr\u0148ansk\u00e1: Too Hot to Think"}]},{"@type":"WebSite","@id":"https:\/\/pragueartweek.cz\/en\/#website","url":"https:\/\/pragueartweek.cz\/en\/","name":"Prague Art Week 26","description":"Prague Art Week je otev\u0159enou platformou pro kooperaci nejv\u00fdznamn\u011bj\u0161\u00edch instituc\u00ed na poli pra\u017esk\u00e9 um\u011bleck\u00e9 sc\u00e9ny.","publisher":{"@id":"https:\/\/pragueartweek.cz\/en\/#organization"},"potentialAction":[{"@type":"SearchAction","target":{"@type":"EntryPoint","urlTemplate":"https:\/\/pragueartweek.cz\/en\/?s={search_term_string}"},"query-input":{"@type":"PropertyValueSpecification","valueRequired":true,"valueName":"search_term_string"}}],"inLanguage":"en-US"},{"@type":"Organization","@id":"https:\/\/pragueartweek.cz\/en\/#organization","name":"Prague Art Week","url":"https:\/\/pragueartweek.cz\/en\/","logo":{"@type":"ImageObject","inLanguage":"en-US","@id":"https:\/\/pragueartweek.cz\/en\/#\/schema\/logo\/image\/","url":"https:\/\/pragueartweek.cz\/wp-content\/uploads\/2022\/04\/LOGO_PAW_bez-roku-02.png","contentUrl":"https:\/\/pragueartweek.cz\/wp-content\/uploads\/2022\/04\/LOGO_PAW_bez-roku-02.png","width":2481,"height":1749,"caption":"Prague Art Week"},"image":{"@id":"https:\/\/pragueartweek.cz\/en\/#\/schema\/logo\/image\/"},"sameAs":["https:\/\/www.facebook.com\/pragueartweek22\/","https:\/\/www.instagram.com\/prague_art_week\/"]}]}},"_links":{"self":[{"href":"https:\/\/pragueartweek.cz\/en\/wp-json\/wp\/v2\/udalosti\/2156","targetHints":{"allow":["GET"]}}],"collection":[{"href":"https:\/\/pragueartweek.cz\/en\/wp-json\/wp\/v2\/udalosti"}],"about":[{"href":"https:\/\/pragueartweek.cz\/en\/wp-json\/wp\/v2\/types\/udalosti"}],"version-history":[{"count":1,"href":"https:\/\/pragueartweek.cz\/en\/wp-json\/wp\/v2\/udalosti\/2156\/revisions"}],"predecessor-version":[{"id":2157,"href":"https:\/\/pragueartweek.cz\/en\/wp-json\/wp\/v2\/udalosti\/2156\/revisions\/2157"}],"wp:featuredmedia":[{"embeddable":true,"href":"https:\/\/pragueartweek.cz\/en\/wp-json\/wp\/v2\/media\/2147"}],"wp:attachment":[{"href":"https:\/\/pragueartweek.cz\/en\/wp-json\/wp\/v2\/media?parent=2156"}],"wp:term":[{"taxonomy":"kategorie","embeddable":true,"href":"https:\/\/pragueartweek.cz\/en\/wp-json\/wp\/v2\/kategorie?post=2156"},{"taxonomy":"lokalita","embeddable":true,"href":"https:\/\/pragueartweek.cz\/en\/wp-json\/wp\/v2\/lokalita?post=2156"},{"taxonomy":"termin","embeddable":true,"href":"https:\/\/pragueartweek.cz\/en\/wp-json\/wp\/v2\/termin?post=2156"}],"curies":[{"name":"wp","href":"https:\/\/api.w.org\/{rel}","templated":true}]}}