{"id":2165,"date":"2022-03-04T11:38:44","date_gmt":"2022-03-04T10:38:44","guid":{"rendered":"https:\/\/pragueartweek.cz\/?post_type=udalosti&#038;p=2165"},"modified":"2022-09-16T13:32:30","modified_gmt":"2022-09-16T11:32:30","slug":"josef-sudeks-walk-through-prague","status":"publish","type":"udalosti","link":"https:\/\/pragueartweek.cz\/en\/events\/josef-sudeks-walk-through-prague\/","title":{"rendered":"JOSEF SUDEK\u2019S WALK THROUGH PRAGUE"},"content":{"rendered":"<p>free entry, reservation <a href=\"https:\/\/goout.net\/en\/tickets\/walk-through-josef-sudek-s-prague\/hvao\/\" target=\"_blank\" rel=\"noopener\">here<\/a><\/p>\n<p><a href=\"https:\/\/www.upm.cz\/josef-sudek-glass-labyrinths\/\" target=\"_blank\" rel=\"noopener\">Josef Sudek Gallery<\/a><\/p>\n","protected":false},"excerpt":{"rendered":"<p>free entry, reservation here Josef Sudek Gallery<\/p>\n","protected":false},"featured_media":2163,"parent":0,"menu_order":0,"template":"","format":"standard","meta":{"_acf_changed":false,"footnotes":""},"kategorie":[171,187],"lokalita":[],"termin":[],"class_list":["post-2165","udalosti","type-udalosti","status-publish","format-standard","has-post-thumbnail","hentry","kategorie-outdoor-en","kategorie-past-event","wpautop"],"acf":{"photo_gallery":{"udalost_galerie":[[{"id":2161,"title":"13_09_Prochazka_J_Sudek_Ehm_1959","caption":"","full_image_url":"https:\/\/pragueartweek.cz\/wp-content\/uploads\/2022\/08\/13_09_Prochazka_J_Sudek_Ehm_1959-scaled.jpg","thumbnail_image_url":"https:\/\/pragueartweek.cz\/wp-content\/uploads\/2022\/08\/13_09_Prochazka_J_Sudek_Ehm_1959-410x330.jpg","large_srcset":"https:\/\/pragueartweek.cz\/wp-content\/uploads\/2022\/08\/13_09_Prochazka_J_Sudek_Ehm_1959-1639x1320.jpg 1639w, https:\/\/pragueartweek.cz\/wp-content\/uploads\/2022\/08\/13_09_Prochazka_J_Sudek_Ehm_1959-819x660.jpg 819w, https:\/\/pragueartweek.cz\/wp-content\/uploads\/2022\/08\/13_09_Prochazka_J_Sudek_Ehm_1959-410x330.jpg 410w, https:\/\/pragueartweek.cz\/wp-content\/uploads\/2022\/08\/13_09_Prochazka_J_Sudek_Ehm_1959-768x619.jpg 768w, https:\/\/pragueartweek.cz\/wp-content\/uploads\/2022\/08\/13_09_Prochazka_J_Sudek_Ehm_1959-1536x1237.jpg 1536w, https:\/\/pragueartweek.cz\/wp-content\/uploads\/2022\/08\/13_09_Prochazka_J_Sudek_Ehm_1959-2048x1650.jpg 2048w","medium_srcset":"https:\/\/pragueartweek.cz\/wp-content\/uploads\/2022\/08\/13_09_Prochazka_J_Sudek_Ehm_1959-819x660.jpg 819w, https:\/\/pragueartweek.cz\/wp-content\/uploads\/2022\/08\/13_09_Prochazka_J_Sudek_Ehm_1959-1639x1320.jpg 1639w, https:\/\/pragueartweek.cz\/wp-content\/uploads\/2022\/08\/13_09_Prochazka_J_Sudek_Ehm_1959-410x330.jpg 410w, https:\/\/pragueartweek.cz\/wp-content\/uploads\/2022\/08\/13_09_Prochazka_J_Sudek_Ehm_1959-768x619.jpg 768w, https:\/\/pragueartweek.cz\/wp-content\/uploads\/2022\/08\/13_09_Prochazka_J_Sudek_Ehm_1959-1536x1237.jpg 1536w, https:\/\/pragueartweek.cz\/wp-content\/uploads\/2022\/08\/13_09_Prochazka_J_Sudek_Ehm_1959-2048x1650.jpg 2048w","media_details":{"width":2560,"height":2062,"sizes":{"medium":{"file":"13_09_Prochazka_J_Sudek_Ehm_1959-819x660.jpg","width":819,"height":660,"mime-type":"image\/jpeg","filesize":78993,"source_url":"https:\/\/pragueartweek.cz\/wp-content\/uploads\/2022\/08\/13_09_Prochazka_J_Sudek_Ehm_1959-819x660.jpg"},"large":{"file":"13_09_Prochazka_J_Sudek_Ehm_1959-1639x1320.jpg","width":1639,"height":1320,"mime-type":"image\/jpeg","filesize":279944,"source_url":"https:\/\/pragueartweek.cz\/wp-content\/uploads\/2022\/08\/13_09_Prochazka_J_Sudek_Ehm_1959-1639x1320.jpg"},"thumbnail":{"file":"13_09_Prochazka_J_Sudek_Ehm_1959-410x330.jpg","width":410,"height":330,"mime-type":"image\/jpeg","filesize":30991,"source_url":"https:\/\/pragueartweek.cz\/wp-content\/uploads\/2022\/08\/13_09_Prochazka_J_Sudek_Ehm_1959-410x330.jpg"},"medium_large":{"file":"13_09_Prochazka_J_Sudek_Ehm_1959-768x619.jpg","width":768,"height":619,"mime-type":"image\/jpeg","filesize":70882,"source_url":"https:\/\/pragueartweek.cz\/wp-content\/uploads\/2022\/08\/13_09_Prochazka_J_Sudek_Ehm_1959-768x619.jpg"},"1536x1536":{"file":"13_09_Prochazka_J_Sudek_Ehm_1959-1536x1237.jpg","width":1536,"height":1237,"mime-type":"image\/jpeg","filesize":247378,"source_url":"https:\/\/pragueartweek.cz\/wp-content\/uploads\/2022\/08\/13_09_Prochazka_J_Sudek_Ehm_1959-1536x1237.jpg"},"2048x2048":{"file":"13_09_Prochazka_J_Sudek_Ehm_1959-2048x1650.jpg","width":2048,"height":1650,"mime-type":"image\/jpeg","filesize":431195,"source_url":"https:\/\/pragueartweek.cz\/wp-content\/uploads\/2022\/08\/13_09_Prochazka_J_Sudek_Ehm_1959-2048x1650.jpg"},"cmplz_banner_image":{"file":"13_09_Prochazka_J_Sudek_Ehm_1959-350x100.jpg","width":350,"height":100,"mime-type":"image\/jpeg","filesize":19641,"source_url":"https:\/\/pragueartweek.cz\/wp-content\/uploads\/2022\/08\/13_09_Prochazka_J_Sudek_Ehm_1959-350x100.jpg"}}},"alt_text":"","url":"","target":""}]]}},"yoast_head":"<!-- This site is optimized with the Yoast SEO plugin v27.4 - https:\/\/yoast.com\/product\/yoast-seo-wordpress\/ -->\n<title>JOSEF SUDEK\u2019S WALK THROUGH PRAGUE | Prague Art Week 26<\/title>\n<meta name=\"description\" content=\"The walk begins at the Josef Sudek Gallery at \u00davoz Street 24, Prague 1.\" \/>\n<meta name=\"robots\" content=\"index, follow, max-snippet:-1, max-image-preview:large, max-video-preview:-1\" \/>\n<link rel=\"canonical\" href=\"https:\/\/pragueartweek.cz\/en\/events\/josef-sudeks-walk-through-prague\/\" \/>\n<meta property=\"og:locale\" content=\"en_US\" \/>\n<meta property=\"og:type\" content=\"article\" \/>\n<meta property=\"og:title\" content=\"JOSEF SUDEK\u2019S WALK THROUGH PRAGUE | Prague Art Week 26\" \/>\n<meta property=\"og:description\" content=\"The walk begins at the Josef Sudek Gallery at \u00davoz Street 24, Prague 1.\" \/>\n<meta property=\"og:url\" content=\"https:\/\/pragueartweek.cz\/en\/events\/josef-sudeks-walk-through-prague\/\" \/>\n<meta property=\"og:site_name\" content=\"Prague Art Week 26\" \/>\n<meta property=\"article:publisher\" content=\"https:\/\/www.facebook.com\/pragueartweek22\/\" \/>\n<meta property=\"article:modified_time\" content=\"2022-09-16T11:32:30+00:00\" \/>\n<meta property=\"og:image\" content=\"https:\/\/pragueartweek.cz\/wp-content\/uploads\/2022\/08\/ffff.jpg\" \/>\n\t<meta property=\"og:image:width\" content=\"450\" \/>\n\t<meta property=\"og:image:height\" content=\"330\" \/>\n\t<meta property=\"og:image:type\" content=\"image\/jpeg\" \/>\n<meta name=\"twitter:card\" content=\"summary_large_image\" \/>\n<meta name=\"twitter:label1\" content=\"Est. reading time\" \/>\n\t<meta name=\"twitter:data1\" content=\"1 minute\" \/>\n<script type=\"application\/ld+json\" class=\"yoast-schema-graph\">{\"@context\":\"https:\\\/\\\/schema.org\",\"@graph\":[{\"@type\":\"WebPage\",\"@id\":\"https:\\\/\\\/pragueartweek.cz\\\/en\\\/events\\\/josef-sudeks-walk-through-prague\\\/\",\"url\":\"https:\\\/\\\/pragueartweek.cz\\\/en\\\/events\\\/josef-sudeks-walk-through-prague\\\/\",\"name\":\"JOSEF SUDEK\u2019S WALK THROUGH PRAGUE | Prague Art Week 26\",\"isPartOf\":{\"@id\":\"https:\\\/\\\/pragueartweek.cz\\\/en\\\/#website\"},\"primaryImageOfPage\":{\"@id\":\"https:\\\/\\\/pragueartweek.cz\\\/en\\\/events\\\/josef-sudeks-walk-through-prague\\\/#primaryimage\"},\"image\":{\"@id\":\"https:\\\/\\\/pragueartweek.cz\\\/en\\\/events\\\/josef-sudeks-walk-through-prague\\\/#primaryimage\"},\"thumbnailUrl\":\"https:\\\/\\\/pragueartweek.cz\\\/wp-content\\\/uploads\\\/2022\\\/08\\\/ffff.jpg\",\"datePublished\":\"2022-03-04T10:38:44+00:00\",\"dateModified\":\"2022-09-16T11:32:30+00:00\",\"description\":\"The walk begins at the Josef Sudek Gallery at \u00davoz Street 24, Prague 1.\",\"breadcrumb\":{\"@id\":\"https:\\\/\\\/pragueartweek.cz\\\/en\\\/events\\\/josef-sudeks-walk-through-prague\\\/#breadcrumb\"},\"inLanguage\":\"en-US\",\"potentialAction\":[{\"@type\":\"ReadAction\",\"target\":[\"https:\\\/\\\/pragueartweek.cz\\\/en\\\/events\\\/josef-sudeks-walk-through-prague\\\/\"]}]},{\"@type\":\"ImageObject\",\"inLanguage\":\"en-US\",\"@id\":\"https:\\\/\\\/pragueartweek.cz\\\/en\\\/events\\\/josef-sudeks-walk-through-prague\\\/#primaryimage\",\"url\":\"https:\\\/\\\/pragueartweek.cz\\\/wp-content\\\/uploads\\\/2022\\\/08\\\/ffff.jpg\",\"contentUrl\":\"https:\\\/\\\/pragueartweek.cz\\\/wp-content\\\/uploads\\\/2022\\\/08\\\/ffff.jpg\",\"width\":450,\"height\":330},{\"@type\":\"BreadcrumbList\",\"@id\":\"https:\\\/\\\/pragueartweek.cz\\\/en\\\/events\\\/josef-sudeks-walk-through-prague\\\/#breadcrumb\",\"itemListElement\":[{\"@type\":\"ListItem\",\"position\":1,\"name\":\"Home\",\"item\":\"https:\\\/\\\/pragueartweek.cz\\\/en\\\/\"},{\"@type\":\"ListItem\",\"position\":2,\"name\":\"Events\",\"item\":\"https:\\\/\\\/pragueartweek.cz\\\/en\\\/events\\\/\"},{\"@type\":\"ListItem\",\"position\":3,\"name\":\"JOSEF SUDEK\u2019S WALK THROUGH PRAGUE\"}]},{\"@type\":\"WebSite\",\"@id\":\"https:\\\/\\\/pragueartweek.cz\\\/en\\\/#website\",\"url\":\"https:\\\/\\\/pragueartweek.cz\\\/en\\\/\",\"name\":\"Prague Art Week 26\",\"description\":\"Prague Art Week je otev\u0159enou platformou pro kooperaci nejv\u00fdznamn\u011bj\u0161\u00edch instituc\u00ed na poli pra\u017esk\u00e9 um\u011bleck\u00e9 sc\u00e9ny.\",\"publisher\":{\"@id\":\"https:\\\/\\\/pragueartweek.cz\\\/en\\\/#organization\"},\"potentialAction\":[{\"@type\":\"SearchAction\",\"target\":{\"@type\":\"EntryPoint\",\"urlTemplate\":\"https:\\\/\\\/pragueartweek.cz\\\/en\\\/?s={search_term_string}\"},\"query-input\":{\"@type\":\"PropertyValueSpecification\",\"valueRequired\":true,\"valueName\":\"search_term_string\"}}],\"inLanguage\":\"en-US\"},{\"@type\":\"Organization\",\"@id\":\"https:\\\/\\\/pragueartweek.cz\\\/en\\\/#organization\",\"name\":\"Prague Art Week\",\"url\":\"https:\\\/\\\/pragueartweek.cz\\\/en\\\/\",\"logo\":{\"@type\":\"ImageObject\",\"inLanguage\":\"en-US\",\"@id\":\"https:\\\/\\\/pragueartweek.cz\\\/en\\\/#\\\/schema\\\/logo\\\/image\\\/\",\"url\":\"https:\\\/\\\/pragueartweek.cz\\\/wp-content\\\/uploads\\\/2022\\\/04\\\/LOGO_PAW_bez-roku-02.png\",\"contentUrl\":\"https:\\\/\\\/pragueartweek.cz\\\/wp-content\\\/uploads\\\/2022\\\/04\\\/LOGO_PAW_bez-roku-02.png\",\"width\":2481,\"height\":1749,\"caption\":\"Prague Art Week\"},\"image\":{\"@id\":\"https:\\\/\\\/pragueartweek.cz\\\/en\\\/#\\\/schema\\\/logo\\\/image\\\/\"},\"sameAs\":[\"https:\\\/\\\/www.facebook.com\\\/pragueartweek22\\\/\",\"https:\\\/\\\/www.instagram.com\\\/prague_art_week\\\/\"]}]}<\/script>\n<!-- \/ Yoast SEO plugin. -->","yoast_head_json":{"title":"JOSEF SUDEK\u2019S WALK THROUGH PRAGUE | Prague Art Week 26","description":"The walk begins at the Josef Sudek Gallery at \u00davoz Street 24, Prague 1.","robots":{"index":"index","follow":"follow","max-snippet":"max-snippet:-1","max-image-preview":"max-image-preview:large","max-video-preview":"max-video-preview:-1"},"canonical":"https:\/\/pragueartweek.cz\/en\/events\/josef-sudeks-walk-through-prague\/","og_locale":"en_US","og_type":"article","og_title":"JOSEF SUDEK\u2019S WALK THROUGH PRAGUE | Prague Art Week 26","og_description":"The walk begins at the Josef Sudek Gallery at \u00davoz Street 24, Prague 1.","og_url":"https:\/\/pragueartweek.cz\/en\/events\/josef-sudeks-walk-through-prague\/","og_site_name":"Prague Art Week 26","article_publisher":"https:\/\/www.facebook.com\/pragueartweek22\/","article_modified_time":"2022-09-16T11:32:30+00:00","og_image":[{"width":450,"height":330,"url":"https:\/\/pragueartweek.cz\/wp-content\/uploads\/2022\/08\/ffff.jpg","type":"image\/jpeg"}],"twitter_card":"summary_large_image","twitter_misc":{"Est. reading time":"1 minute"},"schema":{"@context":"https:\/\/schema.org","@graph":[{"@type":"WebPage","@id":"https:\/\/pragueartweek.cz\/en\/events\/josef-sudeks-walk-through-prague\/","url":"https:\/\/pragueartweek.cz\/en\/events\/josef-sudeks-walk-through-prague\/","name":"JOSEF SUDEK\u2019S WALK THROUGH PRAGUE | Prague Art Week 26","isPartOf":{"@id":"https:\/\/pragueartweek.cz\/en\/#website"},"primaryImageOfPage":{"@id":"https:\/\/pragueartweek.cz\/en\/events\/josef-sudeks-walk-through-prague\/#primaryimage"},"image":{"@id":"https:\/\/pragueartweek.cz\/en\/events\/josef-sudeks-walk-through-prague\/#primaryimage"},"thumbnailUrl":"https:\/\/pragueartweek.cz\/wp-content\/uploads\/2022\/08\/ffff.jpg","datePublished":"2022-03-04T10:38:44+00:00","dateModified":"2022-09-16T11:32:30+00:00","description":"The walk begins at the Josef Sudek Gallery at \u00davoz Street 24, Prague 1.","breadcrumb":{"@id":"https:\/\/pragueartweek.cz\/en\/events\/josef-sudeks-walk-through-prague\/#breadcrumb"},"inLanguage":"en-US","potentialAction":[{"@type":"ReadAction","target":["https:\/\/pragueartweek.cz\/en\/events\/josef-sudeks-walk-through-prague\/"]}]},{"@type":"ImageObject","inLanguage":"en-US","@id":"https:\/\/pragueartweek.cz\/en\/events\/josef-sudeks-walk-through-prague\/#primaryimage","url":"https:\/\/pragueartweek.cz\/wp-content\/uploads\/2022\/08\/ffff.jpg","contentUrl":"https:\/\/pragueartweek.cz\/wp-content\/uploads\/2022\/08\/ffff.jpg","width":450,"height":330},{"@type":"BreadcrumbList","@id":"https:\/\/pragueartweek.cz\/en\/events\/josef-sudeks-walk-through-prague\/#breadcrumb","itemListElement":[{"@type":"ListItem","position":1,"name":"Home","item":"https:\/\/pragueartweek.cz\/en\/"},{"@type":"ListItem","position":2,"name":"Events","item":"https:\/\/pragueartweek.cz\/en\/events\/"},{"@type":"ListItem","position":3,"name":"JOSEF SUDEK\u2019S WALK THROUGH PRAGUE"}]},{"@type":"WebSite","@id":"https:\/\/pragueartweek.cz\/en\/#website","url":"https:\/\/pragueartweek.cz\/en\/","name":"Prague Art Week 26","description":"Prague Art Week je otev\u0159enou platformou pro kooperaci nejv\u00fdznamn\u011bj\u0161\u00edch instituc\u00ed na poli pra\u017esk\u00e9 um\u011bleck\u00e9 sc\u00e9ny.","publisher":{"@id":"https:\/\/pragueartweek.cz\/en\/#organization"},"potentialAction":[{"@type":"SearchAction","target":{"@type":"EntryPoint","urlTemplate":"https:\/\/pragueartweek.cz\/en\/?s={search_term_string}"},"query-input":{"@type":"PropertyValueSpecification","valueRequired":true,"valueName":"search_term_string"}}],"inLanguage":"en-US"},{"@type":"Organization","@id":"https:\/\/pragueartweek.cz\/en\/#organization","name":"Prague Art Week","url":"https:\/\/pragueartweek.cz\/en\/","logo":{"@type":"ImageObject","inLanguage":"en-US","@id":"https:\/\/pragueartweek.cz\/en\/#\/schema\/logo\/image\/","url":"https:\/\/pragueartweek.cz\/wp-content\/uploads\/2022\/04\/LOGO_PAW_bez-roku-02.png","contentUrl":"https:\/\/pragueartweek.cz\/wp-content\/uploads\/2022\/04\/LOGO_PAW_bez-roku-02.png","width":2481,"height":1749,"caption":"Prague Art Week"},"image":{"@id":"https:\/\/pragueartweek.cz\/en\/#\/schema\/logo\/image\/"},"sameAs":["https:\/\/www.facebook.com\/pragueartweek22\/","https:\/\/www.instagram.com\/prague_art_week\/"]}]}},"_links":{"self":[{"href":"https:\/\/pragueartweek.cz\/en\/wp-json\/wp\/v2\/udalosti\/2165","targetHints":{"allow":["GET"]}}],"collection":[{"href":"https:\/\/pragueartweek.cz\/en\/wp-json\/wp\/v2\/udalosti"}],"about":[{"href":"https:\/\/pragueartweek.cz\/en\/wp-json\/wp\/v2\/types\/udalosti"}],"version-history":[{"count":2,"href":"https:\/\/pragueartweek.cz\/en\/wp-json\/wp\/v2\/udalosti\/2165\/revisions"}],"predecessor-version":[{"id":2450,"href":"https:\/\/pragueartweek.cz\/en\/wp-json\/wp\/v2\/udalosti\/2165\/revisions\/2450"}],"wp:featuredmedia":[{"embeddable":true,"href":"https:\/\/pragueartweek.cz\/en\/wp-json\/wp\/v2\/media\/2163"}],"wp:attachment":[{"href":"https:\/\/pragueartweek.cz\/en\/wp-json\/wp\/v2\/media?parent=2165"}],"wp:term":[{"taxonomy":"kategorie","embeddable":true,"href":"https:\/\/pragueartweek.cz\/en\/wp-json\/wp\/v2\/kategorie?post=2165"},{"taxonomy":"lokalita","embeddable":true,"href":"https:\/\/pragueartweek.cz\/en\/wp-json\/wp\/v2\/lokalita?post=2165"},{"taxonomy":"termin","embeddable":true,"href":"https:\/\/pragueartweek.cz\/en\/wp-json\/wp\/v2\/termin?post=2165"}],"curies":[{"name":"wp","href":"https:\/\/api.w.org\/{rel}","templated":true}]}}