{"id":2176,"date":"2022-03-04T12:06:18","date_gmt":"2022-03-04T11:06:18","guid":{"rendered":"https:\/\/pragueartweek.cz\/?post_type=udalosti&#038;p=2176"},"modified":"2022-09-16T13:32:01","modified_gmt":"2022-09-16T11:32:01","slug":"photography-workshop-and-lecture-painting-with-light","status":"publish","type":"udalosti","link":"https:\/\/pragueartweek.cz\/en\/events\/photography-workshop-and-lecture-painting-with-light\/","title":{"rendered":"PHOTOGRAPHY WORKSHOP AND LECTURE: PAINTING WITH LIGHT"},"content":{"rendered":"<p>meeting point: Superstudio, The New Stage National Theatre<br \/>\nbooking <a href=\"https:\/\/goout.net\/en\/malovat-svetlem\/szyoodu\/\" target=\"_blank\" rel=\"noopener\">HERE<\/a><\/p>\n","protected":false},"excerpt":{"rendered":"<p>meeting point: Superstudio, The New Stage National Theatre booking HERE<\/p>\n","protected":false},"featured_media":2174,"parent":0,"menu_order":0,"template":"","format":"standard","meta":{"_acf_changed":false,"footnotes":""},"kategorie":[33,187],"lokalita":[],"termin":[],"class_list":["post-2176","udalosti","type-udalosti","status-publish","format-standard","has-post-thumbnail","hentry","kategorie-lecture","kategorie-past-event","wpautop"],"acf":{"photo_gallery":{"udalost_galerie":[[{"id":2925,"title":"dscf2484","caption":"","full_image_url":"https:\/\/pragueartweek.cz\/wp-content\/uploads\/2022\/08\/dscf2484-scaled.jpg","thumbnail_image_url":"https:\/\/pragueartweek.cz\/wp-content\/uploads\/2022\/08\/dscf2484-440x330.jpg","large_srcset":"https:\/\/pragueartweek.cz\/wp-content\/uploads\/2022\/08\/dscf2484-1760x1320.jpg 1760w, https:\/\/pragueartweek.cz\/wp-content\/uploads\/2022\/08\/dscf2484-880x660.jpg 880w, https:\/\/pragueartweek.cz\/wp-content\/uploads\/2022\/08\/dscf2484-440x330.jpg 440w, https:\/\/pragueartweek.cz\/wp-content\/uploads\/2022\/08\/dscf2484-768x576.jpg 768w, https:\/\/pragueartweek.cz\/wp-content\/uploads\/2022\/08\/dscf2484-1536x1152.jpg 1536w, https:\/\/pragueartweek.cz\/wp-content\/uploads\/2022\/08\/dscf2484-2048x1536.jpg 2048w","medium_srcset":"https:\/\/pragueartweek.cz\/wp-content\/uploads\/2022\/08\/dscf2484-880x660.jpg 880w, https:\/\/pragueartweek.cz\/wp-content\/uploads\/2022\/08\/dscf2484-1760x1320.jpg 1760w, https:\/\/pragueartweek.cz\/wp-content\/uploads\/2022\/08\/dscf2484-440x330.jpg 440w, https:\/\/pragueartweek.cz\/wp-content\/uploads\/2022\/08\/dscf2484-768x576.jpg 768w, https:\/\/pragueartweek.cz\/wp-content\/uploads\/2022\/08\/dscf2484-1536x1152.jpg 1536w, https:\/\/pragueartweek.cz\/wp-content\/uploads\/2022\/08\/dscf2484-2048x1536.jpg 2048w","media_details":{"width":2560,"height":1920,"sizes":{"medium":{"file":"dscf2484-880x660.jpg","width":880,"height":660,"mime-type":"image\/jpeg","filesize":63786,"source_url":"https:\/\/pragueartweek.cz\/wp-content\/uploads\/2022\/08\/dscf2484-880x660.jpg"},"large":{"file":"dscf2484-1760x1320.jpg","width":1760,"height":1320,"mime-type":"image\/jpeg","filesize":234509,"source_url":"https:\/\/pragueartweek.cz\/wp-content\/uploads\/2022\/08\/dscf2484-1760x1320.jpg"},"thumbnail":{"file":"dscf2484-440x330.jpg","width":440,"height":330,"mime-type":"image\/jpeg","filesize":22484,"source_url":"https:\/\/pragueartweek.cz\/wp-content\/uploads\/2022\/08\/dscf2484-440x330.jpg"},"medium_large":{"file":"dscf2484-768x576.jpg","width":768,"height":576,"mime-type":"image\/jpeg","filesize":49939,"source_url":"https:\/\/pragueartweek.cz\/wp-content\/uploads\/2022\/08\/dscf2484-768x576.jpg"},"1536x1536":{"file":"dscf2484-1536x1152.jpg","width":1536,"height":1152,"mime-type":"image\/jpeg","filesize":176067,"source_url":"https:\/\/pragueartweek.cz\/wp-content\/uploads\/2022\/08\/dscf2484-1536x1152.jpg"},"2048x2048":{"file":"dscf2484-2048x1536.jpg","width":2048,"height":1536,"mime-type":"image\/jpeg","filesize":328936,"source_url":"https:\/\/pragueartweek.cz\/wp-content\/uploads\/2022\/08\/dscf2484-2048x1536.jpg"},"cmplz_banner_image":{"file":"dscf2484-350x100.jpg","width":350,"height":100,"mime-type":"image\/jpeg","filesize":8873,"source_url":"https:\/\/pragueartweek.cz\/wp-content\/uploads\/2022\/08\/dscf2484-350x100.jpg"}}},"alt_text":"","url":"","target":""},{"id":2172,"title":"stavba","caption":"","full_image_url":"https:\/\/pragueartweek.cz\/wp-content\/uploads\/2022\/08\/stavba-scaled.jpg","thumbnail_image_url":"https:\/\/pragueartweek.cz\/wp-content\/uploads\/2022\/08\/stavba-220x330.jpg","large_srcset":"https:\/\/pragueartweek.cz\/wp-content\/uploads\/2022\/08\/stavba-880x1320.jpg 880w, https:\/\/pragueartweek.cz\/wp-content\/uploads\/2022\/08\/stavba-440x660.jpg 440w, https:\/\/pragueartweek.cz\/wp-content\/uploads\/2022\/08\/stavba-220x330.jpg 220w, https:\/\/pragueartweek.cz\/wp-content\/uploads\/2022\/08\/stavba-768x1152.jpg 768w, https:\/\/pragueartweek.cz\/wp-content\/uploads\/2022\/08\/stavba-1024x1536.jpg 1024w, https:\/\/pragueartweek.cz\/wp-content\/uploads\/2022\/08\/stavba-1365x2048.jpg 1365w, https:\/\/pragueartweek.cz\/wp-content\/uploads\/2022\/08\/stavba-scaled.jpg 1707w","medium_srcset":"https:\/\/pragueartweek.cz\/wp-content\/uploads\/2022\/08\/stavba-440x660.jpg 440w, https:\/\/pragueartweek.cz\/wp-content\/uploads\/2022\/08\/stavba-880x1320.jpg 880w, https:\/\/pragueartweek.cz\/wp-content\/uploads\/2022\/08\/stavba-220x330.jpg 220w, https:\/\/pragueartweek.cz\/wp-content\/uploads\/2022\/08\/stavba-768x1152.jpg 768w, https:\/\/pragueartweek.cz\/wp-content\/uploads\/2022\/08\/stavba-1024x1536.jpg 1024w, https:\/\/pragueartweek.cz\/wp-content\/uploads\/2022\/08\/stavba-1365x2048.jpg 1365w, https:\/\/pragueartweek.cz\/wp-content\/uploads\/2022\/08\/stavba-scaled.jpg 1707w","media_details":{"width":1707,"height":2560,"sizes":{"medium":{"file":"stavba-440x660.jpg","width":440,"height":660,"mime-type":"image\/jpeg","filesize":78229,"source_url":"https:\/\/pragueartweek.cz\/wp-content\/uploads\/2022\/08\/stavba-440x660.jpg"},"large":{"file":"stavba-880x1320.jpg","width":880,"height":1320,"mime-type":"image\/jpeg","filesize":248965,"source_url":"https:\/\/pragueartweek.cz\/wp-content\/uploads\/2022\/08\/stavba-880x1320.jpg"},"thumbnail":{"file":"stavba-220x330.jpg","width":220,"height":330,"mime-type":"image\/jpeg","filesize":30157,"source_url":"https:\/\/pragueartweek.cz\/wp-content\/uploads\/2022\/08\/stavba-220x330.jpg"},"medium_large":{"file":"stavba-768x1152.jpg","width":768,"height":1152,"mime-type":"image\/jpeg","filesize":197090,"source_url":"https:\/\/pragueartweek.cz\/wp-content\/uploads\/2022\/08\/stavba-768x1152.jpg"},"1536x1536":{"file":"stavba-1024x1536.jpg","width":1024,"height":1536,"mime-type":"image\/jpeg","filesize":328862,"source_url":"https:\/\/pragueartweek.cz\/wp-content\/uploads\/2022\/08\/stavba-1024x1536.jpg"},"2048x2048":{"file":"stavba-1365x2048.jpg","width":1365,"height":2048,"mime-type":"image\/jpeg","filesize":569409,"source_url":"https:\/\/pragueartweek.cz\/wp-content\/uploads\/2022\/08\/stavba-1365x2048.jpg"},"cmplz_banner_image":{"file":"stavba-350x100.jpg","width":350,"height":100,"mime-type":"image\/jpeg","filesize":19732,"source_url":"https:\/\/pragueartweek.cz\/wp-content\/uploads\/2022\/08\/stavba-350x100.jpg"}}},"alt_text":"","url":"","target":""},{"id":2170,"title":"1","caption":"","full_image_url":"https:\/\/pragueartweek.cz\/wp-content\/uploads\/2022\/08\/1-scaled.jpg","thumbnail_image_url":"https:\/\/pragueartweek.cz\/wp-content\/uploads\/2022\/08\/1-220x330.jpg","large_srcset":"https:\/\/pragueartweek.cz\/wp-content\/uploads\/2022\/08\/1-880x1320.jpg 880w, https:\/\/pragueartweek.cz\/wp-content\/uploads\/2022\/08\/1-440x660.jpg 440w, https:\/\/pragueartweek.cz\/wp-content\/uploads\/2022\/08\/1-220x330.jpg 220w, https:\/\/pragueartweek.cz\/wp-content\/uploads\/2022\/08\/1-768x1152.jpg 768w, https:\/\/pragueartweek.cz\/wp-content\/uploads\/2022\/08\/1-1024x1536.jpg 1024w, https:\/\/pragueartweek.cz\/wp-content\/uploads\/2022\/08\/1-1365x2048.jpg 1365w, https:\/\/pragueartweek.cz\/wp-content\/uploads\/2022\/08\/1-scaled.jpg 1707w","medium_srcset":"https:\/\/pragueartweek.cz\/wp-content\/uploads\/2022\/08\/1-440x660.jpg 440w, https:\/\/pragueartweek.cz\/wp-content\/uploads\/2022\/08\/1-880x1320.jpg 880w, https:\/\/pragueartweek.cz\/wp-content\/uploads\/2022\/08\/1-220x330.jpg 220w, https:\/\/pragueartweek.cz\/wp-content\/uploads\/2022\/08\/1-768x1152.jpg 768w, https:\/\/pragueartweek.cz\/wp-content\/uploads\/2022\/08\/1-1024x1536.jpg 1024w, https:\/\/pragueartweek.cz\/wp-content\/uploads\/2022\/08\/1-1365x2048.jpg 1365w, https:\/\/pragueartweek.cz\/wp-content\/uploads\/2022\/08\/1-scaled.jpg 1707w","media_details":{"width":1707,"height":2560,"sizes":{"medium":{"file":"1-440x660.jpg","width":440,"height":660,"mime-type":"image\/jpeg","filesize":56330,"source_url":"https:\/\/pragueartweek.cz\/wp-content\/uploads\/2022\/08\/1-440x660.jpg"},"large":{"file":"1-880x1320.jpg","width":880,"height":1320,"mime-type":"image\/jpeg","filesize":168500,"source_url":"https:\/\/pragueartweek.cz\/wp-content\/uploads\/2022\/08\/1-880x1320.jpg"},"thumbnail":{"file":"1-220x330.jpg","width":220,"height":330,"mime-type":"image\/jpeg","filesize":27248,"source_url":"https:\/\/pragueartweek.cz\/wp-content\/uploads\/2022\/08\/1-220x330.jpg"},"medium_large":{"file":"1-768x1152.jpg","width":768,"height":1152,"mime-type":"image\/jpeg","filesize":132761,"source_url":"https:\/\/pragueartweek.cz\/wp-content\/uploads\/2022\/08\/1-768x1152.jpg"},"1536x1536":{"file":"1-1024x1536.jpg","width":1024,"height":1536,"mime-type":"image\/jpeg","filesize":222304,"source_url":"https:\/\/pragueartweek.cz\/wp-content\/uploads\/2022\/08\/1-1024x1536.jpg"},"2048x2048":{"file":"1-1365x2048.jpg","width":1365,"height":2048,"mime-type":"image\/jpeg","filesize":374525,"source_url":"https:\/\/pragueartweek.cz\/wp-content\/uploads\/2022\/08\/1-1365x2048.jpg"},"cmplz_banner_image":{"file":"1-350x100.jpg","width":350,"height":100,"mime-type":"image\/jpeg","filesize":20275,"source_url":"https:\/\/pragueartweek.cz\/wp-content\/uploads\/2022\/08\/1-350x100.jpg"}}},"alt_text":"","url":"","target":""}]]}},"yoast_head":"<!-- This site is optimized with the Yoast SEO plugin v27.4 - https:\/\/yoast.com\/product\/yoast-seo-wordpress\/ -->\n<title>PHOTOGRAPHY WORKSHOP AND LECTURE: PAINTING WITH LIGHT | Prague Art Week 26<\/title>\n<meta name=\"description\" content=\"The event consists of a one-hour lecture and a two-hour photography workshop with David Gaberle in the streets of Prague.\" \/>\n<meta name=\"robots\" content=\"index, follow, max-snippet:-1, max-image-preview:large, max-video-preview:-1\" \/>\n<link rel=\"canonical\" href=\"https:\/\/pragueartweek.cz\/en\/events\/photography-workshop-and-lecture-painting-with-light\/\" \/>\n<meta property=\"og:locale\" content=\"en_US\" \/>\n<meta property=\"og:type\" content=\"article\" \/>\n<meta property=\"og:title\" content=\"PHOTOGRAPHY WORKSHOP AND LECTURE: PAINTING WITH LIGHT | Prague Art Week 26\" \/>\n<meta property=\"og:description\" content=\"The event consists of a one-hour lecture and a two-hour photography workshop with David Gaberle in the streets of Prague.\" \/>\n<meta property=\"og:url\" content=\"https:\/\/pragueartweek.cz\/en\/events\/photography-workshop-and-lecture-painting-with-light\/\" \/>\n<meta property=\"og:site_name\" content=\"Prague Art Week 26\" \/>\n<meta property=\"article:publisher\" content=\"https:\/\/www.facebook.com\/pragueartweek22\/\" \/>\n<meta property=\"article:modified_time\" content=\"2022-09-16T11:32:01+00:00\" \/>\n<meta property=\"og:image\" content=\"https:\/\/pragueartweek.cz\/wp-content\/uploads\/2022\/08\/1-1.jpg\" \/>\n\t<meta property=\"og:image:width\" content=\"450\" \/>\n\t<meta property=\"og:image:height\" content=\"330\" \/>\n\t<meta property=\"og:image:type\" content=\"image\/jpeg\" \/>\n<meta name=\"twitter:card\" content=\"summary_large_image\" \/>\n<meta name=\"twitter:label1\" content=\"Est. reading time\" \/>\n\t<meta name=\"twitter:data1\" content=\"1 minute\" \/>\n<script type=\"application\/ld+json\" class=\"yoast-schema-graph\">{\"@context\":\"https:\\\/\\\/schema.org\",\"@graph\":[{\"@type\":\"WebPage\",\"@id\":\"https:\\\/\\\/pragueartweek.cz\\\/en\\\/events\\\/photography-workshop-and-lecture-painting-with-light\\\/\",\"url\":\"https:\\\/\\\/pragueartweek.cz\\\/en\\\/events\\\/photography-workshop-and-lecture-painting-with-light\\\/\",\"name\":\"PHOTOGRAPHY WORKSHOP AND LECTURE: PAINTING WITH LIGHT | Prague Art Week 26\",\"isPartOf\":{\"@id\":\"https:\\\/\\\/pragueartweek.cz\\\/en\\\/#website\"},\"primaryImageOfPage\":{\"@id\":\"https:\\\/\\\/pragueartweek.cz\\\/en\\\/events\\\/photography-workshop-and-lecture-painting-with-light\\\/#primaryimage\"},\"image\":{\"@id\":\"https:\\\/\\\/pragueartweek.cz\\\/en\\\/events\\\/photography-workshop-and-lecture-painting-with-light\\\/#primaryimage\"},\"thumbnailUrl\":\"https:\\\/\\\/pragueartweek.cz\\\/wp-content\\\/uploads\\\/2022\\\/08\\\/1-1.jpg\",\"datePublished\":\"2022-03-04T11:06:18+00:00\",\"dateModified\":\"2022-09-16T11:32:01+00:00\",\"description\":\"The event consists of a one-hour lecture and a two-hour photography workshop with David Gaberle in the streets of Prague.\",\"breadcrumb\":{\"@id\":\"https:\\\/\\\/pragueartweek.cz\\\/en\\\/events\\\/photography-workshop-and-lecture-painting-with-light\\\/#breadcrumb\"},\"inLanguage\":\"en-US\",\"potentialAction\":[{\"@type\":\"ReadAction\",\"target\":[\"https:\\\/\\\/pragueartweek.cz\\\/en\\\/events\\\/photography-workshop-and-lecture-painting-with-light\\\/\"]}]},{\"@type\":\"ImageObject\",\"inLanguage\":\"en-US\",\"@id\":\"https:\\\/\\\/pragueartweek.cz\\\/en\\\/events\\\/photography-workshop-and-lecture-painting-with-light\\\/#primaryimage\",\"url\":\"https:\\\/\\\/pragueartweek.cz\\\/wp-content\\\/uploads\\\/2022\\\/08\\\/1-1.jpg\",\"contentUrl\":\"https:\\\/\\\/pragueartweek.cz\\\/wp-content\\\/uploads\\\/2022\\\/08\\\/1-1.jpg\",\"width\":450,\"height\":330},{\"@type\":\"BreadcrumbList\",\"@id\":\"https:\\\/\\\/pragueartweek.cz\\\/en\\\/events\\\/photography-workshop-and-lecture-painting-with-light\\\/#breadcrumb\",\"itemListElement\":[{\"@type\":\"ListItem\",\"position\":1,\"name\":\"Home\",\"item\":\"https:\\\/\\\/pragueartweek.cz\\\/en\\\/\"},{\"@type\":\"ListItem\",\"position\":2,\"name\":\"Events\",\"item\":\"https:\\\/\\\/pragueartweek.cz\\\/en\\\/events\\\/\"},{\"@type\":\"ListItem\",\"position\":3,\"name\":\"PHOTOGRAPHY WORKSHOP AND LECTURE: PAINTING WITH LIGHT\"}]},{\"@type\":\"WebSite\",\"@id\":\"https:\\\/\\\/pragueartweek.cz\\\/en\\\/#website\",\"url\":\"https:\\\/\\\/pragueartweek.cz\\\/en\\\/\",\"name\":\"Prague Art Week 26\",\"description\":\"Prague Art Week je otev\u0159enou platformou pro kooperaci nejv\u00fdznamn\u011bj\u0161\u00edch instituc\u00ed na poli pra\u017esk\u00e9 um\u011bleck\u00e9 sc\u00e9ny.\",\"publisher\":{\"@id\":\"https:\\\/\\\/pragueartweek.cz\\\/en\\\/#organization\"},\"potentialAction\":[{\"@type\":\"SearchAction\",\"target\":{\"@type\":\"EntryPoint\",\"urlTemplate\":\"https:\\\/\\\/pragueartweek.cz\\\/en\\\/?s={search_term_string}\"},\"query-input\":{\"@type\":\"PropertyValueSpecification\",\"valueRequired\":true,\"valueName\":\"search_term_string\"}}],\"inLanguage\":\"en-US\"},{\"@type\":\"Organization\",\"@id\":\"https:\\\/\\\/pragueartweek.cz\\\/en\\\/#organization\",\"name\":\"Prague Art Week\",\"url\":\"https:\\\/\\\/pragueartweek.cz\\\/en\\\/\",\"logo\":{\"@type\":\"ImageObject\",\"inLanguage\":\"en-US\",\"@id\":\"https:\\\/\\\/pragueartweek.cz\\\/en\\\/#\\\/schema\\\/logo\\\/image\\\/\",\"url\":\"https:\\\/\\\/pragueartweek.cz\\\/wp-content\\\/uploads\\\/2022\\\/04\\\/LOGO_PAW_bez-roku-02.png\",\"contentUrl\":\"https:\\\/\\\/pragueartweek.cz\\\/wp-content\\\/uploads\\\/2022\\\/04\\\/LOGO_PAW_bez-roku-02.png\",\"width\":2481,\"height\":1749,\"caption\":\"Prague Art Week\"},\"image\":{\"@id\":\"https:\\\/\\\/pragueartweek.cz\\\/en\\\/#\\\/schema\\\/logo\\\/image\\\/\"},\"sameAs\":[\"https:\\\/\\\/www.facebook.com\\\/pragueartweek22\\\/\",\"https:\\\/\\\/www.instagram.com\\\/prague_art_week\\\/\"]}]}<\/script>\n<!-- \/ Yoast SEO plugin. -->","yoast_head_json":{"title":"PHOTOGRAPHY WORKSHOP AND LECTURE: PAINTING WITH LIGHT | Prague Art Week 26","description":"The event consists of a one-hour lecture and a two-hour photography workshop with David Gaberle in the streets of Prague.","robots":{"index":"index","follow":"follow","max-snippet":"max-snippet:-1","max-image-preview":"max-image-preview:large","max-video-preview":"max-video-preview:-1"},"canonical":"https:\/\/pragueartweek.cz\/en\/events\/photography-workshop-and-lecture-painting-with-light\/","og_locale":"en_US","og_type":"article","og_title":"PHOTOGRAPHY WORKSHOP AND LECTURE: PAINTING WITH LIGHT | Prague Art Week 26","og_description":"The event consists of a one-hour lecture and a two-hour photography workshop with David Gaberle in the streets of Prague.","og_url":"https:\/\/pragueartweek.cz\/en\/events\/photography-workshop-and-lecture-painting-with-light\/","og_site_name":"Prague Art Week 26","article_publisher":"https:\/\/www.facebook.com\/pragueartweek22\/","article_modified_time":"2022-09-16T11:32:01+00:00","og_image":[{"width":450,"height":330,"url":"https:\/\/pragueartweek.cz\/wp-content\/uploads\/2022\/08\/1-1.jpg","type":"image\/jpeg"}],"twitter_card":"summary_large_image","twitter_misc":{"Est. reading time":"1 minute"},"schema":{"@context":"https:\/\/schema.org","@graph":[{"@type":"WebPage","@id":"https:\/\/pragueartweek.cz\/en\/events\/photography-workshop-and-lecture-painting-with-light\/","url":"https:\/\/pragueartweek.cz\/en\/events\/photography-workshop-and-lecture-painting-with-light\/","name":"PHOTOGRAPHY WORKSHOP AND LECTURE: PAINTING WITH LIGHT | Prague Art Week 26","isPartOf":{"@id":"https:\/\/pragueartweek.cz\/en\/#website"},"primaryImageOfPage":{"@id":"https:\/\/pragueartweek.cz\/en\/events\/photography-workshop-and-lecture-painting-with-light\/#primaryimage"},"image":{"@id":"https:\/\/pragueartweek.cz\/en\/events\/photography-workshop-and-lecture-painting-with-light\/#primaryimage"},"thumbnailUrl":"https:\/\/pragueartweek.cz\/wp-content\/uploads\/2022\/08\/1-1.jpg","datePublished":"2022-03-04T11:06:18+00:00","dateModified":"2022-09-16T11:32:01+00:00","description":"The event consists of a one-hour lecture and a two-hour photography workshop with David Gaberle in the streets of Prague.","breadcrumb":{"@id":"https:\/\/pragueartweek.cz\/en\/events\/photography-workshop-and-lecture-painting-with-light\/#breadcrumb"},"inLanguage":"en-US","potentialAction":[{"@type":"ReadAction","target":["https:\/\/pragueartweek.cz\/en\/events\/photography-workshop-and-lecture-painting-with-light\/"]}]},{"@type":"ImageObject","inLanguage":"en-US","@id":"https:\/\/pragueartweek.cz\/en\/events\/photography-workshop-and-lecture-painting-with-light\/#primaryimage","url":"https:\/\/pragueartweek.cz\/wp-content\/uploads\/2022\/08\/1-1.jpg","contentUrl":"https:\/\/pragueartweek.cz\/wp-content\/uploads\/2022\/08\/1-1.jpg","width":450,"height":330},{"@type":"BreadcrumbList","@id":"https:\/\/pragueartweek.cz\/en\/events\/photography-workshop-and-lecture-painting-with-light\/#breadcrumb","itemListElement":[{"@type":"ListItem","position":1,"name":"Home","item":"https:\/\/pragueartweek.cz\/en\/"},{"@type":"ListItem","position":2,"name":"Events","item":"https:\/\/pragueartweek.cz\/en\/events\/"},{"@type":"ListItem","position":3,"name":"PHOTOGRAPHY WORKSHOP AND LECTURE: PAINTING WITH LIGHT"}]},{"@type":"WebSite","@id":"https:\/\/pragueartweek.cz\/en\/#website","url":"https:\/\/pragueartweek.cz\/en\/","name":"Prague Art Week 26","description":"Prague Art Week je otev\u0159enou platformou pro kooperaci nejv\u00fdznamn\u011bj\u0161\u00edch instituc\u00ed na poli pra\u017esk\u00e9 um\u011bleck\u00e9 sc\u00e9ny.","publisher":{"@id":"https:\/\/pragueartweek.cz\/en\/#organization"},"potentialAction":[{"@type":"SearchAction","target":{"@type":"EntryPoint","urlTemplate":"https:\/\/pragueartweek.cz\/en\/?s={search_term_string}"},"query-input":{"@type":"PropertyValueSpecification","valueRequired":true,"valueName":"search_term_string"}}],"inLanguage":"en-US"},{"@type":"Organization","@id":"https:\/\/pragueartweek.cz\/en\/#organization","name":"Prague Art Week","url":"https:\/\/pragueartweek.cz\/en\/","logo":{"@type":"ImageObject","inLanguage":"en-US","@id":"https:\/\/pragueartweek.cz\/en\/#\/schema\/logo\/image\/","url":"https:\/\/pragueartweek.cz\/wp-content\/uploads\/2022\/04\/LOGO_PAW_bez-roku-02.png","contentUrl":"https:\/\/pragueartweek.cz\/wp-content\/uploads\/2022\/04\/LOGO_PAW_bez-roku-02.png","width":2481,"height":1749,"caption":"Prague Art Week"},"image":{"@id":"https:\/\/pragueartweek.cz\/en\/#\/schema\/logo\/image\/"},"sameAs":["https:\/\/www.facebook.com\/pragueartweek22\/","https:\/\/www.instagram.com\/prague_art_week\/"]}]}},"_links":{"self":[{"href":"https:\/\/pragueartweek.cz\/en\/wp-json\/wp\/v2\/udalosti\/2176","targetHints":{"allow":["GET"]}}],"collection":[{"href":"https:\/\/pragueartweek.cz\/en\/wp-json\/wp\/v2\/udalosti"}],"about":[{"href":"https:\/\/pragueartweek.cz\/en\/wp-json\/wp\/v2\/types\/udalosti"}],"version-history":[{"count":3,"href":"https:\/\/pragueartweek.cz\/en\/wp-json\/wp\/v2\/udalosti\/2176\/revisions"}],"predecessor-version":[{"id":2922,"href":"https:\/\/pragueartweek.cz\/en\/wp-json\/wp\/v2\/udalosti\/2176\/revisions\/2922"}],"wp:featuredmedia":[{"embeddable":true,"href":"https:\/\/pragueartweek.cz\/en\/wp-json\/wp\/v2\/media\/2174"}],"wp:attachment":[{"href":"https:\/\/pragueartweek.cz\/en\/wp-json\/wp\/v2\/media?parent=2176"}],"wp:term":[{"taxonomy":"kategorie","embeddable":true,"href":"https:\/\/pragueartweek.cz\/en\/wp-json\/wp\/v2\/kategorie?post=2176"},{"taxonomy":"lokalita","embeddable":true,"href":"https:\/\/pragueartweek.cz\/en\/wp-json\/wp\/v2\/lokalita?post=2176"},{"taxonomy":"termin","embeddable":true,"href":"https:\/\/pragueartweek.cz\/en\/wp-json\/wp\/v2\/termin?post=2176"}],"curies":[{"name":"wp","href":"https:\/\/api.w.org\/{rel}","templated":true}]}}