{"id":3108,"date":"2022-03-04T15:17:40","date_gmt":"2022-03-04T14:17:40","guid":{"rendered":"https:\/\/pragueartweek.cz\/?post_type=udalosti&#038;p=3108"},"modified":"2022-09-16T13:30:55","modified_gmt":"2022-09-16T11:30:55","slug":"about-zobek-and-kmentova-with-their-daughter-herself","status":"publish","type":"udalosti","link":"https:\/\/pragueartweek.cz\/en\/events\/about-zobek-and-kmentova-with-their-daughter-herself\/","title":{"rendered":"About Zobek and Kmentov\u00e1 with their Daughter Herself"},"content":{"rendered":"<p>tickets <a href=\"https:\/\/goout.net\/en\/about-zobek-and-kmentova-with-their-daughter-herself\/sztxkau\/\" target=\"_blank\" rel=\"noopener\">HERE<\/a><\/p>\n","protected":false},"excerpt":{"rendered":"<p>tickets HERE<\/p>\n","protected":false},"featured_media":3106,"parent":0,"menu_order":0,"template":"","format":"standard","meta":{"_acf_changed":false,"footnotes":""},"kategorie":[213,187],"lokalita":[138],"termin":[],"class_list":["post-3108","udalosti","type-udalosti","status-publish","format-standard","has-post-thumbnail","hentry","kategorie-discussion","kategorie-past-event","lokalita-museum-kampa-en","wpautop"],"acf":{"photo_gallery":{"udalost_galerie":[[{"id":3102,"title":"1121508-800","caption":"","full_image_url":"https:\/\/pragueartweek.cz\/wp-content\/uploads\/2022\/09\/1121508-800.jpg","thumbnail_image_url":"https:\/\/pragueartweek.cz\/wp-content\/uploads\/2022\/09\/1121508-800-373x330.jpg","large_srcset":"https:\/\/pragueartweek.cz\/wp-content\/uploads\/2022\/09\/1121508-800-1493x1320.jpg 1493w, https:\/\/pragueartweek.cz\/wp-content\/uploads\/2022\/09\/1121508-800-746x660.jpg 746w, https:\/\/pragueartweek.cz\/wp-content\/uploads\/2022\/09\/1121508-800-373x330.jpg 373w, https:\/\/pragueartweek.cz\/wp-content\/uploads\/2022\/09\/1121508-800-768x679.jpg 768w, https:\/\/pragueartweek.cz\/wp-content\/uploads\/2022\/09\/1121508-800-1536x1358.jpg 1536w, https:\/\/pragueartweek.cz\/wp-content\/uploads\/2022\/09\/1121508-800.jpg 2048w","medium_srcset":"https:\/\/pragueartweek.cz\/wp-content\/uploads\/2022\/09\/1121508-800-746x660.jpg 746w, https:\/\/pragueartweek.cz\/wp-content\/uploads\/2022\/09\/1121508-800-1493x1320.jpg 1493w, https:\/\/pragueartweek.cz\/wp-content\/uploads\/2022\/09\/1121508-800-373x330.jpg 373w, https:\/\/pragueartweek.cz\/wp-content\/uploads\/2022\/09\/1121508-800-768x679.jpg 768w, https:\/\/pragueartweek.cz\/wp-content\/uploads\/2022\/09\/1121508-800-1536x1358.jpg 1536w, https:\/\/pragueartweek.cz\/wp-content\/uploads\/2022\/09\/1121508-800.jpg 2048w","media_details":{"width":2048,"height":1811,"sizes":{"medium":{"file":"1121508-800-746x660.jpg","width":746,"height":660,"mime-type":"image\/jpeg","filesize":103336,"source_url":"https:\/\/pragueartweek.cz\/wp-content\/uploads\/2022\/09\/1121508-800-746x660.jpg"},"large":{"file":"1121508-800-1493x1320.jpg","width":1493,"height":1320,"mime-type":"image\/jpeg","filesize":377701,"source_url":"https:\/\/pragueartweek.cz\/wp-content\/uploads\/2022\/09\/1121508-800-1493x1320.jpg"},"thumbnail":{"file":"1121508-800-373x330.jpg","width":373,"height":330,"mime-type":"image\/jpeg","filesize":30250,"source_url":"https:\/\/pragueartweek.cz\/wp-content\/uploads\/2022\/09\/1121508-800-373x330.jpg"},"medium_large":{"file":"1121508-800-768x679.jpg","width":768,"height":679,"mime-type":"image\/jpeg","filesize":108544,"source_url":"https:\/\/pragueartweek.cz\/wp-content\/uploads\/2022\/09\/1121508-800-768x679.jpg"},"1536x1536":{"file":"1121508-800-1536x1358.jpg","width":1536,"height":1358,"mime-type":"image\/jpeg","filesize":398087,"source_url":"https:\/\/pragueartweek.cz\/wp-content\/uploads\/2022\/09\/1121508-800-1536x1358.jpg"},"cmplz_banner_image":{"file":"1121508-800-350x100.jpg","width":350,"height":100,"mime-type":"image\/jpeg","filesize":10658,"source_url":"https:\/\/pragueartweek.cz\/wp-content\/uploads\/2022\/09\/1121508-800-350x100.jpg"}}},"alt_text":"","url":"","target":""},{"id":3100,"title":"1121511-800","caption":"","full_image_url":"https:\/\/pragueartweek.cz\/wp-content\/uploads\/2022\/09\/1121511-800.jpg","thumbnail_image_url":"https:\/\/pragueartweek.cz\/wp-content\/uploads\/2022\/09\/1121511-800-238x330.jpg","large_srcset":"https:\/\/pragueartweek.cz\/wp-content\/uploads\/2022\/09\/1121511-800.jpg 923w, https:\/\/pragueartweek.cz\/wp-content\/uploads\/2022\/09\/1121511-800-476x660.jpg 476w, https:\/\/pragueartweek.cz\/wp-content\/uploads\/2022\/09\/1121511-800-238x330.jpg 238w, https:\/\/pragueartweek.cz\/wp-content\/uploads\/2022\/09\/1121511-800-768x1065.jpg 768w","medium_srcset":"https:\/\/pragueartweek.cz\/wp-content\/uploads\/2022\/09\/1121511-800-476x660.jpg 476w, https:\/\/pragueartweek.cz\/wp-content\/uploads\/2022\/09\/1121511-800-238x330.jpg 238w, https:\/\/pragueartweek.cz\/wp-content\/uploads\/2022\/09\/1121511-800-768x1065.jpg 768w, https:\/\/pragueartweek.cz\/wp-content\/uploads\/2022\/09\/1121511-800.jpg 923w","media_details":{"width":923,"height":1280,"sizes":{"medium":{"file":"1121511-800-476x660.jpg","width":476,"height":660,"mime-type":"image\/jpeg","filesize":57379,"source_url":"https:\/\/pragueartweek.cz\/wp-content\/uploads\/2022\/09\/1121511-800-476x660.jpg"},"thumbnail":{"file":"1121511-800-238x330.jpg","width":238,"height":330,"mime-type":"image\/jpeg","filesize":17420,"source_url":"https:\/\/pragueartweek.cz\/wp-content\/uploads\/2022\/09\/1121511-800-238x330.jpg"},"medium_large":{"file":"1121511-800-768x1065.jpg","width":768,"height":1065,"mime-type":"image\/jpeg","filesize":134924,"source_url":"https:\/\/pragueartweek.cz\/wp-content\/uploads\/2022\/09\/1121511-800-768x1065.jpg"},"cmplz_banner_image":{"file":"1121511-800-350x100.jpg","width":350,"height":100,"mime-type":"image\/jpeg","filesize":8317,"source_url":"https:\/\/pragueartweek.cz\/wp-content\/uploads\/2022\/09\/1121511-800-350x100.jpg"}}},"alt_text":"","url":"","target":""},{"id":3104,"title":"1121504-800 (1)","caption":"","full_image_url":"https:\/\/pragueartweek.cz\/wp-content\/uploads\/2022\/09\/1121504-800-1.webp","thumbnail_image_url":"https:\/\/pragueartweek.cz\/wp-content\/uploads\/2022\/09\/1121504-800-1-450x300.webp","large_srcset":"https:\/\/pragueartweek.cz\/wp-content\/uploads\/2022\/09\/1121504-800-1.webp 1280w, https:\/\/pragueartweek.cz\/wp-content\/uploads\/2022\/09\/1121504-800-1-900x599.webp 900w, https:\/\/pragueartweek.cz\/wp-content\/uploads\/2022\/09\/1121504-800-1-450x300.webp 450w, https:\/\/pragueartweek.cz\/wp-content\/uploads\/2022\/09\/1121504-800-1-768x511.webp 768w","medium_srcset":"https:\/\/pragueartweek.cz\/wp-content\/uploads\/2022\/09\/1121504-800-1-900x599.webp 900w, https:\/\/pragueartweek.cz\/wp-content\/uploads\/2022\/09\/1121504-800-1-450x300.webp 450w, https:\/\/pragueartweek.cz\/wp-content\/uploads\/2022\/09\/1121504-800-1-768x511.webp 768w, https:\/\/pragueartweek.cz\/wp-content\/uploads\/2022\/09\/1121504-800-1.webp 1280w","media_details":{"width":1280,"height":852,"sizes":{"medium":{"file":"1121504-800-1-900x599.webp","width":900,"height":599,"mime-type":"image\/webp","filesize":55648,"source_url":"https:\/\/pragueartweek.cz\/wp-content\/uploads\/2022\/09\/1121504-800-1-900x599.webp"},"thumbnail":{"file":"1121504-800-1-450x300.webp","width":450,"height":300,"mime-type":"image\/webp","filesize":21702,"source_url":"https:\/\/pragueartweek.cz\/wp-content\/uploads\/2022\/09\/1121504-800-1-450x300.webp"},"medium_large":{"file":"1121504-800-1-768x511.webp","width":768,"height":511,"mime-type":"image\/webp","filesize":44714,"source_url":"https:\/\/pragueartweek.cz\/wp-content\/uploads\/2022\/09\/1121504-800-1-768x511.webp"},"cmplz_banner_image":{"file":"1121504-800-1-350x100.webp","width":350,"height":100,"mime-type":"image\/webp","filesize":7296,"source_url":"https:\/\/pragueartweek.cz\/wp-content\/uploads\/2022\/09\/1121504-800-1-350x100.webp"}}},"alt_text":"","url":"","target":""}]]}},"yoast_head":"<!-- This site is optimized with the Yoast SEO plugin v27.4 - https:\/\/yoast.com\/product\/yoast-seo-wordpress\/ -->\n<title>About Zobek and Kmentov\u00e1 with their Daughter Herself | Prague Art Week 26<\/title>\n<meta name=\"description\" content=\"The works of Eva Kmentov\u00e1 and Olbram Zoubek are sought after by collectors everywhere.\" \/>\n<meta name=\"robots\" content=\"index, follow, max-snippet:-1, max-image-preview:large, max-video-preview:-1\" \/>\n<link rel=\"canonical\" href=\"https:\/\/pragueartweek.cz\/en\/events\/about-zobek-and-kmentova-with-their-daughter-herself\/\" \/>\n<meta property=\"og:locale\" content=\"en_US\" \/>\n<meta property=\"og:type\" content=\"article\" \/>\n<meta property=\"og:title\" content=\"About Zobek and Kmentov\u00e1 with their Daughter Herself | Prague Art Week 26\" \/>\n<meta property=\"og:description\" content=\"The works of Eva Kmentov\u00e1 and Olbram Zoubek are sought after by collectors everywhere.\" \/>\n<meta property=\"og:url\" content=\"https:\/\/pragueartweek.cz\/en\/events\/about-zobek-and-kmentova-with-their-daughter-herself\/\" \/>\n<meta property=\"og:site_name\" content=\"Prague Art Week 26\" \/>\n<meta property=\"article:publisher\" content=\"https:\/\/www.facebook.com\/pragueartweek22\/\" \/>\n<meta property=\"article:modified_time\" content=\"2022-09-16T11:30:55+00:00\" \/>\n<meta property=\"og:image\" content=\"https:\/\/pragueartweek.cz\/wp-content\/uploads\/2022\/09\/1121508-800-1.jpg\" \/>\n\t<meta property=\"og:image:width\" content=\"450\" \/>\n\t<meta property=\"og:image:height\" content=\"330\" \/>\n\t<meta property=\"og:image:type\" content=\"image\/jpeg\" \/>\n<meta name=\"twitter:card\" content=\"summary_large_image\" \/>\n<meta name=\"twitter:label1\" content=\"Est. reading time\" \/>\n\t<meta name=\"twitter:data1\" content=\"1 minute\" \/>\n<script type=\"application\/ld+json\" class=\"yoast-schema-graph\">{\"@context\":\"https:\\\/\\\/schema.org\",\"@graph\":[{\"@type\":\"WebPage\",\"@id\":\"https:\\\/\\\/pragueartweek.cz\\\/en\\\/events\\\/about-zobek-and-kmentova-with-their-daughter-herself\\\/\",\"url\":\"https:\\\/\\\/pragueartweek.cz\\\/en\\\/events\\\/about-zobek-and-kmentova-with-their-daughter-herself\\\/\",\"name\":\"About Zobek and Kmentov\u00e1 with their Daughter Herself | Prague Art Week 26\",\"isPartOf\":{\"@id\":\"https:\\\/\\\/pragueartweek.cz\\\/en\\\/#website\"},\"primaryImageOfPage\":{\"@id\":\"https:\\\/\\\/pragueartweek.cz\\\/en\\\/events\\\/about-zobek-and-kmentova-with-their-daughter-herself\\\/#primaryimage\"},\"image\":{\"@id\":\"https:\\\/\\\/pragueartweek.cz\\\/en\\\/events\\\/about-zobek-and-kmentova-with-their-daughter-herself\\\/#primaryimage\"},\"thumbnailUrl\":\"https:\\\/\\\/pragueartweek.cz\\\/wp-content\\\/uploads\\\/2022\\\/09\\\/1121508-800-1.jpg\",\"datePublished\":\"2022-03-04T14:17:40+00:00\",\"dateModified\":\"2022-09-16T11:30:55+00:00\",\"description\":\"The works of Eva Kmentov\u00e1 and Olbram Zoubek are sought after by collectors everywhere.\",\"breadcrumb\":{\"@id\":\"https:\\\/\\\/pragueartweek.cz\\\/en\\\/events\\\/about-zobek-and-kmentova-with-their-daughter-herself\\\/#breadcrumb\"},\"inLanguage\":\"en-US\",\"potentialAction\":[{\"@type\":\"ReadAction\",\"target\":[\"https:\\\/\\\/pragueartweek.cz\\\/en\\\/events\\\/about-zobek-and-kmentova-with-their-daughter-herself\\\/\"]}]},{\"@type\":\"ImageObject\",\"inLanguage\":\"en-US\",\"@id\":\"https:\\\/\\\/pragueartweek.cz\\\/en\\\/events\\\/about-zobek-and-kmentova-with-their-daughter-herself\\\/#primaryimage\",\"url\":\"https:\\\/\\\/pragueartweek.cz\\\/wp-content\\\/uploads\\\/2022\\\/09\\\/1121508-800-1.jpg\",\"contentUrl\":\"https:\\\/\\\/pragueartweek.cz\\\/wp-content\\\/uploads\\\/2022\\\/09\\\/1121508-800-1.jpg\",\"width\":450,\"height\":330},{\"@type\":\"BreadcrumbList\",\"@id\":\"https:\\\/\\\/pragueartweek.cz\\\/en\\\/events\\\/about-zobek-and-kmentova-with-their-daughter-herself\\\/#breadcrumb\",\"itemListElement\":[{\"@type\":\"ListItem\",\"position\":1,\"name\":\"Home\",\"item\":\"https:\\\/\\\/pragueartweek.cz\\\/en\\\/\"},{\"@type\":\"ListItem\",\"position\":2,\"name\":\"Events\",\"item\":\"https:\\\/\\\/pragueartweek.cz\\\/en\\\/events\\\/\"},{\"@type\":\"ListItem\",\"position\":3,\"name\":\"About Zobek and Kmentov\u00e1 with their Daughter Herself\"}]},{\"@type\":\"WebSite\",\"@id\":\"https:\\\/\\\/pragueartweek.cz\\\/en\\\/#website\",\"url\":\"https:\\\/\\\/pragueartweek.cz\\\/en\\\/\",\"name\":\"Prague Art Week 26\",\"description\":\"Prague Art Week je otev\u0159enou platformou pro kooperaci nejv\u00fdznamn\u011bj\u0161\u00edch instituc\u00ed na poli pra\u017esk\u00e9 um\u011bleck\u00e9 sc\u00e9ny.\",\"publisher\":{\"@id\":\"https:\\\/\\\/pragueartweek.cz\\\/en\\\/#organization\"},\"potentialAction\":[{\"@type\":\"SearchAction\",\"target\":{\"@type\":\"EntryPoint\",\"urlTemplate\":\"https:\\\/\\\/pragueartweek.cz\\\/en\\\/?s={search_term_string}\"},\"query-input\":{\"@type\":\"PropertyValueSpecification\",\"valueRequired\":true,\"valueName\":\"search_term_string\"}}],\"inLanguage\":\"en-US\"},{\"@type\":\"Organization\",\"@id\":\"https:\\\/\\\/pragueartweek.cz\\\/en\\\/#organization\",\"name\":\"Prague Art Week\",\"url\":\"https:\\\/\\\/pragueartweek.cz\\\/en\\\/\",\"logo\":{\"@type\":\"ImageObject\",\"inLanguage\":\"en-US\",\"@id\":\"https:\\\/\\\/pragueartweek.cz\\\/en\\\/#\\\/schema\\\/logo\\\/image\\\/\",\"url\":\"https:\\\/\\\/pragueartweek.cz\\\/wp-content\\\/uploads\\\/2022\\\/04\\\/LOGO_PAW_bez-roku-02.png\",\"contentUrl\":\"https:\\\/\\\/pragueartweek.cz\\\/wp-content\\\/uploads\\\/2022\\\/04\\\/LOGO_PAW_bez-roku-02.png\",\"width\":2481,\"height\":1749,\"caption\":\"Prague Art Week\"},\"image\":{\"@id\":\"https:\\\/\\\/pragueartweek.cz\\\/en\\\/#\\\/schema\\\/logo\\\/image\\\/\"},\"sameAs\":[\"https:\\\/\\\/www.facebook.com\\\/pragueartweek22\\\/\",\"https:\\\/\\\/www.instagram.com\\\/prague_art_week\\\/\"]}]}<\/script>\n<!-- \/ Yoast SEO plugin. -->","yoast_head_json":{"title":"About Zobek and Kmentov\u00e1 with their Daughter Herself | Prague Art Week 26","description":"The works of Eva Kmentov\u00e1 and Olbram Zoubek are sought after by collectors everywhere.","robots":{"index":"index","follow":"follow","max-snippet":"max-snippet:-1","max-image-preview":"max-image-preview:large","max-video-preview":"max-video-preview:-1"},"canonical":"https:\/\/pragueartweek.cz\/en\/events\/about-zobek-and-kmentova-with-their-daughter-herself\/","og_locale":"en_US","og_type":"article","og_title":"About Zobek and Kmentov\u00e1 with their Daughter Herself | Prague Art Week 26","og_description":"The works of Eva Kmentov\u00e1 and Olbram Zoubek are sought after by collectors everywhere.","og_url":"https:\/\/pragueartweek.cz\/en\/events\/about-zobek-and-kmentova-with-their-daughter-herself\/","og_site_name":"Prague Art Week 26","article_publisher":"https:\/\/www.facebook.com\/pragueartweek22\/","article_modified_time":"2022-09-16T11:30:55+00:00","og_image":[{"width":450,"height":330,"url":"https:\/\/pragueartweek.cz\/wp-content\/uploads\/2022\/09\/1121508-800-1.jpg","type":"image\/jpeg"}],"twitter_card":"summary_large_image","twitter_misc":{"Est. reading time":"1 minute"},"schema":{"@context":"https:\/\/schema.org","@graph":[{"@type":"WebPage","@id":"https:\/\/pragueartweek.cz\/en\/events\/about-zobek-and-kmentova-with-their-daughter-herself\/","url":"https:\/\/pragueartweek.cz\/en\/events\/about-zobek-and-kmentova-with-their-daughter-herself\/","name":"About Zobek and Kmentov\u00e1 with their Daughter Herself | Prague Art Week 26","isPartOf":{"@id":"https:\/\/pragueartweek.cz\/en\/#website"},"primaryImageOfPage":{"@id":"https:\/\/pragueartweek.cz\/en\/events\/about-zobek-and-kmentova-with-their-daughter-herself\/#primaryimage"},"image":{"@id":"https:\/\/pragueartweek.cz\/en\/events\/about-zobek-and-kmentova-with-their-daughter-herself\/#primaryimage"},"thumbnailUrl":"https:\/\/pragueartweek.cz\/wp-content\/uploads\/2022\/09\/1121508-800-1.jpg","datePublished":"2022-03-04T14:17:40+00:00","dateModified":"2022-09-16T11:30:55+00:00","description":"The works of Eva Kmentov\u00e1 and Olbram Zoubek are sought after by collectors everywhere.","breadcrumb":{"@id":"https:\/\/pragueartweek.cz\/en\/events\/about-zobek-and-kmentova-with-their-daughter-herself\/#breadcrumb"},"inLanguage":"en-US","potentialAction":[{"@type":"ReadAction","target":["https:\/\/pragueartweek.cz\/en\/events\/about-zobek-and-kmentova-with-their-daughter-herself\/"]}]},{"@type":"ImageObject","inLanguage":"en-US","@id":"https:\/\/pragueartweek.cz\/en\/events\/about-zobek-and-kmentova-with-their-daughter-herself\/#primaryimage","url":"https:\/\/pragueartweek.cz\/wp-content\/uploads\/2022\/09\/1121508-800-1.jpg","contentUrl":"https:\/\/pragueartweek.cz\/wp-content\/uploads\/2022\/09\/1121508-800-1.jpg","width":450,"height":330},{"@type":"BreadcrumbList","@id":"https:\/\/pragueartweek.cz\/en\/events\/about-zobek-and-kmentova-with-their-daughter-herself\/#breadcrumb","itemListElement":[{"@type":"ListItem","position":1,"name":"Home","item":"https:\/\/pragueartweek.cz\/en\/"},{"@type":"ListItem","position":2,"name":"Events","item":"https:\/\/pragueartweek.cz\/en\/events\/"},{"@type":"ListItem","position":3,"name":"About Zobek and Kmentov\u00e1 with their Daughter Herself"}]},{"@type":"WebSite","@id":"https:\/\/pragueartweek.cz\/en\/#website","url":"https:\/\/pragueartweek.cz\/en\/","name":"Prague Art Week 26","description":"Prague Art Week je otev\u0159enou platformou pro kooperaci nejv\u00fdznamn\u011bj\u0161\u00edch instituc\u00ed na poli pra\u017esk\u00e9 um\u011bleck\u00e9 sc\u00e9ny.","publisher":{"@id":"https:\/\/pragueartweek.cz\/en\/#organization"},"potentialAction":[{"@type":"SearchAction","target":{"@type":"EntryPoint","urlTemplate":"https:\/\/pragueartweek.cz\/en\/?s={search_term_string}"},"query-input":{"@type":"PropertyValueSpecification","valueRequired":true,"valueName":"search_term_string"}}],"inLanguage":"en-US"},{"@type":"Organization","@id":"https:\/\/pragueartweek.cz\/en\/#organization","name":"Prague Art Week","url":"https:\/\/pragueartweek.cz\/en\/","logo":{"@type":"ImageObject","inLanguage":"en-US","@id":"https:\/\/pragueartweek.cz\/en\/#\/schema\/logo\/image\/","url":"https:\/\/pragueartweek.cz\/wp-content\/uploads\/2022\/04\/LOGO_PAW_bez-roku-02.png","contentUrl":"https:\/\/pragueartweek.cz\/wp-content\/uploads\/2022\/04\/LOGO_PAW_bez-roku-02.png","width":2481,"height":1749,"caption":"Prague Art Week"},"image":{"@id":"https:\/\/pragueartweek.cz\/en\/#\/schema\/logo\/image\/"},"sameAs":["https:\/\/www.facebook.com\/pragueartweek22\/","https:\/\/www.instagram.com\/prague_art_week\/"]}]}},"_links":{"self":[{"href":"https:\/\/pragueartweek.cz\/en\/wp-json\/wp\/v2\/udalosti\/3108","targetHints":{"allow":["GET"]}}],"collection":[{"href":"https:\/\/pragueartweek.cz\/en\/wp-json\/wp\/v2\/udalosti"}],"about":[{"href":"https:\/\/pragueartweek.cz\/en\/wp-json\/wp\/v2\/types\/udalosti"}],"version-history":[{"count":2,"href":"https:\/\/pragueartweek.cz\/en\/wp-json\/wp\/v2\/udalosti\/3108\/revisions"}],"predecessor-version":[{"id":3139,"href":"https:\/\/pragueartweek.cz\/en\/wp-json\/wp\/v2\/udalosti\/3108\/revisions\/3139"}],"wp:featuredmedia":[{"embeddable":true,"href":"https:\/\/pragueartweek.cz\/en\/wp-json\/wp\/v2\/media\/3106"}],"wp:attachment":[{"href":"https:\/\/pragueartweek.cz\/en\/wp-json\/wp\/v2\/media?parent=3108"}],"wp:term":[{"taxonomy":"kategorie","embeddable":true,"href":"https:\/\/pragueartweek.cz\/en\/wp-json\/wp\/v2\/kategorie?post=3108"},{"taxonomy":"lokalita","embeddable":true,"href":"https:\/\/pragueartweek.cz\/en\/wp-json\/wp\/v2\/lokalita?post=3108"},{"taxonomy":"termin","embeddable":true,"href":"https:\/\/pragueartweek.cz\/en\/wp-json\/wp\/v2\/termin?post=3108"}],"curies":[{"name":"wp","href":"https:\/\/api.w.org\/{rel}","templated":true}]}}