{"id":3337,"date":"2022-10-06T17:53:16","date_gmt":"2022-10-06T15:53:16","guid":{"rendered":"https:\/\/pragueartweek.cz\/?post_type=udalosti&#038;p=3337"},"modified":"2023-02-24T09:26:35","modified_gmt":"2023-02-24T08:26:35","slug":"fragilites","status":"publish","type":"udalosti","link":"https:\/\/pragueartweek.cz\/en\/events\/fragilites\/","title":{"rendered":"fragilit\u00e9s"},"content":{"rendered":"<p>Fragility has emerged in recent years as a key concept through which to reimagine both human and ecological conditions. The exhibition&nbsp;<em>fragilit\u00e9s<\/em>&nbsp;unfolds the concerns, visions, and sensibilities expressed by artists who have engaged deeply with fragility and reflected on its tensions, complexities and paradoxes. The traditional meaning of fragility \u2013 weakness, powerlessness, passivity&nbsp;\u2013&nbsp;is challenged, and claimed instead as a source of force and agency that encourages sustaining interdependencies.<\/p>\n<p>The exhibition brings together several generations, beginning with a web of connections between the oeuvres of Louise Bourgeois, Maria Bartuszov\u00e1, Geta Br\u0103tescu and Alina Szapocznikow. Sensual and reflective, the transformative fragility in their work proposes alternatives to the dominant ideas of the human body as a complete and integrated entity. Distinctions between wholeness and fragmentation, sensuality and abjection, male and female remain blurred in the organic fluidity of their forms. Their innovative explorations embraced what we might today call the&nbsp;<em>\u00e9cologie&nbsp;<\/em><em>du sensible<\/em>,&nbsp;a profound intuitive attention and response to our environments.<\/p>\n<p>Exhibition opening 19. 10. 2022, 6 pm.&nbsp;<\/p>\n<p><a href=\"https:\/\/www.galerierudolfinum.cz\/en\/exhibitions\/upcoming-exhibition\/fragilites\/\">Rudolfinum Gallery<\/a><\/p>\n","protected":false},"excerpt":{"rendered":"<p>Fragility has emerged in recent years as a key concept through which to reimagine both human and ecological conditions. The exhibition&nbsp;fragilit\u00e9s&nbsp;unfolds the concerns, visions, and sensibilities expressed by artists who have engaged deeply with fragility and reflected on its tensions, complexities and paradoxes. The traditional meaning of fragility \u2013 weakness, powerlessness, passivity&nbsp;\u2013&nbsp;is challenged, and claimed&#8230; <a class=\"view-article\" href=\"https:\/\/pragueartweek.cz\/en\/events\/fragilites\/\">View Article<\/a><\/p>\n","protected":false},"featured_media":3340,"parent":0,"menu_order":0,"template":"","format":"standard","meta":{"_acf_changed":false,"footnotes":""},"kategorie":[36,112,187],"lokalita":[],"termin":[],"class_list":["post-3337","udalosti","type-udalosti","status-publish","format-standard","has-post-thumbnail","hentry","kategorie-exhibition","kategorie-opening","kategorie-past-event","wpautop"],"acf":{"photo_gallery":{"udalost_galerie":[[{"id":3334,"title":"210312_KarmaInt._060_final","caption":"","full_image_url":"https:\/\/pragueartweek.cz\/wp-content\/uploads\/2022\/10\/210312_KarmaInt._060_final.jpg","thumbnail_image_url":"https:\/\/pragueartweek.cz\/wp-content\/uploads\/2022\/10\/210312_KarmaInt._060_final-291x330.jpg","large_srcset":"https:\/\/pragueartweek.cz\/wp-content\/uploads\/2022\/10\/210312_KarmaInt._060_final-1165x1320.jpg 1165w, https:\/\/pragueartweek.cz\/wp-content\/uploads\/2022\/10\/210312_KarmaInt._060_final-583x660.jpg 583w, https:\/\/pragueartweek.cz\/wp-content\/uploads\/2022\/10\/210312_KarmaInt._060_final-291x330.jpg 291w, https:\/\/pragueartweek.cz\/wp-content\/uploads\/2022\/10\/210312_KarmaInt._060_final-768x870.jpg 768w, https:\/\/pragueartweek.cz\/wp-content\/uploads\/2022\/10\/210312_KarmaInt._060_final-1356x1536.jpg 1356w, https:\/\/pragueartweek.cz\/wp-content\/uploads\/2022\/10\/210312_KarmaInt._060_final.jpg 1677w","medium_srcset":"https:\/\/pragueartweek.cz\/wp-content\/uploads\/2022\/10\/210312_KarmaInt._060_final-583x660.jpg 583w, https:\/\/pragueartweek.cz\/wp-content\/uploads\/2022\/10\/210312_KarmaInt._060_final-1165x1320.jpg 1165w, https:\/\/pragueartweek.cz\/wp-content\/uploads\/2022\/10\/210312_KarmaInt._060_final-291x330.jpg 291w, https:\/\/pragueartweek.cz\/wp-content\/uploads\/2022\/10\/210312_KarmaInt._060_final-768x870.jpg 768w, https:\/\/pragueartweek.cz\/wp-content\/uploads\/2022\/10\/210312_KarmaInt._060_final-1356x1536.jpg 1356w, https:\/\/pragueartweek.cz\/wp-content\/uploads\/2022\/10\/210312_KarmaInt._060_final.jpg 1677w","media_details":{"width":1677,"height":1900,"sizes":{"medium":{"file":"210312_KarmaInt._060_final-583x660.jpg","width":583,"height":660,"mime-type":"image\/jpeg","filesize":51394,"source_url":"https:\/\/pragueartweek.cz\/wp-content\/uploads\/2022\/10\/210312_KarmaInt._060_final-583x660.jpg"},"large":{"file":"210312_KarmaInt._060_final-1165x1320.jpg","width":1165,"height":1320,"mime-type":"image\/jpeg","filesize":175318,"source_url":"https:\/\/pragueartweek.cz\/wp-content\/uploads\/2022\/10\/210312_KarmaInt._060_final-1165x1320.jpg"},"thumbnail":{"file":"210312_KarmaInt._060_final-291x330.jpg","width":291,"height":330,"mime-type":"image\/jpeg","filesize":15903,"source_url":"https:\/\/pragueartweek.cz\/wp-content\/uploads\/2022\/10\/210312_KarmaInt._060_final-291x330.jpg"},"medium_large":{"file":"210312_KarmaInt._060_final-768x870.jpg","width":768,"height":870,"mime-type":"image\/jpeg","filesize":83284,"source_url":"https:\/\/pragueartweek.cz\/wp-content\/uploads\/2022\/10\/210312_KarmaInt._060_final-768x870.jpg"},"1536x1536":{"file":"210312_KarmaInt._060_final-1356x1536.jpg","width":1356,"height":1536,"mime-type":"image\/jpeg","filesize":231755,"source_url":"https:\/\/pragueartweek.cz\/wp-content\/uploads\/2022\/10\/210312_KarmaInt._060_final-1356x1536.jpg"},"cmplz_banner_image":{"file":"210312_KarmaInt._060_final-350x100.jpg","width":350,"height":100,"mime-type":"image\/jpeg","filesize":6889,"source_url":"https:\/\/pragueartweek.cz\/wp-content\/uploads\/2022\/10\/210312_KarmaInt._060_final-350x100.jpg"}}},"alt_text":"","url":"","target":""}]]}},"yoast_head":"<!-- This site is optimized with the Yoast SEO plugin v27.4 - https:\/\/yoast.com\/product\/yoast-seo-wordpress\/ -->\n<title>fragilit\u00e9s | Prague Art Week 26<\/title>\n<meta name=\"description\" content=\"The exhibition\u00a0fragilit\u00e9s\u00a0unfolds the concerns, visions, and sensibilities expressed by artists who have engaged deeply with fragility\" \/>\n<meta name=\"robots\" content=\"index, follow, max-snippet:-1, max-image-preview:large, max-video-preview:-1\" \/>\n<link rel=\"canonical\" href=\"https:\/\/pragueartweek.cz\/en\/events\/fragilites\/\" \/>\n<meta property=\"og:locale\" content=\"en_US\" \/>\n<meta property=\"og:type\" content=\"article\" \/>\n<meta property=\"og:title\" content=\"fragilit\u00e9s | Prague Art Week 26\" \/>\n<meta property=\"og:description\" content=\"The exhibition\u00a0fragilit\u00e9s\u00a0unfolds the concerns, visions, and sensibilities expressed by artists who have engaged deeply with fragility\" \/>\n<meta property=\"og:url\" content=\"https:\/\/pragueartweek.cz\/en\/events\/fragilites\/\" \/>\n<meta property=\"og:site_name\" content=\"Prague Art Week 26\" \/>\n<meta property=\"article:publisher\" content=\"https:\/\/www.facebook.com\/pragueartweek22\/\" \/>\n<meta property=\"article:modified_time\" content=\"2023-02-24T08:26:35+00:00\" \/>\n<meta property=\"og:image\" content=\"https:\/\/pragueartweek.cz\/wp-content\/uploads\/2022\/10\/WhatsApp-Image-2022-10-17-at-17.52.06.jpeg\" \/>\n\t<meta property=\"og:image:width\" content=\"1136\" \/>\n\t<meta property=\"og:image:height\" content=\"833\" \/>\n\t<meta property=\"og:image:type\" content=\"image\/jpeg\" \/>\n<meta name=\"twitter:card\" content=\"summary_large_image\" \/>\n<meta name=\"twitter:label1\" content=\"Est. reading time\" \/>\n\t<meta name=\"twitter:data1\" content=\"1 minute\" \/>\n<script type=\"application\/ld+json\" class=\"yoast-schema-graph\">{\"@context\":\"https:\\\/\\\/schema.org\",\"@graph\":[{\"@type\":\"WebPage\",\"@id\":\"https:\\\/\\\/pragueartweek.cz\\\/en\\\/events\\\/fragilites\\\/\",\"url\":\"https:\\\/\\\/pragueartweek.cz\\\/en\\\/events\\\/fragilites\\\/\",\"name\":\"fragilit\u00e9s | Prague Art Week 26\",\"isPartOf\":{\"@id\":\"https:\\\/\\\/pragueartweek.cz\\\/en\\\/#website\"},\"primaryImageOfPage\":{\"@id\":\"https:\\\/\\\/pragueartweek.cz\\\/en\\\/events\\\/fragilites\\\/#primaryimage\"},\"image\":{\"@id\":\"https:\\\/\\\/pragueartweek.cz\\\/en\\\/events\\\/fragilites\\\/#primaryimage\"},\"thumbnailUrl\":\"https:\\\/\\\/pragueartweek.cz\\\/wp-content\\\/uploads\\\/2022\\\/10\\\/WhatsApp-Image-2022-10-17-at-17.52.06.jpeg\",\"datePublished\":\"2022-10-06T15:53:16+00:00\",\"dateModified\":\"2023-02-24T08:26:35+00:00\",\"description\":\"The exhibition\u00a0fragilit\u00e9s\u00a0unfolds the concerns, visions, and sensibilities expressed by artists who have engaged deeply with fragility\",\"breadcrumb\":{\"@id\":\"https:\\\/\\\/pragueartweek.cz\\\/en\\\/events\\\/fragilites\\\/#breadcrumb\"},\"inLanguage\":\"en-US\",\"potentialAction\":[{\"@type\":\"ReadAction\",\"target\":[\"https:\\\/\\\/pragueartweek.cz\\\/en\\\/events\\\/fragilites\\\/\"]}]},{\"@type\":\"ImageObject\",\"inLanguage\":\"en-US\",\"@id\":\"https:\\\/\\\/pragueartweek.cz\\\/en\\\/events\\\/fragilites\\\/#primaryimage\",\"url\":\"https:\\\/\\\/pragueartweek.cz\\\/wp-content\\\/uploads\\\/2022\\\/10\\\/WhatsApp-Image-2022-10-17-at-17.52.06.jpeg\",\"contentUrl\":\"https:\\\/\\\/pragueartweek.cz\\\/wp-content\\\/uploads\\\/2022\\\/10\\\/WhatsApp-Image-2022-10-17-at-17.52.06.jpeg\",\"width\":1136,\"height\":833},{\"@type\":\"BreadcrumbList\",\"@id\":\"https:\\\/\\\/pragueartweek.cz\\\/en\\\/events\\\/fragilites\\\/#breadcrumb\",\"itemListElement\":[{\"@type\":\"ListItem\",\"position\":1,\"name\":\"Home\",\"item\":\"https:\\\/\\\/pragueartweek.cz\\\/en\\\/\"},{\"@type\":\"ListItem\",\"position\":2,\"name\":\"Events\",\"item\":\"https:\\\/\\\/pragueartweek.cz\\\/en\\\/events\\\/\"},{\"@type\":\"ListItem\",\"position\":3,\"name\":\"fragilit\u00e9s\"}]},{\"@type\":\"WebSite\",\"@id\":\"https:\\\/\\\/pragueartweek.cz\\\/en\\\/#website\",\"url\":\"https:\\\/\\\/pragueartweek.cz\\\/en\\\/\",\"name\":\"Prague Art Week 26\",\"description\":\"Prague Art Week je otev\u0159enou platformou pro kooperaci nejv\u00fdznamn\u011bj\u0161\u00edch instituc\u00ed na poli pra\u017esk\u00e9 um\u011bleck\u00e9 sc\u00e9ny.\",\"publisher\":{\"@id\":\"https:\\\/\\\/pragueartweek.cz\\\/en\\\/#organization\"},\"potentialAction\":[{\"@type\":\"SearchAction\",\"target\":{\"@type\":\"EntryPoint\",\"urlTemplate\":\"https:\\\/\\\/pragueartweek.cz\\\/en\\\/?s={search_term_string}\"},\"query-input\":{\"@type\":\"PropertyValueSpecification\",\"valueRequired\":true,\"valueName\":\"search_term_string\"}}],\"inLanguage\":\"en-US\"},{\"@type\":\"Organization\",\"@id\":\"https:\\\/\\\/pragueartweek.cz\\\/en\\\/#organization\",\"name\":\"Prague Art Week\",\"url\":\"https:\\\/\\\/pragueartweek.cz\\\/en\\\/\",\"logo\":{\"@type\":\"ImageObject\",\"inLanguage\":\"en-US\",\"@id\":\"https:\\\/\\\/pragueartweek.cz\\\/en\\\/#\\\/schema\\\/logo\\\/image\\\/\",\"url\":\"https:\\\/\\\/pragueartweek.cz\\\/wp-content\\\/uploads\\\/2022\\\/04\\\/LOGO_PAW_bez-roku-02.png\",\"contentUrl\":\"https:\\\/\\\/pragueartweek.cz\\\/wp-content\\\/uploads\\\/2022\\\/04\\\/LOGO_PAW_bez-roku-02.png\",\"width\":2481,\"height\":1749,\"caption\":\"Prague Art Week\"},\"image\":{\"@id\":\"https:\\\/\\\/pragueartweek.cz\\\/en\\\/#\\\/schema\\\/logo\\\/image\\\/\"},\"sameAs\":[\"https:\\\/\\\/www.facebook.com\\\/pragueartweek22\\\/\",\"https:\\\/\\\/www.instagram.com\\\/prague_art_week\\\/\"]}]}<\/script>\n<!-- \/ Yoast SEO plugin. -->","yoast_head_json":{"title":"fragilit\u00e9s | Prague Art Week 26","description":"The exhibition\u00a0fragilit\u00e9s\u00a0unfolds the concerns, visions, and sensibilities expressed by artists who have engaged deeply with fragility","robots":{"index":"index","follow":"follow","max-snippet":"max-snippet:-1","max-image-preview":"max-image-preview:large","max-video-preview":"max-video-preview:-1"},"canonical":"https:\/\/pragueartweek.cz\/en\/events\/fragilites\/","og_locale":"en_US","og_type":"article","og_title":"fragilit\u00e9s | Prague Art Week 26","og_description":"The exhibition\u00a0fragilit\u00e9s\u00a0unfolds the concerns, visions, and sensibilities expressed by artists who have engaged deeply with fragility","og_url":"https:\/\/pragueartweek.cz\/en\/events\/fragilites\/","og_site_name":"Prague Art Week 26","article_publisher":"https:\/\/www.facebook.com\/pragueartweek22\/","article_modified_time":"2023-02-24T08:26:35+00:00","og_image":[{"width":1136,"height":833,"url":"https:\/\/pragueartweek.cz\/wp-content\/uploads\/2022\/10\/WhatsApp-Image-2022-10-17-at-17.52.06.jpeg","type":"image\/jpeg"}],"twitter_card":"summary_large_image","twitter_misc":{"Est. reading time":"1 minute"},"schema":{"@context":"https:\/\/schema.org","@graph":[{"@type":"WebPage","@id":"https:\/\/pragueartweek.cz\/en\/events\/fragilites\/","url":"https:\/\/pragueartweek.cz\/en\/events\/fragilites\/","name":"fragilit\u00e9s | Prague Art Week 26","isPartOf":{"@id":"https:\/\/pragueartweek.cz\/en\/#website"},"primaryImageOfPage":{"@id":"https:\/\/pragueartweek.cz\/en\/events\/fragilites\/#primaryimage"},"image":{"@id":"https:\/\/pragueartweek.cz\/en\/events\/fragilites\/#primaryimage"},"thumbnailUrl":"https:\/\/pragueartweek.cz\/wp-content\/uploads\/2022\/10\/WhatsApp-Image-2022-10-17-at-17.52.06.jpeg","datePublished":"2022-10-06T15:53:16+00:00","dateModified":"2023-02-24T08:26:35+00:00","description":"The exhibition\u00a0fragilit\u00e9s\u00a0unfolds the concerns, visions, and sensibilities expressed by artists who have engaged deeply with fragility","breadcrumb":{"@id":"https:\/\/pragueartweek.cz\/en\/events\/fragilites\/#breadcrumb"},"inLanguage":"en-US","potentialAction":[{"@type":"ReadAction","target":["https:\/\/pragueartweek.cz\/en\/events\/fragilites\/"]}]},{"@type":"ImageObject","inLanguage":"en-US","@id":"https:\/\/pragueartweek.cz\/en\/events\/fragilites\/#primaryimage","url":"https:\/\/pragueartweek.cz\/wp-content\/uploads\/2022\/10\/WhatsApp-Image-2022-10-17-at-17.52.06.jpeg","contentUrl":"https:\/\/pragueartweek.cz\/wp-content\/uploads\/2022\/10\/WhatsApp-Image-2022-10-17-at-17.52.06.jpeg","width":1136,"height":833},{"@type":"BreadcrumbList","@id":"https:\/\/pragueartweek.cz\/en\/events\/fragilites\/#breadcrumb","itemListElement":[{"@type":"ListItem","position":1,"name":"Home","item":"https:\/\/pragueartweek.cz\/en\/"},{"@type":"ListItem","position":2,"name":"Events","item":"https:\/\/pragueartweek.cz\/en\/events\/"},{"@type":"ListItem","position":3,"name":"fragilit\u00e9s"}]},{"@type":"WebSite","@id":"https:\/\/pragueartweek.cz\/en\/#website","url":"https:\/\/pragueartweek.cz\/en\/","name":"Prague Art Week 26","description":"Prague Art Week je otev\u0159enou platformou pro kooperaci nejv\u00fdznamn\u011bj\u0161\u00edch instituc\u00ed na poli pra\u017esk\u00e9 um\u011bleck\u00e9 sc\u00e9ny.","publisher":{"@id":"https:\/\/pragueartweek.cz\/en\/#organization"},"potentialAction":[{"@type":"SearchAction","target":{"@type":"EntryPoint","urlTemplate":"https:\/\/pragueartweek.cz\/en\/?s={search_term_string}"},"query-input":{"@type":"PropertyValueSpecification","valueRequired":true,"valueName":"search_term_string"}}],"inLanguage":"en-US"},{"@type":"Organization","@id":"https:\/\/pragueartweek.cz\/en\/#organization","name":"Prague Art Week","url":"https:\/\/pragueartweek.cz\/en\/","logo":{"@type":"ImageObject","inLanguage":"en-US","@id":"https:\/\/pragueartweek.cz\/en\/#\/schema\/logo\/image\/","url":"https:\/\/pragueartweek.cz\/wp-content\/uploads\/2022\/04\/LOGO_PAW_bez-roku-02.png","contentUrl":"https:\/\/pragueartweek.cz\/wp-content\/uploads\/2022\/04\/LOGO_PAW_bez-roku-02.png","width":2481,"height":1749,"caption":"Prague Art Week"},"image":{"@id":"https:\/\/pragueartweek.cz\/en\/#\/schema\/logo\/image\/"},"sameAs":["https:\/\/www.facebook.com\/pragueartweek22\/","https:\/\/www.instagram.com\/prague_art_week\/"]}]}},"_links":{"self":[{"href":"https:\/\/pragueartweek.cz\/en\/wp-json\/wp\/v2\/udalosti\/3337","targetHints":{"allow":["GET"]}}],"collection":[{"href":"https:\/\/pragueartweek.cz\/en\/wp-json\/wp\/v2\/udalosti"}],"about":[{"href":"https:\/\/pragueartweek.cz\/en\/wp-json\/wp\/v2\/types\/udalosti"}],"version-history":[{"count":1,"href":"https:\/\/pragueartweek.cz\/en\/wp-json\/wp\/v2\/udalosti\/3337\/revisions"}],"predecessor-version":[{"id":3338,"href":"https:\/\/pragueartweek.cz\/en\/wp-json\/wp\/v2\/udalosti\/3337\/revisions\/3338"}],"wp:featuredmedia":[{"embeddable":true,"href":"https:\/\/pragueartweek.cz\/en\/wp-json\/wp\/v2\/media\/3340"}],"wp:attachment":[{"href":"https:\/\/pragueartweek.cz\/en\/wp-json\/wp\/v2\/media?parent=3337"}],"wp:term":[{"taxonomy":"kategorie","embeddable":true,"href":"https:\/\/pragueartweek.cz\/en\/wp-json\/wp\/v2\/kategorie?post=3337"},{"taxonomy":"lokalita","embeddable":true,"href":"https:\/\/pragueartweek.cz\/en\/wp-json\/wp\/v2\/lokalita?post=3337"},{"taxonomy":"termin","embeddable":true,"href":"https:\/\/pragueartweek.cz\/en\/wp-json\/wp\/v2\/termin?post=3337"}],"curies":[{"name":"wp","href":"https:\/\/api.w.org\/{rel}","templated":true}]}}