{"id":3504,"date":"2022-10-06T17:23:39","date_gmt":"2022-10-06T15:23:39","guid":{"rendered":"https:\/\/pragueartweek.cz\/?post_type=udalosti&#038;p=3504"},"modified":"2023-02-24T09:19:14","modified_gmt":"2023-02-24T08:19:14","slug":"josef-pleskot-cities","status":"publish","type":"udalosti","link":"https:\/\/pragueartweek.cz\/en\/events\/josef-pleskot-cities\/","title":{"rendered":"Josef Pleskot: Cities"},"content":{"rendered":"<p class=\"p1\">Josef Pleskot is the main architect of the gradual transformation of Doln\u00ed V\u00edtkovice into a&nbsp;new Ostrava cultural and social center. In addition to the completed conversions of the oldest blast furnace in V\u00edtkovice into an observation tower with its Bolt Tower caf\u00e9, and the former gasworks into a&nbsp;multifunctional hall and the Gong Congress Center, the exhibition will also present a&nbsp;project for a&nbsp;new urban district named M\u011bstopark, designed for up to fifteen thousand inhabitants. This, together with the Pod \u017dofinka residential complex, should connect the former industrial area with the historic city center.<\/p>\n<p><a href=\"https:\/\/www.museumkampa.cz\/vystava\/josef-pleskot-cities\/\">Museum Kampa<\/a><\/p>\n<p>&nbsp;<\/p>\n","protected":false},"excerpt":{"rendered":"<p>Josef Pleskot is the main architect of the gradual transformation of Doln\u00ed V\u00edtkovice into a&nbsp;new Ostrava cultural and social center. In addition to the completed conversions of the oldest blast furnace in V\u00edtkovice into an observation tower with its Bolt Tower caf\u00e9, and the former gasworks into a&nbsp;multifunctional hall and the Gong Congress Center, the&#8230; <a class=\"view-article\" href=\"https:\/\/pragueartweek.cz\/en\/events\/josef-pleskot-cities\/\">View Article<\/a><\/p>\n","protected":false},"featured_media":3510,"parent":0,"menu_order":0,"template":"","format":"standard","meta":{"_acf_changed":false,"footnotes":""},"kategorie":[158,36,187],"lokalita":[138],"termin":[],"class_list":["post-3504","udalosti","type-udalosti","status-publish","format-standard","has-post-thumbnail","hentry","kategorie-architecture","kategorie-exhibition","kategorie-past-event","lokalita-museum-kampa-en","wpautop"],"acf":{"photo_gallery":{"udalost_galerie":[[{"id":3500,"title":"Vila Prochazkova, Praha_foto Tomas Souc\u008dek","caption":"","full_image_url":"https:\/\/pragueartweek.cz\/wp-content\/uploads\/2022\/10\/Vila-Prochazkova-Praha_foto-Tomas-Souc\u008dek-scaled.jpg","thumbnail_image_url":"https:\/\/pragueartweek.cz\/wp-content\/uploads\/2022\/10\/Vila-Prochazkova-Praha_foto-Tomas-Souc\u008dek-450x300.jpg","large_srcset":"https:\/\/pragueartweek.cz\/wp-content\/uploads\/2022\/10\/Vila-Prochazkova-Praha_foto-Tomas-Souc\u008dek-1800x1198.jpg 1800w, https:\/\/pragueartweek.cz\/wp-content\/uploads\/2022\/10\/Vila-Prochazkova-Praha_foto-Tomas-Souc\u008dek-900x599.jpg 900w, https:\/\/pragueartweek.cz\/wp-content\/uploads\/2022\/10\/Vila-Prochazkova-Praha_foto-Tomas-Souc\u008dek-450x300.jpg 450w, https:\/\/pragueartweek.cz\/wp-content\/uploads\/2022\/10\/Vila-Prochazkova-Praha_foto-Tomas-Souc\u008dek-768x511.jpg 768w, https:\/\/pragueartweek.cz\/wp-content\/uploads\/2022\/10\/Vila-Prochazkova-Praha_foto-Tomas-Souc\u008dek-1536x1023.jpg 1536w, https:\/\/pragueartweek.cz\/wp-content\/uploads\/2022\/10\/Vila-Prochazkova-Praha_foto-Tomas-Souc\u008dek-2048x1363.jpg 2048w","medium_srcset":"https:\/\/pragueartweek.cz\/wp-content\/uploads\/2022\/10\/Vila-Prochazkova-Praha_foto-Tomas-Souc\u008dek-900x599.jpg 900w, https:\/\/pragueartweek.cz\/wp-content\/uploads\/2022\/10\/Vila-Prochazkova-Praha_foto-Tomas-Souc\u008dek-1800x1198.jpg 1800w, https:\/\/pragueartweek.cz\/wp-content\/uploads\/2022\/10\/Vila-Prochazkova-Praha_foto-Tomas-Souc\u008dek-450x300.jpg 450w, https:\/\/pragueartweek.cz\/wp-content\/uploads\/2022\/10\/Vila-Prochazkova-Praha_foto-Tomas-Souc\u008dek-768x511.jpg 768w, https:\/\/pragueartweek.cz\/wp-content\/uploads\/2022\/10\/Vila-Prochazkova-Praha_foto-Tomas-Souc\u008dek-1536x1023.jpg 1536w, https:\/\/pragueartweek.cz\/wp-content\/uploads\/2022\/10\/Vila-Prochazkova-Praha_foto-Tomas-Souc\u008dek-2048x1363.jpg 2048w","media_details":{"width":2560,"height":1704,"sizes":{"medium":{"file":"Vila-Prochazkova-Praha_foto-Tomas-Souc\u008dek-900x599.jpg","width":900,"height":599,"mime-type":"image\/jpeg","filesize":134682,"source_url":"https:\/\/pragueartweek.cz\/wp-content\/uploads\/2022\/10\/Vila-Prochazkova-Praha_foto-Tomas-Souc\u008dek-900x599.jpg"},"large":{"file":"Vila-Prochazkova-Praha_foto-Tomas-Souc\u008dek-1800x1198.jpg","width":1800,"height":1198,"mime-type":"image\/jpeg","filesize":460959,"source_url":"https:\/\/pragueartweek.cz\/wp-content\/uploads\/2022\/10\/Vila-Prochazkova-Praha_foto-Tomas-Souc\u008dek-1800x1198.jpg"},"thumbnail":{"file":"Vila-Prochazkova-Praha_foto-Tomas-Souc\u008dek-450x300.jpg","width":450,"height":300,"mime-type":"image\/jpeg","filesize":51228,"source_url":"https:\/\/pragueartweek.cz\/wp-content\/uploads\/2022\/10\/Vila-Prochazkova-Praha_foto-Tomas-Souc\u008dek-450x300.jpg"},"medium_large":{"file":"Vila-Prochazkova-Praha_foto-Tomas-Souc\u008dek-768x511.jpg","width":768,"height":511,"mime-type":"image\/jpeg","filesize":104537,"source_url":"https:\/\/pragueartweek.cz\/wp-content\/uploads\/2022\/10\/Vila-Prochazkova-Praha_foto-Tomas-Souc\u008dek-768x511.jpg"},"1536x1536":{"file":"Vila-Prochazkova-Praha_foto-Tomas-Souc\u008dek-1536x1023.jpg","width":1536,"height":1023,"mime-type":"image\/jpeg","filesize":344384,"source_url":"https:\/\/pragueartweek.cz\/wp-content\/uploads\/2022\/10\/Vila-Prochazkova-Praha_foto-Tomas-Souc\u008dek-1536x1023.jpg"},"2048x2048":{"file":"Vila-Prochazkova-Praha_foto-Tomas-Souc\u008dek-2048x1363.jpg","width":2048,"height":1363,"mime-type":"image\/jpeg","filesize":585197,"source_url":"https:\/\/pragueartweek.cz\/wp-content\/uploads\/2022\/10\/Vila-Prochazkova-Praha_foto-Tomas-Souc\u008dek-2048x1363.jpg"},"cmplz_banner_image":{"file":"Vila-Prochazkova-Praha_foto-Tomas-Souc\u008dek-350x100.jpg","width":350,"height":100,"mime-type":"image\/jpeg","filesize":28883,"source_url":"https:\/\/pragueartweek.cz\/wp-content\/uploads\/2022\/10\/Vila-Prochazkova-Praha_foto-Tomas-Souc\u008dek-350x100.jpg"}}},"alt_text":"","url":"","target":""}]]}},"yoast_head":"<!-- This site is optimized with the Yoast SEO plugin v27.4 - https:\/\/yoast.com\/product\/yoast-seo-wordpress\/ -->\n<title>Josef Pleskot: Cities | Prague Art Week 26<\/title>\n<meta name=\"description\" content=\"The show will naturally present the individual buildings and projects, but it has also taken on the task of conveying Pleskot\u2019s approach to architecture.\" \/>\n<meta name=\"robots\" content=\"index, follow, max-snippet:-1, max-image-preview:large, max-video-preview:-1\" \/>\n<link rel=\"canonical\" href=\"https:\/\/pragueartweek.cz\/en\/events\/josef-pleskot-cities\/\" \/>\n<meta property=\"og:locale\" content=\"en_US\" \/>\n<meta property=\"og:type\" content=\"article\" \/>\n<meta property=\"og:title\" content=\"Josef Pleskot: Cities | Prague Art Week 26\" \/>\n<meta property=\"og:description\" content=\"The show will naturally present the individual buildings and projects, but it has also taken on the task of conveying Pleskot\u2019s approach to architecture.\" \/>\n<meta property=\"og:url\" content=\"https:\/\/pragueartweek.cz\/en\/events\/josef-pleskot-cities\/\" \/>\n<meta property=\"og:site_name\" content=\"Prague Art Week 26\" \/>\n<meta property=\"article:publisher\" content=\"https:\/\/www.facebook.com\/pragueartweek22\/\" \/>\n<meta property=\"article:modified_time\" content=\"2023-02-24T08:19:14+00:00\" \/>\n<meta property=\"og:image\" content=\"https:\/\/pragueartweek.cz\/wp-content\/uploads\/2022\/10\/JP-1200-x-628_450x330.jpeg\" \/>\n\t<meta property=\"og:image:width\" content=\"450\" \/>\n\t<meta property=\"og:image:height\" content=\"330\" \/>\n\t<meta property=\"og:image:type\" content=\"image\/jpeg\" \/>\n<meta name=\"twitter:card\" content=\"summary_large_image\" \/>\n<meta name=\"twitter:label1\" content=\"Est. reading time\" \/>\n\t<meta name=\"twitter:data1\" content=\"1 minute\" \/>\n<script type=\"application\/ld+json\" class=\"yoast-schema-graph\">{\"@context\":\"https:\\\/\\\/schema.org\",\"@graph\":[{\"@type\":\"WebPage\",\"@id\":\"https:\\\/\\\/pragueartweek.cz\\\/en\\\/events\\\/josef-pleskot-cities\\\/\",\"url\":\"https:\\\/\\\/pragueartweek.cz\\\/en\\\/events\\\/josef-pleskot-cities\\\/\",\"name\":\"Josef Pleskot: Cities | Prague Art Week 26\",\"isPartOf\":{\"@id\":\"https:\\\/\\\/pragueartweek.cz\\\/en\\\/#website\"},\"primaryImageOfPage\":{\"@id\":\"https:\\\/\\\/pragueartweek.cz\\\/en\\\/events\\\/josef-pleskot-cities\\\/#primaryimage\"},\"image\":{\"@id\":\"https:\\\/\\\/pragueartweek.cz\\\/en\\\/events\\\/josef-pleskot-cities\\\/#primaryimage\"},\"thumbnailUrl\":\"https:\\\/\\\/pragueartweek.cz\\\/wp-content\\\/uploads\\\/2022\\\/10\\\/JP-1200-x-628_450x330.jpeg\",\"datePublished\":\"2022-10-06T15:23:39+00:00\",\"dateModified\":\"2023-02-24T08:19:14+00:00\",\"description\":\"The show will naturally present the individual buildings and projects, but it has also taken on the task of conveying Pleskot\u2019s approach to architecture.\",\"breadcrumb\":{\"@id\":\"https:\\\/\\\/pragueartweek.cz\\\/en\\\/events\\\/josef-pleskot-cities\\\/#breadcrumb\"},\"inLanguage\":\"en-US\",\"potentialAction\":[{\"@type\":\"ReadAction\",\"target\":[\"https:\\\/\\\/pragueartweek.cz\\\/en\\\/events\\\/josef-pleskot-cities\\\/\"]}]},{\"@type\":\"ImageObject\",\"inLanguage\":\"en-US\",\"@id\":\"https:\\\/\\\/pragueartweek.cz\\\/en\\\/events\\\/josef-pleskot-cities\\\/#primaryimage\",\"url\":\"https:\\\/\\\/pragueartweek.cz\\\/wp-content\\\/uploads\\\/2022\\\/10\\\/JP-1200-x-628_450x330.jpeg\",\"contentUrl\":\"https:\\\/\\\/pragueartweek.cz\\\/wp-content\\\/uploads\\\/2022\\\/10\\\/JP-1200-x-628_450x330.jpeg\",\"width\":450,\"height\":330},{\"@type\":\"BreadcrumbList\",\"@id\":\"https:\\\/\\\/pragueartweek.cz\\\/en\\\/events\\\/josef-pleskot-cities\\\/#breadcrumb\",\"itemListElement\":[{\"@type\":\"ListItem\",\"position\":1,\"name\":\"Home\",\"item\":\"https:\\\/\\\/pragueartweek.cz\\\/en\\\/\"},{\"@type\":\"ListItem\",\"position\":2,\"name\":\"Events\",\"item\":\"https:\\\/\\\/pragueartweek.cz\\\/en\\\/events\\\/\"},{\"@type\":\"ListItem\",\"position\":3,\"name\":\"Josef Pleskot: Cities\"}]},{\"@type\":\"WebSite\",\"@id\":\"https:\\\/\\\/pragueartweek.cz\\\/en\\\/#website\",\"url\":\"https:\\\/\\\/pragueartweek.cz\\\/en\\\/\",\"name\":\"Prague Art Week 26\",\"description\":\"Prague Art Week je otev\u0159enou platformou pro kooperaci nejv\u00fdznamn\u011bj\u0161\u00edch instituc\u00ed na poli pra\u017esk\u00e9 um\u011bleck\u00e9 sc\u00e9ny.\",\"publisher\":{\"@id\":\"https:\\\/\\\/pragueartweek.cz\\\/en\\\/#organization\"},\"potentialAction\":[{\"@type\":\"SearchAction\",\"target\":{\"@type\":\"EntryPoint\",\"urlTemplate\":\"https:\\\/\\\/pragueartweek.cz\\\/en\\\/?s={search_term_string}\"},\"query-input\":{\"@type\":\"PropertyValueSpecification\",\"valueRequired\":true,\"valueName\":\"search_term_string\"}}],\"inLanguage\":\"en-US\"},{\"@type\":\"Organization\",\"@id\":\"https:\\\/\\\/pragueartweek.cz\\\/en\\\/#organization\",\"name\":\"Prague Art Week\",\"url\":\"https:\\\/\\\/pragueartweek.cz\\\/en\\\/\",\"logo\":{\"@type\":\"ImageObject\",\"inLanguage\":\"en-US\",\"@id\":\"https:\\\/\\\/pragueartweek.cz\\\/en\\\/#\\\/schema\\\/logo\\\/image\\\/\",\"url\":\"https:\\\/\\\/pragueartweek.cz\\\/wp-content\\\/uploads\\\/2022\\\/04\\\/LOGO_PAW_bez-roku-02.png\",\"contentUrl\":\"https:\\\/\\\/pragueartweek.cz\\\/wp-content\\\/uploads\\\/2022\\\/04\\\/LOGO_PAW_bez-roku-02.png\",\"width\":2481,\"height\":1749,\"caption\":\"Prague Art Week\"},\"image\":{\"@id\":\"https:\\\/\\\/pragueartweek.cz\\\/en\\\/#\\\/schema\\\/logo\\\/image\\\/\"},\"sameAs\":[\"https:\\\/\\\/www.facebook.com\\\/pragueartweek22\\\/\",\"https:\\\/\\\/www.instagram.com\\\/prague_art_week\\\/\"]}]}<\/script>\n<!-- \/ Yoast SEO plugin. -->","yoast_head_json":{"title":"Josef Pleskot: Cities | Prague Art Week 26","description":"The show will naturally present the individual buildings and projects, but it has also taken on the task of conveying Pleskot\u2019s approach to architecture.","robots":{"index":"index","follow":"follow","max-snippet":"max-snippet:-1","max-image-preview":"max-image-preview:large","max-video-preview":"max-video-preview:-1"},"canonical":"https:\/\/pragueartweek.cz\/en\/events\/josef-pleskot-cities\/","og_locale":"en_US","og_type":"article","og_title":"Josef Pleskot: Cities | Prague Art Week 26","og_description":"The show will naturally present the individual buildings and projects, but it has also taken on the task of conveying Pleskot\u2019s approach to architecture.","og_url":"https:\/\/pragueartweek.cz\/en\/events\/josef-pleskot-cities\/","og_site_name":"Prague Art Week 26","article_publisher":"https:\/\/www.facebook.com\/pragueartweek22\/","article_modified_time":"2023-02-24T08:19:14+00:00","og_image":[{"width":450,"height":330,"url":"https:\/\/pragueartweek.cz\/wp-content\/uploads\/2022\/10\/JP-1200-x-628_450x330.jpeg","type":"image\/jpeg"}],"twitter_card":"summary_large_image","twitter_misc":{"Est. reading time":"1 minute"},"schema":{"@context":"https:\/\/schema.org","@graph":[{"@type":"WebPage","@id":"https:\/\/pragueartweek.cz\/en\/events\/josef-pleskot-cities\/","url":"https:\/\/pragueartweek.cz\/en\/events\/josef-pleskot-cities\/","name":"Josef Pleskot: Cities | Prague Art Week 26","isPartOf":{"@id":"https:\/\/pragueartweek.cz\/en\/#website"},"primaryImageOfPage":{"@id":"https:\/\/pragueartweek.cz\/en\/events\/josef-pleskot-cities\/#primaryimage"},"image":{"@id":"https:\/\/pragueartweek.cz\/en\/events\/josef-pleskot-cities\/#primaryimage"},"thumbnailUrl":"https:\/\/pragueartweek.cz\/wp-content\/uploads\/2022\/10\/JP-1200-x-628_450x330.jpeg","datePublished":"2022-10-06T15:23:39+00:00","dateModified":"2023-02-24T08:19:14+00:00","description":"The show will naturally present the individual buildings and projects, but it has also taken on the task of conveying Pleskot\u2019s approach to architecture.","breadcrumb":{"@id":"https:\/\/pragueartweek.cz\/en\/events\/josef-pleskot-cities\/#breadcrumb"},"inLanguage":"en-US","potentialAction":[{"@type":"ReadAction","target":["https:\/\/pragueartweek.cz\/en\/events\/josef-pleskot-cities\/"]}]},{"@type":"ImageObject","inLanguage":"en-US","@id":"https:\/\/pragueartweek.cz\/en\/events\/josef-pleskot-cities\/#primaryimage","url":"https:\/\/pragueartweek.cz\/wp-content\/uploads\/2022\/10\/JP-1200-x-628_450x330.jpeg","contentUrl":"https:\/\/pragueartweek.cz\/wp-content\/uploads\/2022\/10\/JP-1200-x-628_450x330.jpeg","width":450,"height":330},{"@type":"BreadcrumbList","@id":"https:\/\/pragueartweek.cz\/en\/events\/josef-pleskot-cities\/#breadcrumb","itemListElement":[{"@type":"ListItem","position":1,"name":"Home","item":"https:\/\/pragueartweek.cz\/en\/"},{"@type":"ListItem","position":2,"name":"Events","item":"https:\/\/pragueartweek.cz\/en\/events\/"},{"@type":"ListItem","position":3,"name":"Josef Pleskot: Cities"}]},{"@type":"WebSite","@id":"https:\/\/pragueartweek.cz\/en\/#website","url":"https:\/\/pragueartweek.cz\/en\/","name":"Prague Art Week 26","description":"Prague Art Week je otev\u0159enou platformou pro kooperaci nejv\u00fdznamn\u011bj\u0161\u00edch instituc\u00ed na poli pra\u017esk\u00e9 um\u011bleck\u00e9 sc\u00e9ny.","publisher":{"@id":"https:\/\/pragueartweek.cz\/en\/#organization"},"potentialAction":[{"@type":"SearchAction","target":{"@type":"EntryPoint","urlTemplate":"https:\/\/pragueartweek.cz\/en\/?s={search_term_string}"},"query-input":{"@type":"PropertyValueSpecification","valueRequired":true,"valueName":"search_term_string"}}],"inLanguage":"en-US"},{"@type":"Organization","@id":"https:\/\/pragueartweek.cz\/en\/#organization","name":"Prague Art Week","url":"https:\/\/pragueartweek.cz\/en\/","logo":{"@type":"ImageObject","inLanguage":"en-US","@id":"https:\/\/pragueartweek.cz\/en\/#\/schema\/logo\/image\/","url":"https:\/\/pragueartweek.cz\/wp-content\/uploads\/2022\/04\/LOGO_PAW_bez-roku-02.png","contentUrl":"https:\/\/pragueartweek.cz\/wp-content\/uploads\/2022\/04\/LOGO_PAW_bez-roku-02.png","width":2481,"height":1749,"caption":"Prague Art Week"},"image":{"@id":"https:\/\/pragueartweek.cz\/en\/#\/schema\/logo\/image\/"},"sameAs":["https:\/\/www.facebook.com\/pragueartweek22\/","https:\/\/www.instagram.com\/prague_art_week\/"]}]}},"_links":{"self":[{"href":"https:\/\/pragueartweek.cz\/en\/wp-json\/wp\/v2\/udalosti\/3504","targetHints":{"allow":["GET"]}}],"collection":[{"href":"https:\/\/pragueartweek.cz\/en\/wp-json\/wp\/v2\/udalosti"}],"about":[{"href":"https:\/\/pragueartweek.cz\/en\/wp-json\/wp\/v2\/types\/udalosti"}],"version-history":[{"count":1,"href":"https:\/\/pragueartweek.cz\/en\/wp-json\/wp\/v2\/udalosti\/3504\/revisions"}],"predecessor-version":[{"id":3505,"href":"https:\/\/pragueartweek.cz\/en\/wp-json\/wp\/v2\/udalosti\/3504\/revisions\/3505"}],"wp:featuredmedia":[{"embeddable":true,"href":"https:\/\/pragueartweek.cz\/en\/wp-json\/wp\/v2\/media\/3510"}],"wp:attachment":[{"href":"https:\/\/pragueartweek.cz\/en\/wp-json\/wp\/v2\/media?parent=3504"}],"wp:term":[{"taxonomy":"kategorie","embeddable":true,"href":"https:\/\/pragueartweek.cz\/en\/wp-json\/wp\/v2\/kategorie?post=3504"},{"taxonomy":"lokalita","embeddable":true,"href":"https:\/\/pragueartweek.cz\/en\/wp-json\/wp\/v2\/lokalita?post=3504"},{"taxonomy":"termin","embeddable":true,"href":"https:\/\/pragueartweek.cz\/en\/wp-json\/wp\/v2\/termin?post=3504"}],"curies":[{"name":"wp","href":"https:\/\/api.w.org\/{rel}","templated":true}]}}