{"id":454,"date":"2022-04-26T11:49:58","date_gmt":"2022-04-26T09:49:58","guid":{"rendered":"https:\/\/pragueartweek.cz\/?post_type=udalosti&#038;p=454"},"modified":"2023-01-20T11:50:04","modified_gmt":"2023-01-20T10:50:04","slug":"marketa-othova","status":"publish","type":"udalosti","link":"https:\/\/pragueartweek.cz\/en\/udalosti\/marketa-othova\/","title":{"rendered":"Mark\u00e9ta Othov\u00e1: Coming Soon"},"content":{"rendered":"<div class=\"page\" title=\"Page 60\">\n<div class=\"section\"><img loading=\"lazy\" decoding=\"async\" width=\"30\" height=\"30\" class=\"alignnone size-full wp-image-1853\" src=\"https:\/\/pragueartweek.cz\/wp-content\/uploads\/2022\/08\/sipka.png\" alt=\"\">&nbsp;14. 9. 2022, 18:00<\/div>\n<div class=\"section\">Guided tour of the exhibition Coming soon with curator Ade\u0301la Jani\u0301c\u030ckova\u0301.<br \/>\nDuration: approx. 60 min. Meeting place: at the ticket office of the Trade Fair Palace. Book <a href=\"https:\/\/goout.net\/en\/guided-tour-coming-soon\/szlqmyt\/\" target=\"_blank\" rel=\"noopener\">HERE<\/a>.<\/div>\n<\/div>\n<p><a href=\"https:\/\/www.ngprague.cz\/udalost\/3294\/marketa-othova-jiz-brzy\" target=\"_blank\" rel=\"noopener\">National Gallery Prague<\/a><\/p>\n","protected":false},"excerpt":{"rendered":"<p>&nbsp;14. 9. 2022, 18:00 Guided tour of the exhibition Coming soon with curator Ade\u0301la Jani\u0301c\u030ckova\u0301. Duration: approx. 60 min. Meeting place: at the ticket office of the Trade Fair Palace. Book HERE. National Gallery Prague<\/p>\n","protected":false},"featured_media":504,"parent":0,"menu_order":0,"template":"","format":"standard","meta":{"_acf_changed":false,"footnotes":""},"kategorie":[36,209,187,76],"lokalita":[],"termin":[],"class_list":["post-454","udalosti","type-udalosti","status-publish","format-standard","has-post-thumbnail","hentry","kategorie-exhibition","kategorie-guided-tour","kategorie-past-event","kategorie-podcast-en","wpautop"],"acf":{"photo_gallery":{"udalost_galerie":[[{"id":502,"title":"04_Marke\u0301ta-Othova\u0301,-2022","caption":"","full_image_url":"https:\/\/pragueartweek.cz\/wp-content\/uploads\/2022\/04\/04_Marke\u0301ta-Othova\u0301-Jiz\u030c-brzy-2022-scaled.jpeg","thumbnail_image_url":"https:\/\/pragueartweek.cz\/wp-content\/uploads\/2022\/04\/04_Marke\u0301ta-Othova\u0301-Jiz\u030c-brzy-2022-220x330.jpeg","large_srcset":"https:\/\/pragueartweek.cz\/wp-content\/uploads\/2022\/04\/04_Marke\u0301ta-Othova\u0301-Jiz\u030c-brzy-2022-880x1320.jpeg 880w, https:\/\/pragueartweek.cz\/wp-content\/uploads\/2022\/04\/04_Marke\u0301ta-Othova\u0301-Jiz\u030c-brzy-2022-440x660.jpeg 440w, https:\/\/pragueartweek.cz\/wp-content\/uploads\/2022\/04\/04_Marke\u0301ta-Othova\u0301-Jiz\u030c-brzy-2022-220x330.jpeg 220w, https:\/\/pragueartweek.cz\/wp-content\/uploads\/2022\/04\/04_Marke\u0301ta-Othova\u0301-Jiz\u030c-brzy-2022-768x1152.jpeg 768w, https:\/\/pragueartweek.cz\/wp-content\/uploads\/2022\/04\/04_Marke\u0301ta-Othova\u0301-Jiz\u030c-brzy-2022-1024x1536.jpeg 1024w, https:\/\/pragueartweek.cz\/wp-content\/uploads\/2022\/04\/04_Marke\u0301ta-Othova\u0301-Jiz\u030c-brzy-2022-1365x2048.jpeg 1365w, https:\/\/pragueartweek.cz\/wp-content\/uploads\/2022\/04\/04_Marke\u0301ta-Othova\u0301-Jiz\u030c-brzy-2022-scaled.jpeg 1707w","medium_srcset":"https:\/\/pragueartweek.cz\/wp-content\/uploads\/2022\/04\/04_Marke\u0301ta-Othova\u0301-Jiz\u030c-brzy-2022-440x660.jpeg 440w, https:\/\/pragueartweek.cz\/wp-content\/uploads\/2022\/04\/04_Marke\u0301ta-Othova\u0301-Jiz\u030c-brzy-2022-880x1320.jpeg 880w, https:\/\/pragueartweek.cz\/wp-content\/uploads\/2022\/04\/04_Marke\u0301ta-Othova\u0301-Jiz\u030c-brzy-2022-220x330.jpeg 220w, https:\/\/pragueartweek.cz\/wp-content\/uploads\/2022\/04\/04_Marke\u0301ta-Othova\u0301-Jiz\u030c-brzy-2022-768x1152.jpeg 768w, https:\/\/pragueartweek.cz\/wp-content\/uploads\/2022\/04\/04_Marke\u0301ta-Othova\u0301-Jiz\u030c-brzy-2022-1024x1536.jpeg 1024w, https:\/\/pragueartweek.cz\/wp-content\/uploads\/2022\/04\/04_Marke\u0301ta-Othova\u0301-Jiz\u030c-brzy-2022-1365x2048.jpeg 1365w, https:\/\/pragueartweek.cz\/wp-content\/uploads\/2022\/04\/04_Marke\u0301ta-Othova\u0301-Jiz\u030c-brzy-2022-scaled.jpeg 1707w","media_details":{"width":1707,"height":2560,"sizes":{"medium":{"file":"04_Marke\u0301ta-Othova\u0301-Jiz\u030c-brzy-2022-440x660.jpeg","width":440,"height":660,"mime-type":"image\/jpeg","source_url":"https:\/\/pragueartweek.cz\/wp-content\/uploads\/2022\/04\/04_Marke\u0301ta-Othova\u0301-Jiz\u030c-brzy-2022-440x660.jpeg"},"large":{"file":"04_Marke\u0301ta-Othova\u0301-Jiz\u030c-brzy-2022-880x1320.jpeg","width":880,"height":1320,"mime-type":"image\/jpeg","source_url":"https:\/\/pragueartweek.cz\/wp-content\/uploads\/2022\/04\/04_Marke\u0301ta-Othova\u0301-Jiz\u030c-brzy-2022-880x1320.jpeg"},"thumbnail":{"file":"04_Marke\u0301ta-Othova\u0301-Jiz\u030c-brzy-2022-220x330.jpeg","width":220,"height":330,"mime-type":"image\/jpeg","source_url":"https:\/\/pragueartweek.cz\/wp-content\/uploads\/2022\/04\/04_Marke\u0301ta-Othova\u0301-Jiz\u030c-brzy-2022-220x330.jpeg"},"medium_large":{"file":"04_Marke\u0301ta-Othova\u0301-Jiz\u030c-brzy-2022-768x1152.jpeg","width":768,"height":1152,"mime-type":"image\/jpeg","source_url":"https:\/\/pragueartweek.cz\/wp-content\/uploads\/2022\/04\/04_Marke\u0301ta-Othova\u0301-Jiz\u030c-brzy-2022-768x1152.jpeg"},"1536x1536":{"file":"04_Marke\u0301ta-Othova\u0301-Jiz\u030c-brzy-2022-1024x1536.jpeg","width":1024,"height":1536,"mime-type":"image\/jpeg","source_url":"https:\/\/pragueartweek.cz\/wp-content\/uploads\/2022\/04\/04_Marke\u0301ta-Othova\u0301-Jiz\u030c-brzy-2022-1024x1536.jpeg"},"2048x2048":{"file":"04_Marke\u0301ta-Othova\u0301-Jiz\u030c-brzy-2022-1365x2048.jpeg","width":1365,"height":2048,"mime-type":"image\/jpeg","source_url":"https:\/\/pragueartweek.cz\/wp-content\/uploads\/2022\/04\/04_Marke\u0301ta-Othova\u0301-Jiz\u030c-brzy-2022-1365x2048.jpeg"}}},"alt_text":"","url":"","target":""}]]}},"yoast_head":"<!-- This site is optimized with the Yoast SEO plugin v27.4 - https:\/\/yoast.com\/product\/yoast-seo-wordpress\/ -->\n<title>Mark\u00e9ta Othov\u00e1 exhibition in National Gallery Prague | Prague Art Week 26<\/title>\n<meta name=\"description\" content=\"A cross-sectional retrospective exhibition of one of the few Czech artists who made their mark in the 90s at major exhibitions abroad.\" \/>\n<meta name=\"robots\" content=\"index, follow, max-snippet:-1, max-image-preview:large, max-video-preview:-1\" \/>\n<link rel=\"canonical\" href=\"https:\/\/pragueartweek.cz\/en\/udalosti\/marketa-othova\/\" \/>\n<meta property=\"og:locale\" content=\"en_US\" \/>\n<meta property=\"og:type\" content=\"article\" \/>\n<meta property=\"og:title\" content=\"Mark\u00e9ta Othov\u00e1 exhibition in National Gallery Prague | Prague Art Week 26\" \/>\n<meta property=\"og:description\" content=\"A cross-sectional retrospective exhibition of one of the few Czech artists who made their mark in the 90s at major exhibitions abroad.\" \/>\n<meta property=\"og:url\" content=\"https:\/\/pragueartweek.cz\/en\/udalosti\/marketa-othova\/\" \/>\n<meta property=\"og:site_name\" content=\"Prague Art Week 26\" \/>\n<meta property=\"article:publisher\" content=\"https:\/\/www.facebook.com\/pragueartweek22\/\" \/>\n<meta property=\"article:modified_time\" content=\"2023-01-20T10:50:04+00:00\" \/>\n<meta property=\"og:image\" content=\"https:\/\/pragueartweek.cz\/wp-content\/uploads\/2022\/04\/Marketa-Othova-Jiz\u030c-Brzy.jpeg\" \/>\n\t<meta property=\"og:image:width\" content=\"728\" \/>\n\t<meta property=\"og:image:height\" content=\"534\" \/>\n\t<meta property=\"og:image:type\" content=\"image\/jpeg\" \/>\n<meta name=\"twitter:card\" content=\"summary_large_image\" \/>\n<meta name=\"twitter:label1\" content=\"Est. reading time\" \/>\n\t<meta name=\"twitter:data1\" content=\"1 minute\" \/>\n<script type=\"application\/ld+json\" class=\"yoast-schema-graph\">{\"@context\":\"https:\\\/\\\/schema.org\",\"@graph\":[{\"@type\":\"WebPage\",\"@id\":\"https:\\\/\\\/pragueartweek.cz\\\/en\\\/udalosti\\\/marketa-othova\\\/\",\"url\":\"https:\\\/\\\/pragueartweek.cz\\\/en\\\/udalosti\\\/marketa-othova\\\/\",\"name\":\"Mark\u00e9ta Othov\u00e1 exhibition in National Gallery Prague | Prague Art Week 26\",\"isPartOf\":{\"@id\":\"https:\\\/\\\/pragueartweek.cz\\\/en\\\/#website\"},\"primaryImageOfPage\":{\"@id\":\"https:\\\/\\\/pragueartweek.cz\\\/en\\\/udalosti\\\/marketa-othova\\\/#primaryimage\"},\"image\":{\"@id\":\"https:\\\/\\\/pragueartweek.cz\\\/en\\\/udalosti\\\/marketa-othova\\\/#primaryimage\"},\"thumbnailUrl\":\"https:\\\/\\\/pragueartweek.cz\\\/wp-content\\\/uploads\\\/2022\\\/04\\\/Marketa-Othova-Jiz\u030c-Brzy.jpeg\",\"datePublished\":\"2022-04-26T09:49:58+00:00\",\"dateModified\":\"2023-01-20T10:50:04+00:00\",\"description\":\"A cross-sectional retrospective exhibition of one of the few Czech artists who made their mark in the 90s at major exhibitions abroad.\",\"breadcrumb\":{\"@id\":\"https:\\\/\\\/pragueartweek.cz\\\/en\\\/udalosti\\\/marketa-othova\\\/#breadcrumb\"},\"inLanguage\":\"en-US\",\"potentialAction\":[{\"@type\":\"ReadAction\",\"target\":[\"https:\\\/\\\/pragueartweek.cz\\\/en\\\/udalosti\\\/marketa-othova\\\/\"]}]},{\"@type\":\"ImageObject\",\"inLanguage\":\"en-US\",\"@id\":\"https:\\\/\\\/pragueartweek.cz\\\/en\\\/udalosti\\\/marketa-othova\\\/#primaryimage\",\"url\":\"https:\\\/\\\/pragueartweek.cz\\\/wp-content\\\/uploads\\\/2022\\\/04\\\/Marketa-Othova-Jiz\u030c-Brzy.jpeg\",\"contentUrl\":\"https:\\\/\\\/pragueartweek.cz\\\/wp-content\\\/uploads\\\/2022\\\/04\\\/Marketa-Othova-Jiz\u030c-Brzy.jpeg\",\"width\":728,\"height\":534},{\"@type\":\"BreadcrumbList\",\"@id\":\"https:\\\/\\\/pragueartweek.cz\\\/en\\\/udalosti\\\/marketa-othova\\\/#breadcrumb\",\"itemListElement\":[{\"@type\":\"ListItem\",\"position\":1,\"name\":\"Home\",\"item\":\"https:\\\/\\\/pragueartweek.cz\\\/en\\\/\"},{\"@type\":\"ListItem\",\"position\":2,\"name\":\"Events\",\"item\":\"https:\\\/\\\/pragueartweek.cz\\\/en\\\/events\\\/\"},{\"@type\":\"ListItem\",\"position\":3,\"name\":\"Mark\u00e9ta Othov\u00e1: Coming Soon\"}]},{\"@type\":\"WebSite\",\"@id\":\"https:\\\/\\\/pragueartweek.cz\\\/en\\\/#website\",\"url\":\"https:\\\/\\\/pragueartweek.cz\\\/en\\\/\",\"name\":\"Prague Art Week 26\",\"description\":\"Prague Art Week je otev\u0159enou platformou pro kooperaci nejv\u00fdznamn\u011bj\u0161\u00edch instituc\u00ed na poli pra\u017esk\u00e9 um\u011bleck\u00e9 sc\u00e9ny.\",\"publisher\":{\"@id\":\"https:\\\/\\\/pragueartweek.cz\\\/en\\\/#organization\"},\"potentialAction\":[{\"@type\":\"SearchAction\",\"target\":{\"@type\":\"EntryPoint\",\"urlTemplate\":\"https:\\\/\\\/pragueartweek.cz\\\/en\\\/?s={search_term_string}\"},\"query-input\":{\"@type\":\"PropertyValueSpecification\",\"valueRequired\":true,\"valueName\":\"search_term_string\"}}],\"inLanguage\":\"en-US\"},{\"@type\":\"Organization\",\"@id\":\"https:\\\/\\\/pragueartweek.cz\\\/en\\\/#organization\",\"name\":\"Prague Art Week\",\"url\":\"https:\\\/\\\/pragueartweek.cz\\\/en\\\/\",\"logo\":{\"@type\":\"ImageObject\",\"inLanguage\":\"en-US\",\"@id\":\"https:\\\/\\\/pragueartweek.cz\\\/en\\\/#\\\/schema\\\/logo\\\/image\\\/\",\"url\":\"https:\\\/\\\/pragueartweek.cz\\\/wp-content\\\/uploads\\\/2022\\\/04\\\/LOGO_PAW_bez-roku-02.png\",\"contentUrl\":\"https:\\\/\\\/pragueartweek.cz\\\/wp-content\\\/uploads\\\/2022\\\/04\\\/LOGO_PAW_bez-roku-02.png\",\"width\":2481,\"height\":1749,\"caption\":\"Prague Art Week\"},\"image\":{\"@id\":\"https:\\\/\\\/pragueartweek.cz\\\/en\\\/#\\\/schema\\\/logo\\\/image\\\/\"},\"sameAs\":[\"https:\\\/\\\/www.facebook.com\\\/pragueartweek22\\\/\",\"https:\\\/\\\/www.instagram.com\\\/prague_art_week\\\/\"]}]}<\/script>\n<!-- \/ Yoast SEO plugin. -->","yoast_head_json":{"title":"Mark\u00e9ta Othov\u00e1 exhibition in National Gallery Prague | Prague Art Week 26","description":"A cross-sectional retrospective exhibition of one of the few Czech artists who made their mark in the 90s at major exhibitions abroad.","robots":{"index":"index","follow":"follow","max-snippet":"max-snippet:-1","max-image-preview":"max-image-preview:large","max-video-preview":"max-video-preview:-1"},"canonical":"https:\/\/pragueartweek.cz\/en\/udalosti\/marketa-othova\/","og_locale":"en_US","og_type":"article","og_title":"Mark\u00e9ta Othov\u00e1 exhibition in National Gallery Prague | Prague Art Week 26","og_description":"A cross-sectional retrospective exhibition of one of the few Czech artists who made their mark in the 90s at major exhibitions abroad.","og_url":"https:\/\/pragueartweek.cz\/en\/udalosti\/marketa-othova\/","og_site_name":"Prague Art Week 26","article_publisher":"https:\/\/www.facebook.com\/pragueartweek22\/","article_modified_time":"2023-01-20T10:50:04+00:00","og_image":[{"width":728,"height":534,"url":"https:\/\/pragueartweek.cz\/wp-content\/uploads\/2022\/04\/Marketa-Othova-Jiz\u030c-Brzy.jpeg","type":"image\/jpeg"}],"twitter_card":"summary_large_image","twitter_misc":{"Est. reading time":"1 minute"},"schema":{"@context":"https:\/\/schema.org","@graph":[{"@type":"WebPage","@id":"https:\/\/pragueartweek.cz\/en\/udalosti\/marketa-othova\/","url":"https:\/\/pragueartweek.cz\/en\/udalosti\/marketa-othova\/","name":"Mark\u00e9ta Othov\u00e1 exhibition in National Gallery Prague | Prague Art Week 26","isPartOf":{"@id":"https:\/\/pragueartweek.cz\/en\/#website"},"primaryImageOfPage":{"@id":"https:\/\/pragueartweek.cz\/en\/udalosti\/marketa-othova\/#primaryimage"},"image":{"@id":"https:\/\/pragueartweek.cz\/en\/udalosti\/marketa-othova\/#primaryimage"},"thumbnailUrl":"https:\/\/pragueartweek.cz\/wp-content\/uploads\/2022\/04\/Marketa-Othova-Jiz\u030c-Brzy.jpeg","datePublished":"2022-04-26T09:49:58+00:00","dateModified":"2023-01-20T10:50:04+00:00","description":"A cross-sectional retrospective exhibition of one of the few Czech artists who made their mark in the 90s at major exhibitions abroad.","breadcrumb":{"@id":"https:\/\/pragueartweek.cz\/en\/udalosti\/marketa-othova\/#breadcrumb"},"inLanguage":"en-US","potentialAction":[{"@type":"ReadAction","target":["https:\/\/pragueartweek.cz\/en\/udalosti\/marketa-othova\/"]}]},{"@type":"ImageObject","inLanguage":"en-US","@id":"https:\/\/pragueartweek.cz\/en\/udalosti\/marketa-othova\/#primaryimage","url":"https:\/\/pragueartweek.cz\/wp-content\/uploads\/2022\/04\/Marketa-Othova-Jiz\u030c-Brzy.jpeg","contentUrl":"https:\/\/pragueartweek.cz\/wp-content\/uploads\/2022\/04\/Marketa-Othova-Jiz\u030c-Brzy.jpeg","width":728,"height":534},{"@type":"BreadcrumbList","@id":"https:\/\/pragueartweek.cz\/en\/udalosti\/marketa-othova\/#breadcrumb","itemListElement":[{"@type":"ListItem","position":1,"name":"Home","item":"https:\/\/pragueartweek.cz\/en\/"},{"@type":"ListItem","position":2,"name":"Events","item":"https:\/\/pragueartweek.cz\/en\/events\/"},{"@type":"ListItem","position":3,"name":"Mark\u00e9ta Othov\u00e1: Coming Soon"}]},{"@type":"WebSite","@id":"https:\/\/pragueartweek.cz\/en\/#website","url":"https:\/\/pragueartweek.cz\/en\/","name":"Prague Art Week 26","description":"Prague Art Week je otev\u0159enou platformou pro kooperaci nejv\u00fdznamn\u011bj\u0161\u00edch instituc\u00ed na poli pra\u017esk\u00e9 um\u011bleck\u00e9 sc\u00e9ny.","publisher":{"@id":"https:\/\/pragueartweek.cz\/en\/#organization"},"potentialAction":[{"@type":"SearchAction","target":{"@type":"EntryPoint","urlTemplate":"https:\/\/pragueartweek.cz\/en\/?s={search_term_string}"},"query-input":{"@type":"PropertyValueSpecification","valueRequired":true,"valueName":"search_term_string"}}],"inLanguage":"en-US"},{"@type":"Organization","@id":"https:\/\/pragueartweek.cz\/en\/#organization","name":"Prague Art Week","url":"https:\/\/pragueartweek.cz\/en\/","logo":{"@type":"ImageObject","inLanguage":"en-US","@id":"https:\/\/pragueartweek.cz\/en\/#\/schema\/logo\/image\/","url":"https:\/\/pragueartweek.cz\/wp-content\/uploads\/2022\/04\/LOGO_PAW_bez-roku-02.png","contentUrl":"https:\/\/pragueartweek.cz\/wp-content\/uploads\/2022\/04\/LOGO_PAW_bez-roku-02.png","width":2481,"height":1749,"caption":"Prague Art Week"},"image":{"@id":"https:\/\/pragueartweek.cz\/en\/#\/schema\/logo\/image\/"},"sameAs":["https:\/\/www.facebook.com\/pragueartweek22\/","https:\/\/www.instagram.com\/prague_art_week\/"]}]}},"_links":{"self":[{"href":"https:\/\/pragueartweek.cz\/en\/wp-json\/wp\/v2\/udalosti\/454","targetHints":{"allow":["GET"]}}],"collection":[{"href":"https:\/\/pragueartweek.cz\/en\/wp-json\/wp\/v2\/udalosti"}],"about":[{"href":"https:\/\/pragueartweek.cz\/en\/wp-json\/wp\/v2\/types\/udalosti"}],"version-history":[{"count":7,"href":"https:\/\/pragueartweek.cz\/en\/wp-json\/wp\/v2\/udalosti\/454\/revisions"}],"predecessor-version":[{"id":2459,"href":"https:\/\/pragueartweek.cz\/en\/wp-json\/wp\/v2\/udalosti\/454\/revisions\/2459"}],"wp:featuredmedia":[{"embeddable":true,"href":"https:\/\/pragueartweek.cz\/en\/wp-json\/wp\/v2\/media\/504"}],"wp:attachment":[{"href":"https:\/\/pragueartweek.cz\/en\/wp-json\/wp\/v2\/media?parent=454"}],"wp:term":[{"taxonomy":"kategorie","embeddable":true,"href":"https:\/\/pragueartweek.cz\/en\/wp-json\/wp\/v2\/kategorie?post=454"},{"taxonomy":"lokalita","embeddable":true,"href":"https:\/\/pragueartweek.cz\/en\/wp-json\/wp\/v2\/lokalita?post=454"},{"taxonomy":"termin","embeddable":true,"href":"https:\/\/pragueartweek.cz\/en\/wp-json\/wp\/v2\/termin?post=454"}],"curies":[{"name":"wp","href":"https:\/\/api.w.org\/{rel}","templated":true}]}}