{"id":458,"date":"2022-04-26T11:31:28","date_gmt":"2022-04-26T09:31:28","guid":{"rendered":"https:\/\/pragueartweek.cz\/?post_type=udalosti&#038;p=458"},"modified":"2022-04-27T12:48:10","modified_gmt":"2022-04-27T10:48:10","slug":"pleiades-of-glass-1946-2019","status":"publish","type":"udalosti","link":"https:\/\/pragueartweek.cz\/en\/udalosti\/pleiades-of-glass-1946-2019\/","title":{"rendered":"Pleiades of Glass 1946-2019"},"content":{"rendered":"<p><a href=\"https:\/\/www.upm.cz\/\">UPM<\/a><\/p>\n","protected":false},"excerpt":{"rendered":"<p>UPM<\/p>\n","protected":false},"featured_media":527,"parent":0,"menu_order":0,"template":"","format":"standard","meta":{"_acf_changed":false,"footnotes":""},"kategorie":[36],"lokalita":[],"termin":[],"class_list":["post-458","udalosti","type-udalosti","status-publish","format-standard","has-post-thumbnail","hentry","kategorie-exhibition","wpautop"],"acf":{"photo_gallery":{"udalost_galerie":[[{"id":182,"title":"Pleiades of Glass","caption":"","full_image_url":"https:\/\/pragueartweek.cz\/wp-content\/uploads\/2022\/04\/Pleja\u0301dy-skla.jpeg","thumbnail_image_url":"https:\/\/pragueartweek.cz\/wp-content\/uploads\/2022\/04\/Pleja\u0301dy-skla-450x300.jpeg","large_srcset":"https:\/\/pragueartweek.cz\/wp-content\/uploads\/2022\/04\/Pleja\u0301dy-skla-1800x1201.jpeg 1800w, https:\/\/pragueartweek.cz\/wp-content\/uploads\/2022\/04\/Pleja\u0301dy-skla-900x600.jpeg 900w, https:\/\/pragueartweek.cz\/wp-content\/uploads\/2022\/04\/Pleja\u0301dy-skla-450x300.jpeg 450w, https:\/\/pragueartweek.cz\/wp-content\/uploads\/2022\/04\/Pleja\u0301dy-skla-768x512.jpeg 768w, https:\/\/pragueartweek.cz\/wp-content\/uploads\/2022\/04\/Pleja\u0301dy-skla-1536x1025.jpeg 1536w, https:\/\/pragueartweek.cz\/wp-content\/uploads\/2022\/04\/Pleja\u0301dy-skla.jpeg 2000w","medium_srcset":"https:\/\/pragueartweek.cz\/wp-content\/uploads\/2022\/04\/Pleja\u0301dy-skla-900x600.jpeg 900w, https:\/\/pragueartweek.cz\/wp-content\/uploads\/2022\/04\/Pleja\u0301dy-skla-1800x1201.jpeg 1800w, https:\/\/pragueartweek.cz\/wp-content\/uploads\/2022\/04\/Pleja\u0301dy-skla-450x300.jpeg 450w, https:\/\/pragueartweek.cz\/wp-content\/uploads\/2022\/04\/Pleja\u0301dy-skla-768x512.jpeg 768w, https:\/\/pragueartweek.cz\/wp-content\/uploads\/2022\/04\/Pleja\u0301dy-skla-1536x1025.jpeg 1536w, https:\/\/pragueartweek.cz\/wp-content\/uploads\/2022\/04\/Pleja\u0301dy-skla.jpeg 2000w","media_details":{"width":2000,"height":1334,"sizes":{"medium":{"file":"Pleja\u0301dy-skla-900x600.jpeg","width":900,"height":600,"mime-type":"image\/jpeg","source_url":"https:\/\/pragueartweek.cz\/wp-content\/uploads\/2022\/04\/Pleja\u0301dy-skla-900x600.jpeg"},"large":{"file":"Pleja\u0301dy-skla-1800x1201.jpeg","width":1800,"height":1201,"mime-type":"image\/jpeg","source_url":"https:\/\/pragueartweek.cz\/wp-content\/uploads\/2022\/04\/Pleja\u0301dy-skla-1800x1201.jpeg"},"thumbnail":{"file":"Pleja\u0301dy-skla-450x300.jpeg","width":450,"height":300,"mime-type":"image\/jpeg","source_url":"https:\/\/pragueartweek.cz\/wp-content\/uploads\/2022\/04\/Pleja\u0301dy-skla-450x300.jpeg"},"medium_large":{"file":"Pleja\u0301dy-skla-768x512.jpeg","width":768,"height":512,"mime-type":"image\/jpeg","source_url":"https:\/\/pragueartweek.cz\/wp-content\/uploads\/2022\/04\/Pleja\u0301dy-skla-768x512.jpeg"},"1536x1536":{"file":"Pleja\u0301dy-skla-1536x1025.jpeg","width":1536,"height":1025,"mime-type":"image\/jpeg","source_url":"https:\/\/pragueartweek.cz\/wp-content\/uploads\/2022\/04\/Pleja\u0301dy-skla-1536x1025.jpeg"}}},"alt_text":"","url":"","target":""}]]}},"yoast_head":"<!-- This site is optimized with the Yoast SEO plugin v27.4 - https:\/\/yoast.com\/product\/yoast-seo-wordpress\/ -->\n<title>Exhibition Pleiades of Glass 1946-2019 at the Museum of Decorative Arts in Prague<\/title>\n<meta name=\"description\" content=\"The exhibition presents a part of the world-famous glass collection of the Museum of Decorative Arts in Prague from the second half of the 20th century and the beginning of the 21st century, the so called original glass.\" \/>\n<meta name=\"robots\" content=\"index, follow, max-snippet:-1, max-image-preview:large, max-video-preview:-1\" \/>\n<link rel=\"canonical\" href=\"https:\/\/pragueartweek.cz\/en\/udalosti\/pleiades-of-glass-1946-2019\/\" \/>\n<meta property=\"og:locale\" content=\"en_US\" \/>\n<meta property=\"og:type\" content=\"article\" \/>\n<meta property=\"og:title\" content=\"Exhibition Pleiades of Glass 1946-2019 at the Museum of Decorative Arts in Prague\" \/>\n<meta property=\"og:description\" content=\"The exhibition presents a part of the world-famous glass collection of the Museum of Decorative Arts in Prague from the second half of the 20th century and the beginning of the 21st century, the so called original glass.\" \/>\n<meta property=\"og:url\" content=\"https:\/\/pragueartweek.cz\/en\/udalosti\/pleiades-of-glass-1946-2019\/\" \/>\n<meta property=\"og:site_name\" content=\"Prague Art Week 26\" \/>\n<meta property=\"article:publisher\" content=\"https:\/\/www.facebook.com\/pragueartweek22\/\" \/>\n<meta property=\"article:modified_time\" content=\"2022-04-27T10:48:10+00:00\" \/>\n<meta property=\"og:image\" content=\"https:\/\/pragueartweek.cz\/wp-content\/uploads\/2022\/04\/Plejady-Skla-UPM.jpeg\" \/>\n\t<meta property=\"og:image:width\" content=\"1820\" \/>\n\t<meta property=\"og:image:height\" content=\"1334\" \/>\n\t<meta property=\"og:image:type\" content=\"image\/jpeg\" \/>\n<meta name=\"twitter:card\" content=\"summary_large_image\" \/>\n<script type=\"application\/ld+json\" class=\"yoast-schema-graph\">{\"@context\":\"https:\\\/\\\/schema.org\",\"@graph\":[{\"@type\":\"WebPage\",\"@id\":\"https:\\\/\\\/pragueartweek.cz\\\/en\\\/udalosti\\\/pleiades-of-glass-1946-2019\\\/\",\"url\":\"https:\\\/\\\/pragueartweek.cz\\\/en\\\/udalosti\\\/pleiades-of-glass-1946-2019\\\/\",\"name\":\"Exhibition Pleiades of Glass 1946-2019 at the Museum of Decorative Arts in Prague\",\"isPartOf\":{\"@id\":\"https:\\\/\\\/pragueartweek.cz\\\/en\\\/#website\"},\"primaryImageOfPage\":{\"@id\":\"https:\\\/\\\/pragueartweek.cz\\\/en\\\/udalosti\\\/pleiades-of-glass-1946-2019\\\/#primaryimage\"},\"image\":{\"@id\":\"https:\\\/\\\/pragueartweek.cz\\\/en\\\/udalosti\\\/pleiades-of-glass-1946-2019\\\/#primaryimage\"},\"thumbnailUrl\":\"https:\\\/\\\/pragueartweek.cz\\\/wp-content\\\/uploads\\\/2022\\\/04\\\/Plejady-Skla-UPM.jpeg\",\"datePublished\":\"2022-04-26T09:31:28+00:00\",\"dateModified\":\"2022-04-27T10:48:10+00:00\",\"description\":\"The exhibition presents a part of the world-famous glass collection of the Museum of Decorative Arts in Prague from the second half of the 20th century and the beginning of the 21st century, the so called original glass.\",\"breadcrumb\":{\"@id\":\"https:\\\/\\\/pragueartweek.cz\\\/en\\\/udalosti\\\/pleiades-of-glass-1946-2019\\\/#breadcrumb\"},\"inLanguage\":\"en-US\",\"potentialAction\":[{\"@type\":\"ReadAction\",\"target\":[\"https:\\\/\\\/pragueartweek.cz\\\/en\\\/udalosti\\\/pleiades-of-glass-1946-2019\\\/\"]}]},{\"@type\":\"ImageObject\",\"inLanguage\":\"en-US\",\"@id\":\"https:\\\/\\\/pragueartweek.cz\\\/en\\\/udalosti\\\/pleiades-of-glass-1946-2019\\\/#primaryimage\",\"url\":\"https:\\\/\\\/pragueartweek.cz\\\/wp-content\\\/uploads\\\/2022\\\/04\\\/Plejady-Skla-UPM.jpeg\",\"contentUrl\":\"https:\\\/\\\/pragueartweek.cz\\\/wp-content\\\/uploads\\\/2022\\\/04\\\/Plejady-Skla-UPM.jpeg\",\"width\":1820,\"height\":1334},{\"@type\":\"BreadcrumbList\",\"@id\":\"https:\\\/\\\/pragueartweek.cz\\\/en\\\/udalosti\\\/pleiades-of-glass-1946-2019\\\/#breadcrumb\",\"itemListElement\":[{\"@type\":\"ListItem\",\"position\":1,\"name\":\"Home\",\"item\":\"https:\\\/\\\/pragueartweek.cz\\\/en\\\/\"},{\"@type\":\"ListItem\",\"position\":2,\"name\":\"Events\",\"item\":\"https:\\\/\\\/pragueartweek.cz\\\/en\\\/events\\\/\"},{\"@type\":\"ListItem\",\"position\":3,\"name\":\"Pleiades of Glass 1946-2019\"}]},{\"@type\":\"WebSite\",\"@id\":\"https:\\\/\\\/pragueartweek.cz\\\/en\\\/#website\",\"url\":\"https:\\\/\\\/pragueartweek.cz\\\/en\\\/\",\"name\":\"Prague Art Week 26\",\"description\":\"Prague Art Week je otev\u0159enou platformou pro kooperaci nejv\u00fdznamn\u011bj\u0161\u00edch instituc\u00ed na poli pra\u017esk\u00e9 um\u011bleck\u00e9 sc\u00e9ny.\",\"publisher\":{\"@id\":\"https:\\\/\\\/pragueartweek.cz\\\/en\\\/#organization\"},\"potentialAction\":[{\"@type\":\"SearchAction\",\"target\":{\"@type\":\"EntryPoint\",\"urlTemplate\":\"https:\\\/\\\/pragueartweek.cz\\\/en\\\/?s={search_term_string}\"},\"query-input\":{\"@type\":\"PropertyValueSpecification\",\"valueRequired\":true,\"valueName\":\"search_term_string\"}}],\"inLanguage\":\"en-US\"},{\"@type\":\"Organization\",\"@id\":\"https:\\\/\\\/pragueartweek.cz\\\/en\\\/#organization\",\"name\":\"Prague Art Week\",\"url\":\"https:\\\/\\\/pragueartweek.cz\\\/en\\\/\",\"logo\":{\"@type\":\"ImageObject\",\"inLanguage\":\"en-US\",\"@id\":\"https:\\\/\\\/pragueartweek.cz\\\/en\\\/#\\\/schema\\\/logo\\\/image\\\/\",\"url\":\"https:\\\/\\\/pragueartweek.cz\\\/wp-content\\\/uploads\\\/2022\\\/04\\\/LOGO_PAW_bez-roku-02.png\",\"contentUrl\":\"https:\\\/\\\/pragueartweek.cz\\\/wp-content\\\/uploads\\\/2022\\\/04\\\/LOGO_PAW_bez-roku-02.png\",\"width\":2481,\"height\":1749,\"caption\":\"Prague Art Week\"},\"image\":{\"@id\":\"https:\\\/\\\/pragueartweek.cz\\\/en\\\/#\\\/schema\\\/logo\\\/image\\\/\"},\"sameAs\":[\"https:\\\/\\\/www.facebook.com\\\/pragueartweek22\\\/\",\"https:\\\/\\\/www.instagram.com\\\/prague_art_week\\\/\"]}]}<\/script>\n<!-- \/ Yoast SEO plugin. -->","yoast_head_json":{"title":"Exhibition Pleiades of Glass 1946-2019 at the Museum of Decorative Arts in Prague","description":"The exhibition presents a part of the world-famous glass collection of the Museum of Decorative Arts in Prague from the second half of the 20th century and the beginning of the 21st century, the so called original glass.","robots":{"index":"index","follow":"follow","max-snippet":"max-snippet:-1","max-image-preview":"max-image-preview:large","max-video-preview":"max-video-preview:-1"},"canonical":"https:\/\/pragueartweek.cz\/en\/udalosti\/pleiades-of-glass-1946-2019\/","og_locale":"en_US","og_type":"article","og_title":"Exhibition Pleiades of Glass 1946-2019 at the Museum of Decorative Arts in Prague","og_description":"The exhibition presents a part of the world-famous glass collection of the Museum of Decorative Arts in Prague from the second half of the 20th century and the beginning of the 21st century, the so called original glass.","og_url":"https:\/\/pragueartweek.cz\/en\/udalosti\/pleiades-of-glass-1946-2019\/","og_site_name":"Prague Art Week 26","article_publisher":"https:\/\/www.facebook.com\/pragueartweek22\/","article_modified_time":"2022-04-27T10:48:10+00:00","og_image":[{"width":1820,"height":1334,"url":"https:\/\/pragueartweek.cz\/wp-content\/uploads\/2022\/04\/Plejady-Skla-UPM.jpeg","type":"image\/jpeg"}],"twitter_card":"summary_large_image","schema":{"@context":"https:\/\/schema.org","@graph":[{"@type":"WebPage","@id":"https:\/\/pragueartweek.cz\/en\/udalosti\/pleiades-of-glass-1946-2019\/","url":"https:\/\/pragueartweek.cz\/en\/udalosti\/pleiades-of-glass-1946-2019\/","name":"Exhibition Pleiades of Glass 1946-2019 at the Museum of Decorative Arts in Prague","isPartOf":{"@id":"https:\/\/pragueartweek.cz\/en\/#website"},"primaryImageOfPage":{"@id":"https:\/\/pragueartweek.cz\/en\/udalosti\/pleiades-of-glass-1946-2019\/#primaryimage"},"image":{"@id":"https:\/\/pragueartweek.cz\/en\/udalosti\/pleiades-of-glass-1946-2019\/#primaryimage"},"thumbnailUrl":"https:\/\/pragueartweek.cz\/wp-content\/uploads\/2022\/04\/Plejady-Skla-UPM.jpeg","datePublished":"2022-04-26T09:31:28+00:00","dateModified":"2022-04-27T10:48:10+00:00","description":"The exhibition presents a part of the world-famous glass collection of the Museum of Decorative Arts in Prague from the second half of the 20th century and the beginning of the 21st century, the so called original glass.","breadcrumb":{"@id":"https:\/\/pragueartweek.cz\/en\/udalosti\/pleiades-of-glass-1946-2019\/#breadcrumb"},"inLanguage":"en-US","potentialAction":[{"@type":"ReadAction","target":["https:\/\/pragueartweek.cz\/en\/udalosti\/pleiades-of-glass-1946-2019\/"]}]},{"@type":"ImageObject","inLanguage":"en-US","@id":"https:\/\/pragueartweek.cz\/en\/udalosti\/pleiades-of-glass-1946-2019\/#primaryimage","url":"https:\/\/pragueartweek.cz\/wp-content\/uploads\/2022\/04\/Plejady-Skla-UPM.jpeg","contentUrl":"https:\/\/pragueartweek.cz\/wp-content\/uploads\/2022\/04\/Plejady-Skla-UPM.jpeg","width":1820,"height":1334},{"@type":"BreadcrumbList","@id":"https:\/\/pragueartweek.cz\/en\/udalosti\/pleiades-of-glass-1946-2019\/#breadcrumb","itemListElement":[{"@type":"ListItem","position":1,"name":"Home","item":"https:\/\/pragueartweek.cz\/en\/"},{"@type":"ListItem","position":2,"name":"Events","item":"https:\/\/pragueartweek.cz\/en\/events\/"},{"@type":"ListItem","position":3,"name":"Pleiades of Glass 1946-2019"}]},{"@type":"WebSite","@id":"https:\/\/pragueartweek.cz\/en\/#website","url":"https:\/\/pragueartweek.cz\/en\/","name":"Prague Art Week 26","description":"Prague Art Week je otev\u0159enou platformou pro kooperaci nejv\u00fdznamn\u011bj\u0161\u00edch instituc\u00ed na poli pra\u017esk\u00e9 um\u011bleck\u00e9 sc\u00e9ny.","publisher":{"@id":"https:\/\/pragueartweek.cz\/en\/#organization"},"potentialAction":[{"@type":"SearchAction","target":{"@type":"EntryPoint","urlTemplate":"https:\/\/pragueartweek.cz\/en\/?s={search_term_string}"},"query-input":{"@type":"PropertyValueSpecification","valueRequired":true,"valueName":"search_term_string"}}],"inLanguage":"en-US"},{"@type":"Organization","@id":"https:\/\/pragueartweek.cz\/en\/#organization","name":"Prague Art Week","url":"https:\/\/pragueartweek.cz\/en\/","logo":{"@type":"ImageObject","inLanguage":"en-US","@id":"https:\/\/pragueartweek.cz\/en\/#\/schema\/logo\/image\/","url":"https:\/\/pragueartweek.cz\/wp-content\/uploads\/2022\/04\/LOGO_PAW_bez-roku-02.png","contentUrl":"https:\/\/pragueartweek.cz\/wp-content\/uploads\/2022\/04\/LOGO_PAW_bez-roku-02.png","width":2481,"height":1749,"caption":"Prague Art Week"},"image":{"@id":"https:\/\/pragueartweek.cz\/en\/#\/schema\/logo\/image\/"},"sameAs":["https:\/\/www.facebook.com\/pragueartweek22\/","https:\/\/www.instagram.com\/prague_art_week\/"]}]}},"_links":{"self":[{"href":"https:\/\/pragueartweek.cz\/en\/wp-json\/wp\/v2\/udalosti\/458","targetHints":{"allow":["GET"]}}],"collection":[{"href":"https:\/\/pragueartweek.cz\/en\/wp-json\/wp\/v2\/udalosti"}],"about":[{"href":"https:\/\/pragueartweek.cz\/en\/wp-json\/wp\/v2\/types\/udalosti"}],"version-history":[{"count":3,"href":"https:\/\/pragueartweek.cz\/en\/wp-json\/wp\/v2\/udalosti\/458\/revisions"}],"predecessor-version":[{"id":633,"href":"https:\/\/pragueartweek.cz\/en\/wp-json\/wp\/v2\/udalosti\/458\/revisions\/633"}],"wp:featuredmedia":[{"embeddable":true,"href":"https:\/\/pragueartweek.cz\/en\/wp-json\/wp\/v2\/media\/527"}],"wp:attachment":[{"href":"https:\/\/pragueartweek.cz\/en\/wp-json\/wp\/v2\/media?parent=458"}],"wp:term":[{"taxonomy":"kategorie","embeddable":true,"href":"https:\/\/pragueartweek.cz\/en\/wp-json\/wp\/v2\/kategorie?post=458"},{"taxonomy":"lokalita","embeddable":true,"href":"https:\/\/pragueartweek.cz\/en\/wp-json\/wp\/v2\/lokalita?post=458"},{"taxonomy":"termin","embeddable":true,"href":"https:\/\/pragueartweek.cz\/en\/wp-json\/wp\/v2\/termin?post=458"}],"curies":[{"name":"wp","href":"https:\/\/api.w.org\/{rel}","templated":true}]}}