{"id":4750,"date":"2023-09-01T11:35:42","date_gmt":"2023-09-01T09:35:42","guid":{"rendered":"https:\/\/pragueartweek.cz\/?post_type=udalosti&#038;p=4750"},"modified":"2023-09-22T13:06:16","modified_gmt":"2023-09-22T11:06:16","slug":"jiri-kovanda-two-plus-two-is-five-collages-1973-2023","status":"publish","type":"udalosti","link":"https:\/\/pragueartweek.cz\/en\/events\/jiri-kovanda-two-plus-two-is-five-collages-1973-2023\/","title":{"rendered":"JI\u0158\u00cd KOVANDA: TWO PLUS TWO IS FIVE (COLLAGES 1973\u20132023)"},"content":{"rendered":"<p><a href=\"https:\/\/www.ppas.cz\/o-nas\/galerie-smecky\" target=\"_blank\" rel=\"noopener\">Galerie Sme\u010dky&nbsp;<\/a><\/p>\n<p>Gallery Sme\u010dky is an public space in the centre of Prague, which focuses mainly on the medium of collage. It has been presenting its historical and contemporary form in regular exhibitions since 2005. At the same time, it manages an large collection of Czech collage owned by Pra\u017esk\u00e1 plyn\u00e1rensk\u00e1. This corporate collection consists of more than 550 works. It represents all the important Czech artists who worked in the medium of collage in the 20th century. The new dramaturgy of the Sme\u010dky Gallery continues the presentation of a broad collection of works of Czech collage. At the same time, it focuses on students of art colleges and the contemporary art scene. The aim of the Gallery is to become a place that overcomes generational differences in the view of art. The new intention is to create a barrier-free environment suitable for visits by parents with children and for all social nad age groups.<\/p>\n","protected":false},"excerpt":{"rendered":"<p>Galerie Sme\u010dky&nbsp; Gallery Sme\u010dky is an public space in the centre of Prague, which focuses mainly on the medium of collage. It has been presenting its historical and contemporary form in regular exhibitions since 2005. At the same time, it manages an large collection of Czech collage owned by Pra\u017esk\u00e1 plyn\u00e1rensk\u00e1. This corporate collection consists&#8230; <a class=\"view-article\" href=\"https:\/\/pragueartweek.cz\/en\/events\/jiri-kovanda-two-plus-two-is-five-collages-1973-2023\/\">View Article<\/a><\/p>\n","protected":false},"featured_media":6084,"parent":0,"menu_order":0,"template":"","format":"standard","meta":{"_acf_changed":false,"footnotes":""},"kategorie":[36,112,259],"lokalita":[],"termin":[],"class_list":["post-4750","udalosti","type-udalosti","status-publish","format-standard","has-post-thumbnail","hentry","kategorie-exhibition","kategorie-opening","kategorie-route-p1-p2","wpautop"],"acf":{"photo_gallery":{"udalost_galerie":[[{"id":5290,"title":"Jir\u030ci\u0301 Kovanda, Untitled (Kupka) Galerie Semc\u030cky","caption":"","full_image_url":"https:\/\/pragueartweek.cz\/wp-content\/uploads\/2023\/08\/Jiri-Kovanda-Untitled-Kupka-Galerie-Semcky-scaled.jpg","thumbnail_image_url":"https:\/\/pragueartweek.cz\/wp-content\/uploads\/2023\/08\/Jiri-Kovanda-Untitled-Kupka-Galerie-Semcky-234x330.jpg","large_srcset":"https:\/\/pragueartweek.cz\/wp-content\/uploads\/2023\/08\/Jiri-Kovanda-Untitled-Kupka-Galerie-Semcky-936x1320.jpg 936w, https:\/\/pragueartweek.cz\/wp-content\/uploads\/2023\/08\/Jiri-Kovanda-Untitled-Kupka-Galerie-Semcky-468x660.jpg 468w, https:\/\/pragueartweek.cz\/wp-content\/uploads\/2023\/08\/Jiri-Kovanda-Untitled-Kupka-Galerie-Semcky-234x330.jpg 234w, https:\/\/pragueartweek.cz\/wp-content\/uploads\/2023\/08\/Jiri-Kovanda-Untitled-Kupka-Galerie-Semcky-768x1083.jpg 768w, https:\/\/pragueartweek.cz\/wp-content\/uploads\/2023\/08\/Jiri-Kovanda-Untitled-Kupka-Galerie-Semcky-1089x1536.jpg 1089w, https:\/\/pragueartweek.cz\/wp-content\/uploads\/2023\/08\/Jiri-Kovanda-Untitled-Kupka-Galerie-Semcky-1452x2048.jpg 1452w, https:\/\/pragueartweek.cz\/wp-content\/uploads\/2023\/08\/Jiri-Kovanda-Untitled-Kupka-Galerie-Semcky-scaled.jpg 1815w","medium_srcset":"https:\/\/pragueartweek.cz\/wp-content\/uploads\/2023\/08\/Jiri-Kovanda-Untitled-Kupka-Galerie-Semcky-468x660.jpg 468w, https:\/\/pragueartweek.cz\/wp-content\/uploads\/2023\/08\/Jiri-Kovanda-Untitled-Kupka-Galerie-Semcky-936x1320.jpg 936w, https:\/\/pragueartweek.cz\/wp-content\/uploads\/2023\/08\/Jiri-Kovanda-Untitled-Kupka-Galerie-Semcky-234x330.jpg 234w, https:\/\/pragueartweek.cz\/wp-content\/uploads\/2023\/08\/Jiri-Kovanda-Untitled-Kupka-Galerie-Semcky-768x1083.jpg 768w, https:\/\/pragueartweek.cz\/wp-content\/uploads\/2023\/08\/Jiri-Kovanda-Untitled-Kupka-Galerie-Semcky-1089x1536.jpg 1089w, https:\/\/pragueartweek.cz\/wp-content\/uploads\/2023\/08\/Jiri-Kovanda-Untitled-Kupka-Galerie-Semcky-1452x2048.jpg 1452w, https:\/\/pragueartweek.cz\/wp-content\/uploads\/2023\/08\/Jiri-Kovanda-Untitled-Kupka-Galerie-Semcky-scaled.jpg 1815w","media_details":{"width":1815,"height":2560,"sizes":{"medium":{"file":"Jiri-Kovanda-Untitled-Kupka-Galerie-Semcky-468x660.jpg","width":468,"height":660,"mime-type":"image\/jpeg","filesize":37203,"source_url":"https:\/\/pragueartweek.cz\/wp-content\/uploads\/2023\/08\/Jiri-Kovanda-Untitled-Kupka-Galerie-Semcky-468x660.jpg"},"large":{"file":"Jiri-Kovanda-Untitled-Kupka-Galerie-Semcky-936x1320.jpg","width":936,"height":1320,"mime-type":"image\/jpeg","filesize":110088,"source_url":"https:\/\/pragueartweek.cz\/wp-content\/uploads\/2023\/08\/Jiri-Kovanda-Untitled-Kupka-Galerie-Semcky-936x1320.jpg"},"thumbnail":{"file":"Jiri-Kovanda-Untitled-Kupka-Galerie-Semcky-234x330.jpg","width":234,"height":330,"mime-type":"image\/jpeg","filesize":15983,"source_url":"https:\/\/pragueartweek.cz\/wp-content\/uploads\/2023\/08\/Jiri-Kovanda-Untitled-Kupka-Galerie-Semcky-234x330.jpg"},"medium_large":{"file":"Jiri-Kovanda-Untitled-Kupka-Galerie-Semcky-768x1083.jpg","width":768,"height":1083,"mime-type":"image\/jpeg","filesize":79136,"source_url":"https:\/\/pragueartweek.cz\/wp-content\/uploads\/2023\/08\/Jiri-Kovanda-Untitled-Kupka-Galerie-Semcky-768x1083.jpg"},"1536x1536":{"file":"Jiri-Kovanda-Untitled-Kupka-Galerie-Semcky-1089x1536.jpg","width":1089,"height":1536,"mime-type":"image\/jpeg","filesize":142945,"source_url":"https:\/\/pragueartweek.cz\/wp-content\/uploads\/2023\/08\/Jiri-Kovanda-Untitled-Kupka-Galerie-Semcky-1089x1536.jpg"},"2048x2048":{"file":"Jiri-Kovanda-Untitled-Kupka-Galerie-Semcky-1452x2048.jpg","width":1452,"height":2048,"mime-type":"image\/jpeg","filesize":239541,"source_url":"https:\/\/pragueartweek.cz\/wp-content\/uploads\/2023\/08\/Jiri-Kovanda-Untitled-Kupka-Galerie-Semcky-1452x2048.jpg"},"cmplz_banner_image":{"file":"Jiri-Kovanda-Untitled-Kupka-Galerie-Semcky-350x100.jpg","width":350,"height":100,"mime-type":"image\/jpeg","filesize":11572,"source_url":"https:\/\/pragueartweek.cz\/wp-content\/uploads\/2023\/08\/Jiri-Kovanda-Untitled-Kupka-Galerie-Semcky-350x100.jpg"}}},"alt_text":"","url":"","target":""},{"id":5292,"title":"Jiri_Kovanda_Portrait_archive of the artists","caption":"","full_image_url":"https:\/\/pragueartweek.cz\/wp-content\/uploads\/2023\/08\/Jiri_Kovanda_Portrait_archive-of-the-artists-scaled.jpg","thumbnail_image_url":"https:\/\/pragueartweek.cz\/wp-content\/uploads\/2023\/08\/Jiri_Kovanda_Portrait_archive-of-the-artists-186x330.jpg","large_srcset":"https:\/\/pragueartweek.cz\/wp-content\/uploads\/2023\/08\/Jiri_Kovanda_Portrait_archive-of-the-artists-743x1320.jpg 743w, https:\/\/pragueartweek.cz\/wp-content\/uploads\/2023\/08\/Jiri_Kovanda_Portrait_archive-of-the-artists-371x660.jpg 371w, https:\/\/pragueartweek.cz\/wp-content\/uploads\/2023\/08\/Jiri_Kovanda_Portrait_archive-of-the-artists-186x330.jpg 186w, https:\/\/pragueartweek.cz\/wp-content\/uploads\/2023\/08\/Jiri_Kovanda_Portrait_archive-of-the-artists-768x1365.jpg 768w, https:\/\/pragueartweek.cz\/wp-content\/uploads\/2023\/08\/Jiri_Kovanda_Portrait_archive-of-the-artists-864x1536.jpg 864w, https:\/\/pragueartweek.cz\/wp-content\/uploads\/2023\/08\/Jiri_Kovanda_Portrait_archive-of-the-artists-1152x2048.jpg 1152w, https:\/\/pragueartweek.cz\/wp-content\/uploads\/2023\/08\/Jiri_Kovanda_Portrait_archive-of-the-artists-scaled.jpg 1440w","medium_srcset":"https:\/\/pragueartweek.cz\/wp-content\/uploads\/2023\/08\/Jiri_Kovanda_Portrait_archive-of-the-artists-371x660.jpg 371w, https:\/\/pragueartweek.cz\/wp-content\/uploads\/2023\/08\/Jiri_Kovanda_Portrait_archive-of-the-artists-743x1320.jpg 743w, https:\/\/pragueartweek.cz\/wp-content\/uploads\/2023\/08\/Jiri_Kovanda_Portrait_archive-of-the-artists-186x330.jpg 186w, https:\/\/pragueartweek.cz\/wp-content\/uploads\/2023\/08\/Jiri_Kovanda_Portrait_archive-of-the-artists-768x1365.jpg 768w, https:\/\/pragueartweek.cz\/wp-content\/uploads\/2023\/08\/Jiri_Kovanda_Portrait_archive-of-the-artists-864x1536.jpg 864w, https:\/\/pragueartweek.cz\/wp-content\/uploads\/2023\/08\/Jiri_Kovanda_Portrait_archive-of-the-artists-1152x2048.jpg 1152w, https:\/\/pragueartweek.cz\/wp-content\/uploads\/2023\/08\/Jiri_Kovanda_Portrait_archive-of-the-artists-scaled.jpg 1440w","media_details":{"width":1440,"height":2560,"sizes":{"medium":{"file":"Jiri_Kovanda_Portrait_archive-of-the-artists-371x660.jpg","width":371,"height":660,"mime-type":"image\/jpeg","filesize":30652,"source_url":"https:\/\/pragueartweek.cz\/wp-content\/uploads\/2023\/08\/Jiri_Kovanda_Portrait_archive-of-the-artists-371x660.jpg"},"large":{"file":"Jiri_Kovanda_Portrait_archive-of-the-artists-743x1320.jpg","width":743,"height":1320,"mime-type":"image\/jpeg","filesize":91305,"source_url":"https:\/\/pragueartweek.cz\/wp-content\/uploads\/2023\/08\/Jiri_Kovanda_Portrait_archive-of-the-artists-743x1320.jpg"},"thumbnail":{"file":"Jiri_Kovanda_Portrait_archive-of-the-artists-186x330.jpg","width":186,"height":330,"mime-type":"image\/jpeg","filesize":10787,"source_url":"https:\/\/pragueartweek.cz\/wp-content\/uploads\/2023\/08\/Jiri_Kovanda_Portrait_archive-of-the-artists-186x330.jpg"},"medium_large":{"file":"Jiri_Kovanda_Portrait_archive-of-the-artists-768x1365.jpg","width":768,"height":1365,"mime-type":"image\/jpeg","filesize":96188,"source_url":"https:\/\/pragueartweek.cz\/wp-content\/uploads\/2023\/08\/Jiri_Kovanda_Portrait_archive-of-the-artists-768x1365.jpg"},"1536x1536":{"file":"Jiri_Kovanda_Portrait_archive-of-the-artists-864x1536.jpg","width":864,"height":1536,"mime-type":"image\/jpeg","filesize":116164,"source_url":"https:\/\/pragueartweek.cz\/wp-content\/uploads\/2023\/08\/Jiri_Kovanda_Portrait_archive-of-the-artists-864x1536.jpg"},"2048x2048":{"file":"Jiri_Kovanda_Portrait_archive-of-the-artists-1152x2048.jpg","width":1152,"height":2048,"mime-type":"image\/jpeg","filesize":190081,"source_url":"https:\/\/pragueartweek.cz\/wp-content\/uploads\/2023\/08\/Jiri_Kovanda_Portrait_archive-of-the-artists-1152x2048.jpg"},"cmplz_banner_image":{"file":"Jiri_Kovanda_Portrait_archive-of-the-artists-350x100.jpg","width":350,"height":100,"mime-type":"image\/jpeg","filesize":7023,"source_url":"https:\/\/pragueartweek.cz\/wp-content\/uploads\/2023\/08\/Jiri_Kovanda_Portrait_archive-of-the-artists-350x100.jpg"}}},"alt_text":"","url":"","target":""},{"id":4766,"title":"DSC08999","caption":"","full_image_url":"https:\/\/pragueartweek.cz\/wp-content\/uploads\/2023\/08\/DSC08999.jpg","thumbnail_image_url":"https:\/\/pragueartweek.cz\/wp-content\/uploads\/2023\/08\/DSC08999-248x330.jpg","large_srcset":"https:\/\/pragueartweek.cz\/wp-content\/uploads\/2023\/08\/DSC08999-990x1320.jpg 990w, https:\/\/pragueartweek.cz\/wp-content\/uploads\/2023\/08\/DSC08999-495x660.jpg 495w, https:\/\/pragueartweek.cz\/wp-content\/uploads\/2023\/08\/DSC08999-248x330.jpg 248w, https:\/\/pragueartweek.cz\/wp-content\/uploads\/2023\/08\/DSC08999-768x1024.jpg 768w, https:\/\/pragueartweek.cz\/wp-content\/uploads\/2023\/08\/DSC08999-1152x1536.jpg 1152w, https:\/\/pragueartweek.cz\/wp-content\/uploads\/2023\/08\/DSC08999.jpg 1536w","medium_srcset":"https:\/\/pragueartweek.cz\/wp-content\/uploads\/2023\/08\/DSC08999-495x660.jpg 495w, https:\/\/pragueartweek.cz\/wp-content\/uploads\/2023\/08\/DSC08999-990x1320.jpg 990w, https:\/\/pragueartweek.cz\/wp-content\/uploads\/2023\/08\/DSC08999-248x330.jpg 248w, https:\/\/pragueartweek.cz\/wp-content\/uploads\/2023\/08\/DSC08999-768x1024.jpg 768w, https:\/\/pragueartweek.cz\/wp-content\/uploads\/2023\/08\/DSC08999-1152x1536.jpg 1152w, https:\/\/pragueartweek.cz\/wp-content\/uploads\/2023\/08\/DSC08999.jpg 1536w","media_details":{"width":1536,"height":2048,"sizes":{"medium":{"file":"DSC08999-495x660.jpg","width":495,"height":660,"mime-type":"image\/jpeg","filesize":69856,"source_url":"https:\/\/pragueartweek.cz\/wp-content\/uploads\/2023\/08\/DSC08999-495x660.jpg"},"large":{"file":"DSC08999-990x1320.jpg","width":990,"height":1320,"mime-type":"image\/jpeg","filesize":293116,"source_url":"https:\/\/pragueartweek.cz\/wp-content\/uploads\/2023\/08\/DSC08999-990x1320.jpg"},"thumbnail":{"file":"DSC08999-248x330.jpg","width":248,"height":330,"mime-type":"image\/jpeg","filesize":19025,"source_url":"https:\/\/pragueartweek.cz\/wp-content\/uploads\/2023\/08\/DSC08999-248x330.jpg"},"medium_large":{"file":"DSC08999-768x1024.jpg","width":768,"height":1024,"mime-type":"image\/jpeg","filesize":170355,"source_url":"https:\/\/pragueartweek.cz\/wp-content\/uploads\/2023\/08\/DSC08999-768x1024.jpg"},"1536x1536":{"file":"DSC08999-1152x1536.jpg","width":1152,"height":1536,"mime-type":"image\/jpeg","filesize":396261,"source_url":"https:\/\/pragueartweek.cz\/wp-content\/uploads\/2023\/08\/DSC08999-1152x1536.jpg"},"cmplz_banner_image":{"file":"DSC08999-350x100.jpg","width":350,"height":100,"mime-type":"image\/jpeg","filesize":11906,"source_url":"https:\/\/pragueartweek.cz\/wp-content\/uploads\/2023\/08\/DSC08999-350x100.jpg"}}},"alt_text":"","url":"","target":""},{"id":4755,"title":"2023_SMECKY_KOPASZ DSC07111","caption":"","full_image_url":"https:\/\/pragueartweek.cz\/wp-content\/uploads\/2023\/08\/2023_SMECKY_KOPASZ-DSC07111-scaled.jpeg","thumbnail_image_url":"https:\/\/pragueartweek.cz\/wp-content\/uploads\/2023\/08\/2023_SMECKY_KOPASZ-DSC07111-450x298.jpeg","large_srcset":"https:\/\/pragueartweek.cz\/wp-content\/uploads\/2023\/08\/2023_SMECKY_KOPASZ-DSC07111-1800x1194.jpeg 1800w, https:\/\/pragueartweek.cz\/wp-content\/uploads\/2023\/08\/2023_SMECKY_KOPASZ-DSC07111-900x597.jpeg 900w, https:\/\/pragueartweek.cz\/wp-content\/uploads\/2023\/08\/2023_SMECKY_KOPASZ-DSC07111-450x298.jpeg 450w, https:\/\/pragueartweek.cz\/wp-content\/uploads\/2023\/08\/2023_SMECKY_KOPASZ-DSC07111-768x509.jpeg 768w, https:\/\/pragueartweek.cz\/wp-content\/uploads\/2023\/08\/2023_SMECKY_KOPASZ-DSC07111-1536x1019.jpeg 1536w, https:\/\/pragueartweek.cz\/wp-content\/uploads\/2023\/08\/2023_SMECKY_KOPASZ-DSC07111-2048x1358.jpeg 2048w","medium_srcset":"https:\/\/pragueartweek.cz\/wp-content\/uploads\/2023\/08\/2023_SMECKY_KOPASZ-DSC07111-900x597.jpeg 900w, https:\/\/pragueartweek.cz\/wp-content\/uploads\/2023\/08\/2023_SMECKY_KOPASZ-DSC07111-1800x1194.jpeg 1800w, https:\/\/pragueartweek.cz\/wp-content\/uploads\/2023\/08\/2023_SMECKY_KOPASZ-DSC07111-450x298.jpeg 450w, https:\/\/pragueartweek.cz\/wp-content\/uploads\/2023\/08\/2023_SMECKY_KOPASZ-DSC07111-768x509.jpeg 768w, https:\/\/pragueartweek.cz\/wp-content\/uploads\/2023\/08\/2023_SMECKY_KOPASZ-DSC07111-1536x1019.jpeg 1536w, https:\/\/pragueartweek.cz\/wp-content\/uploads\/2023\/08\/2023_SMECKY_KOPASZ-DSC07111-2048x1358.jpeg 2048w","media_details":{"width":2560,"height":1698,"sizes":{"medium":{"file":"2023_SMECKY_KOPASZ-DSC07111-900x597.jpeg","width":900,"height":597,"mime-type":"image\/jpeg","filesize":81567,"source_url":"https:\/\/pragueartweek.cz\/wp-content\/uploads\/2023\/08\/2023_SMECKY_KOPASZ-DSC07111-900x597.jpeg"},"large":{"file":"2023_SMECKY_KOPASZ-DSC07111-1800x1194.jpeg","width":1800,"height":1194,"mime-type":"image\/jpeg","filesize":236254,"source_url":"https:\/\/pragueartweek.cz\/wp-content\/uploads\/2023\/08\/2023_SMECKY_KOPASZ-DSC07111-1800x1194.jpeg"},"thumbnail":{"file":"2023_SMECKY_KOPASZ-DSC07111-450x298.jpeg","width":450,"height":298,"mime-type":"image\/jpeg","filesize":35628,"source_url":"https:\/\/pragueartweek.cz\/wp-content\/uploads\/2023\/08\/2023_SMECKY_KOPASZ-DSC07111-450x298.jpeg"},"medium_large":{"file":"2023_SMECKY_KOPASZ-DSC07111-768x509.jpeg","width":768,"height":509,"mime-type":"image\/jpeg","filesize":65474,"source_url":"https:\/\/pragueartweek.cz\/wp-content\/uploads\/2023\/08\/2023_SMECKY_KOPASZ-DSC07111-768x509.jpeg"},"1536x1536":{"file":"2023_SMECKY_KOPASZ-DSC07111-1536x1019.jpeg","width":1536,"height":1019,"mime-type":"image\/jpeg","filesize":181756,"source_url":"https:\/\/pragueartweek.cz\/wp-content\/uploads\/2023\/08\/2023_SMECKY_KOPASZ-DSC07111-1536x1019.jpeg"},"2048x2048":{"file":"2023_SMECKY_KOPASZ-DSC07111-2048x1358.jpeg","width":2048,"height":1358,"mime-type":"image\/jpeg","filesize":296936,"source_url":"https:\/\/pragueartweek.cz\/wp-content\/uploads\/2023\/08\/2023_SMECKY_KOPASZ-DSC07111-2048x1358.jpeg"},"cmplz_banner_image":{"file":"2023_SMECKY_KOPASZ-DSC07111-350x100.jpeg","width":350,"height":100,"mime-type":"image\/jpeg","filesize":20263,"source_url":"https:\/\/pragueartweek.cz\/wp-content\/uploads\/2023\/08\/2023_SMECKY_KOPASZ-DSC07111-350x100.jpeg"}}},"alt_text":"","url":"","target":""},{"id":4753,"title":"2023_KOPACZ_DSC07146","caption":"","full_image_url":"https:\/\/pragueartweek.cz\/wp-content\/uploads\/2023\/08\/2023_KOPACZ_DSC07146-scaled.jpeg","thumbnail_image_url":"https:\/\/pragueartweek.cz\/wp-content\/uploads\/2023\/08\/2023_KOPACZ_DSC07146-450x253.jpeg","large_srcset":"https:\/\/pragueartweek.cz\/wp-content\/uploads\/2023\/08\/2023_KOPACZ_DSC07146-1800x1013.jpeg 1800w, https:\/\/pragueartweek.cz\/wp-content\/uploads\/2023\/08\/2023_KOPACZ_DSC07146-900x506.jpeg 900w, https:\/\/pragueartweek.cz\/wp-content\/uploads\/2023\/08\/2023_KOPACZ_DSC07146-450x253.jpeg 450w, https:\/\/pragueartweek.cz\/wp-content\/uploads\/2023\/08\/2023_KOPACZ_DSC07146-768x432.jpeg 768w, https:\/\/pragueartweek.cz\/wp-content\/uploads\/2023\/08\/2023_KOPACZ_DSC07146-1536x864.jpeg 1536w, https:\/\/pragueartweek.cz\/wp-content\/uploads\/2023\/08\/2023_KOPACZ_DSC07146-2048x1152.jpeg 2048w","medium_srcset":"https:\/\/pragueartweek.cz\/wp-content\/uploads\/2023\/08\/2023_KOPACZ_DSC07146-900x506.jpeg 900w, https:\/\/pragueartweek.cz\/wp-content\/uploads\/2023\/08\/2023_KOPACZ_DSC07146-1800x1013.jpeg 1800w, https:\/\/pragueartweek.cz\/wp-content\/uploads\/2023\/08\/2023_KOPACZ_DSC07146-450x253.jpeg 450w, https:\/\/pragueartweek.cz\/wp-content\/uploads\/2023\/08\/2023_KOPACZ_DSC07146-768x432.jpeg 768w, https:\/\/pragueartweek.cz\/wp-content\/uploads\/2023\/08\/2023_KOPACZ_DSC07146-1536x864.jpeg 1536w, https:\/\/pragueartweek.cz\/wp-content\/uploads\/2023\/08\/2023_KOPACZ_DSC07146-2048x1152.jpeg 2048w","media_details":{"width":2560,"height":1440,"sizes":{"medium":{"file":"2023_KOPACZ_DSC07146-900x506.jpeg","width":900,"height":506,"mime-type":"image\/jpeg","filesize":75545,"source_url":"https:\/\/pragueartweek.cz\/wp-content\/uploads\/2023\/08\/2023_KOPACZ_DSC07146-900x506.jpeg"},"large":{"file":"2023_KOPACZ_DSC07146-1800x1013.jpeg","width":1800,"height":1013,"mime-type":"image\/jpeg","filesize":202992,"source_url":"https:\/\/pragueartweek.cz\/wp-content\/uploads\/2023\/08\/2023_KOPACZ_DSC07146-1800x1013.jpeg"},"thumbnail":{"file":"2023_KOPACZ_DSC07146-450x253.jpeg","width":450,"height":253,"mime-type":"image\/jpeg","filesize":34566,"source_url":"https:\/\/pragueartweek.cz\/wp-content\/uploads\/2023\/08\/2023_KOPACZ_DSC07146-450x253.jpeg"},"medium_large":{"file":"2023_KOPACZ_DSC07146-768x432.jpeg","width":768,"height":432,"mime-type":"image\/jpeg","filesize":61100,"source_url":"https:\/\/pragueartweek.cz\/wp-content\/uploads\/2023\/08\/2023_KOPACZ_DSC07146-768x432.jpeg"},"1536x1536":{"file":"2023_KOPACZ_DSC07146-1536x864.jpeg","width":1536,"height":864,"mime-type":"image\/jpeg","filesize":158738,"source_url":"https:\/\/pragueartweek.cz\/wp-content\/uploads\/2023\/08\/2023_KOPACZ_DSC07146-1536x864.jpeg"},"2048x2048":{"file":"2023_KOPACZ_DSC07146-2048x1152.jpeg","width":2048,"height":1152,"mime-type":"image\/jpeg","filesize":248825,"source_url":"https:\/\/pragueartweek.cz\/wp-content\/uploads\/2023\/08\/2023_KOPACZ_DSC07146-2048x1152.jpeg"},"cmplz_banner_image":{"file":"2023_KOPACZ_DSC07146-350x100.jpeg","width":350,"height":100,"mime-type":"image\/jpeg","filesize":21974,"source_url":"https:\/\/pragueartweek.cz\/wp-content\/uploads\/2023\/08\/2023_KOPACZ_DSC07146-350x100.jpeg"}}},"alt_text":"","url":"","target":""}]]}},"yoast_head":"<!-- This site is optimized with the Yoast SEO plugin v27.4 - https:\/\/yoast.com\/product\/yoast-seo-wordpress\/ -->\n<title>JI\u0158\u00cd KOVANDA: TWO PLUS TWO IS FIVE (COLLAGES 1973\u20132023) | Prague Art Week 26<\/title>\n<meta name=\"description\" content=\"An overview exhibition of collages by one of the most prominent personalities of Czech visual art, Ji\u0159\u00ed Kovanda.\" \/>\n<meta name=\"robots\" content=\"index, follow, max-snippet:-1, max-image-preview:large, max-video-preview:-1\" \/>\n<link rel=\"canonical\" href=\"https:\/\/pragueartweek.cz\/en\/events\/jiri-kovanda-two-plus-two-is-five-collages-1973-2023\/\" \/>\n<meta property=\"og:locale\" content=\"en_US\" \/>\n<meta property=\"og:type\" content=\"article\" \/>\n<meta property=\"og:title\" content=\"JI\u0158\u00cd KOVANDA: TWO PLUS TWO IS FIVE (COLLAGES 1973\u20132023) | Prague Art Week 26\" \/>\n<meta property=\"og:description\" content=\"An overview exhibition of collages by one of the most prominent personalities of Czech visual art, Ji\u0159\u00ed Kovanda.\" \/>\n<meta property=\"og:url\" content=\"https:\/\/pragueartweek.cz\/en\/events\/jiri-kovanda-two-plus-two-is-five-collages-1973-2023\/\" \/>\n<meta property=\"og:site_name\" content=\"Prague Art Week 26\" \/>\n<meta property=\"article:publisher\" content=\"https:\/\/www.facebook.com\/pragueartweek22\/\" \/>\n<meta property=\"article:modified_time\" content=\"2023-09-22T11:06:16+00:00\" \/>\n<meta property=\"og:image\" content=\"https:\/\/pragueartweek.cz\/wp-content\/uploads\/2023\/09\/ccc-2.jpg\" \/>\n\t<meta property=\"og:image:width\" content=\"450\" \/>\n\t<meta property=\"og:image:height\" content=\"330\" \/>\n\t<meta property=\"og:image:type\" content=\"image\/jpeg\" \/>\n<meta name=\"twitter:card\" content=\"summary_large_image\" \/>\n<meta name=\"twitter:label1\" content=\"Est. reading time\" \/>\n\t<meta name=\"twitter:data1\" content=\"1 minute\" \/>\n<script type=\"application\/ld+json\" class=\"yoast-schema-graph\">{\"@context\":\"https:\\\/\\\/schema.org\",\"@graph\":[{\"@type\":\"WebPage\",\"@id\":\"https:\\\/\\\/pragueartweek.cz\\\/en\\\/events\\\/jiri-kovanda-two-plus-two-is-five-collages-1973-2023\\\/\",\"url\":\"https:\\\/\\\/pragueartweek.cz\\\/en\\\/events\\\/jiri-kovanda-two-plus-two-is-five-collages-1973-2023\\\/\",\"name\":\"JI\u0158\u00cd KOVANDA: TWO PLUS TWO IS FIVE (COLLAGES 1973\u20132023) | Prague Art Week 26\",\"isPartOf\":{\"@id\":\"https:\\\/\\\/pragueartweek.cz\\\/en\\\/#website\"},\"primaryImageOfPage\":{\"@id\":\"https:\\\/\\\/pragueartweek.cz\\\/en\\\/events\\\/jiri-kovanda-two-plus-two-is-five-collages-1973-2023\\\/#primaryimage\"},\"image\":{\"@id\":\"https:\\\/\\\/pragueartweek.cz\\\/en\\\/events\\\/jiri-kovanda-two-plus-two-is-five-collages-1973-2023\\\/#primaryimage\"},\"thumbnailUrl\":\"https:\\\/\\\/pragueartweek.cz\\\/wp-content\\\/uploads\\\/2023\\\/09\\\/ccc-2.jpg\",\"datePublished\":\"2023-09-01T09:35:42+00:00\",\"dateModified\":\"2023-09-22T11:06:16+00:00\",\"description\":\"An overview exhibition of collages by one of the most prominent personalities of Czech visual art, Ji\u0159\u00ed Kovanda.\",\"breadcrumb\":{\"@id\":\"https:\\\/\\\/pragueartweek.cz\\\/en\\\/events\\\/jiri-kovanda-two-plus-two-is-five-collages-1973-2023\\\/#breadcrumb\"},\"inLanguage\":\"en-US\",\"potentialAction\":[{\"@type\":\"ReadAction\",\"target\":[\"https:\\\/\\\/pragueartweek.cz\\\/en\\\/events\\\/jiri-kovanda-two-plus-two-is-five-collages-1973-2023\\\/\"]}]},{\"@type\":\"ImageObject\",\"inLanguage\":\"en-US\",\"@id\":\"https:\\\/\\\/pragueartweek.cz\\\/en\\\/events\\\/jiri-kovanda-two-plus-two-is-five-collages-1973-2023\\\/#primaryimage\",\"url\":\"https:\\\/\\\/pragueartweek.cz\\\/wp-content\\\/uploads\\\/2023\\\/09\\\/ccc-2.jpg\",\"contentUrl\":\"https:\\\/\\\/pragueartweek.cz\\\/wp-content\\\/uploads\\\/2023\\\/09\\\/ccc-2.jpg\",\"width\":450,\"height\":330},{\"@type\":\"BreadcrumbList\",\"@id\":\"https:\\\/\\\/pragueartweek.cz\\\/en\\\/events\\\/jiri-kovanda-two-plus-two-is-five-collages-1973-2023\\\/#breadcrumb\",\"itemListElement\":[{\"@type\":\"ListItem\",\"position\":1,\"name\":\"Home\",\"item\":\"https:\\\/\\\/pragueartweek.cz\\\/en\\\/\"},{\"@type\":\"ListItem\",\"position\":2,\"name\":\"Events\",\"item\":\"https:\\\/\\\/pragueartweek.cz\\\/en\\\/events\\\/\"},{\"@type\":\"ListItem\",\"position\":3,\"name\":\"JI\u0158\u00cd KOVANDA: TWO PLUS TWO IS FIVE (COLLAGES 1973\u20132023)\"}]},{\"@type\":\"WebSite\",\"@id\":\"https:\\\/\\\/pragueartweek.cz\\\/en\\\/#website\",\"url\":\"https:\\\/\\\/pragueartweek.cz\\\/en\\\/\",\"name\":\"Prague Art Week 26\",\"description\":\"Prague Art Week je otev\u0159enou platformou pro kooperaci nejv\u00fdznamn\u011bj\u0161\u00edch instituc\u00ed na poli pra\u017esk\u00e9 um\u011bleck\u00e9 sc\u00e9ny.\",\"publisher\":{\"@id\":\"https:\\\/\\\/pragueartweek.cz\\\/en\\\/#organization\"},\"potentialAction\":[{\"@type\":\"SearchAction\",\"target\":{\"@type\":\"EntryPoint\",\"urlTemplate\":\"https:\\\/\\\/pragueartweek.cz\\\/en\\\/?s={search_term_string}\"},\"query-input\":{\"@type\":\"PropertyValueSpecification\",\"valueRequired\":true,\"valueName\":\"search_term_string\"}}],\"inLanguage\":\"en-US\"},{\"@type\":\"Organization\",\"@id\":\"https:\\\/\\\/pragueartweek.cz\\\/en\\\/#organization\",\"name\":\"Prague Art Week\",\"url\":\"https:\\\/\\\/pragueartweek.cz\\\/en\\\/\",\"logo\":{\"@type\":\"ImageObject\",\"inLanguage\":\"en-US\",\"@id\":\"https:\\\/\\\/pragueartweek.cz\\\/en\\\/#\\\/schema\\\/logo\\\/image\\\/\",\"url\":\"https:\\\/\\\/pragueartweek.cz\\\/wp-content\\\/uploads\\\/2022\\\/04\\\/LOGO_PAW_bez-roku-02.png\",\"contentUrl\":\"https:\\\/\\\/pragueartweek.cz\\\/wp-content\\\/uploads\\\/2022\\\/04\\\/LOGO_PAW_bez-roku-02.png\",\"width\":2481,\"height\":1749,\"caption\":\"Prague Art Week\"},\"image\":{\"@id\":\"https:\\\/\\\/pragueartweek.cz\\\/en\\\/#\\\/schema\\\/logo\\\/image\\\/\"},\"sameAs\":[\"https:\\\/\\\/www.facebook.com\\\/pragueartweek22\\\/\",\"https:\\\/\\\/www.instagram.com\\\/prague_art_week\\\/\"]}]}<\/script>\n<!-- \/ Yoast SEO plugin. -->","yoast_head_json":{"title":"JI\u0158\u00cd KOVANDA: TWO PLUS TWO IS FIVE (COLLAGES 1973\u20132023) | Prague Art Week 26","description":"An overview exhibition of collages by one of the most prominent personalities of Czech visual art, Ji\u0159\u00ed Kovanda.","robots":{"index":"index","follow":"follow","max-snippet":"max-snippet:-1","max-image-preview":"max-image-preview:large","max-video-preview":"max-video-preview:-1"},"canonical":"https:\/\/pragueartweek.cz\/en\/events\/jiri-kovanda-two-plus-two-is-five-collages-1973-2023\/","og_locale":"en_US","og_type":"article","og_title":"JI\u0158\u00cd KOVANDA: TWO PLUS TWO IS FIVE (COLLAGES 1973\u20132023) | Prague Art Week 26","og_description":"An overview exhibition of collages by one of the most prominent personalities of Czech visual art, Ji\u0159\u00ed Kovanda.","og_url":"https:\/\/pragueartweek.cz\/en\/events\/jiri-kovanda-two-plus-two-is-five-collages-1973-2023\/","og_site_name":"Prague Art Week 26","article_publisher":"https:\/\/www.facebook.com\/pragueartweek22\/","article_modified_time":"2023-09-22T11:06:16+00:00","og_image":[{"width":450,"height":330,"url":"https:\/\/pragueartweek.cz\/wp-content\/uploads\/2023\/09\/ccc-2.jpg","type":"image\/jpeg"}],"twitter_card":"summary_large_image","twitter_misc":{"Est. reading time":"1 minute"},"schema":{"@context":"https:\/\/schema.org","@graph":[{"@type":"WebPage","@id":"https:\/\/pragueartweek.cz\/en\/events\/jiri-kovanda-two-plus-two-is-five-collages-1973-2023\/","url":"https:\/\/pragueartweek.cz\/en\/events\/jiri-kovanda-two-plus-two-is-five-collages-1973-2023\/","name":"JI\u0158\u00cd KOVANDA: TWO PLUS TWO IS FIVE (COLLAGES 1973\u20132023) | Prague Art Week 26","isPartOf":{"@id":"https:\/\/pragueartweek.cz\/en\/#website"},"primaryImageOfPage":{"@id":"https:\/\/pragueartweek.cz\/en\/events\/jiri-kovanda-two-plus-two-is-five-collages-1973-2023\/#primaryimage"},"image":{"@id":"https:\/\/pragueartweek.cz\/en\/events\/jiri-kovanda-two-plus-two-is-five-collages-1973-2023\/#primaryimage"},"thumbnailUrl":"https:\/\/pragueartweek.cz\/wp-content\/uploads\/2023\/09\/ccc-2.jpg","datePublished":"2023-09-01T09:35:42+00:00","dateModified":"2023-09-22T11:06:16+00:00","description":"An overview exhibition of collages by one of the most prominent personalities of Czech visual art, Ji\u0159\u00ed Kovanda.","breadcrumb":{"@id":"https:\/\/pragueartweek.cz\/en\/events\/jiri-kovanda-two-plus-two-is-five-collages-1973-2023\/#breadcrumb"},"inLanguage":"en-US","potentialAction":[{"@type":"ReadAction","target":["https:\/\/pragueartweek.cz\/en\/events\/jiri-kovanda-two-plus-two-is-five-collages-1973-2023\/"]}]},{"@type":"ImageObject","inLanguage":"en-US","@id":"https:\/\/pragueartweek.cz\/en\/events\/jiri-kovanda-two-plus-two-is-five-collages-1973-2023\/#primaryimage","url":"https:\/\/pragueartweek.cz\/wp-content\/uploads\/2023\/09\/ccc-2.jpg","contentUrl":"https:\/\/pragueartweek.cz\/wp-content\/uploads\/2023\/09\/ccc-2.jpg","width":450,"height":330},{"@type":"BreadcrumbList","@id":"https:\/\/pragueartweek.cz\/en\/events\/jiri-kovanda-two-plus-two-is-five-collages-1973-2023\/#breadcrumb","itemListElement":[{"@type":"ListItem","position":1,"name":"Home","item":"https:\/\/pragueartweek.cz\/en\/"},{"@type":"ListItem","position":2,"name":"Events","item":"https:\/\/pragueartweek.cz\/en\/events\/"},{"@type":"ListItem","position":3,"name":"JI\u0158\u00cd KOVANDA: TWO PLUS TWO IS FIVE (COLLAGES 1973\u20132023)"}]},{"@type":"WebSite","@id":"https:\/\/pragueartweek.cz\/en\/#website","url":"https:\/\/pragueartweek.cz\/en\/","name":"Prague Art Week 26","description":"Prague Art Week je otev\u0159enou platformou pro kooperaci nejv\u00fdznamn\u011bj\u0161\u00edch instituc\u00ed na poli pra\u017esk\u00e9 um\u011bleck\u00e9 sc\u00e9ny.","publisher":{"@id":"https:\/\/pragueartweek.cz\/en\/#organization"},"potentialAction":[{"@type":"SearchAction","target":{"@type":"EntryPoint","urlTemplate":"https:\/\/pragueartweek.cz\/en\/?s={search_term_string}"},"query-input":{"@type":"PropertyValueSpecification","valueRequired":true,"valueName":"search_term_string"}}],"inLanguage":"en-US"},{"@type":"Organization","@id":"https:\/\/pragueartweek.cz\/en\/#organization","name":"Prague Art Week","url":"https:\/\/pragueartweek.cz\/en\/","logo":{"@type":"ImageObject","inLanguage":"en-US","@id":"https:\/\/pragueartweek.cz\/en\/#\/schema\/logo\/image\/","url":"https:\/\/pragueartweek.cz\/wp-content\/uploads\/2022\/04\/LOGO_PAW_bez-roku-02.png","contentUrl":"https:\/\/pragueartweek.cz\/wp-content\/uploads\/2022\/04\/LOGO_PAW_bez-roku-02.png","width":2481,"height":1749,"caption":"Prague Art Week"},"image":{"@id":"https:\/\/pragueartweek.cz\/en\/#\/schema\/logo\/image\/"},"sameAs":["https:\/\/www.facebook.com\/pragueartweek22\/","https:\/\/www.instagram.com\/prague_art_week\/"]}]}},"_links":{"self":[{"href":"https:\/\/pragueartweek.cz\/en\/wp-json\/wp\/v2\/udalosti\/4750","targetHints":{"allow":["GET"]}}],"collection":[{"href":"https:\/\/pragueartweek.cz\/en\/wp-json\/wp\/v2\/udalosti"}],"about":[{"href":"https:\/\/pragueartweek.cz\/en\/wp-json\/wp\/v2\/types\/udalosti"}],"version-history":[{"count":11,"href":"https:\/\/pragueartweek.cz\/en\/wp-json\/wp\/v2\/udalosti\/4750\/revisions"}],"predecessor-version":[{"id":6126,"href":"https:\/\/pragueartweek.cz\/en\/wp-json\/wp\/v2\/udalosti\/4750\/revisions\/6126"}],"wp:featuredmedia":[{"embeddable":true,"href":"https:\/\/pragueartweek.cz\/en\/wp-json\/wp\/v2\/media\/6084"}],"wp:attachment":[{"href":"https:\/\/pragueartweek.cz\/en\/wp-json\/wp\/v2\/media?parent=4750"}],"wp:term":[{"taxonomy":"kategorie","embeddable":true,"href":"https:\/\/pragueartweek.cz\/en\/wp-json\/wp\/v2\/kategorie?post=4750"},{"taxonomy":"lokalita","embeddable":true,"href":"https:\/\/pragueartweek.cz\/en\/wp-json\/wp\/v2\/lokalita?post=4750"},{"taxonomy":"termin","embeddable":true,"href":"https:\/\/pragueartweek.cz\/en\/wp-json\/wp\/v2\/termin?post=4750"}],"curies":[{"name":"wp","href":"https:\/\/api.w.org\/{rel}","templated":true}]}}