{"id":5632,"date":"2023-09-03T19:20:32","date_gmt":"2023-09-03T17:20:32","guid":{"rendered":"https:\/\/pragueartweek.cz\/?post_type=udalosti&#038;p=5632"},"modified":"2023-09-03T19:20:32","modified_gmt":"2023-09-03T17:20:32","slug":"rotating-happiness","status":"publish","type":"udalosti","link":"https:\/\/pragueartweek.cz\/en\/events\/rotating-happiness\/","title":{"rendered":"ROTATING HAPPINESS"},"content":{"rendered":"","protected":false},"excerpt":{"rendered":"","protected":false},"featured_media":5639,"parent":0,"menu_order":0,"template":"","format":"standard","meta":{"_acf_changed":false,"footnotes":""},"kategorie":[36,261],"lokalita":[],"termin":[],"class_list":["post-5632","udalosti","type-udalosti","status-publish","format-standard","has-post-thumbnail","hentry","kategorie-exhibition","kategorie-route-p3-p8","wpautop"],"acf":{"photo_gallery":{"udalost_galerie":[[{"id":5633,"title":"na pozvanku_3","caption":"","full_image_url":"https:\/\/pragueartweek.cz\/wp-content\/uploads\/2023\/09\/na-pozvanku_3-scaled.jpg","thumbnail_image_url":"https:\/\/pragueartweek.cz\/wp-content\/uploads\/2023\/09\/na-pozvanku_3-450x300.jpg","large_srcset":"https:\/\/pragueartweek.cz\/wp-content\/uploads\/2023\/09\/na-pozvanku_3-1800x1200.jpg 1800w, https:\/\/pragueartweek.cz\/wp-content\/uploads\/2023\/09\/na-pozvanku_3-900x600.jpg 900w, https:\/\/pragueartweek.cz\/wp-content\/uploads\/2023\/09\/na-pozvanku_3-450x300.jpg 450w, https:\/\/pragueartweek.cz\/wp-content\/uploads\/2023\/09\/na-pozvanku_3-768x512.jpg 768w, https:\/\/pragueartweek.cz\/wp-content\/uploads\/2023\/09\/na-pozvanku_3-1536x1024.jpg 1536w, https:\/\/pragueartweek.cz\/wp-content\/uploads\/2023\/09\/na-pozvanku_3-2048x1365.jpg 2048w","medium_srcset":"https:\/\/pragueartweek.cz\/wp-content\/uploads\/2023\/09\/na-pozvanku_3-900x600.jpg 900w, https:\/\/pragueartweek.cz\/wp-content\/uploads\/2023\/09\/na-pozvanku_3-1800x1200.jpg 1800w, https:\/\/pragueartweek.cz\/wp-content\/uploads\/2023\/09\/na-pozvanku_3-450x300.jpg 450w, https:\/\/pragueartweek.cz\/wp-content\/uploads\/2023\/09\/na-pozvanku_3-768x512.jpg 768w, https:\/\/pragueartweek.cz\/wp-content\/uploads\/2023\/09\/na-pozvanku_3-1536x1024.jpg 1536w, https:\/\/pragueartweek.cz\/wp-content\/uploads\/2023\/09\/na-pozvanku_3-2048x1365.jpg 2048w","media_details":{"width":2560,"height":1707,"sizes":{"medium":{"file":"na-pozvanku_3-900x600.jpg","width":900,"height":600,"mime-type":"image\/jpeg","filesize":46101,"source_url":"https:\/\/pragueartweek.cz\/wp-content\/uploads\/2023\/09\/na-pozvanku_3-900x600.jpg"},"large":{"file":"na-pozvanku_3-1800x1200.jpg","width":1800,"height":1200,"mime-type":"image\/jpeg","filesize":120356,"source_url":"https:\/\/pragueartweek.cz\/wp-content\/uploads\/2023\/09\/na-pozvanku_3-1800x1200.jpg"},"thumbnail":{"file":"na-pozvanku_3-450x300.jpg","width":450,"height":300,"mime-type":"image\/jpeg","filesize":23686,"source_url":"https:\/\/pragueartweek.cz\/wp-content\/uploads\/2023\/09\/na-pozvanku_3-450x300.jpg"},"medium_large":{"file":"na-pozvanku_3-768x512.jpg","width":768,"height":512,"mime-type":"image\/jpeg","filesize":38327,"source_url":"https:\/\/pragueartweek.cz\/wp-content\/uploads\/2023\/09\/na-pozvanku_3-768x512.jpg"},"1536x1536":{"file":"na-pozvanku_3-1536x1024.jpg","width":1536,"height":1024,"mime-type":"image\/jpeg","filesize":94268,"source_url":"https:\/\/pragueartweek.cz\/wp-content\/uploads\/2023\/09\/na-pozvanku_3-1536x1024.jpg"},"2048x2048":{"file":"na-pozvanku_3-2048x1365.jpg","width":2048,"height":1365,"mime-type":"image\/jpeg","filesize":157854,"source_url":"https:\/\/pragueartweek.cz\/wp-content\/uploads\/2023\/09\/na-pozvanku_3-2048x1365.jpg"},"cmplz_banner_image":{"file":"na-pozvanku_3-350x100.jpg","width":350,"height":100,"mime-type":"image\/jpeg","filesize":15764,"source_url":"https:\/\/pragueartweek.cz\/wp-content\/uploads\/2023\/09\/na-pozvanku_3-350x100.jpg"}}},"alt_text":"","url":"","target":""},{"id":5635,"title":"na pozvanku_1","caption":"","full_image_url":"https:\/\/pragueartweek.cz\/wp-content\/uploads\/2023\/09\/na-pozvanku_1-scaled.jpg","thumbnail_image_url":"https:\/\/pragueartweek.cz\/wp-content\/uploads\/2023\/09\/na-pozvanku_1-220x330.jpg","large_srcset":"https:\/\/pragueartweek.cz\/wp-content\/uploads\/2023\/09\/na-pozvanku_1-880x1320.jpg 880w, https:\/\/pragueartweek.cz\/wp-content\/uploads\/2023\/09\/na-pozvanku_1-440x660.jpg 440w, https:\/\/pragueartweek.cz\/wp-content\/uploads\/2023\/09\/na-pozvanku_1-220x330.jpg 220w, https:\/\/pragueartweek.cz\/wp-content\/uploads\/2023\/09\/na-pozvanku_1-768x1152.jpg 768w, https:\/\/pragueartweek.cz\/wp-content\/uploads\/2023\/09\/na-pozvanku_1-1024x1536.jpg 1024w, https:\/\/pragueartweek.cz\/wp-content\/uploads\/2023\/09\/na-pozvanku_1-1365x2048.jpg 1365w, https:\/\/pragueartweek.cz\/wp-content\/uploads\/2023\/09\/na-pozvanku_1-scaled.jpg 1707w","medium_srcset":"https:\/\/pragueartweek.cz\/wp-content\/uploads\/2023\/09\/na-pozvanku_1-440x660.jpg 440w, https:\/\/pragueartweek.cz\/wp-content\/uploads\/2023\/09\/na-pozvanku_1-880x1320.jpg 880w, https:\/\/pragueartweek.cz\/wp-content\/uploads\/2023\/09\/na-pozvanku_1-220x330.jpg 220w, https:\/\/pragueartweek.cz\/wp-content\/uploads\/2023\/09\/na-pozvanku_1-768x1152.jpg 768w, https:\/\/pragueartweek.cz\/wp-content\/uploads\/2023\/09\/na-pozvanku_1-1024x1536.jpg 1024w, https:\/\/pragueartweek.cz\/wp-content\/uploads\/2023\/09\/na-pozvanku_1-1365x2048.jpg 1365w, https:\/\/pragueartweek.cz\/wp-content\/uploads\/2023\/09\/na-pozvanku_1-scaled.jpg 1707w","media_details":{"width":1707,"height":2560,"sizes":{"medium":{"file":"na-pozvanku_1-440x660.jpg","width":440,"height":660,"mime-type":"image\/jpeg","filesize":38451,"source_url":"https:\/\/pragueartweek.cz\/wp-content\/uploads\/2023\/09\/na-pozvanku_1-440x660.jpg"},"large":{"file":"na-pozvanku_1-880x1320.jpg","width":880,"height":1320,"mime-type":"image\/jpeg","filesize":86176,"source_url":"https:\/\/pragueartweek.cz\/wp-content\/uploads\/2023\/09\/na-pozvanku_1-880x1320.jpg"},"thumbnail":{"file":"na-pozvanku_1-220x330.jpg","width":220,"height":330,"mime-type":"image\/jpeg","filesize":21701,"source_url":"https:\/\/pragueartweek.cz\/wp-content\/uploads\/2023\/09\/na-pozvanku_1-220x330.jpg"},"medium_large":{"file":"na-pozvanku_1-768x1152.jpg","width":768,"height":1152,"mime-type":"image\/jpeg","filesize":72486,"source_url":"https:\/\/pragueartweek.cz\/wp-content\/uploads\/2023\/09\/na-pozvanku_1-768x1152.jpg"},"1536x1536":{"file":"na-pozvanku_1-1024x1536.jpg","width":1024,"height":1536,"mime-type":"image\/jpeg","filesize":105481,"source_url":"https:\/\/pragueartweek.cz\/wp-content\/uploads\/2023\/09\/na-pozvanku_1-1024x1536.jpg"},"2048x2048":{"file":"na-pozvanku_1-1365x2048.jpg","width":1365,"height":2048,"mime-type":"image\/jpeg","filesize":157346,"source_url":"https:\/\/pragueartweek.cz\/wp-content\/uploads\/2023\/09\/na-pozvanku_1-1365x2048.jpg"},"cmplz_banner_image":{"file":"na-pozvanku_1-350x100.jpg","width":350,"height":100,"mime-type":"image\/jpeg","filesize":17444,"source_url":"https:\/\/pragueartweek.cz\/wp-content\/uploads\/2023\/09\/na-pozvanku_1-350x100.jpg"}}},"alt_text":"","url":"","target":""},{"id":5637,"title":"kapelova_radost_rychla fotodokumentacia1","caption":"","full_image_url":"https:\/\/pragueartweek.cz\/wp-content\/uploads\/2023\/09\/kapelova_radost_rychla-fotodokumentacia1-scaled.jpg","thumbnail_image_url":"https:\/\/pragueartweek.cz\/wp-content\/uploads\/2023\/09\/kapelova_radost_rychla-fotodokumentacia1-450x207.jpg","large_srcset":"https:\/\/pragueartweek.cz\/wp-content\/uploads\/2023\/09\/kapelova_radost_rychla-fotodokumentacia1-1800x828.jpg 1800w, https:\/\/pragueartweek.cz\/wp-content\/uploads\/2023\/09\/kapelova_radost_rychla-fotodokumentacia1-900x414.jpg 900w, https:\/\/pragueartweek.cz\/wp-content\/uploads\/2023\/09\/kapelova_radost_rychla-fotodokumentacia1-450x207.jpg 450w, https:\/\/pragueartweek.cz\/wp-content\/uploads\/2023\/09\/kapelova_radost_rychla-fotodokumentacia1-768x353.jpg 768w, https:\/\/pragueartweek.cz\/wp-content\/uploads\/2023\/09\/kapelova_radost_rychla-fotodokumentacia1-1536x707.jpg 1536w, https:\/\/pragueartweek.cz\/wp-content\/uploads\/2023\/09\/kapelova_radost_rychla-fotodokumentacia1-2048x942.jpg 2048w","medium_srcset":"https:\/\/pragueartweek.cz\/wp-content\/uploads\/2023\/09\/kapelova_radost_rychla-fotodokumentacia1-900x414.jpg 900w, https:\/\/pragueartweek.cz\/wp-content\/uploads\/2023\/09\/kapelova_radost_rychla-fotodokumentacia1-1800x828.jpg 1800w, https:\/\/pragueartweek.cz\/wp-content\/uploads\/2023\/09\/kapelova_radost_rychla-fotodokumentacia1-450x207.jpg 450w, https:\/\/pragueartweek.cz\/wp-content\/uploads\/2023\/09\/kapelova_radost_rychla-fotodokumentacia1-768x353.jpg 768w, https:\/\/pragueartweek.cz\/wp-content\/uploads\/2023\/09\/kapelova_radost_rychla-fotodokumentacia1-1536x707.jpg 1536w, https:\/\/pragueartweek.cz\/wp-content\/uploads\/2023\/09\/kapelova_radost_rychla-fotodokumentacia1-2048x942.jpg 2048w","media_details":{"width":2560,"height":1178,"sizes":{"medium":{"file":"kapelova_radost_rychla-fotodokumentacia1-900x414.jpg","width":900,"height":414,"mime-type":"image\/jpeg","filesize":51740,"source_url":"https:\/\/pragueartweek.cz\/wp-content\/uploads\/2023\/09\/kapelova_radost_rychla-fotodokumentacia1-900x414.jpg"},"large":{"file":"kapelova_radost_rychla-fotodokumentacia1-1800x828.jpg","width":1800,"height":828,"mime-type":"image\/jpeg","filesize":144569,"source_url":"https:\/\/pragueartweek.cz\/wp-content\/uploads\/2023\/09\/kapelova_radost_rychla-fotodokumentacia1-1800x828.jpg"},"thumbnail":{"file":"kapelova_radost_rychla-fotodokumentacia1-450x207.jpg","width":450,"height":207,"mime-type":"image\/jpeg","filesize":24251,"source_url":"https:\/\/pragueartweek.cz\/wp-content\/uploads\/2023\/09\/kapelova_radost_rychla-fotodokumentacia1-450x207.jpg"},"medium_large":{"file":"kapelova_radost_rychla-fotodokumentacia1-768x353.jpg","width":768,"height":353,"mime-type":"image\/jpeg","filesize":42541,"source_url":"https:\/\/pragueartweek.cz\/wp-content\/uploads\/2023\/09\/kapelova_radost_rychla-fotodokumentacia1-768x353.jpg"},"1536x1536":{"file":"kapelova_radost_rychla-fotodokumentacia1-1536x707.jpg","width":1536,"height":707,"mime-type":"image\/jpeg","filesize":112233,"source_url":"https:\/\/pragueartweek.cz\/wp-content\/uploads\/2023\/09\/kapelova_radost_rychla-fotodokumentacia1-1536x707.jpg"},"2048x2048":{"file":"kapelova_radost_rychla-fotodokumentacia1-2048x942.jpg","width":2048,"height":942,"mime-type":"image\/jpeg","filesize":178979,"source_url":"https:\/\/pragueartweek.cz\/wp-content\/uploads\/2023\/09\/kapelova_radost_rychla-fotodokumentacia1-2048x942.jpg"},"cmplz_banner_image":{"file":"kapelova_radost_rychla-fotodokumentacia1-350x100.jpg","width":350,"height":100,"mime-type":"image\/jpeg","filesize":17391,"source_url":"https:\/\/pragueartweek.cz\/wp-content\/uploads\/2023\/09\/kapelova_radost_rychla-fotodokumentacia1-350x100.jpg"}}},"alt_text":"","url":"","target":""}]]}},"yoast_head":"<!-- This site is optimized with the Yoast SEO plugin v27.4 - https:\/\/yoast.com\/product\/yoast-seo-wordpress\/ -->\n<title>ROTATING HAPPINESS | Prague Art Week 26<\/title>\n<meta name=\"description\" content=\"The first chapter of the exhibition series entitled Rotating Happiness deals with the ubiquitous search for happiness or the effort to achieve balance and live a happy life.\" \/>\n<meta name=\"robots\" content=\"index, follow, max-snippet:-1, max-image-preview:large, max-video-preview:-1\" \/>\n<link rel=\"canonical\" href=\"https:\/\/pragueartweek.cz\/en\/events\/rotating-happiness\/\" \/>\n<meta property=\"og:locale\" content=\"en_US\" \/>\n<meta property=\"og:type\" content=\"article\" \/>\n<meta property=\"og:title\" content=\"ROTATING HAPPINESS | Prague Art Week 26\" \/>\n<meta property=\"og:description\" content=\"The first chapter of the exhibition series entitled Rotating Happiness deals with the ubiquitous search for happiness or the effort to achieve balance and live a happy life.\" \/>\n<meta property=\"og:url\" content=\"https:\/\/pragueartweek.cz\/en\/events\/rotating-happiness\/\" \/>\n<meta property=\"og:site_name\" content=\"Prague Art Week 26\" \/>\n<meta property=\"article:publisher\" content=\"https:\/\/www.facebook.com\/pragueartweek22\/\" \/>\n<meta property=\"og:image\" content=\"https:\/\/pragueartweek.cz\/wp-content\/uploads\/2023\/09\/kapelova_radost_rychla-fotodokumentacia1-1.jpg\" \/>\n\t<meta property=\"og:image:width\" content=\"450\" \/>\n\t<meta property=\"og:image:height\" content=\"330\" \/>\n\t<meta property=\"og:image:type\" content=\"image\/jpeg\" \/>\n<meta name=\"twitter:card\" content=\"summary_large_image\" \/>\n<script type=\"application\/ld+json\" class=\"yoast-schema-graph\">{\"@context\":\"https:\\\/\\\/schema.org\",\"@graph\":[{\"@type\":\"WebPage\",\"@id\":\"https:\\\/\\\/pragueartweek.cz\\\/en\\\/events\\\/rotating-happiness\\\/\",\"url\":\"https:\\\/\\\/pragueartweek.cz\\\/en\\\/events\\\/rotating-happiness\\\/\",\"name\":\"ROTATING HAPPINESS | Prague Art Week 26\",\"isPartOf\":{\"@id\":\"https:\\\/\\\/pragueartweek.cz\\\/en\\\/#website\"},\"primaryImageOfPage\":{\"@id\":\"https:\\\/\\\/pragueartweek.cz\\\/en\\\/events\\\/rotating-happiness\\\/#primaryimage\"},\"image\":{\"@id\":\"https:\\\/\\\/pragueartweek.cz\\\/en\\\/events\\\/rotating-happiness\\\/#primaryimage\"},\"thumbnailUrl\":\"https:\\\/\\\/pragueartweek.cz\\\/wp-content\\\/uploads\\\/2023\\\/09\\\/kapelova_radost_rychla-fotodokumentacia1-1.jpg\",\"datePublished\":\"2023-09-03T17:20:32+00:00\",\"description\":\"The first chapter of the exhibition series entitled Rotating Happiness deals with the ubiquitous search for happiness or the effort to achieve balance and live a happy life.\",\"breadcrumb\":{\"@id\":\"https:\\\/\\\/pragueartweek.cz\\\/en\\\/events\\\/rotating-happiness\\\/#breadcrumb\"},\"inLanguage\":\"en-US\",\"potentialAction\":[{\"@type\":\"ReadAction\",\"target\":[\"https:\\\/\\\/pragueartweek.cz\\\/en\\\/events\\\/rotating-happiness\\\/\"]}]},{\"@type\":\"ImageObject\",\"inLanguage\":\"en-US\",\"@id\":\"https:\\\/\\\/pragueartweek.cz\\\/en\\\/events\\\/rotating-happiness\\\/#primaryimage\",\"url\":\"https:\\\/\\\/pragueartweek.cz\\\/wp-content\\\/uploads\\\/2023\\\/09\\\/kapelova_radost_rychla-fotodokumentacia1-1.jpg\",\"contentUrl\":\"https:\\\/\\\/pragueartweek.cz\\\/wp-content\\\/uploads\\\/2023\\\/09\\\/kapelova_radost_rychla-fotodokumentacia1-1.jpg\",\"width\":450,\"height\":330},{\"@type\":\"BreadcrumbList\",\"@id\":\"https:\\\/\\\/pragueartweek.cz\\\/en\\\/events\\\/rotating-happiness\\\/#breadcrumb\",\"itemListElement\":[{\"@type\":\"ListItem\",\"position\":1,\"name\":\"Home\",\"item\":\"https:\\\/\\\/pragueartweek.cz\\\/en\\\/\"},{\"@type\":\"ListItem\",\"position\":2,\"name\":\"Events\",\"item\":\"https:\\\/\\\/pragueartweek.cz\\\/en\\\/events\\\/\"},{\"@type\":\"ListItem\",\"position\":3,\"name\":\"ROTATING HAPPINESS\"}]},{\"@type\":\"WebSite\",\"@id\":\"https:\\\/\\\/pragueartweek.cz\\\/en\\\/#website\",\"url\":\"https:\\\/\\\/pragueartweek.cz\\\/en\\\/\",\"name\":\"Prague Art Week 26\",\"description\":\"Prague Art Week je otev\u0159enou platformou pro kooperaci nejv\u00fdznamn\u011bj\u0161\u00edch instituc\u00ed na poli pra\u017esk\u00e9 um\u011bleck\u00e9 sc\u00e9ny.\",\"publisher\":{\"@id\":\"https:\\\/\\\/pragueartweek.cz\\\/en\\\/#organization\"},\"potentialAction\":[{\"@type\":\"SearchAction\",\"target\":{\"@type\":\"EntryPoint\",\"urlTemplate\":\"https:\\\/\\\/pragueartweek.cz\\\/en\\\/?s={search_term_string}\"},\"query-input\":{\"@type\":\"PropertyValueSpecification\",\"valueRequired\":true,\"valueName\":\"search_term_string\"}}],\"inLanguage\":\"en-US\"},{\"@type\":\"Organization\",\"@id\":\"https:\\\/\\\/pragueartweek.cz\\\/en\\\/#organization\",\"name\":\"Prague Art Week\",\"url\":\"https:\\\/\\\/pragueartweek.cz\\\/en\\\/\",\"logo\":{\"@type\":\"ImageObject\",\"inLanguage\":\"en-US\",\"@id\":\"https:\\\/\\\/pragueartweek.cz\\\/en\\\/#\\\/schema\\\/logo\\\/image\\\/\",\"url\":\"https:\\\/\\\/pragueartweek.cz\\\/wp-content\\\/uploads\\\/2022\\\/04\\\/LOGO_PAW_bez-roku-02.png\",\"contentUrl\":\"https:\\\/\\\/pragueartweek.cz\\\/wp-content\\\/uploads\\\/2022\\\/04\\\/LOGO_PAW_bez-roku-02.png\",\"width\":2481,\"height\":1749,\"caption\":\"Prague Art Week\"},\"image\":{\"@id\":\"https:\\\/\\\/pragueartweek.cz\\\/en\\\/#\\\/schema\\\/logo\\\/image\\\/\"},\"sameAs\":[\"https:\\\/\\\/www.facebook.com\\\/pragueartweek22\\\/\",\"https:\\\/\\\/www.instagram.com\\\/prague_art_week\\\/\"]}]}<\/script>\n<!-- \/ Yoast SEO plugin. -->","yoast_head_json":{"title":"ROTATING HAPPINESS | Prague Art Week 26","description":"The first chapter of the exhibition series entitled Rotating Happiness deals with the ubiquitous search for happiness or the effort to achieve balance and live a happy life.","robots":{"index":"index","follow":"follow","max-snippet":"max-snippet:-1","max-image-preview":"max-image-preview:large","max-video-preview":"max-video-preview:-1"},"canonical":"https:\/\/pragueartweek.cz\/en\/events\/rotating-happiness\/","og_locale":"en_US","og_type":"article","og_title":"ROTATING HAPPINESS | Prague Art Week 26","og_description":"The first chapter of the exhibition series entitled Rotating Happiness deals with the ubiquitous search for happiness or the effort to achieve balance and live a happy life.","og_url":"https:\/\/pragueartweek.cz\/en\/events\/rotating-happiness\/","og_site_name":"Prague Art Week 26","article_publisher":"https:\/\/www.facebook.com\/pragueartweek22\/","og_image":[{"width":450,"height":330,"url":"https:\/\/pragueartweek.cz\/wp-content\/uploads\/2023\/09\/kapelova_radost_rychla-fotodokumentacia1-1.jpg","type":"image\/jpeg"}],"twitter_card":"summary_large_image","schema":{"@context":"https:\/\/schema.org","@graph":[{"@type":"WebPage","@id":"https:\/\/pragueartweek.cz\/en\/events\/rotating-happiness\/","url":"https:\/\/pragueartweek.cz\/en\/events\/rotating-happiness\/","name":"ROTATING HAPPINESS | Prague Art Week 26","isPartOf":{"@id":"https:\/\/pragueartweek.cz\/en\/#website"},"primaryImageOfPage":{"@id":"https:\/\/pragueartweek.cz\/en\/events\/rotating-happiness\/#primaryimage"},"image":{"@id":"https:\/\/pragueartweek.cz\/en\/events\/rotating-happiness\/#primaryimage"},"thumbnailUrl":"https:\/\/pragueartweek.cz\/wp-content\/uploads\/2023\/09\/kapelova_radost_rychla-fotodokumentacia1-1.jpg","datePublished":"2023-09-03T17:20:32+00:00","description":"The first chapter of the exhibition series entitled Rotating Happiness deals with the ubiquitous search for happiness or the effort to achieve balance and live a happy life.","breadcrumb":{"@id":"https:\/\/pragueartweek.cz\/en\/events\/rotating-happiness\/#breadcrumb"},"inLanguage":"en-US","potentialAction":[{"@type":"ReadAction","target":["https:\/\/pragueartweek.cz\/en\/events\/rotating-happiness\/"]}]},{"@type":"ImageObject","inLanguage":"en-US","@id":"https:\/\/pragueartweek.cz\/en\/events\/rotating-happiness\/#primaryimage","url":"https:\/\/pragueartweek.cz\/wp-content\/uploads\/2023\/09\/kapelova_radost_rychla-fotodokumentacia1-1.jpg","contentUrl":"https:\/\/pragueartweek.cz\/wp-content\/uploads\/2023\/09\/kapelova_radost_rychla-fotodokumentacia1-1.jpg","width":450,"height":330},{"@type":"BreadcrumbList","@id":"https:\/\/pragueartweek.cz\/en\/events\/rotating-happiness\/#breadcrumb","itemListElement":[{"@type":"ListItem","position":1,"name":"Home","item":"https:\/\/pragueartweek.cz\/en\/"},{"@type":"ListItem","position":2,"name":"Events","item":"https:\/\/pragueartweek.cz\/en\/events\/"},{"@type":"ListItem","position":3,"name":"ROTATING HAPPINESS"}]},{"@type":"WebSite","@id":"https:\/\/pragueartweek.cz\/en\/#website","url":"https:\/\/pragueartweek.cz\/en\/","name":"Prague Art Week 26","description":"Prague Art Week je otev\u0159enou platformou pro kooperaci nejv\u00fdznamn\u011bj\u0161\u00edch instituc\u00ed na poli pra\u017esk\u00e9 um\u011bleck\u00e9 sc\u00e9ny.","publisher":{"@id":"https:\/\/pragueartweek.cz\/en\/#organization"},"potentialAction":[{"@type":"SearchAction","target":{"@type":"EntryPoint","urlTemplate":"https:\/\/pragueartweek.cz\/en\/?s={search_term_string}"},"query-input":{"@type":"PropertyValueSpecification","valueRequired":true,"valueName":"search_term_string"}}],"inLanguage":"en-US"},{"@type":"Organization","@id":"https:\/\/pragueartweek.cz\/en\/#organization","name":"Prague Art Week","url":"https:\/\/pragueartweek.cz\/en\/","logo":{"@type":"ImageObject","inLanguage":"en-US","@id":"https:\/\/pragueartweek.cz\/en\/#\/schema\/logo\/image\/","url":"https:\/\/pragueartweek.cz\/wp-content\/uploads\/2022\/04\/LOGO_PAW_bez-roku-02.png","contentUrl":"https:\/\/pragueartweek.cz\/wp-content\/uploads\/2022\/04\/LOGO_PAW_bez-roku-02.png","width":2481,"height":1749,"caption":"Prague Art Week"},"image":{"@id":"https:\/\/pragueartweek.cz\/en\/#\/schema\/logo\/image\/"},"sameAs":["https:\/\/www.facebook.com\/pragueartweek22\/","https:\/\/www.instagram.com\/prague_art_week\/"]}]}},"_links":{"self":[{"href":"https:\/\/pragueartweek.cz\/en\/wp-json\/wp\/v2\/udalosti\/5632","targetHints":{"allow":["GET"]}}],"collection":[{"href":"https:\/\/pragueartweek.cz\/en\/wp-json\/wp\/v2\/udalosti"}],"about":[{"href":"https:\/\/pragueartweek.cz\/en\/wp-json\/wp\/v2\/types\/udalosti"}],"version-history":[{"count":1,"href":"https:\/\/pragueartweek.cz\/en\/wp-json\/wp\/v2\/udalosti\/5632\/revisions"}],"predecessor-version":[{"id":5641,"href":"https:\/\/pragueartweek.cz\/en\/wp-json\/wp\/v2\/udalosti\/5632\/revisions\/5641"}],"wp:featuredmedia":[{"embeddable":true,"href":"https:\/\/pragueartweek.cz\/en\/wp-json\/wp\/v2\/media\/5639"}],"wp:attachment":[{"href":"https:\/\/pragueartweek.cz\/en\/wp-json\/wp\/v2\/media?parent=5632"}],"wp:term":[{"taxonomy":"kategorie","embeddable":true,"href":"https:\/\/pragueartweek.cz\/en\/wp-json\/wp\/v2\/kategorie?post=5632"},{"taxonomy":"lokalita","embeddable":true,"href":"https:\/\/pragueartweek.cz\/en\/wp-json\/wp\/v2\/lokalita?post=5632"},{"taxonomy":"termin","embeddable":true,"href":"https:\/\/pragueartweek.cz\/en\/wp-json\/wp\/v2\/termin?post=5632"}],"curies":[{"name":"wp","href":"https:\/\/api.w.org\/{rel}","templated":true}]}}