{"id":7180,"date":"2024-06-26T13:38:25","date_gmt":"2024-06-26T11:38:25","guid":{"rendered":"https:\/\/pragueartweek.cz\/?post_type=udalosti&#038;p=7180"},"modified":"2024-06-27T11:34:34","modified_gmt":"2024-06-27T09:34:34","slug":"educare-jan-tichy-on-lucie-moholy","status":"publish","type":"udalosti","link":"https:\/\/pragueartweek.cz\/en\/events\/jan-tichy-on-lucie-moholy\/","title":{"rendered":"EDUcare: JAN TICHY on LUCIE MOHOLY"},"content":{"rendered":"<p><span style=\"font-weight: 400;\">Exposures is the first major exhibition of the Prague-born photographer Lucie Moholy (1894-1989). The retrospective at Kunsthalle Praha covers her entire professional career and presents over 600 photographs, microfilms, letters, articles, books and audio recordings, including an installation by contemporary artist Jan Tich\u00fd, a native of Prague who lives and works in Chicago.<\/span><\/p>\n<p><span style=\"font-weight: 400;\">Jan Tich\u00fd first came across the work of Lucie Moholy in Berlin, where he stumbled upon the &#8220;case&#8221; of the lost negatives. Lucie Moholy, along with her husband Laszlo Moholy Nag, worked at the Bauhaus art school in Dessau, Germany, which Moholy documented. She lost her negatives in unfortunate circumstances during the coming of World War II when she had to escape from Nazis regime and emigrate to London.<\/span><\/p>\n<p><span style=\"font-weight: 400;\">It was not until the mid-1940s that Lucia Moholy came into possession of a copy of a 1938 Museum of Modern Art (MoMA) catalogue that contained a number of photographs from the Bauhaus period, including her own. To her surprise, however, she was not credited as their author in the captions. As time went on, more and more books and articles about the Bauhaus were published and disseminated by Walter Gropius, who brought Moholy&#8217;s negatives to the United States through his work in America.<\/span><\/p>\n<p>&nbsp;<\/p>\n","protected":false},"excerpt":{"rendered":"<p>Exposures is the first major exhibition of the Prague-born photographer Lucie Moholy (1894-1989). The retrospective at Kunsthalle Praha covers her entire professional career and presents over 600 photographs, microfilms, letters, articles, books and audio recordings, including an installation by contemporary artist Jan Tich\u00fd, a native of Prague who lives and works in Chicago. Jan Tich\u00fd&#8230; <a class=\"view-article\" href=\"https:\/\/pragueartweek.cz\/en\/events\/jan-tichy-on-lucie-moholy\/\">View Article<\/a><\/p>\n","protected":false},"featured_media":7178,"parent":0,"menu_order":0,"template":"","format":"standard","meta":{"_acf_changed":false,"footnotes":""},"kategorie":[76],"lokalita":[139],"termin":[],"class_list":["post-7180","udalosti","type-udalosti","status-publish","format-standard","has-post-thumbnail","hentry","kategorie-podcast-en","lokalita-kunsthalle-praha-en","wpautop"],"acf":{"photo_gallery":{"udalost_galerie":[[{"id":7176,"title":"jarvis_5c546827498e40fdfd2c5b3d","caption":"","full_image_url":"https:\/\/pragueartweek.cz\/wp-content\/uploads\/2024\/06\/jarvis_5c546827498e40fdfd2c5b3d.jpeg","thumbnail_image_url":"https:\/\/pragueartweek.cz\/wp-content\/uploads\/2024\/06\/jarvis_5c546827498e40fdfd2c5b3d-450x253.jpeg","large_srcset":"https:\/\/pragueartweek.cz\/wp-content\/uploads\/2024\/06\/jarvis_5c546827498e40fdfd2c5b3d.jpeg 1280w, https:\/\/pragueartweek.cz\/wp-content\/uploads\/2024\/06\/jarvis_5c546827498e40fdfd2c5b3d-900x506.jpeg 900w, https:\/\/pragueartweek.cz\/wp-content\/uploads\/2024\/06\/jarvis_5c546827498e40fdfd2c5b3d-450x253.jpeg 450w, https:\/\/pragueartweek.cz\/wp-content\/uploads\/2024\/06\/jarvis_5c546827498e40fdfd2c5b3d-768x432.jpeg 768w","medium_srcset":"https:\/\/pragueartweek.cz\/wp-content\/uploads\/2024\/06\/jarvis_5c546827498e40fdfd2c5b3d-900x506.jpeg 900w, https:\/\/pragueartweek.cz\/wp-content\/uploads\/2024\/06\/jarvis_5c546827498e40fdfd2c5b3d-450x253.jpeg 450w, https:\/\/pragueartweek.cz\/wp-content\/uploads\/2024\/06\/jarvis_5c546827498e40fdfd2c5b3d-768x432.jpeg 768w, https:\/\/pragueartweek.cz\/wp-content\/uploads\/2024\/06\/jarvis_5c546827498e40fdfd2c5b3d.jpeg 1280w","media_details":{"width":1280,"height":720,"sizes":{"medium":{"file":"jarvis_5c546827498e40fdfd2c5b3d-900x506.jpeg","width":900,"height":506,"mime-type":"image\/jpeg","filesize":56776,"source_url":"https:\/\/pragueartweek.cz\/wp-content\/uploads\/2024\/06\/jarvis_5c546827498e40fdfd2c5b3d-900x506.jpeg"},"thumbnail":{"file":"jarvis_5c546827498e40fdfd2c5b3d-450x253.jpeg","width":450,"height":253,"mime-type":"image\/jpeg","filesize":16851,"source_url":"https:\/\/pragueartweek.cz\/wp-content\/uploads\/2024\/06\/jarvis_5c546827498e40fdfd2c5b3d-450x253.jpeg"},"medium_large":{"file":"jarvis_5c546827498e40fdfd2c5b3d-768x432.jpeg","width":768,"height":432,"mime-type":"image\/jpeg","filesize":42222,"source_url":"https:\/\/pragueartweek.cz\/wp-content\/uploads\/2024\/06\/jarvis_5c546827498e40fdfd2c5b3d-768x432.jpeg"},"cmplz_banner_image":{"file":"jarvis_5c546827498e40fdfd2c5b3d-350x100.jpeg","width":350,"height":100,"mime-type":"image\/jpeg","filesize":7062,"source_url":"https:\/\/pragueartweek.cz\/wp-content\/uploads\/2024\/06\/jarvis_5c546827498e40fdfd2c5b3d-350x100.jpeg"}}},"alt_text":"","url":"","target":""},{"id":7174,"title":"Sni\u0301mek obrazovky 2024-06-13 v\u00a010.54.32","caption":"","full_image_url":"https:\/\/pragueartweek.cz\/wp-content\/uploads\/2024\/06\/Snimek-obrazovky-2024-06-13-v-10.54.32.png","thumbnail_image_url":"https:\/\/pragueartweek.cz\/wp-content\/uploads\/2024\/06\/Snimek-obrazovky-2024-06-13-v-10.54.32-350x330.png","large_srcset":"https:\/\/pragueartweek.cz\/wp-content\/uploads\/2024\/06\/Snimek-obrazovky-2024-06-13-v-10.54.32.png 964w, https:\/\/pragueartweek.cz\/wp-content\/uploads\/2024\/06\/Snimek-obrazovky-2024-06-13-v-10.54.32-699x660.png 699w, https:\/\/pragueartweek.cz\/wp-content\/uploads\/2024\/06\/Snimek-obrazovky-2024-06-13-v-10.54.32-350x330.png 350w, https:\/\/pragueartweek.cz\/wp-content\/uploads\/2024\/06\/Snimek-obrazovky-2024-06-13-v-10.54.32-768x725.png 768w","medium_srcset":"https:\/\/pragueartweek.cz\/wp-content\/uploads\/2024\/06\/Snimek-obrazovky-2024-06-13-v-10.54.32-699x660.png 699w, https:\/\/pragueartweek.cz\/wp-content\/uploads\/2024\/06\/Snimek-obrazovky-2024-06-13-v-10.54.32-350x330.png 350w, https:\/\/pragueartweek.cz\/wp-content\/uploads\/2024\/06\/Snimek-obrazovky-2024-06-13-v-10.54.32-768x725.png 768w, https:\/\/pragueartweek.cz\/wp-content\/uploads\/2024\/06\/Snimek-obrazovky-2024-06-13-v-10.54.32.png 964w","media_details":{"width":964,"height":910,"sizes":{"medium":{"file":"Snimek-obrazovky-2024-06-13-v-10.54.32-699x660.png","width":699,"height":660,"mime-type":"image\/png","filesize":578851,"source_url":"https:\/\/pragueartweek.cz\/wp-content\/uploads\/2024\/06\/Snimek-obrazovky-2024-06-13-v-10.54.32-699x660.png"},"thumbnail":{"file":"Snimek-obrazovky-2024-06-13-v-10.54.32-350x330.png","width":350,"height":330,"mime-type":"image\/png","filesize":123805,"source_url":"https:\/\/pragueartweek.cz\/wp-content\/uploads\/2024\/06\/Snimek-obrazovky-2024-06-13-v-10.54.32-350x330.png"},"medium_large":{"file":"Snimek-obrazovky-2024-06-13-v-10.54.32-768x725.png","width":768,"height":725,"mime-type":"image\/png","filesize":712288,"source_url":"https:\/\/pragueartweek.cz\/wp-content\/uploads\/2024\/06\/Snimek-obrazovky-2024-06-13-v-10.54.32-768x725.png"},"cmplz_banner_image":{"file":"Snimek-obrazovky-2024-06-13-v-10.54.32-350x100.png","width":350,"height":100,"mime-type":"image\/png","filesize":38342,"source_url":"https:\/\/pragueartweek.cz\/wp-content\/uploads\/2024\/06\/Snimek-obrazovky-2024-06-13-v-10.54.32-350x100.png"}}},"alt_text":"","url":"","target":""}]]}},"yoast_head":"<!-- This site is optimized with the Yoast SEO plugin v27.4 - https:\/\/yoast.com\/product\/yoast-seo-wordpress\/ -->\n<title>EDUcare: JAN TICHY on LUCIE MOHOLY | Prague Art Week 26<\/title>\n<meta name=\"description\" content=\"Exposures is the first major exhibition of the Prague-born photographer Lucie Moholy (1894-1989). The retrospective at Kunsthalle Praha covers her entire professional career and presents over 600 photographs, microfilms, letters, articles, books and audio recordings, including an installation by contemporary artist Jan Tich\u00fd, a native of Prague who lives and works in Chicago.\" \/>\n<meta name=\"robots\" content=\"index, follow, max-snippet:-1, max-image-preview:large, max-video-preview:-1\" \/>\n<link rel=\"canonical\" href=\"https:\/\/pragueartweek.cz\/en\/events\/jan-tichy-on-lucie-moholy\/\" \/>\n<meta property=\"og:locale\" content=\"en_US\" \/>\n<meta property=\"og:type\" content=\"article\" \/>\n<meta property=\"og:title\" content=\"EDUcare: JAN TICHY on LUCIE MOHOLY | Prague Art Week 26\" \/>\n<meta property=\"og:description\" content=\"Exposures is the first major exhibition of the Prague-born photographer Lucie Moholy (1894-1989). The retrospective at Kunsthalle Praha covers her entire professional career and presents over 600 photographs, microfilms, letters, articles, books and audio recordings, including an installation by contemporary artist Jan Tich\u00fd, a native of Prague who lives and works in Chicago.\" \/>\n<meta property=\"og:url\" content=\"https:\/\/pragueartweek.cz\/en\/events\/jan-tichy-on-lucie-moholy\/\" \/>\n<meta property=\"og:site_name\" content=\"Prague Art Week 26\" \/>\n<meta property=\"article:publisher\" content=\"https:\/\/www.facebook.com\/pragueartweek22\/\" \/>\n<meta property=\"article:modified_time\" content=\"2024-06-27T09:34:34+00:00\" \/>\n<meta property=\"og:image\" content=\"https:\/\/pragueartweek.cz\/wp-content\/uploads\/2024\/06\/lucia_moholy_222_0_0.jpg\" \/>\n\t<meta property=\"og:image:width\" content=\"417\" \/>\n\t<meta property=\"og:image:height\" content=\"306\" \/>\n\t<meta property=\"og:image:type\" content=\"image\/jpeg\" \/>\n<meta name=\"twitter:card\" content=\"summary_large_image\" \/>\n<meta name=\"twitter:label1\" content=\"Est. reading time\" \/>\n\t<meta name=\"twitter:data1\" content=\"2 minutes\" \/>\n<script type=\"application\/ld+json\" class=\"yoast-schema-graph\">{\"@context\":\"https:\\\/\\\/schema.org\",\"@graph\":[{\"@type\":\"WebPage\",\"@id\":\"https:\\\/\\\/pragueartweek.cz\\\/en\\\/events\\\/jan-tichy-on-lucie-moholy\\\/\",\"url\":\"https:\\\/\\\/pragueartweek.cz\\\/en\\\/events\\\/jan-tichy-on-lucie-moholy\\\/\",\"name\":\"EDUcare: JAN TICHY on LUCIE MOHOLY | Prague Art Week 26\",\"isPartOf\":{\"@id\":\"https:\\\/\\\/pragueartweek.cz\\\/en\\\/#website\"},\"primaryImageOfPage\":{\"@id\":\"https:\\\/\\\/pragueartweek.cz\\\/en\\\/events\\\/jan-tichy-on-lucie-moholy\\\/#primaryimage\"},\"image\":{\"@id\":\"https:\\\/\\\/pragueartweek.cz\\\/en\\\/events\\\/jan-tichy-on-lucie-moholy\\\/#primaryimage\"},\"thumbnailUrl\":\"https:\\\/\\\/pragueartweek.cz\\\/wp-content\\\/uploads\\\/2024\\\/06\\\/lucia_moholy_222_0_0.jpg\",\"datePublished\":\"2024-06-26T11:38:25+00:00\",\"dateModified\":\"2024-06-27T09:34:34+00:00\",\"description\":\"Exposures is the first major exhibition of the Prague-born photographer Lucie Moholy (1894-1989). The retrospective at Kunsthalle Praha covers her entire professional career and presents over 600 photographs, microfilms, letters, articles, books and audio recordings, including an installation by contemporary artist Jan Tich\u00fd, a native of Prague who lives and works in Chicago.\",\"breadcrumb\":{\"@id\":\"https:\\\/\\\/pragueartweek.cz\\\/en\\\/events\\\/jan-tichy-on-lucie-moholy\\\/#breadcrumb\"},\"inLanguage\":\"en-US\",\"potentialAction\":[{\"@type\":\"ReadAction\",\"target\":[\"https:\\\/\\\/pragueartweek.cz\\\/en\\\/events\\\/jan-tichy-on-lucie-moholy\\\/\"]}]},{\"@type\":\"ImageObject\",\"inLanguage\":\"en-US\",\"@id\":\"https:\\\/\\\/pragueartweek.cz\\\/en\\\/events\\\/jan-tichy-on-lucie-moholy\\\/#primaryimage\",\"url\":\"https:\\\/\\\/pragueartweek.cz\\\/wp-content\\\/uploads\\\/2024\\\/06\\\/lucia_moholy_222_0_0.jpg\",\"contentUrl\":\"https:\\\/\\\/pragueartweek.cz\\\/wp-content\\\/uploads\\\/2024\\\/06\\\/lucia_moholy_222_0_0.jpg\",\"width\":417,\"height\":306},{\"@type\":\"BreadcrumbList\",\"@id\":\"https:\\\/\\\/pragueartweek.cz\\\/en\\\/events\\\/jan-tichy-on-lucie-moholy\\\/#breadcrumb\",\"itemListElement\":[{\"@type\":\"ListItem\",\"position\":1,\"name\":\"Home\",\"item\":\"https:\\\/\\\/pragueartweek.cz\\\/en\\\/\"},{\"@type\":\"ListItem\",\"position\":2,\"name\":\"Events\",\"item\":\"https:\\\/\\\/pragueartweek.cz\\\/en\\\/events\\\/\"},{\"@type\":\"ListItem\",\"position\":3,\"name\":\"EDUcare: JAN TICHY on LUCIE MOHOLY\"}]},{\"@type\":\"WebSite\",\"@id\":\"https:\\\/\\\/pragueartweek.cz\\\/en\\\/#website\",\"url\":\"https:\\\/\\\/pragueartweek.cz\\\/en\\\/\",\"name\":\"Prague Art Week 26\",\"description\":\"Prague Art Week je otev\u0159enou platformou pro kooperaci nejv\u00fdznamn\u011bj\u0161\u00edch instituc\u00ed na poli pra\u017esk\u00e9 um\u011bleck\u00e9 sc\u00e9ny.\",\"publisher\":{\"@id\":\"https:\\\/\\\/pragueartweek.cz\\\/en\\\/#organization\"},\"potentialAction\":[{\"@type\":\"SearchAction\",\"target\":{\"@type\":\"EntryPoint\",\"urlTemplate\":\"https:\\\/\\\/pragueartweek.cz\\\/en\\\/?s={search_term_string}\"},\"query-input\":{\"@type\":\"PropertyValueSpecification\",\"valueRequired\":true,\"valueName\":\"search_term_string\"}}],\"inLanguage\":\"en-US\"},{\"@type\":\"Organization\",\"@id\":\"https:\\\/\\\/pragueartweek.cz\\\/en\\\/#organization\",\"name\":\"Prague Art Week\",\"url\":\"https:\\\/\\\/pragueartweek.cz\\\/en\\\/\",\"logo\":{\"@type\":\"ImageObject\",\"inLanguage\":\"en-US\",\"@id\":\"https:\\\/\\\/pragueartweek.cz\\\/en\\\/#\\\/schema\\\/logo\\\/image\\\/\",\"url\":\"https:\\\/\\\/pragueartweek.cz\\\/wp-content\\\/uploads\\\/2022\\\/04\\\/LOGO_PAW_bez-roku-02.png\",\"contentUrl\":\"https:\\\/\\\/pragueartweek.cz\\\/wp-content\\\/uploads\\\/2022\\\/04\\\/LOGO_PAW_bez-roku-02.png\",\"width\":2481,\"height\":1749,\"caption\":\"Prague Art Week\"},\"image\":{\"@id\":\"https:\\\/\\\/pragueartweek.cz\\\/en\\\/#\\\/schema\\\/logo\\\/image\\\/\"},\"sameAs\":[\"https:\\\/\\\/www.facebook.com\\\/pragueartweek22\\\/\",\"https:\\\/\\\/www.instagram.com\\\/prague_art_week\\\/\"]}]}<\/script>\n<!-- \/ Yoast SEO plugin. -->","yoast_head_json":{"title":"EDUcare: JAN TICHY on LUCIE MOHOLY | Prague Art Week 26","description":"Exposures is the first major exhibition of the Prague-born photographer Lucie Moholy (1894-1989). The retrospective at Kunsthalle Praha covers her entire professional career and presents over 600 photographs, microfilms, letters, articles, books and audio recordings, including an installation by contemporary artist Jan Tich\u00fd, a native of Prague who lives and works in Chicago.","robots":{"index":"index","follow":"follow","max-snippet":"max-snippet:-1","max-image-preview":"max-image-preview:large","max-video-preview":"max-video-preview:-1"},"canonical":"https:\/\/pragueartweek.cz\/en\/events\/jan-tichy-on-lucie-moholy\/","og_locale":"en_US","og_type":"article","og_title":"EDUcare: JAN TICHY on LUCIE MOHOLY | Prague Art Week 26","og_description":"Exposures is the first major exhibition of the Prague-born photographer Lucie Moholy (1894-1989). The retrospective at Kunsthalle Praha covers her entire professional career and presents over 600 photographs, microfilms, letters, articles, books and audio recordings, including an installation by contemporary artist Jan Tich\u00fd, a native of Prague who lives and works in Chicago.","og_url":"https:\/\/pragueartweek.cz\/en\/events\/jan-tichy-on-lucie-moholy\/","og_site_name":"Prague Art Week 26","article_publisher":"https:\/\/www.facebook.com\/pragueartweek22\/","article_modified_time":"2024-06-27T09:34:34+00:00","og_image":[{"width":417,"height":306,"url":"https:\/\/pragueartweek.cz\/wp-content\/uploads\/2024\/06\/lucia_moholy_222_0_0.jpg","type":"image\/jpeg"}],"twitter_card":"summary_large_image","twitter_misc":{"Est. reading time":"2 minutes"},"schema":{"@context":"https:\/\/schema.org","@graph":[{"@type":"WebPage","@id":"https:\/\/pragueartweek.cz\/en\/events\/jan-tichy-on-lucie-moholy\/","url":"https:\/\/pragueartweek.cz\/en\/events\/jan-tichy-on-lucie-moholy\/","name":"EDUcare: JAN TICHY on LUCIE MOHOLY | Prague Art Week 26","isPartOf":{"@id":"https:\/\/pragueartweek.cz\/en\/#website"},"primaryImageOfPage":{"@id":"https:\/\/pragueartweek.cz\/en\/events\/jan-tichy-on-lucie-moholy\/#primaryimage"},"image":{"@id":"https:\/\/pragueartweek.cz\/en\/events\/jan-tichy-on-lucie-moholy\/#primaryimage"},"thumbnailUrl":"https:\/\/pragueartweek.cz\/wp-content\/uploads\/2024\/06\/lucia_moholy_222_0_0.jpg","datePublished":"2024-06-26T11:38:25+00:00","dateModified":"2024-06-27T09:34:34+00:00","description":"Exposures is the first major exhibition of the Prague-born photographer Lucie Moholy (1894-1989). The retrospective at Kunsthalle Praha covers her entire professional career and presents over 600 photographs, microfilms, letters, articles, books and audio recordings, including an installation by contemporary artist Jan Tich\u00fd, a native of Prague who lives and works in Chicago.","breadcrumb":{"@id":"https:\/\/pragueartweek.cz\/en\/events\/jan-tichy-on-lucie-moholy\/#breadcrumb"},"inLanguage":"en-US","potentialAction":[{"@type":"ReadAction","target":["https:\/\/pragueartweek.cz\/en\/events\/jan-tichy-on-lucie-moholy\/"]}]},{"@type":"ImageObject","inLanguage":"en-US","@id":"https:\/\/pragueartweek.cz\/en\/events\/jan-tichy-on-lucie-moholy\/#primaryimage","url":"https:\/\/pragueartweek.cz\/wp-content\/uploads\/2024\/06\/lucia_moholy_222_0_0.jpg","contentUrl":"https:\/\/pragueartweek.cz\/wp-content\/uploads\/2024\/06\/lucia_moholy_222_0_0.jpg","width":417,"height":306},{"@type":"BreadcrumbList","@id":"https:\/\/pragueartweek.cz\/en\/events\/jan-tichy-on-lucie-moholy\/#breadcrumb","itemListElement":[{"@type":"ListItem","position":1,"name":"Home","item":"https:\/\/pragueartweek.cz\/en\/"},{"@type":"ListItem","position":2,"name":"Events","item":"https:\/\/pragueartweek.cz\/en\/events\/"},{"@type":"ListItem","position":3,"name":"EDUcare: JAN TICHY on LUCIE MOHOLY"}]},{"@type":"WebSite","@id":"https:\/\/pragueartweek.cz\/en\/#website","url":"https:\/\/pragueartweek.cz\/en\/","name":"Prague Art Week 26","description":"Prague Art Week je otev\u0159enou platformou pro kooperaci nejv\u00fdznamn\u011bj\u0161\u00edch instituc\u00ed na poli pra\u017esk\u00e9 um\u011bleck\u00e9 sc\u00e9ny.","publisher":{"@id":"https:\/\/pragueartweek.cz\/en\/#organization"},"potentialAction":[{"@type":"SearchAction","target":{"@type":"EntryPoint","urlTemplate":"https:\/\/pragueartweek.cz\/en\/?s={search_term_string}"},"query-input":{"@type":"PropertyValueSpecification","valueRequired":true,"valueName":"search_term_string"}}],"inLanguage":"en-US"},{"@type":"Organization","@id":"https:\/\/pragueartweek.cz\/en\/#organization","name":"Prague Art Week","url":"https:\/\/pragueartweek.cz\/en\/","logo":{"@type":"ImageObject","inLanguage":"en-US","@id":"https:\/\/pragueartweek.cz\/en\/#\/schema\/logo\/image\/","url":"https:\/\/pragueartweek.cz\/wp-content\/uploads\/2022\/04\/LOGO_PAW_bez-roku-02.png","contentUrl":"https:\/\/pragueartweek.cz\/wp-content\/uploads\/2022\/04\/LOGO_PAW_bez-roku-02.png","width":2481,"height":1749,"caption":"Prague Art Week"},"image":{"@id":"https:\/\/pragueartweek.cz\/en\/#\/schema\/logo\/image\/"},"sameAs":["https:\/\/www.facebook.com\/pragueartweek22\/","https:\/\/www.instagram.com\/prague_art_week\/"]}]}},"_links":{"self":[{"href":"https:\/\/pragueartweek.cz\/en\/wp-json\/wp\/v2\/udalosti\/7180","targetHints":{"allow":["GET"]}}],"collection":[{"href":"https:\/\/pragueartweek.cz\/en\/wp-json\/wp\/v2\/udalosti"}],"about":[{"href":"https:\/\/pragueartweek.cz\/en\/wp-json\/wp\/v2\/types\/udalosti"}],"version-history":[{"count":2,"href":"https:\/\/pragueartweek.cz\/en\/wp-json\/wp\/v2\/udalosti\/7180\/revisions"}],"predecessor-version":[{"id":7188,"href":"https:\/\/pragueartweek.cz\/en\/wp-json\/wp\/v2\/udalosti\/7180\/revisions\/7188"}],"wp:featuredmedia":[{"embeddable":true,"href":"https:\/\/pragueartweek.cz\/en\/wp-json\/wp\/v2\/media\/7178"}],"wp:attachment":[{"href":"https:\/\/pragueartweek.cz\/en\/wp-json\/wp\/v2\/media?parent=7180"}],"wp:term":[{"taxonomy":"kategorie","embeddable":true,"href":"https:\/\/pragueartweek.cz\/en\/wp-json\/wp\/v2\/kategorie?post=7180"},{"taxonomy":"lokalita","embeddable":true,"href":"https:\/\/pragueartweek.cz\/en\/wp-json\/wp\/v2\/lokalita?post=7180"},{"taxonomy":"termin","embeddable":true,"href":"https:\/\/pragueartweek.cz\/en\/wp-json\/wp\/v2\/termin?post=7180"}],"curies":[{"name":"wp","href":"https:\/\/api.w.org\/{rel}","templated":true}]}}