{"id":7570,"date":"2024-08-08T16:46:43","date_gmt":"2024-08-08T14:46:43","guid":{"rendered":"https:\/\/pragueartweek.cz\/?post_type=udalosti&#038;p=7570"},"modified":"2024-08-14T19:44:37","modified_gmt":"2024-08-14T17:44:37","slug":"homage-to-frantisek-tichy","status":"publish","type":"udalosti","link":"https:\/\/pragueartweek.cz\/en\/events\/homage-to-frantisek-tichy\/","title":{"rendered":"HOMAGE TO FRANTI\u0160EK TICH\u00dd"},"content":{"rendered":"<p>The collection comprises eighty-eight original sketches, prints, and drawings that demonstrate the greatness and scope of the painter\u2019s mastery. The collection is completed by one of the most remarkable paintings in the history of art. Entitled Homage to Franti\u0161ek Tich\u00fd, its author is the painter Zden\u011bk Sklen\u00e1\u0159, and the work was kindly lent by the National Gallery Prague. The world of the circus and the virtuosity of Paganini as well as still lifes and landscape motifs thus come back to life in their entirety and in a most intimate situation, which is emphasized by the exhibition installation designed by architect Josef Pleskot.<\/p>\n<p><a href=\"https:\/\/www.zdeneksklenar.cz\/\" target=\"_blank\" rel=\"noopener\">Galerie Zden\u011bk Sklen\u00e1\u0159<\/a><\/p>\n","protected":false},"excerpt":{"rendered":"<p>The collection comprises eighty-eight original sketches, prints, and drawings that demonstrate the greatness and scope of the painter\u2019s mastery. The collection is completed by one of the most remarkable paintings in the history of art. Entitled Homage to Franti\u0161ek Tich\u00fd, its author is the painter Zden\u011bk Sklen\u00e1\u0159, and the work was kindly lent by the&#8230; <a class=\"view-article\" href=\"https:\/\/pragueartweek.cz\/en\/events\/homage-to-frantisek-tichy\/\">View Article<\/a><\/p>\n","protected":false},"featured_media":7564,"parent":0,"menu_order":0,"template":"","format":"standard","meta":{"_acf_changed":false,"footnotes":""},"kategorie":[36,259],"lokalita":[369],"termin":[],"class_list":["post-7570","udalosti","type-udalosti","status-publish","format-standard","has-post-thumbnail","hentry","kategorie-exhibition","kategorie-route-p1-p2","lokalita-dorotheum-en","wpautop"],"acf":{"photo_gallery":{"udalost_galerie":[[{"id":7568,"title":"_R5A9312 2","caption":"","full_image_url":"https:\/\/pragueartweek.cz\/wp-content\/uploads\/2024\/08\/R5A9312-2-scaled.jpg","thumbnail_image_url":"https:\/\/pragueartweek.cz\/wp-content\/uploads\/2024\/08\/R5A9312-2-450x300.jpg","large_srcset":"https:\/\/pragueartweek.cz\/wp-content\/uploads\/2024\/08\/R5A9312-2-1800x1200.jpg 1800w, https:\/\/pragueartweek.cz\/wp-content\/uploads\/2024\/08\/R5A9312-2-900x600.jpg 900w, https:\/\/pragueartweek.cz\/wp-content\/uploads\/2024\/08\/R5A9312-2-450x300.jpg 450w, https:\/\/pragueartweek.cz\/wp-content\/uploads\/2024\/08\/R5A9312-2-768x512.jpg 768w, https:\/\/pragueartweek.cz\/wp-content\/uploads\/2024\/08\/R5A9312-2-1536x1024.jpg 1536w, https:\/\/pragueartweek.cz\/wp-content\/uploads\/2024\/08\/R5A9312-2-2048x1365.jpg 2048w","medium_srcset":"https:\/\/pragueartweek.cz\/wp-content\/uploads\/2024\/08\/R5A9312-2-900x600.jpg 900w, https:\/\/pragueartweek.cz\/wp-content\/uploads\/2024\/08\/R5A9312-2-1800x1200.jpg 1800w, https:\/\/pragueartweek.cz\/wp-content\/uploads\/2024\/08\/R5A9312-2-450x300.jpg 450w, https:\/\/pragueartweek.cz\/wp-content\/uploads\/2024\/08\/R5A9312-2-768x512.jpg 768w, https:\/\/pragueartweek.cz\/wp-content\/uploads\/2024\/08\/R5A9312-2-1536x1024.jpg 1536w, https:\/\/pragueartweek.cz\/wp-content\/uploads\/2024\/08\/R5A9312-2-2048x1365.jpg 2048w","media_details":{"width":2560,"height":1707,"sizes":{"medium":{"file":"R5A9312-2-900x600.jpg","width":900,"height":600,"mime-type":"image\/jpeg","filesize":80145,"source_url":"https:\/\/pragueartweek.cz\/wp-content\/uploads\/2024\/08\/R5A9312-2-900x600.jpg"},"large":{"file":"R5A9312-2-1800x1200.jpg","width":1800,"height":1200,"mime-type":"image\/jpeg","filesize":237184,"source_url":"https:\/\/pragueartweek.cz\/wp-content\/uploads\/2024\/08\/R5A9312-2-1800x1200.jpg"},"thumbnail":{"file":"R5A9312-2-450x300.jpg","width":450,"height":300,"mime-type":"image\/jpeg","filesize":34174,"source_url":"https:\/\/pragueartweek.cz\/wp-content\/uploads\/2024\/08\/R5A9312-2-450x300.jpg"},"medium_large":{"file":"R5A9312-2-768x512.jpg","width":768,"height":512,"mime-type":"image\/jpeg","filesize":64108,"source_url":"https:\/\/pragueartweek.cz\/wp-content\/uploads\/2024\/08\/R5A9312-2-768x512.jpg"},"1536x1536":{"file":"R5A9312-2-1536x1024.jpg","width":1536,"height":1024,"mime-type":"image\/jpeg","filesize":181790,"source_url":"https:\/\/pragueartweek.cz\/wp-content\/uploads\/2024\/08\/R5A9312-2-1536x1024.jpg"},"2048x2048":{"file":"R5A9312-2-2048x1365.jpg","width":2048,"height":1365,"mime-type":"image\/jpeg","filesize":299226,"source_url":"https:\/\/pragueartweek.cz\/wp-content\/uploads\/2024\/08\/R5A9312-2-2048x1365.jpg"},"cmplz_banner_image":{"file":"R5A9312-2-350x100.jpg","width":350,"height":100,"mime-type":"image\/jpeg","filesize":19188,"source_url":"https:\/\/pragueartweek.cz\/wp-content\/uploads\/2024\/08\/R5A9312-2-350x100.jpg"}}},"alt_text":"","url":"","target":""}]]}},"yoast_head":"<!-- This site is optimized with the Yoast SEO plugin v27.4 - https:\/\/yoast.com\/product\/yoast-seo-wordpress\/ -->\n<title>HOMAGE TO FRANTI\u0160EK TICH\u00dd | Prague Art Week 26<\/title>\n<meta name=\"description\" content=\"The collection comprises eighty-eight original sketches, prints, and drawings that demonstrate the greatness and scope of the painter\u2019s\" \/>\n<meta name=\"robots\" content=\"index, follow, max-snippet:-1, max-image-preview:large, max-video-preview:-1\" \/>\n<link rel=\"canonical\" href=\"https:\/\/pragueartweek.cz\/en\/events\/homage-to-frantisek-tichy\/\" \/>\n<meta property=\"og:locale\" content=\"en_US\" \/>\n<meta property=\"og:type\" content=\"article\" \/>\n<meta property=\"og:title\" content=\"HOMAGE TO FRANTI\u0160EK TICH\u00dd | Prague Art Week 26\" \/>\n<meta property=\"og:description\" content=\"The collection comprises eighty-eight original sketches, prints, and drawings that demonstrate the greatness and scope of the painter\u2019s\" \/>\n<meta property=\"og:url\" content=\"https:\/\/pragueartweek.cz\/en\/events\/homage-to-frantisek-tichy\/\" \/>\n<meta property=\"og:site_name\" content=\"Prague Art Week 26\" \/>\n<meta property=\"article:publisher\" content=\"https:\/\/www.facebook.com\/pragueartweek22\/\" \/>\n<meta property=\"article:modified_time\" content=\"2024-08-14T17:44:37+00:00\" \/>\n<meta property=\"og:image\" content=\"https:\/\/pragueartweek.cz\/wp-content\/uploads\/2024\/08\/R5A9312-4.jpg\" \/>\n\t<meta property=\"og:image:width\" content=\"450\" \/>\n\t<meta property=\"og:image:height\" content=\"330\" \/>\n\t<meta property=\"og:image:type\" content=\"image\/jpeg\" \/>\n<meta name=\"twitter:card\" content=\"summary_large_image\" \/>\n<meta name=\"twitter:label1\" content=\"Est. reading time\" \/>\n\t<meta name=\"twitter:data1\" content=\"1 minute\" \/>\n<script type=\"application\/ld+json\" class=\"yoast-schema-graph\">{\"@context\":\"https:\\\/\\\/schema.org\",\"@graph\":[{\"@type\":\"WebPage\",\"@id\":\"https:\\\/\\\/pragueartweek.cz\\\/en\\\/events\\\/homage-to-frantisek-tichy\\\/\",\"url\":\"https:\\\/\\\/pragueartweek.cz\\\/en\\\/events\\\/homage-to-frantisek-tichy\\\/\",\"name\":\"HOMAGE TO FRANTI\u0160EK TICH\u00dd | Prague Art Week 26\",\"isPartOf\":{\"@id\":\"https:\\\/\\\/pragueartweek.cz\\\/en\\\/#website\"},\"primaryImageOfPage\":{\"@id\":\"https:\\\/\\\/pragueartweek.cz\\\/en\\\/events\\\/homage-to-frantisek-tichy\\\/#primaryimage\"},\"image\":{\"@id\":\"https:\\\/\\\/pragueartweek.cz\\\/en\\\/events\\\/homage-to-frantisek-tichy\\\/#primaryimage\"},\"thumbnailUrl\":\"https:\\\/\\\/pragueartweek.cz\\\/wp-content\\\/uploads\\\/2024\\\/08\\\/R5A9312-4.jpg\",\"datePublished\":\"2024-08-08T14:46:43+00:00\",\"dateModified\":\"2024-08-14T17:44:37+00:00\",\"description\":\"The collection comprises eighty-eight original sketches, prints, and drawings that demonstrate the greatness and scope of the painter\u2019s\",\"breadcrumb\":{\"@id\":\"https:\\\/\\\/pragueartweek.cz\\\/en\\\/events\\\/homage-to-frantisek-tichy\\\/#breadcrumb\"},\"inLanguage\":\"en-US\",\"potentialAction\":[{\"@type\":\"ReadAction\",\"target\":[\"https:\\\/\\\/pragueartweek.cz\\\/en\\\/events\\\/homage-to-frantisek-tichy\\\/\"]}]},{\"@type\":\"ImageObject\",\"inLanguage\":\"en-US\",\"@id\":\"https:\\\/\\\/pragueartweek.cz\\\/en\\\/events\\\/homage-to-frantisek-tichy\\\/#primaryimage\",\"url\":\"https:\\\/\\\/pragueartweek.cz\\\/wp-content\\\/uploads\\\/2024\\\/08\\\/R5A9312-4.jpg\",\"contentUrl\":\"https:\\\/\\\/pragueartweek.cz\\\/wp-content\\\/uploads\\\/2024\\\/08\\\/R5A9312-4.jpg\",\"width\":450,\"height\":330},{\"@type\":\"BreadcrumbList\",\"@id\":\"https:\\\/\\\/pragueartweek.cz\\\/en\\\/events\\\/homage-to-frantisek-tichy\\\/#breadcrumb\",\"itemListElement\":[{\"@type\":\"ListItem\",\"position\":1,\"name\":\"Home\",\"item\":\"https:\\\/\\\/pragueartweek.cz\\\/en\\\/\"},{\"@type\":\"ListItem\",\"position\":2,\"name\":\"Events\",\"item\":\"https:\\\/\\\/pragueartweek.cz\\\/en\\\/events\\\/\"},{\"@type\":\"ListItem\",\"position\":3,\"name\":\"HOMAGE TO FRANTI\u0160EK TICH\u00dd\"}]},{\"@type\":\"WebSite\",\"@id\":\"https:\\\/\\\/pragueartweek.cz\\\/en\\\/#website\",\"url\":\"https:\\\/\\\/pragueartweek.cz\\\/en\\\/\",\"name\":\"Prague Art Week 26\",\"description\":\"Prague Art Week je otev\u0159enou platformou pro kooperaci nejv\u00fdznamn\u011bj\u0161\u00edch instituc\u00ed na poli pra\u017esk\u00e9 um\u011bleck\u00e9 sc\u00e9ny.\",\"publisher\":{\"@id\":\"https:\\\/\\\/pragueartweek.cz\\\/en\\\/#organization\"},\"potentialAction\":[{\"@type\":\"SearchAction\",\"target\":{\"@type\":\"EntryPoint\",\"urlTemplate\":\"https:\\\/\\\/pragueartweek.cz\\\/en\\\/?s={search_term_string}\"},\"query-input\":{\"@type\":\"PropertyValueSpecification\",\"valueRequired\":true,\"valueName\":\"search_term_string\"}}],\"inLanguage\":\"en-US\"},{\"@type\":\"Organization\",\"@id\":\"https:\\\/\\\/pragueartweek.cz\\\/en\\\/#organization\",\"name\":\"Prague Art Week\",\"url\":\"https:\\\/\\\/pragueartweek.cz\\\/en\\\/\",\"logo\":{\"@type\":\"ImageObject\",\"inLanguage\":\"en-US\",\"@id\":\"https:\\\/\\\/pragueartweek.cz\\\/en\\\/#\\\/schema\\\/logo\\\/image\\\/\",\"url\":\"https:\\\/\\\/pragueartweek.cz\\\/wp-content\\\/uploads\\\/2022\\\/04\\\/LOGO_PAW_bez-roku-02.png\",\"contentUrl\":\"https:\\\/\\\/pragueartweek.cz\\\/wp-content\\\/uploads\\\/2022\\\/04\\\/LOGO_PAW_bez-roku-02.png\",\"width\":2481,\"height\":1749,\"caption\":\"Prague Art Week\"},\"image\":{\"@id\":\"https:\\\/\\\/pragueartweek.cz\\\/en\\\/#\\\/schema\\\/logo\\\/image\\\/\"},\"sameAs\":[\"https:\\\/\\\/www.facebook.com\\\/pragueartweek22\\\/\",\"https:\\\/\\\/www.instagram.com\\\/prague_art_week\\\/\"]}]}<\/script>\n<!-- \/ Yoast SEO plugin. -->","yoast_head_json":{"title":"HOMAGE TO FRANTI\u0160EK TICH\u00dd | Prague Art Week 26","description":"The collection comprises eighty-eight original sketches, prints, and drawings that demonstrate the greatness and scope of the painter\u2019s","robots":{"index":"index","follow":"follow","max-snippet":"max-snippet:-1","max-image-preview":"max-image-preview:large","max-video-preview":"max-video-preview:-1"},"canonical":"https:\/\/pragueartweek.cz\/en\/events\/homage-to-frantisek-tichy\/","og_locale":"en_US","og_type":"article","og_title":"HOMAGE TO FRANTI\u0160EK TICH\u00dd | Prague Art Week 26","og_description":"The collection comprises eighty-eight original sketches, prints, and drawings that demonstrate the greatness and scope of the painter\u2019s","og_url":"https:\/\/pragueartweek.cz\/en\/events\/homage-to-frantisek-tichy\/","og_site_name":"Prague Art Week 26","article_publisher":"https:\/\/www.facebook.com\/pragueartweek22\/","article_modified_time":"2024-08-14T17:44:37+00:00","og_image":[{"width":450,"height":330,"url":"https:\/\/pragueartweek.cz\/wp-content\/uploads\/2024\/08\/R5A9312-4.jpg","type":"image\/jpeg"}],"twitter_card":"summary_large_image","twitter_misc":{"Est. reading time":"1 minute"},"schema":{"@context":"https:\/\/schema.org","@graph":[{"@type":"WebPage","@id":"https:\/\/pragueartweek.cz\/en\/events\/homage-to-frantisek-tichy\/","url":"https:\/\/pragueartweek.cz\/en\/events\/homage-to-frantisek-tichy\/","name":"HOMAGE TO FRANTI\u0160EK TICH\u00dd | Prague Art Week 26","isPartOf":{"@id":"https:\/\/pragueartweek.cz\/en\/#website"},"primaryImageOfPage":{"@id":"https:\/\/pragueartweek.cz\/en\/events\/homage-to-frantisek-tichy\/#primaryimage"},"image":{"@id":"https:\/\/pragueartweek.cz\/en\/events\/homage-to-frantisek-tichy\/#primaryimage"},"thumbnailUrl":"https:\/\/pragueartweek.cz\/wp-content\/uploads\/2024\/08\/R5A9312-4.jpg","datePublished":"2024-08-08T14:46:43+00:00","dateModified":"2024-08-14T17:44:37+00:00","description":"The collection comprises eighty-eight original sketches, prints, and drawings that demonstrate the greatness and scope of the painter\u2019s","breadcrumb":{"@id":"https:\/\/pragueartweek.cz\/en\/events\/homage-to-frantisek-tichy\/#breadcrumb"},"inLanguage":"en-US","potentialAction":[{"@type":"ReadAction","target":["https:\/\/pragueartweek.cz\/en\/events\/homage-to-frantisek-tichy\/"]}]},{"@type":"ImageObject","inLanguage":"en-US","@id":"https:\/\/pragueartweek.cz\/en\/events\/homage-to-frantisek-tichy\/#primaryimage","url":"https:\/\/pragueartweek.cz\/wp-content\/uploads\/2024\/08\/R5A9312-4.jpg","contentUrl":"https:\/\/pragueartweek.cz\/wp-content\/uploads\/2024\/08\/R5A9312-4.jpg","width":450,"height":330},{"@type":"BreadcrumbList","@id":"https:\/\/pragueartweek.cz\/en\/events\/homage-to-frantisek-tichy\/#breadcrumb","itemListElement":[{"@type":"ListItem","position":1,"name":"Home","item":"https:\/\/pragueartweek.cz\/en\/"},{"@type":"ListItem","position":2,"name":"Events","item":"https:\/\/pragueartweek.cz\/en\/events\/"},{"@type":"ListItem","position":3,"name":"HOMAGE TO FRANTI\u0160EK TICH\u00dd"}]},{"@type":"WebSite","@id":"https:\/\/pragueartweek.cz\/en\/#website","url":"https:\/\/pragueartweek.cz\/en\/","name":"Prague Art Week 26","description":"Prague Art Week je otev\u0159enou platformou pro kooperaci nejv\u00fdznamn\u011bj\u0161\u00edch instituc\u00ed na poli pra\u017esk\u00e9 um\u011bleck\u00e9 sc\u00e9ny.","publisher":{"@id":"https:\/\/pragueartweek.cz\/en\/#organization"},"potentialAction":[{"@type":"SearchAction","target":{"@type":"EntryPoint","urlTemplate":"https:\/\/pragueartweek.cz\/en\/?s={search_term_string}"},"query-input":{"@type":"PropertyValueSpecification","valueRequired":true,"valueName":"search_term_string"}}],"inLanguage":"en-US"},{"@type":"Organization","@id":"https:\/\/pragueartweek.cz\/en\/#organization","name":"Prague Art Week","url":"https:\/\/pragueartweek.cz\/en\/","logo":{"@type":"ImageObject","inLanguage":"en-US","@id":"https:\/\/pragueartweek.cz\/en\/#\/schema\/logo\/image\/","url":"https:\/\/pragueartweek.cz\/wp-content\/uploads\/2022\/04\/LOGO_PAW_bez-roku-02.png","contentUrl":"https:\/\/pragueartweek.cz\/wp-content\/uploads\/2022\/04\/LOGO_PAW_bez-roku-02.png","width":2481,"height":1749,"caption":"Prague Art Week"},"image":{"@id":"https:\/\/pragueartweek.cz\/en\/#\/schema\/logo\/image\/"},"sameAs":["https:\/\/www.facebook.com\/pragueartweek22\/","https:\/\/www.instagram.com\/prague_art_week\/"]}]}},"_links":{"self":[{"href":"https:\/\/pragueartweek.cz\/en\/wp-json\/wp\/v2\/udalosti\/7570","targetHints":{"allow":["GET"]}}],"collection":[{"href":"https:\/\/pragueartweek.cz\/en\/wp-json\/wp\/v2\/udalosti"}],"about":[{"href":"https:\/\/pragueartweek.cz\/en\/wp-json\/wp\/v2\/types\/udalosti"}],"version-history":[{"count":2,"href":"https:\/\/pragueartweek.cz\/en\/wp-json\/wp\/v2\/udalosti\/7570\/revisions"}],"predecessor-version":[{"id":7734,"href":"https:\/\/pragueartweek.cz\/en\/wp-json\/wp\/v2\/udalosti\/7570\/revisions\/7734"}],"wp:featuredmedia":[{"embeddable":true,"href":"https:\/\/pragueartweek.cz\/en\/wp-json\/wp\/v2\/media\/7564"}],"wp:attachment":[{"href":"https:\/\/pragueartweek.cz\/en\/wp-json\/wp\/v2\/media?parent=7570"}],"wp:term":[{"taxonomy":"kategorie","embeddable":true,"href":"https:\/\/pragueartweek.cz\/en\/wp-json\/wp\/v2\/kategorie?post=7570"},{"taxonomy":"lokalita","embeddable":true,"href":"https:\/\/pragueartweek.cz\/en\/wp-json\/wp\/v2\/lokalita?post=7570"},{"taxonomy":"termin","embeddable":true,"href":"https:\/\/pragueartweek.cz\/en\/wp-json\/wp\/v2\/termin?post=7570"}],"curies":[{"name":"wp","href":"https:\/\/api.w.org\/{rel}","templated":true}]}}