{"id":8590,"date":"2024-08-17T15:13:53","date_gmt":"2024-08-17T13:13:53","guid":{"rendered":"https:\/\/pragueartweek.cz\/?post_type=udalosti&#038;p=8590"},"modified":"2024-09-06T14:00:05","modified_gmt":"2024-09-06T12:00:05","slug":"8590-2","status":"publish","type":"udalosti","link":"https:\/\/pragueartweek.cz\/en\/events\/8590-2\/","title":{"rendered":"Vladim\u00edr Kokolia: Look Again"},"content":{"rendered":"<p>Vladim\u00edr Kokolia has created new works for the exhibition called Look Again, inspired by looking at the treetop or the human body. He invites viewers to explore the paintings more deeply and to experience a moment of amazement. We cordially invite you and look forward to seeing you! More info <a href=\"https:\/\/untitled-art.eu\/event\/look-again\/\">here<\/a>.<\/p>\n<p>Come joins us to truly \u201eLook Again\u201c!<\/p>\n<p><a href=\"https:\/\/untitled-art.eu\/contact\/\" target=\"_blank\" rel=\"noopener\">Jan\u00e1\u010dek 61 \/ Untitled Art Advisory<\/a><\/p>\n","protected":false},"excerpt":{"rendered":"<p>Vladim\u00edr Kokolia has created new works for the exhibition called Look Again, inspired by looking at the treetop or the human body. He invites viewers to explore the paintings more deeply and to experience a moment of amazement. We cordially invite you and look forward to seeing you! More info here. Come joins us to&#8230; <a class=\"view-article\" href=\"https:\/\/pragueartweek.cz\/en\/events\/8590-2\/\">View Article<\/a><\/p>\n","protected":false},"featured_media":8586,"parent":0,"menu_order":0,"template":"","format":"standard","meta":{"_acf_changed":false,"footnotes":""},"kategorie":[186],"lokalita":[390],"termin":[],"class_list":["post-8590","udalosti","type-udalosti","status-publish","format-standard","has-post-thumbnail","hentry","kategorie-uplynule","lokalita-janacek-61-untitled-art-advisory-2","wpautop"],"acf":{"photo_gallery":{"udalost_galerie":[[{"id":8653,"title":"0G1A2785","caption":"","full_image_url":"https:\/\/pragueartweek.cz\/wp-content\/uploads\/2024\/08\/0G1A2785-scaled.jpg","thumbnail_image_url":"https:\/\/pragueartweek.cz\/wp-content\/uploads\/2024\/08\/0G1A2785-220x330.jpg","large_srcset":"https:\/\/pragueartweek.cz\/wp-content\/uploads\/2024\/08\/0G1A2785-880x1320.jpg 880w, https:\/\/pragueartweek.cz\/wp-content\/uploads\/2024\/08\/0G1A2785-440x660.jpg 440w, https:\/\/pragueartweek.cz\/wp-content\/uploads\/2024\/08\/0G1A2785-220x330.jpg 220w, https:\/\/pragueartweek.cz\/wp-content\/uploads\/2024\/08\/0G1A2785-768x1152.jpg 768w, https:\/\/pragueartweek.cz\/wp-content\/uploads\/2024\/08\/0G1A2785-1024x1536.jpg 1024w, https:\/\/pragueartweek.cz\/wp-content\/uploads\/2024\/08\/0G1A2785-1365x2048.jpg 1365w, https:\/\/pragueartweek.cz\/wp-content\/uploads\/2024\/08\/0G1A2785-scaled.jpg 1707w","medium_srcset":"https:\/\/pragueartweek.cz\/wp-content\/uploads\/2024\/08\/0G1A2785-440x660.jpg 440w, https:\/\/pragueartweek.cz\/wp-content\/uploads\/2024\/08\/0G1A2785-880x1320.jpg 880w, https:\/\/pragueartweek.cz\/wp-content\/uploads\/2024\/08\/0G1A2785-220x330.jpg 220w, https:\/\/pragueartweek.cz\/wp-content\/uploads\/2024\/08\/0G1A2785-768x1152.jpg 768w, https:\/\/pragueartweek.cz\/wp-content\/uploads\/2024\/08\/0G1A2785-1024x1536.jpg 1024w, https:\/\/pragueartweek.cz\/wp-content\/uploads\/2024\/08\/0G1A2785-1365x2048.jpg 1365w, https:\/\/pragueartweek.cz\/wp-content\/uploads\/2024\/08\/0G1A2785-scaled.jpg 1707w","media_details":{"width":1707,"height":2560,"sizes":{"medium":{"file":"0G1A2785-440x660.jpg","width":440,"height":660,"mime-type":"image\/jpeg","filesize":96468,"source_url":"https:\/\/pragueartweek.cz\/wp-content\/uploads\/2024\/08\/0G1A2785-440x660.jpg"},"large":{"file":"0G1A2785-880x1320.jpg","width":880,"height":1320,"mime-type":"image\/jpeg","filesize":256338,"source_url":"https:\/\/pragueartweek.cz\/wp-content\/uploads\/2024\/08\/0G1A2785-880x1320.jpg"},"thumbnail":{"file":"0G1A2785-220x330.jpg","width":220,"height":330,"mime-type":"image\/jpeg","filesize":45648,"source_url":"https:\/\/pragueartweek.cz\/wp-content\/uploads\/2024\/08\/0G1A2785-220x330.jpg"},"medium_large":{"file":"0G1A2785-768x1152.jpg","width":768,"height":1152,"mime-type":"image\/jpeg","filesize":209182,"source_url":"https:\/\/pragueartweek.cz\/wp-content\/uploads\/2024\/08\/0G1A2785-768x1152.jpg"},"1536x1536":{"file":"0G1A2785-1024x1536.jpg","width":1024,"height":1536,"mime-type":"image\/jpeg","filesize":323991,"source_url":"https:\/\/pragueartweek.cz\/wp-content\/uploads\/2024\/08\/0G1A2785-1024x1536.jpg"},"2048x2048":{"file":"0G1A2785-1365x2048.jpg","width":1365,"height":2048,"mime-type":"image\/jpeg","filesize":510768,"source_url":"https:\/\/pragueartweek.cz\/wp-content\/uploads\/2024\/08\/0G1A2785-1365x2048.jpg"},"cmplz_banner_image":{"file":"0G1A2785-350x100.jpg","width":350,"height":100,"mime-type":"image\/jpeg","filesize":34964,"source_url":"https:\/\/pragueartweek.cz\/wp-content\/uploads\/2024\/08\/0G1A2785-350x100.jpg"}}},"alt_text":"","url":"","target":""},{"id":8655,"title":"0G1A2753b","caption":"","full_image_url":"https:\/\/pragueartweek.cz\/wp-content\/uploads\/2024\/08\/0G1A2753b-scaled.jpg","thumbnail_image_url":"https:\/\/pragueartweek.cz\/wp-content\/uploads\/2024\/08\/0G1A2753b-246x330.jpg","large_srcset":"https:\/\/pragueartweek.cz\/wp-content\/uploads\/2024\/08\/0G1A2753b-984x1320.jpg 984w, https:\/\/pragueartweek.cz\/wp-content\/uploads\/2024\/08\/0G1A2753b-492x660.jpg 492w, https:\/\/pragueartweek.cz\/wp-content\/uploads\/2024\/08\/0G1A2753b-246x330.jpg 246w, https:\/\/pragueartweek.cz\/wp-content\/uploads\/2024\/08\/0G1A2753b-768x1030.jpg 768w, https:\/\/pragueartweek.cz\/wp-content\/uploads\/2024\/08\/0G1A2753b-1145x1536.jpg 1145w, https:\/\/pragueartweek.cz\/wp-content\/uploads\/2024\/08\/0G1A2753b-1526x2048.jpg 1526w, https:\/\/pragueartweek.cz\/wp-content\/uploads\/2024\/08\/0G1A2753b-scaled.jpg 1908w","medium_srcset":"https:\/\/pragueartweek.cz\/wp-content\/uploads\/2024\/08\/0G1A2753b-492x660.jpg 492w, https:\/\/pragueartweek.cz\/wp-content\/uploads\/2024\/08\/0G1A2753b-984x1320.jpg 984w, https:\/\/pragueartweek.cz\/wp-content\/uploads\/2024\/08\/0G1A2753b-246x330.jpg 246w, https:\/\/pragueartweek.cz\/wp-content\/uploads\/2024\/08\/0G1A2753b-768x1030.jpg 768w, https:\/\/pragueartweek.cz\/wp-content\/uploads\/2024\/08\/0G1A2753b-1145x1536.jpg 1145w, https:\/\/pragueartweek.cz\/wp-content\/uploads\/2024\/08\/0G1A2753b-1526x2048.jpg 1526w, https:\/\/pragueartweek.cz\/wp-content\/uploads\/2024\/08\/0G1A2753b-scaled.jpg 1908w","media_details":{"width":1908,"height":2560,"sizes":{"medium":{"file":"0G1A2753b-492x660.jpg","width":492,"height":660,"mime-type":"image\/jpeg","filesize":138177,"source_url":"https:\/\/pragueartweek.cz\/wp-content\/uploads\/2024\/08\/0G1A2753b-492x660.jpg"},"large":{"file":"0G1A2753b-984x1320.jpg","width":984,"height":1320,"mime-type":"image\/jpeg","filesize":405776,"source_url":"https:\/\/pragueartweek.cz\/wp-content\/uploads\/2024\/08\/0G1A2753b-984x1320.jpg"},"thumbnail":{"file":"0G1A2753b-246x330.jpg","width":246,"height":330,"mime-type":"image\/jpeg","filesize":59369,"source_url":"https:\/\/pragueartweek.cz\/wp-content\/uploads\/2024\/08\/0G1A2753b-246x330.jpg"},"medium_large":{"file":"0G1A2753b-768x1030.jpg","width":768,"height":1030,"mime-type":"image\/jpeg","filesize":268834,"source_url":"https:\/\/pragueartweek.cz\/wp-content\/uploads\/2024\/08\/0G1A2753b-768x1030.jpg"},"1536x1536":{"file":"0G1A2753b-1145x1536.jpg","width":1145,"height":1536,"mime-type":"image\/jpeg","filesize":529399,"source_url":"https:\/\/pragueartweek.cz\/wp-content\/uploads\/2024\/08\/0G1A2753b-1145x1536.jpg"},"2048x2048":{"file":"0G1A2753b-1526x2048.jpg","width":1526,"height":2048,"mime-type":"image\/jpeg","filesize":902574,"source_url":"https:\/\/pragueartweek.cz\/wp-content\/uploads\/2024\/08\/0G1A2753b-1526x2048.jpg"},"cmplz_banner_image":{"file":"0G1A2753b-350x100.jpg","width":350,"height":100,"mime-type":"image\/jpeg","filesize":40664,"source_url":"https:\/\/pragueartweek.cz\/wp-content\/uploads\/2024\/08\/0G1A2753b-350x100.jpg"}}},"alt_text":"","url":"","target":""},{"id":8612,"title":"Untitled_Kokolia-kresba","caption":"","full_image_url":"https:\/\/pragueartweek.cz\/wp-content\/uploads\/2024\/08\/Untitled_Kokolia-kresba-scaled.jpg","thumbnail_image_url":"https:\/\/pragueartweek.cz\/wp-content\/uploads\/2024\/08\/Untitled_Kokolia-kresba-324x330.jpg","large_srcset":"https:\/\/pragueartweek.cz\/wp-content\/uploads\/2024\/08\/Untitled_Kokolia-kresba-1295x1320.jpg 1295w, https:\/\/pragueartweek.cz\/wp-content\/uploads\/2024\/08\/Untitled_Kokolia-kresba-648x660.jpg 648w, https:\/\/pragueartweek.cz\/wp-content\/uploads\/2024\/08\/Untitled_Kokolia-kresba-324x330.jpg 324w, https:\/\/pragueartweek.cz\/wp-content\/uploads\/2024\/08\/Untitled_Kokolia-kresba-768x783.jpg 768w, https:\/\/pragueartweek.cz\/wp-content\/uploads\/2024\/08\/Untitled_Kokolia-kresba-1507x1536.jpg 1507w, https:\/\/pragueartweek.cz\/wp-content\/uploads\/2024\/08\/Untitled_Kokolia-kresba-2009x2048.jpg 2009w","medium_srcset":"https:\/\/pragueartweek.cz\/wp-content\/uploads\/2024\/08\/Untitled_Kokolia-kresba-648x660.jpg 648w, https:\/\/pragueartweek.cz\/wp-content\/uploads\/2024\/08\/Untitled_Kokolia-kresba-1295x1320.jpg 1295w, https:\/\/pragueartweek.cz\/wp-content\/uploads\/2024\/08\/Untitled_Kokolia-kresba-324x330.jpg 324w, https:\/\/pragueartweek.cz\/wp-content\/uploads\/2024\/08\/Untitled_Kokolia-kresba-768x783.jpg 768w, https:\/\/pragueartweek.cz\/wp-content\/uploads\/2024\/08\/Untitled_Kokolia-kresba-1507x1536.jpg 1507w, https:\/\/pragueartweek.cz\/wp-content\/uploads\/2024\/08\/Untitled_Kokolia-kresba-2009x2048.jpg 2009w","media_details":{"width":2512,"height":2560,"sizes":{"medium":{"file":"Untitled_Kokolia-kresba-648x660.jpg","width":648,"height":660,"mime-type":"image\/jpeg","filesize":67769,"source_url":"https:\/\/pragueartweek.cz\/wp-content\/uploads\/2024\/08\/Untitled_Kokolia-kresba-648x660.jpg"},"large":{"file":"Untitled_Kokolia-kresba-1295x1320.jpg","width":1295,"height":1320,"mime-type":"image\/jpeg","filesize":171843,"source_url":"https:\/\/pragueartweek.cz\/wp-content\/uploads\/2024\/08\/Untitled_Kokolia-kresba-1295x1320.jpg"},"thumbnail":{"file":"Untitled_Kokolia-kresba-324x330.jpg","width":324,"height":330,"mime-type":"image\/jpeg","filesize":23147,"source_url":"https:\/\/pragueartweek.cz\/wp-content\/uploads\/2024\/08\/Untitled_Kokolia-kresba-324x330.jpg"},"medium_large":{"file":"Untitled_Kokolia-kresba-768x783.jpg","width":768,"height":783,"mime-type":"image\/jpeg","filesize":87434,"source_url":"https:\/\/pragueartweek.cz\/wp-content\/uploads\/2024\/08\/Untitled_Kokolia-kresba-768x783.jpg"},"1536x1536":{"file":"Untitled_Kokolia-kresba-1507x1536.jpg","width":1507,"height":1536,"mime-type":"image\/jpeg","filesize":208676,"source_url":"https:\/\/pragueartweek.cz\/wp-content\/uploads\/2024\/08\/Untitled_Kokolia-kresba-1507x1536.jpg"},"2048x2048":{"file":"Untitled_Kokolia-kresba-2009x2048.jpg","width":2009,"height":2048,"mime-type":"image\/jpeg","filesize":308959,"source_url":"https:\/\/pragueartweek.cz\/wp-content\/uploads\/2024\/08\/Untitled_Kokolia-kresba-2009x2048.jpg"},"cmplz_banner_image":{"file":"Untitled_Kokolia-kresba-350x100.jpg","width":350,"height":100,"mime-type":"image\/jpeg","filesize":6556,"source_url":"https:\/\/pragueartweek.cz\/wp-content\/uploads\/2024\/08\/Untitled_Kokolia-kresba-350x100.jpg"}}},"alt_text":"","url":"","target":""}]]}},"yoast_head":"<!-- This site is optimized with the Yoast SEO plugin v27.4 - https:\/\/yoast.com\/product\/yoast-seo-wordpress\/ -->\n<title>Vladim\u00edr Kokolia: Look Again | Prague Art Week 26<\/title>\n<meta name=\"robots\" content=\"index, follow, max-snippet:-1, max-image-preview:large, max-video-preview:-1\" \/>\n<link rel=\"canonical\" href=\"https:\/\/pragueartweek.cz\/en\/events\/8590-2\/\" \/>\n<meta property=\"og:locale\" content=\"en_US\" \/>\n<meta property=\"og:type\" content=\"article\" \/>\n<meta property=\"og:title\" content=\"Vladim\u00edr Kokolia: Look Again | Prague Art Week 26\" \/>\n<meta property=\"og:description\" content=\"Vladim\u00edr Kokolia has created new works for the exhibition called Look Again, inspired by looking at the treetop or the human body. He invites viewers to explore the paintings more deeply and to experience a moment of amazement. We cordially invite you and look forward to seeing you! More info here. Come joins us to... View Article\" \/>\n<meta property=\"og:url\" content=\"https:\/\/pragueartweek.cz\/en\/events\/8590-2\/\" \/>\n<meta property=\"og:site_name\" content=\"Prague Art Week 26\" \/>\n<meta property=\"article:publisher\" content=\"https:\/\/www.facebook.com\/pragueartweek22\/\" \/>\n<meta property=\"article:modified_time\" content=\"2024-09-06T12:00:05+00:00\" \/>\n<meta property=\"og:image\" content=\"https:\/\/pragueartweek.cz\/wp-content\/uploads\/2024\/08\/kokolia_exhibition_web-Janacek61_v2-1.jpg\" \/>\n\t<meta property=\"og:image:width\" content=\"450\" \/>\n\t<meta property=\"og:image:height\" content=\"330\" \/>\n\t<meta property=\"og:image:type\" content=\"image\/jpeg\" \/>\n<meta name=\"twitter:card\" content=\"summary_large_image\" \/>\n<script type=\"application\/ld+json\" class=\"yoast-schema-graph\">{\"@context\":\"https:\\\/\\\/schema.org\",\"@graph\":[{\"@type\":\"WebPage\",\"@id\":\"https:\\\/\\\/pragueartweek.cz\\\/en\\\/events\\\/8590-2\\\/\",\"url\":\"https:\\\/\\\/pragueartweek.cz\\\/en\\\/events\\\/8590-2\\\/\",\"name\":\"Vladim\u00edr Kokolia: Look Again | Prague Art Week 26\",\"isPartOf\":{\"@id\":\"https:\\\/\\\/pragueartweek.cz\\\/en\\\/#website\"},\"primaryImageOfPage\":{\"@id\":\"https:\\\/\\\/pragueartweek.cz\\\/en\\\/events\\\/8590-2\\\/#primaryimage\"},\"image\":{\"@id\":\"https:\\\/\\\/pragueartweek.cz\\\/en\\\/events\\\/8590-2\\\/#primaryimage\"},\"thumbnailUrl\":\"https:\\\/\\\/pragueartweek.cz\\\/wp-content\\\/uploads\\\/2024\\\/08\\\/kokolia_exhibition_web-Janacek61_v2-1.jpg\",\"datePublished\":\"2024-08-17T13:13:53+00:00\",\"dateModified\":\"2024-09-06T12:00:05+00:00\",\"breadcrumb\":{\"@id\":\"https:\\\/\\\/pragueartweek.cz\\\/en\\\/events\\\/8590-2\\\/#breadcrumb\"},\"inLanguage\":\"en-US\",\"potentialAction\":[{\"@type\":\"ReadAction\",\"target\":[\"https:\\\/\\\/pragueartweek.cz\\\/en\\\/events\\\/8590-2\\\/\"]}]},{\"@type\":\"ImageObject\",\"inLanguage\":\"en-US\",\"@id\":\"https:\\\/\\\/pragueartweek.cz\\\/en\\\/events\\\/8590-2\\\/#primaryimage\",\"url\":\"https:\\\/\\\/pragueartweek.cz\\\/wp-content\\\/uploads\\\/2024\\\/08\\\/kokolia_exhibition_web-Janacek61_v2-1.jpg\",\"contentUrl\":\"https:\\\/\\\/pragueartweek.cz\\\/wp-content\\\/uploads\\\/2024\\\/08\\\/kokolia_exhibition_web-Janacek61_v2-1.jpg\",\"width\":450,\"height\":330},{\"@type\":\"BreadcrumbList\",\"@id\":\"https:\\\/\\\/pragueartweek.cz\\\/en\\\/events\\\/8590-2\\\/#breadcrumb\",\"itemListElement\":[{\"@type\":\"ListItem\",\"position\":1,\"name\":\"Home\",\"item\":\"https:\\\/\\\/pragueartweek.cz\\\/en\\\/\"},{\"@type\":\"ListItem\",\"position\":2,\"name\":\"Events\",\"item\":\"https:\\\/\\\/pragueartweek.cz\\\/en\\\/events\\\/\"},{\"@type\":\"ListItem\",\"position\":3,\"name\":\"Vladim\u00edr Kokolia: Look Again\"}]},{\"@type\":\"WebSite\",\"@id\":\"https:\\\/\\\/pragueartweek.cz\\\/en\\\/#website\",\"url\":\"https:\\\/\\\/pragueartweek.cz\\\/en\\\/\",\"name\":\"Prague Art Week 26\",\"description\":\"Prague Art Week je otev\u0159enou platformou pro kooperaci nejv\u00fdznamn\u011bj\u0161\u00edch instituc\u00ed na poli pra\u017esk\u00e9 um\u011bleck\u00e9 sc\u00e9ny.\",\"publisher\":{\"@id\":\"https:\\\/\\\/pragueartweek.cz\\\/en\\\/#organization\"},\"potentialAction\":[{\"@type\":\"SearchAction\",\"target\":{\"@type\":\"EntryPoint\",\"urlTemplate\":\"https:\\\/\\\/pragueartweek.cz\\\/en\\\/?s={search_term_string}\"},\"query-input\":{\"@type\":\"PropertyValueSpecification\",\"valueRequired\":true,\"valueName\":\"search_term_string\"}}],\"inLanguage\":\"en-US\"},{\"@type\":\"Organization\",\"@id\":\"https:\\\/\\\/pragueartweek.cz\\\/en\\\/#organization\",\"name\":\"Prague Art Week\",\"url\":\"https:\\\/\\\/pragueartweek.cz\\\/en\\\/\",\"logo\":{\"@type\":\"ImageObject\",\"inLanguage\":\"en-US\",\"@id\":\"https:\\\/\\\/pragueartweek.cz\\\/en\\\/#\\\/schema\\\/logo\\\/image\\\/\",\"url\":\"https:\\\/\\\/pragueartweek.cz\\\/wp-content\\\/uploads\\\/2022\\\/04\\\/LOGO_PAW_bez-roku-02.png\",\"contentUrl\":\"https:\\\/\\\/pragueartweek.cz\\\/wp-content\\\/uploads\\\/2022\\\/04\\\/LOGO_PAW_bez-roku-02.png\",\"width\":2481,\"height\":1749,\"caption\":\"Prague Art Week\"},\"image\":{\"@id\":\"https:\\\/\\\/pragueartweek.cz\\\/en\\\/#\\\/schema\\\/logo\\\/image\\\/\"},\"sameAs\":[\"https:\\\/\\\/www.facebook.com\\\/pragueartweek22\\\/\",\"https:\\\/\\\/www.instagram.com\\\/prague_art_week\\\/\"]}]}<\/script>\n<!-- \/ Yoast SEO plugin. -->","yoast_head_json":{"title":"Vladim\u00edr Kokolia: Look Again | Prague Art Week 26","robots":{"index":"index","follow":"follow","max-snippet":"max-snippet:-1","max-image-preview":"max-image-preview:large","max-video-preview":"max-video-preview:-1"},"canonical":"https:\/\/pragueartweek.cz\/en\/events\/8590-2\/","og_locale":"en_US","og_type":"article","og_title":"Vladim\u00edr Kokolia: Look Again | Prague Art Week 26","og_description":"Vladim\u00edr Kokolia has created new works for the exhibition called Look Again, inspired by looking at the treetop or the human body. He invites viewers to explore the paintings more deeply and to experience a moment of amazement. We cordially invite you and look forward to seeing you! More info here. Come joins us to... View Article","og_url":"https:\/\/pragueartweek.cz\/en\/events\/8590-2\/","og_site_name":"Prague Art Week 26","article_publisher":"https:\/\/www.facebook.com\/pragueartweek22\/","article_modified_time":"2024-09-06T12:00:05+00:00","og_image":[{"width":450,"height":330,"url":"https:\/\/pragueartweek.cz\/wp-content\/uploads\/2024\/08\/kokolia_exhibition_web-Janacek61_v2-1.jpg","type":"image\/jpeg"}],"twitter_card":"summary_large_image","schema":{"@context":"https:\/\/schema.org","@graph":[{"@type":"WebPage","@id":"https:\/\/pragueartweek.cz\/en\/events\/8590-2\/","url":"https:\/\/pragueartweek.cz\/en\/events\/8590-2\/","name":"Vladim\u00edr Kokolia: Look Again | Prague Art Week 26","isPartOf":{"@id":"https:\/\/pragueartweek.cz\/en\/#website"},"primaryImageOfPage":{"@id":"https:\/\/pragueartweek.cz\/en\/events\/8590-2\/#primaryimage"},"image":{"@id":"https:\/\/pragueartweek.cz\/en\/events\/8590-2\/#primaryimage"},"thumbnailUrl":"https:\/\/pragueartweek.cz\/wp-content\/uploads\/2024\/08\/kokolia_exhibition_web-Janacek61_v2-1.jpg","datePublished":"2024-08-17T13:13:53+00:00","dateModified":"2024-09-06T12:00:05+00:00","breadcrumb":{"@id":"https:\/\/pragueartweek.cz\/en\/events\/8590-2\/#breadcrumb"},"inLanguage":"en-US","potentialAction":[{"@type":"ReadAction","target":["https:\/\/pragueartweek.cz\/en\/events\/8590-2\/"]}]},{"@type":"ImageObject","inLanguage":"en-US","@id":"https:\/\/pragueartweek.cz\/en\/events\/8590-2\/#primaryimage","url":"https:\/\/pragueartweek.cz\/wp-content\/uploads\/2024\/08\/kokolia_exhibition_web-Janacek61_v2-1.jpg","contentUrl":"https:\/\/pragueartweek.cz\/wp-content\/uploads\/2024\/08\/kokolia_exhibition_web-Janacek61_v2-1.jpg","width":450,"height":330},{"@type":"BreadcrumbList","@id":"https:\/\/pragueartweek.cz\/en\/events\/8590-2\/#breadcrumb","itemListElement":[{"@type":"ListItem","position":1,"name":"Home","item":"https:\/\/pragueartweek.cz\/en\/"},{"@type":"ListItem","position":2,"name":"Events","item":"https:\/\/pragueartweek.cz\/en\/events\/"},{"@type":"ListItem","position":3,"name":"Vladim\u00edr Kokolia: Look Again"}]},{"@type":"WebSite","@id":"https:\/\/pragueartweek.cz\/en\/#website","url":"https:\/\/pragueartweek.cz\/en\/","name":"Prague Art Week 26","description":"Prague Art Week je otev\u0159enou platformou pro kooperaci nejv\u00fdznamn\u011bj\u0161\u00edch instituc\u00ed na poli pra\u017esk\u00e9 um\u011bleck\u00e9 sc\u00e9ny.","publisher":{"@id":"https:\/\/pragueartweek.cz\/en\/#organization"},"potentialAction":[{"@type":"SearchAction","target":{"@type":"EntryPoint","urlTemplate":"https:\/\/pragueartweek.cz\/en\/?s={search_term_string}"},"query-input":{"@type":"PropertyValueSpecification","valueRequired":true,"valueName":"search_term_string"}}],"inLanguage":"en-US"},{"@type":"Organization","@id":"https:\/\/pragueartweek.cz\/en\/#organization","name":"Prague Art Week","url":"https:\/\/pragueartweek.cz\/en\/","logo":{"@type":"ImageObject","inLanguage":"en-US","@id":"https:\/\/pragueartweek.cz\/en\/#\/schema\/logo\/image\/","url":"https:\/\/pragueartweek.cz\/wp-content\/uploads\/2022\/04\/LOGO_PAW_bez-roku-02.png","contentUrl":"https:\/\/pragueartweek.cz\/wp-content\/uploads\/2022\/04\/LOGO_PAW_bez-roku-02.png","width":2481,"height":1749,"caption":"Prague Art Week"},"image":{"@id":"https:\/\/pragueartweek.cz\/en\/#\/schema\/logo\/image\/"},"sameAs":["https:\/\/www.facebook.com\/pragueartweek22\/","https:\/\/www.instagram.com\/prague_art_week\/"]}]}},"_links":{"self":[{"href":"https:\/\/pragueartweek.cz\/en\/wp-json\/wp\/v2\/udalosti\/8590","targetHints":{"allow":["GET"]}}],"collection":[{"href":"https:\/\/pragueartweek.cz\/en\/wp-json\/wp\/v2\/udalosti"}],"about":[{"href":"https:\/\/pragueartweek.cz\/en\/wp-json\/wp\/v2\/types\/udalosti"}],"version-history":[{"count":4,"href":"https:\/\/pragueartweek.cz\/en\/wp-json\/wp\/v2\/udalosti\/8590\/revisions"}],"predecessor-version":[{"id":8657,"href":"https:\/\/pragueartweek.cz\/en\/wp-json\/wp\/v2\/udalosti\/8590\/revisions\/8657"}],"wp:featuredmedia":[{"embeddable":true,"href":"https:\/\/pragueartweek.cz\/en\/wp-json\/wp\/v2\/media\/8586"}],"wp:attachment":[{"href":"https:\/\/pragueartweek.cz\/en\/wp-json\/wp\/v2\/media?parent=8590"}],"wp:term":[{"taxonomy":"kategorie","embeddable":true,"href":"https:\/\/pragueartweek.cz\/en\/wp-json\/wp\/v2\/kategorie?post=8590"},{"taxonomy":"lokalita","embeddable":true,"href":"https:\/\/pragueartweek.cz\/en\/wp-json\/wp\/v2\/lokalita?post=8590"},{"taxonomy":"termin","embeddable":true,"href":"https:\/\/pragueartweek.cz\/en\/wp-json\/wp\/v2\/termin?post=8590"}],"curies":[{"name":"wp","href":"https:\/\/api.w.org\/{rel}","templated":true}]}}