{"id":9001,"date":"2024-10-09T08:00:42","date_gmt":"2024-10-09T06:00:42","guid":{"rendered":"https:\/\/pragueartweek.cz\/?post_type=udalosti&#038;p=9001"},"modified":"2024-10-09T10:09:17","modified_gmt":"2024-10-09T08:09:17","slug":"educare-jana-bernartova","status":"publish","type":"udalosti","link":"https:\/\/pragueartweek.cz\/en\/events\/educare-jana-bernartova\/","title":{"rendered":"EDUcare: Jana Bernartov\u00e1"},"content":{"rendered":"<p><span style=\"font-weight: 400;\">An interview with Jana Bernartov\u00e1 took place on the occasion of the SIGNAL Festival of Digital and Creative Culture, of which she is a part this year. She revealed what her installation <\/span><i><span style=\"font-weight: 400;\">I See Liquid Crystals Everywhere<\/span><\/i><span style=\"font-weight: 400;\">, focused on exploring digital colors, will look like. She also shared insights on the production process of art installations for Prague&#8217;s light festival and explained why SIGNAL&#8217;s curator, Pavel Mrkus, is her hero. Since 2016, she has curated the Art Week Liberec festival, which connects contemporary art with significant historical landmarks in the city of Liberec.<\/span><\/p>\n<p><span style=\"font-weight: 400;\">&#8220;<em>There is a great willingness to exhibit digital and multimedia projects; on the other hand, institutions have not learned how to purchase digital works, even though they are part of culture and everyday life. Therefore, the collection-building segment of state institutions does not cover this field, which affects the authenticity of what collections will include. And it&#8217;s not just a question of the present\u2014digitally native and new media are largely absent from Czech collections,<\/em>&#8221; says Jana Bernartov\u00e1 in response to the question of how digital media compares to classical media in our current times. <\/span><span style=\"font-weight: 400;\">Further responses regarding the integration of technology into creative and artistic processes you can found at the SIGNAL Forum conference from October 11th to 12th.<\/span><\/p>\n<p><span style=\"font-weight: 400;\">Jana Bernartov\u00e1 is an artist, curator, and the main organizer of the Art Week Liberec festival, as well as Vice-Rector for Academic Affairs at the Academy of Fine Arts in Prague.<\/span><\/p>\n<p><span style=\"font-weight: 400;\">The SIGNAL Festival of Digital and Creative Culture will take place from October 10th to 13th in Prague. Jana Bernartov\u00e1\u2019s digital installation can be found in the Park of National Awakening under number 11 in the City center.<\/span><\/p>\n","protected":false},"excerpt":{"rendered":"<p>An interview with Jana Bernartov\u00e1 took place on the occasion of the SIGNAL Festival of Digital and Creative Culture, of which she is a part this year. She revealed what her installation I See Liquid Crystals Everywhere, focused on exploring digital colors, will look like. She also shared insights on the production process of art&#8230; <a class=\"view-article\" href=\"https:\/\/pragueartweek.cz\/en\/events\/educare-jana-bernartova\/\">View Article<\/a><\/p>\n","protected":false},"featured_media":8999,"parent":0,"menu_order":0,"template":"","format":"standard","meta":{"_acf_changed":false,"footnotes":""},"kategorie":[76],"lokalita":[],"termin":[],"class_list":["post-9001","udalosti","type-udalosti","status-publish","format-standard","has-post-thumbnail","hentry","kategorie-podcast-en","wpautop"],"acf":{"photo_gallery":{"udalost_galerie":[[{"id":8997,"title":"janabernartova","caption":"","full_image_url":"https:\/\/pragueartweek.cz\/wp-content\/uploads\/2024\/10\/janabernartova-1.png","thumbnail_image_url":"https:\/\/pragueartweek.cz\/wp-content\/uploads\/2024\/10\/janabernartova-1-330x330.png","large_srcset":"https:\/\/pragueartweek.cz\/wp-content\/uploads\/2024\/10\/janabernartova-1.png 781w, https:\/\/pragueartweek.cz\/wp-content\/uploads\/2024\/10\/janabernartova-1-660x660.png 660w, https:\/\/pragueartweek.cz\/wp-content\/uploads\/2024\/10\/janabernartova-1-330x330.png 330w, https:\/\/pragueartweek.cz\/wp-content\/uploads\/2024\/10\/janabernartova-1-768x768.png 768w","medium_srcset":"https:\/\/pragueartweek.cz\/wp-content\/uploads\/2024\/10\/janabernartova-1-660x660.png 660w, https:\/\/pragueartweek.cz\/wp-content\/uploads\/2024\/10\/janabernartova-1-330x330.png 330w, https:\/\/pragueartweek.cz\/wp-content\/uploads\/2024\/10\/janabernartova-1-768x768.png 768w, https:\/\/pragueartweek.cz\/wp-content\/uploads\/2024\/10\/janabernartova-1.png 781w","media_details":{"width":781,"height":781,"sizes":{"medium":{"file":"janabernartova-1-660x660.png","width":660,"height":660,"mime-type":"image\/png","filesize":137930,"source_url":"https:\/\/pragueartweek.cz\/wp-content\/uploads\/2024\/10\/janabernartova-1-660x660.png"},"thumbnail":{"file":"janabernartova-1-330x330.png","width":330,"height":330,"mime-type":"image\/png","filesize":49225,"source_url":"https:\/\/pragueartweek.cz\/wp-content\/uploads\/2024\/10\/janabernartova-1-330x330.png"},"medium_large":{"file":"janabernartova-1-768x768.png","width":768,"height":768,"mime-type":"image\/png","filesize":172547,"source_url":"https:\/\/pragueartweek.cz\/wp-content\/uploads\/2024\/10\/janabernartova-1-768x768.png"},"cmplz_banner_image":{"file":"janabernartova-1-350x100.png","width":350,"height":100,"mime-type":"image\/png","filesize":10523,"source_url":"https:\/\/pragueartweek.cz\/wp-content\/uploads\/2024\/10\/janabernartova-1-350x100.png"}}},"alt_text":"","url":"","target":""}]]}},"yoast_head":"<!-- This site is optimized with the Yoast SEO plugin v27.4 - https:\/\/yoast.com\/product\/yoast-seo-wordpress\/ -->\n<title>EDUcare: Jana Bernartov\u00e1 | Prague Art Week 26<\/title>\n<meta name=\"robots\" content=\"index, follow, max-snippet:-1, max-image-preview:large, max-video-preview:-1\" \/>\n<link rel=\"canonical\" href=\"https:\/\/pragueartweek.cz\/en\/events\/educare-jana-bernartova\/\" \/>\n<meta property=\"og:locale\" content=\"en_US\" \/>\n<meta property=\"og:type\" content=\"article\" \/>\n<meta property=\"og:title\" content=\"EDUcare: Jana Bernartov\u00e1 | Prague Art Week 26\" \/>\n<meta property=\"og:description\" content=\"An interview with Jana Bernartov\u00e1 took place on the occasion of the SIGNAL Festival of Digital and Creative Culture, of which she is a part this year. She revealed what her installation I See Liquid Crystals Everywhere, focused on exploring digital colors, will look like. She also shared insights on the production process of art... View Article\" \/>\n<meta property=\"og:url\" content=\"https:\/\/pragueartweek.cz\/en\/events\/educare-jana-bernartova\/\" \/>\n<meta property=\"og:site_name\" content=\"Prague Art Week 26\" \/>\n<meta property=\"article:publisher\" content=\"https:\/\/www.facebook.com\/pragueartweek22\/\" \/>\n<meta property=\"article:modified_time\" content=\"2024-10-09T08:09:17+00:00\" \/>\n<meta property=\"og:image\" content=\"https:\/\/pragueartweek.cz\/wp-content\/uploads\/2024\/10\/janabernartova00.png\" \/>\n\t<meta property=\"og:image:width\" content=\"1065\" \/>\n\t<meta property=\"og:image:height\" content=\"781\" \/>\n\t<meta property=\"og:image:type\" content=\"image\/png\" \/>\n<meta name=\"twitter:card\" content=\"summary_large_image\" \/>\n<meta name=\"twitter:label1\" content=\"Est. reading time\" \/>\n\t<meta name=\"twitter:data1\" content=\"2 minutes\" \/>\n<script type=\"application\/ld+json\" class=\"yoast-schema-graph\">{\"@context\":\"https:\\\/\\\/schema.org\",\"@graph\":[{\"@type\":\"WebPage\",\"@id\":\"https:\\\/\\\/pragueartweek.cz\\\/en\\\/events\\\/educare-jana-bernartova\\\/\",\"url\":\"https:\\\/\\\/pragueartweek.cz\\\/en\\\/events\\\/educare-jana-bernartova\\\/\",\"name\":\"EDUcare: Jana Bernartov\u00e1 | Prague Art Week 26\",\"isPartOf\":{\"@id\":\"https:\\\/\\\/pragueartweek.cz\\\/en\\\/#website\"},\"primaryImageOfPage\":{\"@id\":\"https:\\\/\\\/pragueartweek.cz\\\/en\\\/events\\\/educare-jana-bernartova\\\/#primaryimage\"},\"image\":{\"@id\":\"https:\\\/\\\/pragueartweek.cz\\\/en\\\/events\\\/educare-jana-bernartova\\\/#primaryimage\"},\"thumbnailUrl\":\"https:\\\/\\\/pragueartweek.cz\\\/wp-content\\\/uploads\\\/2024\\\/10\\\/janabernartova00.png\",\"datePublished\":\"2024-10-09T06:00:42+00:00\",\"dateModified\":\"2024-10-09T08:09:17+00:00\",\"breadcrumb\":{\"@id\":\"https:\\\/\\\/pragueartweek.cz\\\/en\\\/events\\\/educare-jana-bernartova\\\/#breadcrumb\"},\"inLanguage\":\"en-US\",\"potentialAction\":[{\"@type\":\"ReadAction\",\"target\":[\"https:\\\/\\\/pragueartweek.cz\\\/en\\\/events\\\/educare-jana-bernartova\\\/\"]}]},{\"@type\":\"ImageObject\",\"inLanguage\":\"en-US\",\"@id\":\"https:\\\/\\\/pragueartweek.cz\\\/en\\\/events\\\/educare-jana-bernartova\\\/#primaryimage\",\"url\":\"https:\\\/\\\/pragueartweek.cz\\\/wp-content\\\/uploads\\\/2024\\\/10\\\/janabernartova00.png\",\"contentUrl\":\"https:\\\/\\\/pragueartweek.cz\\\/wp-content\\\/uploads\\\/2024\\\/10\\\/janabernartova00.png\",\"width\":1065,\"height\":781},{\"@type\":\"BreadcrumbList\",\"@id\":\"https:\\\/\\\/pragueartweek.cz\\\/en\\\/events\\\/educare-jana-bernartova\\\/#breadcrumb\",\"itemListElement\":[{\"@type\":\"ListItem\",\"position\":1,\"name\":\"Home\",\"item\":\"https:\\\/\\\/pragueartweek.cz\\\/en\\\/\"},{\"@type\":\"ListItem\",\"position\":2,\"name\":\"Events\",\"item\":\"https:\\\/\\\/pragueartweek.cz\\\/en\\\/events\\\/\"},{\"@type\":\"ListItem\",\"position\":3,\"name\":\"EDUcare: Jana Bernartov\u00e1\"}]},{\"@type\":\"WebSite\",\"@id\":\"https:\\\/\\\/pragueartweek.cz\\\/en\\\/#website\",\"url\":\"https:\\\/\\\/pragueartweek.cz\\\/en\\\/\",\"name\":\"Prague Art Week 26\",\"description\":\"Prague Art Week je otev\u0159enou platformou pro kooperaci nejv\u00fdznamn\u011bj\u0161\u00edch instituc\u00ed na poli pra\u017esk\u00e9 um\u011bleck\u00e9 sc\u00e9ny.\",\"publisher\":{\"@id\":\"https:\\\/\\\/pragueartweek.cz\\\/en\\\/#organization\"},\"potentialAction\":[{\"@type\":\"SearchAction\",\"target\":{\"@type\":\"EntryPoint\",\"urlTemplate\":\"https:\\\/\\\/pragueartweek.cz\\\/en\\\/?s={search_term_string}\"},\"query-input\":{\"@type\":\"PropertyValueSpecification\",\"valueRequired\":true,\"valueName\":\"search_term_string\"}}],\"inLanguage\":\"en-US\"},{\"@type\":\"Organization\",\"@id\":\"https:\\\/\\\/pragueartweek.cz\\\/en\\\/#organization\",\"name\":\"Prague Art Week\",\"url\":\"https:\\\/\\\/pragueartweek.cz\\\/en\\\/\",\"logo\":{\"@type\":\"ImageObject\",\"inLanguage\":\"en-US\",\"@id\":\"https:\\\/\\\/pragueartweek.cz\\\/en\\\/#\\\/schema\\\/logo\\\/image\\\/\",\"url\":\"https:\\\/\\\/pragueartweek.cz\\\/wp-content\\\/uploads\\\/2022\\\/04\\\/LOGO_PAW_bez-roku-02.png\",\"contentUrl\":\"https:\\\/\\\/pragueartweek.cz\\\/wp-content\\\/uploads\\\/2022\\\/04\\\/LOGO_PAW_bez-roku-02.png\",\"width\":2481,\"height\":1749,\"caption\":\"Prague Art Week\"},\"image\":{\"@id\":\"https:\\\/\\\/pragueartweek.cz\\\/en\\\/#\\\/schema\\\/logo\\\/image\\\/\"},\"sameAs\":[\"https:\\\/\\\/www.facebook.com\\\/pragueartweek22\\\/\",\"https:\\\/\\\/www.instagram.com\\\/prague_art_week\\\/\"]}]}<\/script>\n<!-- \/ Yoast SEO plugin. -->","yoast_head_json":{"title":"EDUcare: Jana Bernartov\u00e1 | Prague Art Week 26","robots":{"index":"index","follow":"follow","max-snippet":"max-snippet:-1","max-image-preview":"max-image-preview:large","max-video-preview":"max-video-preview:-1"},"canonical":"https:\/\/pragueartweek.cz\/en\/events\/educare-jana-bernartova\/","og_locale":"en_US","og_type":"article","og_title":"EDUcare: Jana Bernartov\u00e1 | Prague Art Week 26","og_description":"An interview with Jana Bernartov\u00e1 took place on the occasion of the SIGNAL Festival of Digital and Creative Culture, of which she is a part this year. She revealed what her installation I See Liquid Crystals Everywhere, focused on exploring digital colors, will look like. She also shared insights on the production process of art... View Article","og_url":"https:\/\/pragueartweek.cz\/en\/events\/educare-jana-bernartova\/","og_site_name":"Prague Art Week 26","article_publisher":"https:\/\/www.facebook.com\/pragueartweek22\/","article_modified_time":"2024-10-09T08:09:17+00:00","og_image":[{"width":1065,"height":781,"url":"https:\/\/pragueartweek.cz\/wp-content\/uploads\/2024\/10\/janabernartova00.png","type":"image\/png"}],"twitter_card":"summary_large_image","twitter_misc":{"Est. reading time":"2 minutes"},"schema":{"@context":"https:\/\/schema.org","@graph":[{"@type":"WebPage","@id":"https:\/\/pragueartweek.cz\/en\/events\/educare-jana-bernartova\/","url":"https:\/\/pragueartweek.cz\/en\/events\/educare-jana-bernartova\/","name":"EDUcare: Jana Bernartov\u00e1 | Prague Art Week 26","isPartOf":{"@id":"https:\/\/pragueartweek.cz\/en\/#website"},"primaryImageOfPage":{"@id":"https:\/\/pragueartweek.cz\/en\/events\/educare-jana-bernartova\/#primaryimage"},"image":{"@id":"https:\/\/pragueartweek.cz\/en\/events\/educare-jana-bernartova\/#primaryimage"},"thumbnailUrl":"https:\/\/pragueartweek.cz\/wp-content\/uploads\/2024\/10\/janabernartova00.png","datePublished":"2024-10-09T06:00:42+00:00","dateModified":"2024-10-09T08:09:17+00:00","breadcrumb":{"@id":"https:\/\/pragueartweek.cz\/en\/events\/educare-jana-bernartova\/#breadcrumb"},"inLanguage":"en-US","potentialAction":[{"@type":"ReadAction","target":["https:\/\/pragueartweek.cz\/en\/events\/educare-jana-bernartova\/"]}]},{"@type":"ImageObject","inLanguage":"en-US","@id":"https:\/\/pragueartweek.cz\/en\/events\/educare-jana-bernartova\/#primaryimage","url":"https:\/\/pragueartweek.cz\/wp-content\/uploads\/2024\/10\/janabernartova00.png","contentUrl":"https:\/\/pragueartweek.cz\/wp-content\/uploads\/2024\/10\/janabernartova00.png","width":1065,"height":781},{"@type":"BreadcrumbList","@id":"https:\/\/pragueartweek.cz\/en\/events\/educare-jana-bernartova\/#breadcrumb","itemListElement":[{"@type":"ListItem","position":1,"name":"Home","item":"https:\/\/pragueartweek.cz\/en\/"},{"@type":"ListItem","position":2,"name":"Events","item":"https:\/\/pragueartweek.cz\/en\/events\/"},{"@type":"ListItem","position":3,"name":"EDUcare: Jana Bernartov\u00e1"}]},{"@type":"WebSite","@id":"https:\/\/pragueartweek.cz\/en\/#website","url":"https:\/\/pragueartweek.cz\/en\/","name":"Prague Art Week 26","description":"Prague Art Week je otev\u0159enou platformou pro kooperaci nejv\u00fdznamn\u011bj\u0161\u00edch instituc\u00ed na poli pra\u017esk\u00e9 um\u011bleck\u00e9 sc\u00e9ny.","publisher":{"@id":"https:\/\/pragueartweek.cz\/en\/#organization"},"potentialAction":[{"@type":"SearchAction","target":{"@type":"EntryPoint","urlTemplate":"https:\/\/pragueartweek.cz\/en\/?s={search_term_string}"},"query-input":{"@type":"PropertyValueSpecification","valueRequired":true,"valueName":"search_term_string"}}],"inLanguage":"en-US"},{"@type":"Organization","@id":"https:\/\/pragueartweek.cz\/en\/#organization","name":"Prague Art Week","url":"https:\/\/pragueartweek.cz\/en\/","logo":{"@type":"ImageObject","inLanguage":"en-US","@id":"https:\/\/pragueartweek.cz\/en\/#\/schema\/logo\/image\/","url":"https:\/\/pragueartweek.cz\/wp-content\/uploads\/2022\/04\/LOGO_PAW_bez-roku-02.png","contentUrl":"https:\/\/pragueartweek.cz\/wp-content\/uploads\/2022\/04\/LOGO_PAW_bez-roku-02.png","width":2481,"height":1749,"caption":"Prague Art Week"},"image":{"@id":"https:\/\/pragueartweek.cz\/en\/#\/schema\/logo\/image\/"},"sameAs":["https:\/\/www.facebook.com\/pragueartweek22\/","https:\/\/www.instagram.com\/prague_art_week\/"]}]}},"_links":{"self":[{"href":"https:\/\/pragueartweek.cz\/en\/wp-json\/wp\/v2\/udalosti\/9001","targetHints":{"allow":["GET"]}}],"collection":[{"href":"https:\/\/pragueartweek.cz\/en\/wp-json\/wp\/v2\/udalosti"}],"about":[{"href":"https:\/\/pragueartweek.cz\/en\/wp-json\/wp\/v2\/types\/udalosti"}],"version-history":[{"count":2,"href":"https:\/\/pragueartweek.cz\/en\/wp-json\/wp\/v2\/udalosti\/9001\/revisions"}],"predecessor-version":[{"id":9010,"href":"https:\/\/pragueartweek.cz\/en\/wp-json\/wp\/v2\/udalosti\/9001\/revisions\/9010"}],"wp:featuredmedia":[{"embeddable":true,"href":"https:\/\/pragueartweek.cz\/en\/wp-json\/wp\/v2\/media\/8999"}],"wp:attachment":[{"href":"https:\/\/pragueartweek.cz\/en\/wp-json\/wp\/v2\/media?parent=9001"}],"wp:term":[{"taxonomy":"kategorie","embeddable":true,"href":"https:\/\/pragueartweek.cz\/en\/wp-json\/wp\/v2\/kategorie?post=9001"},{"taxonomy":"lokalita","embeddable":true,"href":"https:\/\/pragueartweek.cz\/en\/wp-json\/wp\/v2\/lokalita?post=9001"},{"taxonomy":"termin","embeddable":true,"href":"https:\/\/pragueartweek.cz\/en\/wp-json\/wp\/v2\/termin?post=9001"}],"curies":[{"name":"wp","href":"https:\/\/api.w.org\/{rel}","templated":true}]}}